{"id":9596,"date":"2012-02-07T16:11:29","date_gmt":"2012-02-07T21:11:29","guid":{"rendered":"http:\/\/www.fiscalia.gov.co\/colombia\/?page_id=9596"},"modified":"2026-01-29T15:45:29","modified_gmt":"2026-01-29T20:45:29","slug":"plan-de-accion","status":"publish","type":"page","link":"https:\/\/www.fiscalia.gov.co\/colombia\/gestion\/plan-de-accion\/","title":{"rendered":"Plan de Acci\u00f3n"},"content":{"rendered":"<section class=\"wpb-content-wrapper\"><div id=\"tdi_1\" class=\"tdc-row\"><div class=\"vc_row tdi_2  wpb_row td-pb-row\" >\n<style scoped>\n\/* custom css - generated by TagDiv Composer *\/\n\n\/* custom css - generated by TagDiv Composer *\/\n.tdi_2,\r\n                .tdi_2 .tdc-columns{\r\n                    min-height: 0;\r\n                }.tdi_2,\r\n\t\t\t\t.tdi_2 .tdc-columns{\r\n\t\t\t\t    display: block;\r\n\t\t\t\t}.tdi_2 .tdc-columns{\r\n\t\t\t\t    width: 100%;\r\n\t\t\t\t}.tdi_2:before,\r\n\t\t\t\t.tdi_2:after{\r\n\t\t\t\t    display: table;\r\n\t\t\t\t}\n<\/style><div class=\"vc_column tdi_4  wpb_column vc_column_container tdc-column td-pb-span8\">\n<style scoped>\n\/* custom css - generated by TagDiv Composer *\/\n\n\/* custom css - generated by TagDiv Composer *\/\n.tdi_4{\r\n                    vertical-align: baseline;\r\n                }.tdi_4 > .wpb_wrapper,\r\n\t\t\t\t.tdi_4 > .wpb_wrapper > .tdc-elements{\r\n\t\t\t\t    display: block;\r\n\t\t\t\t}.tdi_4 > .wpb_wrapper > .tdc-elements{\r\n\t\t\t\t    width: 100%;\r\n\t\t\t\t}.tdi_4 > .wpb_wrapper > .vc_row_inner{\r\n\t\t\t\t    width: auto;\r\n\t\t\t\t}.tdi_4 > .wpb_wrapper{\r\n\t\t\t\t    width: auto;\r\n\t\t\t\t    height: auto;\r\n\t\t\t\t}\n<\/style><div class=\"wpb_wrapper\" >[vc_column_text]\r\n<p class=\"x_MsoNormal\">El Plan de Acci\u00f3n contiene los objetivos planteados por la Fiscal\u00eda General de la Naci\u00f3n en cumplimiento de lo establecido en el Direccionamiento Estrat\u00e9gico. El seguimiento a la planeaci\u00f3n institucional se reporta semestralmente y los resultados de los indicadores de manera anual de acuerdo con la naturaleza de recolecci\u00f3n y an\u00e1lisis de datos y seg\u00fan metas del Direccionamiento Estrat\u00e9gico.<\/p>\r\n[\/vc_column_text][vc_tta_accordion][vc_tta_section title=&#8221;2026&#8243; tab_id=&#8221;1532552859771-1ec156cc-33bd&#8221;][vc_column_text]\r\n<div><a href=\"https:\/\/www.fiscalia.gov.co\/colombia\/wp-content\/uploads\/Plan-de-Accion-2026.docx\" target=\"_blank\" rel=\"noopener\">Plan de Acci\u00f3n 2026<\/a> \u2013 Publicado 2026-01-29<\/div>\r\n[\/vc_column_text][\/vc_tta_section][vc_tta_section title=&#8221;2025&#8243; tab_id=&#8221;1769719376571-75341eac-53ba&#8221;][vc_column_text]\r\n<div><span data-ogsc=\"rgb(0, 112, 192)\" data-olk-copy-source=\"MessageBody\"><a href=\"https:\/\/www.fiscalia.gov.co\/colombia\/wp-content\/uploads\/Seguimiento-al-Plan-a-2025-12-31.docx\" target=\"_blank\" rel=\"noopener\">Seguimiento al Plan a 2025-12-31<\/a>\u00a0<\/span><span data-ogsc=\"rgb(36, 36, 36)\">\u2013 Publicado 2026-01-29<\/span><\/div>\r\n<div><span data-ogsc=\"rgb(0, 112, 192)\" data-olk-copy-source=\"MessageBody\"><a href=\"https:\/\/www.fiscalia.gov.co\/colombia\/wp-content\/uploads\/Seguimiento-al-Plan-a-2025-09-30.docx\" target=\"_blank\" rel=\"noopener\">Seguimiento al Plan a 2025-09-30<\/a>\u00a0<\/span><span data-ogsc=\"rgb(36, 36, 36)\">\u2013 Publicado 2025-10-31<\/span><\/div>\r\n<div><span data-ogsc=\"rgb(0, 112, 192)\" data-olk-copy-source=\"MessageBody\"><a href=\"https:\/\/www.fiscalia.gov.co\/colombia\/wp-content\/uploads\/Seguimiento-al-Plan-a-2025-06-30.docx\" target=\"_blank\" rel=\"noopener\">Seguimiento al Plan a 2025-06-30<\/a>\u00a0<\/span><span data-ogsc=\"rgb(36, 36, 36)\">\u2013 Publicado 2025-07-30<\/span><\/div>\r\n<div><a href=\"https:\/\/www.fiscalia.gov.co\/colombia\/wp-content\/uploads\/Seguimiento-al-Plan-a-2025-03-31-1.docx\" target=\"_blank\" rel=\"noopener\">Seguimiento al Plan a 2025-03-31<\/a>\u00a0\u2013 Publicado 2025-05-02<\/div>\r\n<div><a href=\"https:\/\/www.fiscalia.gov.co\/colombia\/wp-content\/uploads\/Plan-de-Accion-2025.docx\" target=\"_blank\" rel=\"noopener\">Plan de Acci\u00f3n 2025<\/a>\u00a0\u2013 Publicado 2025-01-30<\/div>\r\n[\/vc_column_text][\/vc_tta_section][vc_tta_section title=&#8221;2024&#8243; tab_id=&#8221;1738258457193-437e6e39-4bb3&#8243;][vc_column_text]\r\n<p style=\"font-weight: 400;\"><a href=\"https:\/\/www.fiscalia.gov.co\/colombia\/wp-content\/uploads\/Seguimiento-al-Plan-a-2024-12-31.docx\" target=\"_blank\" rel=\"noopener\">Seguimiento al Plan a 2024-12-31<\/a>\u00a0\u2013 Publicado 2025-01-30\r\n<a href=\"https:\/\/www.fiscalia.gov.co\/colombia\/wp-content\/uploads\/Seguimiento-al-Plan-a-2024-09-30.pdf\" target=\"_blank\" rel=\"noopener\">Seguimiento al Plan a 2024-09-30<\/a> &#8211; Publicado 2024-10-29\r\n<a href=\"https:\/\/www.fiscalia.gov.co\/colombia\/wp-content\/uploads\/Seguimiento-al-Plan-a-2024-06-30.pdf\" target=\"_blank\" rel=\"noopener\">Seguimiento al Plan a 2024-06-30<\/a> \u2013 Publicado 2024-07-29\r\n<a href=\"https:\/\/www.fiscalia.gov.co\/colombia\/wp-content\/uploads\/Seguimiento-al-Plan-a-2024-03-31_.pdf\" target=\"_blank\" rel=\"noopener\">Seguimiento al Plan a 2024-03-31<\/a> \u2013 Publicado 2024-04-22\r\n<a href=\"https:\/\/www.fiscalia.gov.co\/colombia\/wp-content\/uploads\/Plan-de-Accion-2024.docx\" target=\"_blank\" rel=\"noopener\">Plan de Acci\u00f3n 2024<\/a>\u00a0\u2013 Publicado 2024-01-30<\/p>\r\n[\/vc_column_text][\/vc_tta_section][vc_tta_section title=&#8221;2023&#8243; tab_id=&#8221;1706651213051-d2d7bad1-61ad&#8221;][vc_column_text]<a href=\"https:\/\/www.fiscalia.gov.co\/colombia\/wp-content\/uploads\/Seguimiento-al-Plan-a-2023-12-31.pdf\" target=\"_blank\" rel=\"noopener\">Seguimiento al Plan a 2023-12-31<\/a> \u2013 Publicado 2024-01-24\r\n<a href=\"https:\/\/www.fiscalia.gov.co\/colombia\/wp-content\/uploads\/Seguimiento-al-Plan-a-2023-09-30.docx\" target=\"_blank\" rel=\"noopener\">Seguimiento al Plan a 2023-09-30<\/a> \u2013 Publicado 2023-10-23\r\n<a href=\"https:\/\/www.fiscalia.gov.co\/colombia\/wp-content\/uploads\/Seguimiento-al-Plan-a-2023-06-30.docx\" target=\"_blank\" rel=\"noopener\">Seguimiento al Plan a 2023-06-30<\/a> \u2013 Publicado 2023-07-24\r\n<a href=\"https:\/\/www.fiscalia.gov.co\/colombia\/wp-content\/uploads\/Seguimiento-al-Plan-a-2023-03-31.docx\" target=\"_blank\" rel=\"noopener\">Seguimiento al Plan a 2023-03-31<\/a> \u2013 Publicado 2023-04-18\r\n<a href=\"https:\/\/www.fiscalia.gov.co\/colombia\/wp-content\/uploads\/Plan-de-Accion-2023.docx\" target=\"_blank\" rel=\"noopener\">Plan de Acci\u00f3n 2023<\/a> \u2013 Publicado 2023-01-30[\/vc_column_text][\/vc_tta_section][vc_tta_section title=&#8221;2022&#8243; tab_id=&#8221;1675116594333-98d82c04-2a73&#8243;][vc_column_text]<a href=\"https:\/\/www.fiscalia.gov.co\/colombia\/wp-content\/uploads\/Seguimiento-al-Plan-a-2022-12-31.docx\" target=\"_blank\" rel=\"noopener\">Seguimiento al Plan a 2022-12-31<\/a> \u2013 Publicado 2023-01-31\r\n<span class=\"selectable-text copyable-text\"><a href=\"https:\/\/www.fiscalia.gov.co\/colombia\/wp-content\/uploads\/Seguimiento-al-Plan-a-2022-09-30.docx\" target=\"_blank\" rel=\"noopener\">Seguimiento al Plan a 2022-09-30<\/a> \u2013 Publicado 2022-10-14<\/span>\r\n<a href=\"https:\/\/www.fiscalia.gov.co\/colombia\/wp-content\/uploads\/Seguimiento-al-Plan-a-2022-06-30.docx\" target=\"_blank\" rel=\"noopener noreferrer\">Seguimiento al Plan a 2022-06-30<\/a> \u2013 Publicado 2022-07-19\r\n<a href=\"https:\/\/www.fiscalia.gov.co\/colombia\/wp-content\/uploads\/Seguimiento-al-Plan-a-2022-03-31-1.docx\" target=\"_blank\" rel=\"noopener\">Seguimiento al Plan a 2022-03-31<\/a> &#8211; Publicado 2022-04-18\r\n<a href=\"https:\/\/www.fiscalia.gov.co\/colombia\/wp-content\/uploads\/Plan-de-Accio\u0301n-2022-FGN.docx\" target=\"_blank\" rel=\"noopener noreferrer\">Plan de Acci\u00f3n 2022<\/a>\u00a0\u2013 Publicado 2022-01-31[\/vc_column_text][\/vc_tta_section][vc_tta_section title=&#8221;2021&#8243; tab_id=&#8221;1643651165474-68c14851-028e&#8221;][vc_column_text]<a href=\"https:\/\/www.fiscalia.gov.co\/colombia\/wp-content\/uploads\/Seguimiento-al-Plan-a-2021-12-31.docx\" target=\"_blank\" rel=\"noopener noreferrer\">Seguimiento al Plan a 2021-12-31<\/a> \u2013 Publicado 2022-01-24\r\n<a href=\"https:\/\/www.fiscalia.gov.co\/colombia\/wp-content\/uploads\/Seguimiento-al-Plan-a-2021-09-30.docx\" target=\"_blank\" rel=\"noopener noreferrer\">Seguimiento al Plan a 2021-09-30<\/a> \u2013 Publicado 2021-10-19\r\n<a href=\"https:\/\/www.fiscalia.gov.co\/colombia\/wp-content\/uploads\/Seguimiento-al-Plan-a-2021-06-30.docx\" target=\"_blank\" rel=\"noopener noreferrer\">Seguimiento al Plan a 2021-06-30<\/a>\u00a0\u2013 Publicado 2021-07-14\r\n<a href=\"https:\/\/www.fiscalia.gov.co\/colombia\/wp-content\/uploads\/Seguimiento-al-Plan-a-2021-03-31.docx\" target=\"_blank\" rel=\"noopener noreferrer\">Seguimiento al Plan a 2021-03-31<\/a>\u00a0\u2013 Publicado 2021-04-08\r\n<a href=\"https:\/\/www.fiscalia.gov.co\/colombia\/wp-content\/uploads\/Plan-de-Accio\u0301n-2021-FGN.docx\" target=\"_blank\" rel=\"noopener noreferrer\">Plan de Acci\u00f3n 2021<\/a>\u00a0\u2013 Publicado 2021-01-29[\/vc_column_text][\/vc_tta_section][vc_tta_section title=&#8221;2020&#8243; tab_id=&#8221;1611949116781-f37cb7ed-4c3f&#8221;][vc_column_text]<a href=\"https:\/\/www.fiscalia.gov.co\/colombia\/wp-content\/uploads\/Seguimiento-al-Plan-a-2020-12-31-6.docx\" target=\"_blank\" rel=\"noopener noreferrer\">Seguimiento al Plan a 2020-12-31\u00a0<\/a>\u2013 Actualizado 2021-03-29\r\n<a href=\"https:\/\/www.fiscalia.gov.co\/colombia\/wp-content\/uploads\/Seguimiento-al-Plan-a-2020-12-31.docx\" target=\"_blank\" rel=\"noopener noreferrer\">Seguimiento al Plan a 2020-12-31<\/a>\u00a0\u2013 Publicado 2021-01-28\r\n<a href=\"https:\/\/www.fiscalia.gov.co\/colombia\/wp-content\/uploads\/Seguimiento-al-Plan-a-2020-09-30.docx\" target=\"_blank\" rel=\"noopener noreferrer\">Seguimiento al Plan a 2020-09-30<\/a>\u00a0\u2013 Publicado 2020-10-07\r\n<a href=\"https:\/\/www.fiscalia.gov.co\/colombia\/wp-content\/uploads\/Seguimiento-al-Plan-a-2020-06-30.docx\" target=\"_blank\" rel=\"noopener noreferrer\">Seguimiento al Plan a 2020-06-30<\/a>\u00a0\u2013 Publicado 2020-07-06\r\n<a href=\"https:\/\/www.fiscalia.gov.co\/colombia\/wp-content\/uploads\/Seguimiento-al-Plan-a-2020-03-31.docx\" target=\"_blank\" rel=\"noopener noreferrer\">Seguimiento al Plan a 2020-03-31<\/a>\u00a0\u2013 Publicado 2020-07-06\r\n<a href=\"https:\/\/www.fiscalia.gov.co\/colombia\/wp-content\/uploads\/Plan-de-Acci\u00f3n-2020.doc\" target=\"_blank\" rel=\"noopener noreferrer\">Plan de Acci\u00f3n 2020<\/a> \u2013 Publicado 2020-01-31[\/vc_column_text][\/vc_tta_section][vc_tta_section title=&#8221;2019&#8243; tab_id=&#8221;1580492824268-e28cf136-a3e2&#8243;][vc_column_text]\r\n<ul>\r\n \t<li><a href=\"https:\/\/www.fiscalia.gov.co\/colombia\/wp-content\/uploads\/Seguimiento-al-Plan-a-2019-12-31.doc\" target=\"_blank\" rel=\"noopener noreferrer\">Seguimiento al Plan a 2019-12-31<\/a> \u2013 Publicado 2020-01-31<\/li>\r\n \t<li><a href=\"https:\/\/www.fiscalia.gov.co\/colombia\/wp-content\/uploads\/Seguimiento-al-Plan-a-2019-09-30.pdf\" target=\"_blank\" rel=\"noopener noreferrer\">Seguimiento al Plan a 2019-09-30<\/a> \u2013 Publicado 2019-10-07<\/li>\r\n \t<li><a href=\"https:\/\/www.fiscalia.gov.co\/colombia\/wp-content\/uploads\/Seguimiento-al-Plan-a-2019-06-30.docx\" target=\"_blank\" rel=\"noopener noreferrer\">Seguimiento al Plan a 2019-06-30<\/a> \u2013 Publicado 2019-07-08<\/li>\r\n \t<li><a href=\"https:\/\/www.fiscalia.gov.co\/colombia\/wp-content\/uploads\/Seguimiento-al-Plan-a-2019-03-30.pdf\" target=\"_blank\" rel=\"noopener noreferrer\">Seguimiento al Plan a 2019-03-31<\/a>\u00a0\u2013 Publicado 2019-07-08<\/li>\r\n \t<li><a href=\"https:\/\/www.fiscalia.gov.co\/colombia\/wp-content\/uploads\/Plan-de-Acci\u00f3n-2019.doc\" target=\"_blank\" rel=\"noopener noreferrer\">Plan de Acci\u00f3n 2019<\/a> \u2013 Publicado 2019-01-31<\/li>\r\n<\/ul>\r\n[\/vc_column_text][\/vc_tta_section][vc_tta_section title=&#8221;2018&#8243; tab_id=&#8221;1548974127594-109e3b42-66d2&#8243;][vc_column_text]\r\n<ul>\r\n \t<li><a href=\"https:\/\/www.fiscalia.gov.co\/colombia\/wp-content\/uploads\/Reporte-Final-2018.doc\" target=\"_blank\" rel=\"noopener noreferrer\">Seguimiento al Plan a 2018-12-31<\/a>\u00a0&#8211; Publicado 2019-01-31<\/li>\r\n \t<li><a href=\"https:\/\/www.fiscalia.gov.co\/colombia\/wp-content\/uploads\/Seguimiento-Plan-de-Acci\u00f3n-Primer-Semestre-2018.pdf\" target=\"_blank\" rel=\"noopener noreferrer\">Seguimiento al Plan a 2018-06-30<\/a>\u00a0&#8211; Publicado 2018-06-18<\/li>\r\n<\/ul>\r\n<ul>\r\n \t<li><a href=\"https:\/\/www.fiscalia.gov.co\/colombia\/wp-content\/uploads\/Plan-de-Acci\u00f3n-2018.doc\">Plan de Acci\u00f3n 2018 <\/a>&#8211; Publicado 2018-01-31<\/li>\r\n<\/ul>\r\n[\/vc_column_text][\/vc_tta_section][vc_tta_section title=&#8221;2017&#8243; tab_id=&#8221;1532552859789-4d8d0137-eb49&#8243;][vc_column_text]\r\n<ul>\r\n \t<li><a href=\"https:\/\/www.fiscalia.gov.co\/colombia\/wp-content\/uploads\/Informe-Plan-de-Acci\u00f3n-2017-1.doc\">Seguimiento al Plan a 2017-12-31<\/a>\u00a0&#8211; Publicado 2018-01-31<span style=\"color: #999999;\">\u00a0<\/span><\/li>\r\n \t<li><a href=\"http:\/\/www.fiscalia.gov.co\/colombia\/wp-content\/uploads\/SEGUIMIENTO-PRIMER-SEMESTRE.pptx\">Seguimiento al Plan a 2017-06-30<\/a>\u00a0&#8211; Publicado 2017-08-02<\/li>\r\n<\/ul>\r\n<ul>\r\n \t<li><a href=\"http:\/\/www.fiscalia.gov.co\/colombia\/wp-content\/uploads\/Plan_accion_2017-2.doc\">Plan de Acci\u00f3n 2017 <\/a><strong>&#8211;\u00a0<\/strong>Publicado 2017-03-06<\/li>\r\n<\/ul>\r\n[\/vc_column_text][\/vc_tta_section][vc_tta_section title=&#8221;2016&#8243; tab_id=&#8221;1532556473767-beb35e6d-777f&#8221;][vc_column_text]\r\n<ul>\r\n \t<li><a title=\"Ver informe \" href=\"http:\/\/www.fiscalia.gov.co\/colombia\/wp-content\/uploads\/Informe-Plan-de-Acci\u00f3n-2016.pdf\" target=\"_blank\" rel=\"noopener noreferrer\">Seguimiento al Plan a 2016-12-31<\/a><\/li>\r\n \t<li><a title=\"Ver seguimiento\" href=\"http:\/\/www.fiscalia.gov.co\/colombia\/wp-content\/uploads\/Seguimiento-primer-semestre-2016.pdf\" target=\"_blank\" rel=\"noopener noreferrer\">Seguimiento al Plan a 2016-06-30<\/a><\/li>\r\n<\/ul>\r\n<ul>\r\n \t<li><a title=\"Ver archivo\" href=\"http:\/\/www.fiscalia.gov.co\/colombia\/wp-content\/uploads\/Plan-de-acci\u00f3n-2016.pdf\" target=\"_blank\" rel=\"noopener noreferrer\">Plan de Acci\u00f3n 2016\u00a0<\/a>\u2013 Publicado 2016-02-01<\/li>\r\n<\/ul>\r\n[\/vc_column_text][\/vc_tta_section][vc_tta_section title=&#8221;2015&#8243; tab_id=&#8221;1532556503690-59da928d-b523&#8243;][vc_column_text]\r\n<ul>\r\n \t<li><a title=\"Ver seguimiento \" href=\"http:\/\/www.fiscalia.gov.co\/colombia\/wp-content\/uploads\/Seguimiento-Cuarto-trimestre_2015.pdf\" target=\"_blank\" rel=\"noopener noreferrer\">Seguimiento al Plan a 2015-12-31<\/a><\/li>\r\n \t<li><a title=\"Ver archivo\" href=\"http:\/\/www.fiscalia.gov.co\/colombia\/wp-content\/uploads\/Seguimiento-tercer-trimestre_2015.pdf\" target=\"_blank\" rel=\"noopener noreferrer\">Seguimiento al Plan a 2015-09-30<\/a><\/li>\r\n \t<li><a title=\"Ver seguimiento\" href=\"http:\/\/www.fiscalia.gov.co\/colombia\/wp-content\/uploads\/Seguimiento-segundo-trimestre.pptx\" target=\"_blank\" rel=\"noopener noreferrer\">Seguimiento al Plan a 2015-06-30<\/a><\/li>\r\n \t<li><a title=\"Ver seguimiento\" href=\"http:\/\/www.fiscalia.gov.co\/colombia\/wp-content\/uploads\/Seguimiento-primer-trimestre-1.pdf\" target=\"_blank\" rel=\"noopener noreferrer\">Seguimiento al Plan a 2015-03-31<\/a><\/li>\r\n<\/ul>\r\n<ul>\r\n \t<li><a title=\"Descargar archivo \" href=\"http:\/\/www.fiscalia.gov.co\/colombia\/wp-content\/uploads\/Plan-estrat\u00e9gico-2015.pdf\" target=\"_blank\" rel=\"noopener noreferrer\">Plan de Acci\u00f3n 2015<\/a><\/li>\r\n<\/ul>\r\n[\/vc_column_text][\/vc_tta_section][vc_tta_section title=&#8221;2014&#8243; tab_id=&#8221;1532556505975-526c02cd-2c42&#8243;][vc_column_text]\r\n<ul>\r\n \t<li><a title=\"Descargar archivo \" href=\"http:\/\/www.fiscalia.gov.co\/colombia\/wp-content\/uploads\/Resultado-plan-Segundo-semestre-2014.pdf\" target=\"_blank\" rel=\"noopener noreferrer\">Seguimiento al Plan a 2014-12-31<\/a><\/li>\r\n \t<li><a title=\"Ver archivo\" href=\"http:\/\/www.fiscalia.gov.co\/colombia\/wp-content\/uploads\/Reporte_seguimiento_tercer_trimestre_2014.pdf\" target=\"_blank\" rel=\"noopener noreferrer\">Seguimiento al Plan a 2014-09-30<\/a><\/li>\r\n \t<li><a title=\"Descargar aarchivo\" href=\"http:\/\/www.fiscalia.gov.co\/colombia\/wp-content\/uploads\/reporte-seguimiento-poa-primer-semestre-2014.pdf\" target=\"_blank\" rel=\"noopener noreferrer\">Seguimiento al Plan a 2014-06-30<\/a><\/li>\r\n \t<li><a title=\"Descargar archivo \" href=\"http:\/\/www.fiscalia.gov.co\/colombia\/wp-content\/uploads\/Plan_Accion_1trim2014.pdf\" target=\"_blank\" rel=\"noopener noreferrer\">Seguimiento al Plan a 2014-03-31<\/a><\/li>\r\n<\/ul>\r\n[\/vc_column_text][\/vc_tta_section][\/vc_tta_accordion]<\/div><\/div><div class=\"vc_column tdi_6  wpb_column vc_column_container tdc-column td-pb-span4\">\n<style scoped>\n\/* custom css - generated by TagDiv Composer *\/\n\n\/* custom css - generated by TagDiv Composer *\/\n.tdi_6{\r\n                    vertical-align: baseline;\r\n                }.tdi_6 > .wpb_wrapper,\r\n\t\t\t\t.tdi_6 > .wpb_wrapper > .tdc-elements{\r\n\t\t\t\t    display: block;\r\n\t\t\t\t}.tdi_6 > .wpb_wrapper > .tdc-elements{\r\n\t\t\t\t    width: 100%;\r\n\t\t\t\t}.tdi_6 > .wpb_wrapper > .vc_row_inner{\r\n\t\t\t\t    width: auto;\r\n\t\t\t\t}.tdi_6 > .wpb_wrapper{\r\n\t\t\t\t    width: auto;\r\n\t\t\t\t    height: auto;\r\n\t\t\t\t}\n<\/style><div class=\"wpb_wrapper\" ><div class=\"wpb_wrapper td_block_wrap vc_raw_html tdi_8 \"><div class=\"td-fix-index\"><h4 class=\"block-title\"><span>TRANSPARENCIA<\/span><\/h4><\/div><\/div>[vc_wp_custommenu nav_menu=&#8221;24172&#8243;]<\/div><\/div><\/div><\/div><div id=\"tdi_9\" class=\"tdc-row\"><div class=\"vc_row tdi_10  wpb_row td-pb-row\" >\n<style scoped>\n\/* custom css - generated by TagDiv Composer *\/\n\n\/* custom css - generated by TagDiv Composer *\/\n.tdi_10,\r\n                .tdi_10 .tdc-columns{\r\n                    min-height: 0;\r\n                }.tdi_10,\r\n\t\t\t\t.tdi_10 .tdc-columns{\r\n\t\t\t\t    display: block;\r\n\t\t\t\t}.tdi_10 .tdc-columns{\r\n\t\t\t\t    width: 100%;\r\n\t\t\t\t}.tdi_10:before,\r\n\t\t\t\t.tdi_10:after{\r\n\t\t\t\t    display: table;\r\n\t\t\t\t}\n<\/style><div class=\"vc_column tdi_12  wpb_column vc_column_container tdc-column td-pb-span12\">\n<style scoped>\n\/* custom css - generated by TagDiv Composer *\/\n\n\/* custom css - generated by TagDiv Composer *\/\n.tdi_12{\r\n                    vertical-align: baseline;\r\n                }.tdi_12 > .wpb_wrapper,\r\n\t\t\t\t.tdi_12 > .wpb_wrapper > .tdc-elements{\r\n\t\t\t\t    display: block;\r\n\t\t\t\t}.tdi_12 > .wpb_wrapper > .tdc-elements{\r\n\t\t\t\t    width: 100%;\r\n\t\t\t\t}.tdi_12 > .wpb_wrapper > .vc_row_inner{\r\n\t\t\t\t    width: auto;\r\n\t\t\t\t}.tdi_12 > .wpb_wrapper{\r\n\t\t\t\t    width: auto;\r\n\t\t\t\t    height: auto;\r\n\t\t\t\t}\n<\/style><div class=\"wpb_wrapper\" >[vc_column_text]\r\n<p class=\"selectable-text copyable-text\"><a href=\"https:\/\/www.fiscalia.gov.co\/colombia\/gestion\/programas-y-proyectos-en-ejecucion\/\" target=\"_blank\" rel=\"noopener\"><span class=\"selectable-text copyable-text\">Proyectos de Inversi\u00f3n<\/span><\/a><\/p>\r\n<p class=\"selectable-text copyable-text\"><span class=\"selectable-text copyable-text\"><a href=\"https:\/\/www.fiscalia.gov.co\/colombia\/contrataciones\/plan-de-compras2\/\" target=\"_blank\" rel=\"noopener\">Plan General de Compras<\/a>\u00a0<\/span><\/p>\r\n<p class=\"selectable-text copyable-text\"><span class=\"selectable-text copyable-text\"><a href=\"https:\/\/www.fiscalia.gov.co\/colombia\/la-entidad\/presupuesto-general-asignado\/\" target=\"_blank\" rel=\"noopener\">Presupuesto desagregado con modificaciones<\/a>\u00a0<\/span><\/p>\r\n[\/vc_column_text]<\/div><\/div><\/div><\/div><\/section>\n<div class=\"twitter-share\"><a href=\"https:\/\/twitter.com\/intent\/tweet?via=fiscaliacol\" class=\"twitter-share-button\">Tweet<\/a><\/div>\n","protected":false},"excerpt":{"rendered":"[vc_column_text] El Plan de Acci\u00f3n contiene los objetivos planteados por la Fiscal\u00eda General de la Naci\u00f3n en cumplimiento de lo establecido en el Direccionamiento Estrat\u00e9gico. El seguimiento a la planeaci\u00f3n institucional se reporta semestralmente y los resultados de los indicadores de manera anual de acuerdo con la naturaleza de recolecci\u00f3n y an\u00e1lisis de datos y [...]","protected":false},"author":143,"featured_media":0,"parent":8562,"menu_order":1,"comment_status":"open","ping_status":"closed","template":"page-pagebuilder-title.php","meta":{"tdm_status":"","tdm_grid_status":"","footnotes":""},"class_list":["post-9596","page","type-page","status-publish"],"yoast_head":"<!-- This site is optimized with the Yoast SEO plugin v24.3 - https:\/\/yoast.com\/wordpress\/plugins\/seo\/ -->\n<title>Fiscal\u00eda General de la Naci\u00f3n<\/title>\n<meta name=\"description\" content=\"P\u00e1gina oficial de la Fiscal\u00eda General de la Naci\u00f3n \u2013 Colombia. Garantizamos el acceso efectivo a la justicia, la verdad y la reparaci\u00f3n de las v\u00edctimas de los delitos.\" \/>\n<meta name=\"robots\" content=\"index, follow, max-snippet:-1, max-image-preview:large, max-video-preview:-1\" \/>\n<link rel=\"canonical\" href=\"https:\/\/www.fiscalia.gov.co\/colombia\/gestion\/plan-de-accion\/\" \/>\n<meta property=\"og:locale\" content=\"es_ES\" \/>\n<meta property=\"og:type\" content=\"article\" \/>\n<meta property=\"og:title\" content=\"Fiscal\u00eda General de la Naci\u00f3n\" \/>\n<meta property=\"og:description\" content=\"P\u00e1gina oficial de la Fiscal\u00eda General de la Naci\u00f3n \u2013 Colombia. Garantizamos el acceso efectivo a la justicia, la verdad y la reparaci\u00f3n de las v\u00edctimas de los delitos.\" \/>\n<meta property=\"og:url\" content=\"https:\/\/www.fiscalia.gov.co\/colombia\/gestion\/plan-de-accion\/\" \/>\n<meta property=\"og:site_name\" content=\"Fiscal\u00eda General de la Naci\u00f3n\" \/>\n<meta property=\"article:publisher\" content=\"https:\/\/www.facebook.com\/FiscaliaCol\" \/>\n<meta property=\"article:modified_time\" content=\"2026-01-29T20:45:29+00:00\" \/>\n<meta name=\"twitter:card\" content=\"summary_large_image\" \/>\n<meta name=\"twitter:site\" content=\"@FiscaliaCol\" \/>\n<meta name=\"twitter:label1\" content=\"Tiempo de lectura\" \/>\n\t<meta name=\"twitter:data1\" content=\"3 minutos\" \/>\n<script type=\"application\/ld+json\" class=\"yoast-schema-graph\">{\"@context\":\"https:\/\/schema.org\",\"@graph\":[{\"@type\":\"WebPage\",\"@id\":\"https:\/\/www.fiscalia.gov.co\/colombia\/gestion\/plan-de-accion\/\",\"url\":\"https:\/\/www.fiscalia.gov.co\/colombia\/gestion\/plan-de-accion\/\",\"name\":\"Fiscal\u00eda General de la Naci\u00f3n\",\"isPartOf\":{\"@id\":\"https:\/\/www.fiscalia.gov.co\/colombia\/#website\"},\"datePublished\":\"2012-02-07T21:11:29+00:00\",\"dateModified\":\"2026-01-29T20:45:29+00:00\",\"description\":\"P\u00e1gina oficial de la Fiscal\u00eda General de la Naci\u00f3n \u2013 Colombia. Garantizamos el acceso efectivo a la justicia, la verdad y la reparaci\u00f3n de las v\u00edctimas de los delitos.\",\"breadcrumb\":{\"@id\":\"https:\/\/www.fiscalia.gov.co\/colombia\/gestion\/plan-de-accion\/#breadcrumb\"},\"inLanguage\":\"es-CO\",\"potentialAction\":[{\"@type\":\"ReadAction\",\"target\":[\"https:\/\/www.fiscalia.gov.co\/colombia\/gestion\/plan-de-accion\/\"]}]},{\"@type\":\"BreadcrumbList\",\"@id\":\"https:\/\/www.fiscalia.gov.co\/colombia\/gestion\/plan-de-accion\/#breadcrumb\",\"itemListElement\":[{\"@type\":\"ListItem\",\"position\":1,\"name\":\"Home\",\"item\":\"https:\/\/www.fiscalia.gov.co\/colombia\/\"},{\"@type\":\"ListItem\",\"position\":2,\"name\":\"Gesti\u00f3n\",\"item\":\"https:\/\/www.fiscalia.gov.co\/colombia\/gestion\/\"},{\"@type\":\"ListItem\",\"position\":3,\"name\":\"Plan de Acci\u00f3n\"}]},{\"@type\":\"WebSite\",\"@id\":\"https:\/\/www.fiscalia.gov.co\/colombia\/#website\",\"url\":\"https:\/\/www.fiscalia.gov.co\/colombia\/\",\"name\":\"Fiscal\u00eda General de la Naci\u00f3n\",\"description\":\"P\u00e1gina oficial de la Fiscal\u00eda General de la Naci\u00f3n \u2013 Colombia. Garantizamos el acceso efectivo a la justicia, la verdad y la reparaci\u00f3n de las v\u00edctimas de los delitos.\",\"publisher\":{\"@id\":\"https:\/\/www.fiscalia.gov.co\/colombia\/#organization\"},\"potentialAction\":[{\"@type\":\"SearchAction\",\"target\":{\"@type\":\"EntryPoint\",\"urlTemplate\":\"https:\/\/www.fiscalia.gov.co\/colombia\/?s={search_term_string}\"},\"query-input\":{\"@type\":\"PropertyValueSpecification\",\"valueRequired\":true,\"valueName\":\"search_term_string\"}}],\"inLanguage\":\"es-CO\"},{\"@type\":\"Organization\",\"@id\":\"https:\/\/www.fiscalia.gov.co\/colombia\/#organization\",\"name\":\"Fiscal\u00eda General de la Naci\u00f3n\",\"url\":\"https:\/\/www.fiscalia.gov.co\/colombia\/\",\"logo\":{\"@type\":\"ImageObject\",\"inLanguage\":\"es-CO\",\"@id\":\"https:\/\/www.fiscalia.gov.co\/colombia\/#\/schema\/logo\/image\/\",\"url\":\"https:\/\/www.fiscalia.gov.co\/colombia\/wp-content\/uploads\/LogoHorizontal_1.jpg\",\"contentUrl\":\"https:\/\/www.fiscalia.gov.co\/colombia\/wp-content\/uploads\/LogoHorizontal_1.jpg\",\"width\":300,\"height\":90,\"caption\":\"Fiscal\u00eda General de la Naci\u00f3n\"},\"image\":{\"@id\":\"https:\/\/www.fiscalia.gov.co\/colombia\/#\/schema\/logo\/image\/\"},\"sameAs\":[\"https:\/\/www.facebook.com\/FiscaliaCol\",\"https:\/\/x.com\/FiscaliaCol\",\"https:\/\/www.instagram.com\/fiscaliacol\",\"https:\/\/www.linkedin.com\/company\/fiscalia-general-de-la-naci-n\/\",\"https:\/\/youtube.com\/@fiscaliageneraldelanacion-4668?si=6nN79nyQICPU5iTh\"]}]}<\/script>\n<!-- \/ Yoast SEO plugin. -->","yoast_head_json":{"title":"Fiscal\u00eda General de la Naci\u00f3n","description":"P\u00e1gina oficial de la Fiscal\u00eda General de la Naci\u00f3n \u2013 Colombia. Garantizamos el acceso efectivo a la justicia, la verdad y la reparaci\u00f3n de las v\u00edctimas de los delitos.","robots":{"index":"index","follow":"follow","max-snippet":"max-snippet:-1","max-image-preview":"max-image-preview:large","max-video-preview":"max-video-preview:-1"},"canonical":"https:\/\/www.fiscalia.gov.co\/colombia\/gestion\/plan-de-accion\/","og_locale":"es_ES","og_type":"article","og_title":"Fiscal\u00eda General de la Naci\u00f3n","og_description":"P\u00e1gina oficial de la Fiscal\u00eda General de la Naci\u00f3n \u2013 Colombia. Garantizamos el acceso efectivo a la justicia, la verdad y la reparaci\u00f3n de las v\u00edctimas de los delitos.","og_url":"https:\/\/www.fiscalia.gov.co\/colombia\/gestion\/plan-de-accion\/","og_site_name":"Fiscal\u00eda General de la Naci\u00f3n","article_publisher":"https:\/\/www.facebook.com\/FiscaliaCol","article_modified_time":"2026-01-29T20:45:29+00:00","twitter_card":"summary_large_image","twitter_site":"@FiscaliaCol","twitter_misc":{"Tiempo de lectura":"3 minutos"},"schema":{"@context":"https:\/\/schema.org","@graph":[{"@type":"WebPage","@id":"https:\/\/www.fiscalia.gov.co\/colombia\/gestion\/plan-de-accion\/","url":"https:\/\/www.fiscalia.gov.co\/colombia\/gestion\/plan-de-accion\/","name":"Fiscal\u00eda General de la Naci\u00f3n","isPartOf":{"@id":"https:\/\/www.fiscalia.gov.co\/colombia\/#website"},"datePublished":"2012-02-07T21:11:29+00:00","dateModified":"2026-01-29T20:45:29+00:00","description":"P\u00e1gina oficial de la Fiscal\u00eda General de la Naci\u00f3n \u2013 Colombia. Garantizamos el acceso efectivo a la justicia, la verdad y la reparaci\u00f3n de las v\u00edctimas de los delitos.","breadcrumb":{"@id":"https:\/\/www.fiscalia.gov.co\/colombia\/gestion\/plan-de-accion\/#breadcrumb"},"inLanguage":"es-CO","potentialAction":[{"@type":"ReadAction","target":["https:\/\/www.fiscalia.gov.co\/colombia\/gestion\/plan-de-accion\/"]}]},{"@type":"BreadcrumbList","@id":"https:\/\/www.fiscalia.gov.co\/colombia\/gestion\/plan-de-accion\/#breadcrumb","itemListElement":[{"@type":"ListItem","position":1,"name":"Home","item":"https:\/\/www.fiscalia.gov.co\/colombia\/"},{"@type":"ListItem","position":2,"name":"Gesti\u00f3n","item":"https:\/\/www.fiscalia.gov.co\/colombia\/gestion\/"},{"@type":"ListItem","position":3,"name":"Plan de Acci\u00f3n"}]},{"@type":"WebSite","@id":"https:\/\/www.fiscalia.gov.co\/colombia\/#website","url":"https:\/\/www.fiscalia.gov.co\/colombia\/","name":"Fiscal\u00eda General de la Naci\u00f3n","description":"P\u00e1gina oficial de la Fiscal\u00eda General de la Naci\u00f3n \u2013 Colombia. Garantizamos el acceso efectivo a la justicia, la verdad y la reparaci\u00f3n de las v\u00edctimas de los delitos.","publisher":{"@id":"https:\/\/www.fiscalia.gov.co\/colombia\/#organization"},"potentialAction":[{"@type":"SearchAction","target":{"@type":"EntryPoint","urlTemplate":"https:\/\/www.fiscalia.gov.co\/colombia\/?s={search_term_string}"},"query-input":{"@type":"PropertyValueSpecification","valueRequired":true,"valueName":"search_term_string"}}],"inLanguage":"es-CO"},{"@type":"Organization","@id":"https:\/\/www.fiscalia.gov.co\/colombia\/#organization","name":"Fiscal\u00eda General de la Naci\u00f3n","url":"https:\/\/www.fiscalia.gov.co\/colombia\/","logo":{"@type":"ImageObject","inLanguage":"es-CO","@id":"https:\/\/www.fiscalia.gov.co\/colombia\/#\/schema\/logo\/image\/","url":"https:\/\/www.fiscalia.gov.co\/colombia\/wp-content\/uploads\/LogoHorizontal_1.jpg","contentUrl":"https:\/\/www.fiscalia.gov.co\/colombia\/wp-content\/uploads\/LogoHorizontal_1.jpg","width":300,"height":90,"caption":"Fiscal\u00eda General de la Naci\u00f3n"},"image":{"@id":"https:\/\/www.fiscalia.gov.co\/colombia\/#\/schema\/logo\/image\/"},"sameAs":["https:\/\/www.facebook.com\/FiscaliaCol","https:\/\/x.com\/FiscaliaCol","https:\/\/www.instagram.com\/fiscaliacol","https:\/\/www.linkedin.com\/company\/fiscalia-general-de-la-naci-n\/","https:\/\/youtube.com\/@fiscaliageneraldelanacion-4668?si=6nN79nyQICPU5iTh"]}]}},"_links":{"self":[{"href":"https:\/\/www.fiscalia.gov.co\/colombia\/wp-json\/wp\/v2\/pages\/9596","targetHints":{"allow":["GET"]}}],"collection":[{"href":"https:\/\/www.fiscalia.gov.co\/colombia\/wp-json\/wp\/v2\/pages"}],"about":[{"href":"https:\/\/www.fiscalia.gov.co\/colombia\/wp-json\/wp\/v2\/types\/page"}],"author":[{"embeddable":true,"href":"https:\/\/www.fiscalia.gov.co\/colombia\/wp-json\/wp\/v2\/users\/143"}],"replies":[{"embeddable":true,"href":"https:\/\/www.fiscalia.gov.co\/colombia\/wp-json\/wp\/v2\/comments?post=9596"}],"version-history":[{"count":147,"href":"https:\/\/www.fiscalia.gov.co\/colombia\/wp-json\/wp\/v2\/pages\/9596\/revisions"}],"predecessor-version":[{"id":330418,"href":"https:\/\/www.fiscalia.gov.co\/colombia\/wp-json\/wp\/v2\/pages\/9596\/revisions\/330418"}],"up":[{"embeddable":true,"href":"https:\/\/www.fiscalia.gov.co\/colombia\/wp-json\/wp\/v2\/pages\/8562"}],"wp:attachment":[{"href":"https:\/\/www.fiscalia.gov.co\/colombia\/wp-json\/wp\/v2\/media?parent=9596"}],"curies":[{"name":"wp","href":"https:\/\/api.w.org\/{rel}","templated":true}]}}