{"id":9132,"date":"2011-12-13T15:29:20","date_gmt":"2011-12-13T20:29:20","guid":{"rendered":"http:\/\/www.fiscalia.gov.co\/colombia\/?page_id=75"},"modified":"2024-07-09T10:17:39","modified_gmt":"2024-07-09T15:17:39","slug":"el-fiscal","status":"publish","type":"page","link":"https:\/\/www.fiscalia.gov.co\/colombia\/la-entidad\/el-fiscal\/","title":{"rendered":"Fiscal General de la Naci\u00f3n"},"content":{"rendered":"<section class=\"wpb-content-wrapper\"><div id=\"tdi_1\" class=\"tdc-row\"><div class=\"vc_row tdi_2  wpb_row td-pb-row\" >\n<style scoped>\n\/* custom css - generated by TagDiv Composer *\/\n\n\/* custom css - generated by TagDiv Composer *\/\n.tdi_2,\r\n                .tdi_2 .tdc-columns{\r\n                    min-height: 0;\r\n                }.tdi_2,\r\n\t\t\t\t.tdi_2 .tdc-columns{\r\n\t\t\t\t    display: block;\r\n\t\t\t\t}.tdi_2 .tdc-columns{\r\n\t\t\t\t    width: 100%;\r\n\t\t\t\t}.tdi_2:before,\r\n\t\t\t\t.tdi_2:after{\r\n\t\t\t\t    display: table;\r\n\t\t\t\t}\n<\/style><div class=\"vc_column tdi_4  wpb_column vc_column_container tdc-column td-pb-span12\">\n<style scoped>\n\/* custom css - generated by TagDiv Composer *\/\n\n\/* custom css - generated by TagDiv Composer *\/\n.tdi_4{\r\n                    vertical-align: baseline;\r\n                }.tdi_4 > .wpb_wrapper,\r\n\t\t\t\t.tdi_4 > .wpb_wrapper > .tdc-elements{\r\n\t\t\t\t    display: block;\r\n\t\t\t\t}.tdi_4 > .wpb_wrapper > .tdc-elements{\r\n\t\t\t\t    width: 100%;\r\n\t\t\t\t}.tdi_4 > .wpb_wrapper > .vc_row_inner{\r\n\t\t\t\t    width: auto;\r\n\t\t\t\t}.tdi_4 > .wpb_wrapper{\r\n\t\t\t\t    width: auto;\r\n\t\t\t\t    height: auto;\r\n\t\t\t\t}\n<\/style><div class=\"wpb_wrapper\" ><div class=\"wpb_wrapper td_block_separator td_block_wrap vc_separator tdi_6  td_separator_solid td_separator_center\"><span style=\"border-color:#EBEBEB;border-width:1px;width:100%;\"><\/span>\n<style scoped>\n\/* custom css - generated by TagDiv Composer *\/\n\n\/* custom css - generated by TagDiv Composer *\/\n.td_block_separator{\r\n                  width: 100%;\r\n                  align-items: center;\r\n                  margin-bottom: 38px;\r\n                  padding-bottom: 10px;\r\n                }.td_block_separator span{\r\n                  position: relative;\r\n                  display: block;\r\n                  margin: 0 auto;\r\n                  width: 100%;\r\n                  height: 1px;\r\n                  border-top: 1px solid #EBEBEB;\r\n                }.td_separator_align_left span{\r\n                  margin-left: 0;\r\n                }.td_separator_align_right span{\r\n                  margin-right: 0;\r\n                }.td_separator_dashed span{\r\n                  border-top-style: dashed;\r\n                }.td_separator_dotted span{\r\n                  border-top-style: dotted;\r\n                }.td_separator_double span{\r\n                  height: 3px;\r\n                  border-bottom: 1px solid #EBEBEB;\r\n                }.td_separator_shadow > span{\r\n                  position: relative;\r\n                  height: 20px;\r\n                  overflow: hidden;\r\n                  border: 0;\r\n                  color: #EBEBEB;\r\n                }.td_separator_shadow > span > span{\r\n                  position: absolute;\r\n                  top: -30px;\r\n                  left: 0;\r\n                  right: 0;\r\n                  margin: 0 auto;\r\n                  height: 13px;\r\n                  width: 98%;\r\n                  border-radius: 100%;\r\n                }html :where([style*='border-width']){\r\n                    border-style: none;\r\n                }\n<\/style><\/div><\/div><\/div><\/div><\/div><div id=\"tdi_7\" class=\"tdc-row\"><div class=\"vc_row tdi_8  wpb_row td-pb-row\" >\n<style scoped>\n\/* custom css - generated by TagDiv Composer *\/\n\n\/* custom css - generated by TagDiv Composer *\/\n.tdi_8,\r\n                .tdi_8 .tdc-columns{\r\n                    min-height: 0;\r\n                }.tdi_8,\r\n\t\t\t\t.tdi_8 .tdc-columns{\r\n\t\t\t\t    display: block;\r\n\t\t\t\t}.tdi_8 .tdc-columns{\r\n\t\t\t\t    width: 100%;\r\n\t\t\t\t}.tdi_8:before,\r\n\t\t\t\t.tdi_8:after{\r\n\t\t\t\t    display: table;\r\n\t\t\t\t}\n<\/style><div class=\"vc_column tdi_10  wpb_column vc_column_container tdc-column td-pb-span6\">\n<style scoped>\n\/* custom css - generated by TagDiv Composer *\/\n\n\/* custom css - generated by TagDiv Composer *\/\n.tdi_10{\r\n                    vertical-align: baseline;\r\n                }.tdi_10 > .wpb_wrapper,\r\n\t\t\t\t.tdi_10 > .wpb_wrapper > .tdc-elements{\r\n\t\t\t\t    display: block;\r\n\t\t\t\t}.tdi_10 > .wpb_wrapper > .tdc-elements{\r\n\t\t\t\t    width: 100%;\r\n\t\t\t\t}.tdi_10 > .wpb_wrapper > .vc_row_inner{\r\n\t\t\t\t    width: auto;\r\n\t\t\t\t}.tdi_10 > .wpb_wrapper{\r\n\t\t\t\t    width: auto;\r\n\t\t\t\t    height: auto;\r\n\t\t\t\t}\n<\/style><div class=\"wpb_wrapper\" >[vc_single_image image=&#8221;292597&#8243; img_size=&#8221;full&#8221;]<div class=\"td_block_wrap td_block_list_menu tdi_11 td-blm-display-vertical td-pb-border-top td_block_template_6 widget\"  data-td-block-uid=\"tdi_11\" >\n<style>\n\/* custom css - generated by TagDiv Composer *\/\n.td_block_list_menu ul{\r\n                  flex-wrap: wrap;\r\n                  margin-left: 12px;\r\n                }.td_block_list_menu ul li{\r\n\t\t\t\t\tmargin-left: 0;\r\n\t\t\t\t}.td_block_list_menu ul li a{\r\n\t\t\t\t\tdisplay: flex;\r\n                  \tmargin-left: 0;\r\n                }.td_block_list_menu .td-blm-menu-item-txt{\r\n\t\t\t\t\tdisplay: flex;\r\n\t\t\t\t\talign-items: center;\r\n\t\t\t\t\tflex-grow: 1;\r\n\t\t\t\t}.td_block_list_menu .sub-menu{\r\n                  padding-left: 22px;\r\n                }.td_block_list_menu .sub-menu li{\r\n                  font-size: 13px;\r\n                }.td_block_list_menu li.current-menu-item > a,\r\n\t\t\t\t.td_block_list_menu li.current-menu-ancestor > a,\r\n\t\t\t\t.td_block_list_menu li.current-category-ancestor > a,\r\n\t\t\t\t.td_block_list_menu li.current-page-ancestor > a{\r\n\t\t\t\t    color: var(--td_theme_color, #4db2ec);\r\n\t\t\t\t}.td_block_list_menu .td-blm-sub-icon{\r\n\t\t\t\t\tdisplay: flex;\r\n\t\t\t\t\talign-items: center;\r\n\t\t\t\t\tjustify-content: center;\r\n\t\t\t\t\tmargin-left: .6em;\r\n\t\t\t\t\tpadding: 0 .6em;\r\n\t\t\t\t\ttransition: transform .2s ease-in-out;\r\n\t\t\t\t}.td_block_list_menu .td-blm-sub-icon svg{\r\n\t\t\t\t\tdisplay: block;\r\n\t\t\t\t\twidth: 1em;\r\n\t\t\t\t\theight: auto;\r\n\t\t\t\t}.td_block_list_menu .td-blm-sub-icon svg,\r\n\t\t\t\t.td_block_list_menu .td-blm-sub-icon svg *{\r\n\t\t\t\t\tfill: currentColor;\r\n\t\t\t\t}.td_block_list_menu.td-blm-display-accordion .menu-item-has-children ul{\r\n\t\t\t\t\tdisplay: none;\r\n\t\t\t\t}.td_block_list_menu.td-blm-display-accordion .menu-item-has-children-open > a > .td-blm-sub-icon{\r\n\t\t\t\t\ttransform: rotate(180deg);\r\n\t\t\t\t}.td_block_list_menu.td-blm-display-horizontal ul{\r\n\t\t\t\t\tdisplay: flex;\r\n\t\t\t\t}body .tdi_11 ul{\r\n\t\t\t\t\ttext-align: left;\r\n\t\t\t\t\tjustify-content: flex-start;\r\n\t\t\t\t}body .tdi_11 ul li a{\r\n\t\t\t\t\tjustify-content: flex-start;\r\n\t\t\t\t}body .tdi_11 .td-blm-menu-item-txt{\r\n\t\t\t\t\tflex-grow: 1;\r\n\t\t\t\t}\n<\/style><div class=\"td-block-title-wrap\"><\/div><div id=tdi_11 class=\"td_block_inner td-fix-index\"><div class=\"menu-corrupcion-container\"><ul id=\"menu-corrupcion\" class=\"menu\"><li id=\"menu-item-179559\" class=\"menu-item menu-item-type-post_type menu-item-object-page menu-item-179559\"><a href=\"https:\/\/www.fiscalia.gov.co\/colombia\/la-entidad\/el-fiscal\/\"><span class=\"td-blm-menu-item-txt\">Fiscal General de la Naci\u00f3n<\/span><\/a><\/li>\n<li id=\"menu-item-104682\" class=\"menu-item menu-item-type-post_type menu-item-object-page menu-item-104682\"><a href=\"https:\/\/www.fiscalia.gov.co\/colombia\/la-entidad\/coordinadora-de-la-unidad-de-fiscales-delegados-ante-la-corte-suprema-de-justicia\/\"><span class=\"td-blm-menu-item-txt\">Coordinadora de la Unidad de Fiscales Delegados ante la Corte Suprema de Justicia<\/span><\/a><\/li>\n<li id=\"menu-item-159430\" class=\"menu-item menu-item-type-post_type menu-item-object-page menu-item-159430\"><a href=\"https:\/\/www.fiscalia.gov.co\/colombia\/equipo-de-trabajo\/director-ejecutivo\/\"><span class=\"td-blm-menu-item-txt\">Director Ejecutivo<\/span><\/a><\/li>\n<li id=\"menu-item-104508\" class=\"menu-item menu-item-type-post_type menu-item-object-page menu-item-104508\"><a href=\"https:\/\/www.fiscalia.gov.co\/colombia\/la-entidad\/directora-de-politicas-y-estrategia\/\"><span class=\"td-blm-menu-item-txt\">Directora de Pol\u00edticas y Estrategia<\/span><\/a><\/li>\n<li id=\"menu-item-104507\" class=\"menu-item menu-item-type-post_type menu-item-object-page menu-item-104507\"><a href=\"https:\/\/www.fiscalia.gov.co\/colombia\/equipo-de-trabajo\/director-de-planeacion-y-desarrollo\/\"><span class=\"td-blm-menu-item-txt\">Director de Planeaci\u00f3n y Desarrollo<\/span><\/a><\/li>\n<li id=\"menu-item-104701\" class=\"menu-item menu-item-type-post_type menu-item-object-page menu-item-104701\"><a href=\"https:\/\/www.fiscalia.gov.co\/colombia\/equipo-de-trabajo\/directora-de-asuntos-juridicos\/\"><span class=\"td-blm-menu-item-txt\">Directora de Asuntos Jur\u00eddicos<\/span><\/a><\/li>\n<li id=\"menu-item-104511\" class=\"menu-item menu-item-type-post_type menu-item-object-page menu-item-104511\"><a href=\"https:\/\/www.fiscalia.gov.co\/colombia\/equipo-de-trabajo\/director-de-comunicaciones\/\"><span class=\"td-blm-menu-item-txt\">Director de Comunicaciones<\/span><\/a><\/li>\n<li id=\"menu-item-104509\" class=\"menu-item menu-item-type-post_type menu-item-object-page menu-item-104509\"><a href=\"https:\/\/www.fiscalia.gov.co\/colombia\/equipo-de-trabajo\/directora-de-asuntos-internacionales\/\"><span class=\"td-blm-menu-item-txt\">Directora de Asuntos Internacionales<\/span><\/a><\/li>\n<li id=\"menu-item-104699\" class=\"menu-item menu-item-type-post_type menu-item-object-page menu-item-104699\"><a href=\"https:\/\/www.fiscalia.gov.co\/colombia\/equipo-de-trabajo\/director-de-control-interno\/\"><span class=\"td-blm-menu-item-txt\">Director de Control Interno<\/span><\/a><\/li>\n<li id=\"menu-item-104702\" class=\"menu-item menu-item-type-post_type menu-item-object-page menu-item-104702\"><a href=\"https:\/\/www.fiscalia.gov.co\/colombia\/equipo-de-trabajo\/directora-de-control-disciplinario\/\"><span class=\"td-blm-menu-item-txt\">Directora de Control Disciplinario<\/span><\/a><\/li>\n<li id=\"menu-item-106862\" class=\"menu-item menu-item-type-post_type menu-item-object-page menu-item-106862\"><a href=\"https:\/\/www.fiscalia.gov.co\/colombia\/equipo-de-trabajo\/director-del-cuerpo-tecnico-de-investigacion\/\"><span class=\"td-blm-menu-item-txt\">Director del Cuerpo T\u00e9cnico de Investigaci\u00f3n (CTI)<\/span><\/a><\/li>\n<li id=\"menu-item-106861\" class=\"menu-item menu-item-type-post_type menu-item-object-page menu-item-106861\"><a href=\"https:\/\/www.fiscalia.gov.co\/colombia\/la-entidad\/el-fiscal\/director-de-proteccion-y-asistencia\/\"><span class=\"td-blm-menu-item-txt\">Director de Protecci\u00f3n y Asistencia<\/span><\/a><\/li>\n<li id=\"menu-item-106860\" class=\"menu-item menu-item-type-post_type menu-item-object-page menu-item-106860\"><a href=\"https:\/\/www.fiscalia.gov.co\/colombia\/equipo-de-trabajo\/director-de-altos-estudios\/\"><span class=\"td-blm-menu-item-txt\">Directora de Altos Estudios<\/span><\/a><\/li>\n<li id=\"menu-item-189187\" class=\"menu-item menu-item-type-post_type menu-item-object-page menu-item-189187\"><a href=\"https:\/\/www.fiscalia.gov.co\/colombia\/equipo-de-trabajo\/directora-unidad-especial-de-investigaciones\/\"><span class=\"td-blm-menu-item-txt\">Director Unidad Especial de Investigaci\u00f3n<\/span><\/a><\/li>\n<\/ul><\/div><\/div><\/div><\/div><\/div><div class=\"vc_column tdi_13  wpb_column vc_column_container tdc-column td-pb-span6\">\n<style scoped>\n\/* custom css - generated by TagDiv Composer *\/\n\n\/* custom css - generated by TagDiv Composer *\/\n.tdi_13{\r\n                    vertical-align: baseline;\r\n                }.tdi_13 > .wpb_wrapper,\r\n\t\t\t\t.tdi_13 > .wpb_wrapper > .tdc-elements{\r\n\t\t\t\t    display: block;\r\n\t\t\t\t}.tdi_13 > .wpb_wrapper > .tdc-elements{\r\n\t\t\t\t    width: 100%;\r\n\t\t\t\t}.tdi_13 > .wpb_wrapper > .vc_row_inner{\r\n\t\t\t\t    width: auto;\r\n\t\t\t\t}.tdi_13 > .wpb_wrapper{\r\n\t\t\t\t    width: auto;\r\n\t\t\t\t    height: auto;\r\n\t\t\t\t}\n<\/style><div class=\"wpb_wrapper\" >[vc_column_text]<strong>Luz Adriana Camargo Garz\u00f3n, Fiscal General de la Naci\u00f3n.<\/strong>\r\n\r\nAbogada de la Universidad de La Sabana (1982-1986), con una especializaci\u00f3n en Derecho Penal y Criminolog\u00eda de la Universidad Libre de Colombia (1989-1990).\r\n\r\nEn la Rama Judicial se ha desempe\u00f1ado como Juez de Instrucci\u00f3n Criminal, y oficial mayor de un Juzgado Superior de Bogot\u00e1. Cargos desempe\u00f1ados entre 1987-1989.\r\n\r\nEntre 2005 &#8211; 2014 ocup\u00f3 el cargo de magistrada auxiliar en la Sala de Casaci\u00f3n Penal de la Corte Suprema de Justicia donde fue designada para integrar la Unidad Especial de Investigaci\u00f3n, creada para adelantar las averiguaciones penales contra Senadores y Representantes a la C\u00e1mara, en el marco de la presunta infiltraci\u00f3n de organizaciones paramilitares.\r\n\r\nTambi\u00e9n conform\u00f3 la Unidad de Investigaci\u00f3n Especial de Aforados, responsable de judicializar a personas presuntamente implicadas en delitos de cohecho, concusi\u00f3n, peculado, enriquecimiento \u00a1l\u00edcito, lavado de activos, contrataci\u00f3n p\u00fablica ilegal, tr\u00e1fico de influencias, prevaricato, delitos electorales, injuria, calumnia, y delitos contra la vida e integridad personal.\r\n\r\nEntre los a\u00f1os 2003 y 2004, como Fiscal Delegada ante la Corte Suprema de Justicia, dirigi\u00f3 investigaciones en las que se ten\u00eda indicios sobre el presunto compromiso penal de ministros, gobernadores y miembros de misi\u00f3n diplom\u00e1tica con delitos contra la administraci\u00f3n p\u00fablica y fen\u00f3menos de corrupci\u00f3n.\r\n\r\nAnte la Corte Interamericana de Derechos Humanos se desempe\u00f1\u00f3 como perita en litigios internacionales; adem\u00e1s de ser consultora en proyectos asociados a est\u00e1ndares de investigaci\u00f3n, formas de impunidad, acceso a la justicia y fortalecimiento de mecanismos democr\u00e1ticos.\r\n\r\nEntre 2014 y 2017 fue Jefe del Departamento de Investigaci\u00f3n y Litigio de la Comisi\u00f3n Internacional contra la Impunidad en Guatemala (CICIG-ONU), de la Organizaci\u00f3n de las Naciones Unidas. En desarrollo de estas acciones present\u00f3 ante jueces casos emblem\u00e1ticos que involucran a m\u00e1s de un centenar de funcionarios y p\u00fablicos y particulares integrantes de redes criminales pol\u00edtico-econ\u00f3micas, as\u00ed como a los integrantes de estructuras paralelas de lavado de activos.\r\n\r\nEntre 2020 y 2021, en el marco de una consultor\u00eda para las \u2018Fundaciones Forjando Futuros en asocio con Indepaz, Intereclecial de Justicia y Paz, Comisi\u00f3n Colombiana de Juristas y Programa Somos Defensores\u2019, dirigi\u00f3 un equipo interdisciplinario que trabaj\u00f3 en el an\u00e1lisis de los distintos hechos violentos para la identificaci\u00f3n de patrones desde la firma del acuerdo de paz Estado-Farc.\r\n\r\nEn la Comisi\u00f3n Interamericana de Derechos Humanos (OEA) fue consultora (2021), de la Relator\u00eda Especial para la Libertad de Expresi\u00f3n (RELE), para la elaboraci\u00f3n de un documento gu\u00eda sobre est\u00e1ndares de debida diligencia en las investigaciones penales adelantadas por los Estados Americanos, por delitos de homicidio cometidos contra periodistas de la regi\u00f3n.\r\n\r\nEn 2023 fue asesora de la Secretar\u00eda de Transparencia para la detecci\u00f3n de fortalezas y debilidades en los mecanismos de contrataci\u00f3n p\u00fablica en Colombia.\r\n\r\nEl 22 de marzo de 2024 asume como Fiscal General de la Naci\u00f3n por el periodo 2024-2028.\r\n\r\n&nbsp;\r\n\r\nActualizado 2024-07-09[\/vc_column_text]<\/div><\/div><\/div><\/div><\/section>\n<div class=\"twitter-share\"><a href=\"https:\/\/twitter.com\/intent\/tweet?via=fiscaliacol\" class=\"twitter-share-button\">Tweet<\/a><\/div>\n","protected":false},"excerpt":{"rendered":"[vc_single_image image=\"292597\" img_size=\"full\"] Fiscal General de la Naci\u00f3n Coordinadora de la Unidad de Fiscales Delegados ante la Corte Suprema de Justicia Director Ejecutivo Directora de Pol\u00edticas y Estrategia Director de Planeaci\u00f3n y Desarrollo Directora de Asuntos Jur\u00eddicos Director de Comunicaciones Directora de Asuntos Internacionales Director de Control Interno Directora de Control Disciplinario Director del Cuerpo [...]","protected":false},"author":143,"featured_media":0,"parent":9126,"menu_order":6,"comment_status":"open","ping_status":"closed","template":"","meta":{"_price":"","_stock":"","_tribe_ticket_header":"","_tribe_default_ticket_provider":"","_tribe_ticket_capacity":"0","_ticket_start_date":"","_ticket_end_date":"","_tribe_ticket_show_description":"","_tribe_ticket_show_not_going":false,"_tribe_ticket_use_global_stock":"","_tribe_ticket_global_stock_level":"","_global_stock_mode":"","_global_stock_cap":"","_tribe_rsvp_for_event":"","_tribe_ticket_going_count":"","_tribe_ticket_not_going_count":"","_tribe_tickets_list":"[]","_tribe_ticket_has_attendee_info_fields":false,"tdm_status":"","tdm_grid_status":"","footnotes":"","_tec_slr_enabled":"","_tec_slr_layout":""},"class_list":["post-9132","page","type-page","status-publish"],"yoast_head":"<!-- This site is optimized with the Yoast SEO plugin v24.3 - https:\/\/yoast.com\/wordpress\/plugins\/seo\/ -->\n<title>Fiscal General de la Naci\u00f3n<\/title>\n<meta name=\"description\" content=\"Desde el 13 de febrero de 2020, es el Fiscal General de la Naci\u00f3n.\" \/>\n<meta name=\"robots\" content=\"index, follow, max-snippet:-1, max-image-preview:large, max-video-preview:-1\" \/>\n<link rel=\"canonical\" href=\"https:\/\/www.fiscalia.gov.co\/colombia\/la-entidad\/el-fiscal\/\" \/>\n<meta property=\"og:locale\" content=\"es_ES\" \/>\n<meta property=\"og:type\" content=\"article\" \/>\n<meta property=\"og:title\" content=\"Fiscal General de la Naci\u00f3n\" \/>\n<meta property=\"og:description\" content=\"Desde el 13 de febrero de 2020, es el Fiscal General de la Naci\u00f3n.\" \/>\n<meta property=\"og:url\" content=\"https:\/\/www.fiscalia.gov.co\/colombia\/la-entidad\/el-fiscal\/\" \/>\n<meta property=\"og:site_name\" content=\"Fiscal\u00eda General de la Naci\u00f3n\" \/>\n<meta property=\"article:publisher\" content=\"https:\/\/www.facebook.com\/FiscaliaCol\" \/>\n<meta property=\"article:modified_time\" content=\"2024-07-09T15:17:39+00:00\" \/>\n<meta name=\"twitter:card\" content=\"summary_large_image\" \/>\n<meta name=\"twitter:site\" content=\"@FiscaliaCol\" \/>\n<meta name=\"twitter:label1\" content=\"Tiempo de lectura\" \/>\n\t<meta name=\"twitter:data1\" content=\"3 minutos\" \/>\n<script type=\"application\/ld+json\" class=\"yoast-schema-graph\">{\"@context\":\"https:\/\/schema.org\",\"@graph\":[{\"@type\":\"WebPage\",\"@id\":\"https:\/\/www.fiscalia.gov.co\/colombia\/la-entidad\/el-fiscal\/\",\"url\":\"https:\/\/www.fiscalia.gov.co\/colombia\/la-entidad\/el-fiscal\/\",\"name\":\"Fiscal General de la Naci\u00f3n\",\"isPartOf\":{\"@id\":\"https:\/\/www.fiscalia.gov.co\/colombia\/#website\"},\"datePublished\":\"2011-12-13T20:29:20+00:00\",\"dateModified\":\"2024-07-09T15:17:39+00:00\",\"description\":\"Desde el 13 de febrero de 2020, es el Fiscal General de la Naci\u00f3n.\",\"breadcrumb\":{\"@id\":\"https:\/\/www.fiscalia.gov.co\/colombia\/la-entidad\/el-fiscal\/#breadcrumb\"},\"inLanguage\":\"es-CO\",\"potentialAction\":[{\"@type\":\"ReadAction\",\"target\":[\"https:\/\/www.fiscalia.gov.co\/colombia\/la-entidad\/el-fiscal\/\"]}]},{\"@type\":\"BreadcrumbList\",\"@id\":\"https:\/\/www.fiscalia.gov.co\/colombia\/la-entidad\/el-fiscal\/#breadcrumb\",\"itemListElement\":[{\"@type\":\"ListItem\",\"position\":1,\"name\":\"Home\",\"item\":\"https:\/\/www.fiscalia.gov.co\/colombia\/\"},{\"@type\":\"ListItem\",\"position\":2,\"name\":\"La Entidad\",\"item\":\"https:\/\/www.fiscalia.gov.co\/colombia\/la-entidad\/\"},{\"@type\":\"ListItem\",\"position\":3,\"name\":\"Fiscal General de la Naci\u00f3n\"}]},{\"@type\":\"WebSite\",\"@id\":\"https:\/\/www.fiscalia.gov.co\/colombia\/#website\",\"url\":\"https:\/\/www.fiscalia.gov.co\/colombia\/\",\"name\":\"Fiscal\u00eda General de la Naci\u00f3n\",\"description\":\"P\u00e1gina oficial de la Fiscal\u00eda General de la Naci\u00f3n \u2013 Colombia. Garantizamos el acceso efectivo a la justicia, la verdad y la reparaci\u00f3n de las v\u00edctimas de los delitos.\",\"publisher\":{\"@id\":\"https:\/\/www.fiscalia.gov.co\/colombia\/#organization\"},\"potentialAction\":[{\"@type\":\"SearchAction\",\"target\":{\"@type\":\"EntryPoint\",\"urlTemplate\":\"https:\/\/www.fiscalia.gov.co\/colombia\/?s={search_term_string}\"},\"query-input\":{\"@type\":\"PropertyValueSpecification\",\"valueRequired\":true,\"valueName\":\"search_term_string\"}}],\"inLanguage\":\"es-CO\"},{\"@type\":\"Organization\",\"@id\":\"https:\/\/www.fiscalia.gov.co\/colombia\/#organization\",\"name\":\"Fiscal\u00eda General de la Naci\u00f3n\",\"url\":\"https:\/\/www.fiscalia.gov.co\/colombia\/\",\"logo\":{\"@type\":\"ImageObject\",\"inLanguage\":\"es-CO\",\"@id\":\"https:\/\/www.fiscalia.gov.co\/colombia\/#\/schema\/logo\/image\/\",\"url\":\"https:\/\/www.fiscalia.gov.co\/colombia\/wp-content\/uploads\/LogoHorizontal_1.jpg\",\"contentUrl\":\"https:\/\/www.fiscalia.gov.co\/colombia\/wp-content\/uploads\/LogoHorizontal_1.jpg\",\"width\":300,\"height\":90,\"caption\":\"Fiscal\u00eda General de la Naci\u00f3n\"},\"image\":{\"@id\":\"https:\/\/www.fiscalia.gov.co\/colombia\/#\/schema\/logo\/image\/\"},\"sameAs\":[\"https:\/\/www.facebook.com\/FiscaliaCol\",\"https:\/\/x.com\/FiscaliaCol\",\"https:\/\/www.instagram.com\/fiscaliacol\",\"https:\/\/www.linkedin.com\/company\/fiscalia-general-de-la-naci-n\/\",\"https:\/\/youtube.com\/@fiscaliageneraldelanacion-4668?si=6nN79nyQICPU5iTh\"]}]}<\/script>\n<!-- \/ Yoast SEO plugin. -->","yoast_head_json":{"title":"Fiscal General de la Naci\u00f3n","description":"Desde el 13 de febrero de 2020, es el Fiscal General de la Naci\u00f3n.","robots":{"index":"index","follow":"follow","max-snippet":"max-snippet:-1","max-image-preview":"max-image-preview:large","max-video-preview":"max-video-preview:-1"},"canonical":"https:\/\/www.fiscalia.gov.co\/colombia\/la-entidad\/el-fiscal\/","og_locale":"es_ES","og_type":"article","og_title":"Fiscal General de la Naci\u00f3n","og_description":"Desde el 13 de febrero de 2020, es el Fiscal General de la Naci\u00f3n.","og_url":"https:\/\/www.fiscalia.gov.co\/colombia\/la-entidad\/el-fiscal\/","og_site_name":"Fiscal\u00eda General de la Naci\u00f3n","article_publisher":"https:\/\/www.facebook.com\/FiscaliaCol","article_modified_time":"2024-07-09T15:17:39+00:00","twitter_card":"summary_large_image","twitter_site":"@FiscaliaCol","twitter_misc":{"Tiempo de lectura":"3 minutos"},"schema":{"@context":"https:\/\/schema.org","@graph":[{"@type":"WebPage","@id":"https:\/\/www.fiscalia.gov.co\/colombia\/la-entidad\/el-fiscal\/","url":"https:\/\/www.fiscalia.gov.co\/colombia\/la-entidad\/el-fiscal\/","name":"Fiscal General de la Naci\u00f3n","isPartOf":{"@id":"https:\/\/www.fiscalia.gov.co\/colombia\/#website"},"datePublished":"2011-12-13T20:29:20+00:00","dateModified":"2024-07-09T15:17:39+00:00","description":"Desde el 13 de febrero de 2020, es el Fiscal General de la Naci\u00f3n.","breadcrumb":{"@id":"https:\/\/www.fiscalia.gov.co\/colombia\/la-entidad\/el-fiscal\/#breadcrumb"},"inLanguage":"es-CO","potentialAction":[{"@type":"ReadAction","target":["https:\/\/www.fiscalia.gov.co\/colombia\/la-entidad\/el-fiscal\/"]}]},{"@type":"BreadcrumbList","@id":"https:\/\/www.fiscalia.gov.co\/colombia\/la-entidad\/el-fiscal\/#breadcrumb","itemListElement":[{"@type":"ListItem","position":1,"name":"Home","item":"https:\/\/www.fiscalia.gov.co\/colombia\/"},{"@type":"ListItem","position":2,"name":"La Entidad","item":"https:\/\/www.fiscalia.gov.co\/colombia\/la-entidad\/"},{"@type":"ListItem","position":3,"name":"Fiscal General de la Naci\u00f3n"}]},{"@type":"WebSite","@id":"https:\/\/www.fiscalia.gov.co\/colombia\/#website","url":"https:\/\/www.fiscalia.gov.co\/colombia\/","name":"Fiscal\u00eda General de la Naci\u00f3n","description":"P\u00e1gina oficial de la Fiscal\u00eda General de la Naci\u00f3n \u2013 Colombia. Garantizamos el acceso efectivo a la justicia, la verdad y la reparaci\u00f3n de las v\u00edctimas de los delitos.","publisher":{"@id":"https:\/\/www.fiscalia.gov.co\/colombia\/#organization"},"potentialAction":[{"@type":"SearchAction","target":{"@type":"EntryPoint","urlTemplate":"https:\/\/www.fiscalia.gov.co\/colombia\/?s={search_term_string}"},"query-input":{"@type":"PropertyValueSpecification","valueRequired":true,"valueName":"search_term_string"}}],"inLanguage":"es-CO"},{"@type":"Organization","@id":"https:\/\/www.fiscalia.gov.co\/colombia\/#organization","name":"Fiscal\u00eda General de la Naci\u00f3n","url":"https:\/\/www.fiscalia.gov.co\/colombia\/","logo":{"@type":"ImageObject","inLanguage":"es-CO","@id":"https:\/\/www.fiscalia.gov.co\/colombia\/#\/schema\/logo\/image\/","url":"https:\/\/www.fiscalia.gov.co\/colombia\/wp-content\/uploads\/LogoHorizontal_1.jpg","contentUrl":"https:\/\/www.fiscalia.gov.co\/colombia\/wp-content\/uploads\/LogoHorizontal_1.jpg","width":300,"height":90,"caption":"Fiscal\u00eda General de la Naci\u00f3n"},"image":{"@id":"https:\/\/www.fiscalia.gov.co\/colombia\/#\/schema\/logo\/image\/"},"sameAs":["https:\/\/www.facebook.com\/FiscaliaCol","https:\/\/x.com\/FiscaliaCol","https:\/\/www.instagram.com\/fiscaliacol","https:\/\/www.linkedin.com\/company\/fiscalia-general-de-la-naci-n\/","https:\/\/youtube.com\/@fiscaliageneraldelanacion-4668?si=6nN79nyQICPU5iTh"]}]}},"ticketed":false,"_links":{"self":[{"href":"https:\/\/www.fiscalia.gov.co\/colombia\/wp-json\/wp\/v2\/pages\/9132","targetHints":{"allow":["GET"]}}],"collection":[{"href":"https:\/\/www.fiscalia.gov.co\/colombia\/wp-json\/wp\/v2\/pages"}],"about":[{"href":"https:\/\/www.fiscalia.gov.co\/colombia\/wp-json\/wp\/v2\/types\/page"}],"author":[{"embeddable":true,"href":"https:\/\/www.fiscalia.gov.co\/colombia\/wp-json\/wp\/v2\/users\/143"}],"replies":[{"embeddable":true,"href":"https:\/\/www.fiscalia.gov.co\/colombia\/wp-json\/wp\/v2\/comments?post=9132"}],"version-history":[{"count":194,"href":"https:\/\/www.fiscalia.gov.co\/colombia\/wp-json\/wp\/v2\/pages\/9132\/revisions"}],"predecessor-version":[{"id":298097,"href":"https:\/\/www.fiscalia.gov.co\/colombia\/wp-json\/wp\/v2\/pages\/9132\/revisions\/298097"}],"up":[{"embeddable":true,"href":"https:\/\/www.fiscalia.gov.co\/colombia\/wp-json\/wp\/v2\/pages\/9126"}],"wp:attachment":[{"href":"https:\/\/www.fiscalia.gov.co\/colombia\/wp-json\/wp\/v2\/media?parent=9132"}],"curies":[{"name":"wp","href":"https:\/\/api.w.org\/{rel}","templated":true}]}}