{"id":9131,"date":"2011-12-13T15:27:54","date_gmt":"2011-12-13T20:27:54","guid":{"rendered":"http:\/\/www.fiscalia.gov.co\/colombia\/?page_id=73"},"modified":"2025-01-23T12:04:22","modified_gmt":"2025-01-23T17:04:22","slug":"el-logo-el-himno","status":"publish","type":"page","link":"https:\/\/www.fiscalia.gov.co\/colombia\/la-entidad\/el-logo-el-himno\/","title":{"rendered":"El logo"},"content":{"rendered":"<section class=\"wpb-content-wrapper\"><div id=\"tdi_1\" class=\"tdc-row\"><div class=\"vc_row tdi_2  wpb_row td-pb-row\" >\n<style scoped>\n\/* custom css - generated by TagDiv Composer *\/\n\n\/* custom css - generated by TagDiv Composer *\/\n.tdi_2,\r\n                .tdi_2 .tdc-columns{\r\n                    min-height: 0;\r\n                }.tdi_2,\r\n\t\t\t\t.tdi_2 .tdc-columns{\r\n\t\t\t\t    display: block;\r\n\t\t\t\t}.tdi_2 .tdc-columns{\r\n\t\t\t\t    width: 100%;\r\n\t\t\t\t}.tdi_2:before,\r\n\t\t\t\t.tdi_2:after{\r\n\t\t\t\t    display: table;\r\n\t\t\t\t}\n<\/style><div class=\"vc_column tdi_4  wpb_column vc_column_container tdc-column td-pb-span8\">\n<style scoped>\n\/* custom css - generated by TagDiv Composer *\/\n\n\/* custom css - generated by TagDiv Composer *\/\n.tdi_4{\r\n                    vertical-align: baseline;\r\n                }.tdi_4 > .wpb_wrapper,\r\n\t\t\t\t.tdi_4 > .wpb_wrapper > .tdc-elements{\r\n\t\t\t\t    display: block;\r\n\t\t\t\t}.tdi_4 > .wpb_wrapper > .tdc-elements{\r\n\t\t\t\t    width: 100%;\r\n\t\t\t\t}.tdi_4 > .wpb_wrapper > .vc_row_inner{\r\n\t\t\t\t    width: auto;\r\n\t\t\t\t}.tdi_4 > .wpb_wrapper{\r\n\t\t\t\t    width: auto;\r\n\t\t\t\t    height: auto;\r\n\t\t\t\t}\n<\/style><div class=\"wpb_wrapper\" >[vc_column_text]<strong>La Pieza Clave<\/strong>\r\n\r\nLa ficha de un rompecabezas es el s\u00edmbolo adecuado para representar visualmente a la Fiscal\u00eda, porque incluye los conceptos de b\u00fasqueda, soluci\u00f3n y respuesta que persigue la entidad a trav\u00e9s de su actividad investigativa.\r\n\r\nLa ficha no es una pieza suelta. Refleja el trabajo s\u00f3lido, arm\u00f3nico y de equipo de cada uno de los funcionarios que conforman la instituci\u00f3n, quienes de manera permanente se esfuerzan en procura de una justicia de calidad y oportuna para los colombianos.\r\n<div align=\"center\"><img loading=\"lazy\" decoding=\"async\" class=\"size-full wp-image-8825 aligncenter no-borde\" title=\"LogotipoFGN\" src=\"http:\/\/www.fiscalia.gov.co\/colombia\/wp-content\/uploads\/LogoFiscalia.jpg\" alt=\"\" width=\"227\" height=\"300\" \/><\/div>\r\n<strong>Himno<\/strong>\r\n\r\n<div class=\"su-youtube su-u-responsive-media-yes\"><iframe loading=\"lazy\" width=\"520\" height=\"340\" src=\"https:\/\/www.youtube.com\/embed\/qYDiabn1Gd8?\" frameborder=\"0\" allowfullscreen allow=\"autoplay; encrypted-media; picture-in-picture\" title=\"\"><\/iframe><\/div>\r\n\r\nM\u00fasica: Jos\u00e9 Vega Carrillo\r\nLetra: Carlos Emel Pe\u00f1aranda Blanco- Jos\u00e9 Vega Carrillo\r\n\r\n<div class=\"su-audio\" data-id=\"su_audio_player_69f391c6d90f3\" data-audio=\"http:\/\/www.fiscalia.gov.co\/colombia\/wp-content\/uploads\/2011\/12\/HimnoFGN.mp3\" data-swf=\"https:\/\/www.fiscalia.gov.co\/colombia\/wp-content\/plugins\/shortcodes-ultimate\/vendor\/jplayer\/jplayer.swf\" data-autoplay=\"no\" data-loop=\"no\" style=\"\"><div id=\"su_audio_player_69f391c6d90f3\" class=\"jp-jplayer\"><\/div><div id=\"su_audio_player_69f391c6d90f3_container\" class=\"jp-audio\"><div class=\"jp-type-single\"><div class=\"jp-gui jp-interface\"><div class=\"jp-controls\"><span class=\"jp-play\"><\/span><span class=\"jp-pause\"><\/span><span class=\"jp-stop\"><\/span><span class=\"jp-mute\"><\/span><span class=\"jp-unmute\"><\/span><span class=\"jp-volume-max\"><\/span><\/div><div class=\"jp-progress\"><div class=\"jp-seek-bar\"><div class=\"jp-play-bar\"><\/div><\/div><\/div><div class=\"jp-volume-bar\"><div class=\"jp-volume-bar-value\"><\/div><\/div><div class=\"jp-current-time\"><\/div><div class=\"jp-duration\"><\/div><\/div><div class=\"jp-title\"><\/div><\/div><\/div><\/div>\r\n\r\n<a title=\"Himno\" href=\"http:\/\/www.fiscalia.gov.co\/colombia\/wp-content\/uploads\/2011\/12\/HimnoFGN.mp3\" target=\"_blank\" rel=\"noopener noreferrer\">Descargar<\/a>\r\n\r\nCoro\r\n\r\nServidores unidos luchemos\r\nPor el bien de nuestra instituci\u00f3n\r\nDecididos todos lograremos\r\nSer orgullo de nuestra naci\u00f3n.\r\n\r\nComo heraldo naciente en la ley\r\nFiscal\u00eda custodia ser\u00e1s\r\nPara un pueblo de paz y de fe\r\nQue conf\u00eda en tu dignidad.\r\n\r\nValerosos gallardos busquemos\r\nCon tes\u00f3n descubrir la verdad\r\nEnlazando talentos daremos\r\nResultados a la sociedad.\r\n\r\nAl luchar por lograr nuestra meta\r\nContra el crimen debemos actuar\r\nSi seguimos la senda correcta\r\nDios y patria nos han de premiar.\r\n\r\nCoro\r\n\r\nServidores unidos luchemos&#8230;\r\n\r\nFiscal\u00eda tu meta es gloriosa\r\nEres clave de fraternidad\r\nEres gu\u00eda de nuestra Colombia\r\nEn la b\u00fasqueda de la verdad\r\n\r\nOrgullosa por siempre estar\u00e1s\r\nTransparente ante el mundo es tu faz\r\nEres s\u00edmbolo de la justicia\r\nPues con ellos se logra la paz.\r\n\r\nCompatriotas de nuestra Colombia\r\nHay valores que no cambiar\u00e1n\r\nLa verdad, la moral, la justicia\r\nPues con ellos se logra la paz[\/vc_column_text]<\/div><\/div><div class=\"vc_column tdi_6  wpb_column vc_column_container tdc-column td-pb-span4\">\n<style scoped>\n\/* custom css - generated by TagDiv Composer *\/\n\n\/* custom css - generated by TagDiv Composer *\/\n.tdi_6{\r\n                    vertical-align: baseline;\r\n                }.tdi_6 > .wpb_wrapper,\r\n\t\t\t\t.tdi_6 > .wpb_wrapper > .tdc-elements{\r\n\t\t\t\t    display: block;\r\n\t\t\t\t}.tdi_6 > .wpb_wrapper > .tdc-elements{\r\n\t\t\t\t    width: 100%;\r\n\t\t\t\t}.tdi_6 > .wpb_wrapper > .vc_row_inner{\r\n\t\t\t\t    width: auto;\r\n\t\t\t\t}.tdi_6 > .wpb_wrapper{\r\n\t\t\t\t    width: auto;\r\n\t\t\t\t    height: auto;\r\n\t\t\t\t}\n<\/style><div class=\"wpb_wrapper\" ><div class=\"wpb_wrapper td_block_wrap vc_widget_sidebar tdi_8 \" ><aside class=\"td_block_template_6 widget widget_nav_menu\"><h4 class=\"td-block-title\"><span>La Entidad<\/span><\/h4><div class=\"menu-quienes-somos-container\"><ul id=\"menu-quienes-somos\" class=\"menu\"><li id=\"menu-item-104177\" class=\"menu-item menu-item-type-post_type menu-item-object-page menu-item-first menu-item-104177\"><a href=\"https:\/\/www.fiscalia.gov.co\/colombia\/la-entidad\/quienes-somos\/\">\u00bfQui\u00e9nes somos?<\/a><\/li>\n<li id=\"menu-item-104184\" class=\"menu-item menu-item-type-post_type menu-item-object-page menu-item-104184\"><a href=\"https:\/\/www.fiscalia.gov.co\/colombia\/la-entidad\/el-fiscal\/\">Fiscal General de la Naci\u00f3n<\/a><\/li>\n<li id=\"menu-item-104186\" class=\"menu-item menu-item-type-post_type menu-item-object-page menu-item-104186\"><a href=\"https:\/\/www.fiscalia.gov.co\/colombia\/la-entidad\/organigrama\/\">Estructura org\u00e1nica &#8211; Organigrama<\/a><\/li>\n<li id=\"menu-item-104187\" class=\"menu-item menu-item-type-post_type menu-item-object-page menu-item-104187\"><a href=\"https:\/\/www.fiscalia.gov.co\/colombia\/la-entidad\/entidades-del-sector\/\">Entidades del sector<\/a><\/li>\n<li id=\"menu-item-104188\" class=\"menu-item menu-item-type-post_type menu-item-object-page menu-item-104188\"><a href=\"https:\/\/www.fiscalia.gov.co\/colombia\/la-entidad\/agremiaciones-y-asociaciones\/\">Directorio de agremiaciones o asociaciones en las que participe<\/a><\/li>\n<li id=\"menu-item-104196\" class=\"menu-item menu-item-type-post_type menu-item-object-page menu-item-104196\"><a href=\"https:\/\/www.fiscalia.gov.co\/colombia\/la-entidad\/entes-de-control-que-vigilan-la-entidad\/\">Entes de control que vigilan la entidad<\/a><\/li>\n<li id=\"menu-item-168956\" class=\"menu-item menu-item-type-post_type menu-item-object-page menu-item-168956\"><a href=\"https:\/\/www.fiscalia.gov.co\/colombia\/la-entidad\/presupuesto-general-asignado\/\">Informaci\u00f3n presupuestal y financiera<\/a><\/li>\n<li id=\"menu-item-104197\" class=\"menu-item menu-item-type-post_type menu-item-object-page menu-item-104197\"><a href=\"https:\/\/www.fiscalia.gov.co\/colombia\/la-entidad\/normatividad\/\">Normatividad<\/a><\/li>\n<li id=\"menu-item-168957\" class=\"menu-item menu-item-type-post_type menu-item-object-page menu-item-168957\"><a href=\"https:\/\/www.fiscalia.gov.co\/colombia\/la-entidad\/gestion-del-talento-humano\/\">Gesti\u00f3n del Talento Humano<\/a><\/li>\n<li id=\"menu-item-168959\" class=\"menu-item menu-item-type-post_type menu-item-object-page menu-item-168959\"><a href=\"https:\/\/www.fiscalia.gov.co\/colombia\/audiencia-publica-de-rendicion-de-cuentas\/\">Rendici\u00f3n de Cuentas y participaci\u00f3n ciudadana<\/a><\/li>\n<\/ul><\/div><\/aside><\/div><\/div><\/div><\/div><\/div><\/section>\n<div class=\"twitter-share\"><a href=\"https:\/\/twitter.com\/intent\/tweet?via=fiscaliacol\" class=\"twitter-share-button\">Tweet<\/a><\/div>\n","protected":false},"excerpt":{"rendered":"[vc_column_text]La Pieza Clave La ficha de un rompecabezas es el s\u00edmbolo adecuado para representar visualmente a la Fiscal\u00eda, porque incluye los conceptos de b\u00fasqueda, soluci\u00f3n y respuesta que persigue la entidad a trav\u00e9s de su actividad investigativa. La ficha no es una pieza suelta. Refleja el trabajo s\u00f3lido, arm\u00f3nico y de equipo de cada uno [...]","protected":false},"author":143,"featured_media":0,"parent":9126,"menu_order":5,"comment_status":"open","ping_status":"closed","template":"page-pagebuilder-title.php","meta":{"tdm_status":"","tdm_grid_status":"","footnotes":""},"class_list":["post-9131","page","type-page","status-publish"],"yoast_head":"<!-- This site is optimized with the Yoast SEO plugin v24.3 - https:\/\/yoast.com\/wordpress\/plugins\/seo\/ -->\n<title>Fiscal\u00eda General de la Naci\u00f3n<\/title>\n<meta name=\"description\" content=\"P\u00e1gina oficial de la Fiscal\u00eda General de la Naci\u00f3n \u2013 Colombia. Garantizamos el acceso efectivo a la justicia, la verdad y la reparaci\u00f3n de las v\u00edctimas de los delitos.\" \/>\n<meta name=\"robots\" content=\"index, follow, max-snippet:-1, max-image-preview:large, max-video-preview:-1\" \/>\n<link rel=\"canonical\" href=\"https:\/\/www.fiscalia.gov.co\/colombia\/la-entidad\/el-logo-el-himno\/\" \/>\n<meta property=\"og:locale\" content=\"es_ES\" \/>\n<meta property=\"og:type\" content=\"article\" \/>\n<meta property=\"og:title\" content=\"Fiscal\u00eda General de la Naci\u00f3n\" \/>\n<meta property=\"og:description\" content=\"P\u00e1gina oficial de la Fiscal\u00eda General de la Naci\u00f3n \u2013 Colombia. Garantizamos el acceso efectivo a la justicia, la verdad y la reparaci\u00f3n de las v\u00edctimas de los delitos.\" \/>\n<meta property=\"og:url\" content=\"https:\/\/www.fiscalia.gov.co\/colombia\/la-entidad\/el-logo-el-himno\/\" \/>\n<meta property=\"og:site_name\" content=\"Fiscal\u00eda General de la Naci\u00f3n\" \/>\n<meta property=\"article:publisher\" content=\"https:\/\/www.facebook.com\/FiscaliaCol\" \/>\n<meta property=\"article:modified_time\" content=\"2025-01-23T17:04:22+00:00\" \/>\n<meta name=\"twitter:card\" content=\"summary_large_image\" \/>\n<meta name=\"twitter:site\" content=\"@FiscaliaCol\" \/>\n<meta name=\"twitter:label1\" content=\"Tiempo de lectura\" \/>\n\t<meta name=\"twitter:data1\" content=\"2 minutos\" \/>\n<script type=\"application\/ld+json\" class=\"yoast-schema-graph\">{\"@context\":\"https:\/\/schema.org\",\"@graph\":[{\"@type\":\"WebPage\",\"@id\":\"https:\/\/www.fiscalia.gov.co\/colombia\/la-entidad\/el-logo-el-himno\/\",\"url\":\"https:\/\/www.fiscalia.gov.co\/colombia\/la-entidad\/el-logo-el-himno\/\",\"name\":\"Fiscal\u00eda General de la Naci\u00f3n\",\"isPartOf\":{\"@id\":\"https:\/\/www.fiscalia.gov.co\/colombia\/#website\"},\"primaryImageOfPage\":{\"@id\":\"https:\/\/www.fiscalia.gov.co\/colombia\/la-entidad\/el-logo-el-himno\/#primaryimage\"},\"image\":{\"@id\":\"https:\/\/www.fiscalia.gov.co\/colombia\/la-entidad\/el-logo-el-himno\/#primaryimage\"},\"thumbnailUrl\":\"http:\/\/www.fiscalia.gov.co\/colombia\/wp-content\/uploads\/LogoFiscalia.jpg\",\"datePublished\":\"2011-12-13T20:27:54+00:00\",\"dateModified\":\"2025-01-23T17:04:22+00:00\",\"description\":\"P\u00e1gina oficial de la Fiscal\u00eda General de la Naci\u00f3n \u2013 Colombia. Garantizamos el acceso efectivo a la justicia, la verdad y la reparaci\u00f3n de las v\u00edctimas de los delitos.\",\"breadcrumb\":{\"@id\":\"https:\/\/www.fiscalia.gov.co\/colombia\/la-entidad\/el-logo-el-himno\/#breadcrumb\"},\"inLanguage\":\"es-CO\",\"potentialAction\":[{\"@type\":\"ReadAction\",\"target\":[\"https:\/\/www.fiscalia.gov.co\/colombia\/la-entidad\/el-logo-el-himno\/\"]}]},{\"@type\":\"ImageObject\",\"inLanguage\":\"es-CO\",\"@id\":\"https:\/\/www.fiscalia.gov.co\/colombia\/la-entidad\/el-logo-el-himno\/#primaryimage\",\"url\":\"https:\/\/www.fiscalia.gov.co\/colombia\/wp-content\/uploads\/LogoFiscalia.jpg\",\"contentUrl\":\"https:\/\/www.fiscalia.gov.co\/colombia\/wp-content\/uploads\/LogoFiscalia.jpg\",\"width\":\"1471\",\"height\":\"1977\"},{\"@type\":\"BreadcrumbList\",\"@id\":\"https:\/\/www.fiscalia.gov.co\/colombia\/la-entidad\/el-logo-el-himno\/#breadcrumb\",\"itemListElement\":[{\"@type\":\"ListItem\",\"position\":1,\"name\":\"Home\",\"item\":\"https:\/\/www.fiscalia.gov.co\/colombia\/\"},{\"@type\":\"ListItem\",\"position\":2,\"name\":\"La Entidad\",\"item\":\"https:\/\/www.fiscalia.gov.co\/colombia\/la-entidad\/\"},{\"@type\":\"ListItem\",\"position\":3,\"name\":\"El logo\"}]},{\"@type\":\"WebSite\",\"@id\":\"https:\/\/www.fiscalia.gov.co\/colombia\/#website\",\"url\":\"https:\/\/www.fiscalia.gov.co\/colombia\/\",\"name\":\"Fiscal\u00eda General de la Naci\u00f3n\",\"description\":\"P\u00e1gina oficial de la Fiscal\u00eda General de la Naci\u00f3n \u2013 Colombia. Garantizamos el acceso efectivo a la justicia, la verdad y la reparaci\u00f3n de las v\u00edctimas de los delitos.\",\"publisher\":{\"@id\":\"https:\/\/www.fiscalia.gov.co\/colombia\/#organization\"},\"potentialAction\":[{\"@type\":\"SearchAction\",\"target\":{\"@type\":\"EntryPoint\",\"urlTemplate\":\"https:\/\/www.fiscalia.gov.co\/colombia\/?s={search_term_string}\"},\"query-input\":{\"@type\":\"PropertyValueSpecification\",\"valueRequired\":true,\"valueName\":\"search_term_string\"}}],\"inLanguage\":\"es-CO\"},{\"@type\":\"Organization\",\"@id\":\"https:\/\/www.fiscalia.gov.co\/colombia\/#organization\",\"name\":\"Fiscal\u00eda General de la Naci\u00f3n\",\"url\":\"https:\/\/www.fiscalia.gov.co\/colombia\/\",\"logo\":{\"@type\":\"ImageObject\",\"inLanguage\":\"es-CO\",\"@id\":\"https:\/\/www.fiscalia.gov.co\/colombia\/#\/schema\/logo\/image\/\",\"url\":\"https:\/\/www.fiscalia.gov.co\/colombia\/wp-content\/uploads\/LogoHorizontal_1.jpg\",\"contentUrl\":\"https:\/\/www.fiscalia.gov.co\/colombia\/wp-content\/uploads\/LogoHorizontal_1.jpg\",\"width\":300,\"height\":90,\"caption\":\"Fiscal\u00eda General de la Naci\u00f3n\"},\"image\":{\"@id\":\"https:\/\/www.fiscalia.gov.co\/colombia\/#\/schema\/logo\/image\/\"},\"sameAs\":[\"https:\/\/www.facebook.com\/FiscaliaCol\",\"https:\/\/x.com\/FiscaliaCol\",\"https:\/\/www.instagram.com\/fiscaliacol\",\"https:\/\/www.linkedin.com\/company\/fiscalia-general-de-la-naci-n\/\",\"https:\/\/youtube.com\/@fiscaliageneraldelanacion-4668?si=6nN79nyQICPU5iTh\"]}]}<\/script>\n<!-- \/ Yoast SEO plugin. -->","yoast_head_json":{"title":"Fiscal\u00eda General de la Naci\u00f3n","description":"P\u00e1gina oficial de la Fiscal\u00eda General de la Naci\u00f3n \u2013 Colombia. Garantizamos el acceso efectivo a la justicia, la verdad y la reparaci\u00f3n de las v\u00edctimas de los delitos.","robots":{"index":"index","follow":"follow","max-snippet":"max-snippet:-1","max-image-preview":"max-image-preview:large","max-video-preview":"max-video-preview:-1"},"canonical":"https:\/\/www.fiscalia.gov.co\/colombia\/la-entidad\/el-logo-el-himno\/","og_locale":"es_ES","og_type":"article","og_title":"Fiscal\u00eda General de la Naci\u00f3n","og_description":"P\u00e1gina oficial de la Fiscal\u00eda General de la Naci\u00f3n \u2013 Colombia. Garantizamos el acceso efectivo a la justicia, la verdad y la reparaci\u00f3n de las v\u00edctimas de los delitos.","og_url":"https:\/\/www.fiscalia.gov.co\/colombia\/la-entidad\/el-logo-el-himno\/","og_site_name":"Fiscal\u00eda General de la Naci\u00f3n","article_publisher":"https:\/\/www.facebook.com\/FiscaliaCol","article_modified_time":"2025-01-23T17:04:22+00:00","twitter_card":"summary_large_image","twitter_site":"@FiscaliaCol","twitter_misc":{"Tiempo de lectura":"2 minutos"},"schema":{"@context":"https:\/\/schema.org","@graph":[{"@type":"WebPage","@id":"https:\/\/www.fiscalia.gov.co\/colombia\/la-entidad\/el-logo-el-himno\/","url":"https:\/\/www.fiscalia.gov.co\/colombia\/la-entidad\/el-logo-el-himno\/","name":"Fiscal\u00eda General de la Naci\u00f3n","isPartOf":{"@id":"https:\/\/www.fiscalia.gov.co\/colombia\/#website"},"primaryImageOfPage":{"@id":"https:\/\/www.fiscalia.gov.co\/colombia\/la-entidad\/el-logo-el-himno\/#primaryimage"},"image":{"@id":"https:\/\/www.fiscalia.gov.co\/colombia\/la-entidad\/el-logo-el-himno\/#primaryimage"},"thumbnailUrl":"http:\/\/www.fiscalia.gov.co\/colombia\/wp-content\/uploads\/LogoFiscalia.jpg","datePublished":"2011-12-13T20:27:54+00:00","dateModified":"2025-01-23T17:04:22+00:00","description":"P\u00e1gina oficial de la Fiscal\u00eda General de la Naci\u00f3n \u2013 Colombia. Garantizamos el acceso efectivo a la justicia, la verdad y la reparaci\u00f3n de las v\u00edctimas de los delitos.","breadcrumb":{"@id":"https:\/\/www.fiscalia.gov.co\/colombia\/la-entidad\/el-logo-el-himno\/#breadcrumb"},"inLanguage":"es-CO","potentialAction":[{"@type":"ReadAction","target":["https:\/\/www.fiscalia.gov.co\/colombia\/la-entidad\/el-logo-el-himno\/"]}]},{"@type":"ImageObject","inLanguage":"es-CO","@id":"https:\/\/www.fiscalia.gov.co\/colombia\/la-entidad\/el-logo-el-himno\/#primaryimage","url":"https:\/\/www.fiscalia.gov.co\/colombia\/wp-content\/uploads\/LogoFiscalia.jpg","contentUrl":"https:\/\/www.fiscalia.gov.co\/colombia\/wp-content\/uploads\/LogoFiscalia.jpg","width":"1471","height":"1977"},{"@type":"BreadcrumbList","@id":"https:\/\/www.fiscalia.gov.co\/colombia\/la-entidad\/el-logo-el-himno\/#breadcrumb","itemListElement":[{"@type":"ListItem","position":1,"name":"Home","item":"https:\/\/www.fiscalia.gov.co\/colombia\/"},{"@type":"ListItem","position":2,"name":"La Entidad","item":"https:\/\/www.fiscalia.gov.co\/colombia\/la-entidad\/"},{"@type":"ListItem","position":3,"name":"El logo"}]},{"@type":"WebSite","@id":"https:\/\/www.fiscalia.gov.co\/colombia\/#website","url":"https:\/\/www.fiscalia.gov.co\/colombia\/","name":"Fiscal\u00eda General de la Naci\u00f3n","description":"P\u00e1gina oficial de la Fiscal\u00eda General de la Naci\u00f3n \u2013 Colombia. Garantizamos el acceso efectivo a la justicia, la verdad y la reparaci\u00f3n de las v\u00edctimas de los delitos.","publisher":{"@id":"https:\/\/www.fiscalia.gov.co\/colombia\/#organization"},"potentialAction":[{"@type":"SearchAction","target":{"@type":"EntryPoint","urlTemplate":"https:\/\/www.fiscalia.gov.co\/colombia\/?s={search_term_string}"},"query-input":{"@type":"PropertyValueSpecification","valueRequired":true,"valueName":"search_term_string"}}],"inLanguage":"es-CO"},{"@type":"Organization","@id":"https:\/\/www.fiscalia.gov.co\/colombia\/#organization","name":"Fiscal\u00eda General de la Naci\u00f3n","url":"https:\/\/www.fiscalia.gov.co\/colombia\/","logo":{"@type":"ImageObject","inLanguage":"es-CO","@id":"https:\/\/www.fiscalia.gov.co\/colombia\/#\/schema\/logo\/image\/","url":"https:\/\/www.fiscalia.gov.co\/colombia\/wp-content\/uploads\/LogoHorizontal_1.jpg","contentUrl":"https:\/\/www.fiscalia.gov.co\/colombia\/wp-content\/uploads\/LogoHorizontal_1.jpg","width":300,"height":90,"caption":"Fiscal\u00eda General de la Naci\u00f3n"},"image":{"@id":"https:\/\/www.fiscalia.gov.co\/colombia\/#\/schema\/logo\/image\/"},"sameAs":["https:\/\/www.facebook.com\/FiscaliaCol","https:\/\/x.com\/FiscaliaCol","https:\/\/www.instagram.com\/fiscaliacol","https:\/\/www.linkedin.com\/company\/fiscalia-general-de-la-naci-n\/","https:\/\/youtube.com\/@fiscaliageneraldelanacion-4668?si=6nN79nyQICPU5iTh"]}]}},"_links":{"self":[{"href":"https:\/\/www.fiscalia.gov.co\/colombia\/wp-json\/wp\/v2\/pages\/9131","targetHints":{"allow":["GET"]}}],"collection":[{"href":"https:\/\/www.fiscalia.gov.co\/colombia\/wp-json\/wp\/v2\/pages"}],"about":[{"href":"https:\/\/www.fiscalia.gov.co\/colombia\/wp-json\/wp\/v2\/types\/page"}],"author":[{"embeddable":true,"href":"https:\/\/www.fiscalia.gov.co\/colombia\/wp-json\/wp\/v2\/users\/143"}],"replies":[{"embeddable":true,"href":"https:\/\/www.fiscalia.gov.co\/colombia\/wp-json\/wp\/v2\/comments?post=9131"}],"version-history":[{"count":15,"href":"https:\/\/www.fiscalia.gov.co\/colombia\/wp-json\/wp\/v2\/pages\/9131\/revisions"}],"predecessor-version":[{"id":309005,"href":"https:\/\/www.fiscalia.gov.co\/colombia\/wp-json\/wp\/v2\/pages\/9131\/revisions\/309005"}],"up":[{"embeddable":true,"href":"https:\/\/www.fiscalia.gov.co\/colombia\/wp-json\/wp\/v2\/pages\/9126"}],"wp:attachment":[{"href":"https:\/\/www.fiscalia.gov.co\/colombia\/wp-json\/wp\/v2\/media?parent=9131"}],"curies":[{"name":"wp","href":"https:\/\/api.w.org\/{rel}","templated":true}]}}