{"id":8645,"date":"2012-01-05T12:10:45","date_gmt":"2012-01-05T17:10:45","guid":{"rendered":"http:\/\/www.fiscalia.gov.co\/colombia\/?page_id=8645"},"modified":"2017-05-19T15:12:59","modified_gmt":"2017-05-19T20:12:59","slug":"ayudas-para-navegar-en-nuestro-portal","status":"publish","type":"page","link":"https:\/\/www.fiscalia.gov.co\/colombia\/servicios-de-informacion-al-ciudadano\/ayudas-para-navegar-en-nuestro-portal\/","title":{"rendered":"Ayudas para navegar en nuestro portal"},"content":{"rendered":"<p>A continuaci\u00f3n le ayudaremos a conocer la mejor forma de navegar en nuestro portal web:<\/p>\n<p><strong>Men\u00fa superior<\/strong><\/p>\n<p><img loading=\"lazy\" decoding=\"async\" class=\"wp-image-9861 alignnone\" title=\"Menu superior\" src=\"http:\/\/www.fiscalia.gov.co\/colombia\/wp-content\/uploads\/2012\/01\/Menu-superior.png\" alt=\"\" width=\"591\" height=\"74\" srcset=\"https:\/\/www.fiscalia.gov.co\/colombia\/wp-content\/uploads\/2012\/01\/Menu-superior.png 844w, https:\/\/www.fiscalia.gov.co\/colombia\/wp-content\/uploads\/2012\/01\/Menu-superior-300x37.png 300w\" sizes=\"auto, (max-width: 591px) 100vw, 591px\" \/><\/p>\n<p style=\"text-align: left;\">Para localizar cualquier tipo de informaci\u00f3n relevante relacionada con la entidad o sus funciones podr\u00e1 desplazarse a trav\u00e9s de este men\u00fa horizontal posicionando el cursor sobre el tema de inter\u00e9s; en ese momento, se desplegar\u00e1 un submen\u00fa con items adicionales que le facilitar\u00e1n la b\u00fasqueda en cada secci\u00f3n.<\/p>\n<p style=\"text-align: left;\">Para regresar a la p\u00e1gina principal , sin importar la secci\u00f3n en la que usted se encuentre, haga click en el logotipo superior izquierdo.<\/p>\n<p style=\"text-align: left;\"><strong>B\u00fasquedas<\/strong><\/p>\n<p><img loading=\"lazy\" decoding=\"async\" class=\"size-full wp-image-9862 alignnone\" title=\"busquedas\" src=\"http:\/\/www.fiscalia.gov.co\/colombia\/wp-content\/uploads\/2012\/01\/busquedas.png\" alt=\"\" width=\"390\" height=\"42\" srcset=\"https:\/\/www.fiscalia.gov.co\/colombia\/wp-content\/uploads\/2012\/01\/busquedas.png 390w, https:\/\/www.fiscalia.gov.co\/colombia\/wp-content\/uploads\/2012\/01\/busquedas-300x32.png 300w\" sizes=\"auto, (max-width: 390px) 100vw, 390px\" \/><\/p>\n<p style=\"text-align: left;\">Si desea buscar una noticia en particular o investigar acerca de un tema que fue publicado en el portal, usted podr\u00e1 hacer uso del buscador universal del sitio web de la Fiscal\u00eda General de la Naci\u00f3n que se encuentra en la parte superior derecha.&nbsp; All\u00ed, puede incluir la palabra clave y llegar r\u00e1pida y oportunamente a la informaci\u00f3n que est\u00e1 buscando.<\/p>\n<p style=\"text-align: left;\"><strong>Lectura en otros idiomas e incremento del tama\u00f1o de la letra<\/strong><\/p>\n<p style=\"text-align: left;\"><img loading=\"lazy\" decoding=\"async\" class=\"size-full wp-image-9864\" title=\"traduccion\" src=\"http:\/\/www.fiscalia.gov.co\/colombia\/wp-content\/uploads\/2012\/01\/traduccion.png\" alt=\"\" width=\"340\" height=\"34\" srcset=\"https:\/\/www.fiscalia.gov.co\/colombia\/wp-content\/uploads\/2012\/01\/traduccion.png 340w, https:\/\/www.fiscalia.gov.co\/colombia\/wp-content\/uploads\/2012\/01\/traduccion-300x30.png 300w\" sizes=\"auto, (max-width: 340px) 100vw, 340px\" \/><\/p>\n<p style=\"text-align: left;\">Si usted desea incrementar el&nbsp;tama\u00f1o de las fuentes tipogr\u00e1f\u00edcas que componen las noticias del portal puede presionar varias veces las letras \u00a8aa\u00a8 de color azul que se encuentran en la parte superior derecha del portal. Para volver al&nbsp;tama\u00f1o original vuelva a presionar estas letras.<\/p>\n<p style=\"text-align: left;\">Si usted quiere leer el contenido del portal en Ingl\u00e9s u otros idiomas puede hacer uso del motor de traducci\u00f3n no oficial de Google, el cual puede ser activado presionando el idioma preferido en la parte superior derecha del portal o si lo prefiere, puede ingresar en el bot\u00f3n English a la p\u00e1gina en su versi\u00f3n ingl\u00e9s.<\/p>\n<p style=\"text-align: left;\"><strong>Noticias destacadas<\/strong><\/p>\n<p style=\"text-align: left;\"><a href=\"http:\/\/www.fiscalia.gov.co\/colombia\/wp-content\/uploads\/2012\/01\/Noticias-Destacadas.png\"><img loading=\"lazy\" decoding=\"async\" class=\"alignnone wp-image-10330\" title=\"Noticias Destacadas\" src=\"http:\/\/www.fiscalia.gov.co\/colombia\/wp-content\/uploads\/2012\/01\/Noticias-Destacadas.png\" alt=\"\" width=\"506\" height=\"204\" srcset=\"https:\/\/www.fiscalia.gov.co\/colombia\/wp-content\/uploads\/2012\/01\/Noticias-Destacadas.png 844w, https:\/\/www.fiscalia.gov.co\/colombia\/wp-content\/uploads\/2012\/01\/Noticias-Destacadas-300x120.png 300w\" sizes=\"auto, (max-width: 506px) 100vw, 506px\" \/><\/a><\/p>\n<p style=\"text-align: left;\">En el coraz\u00f3n del website se encuentran las noticias destacadas las cuales aparecen en primera plana y se despliegan autom\u00e1ticamente. Para profundizar en cada una de ellas deber\u00e1 hacer click en <em>&#8220;leer noticia completa&#8221;<\/em>. Si usted desea consultar una nueva noticia destacada, deber\u00e1 hacer click en los c\u00edrculos azules que se encuentran en la parte inferior derecha de la fotograf\u00eda destacada.<\/p>\n<p><strong>Segmento de noticias<\/strong><\/p>\n<p><a href=\"http:\/\/www.fiscalia.gov.co\/colombia\/wp-content\/uploads\/2012\/01\/noticias.png\"><img loading=\"lazy\" decoding=\"async\" title=\"noticias\" src=\"http:\/\/www.fiscalia.gov.co\/colombia\/wp-content\/uploads\/2012\/01\/noticias.png\" alt=\"\" width=\"634\" height=\"311\"><\/a><\/p>\n<p>En el centro del portal se encuentra el carrusel de noticias en el que usted podr\u00e1 conocer las 4 noticias m\u00e1s recientes.&nbsp; Para leer la noticia completa deber\u00e1 hacer click sobre el t\u00edtulo de la misma o sobre el link que se encuentra al final de cada extracto llamado: &#8220;Leer noticia completa&#8221;.<\/p>\n<p><strong>Profundizar noticias<\/strong><\/p>\n<p><a href=\"http:\/\/www.fiscalia.gov.co\/colombia\/wp-content\/uploads\/2012\/01\/Mas-Noticias1.png\"><img loading=\"lazy\" decoding=\"async\" title=\"Mas Noticias\" src=\"http:\/\/www.fiscalia.gov.co\/colombia\/wp-content\/uploads\/2012\/01\/Mas-Noticias1.png\" alt=\"\" width=\"92\" height=\"25\"><\/a><\/p>\n<p>Para profundizar en cada noticia ustede deber\u00e1 presionar sobre el texto \u00a8Leer noticia completa\u00a8 y \u00a8M\u00e1s noticias\u00a8<\/p>\n<p><!--nextpage--><\/p>\n<p><strong>\u00cdconos de navegaci\u00f3n<\/strong><\/p>\n<p style=\"text-align: left;\"><img loading=\"lazy\" decoding=\"async\" class=\"size-full wp-image-9866\" title=\"Iconos\" src=\"http:\/\/www.fiscalia.gov.co\/colombia\/wp-content\/uploads\/2012\/01\/Iconos.png\" alt=\"\" width=\"71\" height=\"255\"><\/p>\n<p style=\"text-align: left;\">Los \u00edconos de navegaci\u00f3n se encuentran en la parte lateral izquierda del portal y permiten un acceso r\u00e1pido y de f\u00e1cil visualizaci\u00f3n a las secciones Sondeos, Chat y foros, Fiscal\u00eda para ni\u00f1os, Seccionales y acceso para discapacitados. Si usted desea navegar a trav\u00e9s de la secci\u00f3n para discapacitados, deber\u00e1 tener activado sus parlantes y disponer de un teclado num\u00e9rico para desplazarse a trav\u00e9s de cada uno de los men\u00fas.<\/p>\n<p style=\"text-align: left;\"><strong>Galer\u00eda multimedia<\/strong><\/p>\n<p style=\"text-align: left;\"><a href=\"http:\/\/www.fiscalia.gov.co\/colombia\/wp-content\/uploads\/2012\/01\/multimedia.png\"><img loading=\"lazy\" decoding=\"async\" class=\"alignnone wp-image-9870\" title=\"multimedia\" src=\"http:\/\/www.fiscalia.gov.co\/colombia\/wp-content\/uploads\/2012\/01\/multimedia.png\" alt=\"\" width=\"592\" height=\"130\" srcset=\"https:\/\/www.fiscalia.gov.co\/colombia\/wp-content\/uploads\/2012\/01\/multimedia.png 846w, https:\/\/www.fiscalia.gov.co\/colombia\/wp-content\/uploads\/2012\/01\/multimedia-300x65.png 300w\" sizes=\"auto, (max-width: 592px) 100vw, 592px\" \/><\/a><\/p>\n<p style=\"text-align: left;\">En la parte inferior del portal web usted encontrar\u00e1 3 men\u00fas que incluyen accesos directos a los archivos de la Revista huellas,que podr\u00e1n ser descargados en formato PDF (si a\u00fan no lo tiene puede <a title=\"Descargar Lector PDF\" href=\"http:\/\/get.adobe.com\/es\/reader\/\" target=\"_blank\" rel=\"noopener noreferrer\">descargarlo aqu\u00ed)<\/a>; a los archivos de audio, video e imagen (Multimedia) y a la informaci\u00f3n producida por los medios de comunicaci\u00f3n sobre la entidad (En sinton\u00eda).<\/p>\n<p style=\"text-align: left;\"><strong>Redes Sociales<\/strong><\/p>\n<p style=\"text-align: left;\"><a href=\"http:\/\/www.fiscalia.gov.co\/colombia\/wp-content\/uploads\/2012\/01\/Redes-Sociales.png\"><img loading=\"lazy\" decoding=\"async\" class=\"alignnone size-full wp-image-9872\" title=\"Redes Sociales\" src=\"http:\/\/www.fiscalia.gov.co\/colombia\/wp-content\/uploads\/2012\/01\/Redes-Sociales.png\" alt=\"\" width=\"197\" height=\"44\"><\/a><\/p>\n<p style=\"text-align: left;\">Estos \u00edconos de redes sociales son accesos directos a los canales de comunicaci\u00f3n de la entidad en el entorno Facebook, Twitter, Flickr, YouTube y lector RSS. Si usted desea conocer contenido de la entidad en alguno de estos canales, simplemente debe hacer click sobre cada uno de ellos.<\/p>\n<p style=\"text-align: left;\"><strong>Suscripci\u00f3n a las noticias v\u00eda RSS<\/strong><\/p>\n<p style=\"text-align: left;\"><strong><a href=\"http:\/\/www.fiscalia.gov.co\/colombia\/wp-content\/uploads\/2012\/01\/Caja-de-Suscripcion.png\"><img loading=\"lazy\" decoding=\"async\" class=\"alignnone size-full wp-image-10333\" title=\"Caja de Suscripcion\" src=\"http:\/\/www.fiscalia.gov.co\/colombia\/wp-content\/uploads\/2012\/01\/Caja-de-Suscripcion.png\" alt=\"\" width=\"213\" height=\"440\" srcset=\"https:\/\/www.fiscalia.gov.co\/colombia\/wp-content\/uploads\/2012\/01\/Caja-de-Suscripcion.png 213w, https:\/\/www.fiscalia.gov.co\/colombia\/wp-content\/uploads\/2012\/01\/Caja-de-Suscripcion-145x300.png 145w\" sizes=\"auto, (max-width: 213px) 100vw, 213px\" \/><\/a><\/strong><\/p>\n<p style=\"text-align: left;\">Si usted desea suscribirse al canal RSS de la Fiscal\u00eda General de la Naci\u00f3n para recibir todas las noticias haga click sobre el \u00edcono naranja de RSS. Una vez all\u00ed&nbsp; podr\u00e1 suscribirse a todas las noticias o filtrar por temas.<\/p>\n<p style=\"text-align: left;\"><!--nextpage--><\/p>\n<p style=\"text-align: left;\"><strong>Compartir<\/strong><\/p>\n<p style=\"text-align: left;\"><a href=\"http:\/\/www.fiscalia.gov.co\/colombia\/wp-content\/uploads\/2012\/01\/compartir.png\"><img loading=\"lazy\" decoding=\"async\" class=\"alignnone size-full wp-image-10169\" title=\"compartir\" src=\"http:\/\/www.fiscalia.gov.co\/colombia\/wp-content\/uploads\/2012\/01\/compartir.png\" alt=\"\" width=\"103\" height=\"35\"><\/a><\/p>\n<p style=\"text-align: left;\">Cada vez que usted lea una noticia tendr\u00e1 la opci\u00f3n de compartirla en redes sociales; para esto, usted debe ubicar el \u00edcono de compartir, hacer click sobre \u00e9l y seleccionar la opci\u00f3n deseada. Tambi\u00e9n podr\u00e1 viralizar las noticias a trav\u00e9s de Facebook, Gloogle+ y Twitter.<\/p>\n<p style=\"text-align: left;\"><strong>Etiquetas<\/strong><\/p>\n<p style=\"text-align: left;\"><a href=\"http:\/\/www.fiscalia.gov.co\/colombia\/wp-content\/uploads\/2012\/01\/Etiquetas.png\"><img loading=\"lazy\" decoding=\"async\" class=\"alignnone size-full wp-image-10123\" title=\"Etiquetas\" src=\"http:\/\/www.fiscalia.gov.co\/colombia\/wp-content\/uploads\/2012\/01\/Etiquetas.png\" alt=\"\" width=\"557\" height=\"42\"><\/a><\/p>\n<p style=\"text-align: left;\">Las etiquetas son de color azul y se ubican al lado del bot\u00f3n Compartir. Ayudan a ligar las noticias relacionadas entre s\u00ed.<\/p>\n<p style=\"text-align: left;\"><strong>Localizaci\u00f3n geogr\u00e1fica<\/strong><\/p>\n<p style=\"text-align: left;\"><a href=\"http:\/\/www.fiscalia.gov.co\/colombia\/wp-content\/uploads\/2012\/01\/geo.png\"><img loading=\"lazy\" decoding=\"async\" class=\"alignnone wp-image-10126\" title=\"geo\" src=\"http:\/\/www.fiscalia.gov.co\/colombia\/wp-content\/uploads\/2012\/01\/geo.png\" alt=\"\" width=\"647\" height=\"320\" srcset=\"https:\/\/www.fiscalia.gov.co\/colombia\/wp-content\/uploads\/2012\/01\/geo.png 809w, https:\/\/www.fiscalia.gov.co\/colombia\/wp-content\/uploads\/2012\/01\/geo-300x148.png 300w\" sizes=\"auto, (max-width: 647px) 100vw, 647px\" \/><\/a><\/p>\n<p style=\"text-align: left;\">Dentro del sitio web de la Fiscal\u00eda General de la Naci\u00f3n usted encontrar\u00e1 un sistema de localizaci\u00f3n geogr\u00e1fica que le ayudar\u00e1 a ubicar las oficinas y dependencias de la instituci\u00f3n en el pa\u00eds. Para conocer m\u00e1s deber\u00e1 ingresar al \u00edcono Seccionales en el men\u00fa lateral izquierdo, y hacer click sobre la direcci\u00f3n que desee.<\/p>\n<p style=\"text-align: left;\"><strong>Galer\u00eda de im\u00e1genes<br \/>\n<\/strong><\/p>\n<p style=\"text-align: left;\"><a href=\"http:\/\/www.fiscalia.gov.co\/colombia\/wp-content\/uploads\/2012\/01\/avanzar.png\"><img loading=\"lazy\" decoding=\"async\" class=\"alignnone size-full wp-image-10170\" title=\"avanzar\" src=\"http:\/\/www.fiscalia.gov.co\/colombia\/wp-content\/uploads\/2012\/01\/avanzar.png\" alt=\"\" width=\"57\" height=\"27\"><\/a><\/p>\n<p style=\"text-align: left;\">Si usted desea observar la galer\u00eda de im\u00e1genes debe hacer click sobre el \u00edtem Galer\u00eda de im\u00e1genes ubicado en la parte inferior del portal. All\u00ed podr\u00e1 elegir la fotograf\u00eda que desee y escogerla del mosaico que aparece en pantalla. Una vez seleccione una imagen \u00e9sta se ampliar\u00e1 y en la esquina inferior derecha podr\u00e1 avanzar o retroceder para visualizar las dem\u00e1s fotograf\u00edas.<\/p>\n<p>&nbsp;<\/p>\n<p><!--nextpage--><\/p>\n<p style=\"text-align: left;\"><strong>Versi\u00f3n m\u00f3vil<\/strong><\/p>\n<p style=\"text-align: left;\">Si usted accede al sitio web desde un dispositivo m\u00f3vil o smartphone autom\u00e1ticamente acceder\u00e1 a la versi\u00f3n m\u00f3vil, la cual optimiza los contenidos para que la navegaci\u00f3n&nbsp; sea a\u00fan mejor. Observar\u00e1 las principales noticias de la entidad en tiempo real e informaci\u00f3n de contacto con la Fiscal\u00eda . Si&nbsp; desea navegar el contenido total del sitio web&nbsp; deber\u00e1 dirigirse a la parte inferior derecha y seleccionar la opci\u00f3n &#8220;Versi\u00f3n de escritorio&#8221;.<\/p>\n<p style=\"text-align: left;\"><strong>Cu\u00e9ntele a la Fiscal\u00eda<\/strong><\/p>\n<p style=\"text-align: center;\"><a href=\"http:\/\/www.fiscalia.gov.co\/colombia\/wp-content\/uploads\/2012\/01\/Cuentele.png\"><img loading=\"lazy\" decoding=\"async\" class=\"wp-image-10813 aligncenter\" title=\"Cuentele\" src=\"http:\/\/www.fiscalia.gov.co\/colombia\/wp-content\/uploads\/2012\/01\/Cuentele.png\" alt=\"\" width=\"585\" height=\"183\" srcset=\"https:\/\/www.fiscalia.gov.co\/colombia\/wp-content\/uploads\/2012\/01\/Cuentele.png 835w, https:\/\/www.fiscalia.gov.co\/colombia\/wp-content\/uploads\/2012\/01\/Cuentele-300x94.png 300w\" sizes=\"auto, (max-width: 585px) 100vw, 585px\" \/><\/a><\/p>\n<p style=\"text-align: left;\">A trav\u00e9s del m\u00f3dulo Cu\u00e9ntele a la Fiscal\u00eda usted puede suministrar informaciones concretas relacionadas con la presunta comisi\u00f3n de una conducta punitiva, las cuales reciben tratamiento de fuente no formal, esto es, que ser\u00e1n sometidas a un proceso de an\u00e1lisis de informaci\u00f3n por parte de los servidores p\u00fablicos que ejercen funciones de Polic\u00eda Judicial, quienes determinar\u00e1n su judicializaci\u00f3n en caso de ser procedente.<\/p>\n<p style=\"text-align: left;\">Para ponerse en contacto con la entidad mediante este m\u00f3dulo usted deber\u00e1 ingresar sus datos en las casillas correspondientes junto a su correo electr\u00f3nico, direcci\u00f3n f\u00edsica, tel\u00e9fono y fax si lo posee.<\/p>\n<p style=\"text-align: left;\"><a href=\"http:\/\/www.fiscalia.gov.co\/colombia\/wp-content\/uploads\/2012\/01\/Cuentele0.png\"><img loading=\"lazy\" decoding=\"async\" class=\"wp-image-10816 aligncenter\" title=\"Cuentele0\" src=\"http:\/\/www.fiscalia.gov.co\/colombia\/wp-content\/uploads\/2012\/01\/Cuentele0.png\" alt=\"\" width=\"590\" height=\"158\" srcset=\"https:\/\/www.fiscalia.gov.co\/colombia\/wp-content\/uploads\/2012\/01\/Cuentele0.png 820w, https:\/\/www.fiscalia.gov.co\/colombia\/wp-content\/uploads\/2012\/01\/Cuentele0-300x80.png 300w\" sizes=\"auto, (max-width: 590px) 100vw, 590px\" \/><\/a><\/p>\n<p style=\"text-align: left;\">Adicionalmente, deber\u00e1 hacer click sobre el espacio &#8220;Fecha de los hechos&#8221; y en ese instante se activar\u00e1 un calendario que le ayudar\u00e1 a escoger la fecha exacta del caso. Tambi\u00e9n debe seleccionar el departamento y la ciudad correspondiente.<\/p>\n<p style=\"text-align: center;\"><a href=\"http:\/\/www.fiscalia.gov.co\/colombia\/wp-content\/uploads\/2012\/01\/Cuentele2.png\"><img loading=\"lazy\" decoding=\"async\" class=\"wp-image-10814 aligncenter\" title=\"Cuentele2\" src=\"http:\/\/www.fiscalia.gov.co\/colombia\/wp-content\/uploads\/2012\/01\/Cuentele2.png\" alt=\"\" width=\"544\" height=\"244\" srcset=\"https:\/\/www.fiscalia.gov.co\/colombia\/wp-content\/uploads\/2012\/01\/Cuentele2.png 777w, https:\/\/www.fiscalia.gov.co\/colombia\/wp-content\/uploads\/2012\/01\/Cuentele2-300x134.png 300w\" sizes=\"auto, (max-width: 544px) 100vw, 544px\" \/><\/a><\/p>\n<p style=\"text-align: left;\">Por \u00faltimo usted debe describir los sucesos utilizando un m\u00e1ximo de 1.000 car\u00e1cteres, lo que equivale a un promedio de 2 p\u00e1ginas de texto. Luego deber\u00e1 presionar el bot\u00f3n Enviar.<\/p>\n<p style=\"text-align: left;\"><!--nextpage--><\/p>\n<p style=\"text-align: left;\"><strong>Formulario Buz\u00f3n de quejas, reclamos y derechos de petici\u00f3n<\/strong><\/p>\n<p style=\"text-align: center;\"><a href=\"http:\/\/www.fiscalia.gov.co\/colombia\/wp-content\/uploads\/2012\/01\/RegistroBuzon.png\"><img loading=\"lazy\" decoding=\"async\" class=\"wp-image-10873\" title=\"RegistroBuzon\" src=\"http:\/\/www.fiscalia.gov.co\/colombia\/wp-content\/uploads\/2012\/01\/RegistroBuzon.png\" alt=\"\" width=\"587\" height=\"460\" srcset=\"https:\/\/www.fiscalia.gov.co\/colombia\/wp-content\/uploads\/2012\/01\/RegistroBuzon.png 839w, https:\/\/www.fiscalia.gov.co\/colombia\/wp-content\/uploads\/2012\/01\/RegistroBuzon-300x234.png 300w\" sizes=\"auto, (max-width: 587px) 100vw, 587px\" \/><\/a><\/p>\n<p>Si usted desea enviar una queja o un reclamo podr\u00e1 hacerlo a trav\u00e9s del formulario dise\u00f1ado para tal fin. No olvide que deber\u00e1 llenar todos los campos del formulario, especialmente los que poseen un asterisco en rojo, ya que estos son obligatorios.<\/p>\n<p style=\"text-align: left;\"><a href=\"http:\/\/www.fiscalia.gov.co\/colombia\/wp-content\/uploads\/2012\/01\/Captura-de-pantalla-2012-03-21-a-las-9.30.25.png\"><img loading=\"lazy\" decoding=\"async\" title=\"Captura de pantalla 2012-03-21 a la(s) 9.30.25\" src=\"http:\/\/www.fiscalia.gov.co\/colombia\/wp-content\/uploads\/2012\/01\/Captura-de-pantalla-2012-03-21-a-las-9.30.25.png\" alt=\"\" width=\"556\" height=\"384\"><\/a><a href=\"http:\/\/www.fiscalia.gov.co\/colombia\/wp-content\/uploads\/2012\/01\/Captura-de-pantalla-2012-03-21-a-las-9.30.25.png\"><br \/>\n<\/a><\/p>\n<p style=\"text-align: left;\">Trate de escribir los hechos de la manera m\u00e1s concisa posible, y recuerde repetir y copiar los mismos n\u00fameros que aparecen en el recuadro gris antes de registrar la queja, reclamo o solicitud de visita especial. Una vez llene los datos deber\u00e1 hacer click en el bot\u00f3n azul &#8220;Registrar reclamo, queja o solicitud seg\u00fan corresponda&#8221;. Si usted desea limpiar todos los datos para escribir nuevamente entonces debe presionar el bot\u00f3n azul que dice &#8220;Limpiar&#8221;<\/p>\n<p style=\"text-align: left;\">En el formulario para Derechos de Petici\u00f3n tambi\u00e9n debe llenar los campos requeridos y escribir los hechos de la manera muy espec\u00edfica. Adicionalmente si usted ya ha escrito los hechos en un documento de texto que est\u00e9 en formato Word o PDF podr\u00e1 adjuntarlo al formulario.<\/p>\n<p style=\"text-align: left;\"><strong>Proveedores y otros formularios<\/strong><\/p>\n<p style=\"text-align: left;\">Si usted desea registrarse como proveedor de nuestra entidad deber\u00e1 llenar el formulario correspondiente, el cual se encuentra en el apartado Contrataciones\/Proveedores. All\u00ed debe indicar si es&nbsp; persona natural o jur\u00eddica, seg\u00fan el caso y completar todos los campos posibles. En el campo &#8220;Vigencia de la empresa&#8221; deber\u00e1 escribir la antig\u00fcedad de su empresa en a\u00f1os.<\/p>\n<p style=\"text-align: left;\">Recuerde que para completar correctamente cada uno de los formularios debe asegurarse de llenar todos los campos posibles y de repetir exactamente la secuencia de seguridad que aparece en la casilla gris antes del bot\u00f3n de &#8220;enviar&#8221;<\/p>\n\n<div class=\"twitter-share\"><a href=\"https:\/\/twitter.com\/intent\/tweet?via=fiscaliacol\" class=\"twitter-share-button\">Tweet<\/a><\/div>\n","protected":false},"excerpt":{"rendered":"<p>A continuaci\u00f3n le ayudaremos a conocer la mejor forma de navegar en nuestro portal web: Men\u00fa superior Para localizar cualquier tipo de informaci\u00f3n relevante relacionada con la entidad o sus funciones podr\u00e1 desplazarse a trav\u00e9s de este men\u00fa horizontal posicionando el cursor sobre el tema de inter\u00e9s; en ese momento, se desplegar\u00e1 un submen\u00fa con [&hellip;]<\/p>\n","protected":false},"author":143,"featured_media":0,"parent":8600,"menu_order":5,"comment_status":"open","ping_status":"closed","template":"","meta":{"tdm_status":"","tdm_grid_status":"","footnotes":""},"class_list":["post-8645","page","type-page","status-publish"],"yoast_head":"<!-- This site is optimized with the Yoast SEO plugin v24.3 - https:\/\/yoast.com\/wordpress\/plugins\/seo\/ -->\n<title>Fiscal\u00eda General de la Naci\u00f3n<\/title>\n<meta name=\"description\" content=\"P\u00e1gina oficial de la Fiscal\u00eda General de la Naci\u00f3n \u2013 Colombia. Garantizamos el acceso efectivo a la justicia, la verdad y la reparaci\u00f3n de las v\u00edctimas de los delitos.\" \/>\n<meta name=\"robots\" content=\"index, follow, max-snippet:-1, max-image-preview:large, max-video-preview:-1\" \/>\n<link rel=\"canonical\" href=\"https:\/\/www.fiscalia.gov.co\/colombia\/servicios-de-informacion-al-ciudadano\/ayudas-para-navegar-en-nuestro-portal\/\" \/>\n<link rel=\"next\" href=\"https:\/\/www.fiscalia.gov.co\/colombia\/servicios-de-informacion-al-ciudadano\/ayudas-para-navegar-en-nuestro-portal\/2\/\" \/>\n<meta property=\"og:locale\" content=\"es_ES\" \/>\n<meta property=\"og:type\" content=\"article\" \/>\n<meta property=\"og:title\" content=\"Fiscal\u00eda General de la Naci\u00f3n\" \/>\n<meta property=\"og:description\" content=\"P\u00e1gina oficial de la Fiscal\u00eda General de la Naci\u00f3n \u2013 Colombia. Garantizamos el acceso efectivo a la justicia, la verdad y la reparaci\u00f3n de las v\u00edctimas de los delitos.\" \/>\n<meta property=\"og:url\" content=\"https:\/\/www.fiscalia.gov.co\/colombia\/servicios-de-informacion-al-ciudadano\/ayudas-para-navegar-en-nuestro-portal\/\" \/>\n<meta property=\"og:site_name\" content=\"Fiscal\u00eda General de la Naci\u00f3n\" \/>\n<meta property=\"article:publisher\" content=\"https:\/\/www.facebook.com\/FiscaliaCol\" \/>\n<meta property=\"article:modified_time\" content=\"2017-05-19T20:12:59+00:00\" \/>\n<meta property=\"og:image\" content=\"http:\/\/www.fiscalia.gov.co\/colombia\/wp-content\/uploads\/2012\/01\/Menu-superior.png\" \/>\n<meta name=\"twitter:card\" content=\"summary_large_image\" \/>\n<meta name=\"twitter:site\" content=\"@FiscaliaCol\" \/>\n<meta name=\"twitter:label1\" content=\"Tiempo de lectura\" \/>\n\t<meta name=\"twitter:data1\" content=\"7 minutos\" \/>\n<script type=\"application\/ld+json\" class=\"yoast-schema-graph\">{\"@context\":\"https:\/\/schema.org\",\"@graph\":[{\"@type\":\"WebPage\",\"@id\":\"https:\/\/www.fiscalia.gov.co\/colombia\/servicios-de-informacion-al-ciudadano\/ayudas-para-navegar-en-nuestro-portal\/\",\"url\":\"https:\/\/www.fiscalia.gov.co\/colombia\/servicios-de-informacion-al-ciudadano\/ayudas-para-navegar-en-nuestro-portal\/\",\"name\":\"Fiscal\u00eda General de la Naci\u00f3n\",\"isPartOf\":{\"@id\":\"https:\/\/www.fiscalia.gov.co\/colombia\/#website\"},\"primaryImageOfPage\":{\"@id\":\"https:\/\/www.fiscalia.gov.co\/colombia\/servicios-de-informacion-al-ciudadano\/ayudas-para-navegar-en-nuestro-portal\/#primaryimage\"},\"image\":{\"@id\":\"https:\/\/www.fiscalia.gov.co\/colombia\/servicios-de-informacion-al-ciudadano\/ayudas-para-navegar-en-nuestro-portal\/#primaryimage\"},\"thumbnailUrl\":\"http:\/\/www.fiscalia.gov.co\/colombia\/wp-content\/uploads\/2012\/01\/Menu-superior.png\",\"datePublished\":\"2012-01-05T17:10:45+00:00\",\"dateModified\":\"2017-05-19T20:12:59+00:00\",\"description\":\"P\u00e1gina oficial de la Fiscal\u00eda General de la Naci\u00f3n \u2013 Colombia. Garantizamos el acceso efectivo a la justicia, la verdad y la reparaci\u00f3n de las v\u00edctimas de los delitos.\",\"breadcrumb\":{\"@id\":\"https:\/\/www.fiscalia.gov.co\/colombia\/servicios-de-informacion-al-ciudadano\/ayudas-para-navegar-en-nuestro-portal\/#breadcrumb\"},\"inLanguage\":\"es-CO\",\"potentialAction\":[{\"@type\":\"ReadAction\",\"target\":[\"https:\/\/www.fiscalia.gov.co\/colombia\/servicios-de-informacion-al-ciudadano\/ayudas-para-navegar-en-nuestro-portal\/\"]}]},{\"@type\":\"ImageObject\",\"inLanguage\":\"es-CO\",\"@id\":\"https:\/\/www.fiscalia.gov.co\/colombia\/servicios-de-informacion-al-ciudadano\/ayudas-para-navegar-en-nuestro-portal\/#primaryimage\",\"url\":\"https:\/\/www.fiscalia.gov.co\/colombia\/wp-content\/uploads\/2012\/01\/Menu-superior.png\",\"contentUrl\":\"https:\/\/www.fiscalia.gov.co\/colombia\/wp-content\/uploads\/2012\/01\/Menu-superior.png\",\"width\":\"844\",\"height\":\"106\"},{\"@type\":\"BreadcrumbList\",\"@id\":\"https:\/\/www.fiscalia.gov.co\/colombia\/servicios-de-informacion-al-ciudadano\/ayudas-para-navegar-en-nuestro-portal\/#breadcrumb\",\"itemListElement\":[{\"@type\":\"ListItem\",\"position\":1,\"name\":\"Home\",\"item\":\"https:\/\/www.fiscalia.gov.co\/colombia\/\"},{\"@type\":\"ListItem\",\"position\":2,\"name\":\"Participaci\u00f3n ciudadana\"}]},{\"@type\":\"WebSite\",\"@id\":\"https:\/\/www.fiscalia.gov.co\/colombia\/#website\",\"url\":\"https:\/\/www.fiscalia.gov.co\/colombia\/\",\"name\":\"Fiscal\u00eda General de la Naci\u00f3n\",\"description\":\"P\u00e1gina oficial de la Fiscal\u00eda General de la Naci\u00f3n \u2013 Colombia. Garantizamos el acceso efectivo a la justicia, la verdad y la reparaci\u00f3n de las v\u00edctimas de los delitos.\",\"publisher\":{\"@id\":\"https:\/\/www.fiscalia.gov.co\/colombia\/#organization\"},\"potentialAction\":[{\"@type\":\"SearchAction\",\"target\":{\"@type\":\"EntryPoint\",\"urlTemplate\":\"https:\/\/www.fiscalia.gov.co\/colombia\/?s={search_term_string}\"},\"query-input\":{\"@type\":\"PropertyValueSpecification\",\"valueRequired\":true,\"valueName\":\"search_term_string\"}}],\"inLanguage\":\"es-CO\"},{\"@type\":\"Organization\",\"@id\":\"https:\/\/www.fiscalia.gov.co\/colombia\/#organization\",\"name\":\"Fiscal\u00eda General de la Naci\u00f3n\",\"url\":\"https:\/\/www.fiscalia.gov.co\/colombia\/\",\"logo\":{\"@type\":\"ImageObject\",\"inLanguage\":\"es-CO\",\"@id\":\"https:\/\/www.fiscalia.gov.co\/colombia\/#\/schema\/logo\/image\/\",\"url\":\"https:\/\/www.fiscalia.gov.co\/colombia\/wp-content\/uploads\/LogoHorizontal_1.jpg\",\"contentUrl\":\"https:\/\/www.fiscalia.gov.co\/colombia\/wp-content\/uploads\/LogoHorizontal_1.jpg\",\"width\":300,\"height\":90,\"caption\":\"Fiscal\u00eda General de la Naci\u00f3n\"},\"image\":{\"@id\":\"https:\/\/www.fiscalia.gov.co\/colombia\/#\/schema\/logo\/image\/\"},\"sameAs\":[\"https:\/\/www.facebook.com\/FiscaliaCol\",\"https:\/\/x.com\/FiscaliaCol\",\"https:\/\/www.instagram.com\/fiscaliacol\",\"https:\/\/www.linkedin.com\/company\/fiscalia-general-de-la-naci-n\/\",\"https:\/\/youtube.com\/@fiscaliageneraldelanacion-4668?si=6nN79nyQICPU5iTh\"]}]}<\/script>\n<!-- \/ Yoast SEO plugin. -->","yoast_head_json":{"title":"Fiscal\u00eda General de la Naci\u00f3n","description":"P\u00e1gina oficial de la Fiscal\u00eda General de la Naci\u00f3n \u2013 Colombia. Garantizamos el acceso efectivo a la justicia, la verdad y la reparaci\u00f3n de las v\u00edctimas de los delitos.","robots":{"index":"index","follow":"follow","max-snippet":"max-snippet:-1","max-image-preview":"max-image-preview:large","max-video-preview":"max-video-preview:-1"},"canonical":"https:\/\/www.fiscalia.gov.co\/colombia\/servicios-de-informacion-al-ciudadano\/ayudas-para-navegar-en-nuestro-portal\/","next":"https:\/\/www.fiscalia.gov.co\/colombia\/servicios-de-informacion-al-ciudadano\/ayudas-para-navegar-en-nuestro-portal\/2\/","og_locale":"es_ES","og_type":"article","og_title":"Fiscal\u00eda General de la Naci\u00f3n","og_description":"P\u00e1gina oficial de la Fiscal\u00eda General de la Naci\u00f3n \u2013 Colombia. Garantizamos el acceso efectivo a la justicia, la verdad y la reparaci\u00f3n de las v\u00edctimas de los delitos.","og_url":"https:\/\/www.fiscalia.gov.co\/colombia\/servicios-de-informacion-al-ciudadano\/ayudas-para-navegar-en-nuestro-portal\/","og_site_name":"Fiscal\u00eda General de la Naci\u00f3n","article_publisher":"https:\/\/www.facebook.com\/FiscaliaCol","article_modified_time":"2017-05-19T20:12:59+00:00","og_image":[{"url":"http:\/\/www.fiscalia.gov.co\/colombia\/wp-content\/uploads\/2012\/01\/Menu-superior.png","type":"","width":"","height":""}],"twitter_card":"summary_large_image","twitter_site":"@FiscaliaCol","twitter_misc":{"Tiempo de lectura":"7 minutos"},"schema":{"@context":"https:\/\/schema.org","@graph":[{"@type":"WebPage","@id":"https:\/\/www.fiscalia.gov.co\/colombia\/servicios-de-informacion-al-ciudadano\/ayudas-para-navegar-en-nuestro-portal\/","url":"https:\/\/www.fiscalia.gov.co\/colombia\/servicios-de-informacion-al-ciudadano\/ayudas-para-navegar-en-nuestro-portal\/","name":"Fiscal\u00eda General de la Naci\u00f3n","isPartOf":{"@id":"https:\/\/www.fiscalia.gov.co\/colombia\/#website"},"primaryImageOfPage":{"@id":"https:\/\/www.fiscalia.gov.co\/colombia\/servicios-de-informacion-al-ciudadano\/ayudas-para-navegar-en-nuestro-portal\/#primaryimage"},"image":{"@id":"https:\/\/www.fiscalia.gov.co\/colombia\/servicios-de-informacion-al-ciudadano\/ayudas-para-navegar-en-nuestro-portal\/#primaryimage"},"thumbnailUrl":"http:\/\/www.fiscalia.gov.co\/colombia\/wp-content\/uploads\/2012\/01\/Menu-superior.png","datePublished":"2012-01-05T17:10:45+00:00","dateModified":"2017-05-19T20:12:59+00:00","description":"P\u00e1gina oficial de la Fiscal\u00eda General de la Naci\u00f3n \u2013 Colombia. Garantizamos el acceso efectivo a la justicia, la verdad y la reparaci\u00f3n de las v\u00edctimas de los delitos.","breadcrumb":{"@id":"https:\/\/www.fiscalia.gov.co\/colombia\/servicios-de-informacion-al-ciudadano\/ayudas-para-navegar-en-nuestro-portal\/#breadcrumb"},"inLanguage":"es-CO","potentialAction":[{"@type":"ReadAction","target":["https:\/\/www.fiscalia.gov.co\/colombia\/servicios-de-informacion-al-ciudadano\/ayudas-para-navegar-en-nuestro-portal\/"]}]},{"@type":"ImageObject","inLanguage":"es-CO","@id":"https:\/\/www.fiscalia.gov.co\/colombia\/servicios-de-informacion-al-ciudadano\/ayudas-para-navegar-en-nuestro-portal\/#primaryimage","url":"https:\/\/www.fiscalia.gov.co\/colombia\/wp-content\/uploads\/2012\/01\/Menu-superior.png","contentUrl":"https:\/\/www.fiscalia.gov.co\/colombia\/wp-content\/uploads\/2012\/01\/Menu-superior.png","width":"844","height":"106"},{"@type":"BreadcrumbList","@id":"https:\/\/www.fiscalia.gov.co\/colombia\/servicios-de-informacion-al-ciudadano\/ayudas-para-navegar-en-nuestro-portal\/#breadcrumb","itemListElement":[{"@type":"ListItem","position":1,"name":"Home","item":"https:\/\/www.fiscalia.gov.co\/colombia\/"},{"@type":"ListItem","position":2,"name":"Participaci\u00f3n ciudadana"}]},{"@type":"WebSite","@id":"https:\/\/www.fiscalia.gov.co\/colombia\/#website","url":"https:\/\/www.fiscalia.gov.co\/colombia\/","name":"Fiscal\u00eda General de la Naci\u00f3n","description":"P\u00e1gina oficial de la Fiscal\u00eda General de la Naci\u00f3n \u2013 Colombia. Garantizamos el acceso efectivo a la justicia, la verdad y la reparaci\u00f3n de las v\u00edctimas de los delitos.","publisher":{"@id":"https:\/\/www.fiscalia.gov.co\/colombia\/#organization"},"potentialAction":[{"@type":"SearchAction","target":{"@type":"EntryPoint","urlTemplate":"https:\/\/www.fiscalia.gov.co\/colombia\/?s={search_term_string}"},"query-input":{"@type":"PropertyValueSpecification","valueRequired":true,"valueName":"search_term_string"}}],"inLanguage":"es-CO"},{"@type":"Organization","@id":"https:\/\/www.fiscalia.gov.co\/colombia\/#organization","name":"Fiscal\u00eda General de la Naci\u00f3n","url":"https:\/\/www.fiscalia.gov.co\/colombia\/","logo":{"@type":"ImageObject","inLanguage":"es-CO","@id":"https:\/\/www.fiscalia.gov.co\/colombia\/#\/schema\/logo\/image\/","url":"https:\/\/www.fiscalia.gov.co\/colombia\/wp-content\/uploads\/LogoHorizontal_1.jpg","contentUrl":"https:\/\/www.fiscalia.gov.co\/colombia\/wp-content\/uploads\/LogoHorizontal_1.jpg","width":300,"height":90,"caption":"Fiscal\u00eda General de la Naci\u00f3n"},"image":{"@id":"https:\/\/www.fiscalia.gov.co\/colombia\/#\/schema\/logo\/image\/"},"sameAs":["https:\/\/www.facebook.com\/FiscaliaCol","https:\/\/x.com\/FiscaliaCol","https:\/\/www.instagram.com\/fiscaliacol","https:\/\/www.linkedin.com\/company\/fiscalia-general-de-la-naci-n\/","https:\/\/youtube.com\/@fiscaliageneraldelanacion-4668?si=6nN79nyQICPU5iTh"]}]}},"_links":{"self":[{"href":"https:\/\/www.fiscalia.gov.co\/colombia\/wp-json\/wp\/v2\/pages\/8645","targetHints":{"allow":["GET"]}}],"collection":[{"href":"https:\/\/www.fiscalia.gov.co\/colombia\/wp-json\/wp\/v2\/pages"}],"about":[{"href":"https:\/\/www.fiscalia.gov.co\/colombia\/wp-json\/wp\/v2\/types\/page"}],"author":[{"embeddable":true,"href":"https:\/\/www.fiscalia.gov.co\/colombia\/wp-json\/wp\/v2\/users\/143"}],"replies":[{"embeddable":true,"href":"https:\/\/www.fiscalia.gov.co\/colombia\/wp-json\/wp\/v2\/comments?post=8645"}],"version-history":[{"count":38,"href":"https:\/\/www.fiscalia.gov.co\/colombia\/wp-json\/wp\/v2\/pages\/8645\/revisions"}],"predecessor-version":[{"id":105318,"href":"https:\/\/www.fiscalia.gov.co\/colombia\/wp-json\/wp\/v2\/pages\/8645\/revisions\/105318"}],"up":[{"embeddable":true,"href":"https:\/\/www.fiscalia.gov.co\/colombia\/wp-json\/wp\/v2\/pages\/8600"}],"wp:attachment":[{"href":"https:\/\/www.fiscalia.gov.co\/colombia\/wp-json\/wp\/v2\/media?parent=8645"}],"curies":[{"name":"wp","href":"https:\/\/api.w.org\/{rel}","templated":true}]}}