{"id":8586,"date":"2012-01-05T10:46:04","date_gmt":"2012-01-05T15:46:04","guid":{"rendered":"http:\/\/www.fiscalia.gov.co\/colombia\/?page_id=8586"},"modified":"2026-04-27T10:24:08","modified_gmt":"2026-04-27T15:24:08","slug":"reportes-de-control-interno","status":"publish","type":"page","link":"https:\/\/www.fiscalia.gov.co\/colombia\/gestion\/reportes-de-control-interno\/","title":{"rendered":"Informes de control interno"},"content":{"rendered":"<section class=\"wpb-content-wrapper\"><div id=\"tdi_1\" class=\"tdc-row\"><div class=\"vc_row tdi_2  wpb_row td-pb-row\" >\n<style scoped>\n\/* custom css - generated by TagDiv Composer *\/\n\n\/* custom css - generated by TagDiv Composer *\/\n.tdi_2,\r\n                .tdi_2 .tdc-columns{\r\n                    min-height: 0;\r\n                }.tdi_2,\r\n\t\t\t\t.tdi_2 .tdc-columns{\r\n\t\t\t\t    display: block;\r\n\t\t\t\t}.tdi_2 .tdc-columns{\r\n\t\t\t\t    width: 100%;\r\n\t\t\t\t}.tdi_2:before,\r\n\t\t\t\t.tdi_2:after{\r\n\t\t\t\t    display: table;\r\n\t\t\t\t}\n<\/style><div class=\"vc_column tdi_4  wpb_column vc_column_container tdc-column td-pb-span8\">\n<style scoped>\n\/* custom css - generated by TagDiv Composer *\/\n\n\/* custom css - generated by TagDiv Composer *\/\n.tdi_4{\r\n                    vertical-align: baseline;\r\n                }.tdi_4 > .wpb_wrapper,\r\n\t\t\t\t.tdi_4 > .wpb_wrapper > .tdc-elements{\r\n\t\t\t\t    display: block;\r\n\t\t\t\t}.tdi_4 > .wpb_wrapper > .tdc-elements{\r\n\t\t\t\t    width: 100%;\r\n\t\t\t\t}.tdi_4 > .wpb_wrapper > .vc_row_inner{\r\n\t\t\t\t    width: auto;\r\n\t\t\t\t}.tdi_4 > .wpb_wrapper{\r\n\t\t\t\t    width: auto;\r\n\t\t\t\t    height: auto;\r\n\t\t\t\t}\n<\/style><div class=\"wpb_wrapper\" >[vc_column_text]<strong><span class=\"selectable-text copyable-text\">4.8.1. Informe Pormenorizado<\/span><\/strong><b><\/b>\r\n\r\nInformes evaluaci\u00f3n independiente del estado del sistema de control interno.\r\n\r\n[vc_toggle title=&#8221;Informes 2025&#8243;]A continuaci\u00f3n encontrar\u00e1 el informe de evaluaci\u00f3n independiente del estado del sistema de control interno establecido en el art\u00edculo 14 de la Ley 87 de 1993, modificado por el art\u00edculo 9 de la Ley 1474 de 2011, modificado a su vez por el art\u00edculo 231 del Decreto 019 de 2012 y por el art\u00edculo 156 del Decreto 2106 de 2019.\r\n<ul>\r\n \t<li>\r\n<div data-ogsc=\"black\" data-olk-copy-source=\"MessageBody\"><a href=\"https:\/\/www.fiscalia.gov.co\/colombia\/wp-content\/uploads\/PPresentacion-publicacion-EIESCI-II-2025-.pdf\" target=\"_blank\" rel=\"noopener\">Informe semestral Sistema de Control Interno a 2025-12-31<\/a> &#8211; Publicado 2026-01-29<\/div><\/li>\r\n \t<li><a href=\"https:\/\/www.fiscalia.gov.co\/colombia\/wp-content\/uploads\/Informe-semestral-Sistema-de-Control-Interno-a-2025-06-30.pdf\" target=\"_blank\" rel=\"noopener\">Informe semestral Sistema de Control Interno a 2025-06-30<\/a> &#8211; Publicado 2025-07-30<\/li>\r\n<\/ul>\r\n[\/vc_toggle][vc_toggle title=&#8221;Informes 2024&#8243;]A continuaci\u00f3n encontrar\u00e1 el informe de evaluaci\u00f3n independiente del estado del sistema de control interno establecido en el art\u00edculo 14 de la Ley 87 de 1993, modificado por el art\u00edculo 9 de la Ley 1474 de 2011, modificado a su vez por el art\u00edculo 231 del Decreto 019 de 2012 y por el art\u00edculo 156 del Decreto 2106 de 2019.\r\n<ul>\r\n \t<li><a href=\"https:\/\/www.fiscalia.gov.co\/colombia\/wp-content\/uploads\/Informe-semestral-Sistema-de-Control-Interno-a-2024-12-31.pdf\" target=\"_blank\" rel=\"noopener\">Informe semestral Sistema de Control Interno a 2024-12-31<\/a> &#8211; Publicado 2025-01-24<\/li>\r\n \t<li><a href=\"https:\/\/www.fiscalia.gov.co\/colombia\/wp-content\/uploads\/Informe-Semestral-Sistema-de-Control-Interno-a-2024-06-30-1.pdf\" target=\"_blank\" rel=\"noopener\">Informe semestral Sistema de Control Interno a 2024-06-30<\/a>\u00a0&#8211; Publicado 2024-07-30<\/li>\r\n<\/ul>\r\n[\/vc_toggle][vc_toggle title=&#8221;Informes 2023&#8243;]A continuaci\u00f3n encontrar\u00e1 el informe de evaluaci\u00f3n independiente del estado del sistema de control interno establecido en el art\u00edculo 14 de la Ley 87 de 1993, modificado por el art\u00edculo 9 de la Ley 1474 de 2011, modificado a su vez por el art\u00edculo 231 del Decreto 019 de 2012 y por el art\u00edculo 156 del Decreto 2106 de 2019.\r\n<ul>\r\n \t<li><a href=\"https:\/\/www.fiscalia.gov.co\/colombia\/wp-content\/uploads\/Informe-semestral-Sistema-de-Control-Interno-a-2023-12-31.pdf\" target=\"_blank\" rel=\"noopener\">Informe semestral Sistema de Control Interno a 2023-12-31<\/a> &#8211; Publicado 2024-01-31<\/li>\r\n \t<li><a href=\"https:\/\/www.fiscalia.gov.co\/colombia\/wp-content\/uploads\/Informe-semestral-Sistema-de-Control-Interno-a-2023-06-30-1.pdf\" target=\"_blank\" rel=\"noopener\">Informe semestral Sistema de Control Interno a 2023-06-30<\/a> &#8211; Publicado 2023-07-28<\/li>\r\n<\/ul>\r\n[\/vc_toggle][vc_toggle title=&#8221;Informes 2022&#8243;]A continuaci\u00f3n encontrar\u00e1 el informe de evaluaci\u00f3n independiente del estado del sistema de control interno establecido en el art\u00edculo 14 de la Ley 87 de 1993, modificado por el art\u00edculo 9 de la Ley 1474 de 2011, modificado a su vez por el art\u00edculo 231 del Decreto 019 de 2012 y por el art\u00edculo 156 del Decreto 2106 de 2019.\r\n<ul>\r\n \t<li><a href=\"https:\/\/www.fiscalia.gov.co\/colombia\/wp-content\/uploads\/Informe-Final-SCI-Sem-II-2022.pdf\" target=\"_blank\" rel=\"noopener\">Informe semestral Sistema de Control Interno a 2022-12-31<\/a> &#8211; Publicado 2023-01-30<\/li>\r\n \t<li><a href=\"https:\/\/www.fiscalia.gov.co\/colombia\/wp-content\/uploads\/Informe-semestral-Sistema-de-Control-Interno-a-2022-06-30.pdf\" target=\"_blank\" rel=\"noopener\">Informe semestral Sistema de Control Interno a 2022-06-30<\/a> &#8211; Publicado 2022-07-28<\/li>\r\n<\/ul>\r\n[\/vc_toggle][vc_toggle title=&#8221;Informes 2021&#8243;]A continuaci\u00f3n encontrar\u00e1 el informe de evaluaci\u00f3n independiente del estado del sistema de control interno establecido en el art\u00edculo 14 de la Ley 87 de 1993, modificado por el art\u00edculo 9 de la Ley 1474 de 2011, modificado a su vez por el art\u00edculo 231 del Decreto 019 de 2012 y por el art\u00edculo 156 del Decreto 2106 de 2019.\r\n<ul type=\"disc\">\r\n \t<li><a href=\"https:\/\/www.fiscalia.gov.co\/colombia\/wp-content\/uploads\/Informe-Final-SCI-semestre-II-2021.pdf\" target=\"_blank\" rel=\"noopener noreferrer\">Informe semestral Sistema de Control Interno a 2021-12-31<\/a> &#8211; Publicado 2022-01-27<\/li>\r\n \t<li><a href=\"https:\/\/www.fiscalia.gov.co\/colombia\/wp-content\/uploads\/EVALUACIO\u0301N-SISTEMA-CONTROL-INTERNO-I-SEM.-2021.pdf\" target=\"_blank\" rel=\"noopener noreferrer\"><span lang=\"es-MX\">Informe semestral Sistema de Control Interno a 2021\u201306 -30 <\/span><\/a><span lang=\"es-MX\">\u2013 Publicado 2021-07-29<\/span><\/li>\r\n<\/ul>\r\n[\/vc_toggle][vc_toggle title=&#8221;Informes 2020&#8243;]A continuaci\u00f3n encontrar\u00e1 el informe de evaluaci\u00f3n independiente del estado del sistema de control interno establecido en el art\u00edculo 14 de la Ley 87 de 1993, modificado por el art\u00edculo 9 de la Ley 1474 de 2011, modificado a su vez por el art\u00edculo 231 del Decreto 019 de 2012 y por el art\u00edculo 156 del Decreto 2106 de 2019.\r\n<ul>\r\n \t<li><a href=\"https:\/\/www.fiscalia.gov.co\/colombia\/wp-content\/uploads\/Evaluacio\u0301n-Sistema-de-Control-Interno-Semestre-II-2020.pdf\" target=\"_blank\" rel=\"noopener noreferrer\">Informe semestral Sistema de Control Interno a 2020-12-31<\/a>&#8211; Publicado 2021-01-28<\/li>\r\n \t<li><a href=\"https:\/\/www.fiscalia.gov.co\/colombia\/wp-content\/uploads\/Informe-Sistema-de-CI-FGN.pdf\" target=\"_blank\" rel=\"noopener noreferrer\">Informe semestral Sistema de Control Interno a 2020-06-30<\/a>&#8211; Publicado 2020-07-31<\/li>\r\n<\/ul>\r\n[\/vc_toggle][vc_toggle title=&#8221;Informes 2019&#8243;]A continuaci\u00f3n encontrar\u00e1 el informe pormenorizado del estado del control interno de la entidad, establecido en la Ley 1474 de 2011.\r\n<ul>\r\n \t<li><a href=\"https:\/\/www.fiscalia.gov.co\/colombia\/wp-content\/uploads\/INFORME-PORMENORIZADO-DE-CONTROL-INTERNO-A-31-12-2019.pdf\" target=\"_blank\" rel=\"noopener noreferrer\">Informe pormenorizado del estado de Control Interno con corte 2019-12-31<\/a> &#8211; Publicado 2020-01-31<\/li>\r\n \t<li><a href=\"https:\/\/www.fiscalia.gov.co\/colombia\/wp-content\/uploads\/INFORME-PORMENORIZADO-DE-CONTROL-INTERNO-III-CUATRIMESTRE-DE-2019.pdf\" target=\"_blank\" rel=\"noopener noreferrer\">III cuatrimestre de 2019<\/a> &#8211; Publicado 2019-11-12<\/li>\r\n \t<li><a href=\"https:\/\/www.fiscalia.gov.co\/colombia\/wp-content\/uploads\/INFORME-PORMENORIZADO-DE-CONTROL-INTERNO-II-CUATRIMESTRE-DE-2019.pdf\" target=\"_blank\" rel=\"noopener noreferrer\">II cuatrimestre de 2019<\/a> &#8211; Publicado 2019-07-12<\/li>\r\n \t<li><a href=\"https:\/\/www.fiscalia.gov.co\/colombia\/wp-content\/uploads\/INFORME-PORMENORIZADO-DE-CONTROL-INTERNO-I-CUATRIMESTRE-DE-2019-1.pdf\" target=\"_blank\" rel=\"noopener noreferrer\">I cuatrimestre de 2019<\/a>\u00a0&#8211; Publicado 2019-03-08<\/li>\r\n<\/ul>\r\n[\/vc_toggle][vc_toggle title=&#8221;Informes 2018&#8243;]A continuaci\u00f3n encontrar\u00e1 el informe pormenorizado del estado del control interno de la entidad, establecido en la Ley 1474 de 2011.\r\n<ul>\r\n \t<li><a href=\"https:\/\/www.fiscalia.gov.co\/colombia\/wp-content\/uploads\/INFORME-CUATRIMESTRAL-NOVIEMBRE-8-DE-2018.pdf\" target=\"_blank\" rel=\"noopener noreferrer\">III cuatrimestre de 2018<\/a> &#8211; Publicado el 8 de noviembre de 2018<\/li>\r\n \t<li><a href=\"https:\/\/www.fiscalia.gov.co\/colombia\/wp-content\/uploads\/Informe-Pormenorizado-del-estado-de-Control-Interno.pdf\">II cuatrimestre de 2018<\/a> &#8211; Publicado el 12 de julio de 2018<\/li>\r\n \t<li><a href=\"https:\/\/www.fiscalia.gov.co\/colombia\/wp-content\/uploads\/Informe-Pormenorizado-del-Estado-de-Control-Interno-I-Cuatrimestre-2018.pdf\">I cuatrimestre de 2018\u00a0<\/a>&#8211; Publicado el 12 de marzo de 2018<\/li>\r\n<\/ul>\r\n[\/vc_toggle][vc_toggle title=&#8221;Informes 2017&#8243;]A continuaci\u00f3n encontrar\u00e1 el informe pormenorizado del estado del control interno de la entidad, establecido en la Ley 1474 de 2011.\r\n<ul>\r\n \t<li><a href=\"http:\/\/www.fiscalia.gov.co\/colombia\/wp-content\/uploads\/Informe-Pormenorizado-del-Estado-de-Control-Interno-Ley-1474-de-2011-12-....pdf\">III cuatrimestre de 2017<\/a> &#8211; Publicado el 10 de noviembre de 2017<\/li>\r\n \t<li><a title=\"Ver informe \" href=\"http:\/\/www.fiscalia.gov.co\/colombia\/wp-content\/uploads\/INFORME-PORMENORIZADO-DE-CONTROL-INTERNO1.pdf\" target=\"_blank\" rel=\"noopener noreferrer\">II cuatrimestre de 2017<\/a> &#8211; Publicado el 11 de julio de 2017<\/li>\r\n \t<li><a title=\"Ver informe \" href=\"http:\/\/www.fiscalia.gov.co\/colombia\/wp-content\/uploads\/Informe-Pormenorizado-de-Control-Interno-primer-cuatrimestre-de-2017.pdf\" target=\"_blank\" rel=\"noopener noreferrer\">I cuatrimestre de 2017<\/a>\u00a0&#8211; Publicado el 10 de marzo de 2017<\/li>\r\n<\/ul>\r\n[\/vc_toggle][vc_toggle title=&#8221;Informes 2016&#8243;]A continuaci\u00f3n encontrar\u00e1 el informe pormenorizado del estado del control interno de la entidad, establecido en la Ley 1474 de 2011.\r\n<ul>\r\n \t<li><a title=\"Ver informe \" href=\"http:\/\/www.fiscalia.gov.co\/colombia\/wp-content\/uploads\/Informe-Pormenorizado-del-Estado-de-Control-Interno-Ley-1474-de-2011.pdf\" target=\"_blank\" rel=\"noopener noreferrer\">III cuatrimestre de 2016<\/a> &#8211; Publicado el 11 de noviembre de 2016<\/li>\r\n \t<li><a title=\"Ver informe \" href=\"http:\/\/www.fiscalia.gov.co\/colombia\/wp-content\/uploads\/Informe-Pormenorizado-del-Estado-de-Control-Interno-Segundo-Cuatrimestre-2016-Ley-1474-de-2011.pdf\" target=\"_blank\" rel=\"noopener noreferrer\">II cuatrimestre de 2016<\/a> &#8211; Publicado el 12 de julio de 2016<\/li>\r\n \t<li><a href=\"http:\/\/www.fiscalia.gov.co\/colombia\/wp-content\/uploads\/Informe-Pormenorizado-de-Control-Interno-I-Cuatrimestre.pdf\">I cuatrimestre de 2016<\/a>\u00a0&#8211; Publicado el 11 de marzo de 2016<\/li>\r\n<\/ul>\r\n[\/vc_toggle][vc_toggle title=&#8221;Informes 2015&#8243;]A continuaci\u00f3n encontrar\u00e1 el informe pormenorizado del estado del control interno de la entidad, establecido en la Ley 1474 de 2011.\r\n<ul>\r\n \t<li><a title=\"Ver informe\" href=\"http:\/\/www.fiscalia.gov.co\/colombia\/wp-content\/uploads\/INFORME-PORMENORIZADO-CONTROL-INTERNO_FINAL_12_11_2015.pdf\" target=\"_blank\" rel=\"noopener noreferrer\">A 10 de noviembre de 2015<\/a> &#8211; Publicado el 12 de noviembre de 2015<\/li>\r\n \t<li><a title=\"Ver informe\" href=\"http:\/\/www.fiscalia.gov.co\/colombia\/wp-content\/uploads\/Informe-Pormenorizado-Estado-de-Control-Interno-Corte-a-Julio-2015.pdf\" target=\"_blank\" rel=\"noopener noreferrer\">A julio de 2015<\/a> &#8211; Publicado el 10 de julio de 2015<\/li>\r\n \t<li><a title=\"Informe pormenorizado de Control Interno 30032015\" href=\"http:\/\/www.fiscalia.gov.co\/colombia\/wp-content\/uploads\/INFORME-PORMENORIZADO.pdf\">A 30 de marzo de 2015<\/a> &#8211; Publicado el 30 de marzo de 2015<\/li>\r\n<\/ul>\r\n[\/vc_toggle][vc_toggle title=&#8221;Informes 2014&#8243;]A continuaci\u00f3n encontrar\u00e1 el informe pormenorizado del estado del control interno de la entidad, establecido en la Ley 1474 de 2011.\r\n<ul>\r\n \t<li><a title=\"Descargar\" href=\"http:\/\/www.fiscalia.gov.co\/colombia\/wp-content\/uploads\/20141216_InformeControlInterno.pdf\" target=\"_blank\" rel=\"noopener noreferrer\">A 30 de noviembre de 2014<\/a> &#8211; <span style=\"color: #888888;\">Publicado el 16 de diciembre de 2014\u00a0<\/span><\/li>\r\n \t<li><a title=\"Ir\" href=\"http:\/\/www.fiscalia.gov.co\/colombia\/wp-content\/uploads\/Informe-Ley-1474_segundocuatrimestre2014.pdf\" target=\"_blank\" rel=\"noopener noreferrer\">A 30 de agosto de 2014\u00a0<\/a>\u00a0<span style=\"color: #888888;\">&#8211; Publicado el 4 \u00a0de septiembre de 2014<\/span><\/li>\r\n \t<li><a title=\"Descargar archivo \" href=\"http:\/\/www.fiscalia.gov.co\/colombia\/wp-content\/uploads\/INFORME-PORMENORIZADO-DE-CONTROL-INTERNO-I-CUATRIMESTRE.pdf\" target=\"_blank\" rel=\"noopener noreferrer\">A 30 de abril de 2014<\/a>\u00a0&#8211; <span style=\"color: #888888;\">Publicado el 30 de abril de 2014<\/span><\/li>\r\n<\/ul>\r\n[\/vc_toggle][vc_toggle title=&#8221;Informes 2013&#8243;]A continuaci\u00f3n encontrar\u00e1 el informe pormenorizado del estado del control interno de la entidad, establecido en la Ley 1474 de 2011.\r\n<ul>\r\n \t<li><a title=\"Ver documento\" href=\"http:\/\/www.fiscalia.gov.co\/colombia\/wp-content\/uploads\/ReporteControlInternoestatutoanticorrupcion30dediciembre.pdf\" target=\"_blank\" rel=\"noopener noreferrer\">Informe Ley 1474 Estatuto General Anticorrupci\u00f3n<\/a> &#8211;\u00a0<span style=\"color: #888888;\">Publicado el 30 de diciembre de 2013<\/span><\/li>\r\n \t<li><a title=\"Ver documento \" href=\"http:\/\/www.fiscalia.gov.co\/colombia\/wp-content\/uploads\/Informe_corte_a_13_diciembre_2013.pdf\" target=\"_blank\" rel=\"noopener noreferrer\">Informe Ley 1474 a 13 de diciembre de 2013<\/a>\u00a0&#8211; <span style=\"color: #888888;\">Publicado el 13 de diciembre de 2013\u00a0<\/span><\/li>\r\n \t<li><a title=\"Ver documento\" href=\"http:\/\/www.fiscalia.gov.co\/colombia\/wp-content\/uploads\/ReporteControlInterno20130831.pdf\" target=\"_blank\" rel=\"noopener noreferrer\">Informe Ley 1474 a 31 de agosto de 2013<\/a><span style=\"color: #888888;\">&#8211; Publicado el 4 de septiembre de 2013<\/span><\/li>\r\n \t<li><a title=\"Ver informe \" href=\"http:\/\/www.fiscalia.gov.co\/colombia\/wp-content\/uploads\/2012\/01\/ControlInterno20130430.pdf\" target=\"_blank\" rel=\"noopener noreferrer\">Informe Ley 1474 del 1 enero a 30 de abril de 2013<\/a>\u00a0&#8211;\u00a0<span style=\"color: #888888;\">Publicado el \u00a030 de abril de 2013<\/span><\/li>\r\n<\/ul>\r\n[\/vc_toggle][vc_toggle title=&#8221;Informes 2012&#8243;]A continuaci\u00f3n encontrar\u00e1 el informe pormenorizado del estado del control interno de la entidad, establecido en la Ley 1474 de 2011.\r\n<ul>\r\n \t<li><a title=\"Ver informe \" href=\"http:\/\/www.fiscalia.gov.co\/colombia\/wp-content\/uploads\/2012\/01\/ReporteControlInterno31_12_2012.pdf\" target=\"_blank\" rel=\"noopener noreferrer\">Informe Ley 1474 a 31 de diciembre de 2012 <\/a>&#8211; <span style=\"color: #888888;\">Publicado el 28 de diciembre de 2012\u00a0<\/span><\/li>\r\n \t<li><a title=\"Ver informe \" href=\"http:\/\/www.fiscalia.gov.co\/colombia\/wp-content\/uploads\/2012\/01\/ReporteControlInternoa31deagosto.pdf\" target=\"_blank\" rel=\"noopener noreferrer\">Informe Ley 1474\u00a0 del 1 de mayo a 31 de agosto de 2012 <\/a>&#8211; <span style=\"color: #808080;\">Publicado el 28 de agosto de 2012<\/span><\/li>\r\n \t<li><a title=\"Abrir informe\" href=\"http:\/\/www.fiscalia.gov.co\/colombia\/wp-content\/uploads\/2012\/01\/INF-1474-1er-IV-2012.pdf\">Informe Ley 1474 del 1 enero a 30 de abril de 2012<\/a> &#8211;<span style=\"color: #808080;\"> Publicado el\u00a0 27 de abril de 2012<\/span><\/li>\r\n \t<li><a title=\"Abrir documento\" href=\"http:\/\/www.fiscalia.gov.co\/colombia\/wp-content\/uploads\/2012\/01\/Informe-Ley-1474-de-2011.pdf\">Informe Ley 1474 a 30 de noviembre de 2011\u00a0<\/a>\u00a0 &#8211;<span style=\"color: #808080;\"> Publicado el 16 de enero de 2012\r\n<\/span><\/li>\r\n<\/ul>\r\n[\/vc_toggle]\r\n\r\n<b>\r\n<strong>4.8.2. Otros informes<\/strong>\r\n<\/b>\r\n\r\n[vc_toggle title=&#8221;4.8.2.1. Informe Derechos de Autor \u2013Software y Hardware&#8221;]\r\n\r\nInforme de Seguimiento Derechos de Autor \u2013Software y Hardware, establecido en la Circular 17 de 2011 modificada por la Circular 27 de 2023 de la Unidad Administrativa Especial de la Direcci\u00f3n Nacional de Derechos de Autor.\r\n\r\n<a href=\"https:\/\/www.fiscalia.gov.co\/colombia\/wp-content\/uploads\/Seguimiento-normativo-Derecho-de-Autor-Hardware-y-Software-2025-FGN.pdf\" target=\"_blank\" rel=\"noopener\">Informe Derechos de Autor \u2013Software y Hardware a 2025-12-31<\/a> &#8211; Publicado 2026-03-13\r\n\r\n<a href=\"https:\/\/www.fiscalia.gov.co\/colombia\/wp-content\/uploads\/Informe-Derechos-de-Autor-\u2013Software-y-Hardware-a-2024-12-31.pdf\" target=\"_blank\" rel=\"noopener\">Informe Derechos de Autor \u2013Software y Hardware a 2024-12-31<\/a> &#8211; Publicado 2025-02-28\r\n\r\n<a href=\"https:\/\/www.fiscalia.gov.co\/colombia\/wp-content\/uploads\/Informe-Derechos-de-Autor-\u2013Software-y-Hardware-a-2023-12-31.pdf\" target=\"_blank\" rel=\"noopener\">Informe Derechos de Autor \u2013Software y Hardware a 2023-12-31<\/a> &#8211; Publicado 2024-03-22\r\n\r\n<a href=\"https:\/\/www.fiscalia.gov.co\/colombia\/wp-content\/uploads\/Informe-Seguimiento-a-Derechos-de-Autor-Software-y-Hardware.pdf\" target=\"_blank\" rel=\"noopener\">Informe Derechos de Autor \u2013Software y Hardware a 2022-12-31<\/a>&#8211; Publicado 2023-04-17\r\n\r\n<a href=\"https:\/\/www.fiscalia.gov.co\/colombia\/wp-content\/uploads\/Informe-Derechos-de-Autor-\u2013Software-y-Hardware-a-2021-12-31.pdf\" target=\"_blank\" rel=\"noopener\">Informe Derechos de Autor \u2013Software y Hardware a 2021-12-31<\/a>\r\n\r\n[\/vc_toggle]\r\n\r\n[vc_toggle title=&#8221;4.8.2.2. Informe Sistema de Control Interno Contable de la FGN&#8221;]\r\n\r\nEvaluaci\u00f3n del Sistema de Control Interno Contable de la <strong>Fiscal\u00eda General de la Naci\u00f3n<\/strong> de acuerdo con lo establecido en la Resoluci\u00f3n No. 193 del 5 de mayo de 2016, expedida por la Contadur\u00eda General de la Naci\u00f3n (CGN).\r\n\r\n<a href=\"https:\/\/www.fiscalia.gov.co\/colombia\/wp-content\/uploads\/Informe-final-seg.-norm.-ECIC.-FGN.-FEAB.-Y-CIJ-vigencia-2025.pdf\" target=\"_blank\" rel=\"noopener\">Evaluaci\u00f3n del Sistema de Control Interno Contable de la FGN, FEAB Y CIJ a 2025-12-31<\/a> &#8211; Publicado 2026-03-24\r\n\r\n<a href=\"https:\/\/www.fiscalia.gov.co\/colombia\/wp-content\/uploads\/Evaluacion-del-sistema-de-control-interno-contable-de-la-FGN-2024-12-31.pdf\" target=\"_blank\" rel=\"noopener\">Evaluaci\u00f3n del Sistema de Control Interno Contable de la FGN a 2024-12-31<\/a> &#8211; Publicado 2025-02-28\r\n\r\n<a href=\"https:\/\/www.fiscalia.gov.co\/colombia\/wp-content\/uploads\/Evalucion-del-Sistema-de-Control-Interno-Contable-de-la-FGN-a-2023-12-31.pdf\" target=\"_blank\" rel=\"noopener\">Evaluaci\u00f3n del Sistema de Control Interno Contable de la FGN a 2023-12-31<\/a> &#8211; Publicado 2024-03-11\r\n\r\n<a href=\"https:\/\/www.fiscalia.gov.co\/colombia\/wp-content\/uploads\/EVALUACION-SISTEMA-CONTROL-INTERNO-CONTABLE-FGN-VIG-2022-1.pdf\" target=\"_blank\" rel=\"noopener\">Evaluaci\u00f3n del Sistema de Control Interno Contable de la FGN a 2022-12-31 <\/a>&#8211; Publicado 2023-03-07\r\n\r\n<a href=\"https:\/\/www.fiscalia.gov.co\/colombia\/wp-content\/uploads\/Evaluacio\u0301n-del-SCI-Contable-a-2021-12-31.pdf\" target=\"_blank\" rel=\"noopener\">Evaluaci\u00f3n del Sistema de Control Interno Contable de la FGN a 2021-12-31<\/a>\r\n\r\n[\/vc_toggle]\r\n\r\n[vc_toggle title=&#8221;4.8.2.3. Informe Sistema de Control Interno Contable FEAB&#8221;]\r\n\r\nEvaluaci\u00f3n del Sistema de Control Interno Contable del <strong>Fondo Especial para la Administraci\u00f3n de Bienes<\/strong> (FEAB) de la Fiscal\u00eda General de la Naci\u00f3n, de acuerdo con lo establecido en la Resoluci\u00f3n No. 193 del 5 de mayo de 2016, expedida por la Contadur\u00eda General de la Naci\u00f3n (CGN).\r\n<div>\r\n\r\nPara la vigencia 2025 el Informe del FEAB se encuentra integrado dentro del informe de la FGN, publicado en el numeral \u201c4.8.2.2. Informe Sistema de Control Interno Contable de la FGN\u201d \/ Evaluaci\u00f3n del Sistema de Control Interno Contable de la FGN, FEAB y CIJ a 2025-12-31 \u2013 Publicado 2026-03- 24.\r\n\r\n&nbsp;\r\n\r\n<\/div>\r\n<div><\/div>\r\n<div><\/div>\r\n<a href=\"https:\/\/www.fiscalia.gov.co\/colombia\/wp-content\/uploads\/Evaluacion-del-sistema-de-control-interno-contable-del-FEAB-2024-12-31.pdf\" target=\"_blank\" rel=\"noopener\">Evaluaci\u00f3n del Sistema de Control Interno Contable del FEAB a 2024-12-31<\/a> \u2013 Publicado 2025-02-28\r\n\r\n<a href=\"https:\/\/www.fiscalia.gov.co\/colombia\/wp-content\/uploads\/Evaluacion-del-Sistema-de-Control-Interno-Contable-del-FEAB-a-2023-12-31.pdf\" target=\"_blank\" rel=\"noopener\">Evaluaci\u00f3n del Sistema de Control Interno Contable del FEAB a 2023-12-31<\/a> \u2013 Publicado 2024-03-11\r\n\r\n<a href=\"https:\/\/www.fiscalia.gov.co\/colombia\/wp-content\/uploads\/EVALUACION-SISTEMA-DE-CONTROL-INTERNO-CONTABLE-FEAB-VIG-2022.pdf\" target=\"_blank\" rel=\"noopener\">Evaluaci\u00f3n del Sistema de Control Interno Contable del FEAB a 2022-12-31<\/a> \u2013 Publicado 2023-03-08\r\n\r\n[\/vc_toggle]\r\n\r\n[vc_toggle title=&#8221;4.8.2.4. Informe del Sistema de Control Interno Contable del FEAB&#8221;]\r\n\r\nEvaluaci\u00f3n del Sistema de Control Interno Contable de la <strong>Instituci\u00f3n Universitaria Conocimiento e Innovaci\u00f3n para la Justicia <\/strong>(CIJ), de acuerdo con lo establecido en la Resoluci\u00f3n No. 193 del 5 de mayo de 2016, expedida por la Contadur\u00eda General de la Naci\u00f3n (CGN).\r\n<div>\r\n<div>\r\n\r\nPara la vigencia 2025 el Informe del FEAB se encuentra integrado dentro del informe de la FGN, publicado en el numeral \u201c4.8.2.2. Informe Sistema de Control Interno Contable de la FGN\u201d \/ Evaluaci\u00f3n del Sistema de Control Interno Contable de la FGN, FEAB y CIJ a 2025-12-31 \u2013 Publicado 2026-03- 24.\r\n\r\n&nbsp;\r\n\r\n<\/div>\r\n<div><\/div>\r\n<\/div>\r\n<div><\/div>\r\n<a href=\"https:\/\/www.fiscalia.gov.co\/colombia\/wp-content\/uploads\/Evaluacion-del-sistema-de-control-interno-contable-de-la-CIJ-2024-12-31.pdf\" target=\"_blank\" rel=\"noopener\">Evaluaci\u00f3n del Sistema de Control Interno Contable de la CIJ a 2024-12-31<\/a> \u2013 Publicado 2025-02-28\r\n\r\n<a href=\"https:\/\/www.fiscalia.gov.co\/colombia\/wp-content\/uploads\/Evaluacion-del-Sistema-de-Control-Interno-Contable-de-la-CIJ-a-2023-12-31.pdf\" target=\"_blank\" rel=\"noopener\">Evaluaci\u00f3n del Sistema de Control Interno Contable de la CIJ a 2023-12-31 <\/a>\u2013 Publicado 2024-03-11\r\n\r\n<a href=\"https:\/\/www.fiscalia.gov.co\/colombia\/wp-content\/uploads\/EVALUACION-SISTEMA-DE-CONTROL-INTERNO-CONTABLE-CIJ-VIG-2022-.pdf\" target=\"_blank\" rel=\"noopener\">Evaluaci\u00f3n del Sistema de Control Interno Contable de la CIJ a 2022-12-31<\/a> \u2013 Publicado 2023-03-08\r\n\r\n[\/vc_toggle]\r\n\r\n[vc_toggle title=&#8221;4.8.2.5. Informe Seguimiento a la Ley de Transparencia&#8221;]\r\n\r\nInforme de Seguimiento al cumplimiento de la Ley 1712 de 2014 Ley de Transparencia y del acceso a la informaci\u00f3n p\u00fablica nacional, y Resoluci\u00f3n 1519 de 2020 MinTIC.\r\n\r\n<a href=\"https:\/\/www.fiscalia.gov.co\/colombia\/wp-content\/uploads\/2025-Acta-seguimiento-Ley-de-Transparencia-y-Resolucion-MinTIC-a-2025-07-18.pdf\" target=\"_blank\" rel=\"noopener\">2025 Acta Seguimiento Ley de Transparencia y Resoluci\u00f3n MinTIC a 2<span data-olk-copy-source=\"MessageBody\">025-07-18<\/span><\/a>\u00a0\u2013 publicado el 2025-07-28\r\n\r\n<a href=\"https:\/\/www.fiscalia.gov.co\/colombia\/wp-content\/uploads\/2024-Acta-Seguimiento-Ley-de-Transparencia-y-Resolucion-MinTIC-a-2024-07-26.pdf\" target=\"_blank\" rel=\"noopener\">2024 Acta Seguimiento Ley de Transparencia y Resoluci\u00f3n MinTIC a 2024-07-26<\/a> \u2013 publicado el 2024-08-02\r\n\r\n<a href=\"https:\/\/www.fiscalia.gov.co\/colombia\/wp-content\/uploads\/ACTA-FINAL-SEGUIMIENTO-LEY-TRANSPARENCIA-Y-RESOL-1519-DE-2020-JULIO-28-DE-2023_.pdf\" target=\"_blank\" rel=\"noopener\">2023 Acta Seguimiento Ley de Transparencia y Resoluci\u00f3n MinTIC a 2023-07-28<\/a>\u00a0\u2013 publicado el 2023-07-28\r\n\r\n<a href=\"https:\/\/www.fiscalia.gov.co\/colombia\/wp-content\/uploads\/Presentacion-Final-Resultados-Seguimiento-Transparencia-JULIO-28-de-2023.pdf\" target=\"_blank\" rel=\"noopener\">2023 Presentaci\u00f3n Seguimiento Ley de Transparencia y Resoluci\u00f3n MinTIC a 2023-07-28<\/a> \u2013 publicado el 2023-07-28\r\n\r\n<a href=\"https:\/\/www.fiscalia.gov.co\/colombia\/wp-content\/uploads\/2022-Acta-Seguimiento-Ley-de-Transparencia-y-Resolucion-MinTIC-a-2022-08-19.pdf\" target=\"_blank\" rel=\"noopener\">2022 Acta Seguimiento Ley de Transparencia y Resoluci\u00f3n MinTIC a 2022-08-19<\/a> \u2013 publicado el 2022-09-12\r\n\r\n<a href=\"https:\/\/www.fiscalia.gov.co\/colombia\/wp-content\/uploads\/2022-Presentacion-Seguimiento-Ley-de-Transparencia-y-Resolucion-MinTIC-a-2022-08-19.pps\" target=\"_blank\" rel=\"noopener\">2022 Presentaci\u00f3n Seguimiento Ley de Transparencia y Resoluci\u00f3n MinTIC a 2022-08-19<\/a> \u2013 publicado el 2022-09-12\r\n\r\n[\/vc_toggle][\/vc_column_text]<\/div><\/div><div class=\"vc_column tdi_6  wpb_column vc_column_container tdc-column td-pb-span4\">\n<style scoped>\n\/* custom css - generated by TagDiv Composer *\/\n\n\/* custom css - generated by TagDiv Composer *\/\n.tdi_6{\r\n                    vertical-align: baseline;\r\n                }.tdi_6 > .wpb_wrapper,\r\n\t\t\t\t.tdi_6 > .wpb_wrapper > .tdc-elements{\r\n\t\t\t\t    display: block;\r\n\t\t\t\t}.tdi_6 > .wpb_wrapper > .tdc-elements{\r\n\t\t\t\t    width: 100%;\r\n\t\t\t\t}.tdi_6 > .wpb_wrapper > .vc_row_inner{\r\n\t\t\t\t    width: auto;\r\n\t\t\t\t}.tdi_6 > .wpb_wrapper{\r\n\t\t\t\t    width: auto;\r\n\t\t\t\t    height: auto;\r\n\t\t\t\t}\n<\/style><div class=\"wpb_wrapper\" ><div class=\"wpb_wrapper td_block_wrap vc_raw_html tdi_8 \"><div class=\"td-fix-index\"><h4 class=\"block-title\"><span>TRANSPARENCIA<\/span><\/h4><\/div><\/div>[vc_wp_custommenu nav_menu=&#8221;24165&#8243;]<\/div><\/div><\/div><\/div>\r\n\r\n&nbsp;<\/section>\n<div class=\"twitter-share\"><a href=\"https:\/\/twitter.com\/intent\/tweet?via=fiscaliacol\" class=\"twitter-share-button\">Tweet<\/a><\/div>\n","protected":false},"excerpt":{"rendered":"<p>&nbsp;<\/p>\n","protected":false},"author":143,"featured_media":0,"parent":8562,"menu_order":8,"comment_status":"open","ping_status":"closed","template":"page-pagebuilder-title.php","meta":{"_price":"","_stock":"","_tribe_ticket_header":"","_tribe_default_ticket_provider":"","_tribe_ticket_capacity":"0","_ticket_start_date":"","_ticket_end_date":"","_tribe_ticket_show_description":"","_tribe_ticket_show_not_going":false,"_tribe_ticket_use_global_stock":"","_tribe_ticket_global_stock_level":"","_global_stock_mode":"","_global_stock_cap":"","_tribe_rsvp_for_event":"","_tribe_ticket_going_count":"","_tribe_ticket_not_going_count":"","_tribe_tickets_list":"[]","_tribe_ticket_has_attendee_info_fields":false,"tdm_status":"","tdm_grid_status":"","footnotes":"","_tec_slr_enabled":"","_tec_slr_layout":""},"class_list":["post-8586","page","type-page","status-publish"],"yoast_head":"<!-- This site is optimized with the Yoast SEO plugin v24.3 - https:\/\/yoast.com\/wordpress\/plugins\/seo\/ -->\n<title>Fiscal\u00eda General de la Naci\u00f3n<\/title>\n<meta name=\"description\" content=\"P\u00e1gina oficial de la Fiscal\u00eda General de la Naci\u00f3n \u2013 Colombia. Garantizamos el acceso efectivo a la justicia, la verdad y la reparaci\u00f3n de las v\u00edctimas de los delitos.\" \/>\n<meta name=\"robots\" content=\"index, follow, max-snippet:-1, max-image-preview:large, max-video-preview:-1\" \/>\n<link rel=\"canonical\" href=\"https:\/\/www.fiscalia.gov.co\/colombia\/gestion\/reportes-de-control-interno\/\" \/>\n<meta property=\"og:locale\" content=\"es_ES\" \/>\n<meta property=\"og:type\" content=\"article\" \/>\n<meta property=\"og:title\" content=\"Fiscal\u00eda General de la Naci\u00f3n\" \/>\n<meta property=\"og:description\" content=\"P\u00e1gina oficial de la Fiscal\u00eda General de la Naci\u00f3n \u2013 Colombia. Garantizamos el acceso efectivo a la justicia, la verdad y la reparaci\u00f3n de las v\u00edctimas de los delitos.\" \/>\n<meta property=\"og:url\" content=\"https:\/\/www.fiscalia.gov.co\/colombia\/gestion\/reportes-de-control-interno\/\" \/>\n<meta property=\"og:site_name\" content=\"Fiscal\u00eda General de la Naci\u00f3n\" \/>\n<meta property=\"article:publisher\" content=\"https:\/\/www.facebook.com\/FiscaliaCol\" \/>\n<meta property=\"article:modified_time\" content=\"2026-04-27T15:24:08+00:00\" \/>\n<meta name=\"twitter:card\" content=\"summary_large_image\" \/>\n<meta name=\"twitter:site\" content=\"@FiscaliaCol\" \/>\n<meta name=\"twitter:label1\" content=\"Tiempo de lectura\" \/>\n\t<meta name=\"twitter:data1\" content=\"8 minutos\" \/>\n<script type=\"application\/ld+json\" class=\"yoast-schema-graph\">{\"@context\":\"https:\/\/schema.org\",\"@graph\":[{\"@type\":\"WebPage\",\"@id\":\"https:\/\/www.fiscalia.gov.co\/colombia\/gestion\/reportes-de-control-interno\/\",\"url\":\"https:\/\/www.fiscalia.gov.co\/colombia\/gestion\/reportes-de-control-interno\/\",\"name\":\"Fiscal\u00eda General de la Naci\u00f3n\",\"isPartOf\":{\"@id\":\"https:\/\/www.fiscalia.gov.co\/colombia\/#website\"},\"datePublished\":\"2012-01-05T15:46:04+00:00\",\"dateModified\":\"2026-04-27T15:24:08+00:00\",\"description\":\"P\u00e1gina oficial de la Fiscal\u00eda General de la Naci\u00f3n \u2013 Colombia. Garantizamos el acceso efectivo a la justicia, la verdad y la reparaci\u00f3n de las v\u00edctimas de los delitos.\",\"breadcrumb\":{\"@id\":\"https:\/\/www.fiscalia.gov.co\/colombia\/gestion\/reportes-de-control-interno\/#breadcrumb\"},\"inLanguage\":\"es-CO\",\"potentialAction\":[{\"@type\":\"ReadAction\",\"target\":[\"https:\/\/www.fiscalia.gov.co\/colombia\/gestion\/reportes-de-control-interno\/\"]}]},{\"@type\":\"BreadcrumbList\",\"@id\":\"https:\/\/www.fiscalia.gov.co\/colombia\/gestion\/reportes-de-control-interno\/#breadcrumb\",\"itemListElement\":[{\"@type\":\"ListItem\",\"position\":1,\"name\":\"Home\",\"item\":\"https:\/\/www.fiscalia.gov.co\/colombia\/\"},{\"@type\":\"ListItem\",\"position\":2,\"name\":\"Gesti\u00f3n\",\"item\":\"https:\/\/www.fiscalia.gov.co\/colombia\/gestion\/\"},{\"@type\":\"ListItem\",\"position\":3,\"name\":\"Informes de control interno\"}]},{\"@type\":\"WebSite\",\"@id\":\"https:\/\/www.fiscalia.gov.co\/colombia\/#website\",\"url\":\"https:\/\/www.fiscalia.gov.co\/colombia\/\",\"name\":\"Fiscal\u00eda General de la Naci\u00f3n\",\"description\":\"P\u00e1gina oficial de la Fiscal\u00eda General de la Naci\u00f3n \u2013 Colombia. Garantizamos el acceso efectivo a la justicia, la verdad y la reparaci\u00f3n de las v\u00edctimas de los delitos.\",\"publisher\":{\"@id\":\"https:\/\/www.fiscalia.gov.co\/colombia\/#organization\"},\"potentialAction\":[{\"@type\":\"SearchAction\",\"target\":{\"@type\":\"EntryPoint\",\"urlTemplate\":\"https:\/\/www.fiscalia.gov.co\/colombia\/?s={search_term_string}\"},\"query-input\":{\"@type\":\"PropertyValueSpecification\",\"valueRequired\":true,\"valueName\":\"search_term_string\"}}],\"inLanguage\":\"es-CO\"},{\"@type\":\"Organization\",\"@id\":\"https:\/\/www.fiscalia.gov.co\/colombia\/#organization\",\"name\":\"Fiscal\u00eda General de la Naci\u00f3n\",\"url\":\"https:\/\/www.fiscalia.gov.co\/colombia\/\",\"logo\":{\"@type\":\"ImageObject\",\"inLanguage\":\"es-CO\",\"@id\":\"https:\/\/www.fiscalia.gov.co\/colombia\/#\/schema\/logo\/image\/\",\"url\":\"https:\/\/www.fiscalia.gov.co\/colombia\/wp-content\/uploads\/LogoHorizontal_1.jpg\",\"contentUrl\":\"https:\/\/www.fiscalia.gov.co\/colombia\/wp-content\/uploads\/LogoHorizontal_1.jpg\",\"width\":300,\"height\":90,\"caption\":\"Fiscal\u00eda General de la Naci\u00f3n\"},\"image\":{\"@id\":\"https:\/\/www.fiscalia.gov.co\/colombia\/#\/schema\/logo\/image\/\"},\"sameAs\":[\"https:\/\/www.facebook.com\/FiscaliaCol\",\"https:\/\/x.com\/FiscaliaCol\",\"https:\/\/www.instagram.com\/fiscaliacol\",\"https:\/\/www.linkedin.com\/company\/fiscalia-general-de-la-naci-n\/\",\"https:\/\/youtube.com\/@fiscaliageneraldelanacion-4668?si=6nN79nyQICPU5iTh\"]}]}<\/script>\n<!-- \/ Yoast SEO plugin. -->","yoast_head_json":{"title":"Fiscal\u00eda General de la Naci\u00f3n","description":"P\u00e1gina oficial de la Fiscal\u00eda General de la Naci\u00f3n \u2013 Colombia. Garantizamos el acceso efectivo a la justicia, la verdad y la reparaci\u00f3n de las v\u00edctimas de los delitos.","robots":{"index":"index","follow":"follow","max-snippet":"max-snippet:-1","max-image-preview":"max-image-preview:large","max-video-preview":"max-video-preview:-1"},"canonical":"https:\/\/www.fiscalia.gov.co\/colombia\/gestion\/reportes-de-control-interno\/","og_locale":"es_ES","og_type":"article","og_title":"Fiscal\u00eda General de la Naci\u00f3n","og_description":"P\u00e1gina oficial de la Fiscal\u00eda General de la Naci\u00f3n \u2013 Colombia. Garantizamos el acceso efectivo a la justicia, la verdad y la reparaci\u00f3n de las v\u00edctimas de los delitos.","og_url":"https:\/\/www.fiscalia.gov.co\/colombia\/gestion\/reportes-de-control-interno\/","og_site_name":"Fiscal\u00eda General de la Naci\u00f3n","article_publisher":"https:\/\/www.facebook.com\/FiscaliaCol","article_modified_time":"2026-04-27T15:24:08+00:00","twitter_card":"summary_large_image","twitter_site":"@FiscaliaCol","twitter_misc":{"Tiempo de lectura":"8 minutos"},"schema":{"@context":"https:\/\/schema.org","@graph":[{"@type":"WebPage","@id":"https:\/\/www.fiscalia.gov.co\/colombia\/gestion\/reportes-de-control-interno\/","url":"https:\/\/www.fiscalia.gov.co\/colombia\/gestion\/reportes-de-control-interno\/","name":"Fiscal\u00eda General de la Naci\u00f3n","isPartOf":{"@id":"https:\/\/www.fiscalia.gov.co\/colombia\/#website"},"datePublished":"2012-01-05T15:46:04+00:00","dateModified":"2026-04-27T15:24:08+00:00","description":"P\u00e1gina oficial de la Fiscal\u00eda General de la Naci\u00f3n \u2013 Colombia. Garantizamos el acceso efectivo a la justicia, la verdad y la reparaci\u00f3n de las v\u00edctimas de los delitos.","breadcrumb":{"@id":"https:\/\/www.fiscalia.gov.co\/colombia\/gestion\/reportes-de-control-interno\/#breadcrumb"},"inLanguage":"es-CO","potentialAction":[{"@type":"ReadAction","target":["https:\/\/www.fiscalia.gov.co\/colombia\/gestion\/reportes-de-control-interno\/"]}]},{"@type":"BreadcrumbList","@id":"https:\/\/www.fiscalia.gov.co\/colombia\/gestion\/reportes-de-control-interno\/#breadcrumb","itemListElement":[{"@type":"ListItem","position":1,"name":"Home","item":"https:\/\/www.fiscalia.gov.co\/colombia\/"},{"@type":"ListItem","position":2,"name":"Gesti\u00f3n","item":"https:\/\/www.fiscalia.gov.co\/colombia\/gestion\/"},{"@type":"ListItem","position":3,"name":"Informes de control interno"}]},{"@type":"WebSite","@id":"https:\/\/www.fiscalia.gov.co\/colombia\/#website","url":"https:\/\/www.fiscalia.gov.co\/colombia\/","name":"Fiscal\u00eda General de la Naci\u00f3n","description":"P\u00e1gina oficial de la Fiscal\u00eda General de la Naci\u00f3n \u2013 Colombia. Garantizamos el acceso efectivo a la justicia, la verdad y la reparaci\u00f3n de las v\u00edctimas de los delitos.","publisher":{"@id":"https:\/\/www.fiscalia.gov.co\/colombia\/#organization"},"potentialAction":[{"@type":"SearchAction","target":{"@type":"EntryPoint","urlTemplate":"https:\/\/www.fiscalia.gov.co\/colombia\/?s={search_term_string}"},"query-input":{"@type":"PropertyValueSpecification","valueRequired":true,"valueName":"search_term_string"}}],"inLanguage":"es-CO"},{"@type":"Organization","@id":"https:\/\/www.fiscalia.gov.co\/colombia\/#organization","name":"Fiscal\u00eda General de la Naci\u00f3n","url":"https:\/\/www.fiscalia.gov.co\/colombia\/","logo":{"@type":"ImageObject","inLanguage":"es-CO","@id":"https:\/\/www.fiscalia.gov.co\/colombia\/#\/schema\/logo\/image\/","url":"https:\/\/www.fiscalia.gov.co\/colombia\/wp-content\/uploads\/LogoHorizontal_1.jpg","contentUrl":"https:\/\/www.fiscalia.gov.co\/colombia\/wp-content\/uploads\/LogoHorizontal_1.jpg","width":300,"height":90,"caption":"Fiscal\u00eda General de la Naci\u00f3n"},"image":{"@id":"https:\/\/www.fiscalia.gov.co\/colombia\/#\/schema\/logo\/image\/"},"sameAs":["https:\/\/www.facebook.com\/FiscaliaCol","https:\/\/x.com\/FiscaliaCol","https:\/\/www.instagram.com\/fiscaliacol","https:\/\/www.linkedin.com\/company\/fiscalia-general-de-la-naci-n\/","https:\/\/youtube.com\/@fiscaliageneraldelanacion-4668?si=6nN79nyQICPU5iTh"]}]}},"ticketed":false,"_links":{"self":[{"href":"https:\/\/www.fiscalia.gov.co\/colombia\/wp-json\/wp\/v2\/pages\/8586","targetHints":{"allow":["GET"]}}],"collection":[{"href":"https:\/\/www.fiscalia.gov.co\/colombia\/wp-json\/wp\/v2\/pages"}],"about":[{"href":"https:\/\/www.fiscalia.gov.co\/colombia\/wp-json\/wp\/v2\/types\/page"}],"author":[{"embeddable":true,"href":"https:\/\/www.fiscalia.gov.co\/colombia\/wp-json\/wp\/v2\/users\/143"}],"replies":[{"embeddable":true,"href":"https:\/\/www.fiscalia.gov.co\/colombia\/wp-json\/wp\/v2\/comments?post=8586"}],"version-history":[{"count":157,"href":"https:\/\/www.fiscalia.gov.co\/colombia\/wp-json\/wp\/v2\/pages\/8586\/revisions"}],"predecessor-version":[{"id":362573,"href":"https:\/\/www.fiscalia.gov.co\/colombia\/wp-json\/wp\/v2\/pages\/8586\/revisions\/362573"}],"up":[{"embeddable":true,"href":"https:\/\/www.fiscalia.gov.co\/colombia\/wp-json\/wp\/v2\/pages\/8562"}],"wp:attachment":[{"href":"https:\/\/www.fiscalia.gov.co\/colombia\/wp-json\/wp\/v2\/media?parent=8586"}],"curies":[{"name":"wp","href":"https:\/\/api.w.org\/{rel}","templated":true}]}}