{"id":8585,"date":"2012-01-05T10:45:43","date_gmt":"2012-01-05T15:45:43","guid":{"rendered":"http:\/\/www.fiscalia.gov.co\/colombia\/?page_id=8585"},"modified":"2026-03-09T11:30:09","modified_gmt":"2026-03-09T16:30:09","slug":"plan-de-mejoramiento","status":"publish","type":"page","link":"https:\/\/www.fiscalia.gov.co\/colombia\/gestion\/plan-de-mejoramiento\/","title":{"rendered":"Planes de mejoramiento"},"content":{"rendered":"<section class=\"wpb-content-wrapper\"><div id=\"tdi_1\" class=\"tdc-row\"><div class=\"vc_row tdi_2  wpb_row td-pb-row\" >\n<style scoped>\n\/* custom css - generated by TagDiv Composer *\/\n\n\/* custom css - generated by TagDiv Composer *\/\n.tdi_2,\r\n                .tdi_2 .tdc-columns{\r\n                    min-height: 0;\r\n                }.tdi_2,\r\n\t\t\t\t.tdi_2 .tdc-columns{\r\n\t\t\t\t    display: block;\r\n\t\t\t\t}.tdi_2 .tdc-columns{\r\n\t\t\t\t    width: 100%;\r\n\t\t\t\t}.tdi_2:before,\r\n\t\t\t\t.tdi_2:after{\r\n\t\t\t\t    display: table;\r\n\t\t\t\t}\n<\/style><div class=\"vc_column tdi_4  wpb_column vc_column_container tdc-column td-pb-span8\">\n<style scoped>\n\/* custom css - generated by TagDiv Composer *\/\n\n\/* custom css - generated by TagDiv Composer *\/\n.tdi_4{\r\n                    vertical-align: baseline;\r\n                }.tdi_4 > .wpb_wrapper,\r\n\t\t\t\t.tdi_4 > .wpb_wrapper > .tdc-elements{\r\n\t\t\t\t    display: block;\r\n\t\t\t\t}.tdi_4 > .wpb_wrapper > .tdc-elements{\r\n\t\t\t\t    width: 100%;\r\n\t\t\t\t}.tdi_4 > .wpb_wrapper > .vc_row_inner{\r\n\t\t\t\t    width: auto;\r\n\t\t\t\t}.tdi_4 > .wpb_wrapper{\r\n\t\t\t\t    width: auto;\r\n\t\t\t\t    height: auto;\r\n\t\t\t\t}\n<\/style><div class=\"wpb_wrapper\" >[vc_column_text]A continuaci\u00f3n encontrar\u00e1 los Planes de Mejoramiento requeridos por la Contralor\u00eda General de la Rep\u00fablica.[\/vc_column_text]\r\n\r\n[vc_toggle title=&#8221;Plan de mejoramiento 2025&#8243;]\r\n<ul>\r\n \t<li><a href=\"https:\/\/www.fiscalia.gov.co\/colombia\/wp-content\/uploads\/A-31-de-diciembre-2025-PDF.pdf\" target=\"_blank\" rel=\"noopener\">A 31 de diciembre 2025 (formato PDF)<\/a> \u2013 Publicado 2026-02-27<\/li>\r\n \t<li><a href=\"https:\/\/www.fiscalia.gov.co\/colombia\/wp-content\/uploads\/A-31-de-diciembre-2025.docx\" target=\"_blank\" rel=\"noopener\">A 31 de diciembre 2025 (formato word) <\/a>\u2013 Publicado 2026-02-27<\/li>\r\n \t<li><a href=\"https:\/\/www.fiscalia.gov.co\/colombia\/wp-content\/uploads\/A-30-de-junio-de-2025-formato-PDF.pdf\" target=\"_blank\" rel=\"noopener\">A 30 de junio 2025 (formato PDF)<\/a> &#8211; Publicado 2025-08-21<\/li>\r\n \t<li><a href=\"https:\/\/www.fiscalia.gov.co\/colombia\/wp-content\/uploads\/A-30-de-junio-de-2025-formato-word.docx\" target=\"_blank\" rel=\"noopener\">A 30 de junio 2025 (formato word)<\/a> &#8211; Publicado 2025-08-21<\/li>\r\n<\/ul>\r\n[\/vc_toggle][vc_toggle title=&#8221;Plan de mejoramiento 2024&#8243;]\r\n<ul>\r\n \t<li><a href=\"https:\/\/www.fiscalia.gov.co\/colombia\/wp-content\/uploads\/A-31-de-diciembre-2024-formato-PDF.pdf\" target=\"_blank\" rel=\"noopener\">A 31 de diciembre 2024 (formato PDF) <\/a>&#8211; Publicado 2025-02-18<\/li>\r\n \t<li><a href=\"https:\/\/www.fiscalia.gov.co\/colombia\/wp-content\/uploads\/A-31-de-diciembre-2024-formato-docs.docx\" target=\"_blank\" rel=\"noopener\">A 31 de diciembre 2024 (formato word) <\/a>&#8211; Publicado 2025-02-18<\/li>\r\n \t<li><a href=\"https:\/\/www.fiscalia.gov.co\/colombia\/wp-content\/uploads\/A-30-de-Junio-2024-formato-PDF.pdf\" target=\"_blank\" rel=\"noopener\">A 30 de junio 2024 (formato PDF)<\/a> &#8211; Publicado 2024-08-01<\/li>\r\n \t<li><a href=\"https:\/\/www.fiscalia.gov.co\/colombia\/wp-content\/uploads\/A-30-de-Junio-2024-formato-Word.docx\" target=\"_blank\" rel=\"noopener\">A 30 de junio 2024 (formato word)<\/a> &#8211; Publicado 2024-08-01<\/li>\r\n<\/ul>\r\n[\/vc_toggle][vc_toggle title=&#8221;Plan de mejoramiento 2023&#8243;]\r\n<ul>\r\n \t<li><a href=\"https:\/\/www.fiscalia.gov.co\/colombia\/wp-content\/uploads\/A-31-de-diciembre-2023-formato-PDF.pdf\" target=\"_blank\" rel=\"noopener\">A 31 de diciembre 2023 (formato PDF)<\/a> &#8211; Publicado 2024-01-31<\/li>\r\n \t<li><a href=\"https:\/\/www.fiscalia.gov.co\/colombia\/wp-content\/uploads\/A-31-de-diciembre-2023-formato-word.docx\" target=\"_blank\" rel=\"noopener\">A 31 de diciembre 2023 (formato word) <\/a>&#8211; Publicado 2024-01-31<\/li>\r\n \t<li><a href=\"https:\/\/www.fiscalia.gov.co\/colombia\/wp-content\/uploads\/INFORME-SEGUIMIENTO-PLANES-DE-MEJORAMIENTO-SUSCRITOS-CON-CGR-A-30-JUNIO-2023.pdf\" target=\"_blank\" rel=\"noopener\">A 30 de junio 2023 (formato PDF)<\/a> &#8211; Publicado 2023-08-09<\/li>\r\n \t<li><a href=\"https:\/\/www.fiscalia.gov.co\/colombia\/wp-content\/uploads\/INFORME-SEGUIMIENTO-PLANES-DE-MEJORAMIENTO-SUSCRITOS-CON-CGR-A-30-JUNIO-2023.docx\" target=\"_blank\" rel=\"noopener\">A 30 de junio 2023 (formato word)<\/a> &#8211; Publicado 2023-08-09<\/li>\r\n<\/ul>\r\n[\/vc_toggle][vc_toggle title=&#8221;Plan de mejoramiento 2022&#8243;]\r\n<ul>\r\n \t<li><a href=\"https:\/\/www.fiscalia.gov.co\/colombia\/wp-content\/uploads\/INFORME-SGTO.-PLANES-DE-MEJORAMIENTO-SUSCRITOS-CON-LA-CGR-31-DIC.-2022.pdf\" target=\"_blank\" rel=\"noopener\">A 31 de diciembre de 2022 (formato PDF)<\/a> &#8211; Publicado 2023-03-07<\/li>\r\n \t<li><a href=\"https:\/\/www.fiscalia.gov.co\/colombia\/wp-content\/uploads\/INFORME-FINAL-SGTO-PM-AUDITORIA-FRA-2019-2020-2021-31-XII-2022.docx\" target=\"_blank\" rel=\"noopener\">A 31 de diciembre de 2022 (formato word)<\/a> &#8211; Publicado 2023-03-07<\/li>\r\n \t<li><a href=\"https:\/\/www.fiscalia.gov.co\/colombia\/wp-content\/uploads\/INFORME-FINAL-SEGUIMIENTO-PLANES-DE-MEJORAMIENTO-AFRA-2019-2020-CORTE-30-VI-2022.pdf\" target=\"_blank\" rel=\"noopener\">A 30 de junio de 2022 (formato PDF)<\/a> &#8211; Publicado 2022-08-22<\/li>\r\n \t<li><a href=\"https:\/\/www.fiscalia.gov.co\/colombia\/wp-content\/uploads\/INFORME-FINAL-SEGUIMIENTO-PLANES-DE-MEJORAMIENTO-AFRA-2019-2020-CORTE-30-VI-2022.docx\" target=\"_blank\" rel=\"noopener\">A 30 de junio de 2022 (formato word)<\/a> &#8211; Publicado 2022-08-22<\/li>\r\n<\/ul>\r\n[\/vc_toggle][vc_toggle title=&#8221;Plan de mejoramiento 2021&#8243;]\r\n<ul>\r\n \t<li><a href=\"https:\/\/www.fiscalia.gov.co\/colombia\/wp-content\/uploads\/INFORME-FINAL-SGTO-PM-AFRA-2019-2020-31-XII-2021.pdf\" target=\"_blank\" rel=\"noopener noreferrer\">A 31 de diciembre de 2021 (formato PDF)<\/a> &#8211; Publicado 2022-02-15<\/li>\r\n \t<li><a href=\"https:\/\/www.fiscalia.gov.co\/colombia\/wp-content\/uploads\/INFORME-SEGUIMIENTO-PM-AFRA-2019-2020-CORTE-31-XII-2021-R..docx\" target=\"_blank\" rel=\"noopener noreferrer\">A 31 de diciembre de 2021 (formato word)<\/a> &#8211; Publicado 2022-02-15<\/li>\r\n \t<li><a href=\"https:\/\/www.fiscalia.gov.co\/colombia\/wp-content\/uploads\/3.e.INFORME-FINAL-SEGUIMIENTO-PLANES-DE-MEJORAMIENTO-CORTE-30-JUN-2021-V.2.docx\" target=\"_blank\" rel=\"noopener noreferrer\">A 30 de junio de 2021<\/a> &#8211; Publicado 2021-07-29<\/li>\r\n<\/ul>\r\n[\/vc_toggle][vc_toggle title=&#8221;Plan de mejoramiento 2020&#8243;]\r\n<ul>\r\n \t<li><a href=\"https:\/\/www.fiscalia.gov.co\/colombia\/wp-content\/uploads\/INFORME-FINAL-SEGUIMIENTO-PLANES-DE-MEJORAMIENTO-CORTE-31-12-2020.pdf\" target=\"_blank\" rel=\"noopener noreferrer\">A 31 de diciembre de 2020<\/a> &#8211; Publicado 2021-02-26<\/li>\r\n \t<li><a href=\"https:\/\/www.fiscalia.gov.co\/colombia\/wp-content\/uploads\/SEGUIMIENTO-P.M.-A-30-DE-JUNIO-DE-2020.pdf\" target=\"_blank\" rel=\"noopener noreferrer\">A 30 de junio de 2020<\/a> &#8211; Publicado 2020-08-06<\/li>\r\n<\/ul>\r\n[\/vc_toggle][vc_toggle title=&#8221;Plan de mejoramiento 2019&#8243;]\r\n<ul>\r\n \t<li><a href=\"https:\/\/www.fiscalia.gov.co\/colombia\/wp-content\/uploads\/INFORME-SEGUIMIENTO-PLAN-DE-MEJORAMIENTO-CON-CGR-CON-CORTE-A-31-DE-DICIEMBRE-DE-2019.pdf\" target=\"_blank\" rel=\"noopener noreferrer\">A 31 de diciembre de 2019<\/a> &#8211; Publicado 2020-02-18<\/li>\r\n \t<li><a href=\"https:\/\/www.fiscalia.gov.co\/colombia\/wp-content\/uploads\/INFORME-SEGUIMIENTO-PLAN-DE-MEJORAMIENTO-CON-CGR-CON-CORTE-A-30-DE-JUNIO-DE-2019.pdf\">A 30 de junio de 2019<\/a>\u00a0&#8211;\u00a0Publicado 2019-11-06<\/li>\r\n<\/ul>\r\n[\/vc_toggle][vc_toggle title=&#8221;Plan de mejoramiento 2018&#8243;]\r\n<ul>\r\n \t<li><a href=\"https:\/\/www.fiscalia.gov.co\/colombia\/wp-content\/uploads\/INFORME-SEGUIMIENTO-PLAN-DE-MEJORAMIENTO-CON-CGR-CON-CORTE-A-31-DE-DICIEMBRE-DE-2018.pdf\" target=\"_blank\" rel=\"noopener noreferrer\">A 31 de diciembre<\/a> &#8211; Publicado 2019-03-07<\/li>\r\n \t<li><a href=\"https:\/\/www.fiscalia.gov.co\/colombia\/wp-content\/uploads\/INFORME-SEGUIMIENTO-PLAN-MEJORAMIENTO-CON-CGR-CON-CORTE-A-30-DE-JUNIO-DE-2018-1.pdf\" target=\"_blank\" rel=\"noopener noreferrer\">A 30 de\u00a0junio\u00a0<\/a>&#8211; Publicado el 1 de agosto de 2018<\/li>\r\n<\/ul>\r\n[\/vc_toggle][vc_toggle title=&#8221;Plan de mejoramiento 2017&#8243;]\r\n<ul>\r\n \t<li><a href=\"https:\/\/www.fiscalia.gov.co\/colombia\/wp-content\/uploads\/INFORME-PLAN-MEJORAMIENTO-SEGUIMIENTO-2-SEM.-2017-31-12-2017.pdf\" target=\"_blank\" rel=\"noopener noreferrer\">A 31 de diciembre<\/a> &#8211; Publicado el 22 de febrero de 2018<\/li>\r\n \t<li><a href=\"http:\/\/www.fiscalia.gov.co\/colombia\/wp-content\/uploads\/INFORME-DEFINITIVO-PLAN-MEJORAMIENTO-SEGUIMIENTO-1-SEM.-2017.pdf\" target=\"_blank\" rel=\"noopener noreferrer\">A 30 de\u00a0junio<\/a>\u00a0&#8211; Publicado el 10 de agosto de 2017<\/li>\r\n<\/ul>\r\n[\/vc_toggle][vc_toggle title=&#8221;Plan de mejoramiento 2016&#8243;]\r\n<ul>\r\n \t<li><a title=\"Ver plan\" href=\"http:\/\/www.fiscalia.gov.co\/colombia\/wp-content\/uploads\/INFORME-SEGUIMIENTO-PLAN-MEJORAMIENTO-CON-CORTE-A-31-DICIEMBRE-2016.pdf\" target=\"_blank\" rel=\"noopener noreferrer\">A 31 de diciembre<\/a><\/li>\r\n \t<li><a title=\"Ver Plan\" href=\"http:\/\/www.fiscalia.gov.co\/colombia\/wp-content\/uploads\/Informe-SISPLAM-Primer-Semestre-de-2016.pdf\" target=\"_blank\" rel=\"noopener noreferrer\">A 30 de\u00a0junio<\/a><\/li>\r\n<\/ul>\r\n[\/vc_toggle][vc_toggle title=&#8221;Plan de mejoramiento 2015&#8243;]\r\n<ul>\r\n \t<li><a title=\"Ver plan\" href=\"http:\/\/www.fiscalia.gov.co\/colombia\/wp-content\/uploads\/INFORME-FINAL-CGR-CON-CORTE-A-301215.pdf\" target=\"_blank\" rel=\"noopener noreferrer\">A 31 de diciembre<\/a><\/li>\r\n \t<li><a title=\"Ver Plan\" href=\"http:\/\/www.fiscalia.gov.co\/colombia\/wp-content\/uploads\/20151800002713.pdf\" target=\"_blank\" rel=\"noopener noreferrer\">A 30 de\u00a0junio<\/a><\/li>\r\n<\/ul>\r\n[\/vc_toggle][vc_toggle title=&#8221;Plan de mejoramiento 2014&#8243;]\r\n<ul>\r\n \t<li><a title=\"Ver documento\" href=\"https:\/\/www.fiscalia.gov.co\/colombia\/wp-content\/uploads\/INFORME-FINAL-CGR-CON-CORTE-A-311214.pdf\" target=\"_blank\" rel=\"noopener noreferrer\">A 31 de diciembre<\/a><\/li>\r\n \t<li><a title=\"Ver documento\" href=\"https:\/\/www.fiscalia.gov.co\/colombia\/wp-content\/uploads\/INFORME-FINAL-CGR-30-06-2014.pdf\" target=\"_blank\" rel=\"noopener noreferrer\">A 30 de junio<\/a><\/li>\r\n<\/ul>\r\n[\/vc_toggle][vc_toggle title=&#8221;Plan de mejoramiento 2013&#8243;]\r\n<ul>\r\n \t<li><a title=\"Ver documento \" href=\"https:\/\/www.fiscalia.gov.co\/colombia\/wp-content\/uploads\/INFORME_FINAL_CGR_31_-12_-2013.pdf\" target=\"_blank\" rel=\"noopener noreferrer\">A 31 de diciembre<\/a><\/li>\r\n \t<li><a title=\"Ver informe \" href=\"https:\/\/www.fiscalia.gov.co\/colombia\/wp-content\/uploads\/PlandeMejoramiento20130630.pdf\" target=\"_blank\" rel=\"noopener noreferrer\">A 30 de junio<\/a><\/li>\r\n<\/ul>\r\n[\/vc_toggle][vc_toggle title=&#8221;Plan de mejoramiento 2012&#8243;]\r\n<ul>\r\n \t<li><a title=\"Ver plan de mejoramiento \" href=\"https:\/\/www.fiscalia.gov.co\/colombia\/wp-content\/uploads\/2012\/01\/PlandeMejoramiento20121231.pdf\" target=\"_blank\" rel=\"noopener noreferrer\">A 31 de diciembre<\/a><\/li>\r\n \t<li><a title=\"Ver informe\" href=\"https:\/\/www.fiscalia.gov.co\/colombia\/wp-content\/uploads\/2012\/01\/Informe30_06_2012.pdf\" target=\"_blank\" rel=\"noopener noreferrer\">A 30 de junio<\/a><\/li>\r\n<\/ul>\r\n[\/vc_toggle][vc_toggle title=&#8221;Plan de mejoramiento 2011&#8243;]\r\n<ul>\r\n \t<li><a title=\"Ver \" href=\"https:\/\/www.fiscalia.gov.co\/colombia\/wp-content\/uploads\/2012\/01\/INFORME-FINAL-CGR-31-12-2011.pdf\" target=\"_blank\" rel=\"noopener noreferrer\">A 31 de diciembre<\/a><\/li>\r\n \t<li><a title=\"Ver documento\" href=\"https:\/\/www.fiscalia.gov.co\/colombia\/wp-content\/uploads\/2012\/01\/InformeConsolidado30_09_2011.pdf\" target=\"_blank\" rel=\"noopener noreferrer\">A 30 de septiembre<\/a><\/li>\r\n \t<li><a title=\"Ver documento\" href=\"https:\/\/www.fiscalia.gov.co\/colombia\/wp-content\/uploads\/2012\/01\/InformeConsolidado30-06-2011.pdf\" target=\"_blank\" rel=\"noopener noreferrer\">A 30 de junio<\/a><\/li>\r\n \t<li><a title=\"Ver documento\" href=\"https:\/\/www.fiscalia.gov.co\/colombia\/wp-content\/uploads\/2012\/01\/InformeConsolidado31_03_2011.pdf\" target=\"_blank\" rel=\"noopener noreferrer\">A 31 de marzo<\/a><\/li>\r\n<\/ul>\r\n[\/vc_toggle][vc_column_text]\r\n<ul>\r\n \t<li><a href=\"https:\/\/www.contraloria.gov.co\/es\/resultados\/proceso-auditor\/auditorias-liberadas\/-\/document_library\/wsvr\/view\/313700\" target=\"_blank\" rel=\"noopener\">Informes de organismos de control<\/a><\/li>\r\n<\/ul>\r\n[\/vc_column_text]<\/div><\/div><div class=\"vc_column tdi_6  wpb_column vc_column_container tdc-column td-pb-span4\">\n<style scoped>\n\/* custom css - generated by TagDiv Composer *\/\n\n\/* custom css - generated by TagDiv Composer *\/\n.tdi_6{\r\n                    vertical-align: baseline;\r\n                }.tdi_6 > .wpb_wrapper,\r\n\t\t\t\t.tdi_6 > .wpb_wrapper > .tdc-elements{\r\n\t\t\t\t    display: block;\r\n\t\t\t\t}.tdi_6 > .wpb_wrapper > .tdc-elements{\r\n\t\t\t\t    width: 100%;\r\n\t\t\t\t}.tdi_6 > .wpb_wrapper > .vc_row_inner{\r\n\t\t\t\t    width: auto;\r\n\t\t\t\t}.tdi_6 > .wpb_wrapper{\r\n\t\t\t\t    width: auto;\r\n\t\t\t\t    height: auto;\r\n\t\t\t\t}\n<\/style><div class=\"wpb_wrapper\" ><div class=\"wpb_wrapper td_block_wrap vc_raw_html tdi_8 \"><div class=\"td-fix-index\"><h4 class=\"block-title\"><span>TRANSPARENCIA<\/span><\/h4><\/div><\/div>[vc_wp_custommenu nav_menu=&#8221;24165&#8243;]<\/div><\/div><\/div><\/div><\/section>\n<div class=\"twitter-share\"><a href=\"https:\/\/twitter.com\/intent\/tweet?via=fiscaliacol\" class=\"twitter-share-button\">Tweet<\/a><\/div>\n","protected":false},"excerpt":{"rendered":"[vc_column_text]A continuaci\u00f3n encontrar\u00e1 los Planes de Mejoramiento requeridos por la Contralor\u00eda General de la Rep\u00fablica.[\/vc_column_text] [vc_toggle title=\"Plan de mejoramiento 2025\"] A 31 de diciembre 2025 (formato PDF) \u2013 Publicado 2026-02-27 A 31 de diciembre 2025 (formato word) \u2013 Publicado 2026-02-27 A 30 de junio 2025 (formato PDF) - Publicado 2025-08-21 A 30 de junio 2025 [...]","protected":false},"author":143,"featured_media":0,"parent":8562,"menu_order":7,"comment_status":"open","ping_status":"closed","template":"page-pagebuilder-title.php","meta":{"tdm_status":"","tdm_grid_status":"","footnotes":""},"class_list":["post-8585","page","type-page","status-publish"],"yoast_head":"<!-- This site is optimized with the Yoast SEO plugin v24.3 - https:\/\/yoast.com\/wordpress\/plugins\/seo\/ -->\n<title>Fiscal\u00eda General de la Naci\u00f3n<\/title>\n<meta name=\"description\" content=\"P\u00e1gina oficial de la Fiscal\u00eda General de la Naci\u00f3n \u2013 Colombia. Garantizamos el acceso efectivo a la justicia, la verdad y la reparaci\u00f3n de las v\u00edctimas de los delitos.\" \/>\n<meta name=\"robots\" content=\"index, follow, max-snippet:-1, max-image-preview:large, max-video-preview:-1\" \/>\n<link rel=\"canonical\" href=\"https:\/\/www.fiscalia.gov.co\/colombia\/gestion\/plan-de-mejoramiento\/\" \/>\n<meta property=\"og:locale\" content=\"es_ES\" \/>\n<meta property=\"og:type\" content=\"article\" \/>\n<meta property=\"og:title\" content=\"Fiscal\u00eda General de la Naci\u00f3n\" \/>\n<meta property=\"og:description\" content=\"P\u00e1gina oficial de la Fiscal\u00eda General de la Naci\u00f3n \u2013 Colombia. Garantizamos el acceso efectivo a la justicia, la verdad y la reparaci\u00f3n de las v\u00edctimas de los delitos.\" \/>\n<meta property=\"og:url\" content=\"https:\/\/www.fiscalia.gov.co\/colombia\/gestion\/plan-de-mejoramiento\/\" \/>\n<meta property=\"og:site_name\" content=\"Fiscal\u00eda General de la Naci\u00f3n\" \/>\n<meta property=\"article:publisher\" content=\"https:\/\/www.facebook.com\/FiscaliaCol\" \/>\n<meta property=\"article:modified_time\" content=\"2026-03-09T16:30:09+00:00\" \/>\n<meta name=\"twitter:card\" content=\"summary_large_image\" \/>\n<meta name=\"twitter:site\" content=\"@FiscaliaCol\" \/>\n<meta name=\"twitter:label1\" content=\"Tiempo de lectura\" \/>\n\t<meta name=\"twitter:data1\" content=\"2 minutos\" \/>\n<script type=\"application\/ld+json\" class=\"yoast-schema-graph\">{\"@context\":\"https:\/\/schema.org\",\"@graph\":[{\"@type\":\"WebPage\",\"@id\":\"https:\/\/www.fiscalia.gov.co\/colombia\/gestion\/plan-de-mejoramiento\/\",\"url\":\"https:\/\/www.fiscalia.gov.co\/colombia\/gestion\/plan-de-mejoramiento\/\",\"name\":\"Fiscal\u00eda General de la Naci\u00f3n\",\"isPartOf\":{\"@id\":\"https:\/\/www.fiscalia.gov.co\/colombia\/#website\"},\"datePublished\":\"2012-01-05T15:45:43+00:00\",\"dateModified\":\"2026-03-09T16:30:09+00:00\",\"description\":\"P\u00e1gina oficial de la Fiscal\u00eda General de la Naci\u00f3n \u2013 Colombia. Garantizamos el acceso efectivo a la justicia, la verdad y la reparaci\u00f3n de las v\u00edctimas de los delitos.\",\"breadcrumb\":{\"@id\":\"https:\/\/www.fiscalia.gov.co\/colombia\/gestion\/plan-de-mejoramiento\/#breadcrumb\"},\"inLanguage\":\"es-CO\",\"potentialAction\":[{\"@type\":\"ReadAction\",\"target\":[\"https:\/\/www.fiscalia.gov.co\/colombia\/gestion\/plan-de-mejoramiento\/\"]}]},{\"@type\":\"BreadcrumbList\",\"@id\":\"https:\/\/www.fiscalia.gov.co\/colombia\/gestion\/plan-de-mejoramiento\/#breadcrumb\",\"itemListElement\":[{\"@type\":\"ListItem\",\"position\":1,\"name\":\"Home\",\"item\":\"https:\/\/www.fiscalia.gov.co\/colombia\/\"},{\"@type\":\"ListItem\",\"position\":2,\"name\":\"Gesti\u00f3n\",\"item\":\"https:\/\/www.fiscalia.gov.co\/colombia\/gestion\/\"},{\"@type\":\"ListItem\",\"position\":3,\"name\":\"Planes de mejoramiento\"}]},{\"@type\":\"WebSite\",\"@id\":\"https:\/\/www.fiscalia.gov.co\/colombia\/#website\",\"url\":\"https:\/\/www.fiscalia.gov.co\/colombia\/\",\"name\":\"Fiscal\u00eda General de la Naci\u00f3n\",\"description\":\"P\u00e1gina oficial de la Fiscal\u00eda General de la Naci\u00f3n \u2013 Colombia. Garantizamos el acceso efectivo a la justicia, la verdad y la reparaci\u00f3n de las v\u00edctimas de los delitos.\",\"publisher\":{\"@id\":\"https:\/\/www.fiscalia.gov.co\/colombia\/#organization\"},\"potentialAction\":[{\"@type\":\"SearchAction\",\"target\":{\"@type\":\"EntryPoint\",\"urlTemplate\":\"https:\/\/www.fiscalia.gov.co\/colombia\/?s={search_term_string}\"},\"query-input\":{\"@type\":\"PropertyValueSpecification\",\"valueRequired\":true,\"valueName\":\"search_term_string\"}}],\"inLanguage\":\"es-CO\"},{\"@type\":\"Organization\",\"@id\":\"https:\/\/www.fiscalia.gov.co\/colombia\/#organization\",\"name\":\"Fiscal\u00eda General de la Naci\u00f3n\",\"url\":\"https:\/\/www.fiscalia.gov.co\/colombia\/\",\"logo\":{\"@type\":\"ImageObject\",\"inLanguage\":\"es-CO\",\"@id\":\"https:\/\/www.fiscalia.gov.co\/colombia\/#\/schema\/logo\/image\/\",\"url\":\"https:\/\/www.fiscalia.gov.co\/colombia\/wp-content\/uploads\/LogoHorizontal_1.jpg\",\"contentUrl\":\"https:\/\/www.fiscalia.gov.co\/colombia\/wp-content\/uploads\/LogoHorizontal_1.jpg\",\"width\":300,\"height\":90,\"caption\":\"Fiscal\u00eda General de la Naci\u00f3n\"},\"image\":{\"@id\":\"https:\/\/www.fiscalia.gov.co\/colombia\/#\/schema\/logo\/image\/\"},\"sameAs\":[\"https:\/\/www.facebook.com\/FiscaliaCol\",\"https:\/\/x.com\/FiscaliaCol\",\"https:\/\/www.instagram.com\/fiscaliacol\",\"https:\/\/www.linkedin.com\/company\/fiscalia-general-de-la-naci-n\/\",\"https:\/\/youtube.com\/@fiscaliageneraldelanacion-4668?si=6nN79nyQICPU5iTh\"]}]}<\/script>\n<!-- \/ Yoast SEO plugin. -->","yoast_head_json":{"title":"Fiscal\u00eda General de la Naci\u00f3n","description":"P\u00e1gina oficial de la Fiscal\u00eda General de la Naci\u00f3n \u2013 Colombia. Garantizamos el acceso efectivo a la justicia, la verdad y la reparaci\u00f3n de las v\u00edctimas de los delitos.","robots":{"index":"index","follow":"follow","max-snippet":"max-snippet:-1","max-image-preview":"max-image-preview:large","max-video-preview":"max-video-preview:-1"},"canonical":"https:\/\/www.fiscalia.gov.co\/colombia\/gestion\/plan-de-mejoramiento\/","og_locale":"es_ES","og_type":"article","og_title":"Fiscal\u00eda General de la Naci\u00f3n","og_description":"P\u00e1gina oficial de la Fiscal\u00eda General de la Naci\u00f3n \u2013 Colombia. Garantizamos el acceso efectivo a la justicia, la verdad y la reparaci\u00f3n de las v\u00edctimas de los delitos.","og_url":"https:\/\/www.fiscalia.gov.co\/colombia\/gestion\/plan-de-mejoramiento\/","og_site_name":"Fiscal\u00eda General de la Naci\u00f3n","article_publisher":"https:\/\/www.facebook.com\/FiscaliaCol","article_modified_time":"2026-03-09T16:30:09+00:00","twitter_card":"summary_large_image","twitter_site":"@FiscaliaCol","twitter_misc":{"Tiempo de lectura":"2 minutos"},"schema":{"@context":"https:\/\/schema.org","@graph":[{"@type":"WebPage","@id":"https:\/\/www.fiscalia.gov.co\/colombia\/gestion\/plan-de-mejoramiento\/","url":"https:\/\/www.fiscalia.gov.co\/colombia\/gestion\/plan-de-mejoramiento\/","name":"Fiscal\u00eda General de la Naci\u00f3n","isPartOf":{"@id":"https:\/\/www.fiscalia.gov.co\/colombia\/#website"},"datePublished":"2012-01-05T15:45:43+00:00","dateModified":"2026-03-09T16:30:09+00:00","description":"P\u00e1gina oficial de la Fiscal\u00eda General de la Naci\u00f3n \u2013 Colombia. Garantizamos el acceso efectivo a la justicia, la verdad y la reparaci\u00f3n de las v\u00edctimas de los delitos.","breadcrumb":{"@id":"https:\/\/www.fiscalia.gov.co\/colombia\/gestion\/plan-de-mejoramiento\/#breadcrumb"},"inLanguage":"es-CO","potentialAction":[{"@type":"ReadAction","target":["https:\/\/www.fiscalia.gov.co\/colombia\/gestion\/plan-de-mejoramiento\/"]}]},{"@type":"BreadcrumbList","@id":"https:\/\/www.fiscalia.gov.co\/colombia\/gestion\/plan-de-mejoramiento\/#breadcrumb","itemListElement":[{"@type":"ListItem","position":1,"name":"Home","item":"https:\/\/www.fiscalia.gov.co\/colombia\/"},{"@type":"ListItem","position":2,"name":"Gesti\u00f3n","item":"https:\/\/www.fiscalia.gov.co\/colombia\/gestion\/"},{"@type":"ListItem","position":3,"name":"Planes de mejoramiento"}]},{"@type":"WebSite","@id":"https:\/\/www.fiscalia.gov.co\/colombia\/#website","url":"https:\/\/www.fiscalia.gov.co\/colombia\/","name":"Fiscal\u00eda General de la Naci\u00f3n","description":"P\u00e1gina oficial de la Fiscal\u00eda General de la Naci\u00f3n \u2013 Colombia. Garantizamos el acceso efectivo a la justicia, la verdad y la reparaci\u00f3n de las v\u00edctimas de los delitos.","publisher":{"@id":"https:\/\/www.fiscalia.gov.co\/colombia\/#organization"},"potentialAction":[{"@type":"SearchAction","target":{"@type":"EntryPoint","urlTemplate":"https:\/\/www.fiscalia.gov.co\/colombia\/?s={search_term_string}"},"query-input":{"@type":"PropertyValueSpecification","valueRequired":true,"valueName":"search_term_string"}}],"inLanguage":"es-CO"},{"@type":"Organization","@id":"https:\/\/www.fiscalia.gov.co\/colombia\/#organization","name":"Fiscal\u00eda General de la Naci\u00f3n","url":"https:\/\/www.fiscalia.gov.co\/colombia\/","logo":{"@type":"ImageObject","inLanguage":"es-CO","@id":"https:\/\/www.fiscalia.gov.co\/colombia\/#\/schema\/logo\/image\/","url":"https:\/\/www.fiscalia.gov.co\/colombia\/wp-content\/uploads\/LogoHorizontal_1.jpg","contentUrl":"https:\/\/www.fiscalia.gov.co\/colombia\/wp-content\/uploads\/LogoHorizontal_1.jpg","width":300,"height":90,"caption":"Fiscal\u00eda General de la Naci\u00f3n"},"image":{"@id":"https:\/\/www.fiscalia.gov.co\/colombia\/#\/schema\/logo\/image\/"},"sameAs":["https:\/\/www.facebook.com\/FiscaliaCol","https:\/\/x.com\/FiscaliaCol","https:\/\/www.instagram.com\/fiscaliacol","https:\/\/www.linkedin.com\/company\/fiscalia-general-de-la-naci-n\/","https:\/\/youtube.com\/@fiscaliageneraldelanacion-4668?si=6nN79nyQICPU5iTh"]}]}},"_links":{"self":[{"href":"https:\/\/www.fiscalia.gov.co\/colombia\/wp-json\/wp\/v2\/pages\/8585","targetHints":{"allow":["GET"]}}],"collection":[{"href":"https:\/\/www.fiscalia.gov.co\/colombia\/wp-json\/wp\/v2\/pages"}],"about":[{"href":"https:\/\/www.fiscalia.gov.co\/colombia\/wp-json\/wp\/v2\/types\/page"}],"author":[{"embeddable":true,"href":"https:\/\/www.fiscalia.gov.co\/colombia\/wp-json\/wp\/v2\/users\/143"}],"replies":[{"embeddable":true,"href":"https:\/\/www.fiscalia.gov.co\/colombia\/wp-json\/wp\/v2\/comments?post=8585"}],"version-history":[{"count":74,"href":"https:\/\/www.fiscalia.gov.co\/colombia\/wp-json\/wp\/v2\/pages\/8585\/revisions"}],"predecessor-version":[{"id":332603,"href":"https:\/\/www.fiscalia.gov.co\/colombia\/wp-json\/wp\/v2\/pages\/8585\/revisions\/332603"}],"up":[{"embeddable":true,"href":"https:\/\/www.fiscalia.gov.co\/colombia\/wp-json\/wp\/v2\/pages\/8562"}],"wp:attachment":[{"href":"https:\/\/www.fiscalia.gov.co\/colombia\/wp-json\/wp\/v2\/media?parent=8585"}],"curies":[{"name":"wp","href":"https:\/\/api.w.org\/{rel}","templated":true}]}}