{"id":8580,"date":"2012-01-05T10:37:15","date_gmt":"2012-01-05T15:37:15","guid":{"rendered":"http:\/\/www.fiscalia.gov.co\/colombia\/?page_id=8580"},"modified":"2026-04-15T13:54:42","modified_gmt":"2026-04-15T18:54:42","slug":"programas-y-proyectos-en-ejecucion","status":"publish","type":"page","link":"https:\/\/www.fiscalia.gov.co\/colombia\/gestion\/programas-y-proyectos-en-ejecucion\/","title":{"rendered":"Programas y proyectos en ejecuci\u00f3n"},"content":{"rendered":"<section class=\"wpb-content-wrapper\"><div id=\"tdi_1\" class=\"tdc-row\"><div class=\"vc_row tdi_2  wpb_row td-pb-row\" >\n<style scoped>\n\/* custom css - generated by TagDiv Composer *\/\n\n\/* custom css - generated by TagDiv Composer *\/\n.tdi_2,\r\n                .tdi_2 .tdc-columns{\r\n                    min-height: 0;\r\n                }.tdi_2,\r\n\t\t\t\t.tdi_2 .tdc-columns{\r\n\t\t\t\t    display: block;\r\n\t\t\t\t}.tdi_2 .tdc-columns{\r\n\t\t\t\t    width: 100%;\r\n\t\t\t\t}.tdi_2:before,\r\n\t\t\t\t.tdi_2:after{\r\n\t\t\t\t    display: table;\r\n\t\t\t\t}\n<\/style><div class=\"vc_column tdi_4  wpb_column vc_column_container tdc-column td-pb-span8\">\n<style scoped>\n\/* custom css - generated by TagDiv Composer *\/\n\n\/* custom css - generated by TagDiv Composer *\/\n.tdi_4{\r\n                    vertical-align: baseline;\r\n                }.tdi_4 > .wpb_wrapper,\r\n\t\t\t\t.tdi_4 > .wpb_wrapper > .tdc-elements{\r\n\t\t\t\t    display: block;\r\n\t\t\t\t}.tdi_4 > .wpb_wrapper > .tdc-elements{\r\n\t\t\t\t    width: 100%;\r\n\t\t\t\t}.tdi_4 > .wpb_wrapper > .vc_row_inner{\r\n\t\t\t\t    width: auto;\r\n\t\t\t\t}.tdi_4 > .wpb_wrapper{\r\n\t\t\t\t    width: auto;\r\n\t\t\t\t    height: auto;\r\n\t\t\t\t}\n<\/style><div class=\"wpb_wrapper\" >[vc_column_text]A continuaci\u00f3n se relacionan los proyectos de inversi\u00f3n de la<strong> Fiscal\u00eda General de la Naci\u00f3n<\/strong>, as\u00ed como el seguimiento a su ejecuci\u00f3n.\r\n\r\n[\/vc_column_text][vc_toggle title=&#8221;Proyecto de Inversi\u00f3n 2026 &#8211; FGN&#8221;]<span data-olk-copy-source=\"MessageBody\"><a href=\"https:\/\/www.fiscalia.gov.co\/colombia\/wp-content\/uploads\/Ejecucion-a-2026-03-31-FGN.xlsx\" target=\"_blank\" rel=\"noopener\">Ejecuci\u00f3n a 2026-03-31 FGN<\/a>\u00a0<\/span>\u2013 Publicado 2026-04-15\r\n<a href=\"https:\/\/www.fiscalia.gov.co\/colombia\/wp-content\/uploads\/Proyecto-de-Inversion-FGN-2026.xlsx\" target=\"_blank\" rel=\"noopener\">Proyecto de Inversi\u00f3n FGN 2026<\/a> \u2013 Publicado 2026-01-13[\/vc_toggle][vc_toggle title=&#8221;Proyecto de Inversi\u00f3n 2025 &#8211; FGN&#8221;]<a href=\"https:\/\/www.fiscalia.gov.co\/colombia\/wp-content\/uploads\/Ejecucion-a-2025-12-31-FGN.xlsx\" target=\"_blank\" rel=\"noopener\"><span data-ogsc=\"rgb(0, 112, 192)\" data-olk-copy-source=\"MessageBody\">Ejecuci\u00f3n a 2025-12-31 FGN<\/span><\/a><span data-ogsc=\"rgb(36, 36, 36)\"><a href=\"https:\/\/www.fiscalia.gov.co\/colombia\/wp-content\/uploads\/Ejecucion-a-2025-12-31-FGN.xlsx\">\u00a0<\/a>\u2013 Publicado 2026-01-22\r\n<\/span><a href=\"https:\/\/www.fiscalia.gov.co\/colombia\/wp-content\/uploads\/Ejecucion-a-2025-09-30-FGN.xlsx\" target=\"_blank\" rel=\"noopener\"><span data-ogsc=\"rgb(0, 112, 192)\" data-olk-copy-source=\"MessageBody\">Ejecuci\u00f3n a 2025-09-30 FGN<\/span><\/a><span data-ogsc=\"rgb(36, 36, 36)\">\u00a0\u2013 Publicado 2025-10-02\r\n<\/span><a href=\"https:\/\/www.fiscalia.gov.co\/colombia\/wp-content\/uploads\/Ejecucion-a-2025-06-30-FGN.xlsx\" target=\"_blank\" rel=\"noopener\"><span data-ogsc=\"rgb(0, 112, 192)\" data-olk-copy-source=\"MessageBody\">Ejecuci\u00f3n a 2025-06-30 FGN<\/span><\/a><span data-ogsc=\"rgb(36, 36, 36)\">\u00a0\u2013 Publicado\u00a0<\/span><span data-ogsc=\"rgb(36, 36, 36)\">2025-07-11<\/span>\r\n<a href=\"https:\/\/www.fiscalia.gov.co\/colombia\/wp-content\/uploads\/Ejecucion-a-2025-03-31-FGN.xlsx\" target=\"_blank\" rel=\"noopener\">Ejecuci\u00f3n a 2025-03-31 FGN<\/a>\u00a0\u2013 Publicado\u00a02025-04-10\r\n<a href=\"https:\/\/www.fiscalia.gov.co\/colombia\/wp-content\/uploads\/Proyecto-de-Inversion-FGN-2025.xlsx\" target=\"_blank\" rel=\"noopener\">Proyecto de Inversi\u00f3n FGN 2025<\/a>\u00a0\u2013 Publicado 2025-01-27[\/vc_toggle][vc_toggle title=&#8221;Proyecto de Inversi\u00f3n 2024 &#8211; FGN&#8221;]<a href=\"https:\/\/www.fiscalia.gov.co\/colombia\/wp-content\/uploads\/Ejecucion-a-2024-12-31-FGN.xlsx\" target=\"_blank\" rel=\"noopener\">Ejecuci\u00f3n a 2024-12-31 FGN<\/a>\u00a0\u2013 Publicado\u00a02025-01-27\r\n<a href=\"https:\/\/www.fiscalia.gov.co\/colombia\/wp-content\/uploads\/Ejecucion-a-2024-09-30-FGN.xlsx\" target=\"_blank\" rel=\"noopener\">Ejecuci\u00f3n a 2024-09-30 FGN<\/a>\u00a0\u2013 Publicado\u00a02024-10-07\r\n<a href=\"https:\/\/www.fiscalia.gov.co\/colombia\/wp-content\/uploads\/Ejecucion-a-2024-06-30-FGN.xlsx\" target=\"_blank\" rel=\"noopener\">Ejecuci\u00f3n a 2024-06-30 FGN<\/a> \u2013 Publicado 2024-07-22\r\n<a href=\"https:\/\/www.fiscalia.gov.co\/colombia\/wp-content\/uploads\/Ejecucion-a-2024-03-31-FGN.xlsx\" target=\"_blank\" rel=\"noopener\">Ejecuci\u00f3n a 2024-03-31 FGN<\/a> \u2013 Publicado 2024-04-17\r\n<a href=\"https:\/\/www.fiscalia.gov.co\/colombia\/wp-content\/uploads\/Proyecto-de-Inversion-FGN-2024.xlsx\" target=\"_blank\" rel=\"noopener\">Proyecto de Inversi\u00f3n FGN 2024<\/a> \u2013 Publicado 2024-01-17[\/vc_toggle][vc_toggle title=&#8221;Proyecto de Inversi\u00f3n 2023 &#8211; FGN&#8221;]<a href=\"https:\/\/www.fiscalia.gov.co\/colombia\/wp-content\/uploads\/Ejecucion-a-2023-12-31-FGN.xlsx\" target=\"_blank\" rel=\"noopener\">Ejecuci\u00f3n a 2023-12-31 FGN<\/a> \u2013 Publicado 2024-01-24\r\n<a href=\"https:\/\/www.fiscalia.gov.co\/colombia\/wp-content\/uploads\/Ejecucion-a-2023-09-30-FGN-1.xlsx\" target=\"_blank\" rel=\"noopener\">Ejecuci\u00f3n a 2023-09-30 FGN<\/a> \u2013 Publicado 2023-10-10\r\n<a href=\"https:\/\/www.fiscalia.gov.co\/colombia\/wp-content\/uploads\/Ejecucion-a-2023-06-30-FGN.xlsx\" target=\"_blank\" rel=\"noopener\">Ejecuci\u00f3n a 2023-06-30 FGN<\/a> \u2013 Publicado 2023-07-18\r\n<a href=\"https:\/\/www.fiscalia.gov.co\/colombia\/wp-content\/uploads\/Ejecucion-a-2023-03-31-FGN.xlsx\" target=\"_blank\" rel=\"noopener\">Ejecuci\u00f3n a 2023-03-31 FGN<\/a> \u2013 Publicado 2023-04-14\r\n<a href=\"https:\/\/www.fiscalia.gov.co\/colombia\/wp-content\/uploads\/Proyecto-de-Inversion-FGN-2023.xlsx\" target=\"_blank\" rel=\"noopener\">Proyecto de Inversi\u00f3n FGN 2023<\/a> \u2013 Publicado 2023-01-11[\/vc_toggle][vc_toggle title=&#8221;Proyecto de Inversi\u00f3n 2022 &#8211; FGN&#8221;]<span class=\"selectable-text copyable-text\"><a href=\"https:\/\/www.fiscalia.gov.co\/colombia\/wp-content\/uploads\/Ejecucion-a-2022-12-31-FGN.xlsx\" target=\"_blank\" rel=\"noopener\">Ejecuci\u00f3n a 2022-12-31 FGN<\/a> \u2013 Publicado 2023-01-30<\/span>\r\n<span class=\"selectable-text copyable-text\"><a href=\"https:\/\/www.fiscalia.gov.co\/colombia\/wp-content\/uploads\/Ejecucion-a-2022-09-30-FGN.xlsx\" target=\"_blank\" rel=\"noopener\">Ejecuci\u00f3n a 2022-09-30 FGN<\/a> \u2013 Publicado 2022-10-07<\/span>\r\n<a href=\"https:\/\/www.fiscalia.gov.co\/colombia\/wp-content\/uploads\/Ejecucion-a-2022-06-30-FGN.xlsx\" target=\"_blank\" rel=\"noopener\">Ejecuci\u00f3n a 2022-06-30 FGN<\/a> \u2013 Publicado 2022-07-05\r\n<a href=\"https:\/\/www.fiscalia.gov.co\/colombia\/wp-content\/uploads\/Ejecuci\u00f3n-a-2022-03-31-FGN.xlsx\" target=\"_blank\" rel=\"noopener noreferrer\">Ejecuci\u00f3n a 2022-03-31 FGN<\/a> \u2013 Publicado 2022-04-18\r\n<a href=\"https:\/\/www.fiscalia.gov.co\/colombia\/wp-content\/uploads\/Proyecto-de-Inversio\u0301n-FGN-2022.xlsx\" target=\"_blank\" rel=\"noopener noreferrer\">Proyecto de Inversi\u00f3n FGN 2022\u00a0<\/a>\u2013 Publicado 2022-01-31[\/vc_toggle][vc_toggle title=&#8221;Proyecto de Inversi\u00f3n 2021 &#8211; FGN&#8221;]<a href=\"https:\/\/www.fiscalia.gov.co\/colombia\/wp-content\/uploads\/Ejecucio\u0301n-a-2021-12-31-FGN.xlsx\" target=\"_blank\" rel=\"noopener noreferrer\">Ejecuci\u00f3n a 2021-12-31 FGN<\/a>\u00a0\u2013 Publicado 2022-01-31\r\n<a href=\"https:\/\/www.fiscalia.gov.co\/colombia\/wp-content\/uploads\/Ejecuci\u00f3n-a-2021-09-30-FGN.xlsx\" target=\"_blank\" rel=\"noopener noreferrer\">Ejecuci\u00f3n a 2021-09-30 FGN<\/a> \u2013 Publicado 2021-10-06\r\n<a href=\"https:\/\/www.fiscalia.gov.co\/colombia\/wp-content\/uploads\/Ejecucio\u0301n-a-2021-06-30-FGN.xlsx\" target=\"_blank\" rel=\"noopener noreferrer\">Ejecuci\u00f3n a 2021-06-30 FGN<\/a>\u00a0\u2013 Publicado 2021-07-07\r\n<a href=\"https:\/\/www.fiscalia.gov.co\/colombia\/wp-content\/uploads\/Ejecucio\u0301n-a-2021-03-31-FGN.xlsx\" target=\"_blank\" rel=\"noopener noreferrer\">Ejecuci\u00f3n a 2021-03-31 FGN<\/a>\u00a0\u2013 Publicado 2021-04-12\r\n<a href=\"https:\/\/www.fiscalia.gov.co\/colombia\/wp-content\/uploads\/Proyecto-de-Inversio\u0301n-FGN-2021.xlsx\" target=\"_blank\" rel=\"noopener noreferrer\">Proyecto de Inversi\u00f3n FGN 2021<\/a> \u2013 Publicado 2021-01-20[\/vc_toggle][vc_toggle title=&#8221;Proyecto de Inversi\u00f3n 2020 &#8211; FGN&#8221;]<a href=\"https:\/\/www.fiscalia.gov.co\/colombia\/wp-content\/uploads\/Ejecucio\u0301n-a-2020-12-31-FGN.xlsx\" target=\"_blank\" rel=\"noopener noreferrer\">Ejecuci\u00f3n a 2020-12-31 FGN<\/a>\u00a0\u2013 Publicado 2021-01-28\r\n<a href=\"https:\/\/www.fiscalia.gov.co\/colombia\/wp-content\/uploads\/Ejecucio\u0301n-a-2020-09-30-FGN.xlsx\" target=\"_blank\" rel=\"noopener noreferrer\">Ejecuci\u00f3n a 2020-09-30 FGN<\/a>\u00a0\u2013 Publicado 2020-10-07\r\n<a href=\"https:\/\/www.fiscalia.gov.co\/colombia\/wp-content\/uploads\/Ejecucio\u0301n-a-2020-06-30-FGN.xlsx\" target=\"_blank\" rel=\"noopener noreferrer\">Ejecuci\u00f3n a 2020-06-30 FGN<\/a>\u00a0\u2013 Publicado 2020-07-13\r\n<a href=\"https:\/\/www.fiscalia.gov.co\/colombia\/wp-content\/uploads\/Ejecucio\u0301n-a-2020-03-31-FGN.xlsx\" target=\"_blank\" rel=\"noopener noreferrer\">Ejecuci\u00f3n a 2020-03-31 FGN<\/a> \u2013 Publicado 2020-04-20\r\n<a href=\"https:\/\/www.fiscalia.gov.co\/colombia\/wp-content\/uploads\/Proyecto-de-Inversi\u00f3n-FGN-2020.xlsx\" target=\"_blank\" rel=\"noopener noreferrer\">Proyecto de Inversi\u00f3n FGN 2020<\/a>[\/vc_toggle][vc_toggle title=&#8221;Proyecto de Inversi\u00f3n 2019 &#8211; FGN&#8221;]<a href=\"https:\/\/www.fiscalia.gov.co\/colombia\/wp-content\/uploads\/Ejecuci\u00f3n-a-2019-12-31-FGN.xlsx\" target=\"_blank\" rel=\"noopener noreferrer\">Ejecuci\u00f3n a 2019-12-31 FGN<\/a> \u2013 Publicado 2020-02-07\r\n<a href=\"https:\/\/www.fiscalia.gov.co\/colombia\/wp-content\/uploads\/Ejecuci\u00f3n-a-2019-09-30-FGN.xlsx\" target=\"_blank\" rel=\"noopener noreferrer\">Ejecuci\u00f3n a 2019-09-30 FGN<\/a> \u2013 Publicado 2019-10-09<a href=\"https:\/\/www.fiscalia.gov.co\/colombia\/wp-content\/uploads\/Ejecuci\u00f3n-a-2019-06-30-FGN.xlsx\" target=\"_blank\" rel=\"noopener noreferrer\">\r\nEjecuci\u00f3n a 2019-06-30 FGN<\/a> &#8211; Publicado 2019-07-08\r\n<a href=\"https:\/\/www.fiscalia.gov.co\/colombia\/wp-content\/uploads\/Ejecuci\u00f3n-a-31-de-marzo-de-2019-\u2013-Fiscalia.xlsx\" target=\"_blank\" rel=\"noopener noreferrer\">Ejecuci\u00f3n a 2019-03-31 FGN<\/a> &#8211; Publicado 2019-04-25\r\n<a href=\"https:\/\/www.fiscalia.gov.co\/colombia\/wp-content\/uploads\/PRESUPUESTO-FISCALIA-2019xlsx.xlsx\" target=\"_blank\" rel=\"noopener noreferrer\">Proyecto de Inversi\u00f3n FGN 2019<\/a>[\/vc_toggle][vc_toggle title=&#8221;Proyecto de Inversi\u00f3n 2018 &#8211; FGN&#8221;]\r\n<ul>\r\n \t<li><a href=\"https:\/\/www.fiscalia.gov.co\/colombia\/wp-content\/uploads\/SegProyInv_Dic_2018_FGN.xlsx\" target=\"_blank\" rel=\"noopener noreferrer\">Ejecuci\u00f3n a 2018-12-31<\/a>&#8211; Publicado 2019-01-30<\/li>\r\n \t<li><a href=\"https:\/\/www.fiscalia.gov.co\/colombia\/wp-content\/uploads\/SegProyInv_Sep_2018_FGN.xlsx\">Ejecuci\u00f3n a 2018-09-30\u00a0<\/a>&#8211; Publicado 2018-10-01<\/li>\r\n \t<li><a href=\"https:\/\/www.fiscalia.gov.co\/colombia\/wp-content\/uploads\/SegProyInv_Jun_2018_FGN-1.xlsx\">Ejecuci\u00f3n a 2018-06-30 <\/a>&#8211; Publicado 2018-07-13<\/li>\r\n \t<li><a href=\"https:\/\/www.fiscalia.gov.co\/colombia\/wp-content\/uploads\/Ejecuci\u00f3n-a-31-de-marzo-de-2018.xlsx\">Ejecuci\u00f3n a 2018-03-31\u00a0<\/a>&#8211; Publicado 2018-04-19<\/li>\r\n \t<li><a href=\"https:\/\/www.fiscalia.gov.co\/colombia\/wp-content\/uploads\/Proyecto-de-Inversi\u00f3n-FGN-2018.xlsx\">Proyecto de Inversi\u00f3n FGN 2018 <\/a><\/li>\r\n<\/ul>\r\n[\/vc_toggle][vc_toggle title=&#8221;Proyecto de inversi\u00f3n 2017&#8243;]\r\n<ul>\r\n \t<li><a href=\"https:\/\/www.fiscalia.gov.co\/colombia\/wp-content\/uploads\/SegProyInv_Dic_2017_FGN-1.xlsx\">Ejecuci\u00f3n a 2017-12-31 <\/a>\u2013 Publicado 2018-01-31<\/li>\r\n \t<li><a href=\"http:\/\/www.fiscalia.gov.co\/colombia\/wp-content\/uploads\/SegProyInv_Sep2017_FGN.xlsx\">Ejecuci\u00f3n a 2017-09-30<\/a> &#8211;\u00a0Publicado 2017-10-02<\/li>\r\n \t<li><a title=\"Ver documento \" href=\"http:\/\/www.fiscalia.gov.co\/colombia\/wp-content\/uploads\/SegProyInv_Jun2017_FGN.xlsx\" target=\"_blank\" rel=\"noopener noreferrer\">Ejecuci\u00f3n a 2017-06-30<\/a><\/li>\r\n \t<li><a title=\"Ver documento \" href=\"http:\/\/www.fiscalia.gov.co\/colombia\/wp-content\/uploads\/PROYECTOS-EJECUCION-PRIMER-TRIM1.xlsx\" target=\"_blank\" rel=\"noopener noreferrer\">Ejecuci\u00f3n a 2017-03-31<\/a><\/li>\r\n \t<li><a title=\"Ver documento \" href=\"http:\/\/www.fiscalia.gov.co\/colombia\/wp-content\/uploads\/Proy_Inv_2017_FGN.pdf\" target=\"_blank\" rel=\"noopener noreferrer\">Proyecto de inversi\u00f3n 2017<\/a><\/li>\r\n \t<li style=\"list-style-type: none;\"><\/li>\r\n<\/ul>\r\n[\/vc_toggle][vc_toggle title=&#8221;Proyecto de inversi\u00f3n 2016&#8243;]\r\n<ul>\r\n \t<li><a title=\"Ver documento \" href=\"http:\/\/www.fiscalia.gov.co\/colombia\/wp-content\/uploads\/SIIF_Inv_CONSOLIDADO-DICIEMBRE-2016.pdf\" target=\"_blank\" rel=\"noopener noreferrer\">Ejecuci\u00f3n a 2016-12-31<\/a><\/li>\r\n \t<li><a title=\"Ver archivo\" href=\"http:\/\/www.fiscalia.gov.co\/colombia\/wp-content\/uploads\/PROPUESTA-MEJORAS-AL-PAAC-20161.pdf\" target=\"_blank\" rel=\"noopener noreferrer\">Ejecuci\u00f3n a 2016-09-30\r\n<\/a><\/li>\r\n \t<li><a title=\"Ver archivo\" href=\"http:\/\/www.fiscalia.gov.co\/colombia\/wp-content\/uploads\/Eje_Inv_Jun2016.pdf\" target=\"_blank\" rel=\"noopener noreferrer\">Ejecuci\u00f3n a 2016-06-30<\/a><\/li>\r\n \t<li><a title=\"Ver documento \" href=\"http:\/\/www.fiscalia.gov.co\/colombia\/wp-content\/uploads\/A-31-de-Marzo-de-2016.xlsx.pdf\" target=\"_blank\" rel=\"noopener noreferrer\">Ejecuci\u00f3n a 2016-03-31<\/a><\/li>\r\n \t<li><a title=\"Ver \" href=\"http:\/\/www.fiscalia.gov.co\/colombia\/wp-content\/uploads\/Presupuesto-Proyectos-de-Inversi%C3%B3n_2016.pdf\" target=\"_blank\" rel=\"noopener noreferrer\">Proyecto de inversi\u00f3n 2016<\/a><\/li>\r\n \t<li style=\"list-style-type: none;\"><\/li>\r\n<\/ul>\r\n[\/vc_toggle][vc_toggle title=&#8221;Proyecto de inversi\u00f3n 2015&#8243;]\r\n<ul>\r\n \t<li style=\"list-style-type: none;\">\r\n<ul>\r\n \t<li style=\"list-style-type: none;\">\r\n<ul>\r\n \t<li><a title=\"Ver archivo\" href=\"http:\/\/www.fiscalia.gov.co\/colombia\/wp-content\/uploads\/A-31-de-Diciembre-de-20152.pdf\" target=\"_blank\" rel=\"noopener noreferrer\">Ejecuci\u00f3n a 2015-12-31<\/a><\/li>\r\n \t<li><a title=\"Ver documento\" href=\"http:\/\/www.fiscalia.gov.co\/colombia\/wp-content\/uploads\/A-30-de-Septiembre-de-2015.pdf\" target=\"_blank\" rel=\"noopener noreferrer\">Ejecuci\u00f3n a 2015-09-30<\/a><\/li>\r\n \t<li><a title=\"Ver archivo\" href=\"http:\/\/www.fiscalia.gov.co\/colombia\/wp-content\/uploads\/A-30-de-junio-de-2015.pdf\" target=\"_blank\" rel=\"noopener noreferrer\">Ejecuci\u00f3n a 2015-06-30<\/a><\/li>\r\n \t<li><a title=\"Ver archivo\" href=\"http:\/\/www.fiscalia.gov.co\/colombia\/wp-content\/uploads\/Matirz-Proyectos-de-Inversi\u00f3n_31_mar_2015.pdf\" target=\"_blank\" rel=\"noopener noreferrer\">Ejecuci\u00f3n a 2015-03-31\r\n<\/a><\/li>\r\n<\/ul>\r\n<\/li>\r\n<\/ul>\r\n<\/li>\r\n<\/ul>\r\n[\/vc_toggle][vc_toggle title=&#8221;Proyecto de inversi\u00f3n 2014&#8243;]\r\n<ul>\r\n \t<li style=\"list-style-type: none;\">\r\n<ul>\r\n \t<li style=\"list-style-type: none;\">\r\n<ul>\r\n \t<li><a title=\"Descargar \" href=\"http:\/\/www.fiscalia.gov.co\/colombia\/wp-content\/uploads\/Proyectos-de-Inversi\u00f3n_31_diciembre_2014.pdf\" target=\"_blank\" rel=\"noopener noreferrer\">Ejecuci\u00f3n a 2014-12-31<\/a><\/li>\r\n \t<li><a title=\"Ver archivo\" href=\"http:\/\/www.fiscalia.gov.co\/colombia\/wp-content\/uploads\/Seguimiento_Proyecto_Inversion.pdf\" target=\"_blank\" rel=\"noopener noreferrer\">Ejecuci\u00f3n a 2014-09-30<\/a><\/li>\r\n \t<li><a title=\"Ver documento \" href=\"http:\/\/www.fiscalia.gov.co\/colombia\/wp-content\/uploads\/Proyectos-de-Inversi\u00f3n-2014.pdf\" target=\"_blank\" rel=\"noopener noreferrer\">Ejecuci\u00f3n a 2014-06-30<\/a><\/li>\r\n \t<li><a title=\"Ver archivo\" href=\"http:\/\/www.fiscalia.gov.co\/colombia\/wp-content\/uploads\/Matirz-Proyectos-de-Inversi\u00f3n_30_mar_2014.pdf\" target=\"_blank\" rel=\"noopener noreferrer\">Ejecuci\u00f3n a 2014-06-30\r\n<\/a><\/li>\r\n<\/ul>\r\n<\/li>\r\n<\/ul>\r\n<\/li>\r\n<\/ul>\r\n[\/vc_toggle][vc_toggle title=&#8221;Proyecto de inversi\u00f3n 2013&#8243;]\r\n<ul>\r\n \t<li style=\"list-style-type: none;\">\r\n<ul>\r\n \t<li style=\"list-style-type: none;\">\r\n<ul>\r\n \t<li><a title=\"Ver archivo\" href=\"http:\/\/www.fiscalia.gov.co\/colombia\/wp-content\/uploads\/Matirz-Proyectos-de-Inversi\u00f3n_31_dic_2013.pdf\" target=\"_blank\" rel=\"noopener noreferrer\">Ejecuci\u00f3n a 2013-12-31<\/a><\/li>\r\n \t<li><a title=\"Ver archivo\" href=\"http:\/\/www.fiscalia.gov.co\/colombia\/wp-content\/uploads\/Matirz-Proyectos-de-Inversi\u00f3n_30_sep_2013.pdf\" target=\"_blank\" rel=\"noopener noreferrer\">Ejecuci\u00f3n a 2013-09-30<\/a><\/li>\r\n \t<li><a title=\"Ver documento \" href=\"http:\/\/www.fiscalia.gov.co\/colombia\/wp-content\/uploads\/ProyectoInversion20130630.pdf\" target=\"_blank\" rel=\"noopener noreferrer\">Ejecuci\u00f3n a 2013-06-30<\/a><\/li>\r\n \t<li><a title=\"Ver avance\" href=\"http:\/\/www.fiscalia.gov.co\/colombia\/wp-content\/uploads\/2012\/01\/SeguimientoProyectos2013.pdf\" target=\"_blank\" rel=\"noopener noreferrer\">Ejecuci\u00f3n a 2013-03-31<\/a><\/li>\r\n \t<li><a title=\"Ver proyecto de inversi\u00f3n 2013\" href=\"http:\/\/www.fiscalia.gov.co\/colombia\/wp-content\/uploads\/2012\/01\/Proyectos-de-Inversi\u00f3n-2013.pdf\" target=\"_blank\" rel=\"noopener noreferrer\">Proyecto de inversi\u00f3n 2013<\/a><\/li>\r\n<\/ul>\r\n<\/li>\r\n<\/ul>\r\n<\/li>\r\n<\/ul>\r\n[\/vc_toggle][vc_toggle title=&#8221;Proyecto de inversi\u00f3n 2012&#8243;]\r\n<ul>\r\n \t<li><a title=\"Ver ejecuci\u00f3n \" href=\"http:\/\/www.fiscalia.gov.co\/colombia\/wp-content\/uploads\/2012\/01\/ProyectodeInversi\u00f3n201212311.pdf\" target=\"_blank\" rel=\"noopener noreferrer\">Ejecuci\u00f3n a 2012-12-31<\/a><\/li>\r\n \t<li><a title=\"Ver ejecuci\u00f3n \" href=\"http:\/\/www.fiscalia.gov.co\/colombia\/wp-content\/uploads\/2012\/01\/SeguimientoProyectoenEjecuci\u00f3n.pdf\" target=\"_blank\" rel=\"noopener noreferrer\">Ejecuci\u00f3n a 2012-06-30<\/a><a title=\"Ver ejecuci\u00f3n \" href=\"http:\/\/www.fiscalia.gov.co\/colombia\/wp-content\/uploads\/2012\/01\/SeguimientoProyectoenEjecuci\u00f3n.pdf\" target=\"_blank\" rel=\"noopener noreferrer\">\r\n<\/a><\/li>\r\n \t<li><a title=\"Ver \" href=\"http:\/\/www.fiscalia.gov.co\/colombia\/wp-content\/uploads\/2012\/01\/Proyectos-de-Inversi\u00f3n.pdf\" target=\"_blank\" rel=\"noopener noreferrer\">Proyectos de Inversi\u00f3n 2012 <\/a><\/li>\r\n<\/ul>\r\n[\/vc_toggle][vc_column_text]A continuaci\u00f3n se relacionan los proyectos de inversi\u00f3n del <strong>Fondo Especial para la Administraci\u00f3n de Bienes<\/strong> (FEAB) de la Fiscal\u00eda General de la Naci\u00f3n, as\u00ed como el seguimiento a su ejecuci\u00f3n.\r\n\r\n[\/vc_column_text][vc_toggle title=&#8221;Proyecto de Inversi\u00f3n 2026 &#8211; FEAB&#8221;]<a href=\"https:\/\/www.fiscalia.gov.co\/colombia\/wp-content\/uploads\/Ejecucion-a-2026-03-31-FEAB.xlsx\" target=\"_blank\" rel=\"noopener\"><span data-olk-copy-source=\"MessageBody\">Ejecuci\u00f3n a 2026-03-31 FEAB\u00a0<\/span><\/a>\u2013 Publicado 2026-04-15\r\n<a href=\"https:\/\/www.fiscalia.gov.co\/colombia\/wp-content\/uploads\/Proyecto-de-Inversion-FEAB-2026.xlsx\" target=\"_blank\" rel=\"noopener\">Proyecto de Inversi\u00f3n FEAB 2026<\/a> \u2013 Publicado 2026-01-13[\/vc_toggle][vc_toggle title=&#8221;Proyecto de Inversi\u00f3n 2025 &#8211; FEAB&#8221;]\r\n<p data-ogsb=\"white\"><span data-ogsc=\"rgb(0, 112, 192)\" data-olk-copy-source=\"MessageBody\"><a href=\"https:\/\/www.fiscalia.gov.co\/colombia\/wp-content\/uploads\/Ejecucion-a-2025-12-31-FEAB.xlsx\" target=\"_blank\" rel=\"noopener\">Ejecuci\u00f3n a 2025-12-31\u00a0FEAB<\/a>\u00a0<\/span><span data-ogsc=\"rgb(36, 36, 36)\">\u2013 Publicado 2026-01-22\r\n<\/span><a href=\"https:\/\/www.fiscalia.gov.co\/colombia\/wp-content\/uploads\/Ejecucion-a-2025-09-30-FEAB.xlsx\" target=\"_blank\" rel=\"noopener\"><span data-ogsc=\"rgb(0, 112, 192)\" data-olk-copy-source=\"MessageBody\">Ejecuci\u00f3n a 2025-09-30\u00a0FEAB\u00a0<\/span><\/a><span data-ogsc=\"rgb(36, 36, 36)\">\u2013 Publicado 2025-10-02\r\n<\/span><a href=\"https:\/\/www.fiscalia.gov.co\/colombia\/wp-content\/uploads\/Ejecucion-a-2025-06-30-FEAB.xlsx\" target=\"_blank\" rel=\"noopener\"><span data-ogsc=\"rgb(0, 112, 192)\" data-olk-copy-source=\"MessageBody\">Ejecuci\u00f3n a 2025-06-30<\/span><span data-ogsc=\"rgb(0, 112, 192)\">\u00a0FEAB\u00a0<\/span><\/a><span data-ogsc=\"rgb(36, 36, 36)\">\u2013 Publicado\u00a0<\/span><span data-ogsc=\"rgb(36, 36, 36)\">2025-07-11<\/span>\r\n<a href=\"https:\/\/www.fiscalia.gov.co\/colombia\/wp-content\/uploads\/Ejecucion-a-2025-03-31-FEAB.xlsx\" target=\"_blank\" rel=\"noopener\">Ejecuci\u00f3n a 2025-03-31\u00a0FEAB<\/a>\u00a0\u2013\u00a0Publicado\u00a020<wbr \/>25-04-10\r\n<a href=\"https:\/\/www.fiscalia.gov.co\/colombia\/wp-content\/uploads\/Proyecto-de-Inversion-FEAB-2025.xlsx\" target=\"_blank\" rel=\"noopener\">Proyecto de Inversi\u00f3n FEAB\u00a02025<\/a>\u00a0\u2013 Publicado 2025-01-27<\/p>\r\n[\/vc_toggle][vc_toggle title=&#8221;Proyecto de Inversi\u00f3n 2024 &#8211; FEAB&#8221;]<a href=\"https:\/\/www.fiscalia.gov.co\/colombia\/wp-content\/uploads\/Ejecucion-a-2024-12-31-FEAB.xlsx\" target=\"_blank\" rel=\"noopener\">Ejecuci\u00f3n a 2024-12-31 FEAB<\/a> \u2013 Publicado 2025-01-27\r\n<a href=\"https:\/\/www.fiscalia.gov.co\/colombia\/wp-content\/uploads\/Ejecucion-a-2024-09-30-FEAB.xlsx\" target=\"_blank\" rel=\"noopener\">Ejecuci\u00f3n a 2024-09-30 FEAB<\/a>\u00a0\u2013 Publicado 2024-10-07\r\n<a href=\"https:\/\/www.fiscalia.gov.co\/colombia\/wp-content\/uploads\/Ejecucion-a-2024-06-30-FEAB.xlsx\" target=\"_blank\" rel=\"noopener\">Ejecuci\u00f3n a 2024-06-30 FEAB<\/a> \u2013 Publicado 2024-07-22\r\n<a href=\"https:\/\/www.fiscalia.gov.co\/colombia\/wp-content\/uploads\/Ejecucion-a-2024-03-31-FEAB.xlsx\" target=\"_blank\" rel=\"noopener\">Ejecuci\u00f3n a 2024-03-31 FEAB<\/a> \u2013 Publicado 2024-04-17\r\n<a href=\"https:\/\/www.fiscalia.gov.co\/colombia\/wp-content\/uploads\/Proyecto-de-Inversion-FEAB-2024.xlsx\" target=\"_blank\" rel=\"noopener\">Proyecto de Inversi\u00f3n FEAB 2024<\/a> \u2013 Publicado 2024-01-17[\/vc_toggle][vc_toggle title=&#8221;Proyecto de Inversi\u00f3n 2023 &#8211; FEAB&#8221;]<a href=\"https:\/\/www.fiscalia.gov.co\/colombia\/wp-content\/uploads\/Ejecucion-a-2023-12-31-FEAB.xlsx\" target=\"_blank\" rel=\"noopener\">Ejecuci\u00f3n a 2023-12-31 FEAB<\/a> \u2013 Publicado 2024-01-24\r\n<a href=\"https:\/\/www.fiscalia.gov.co\/colombia\/wp-content\/uploads\/Ejecucion-a-2023-09-30-FEAB-1.xlsx\" target=\"_blank\" rel=\"noopener\">Ejecuci\u00f3n a 2023-09-30 FEAB<\/a> \u2013 Publicado 2023-10-10\r\n<a href=\"https:\/\/www.fiscalia.gov.co\/colombia\/wp-content\/uploads\/Ejecucion-a-2023-06-30-FEAB.xlsx\" target=\"_blank\" rel=\"noopener\">Ejecuci\u00f3n a 2023-06-30 FEAB<\/a> \u2013 Publicado 2023-07-18\r\n<a href=\"https:\/\/www.fiscalia.gov.co\/colombia\/wp-content\/uploads\/Ejecucion-a-2023-03-31-FEAB.xlsx\" target=\"_blank\" rel=\"noopener\">Ejecuci\u00f3n a 2023-03-31 FEAB<\/a> \u2013 Publicado 2023-04-14\r\n<a href=\"https:\/\/www.fiscalia.gov.co\/colombia\/wp-content\/uploads\/Proyecto-de-Inversion-FEAB-2023.xlsx\" target=\"_blank\" rel=\"noopener\">Proyecto de Inversi\u00f3n FEAB 2023<\/a> \u2013 Publicado 2023-01-11[\/vc_toggle][vc_toggle title=&#8221;Proyecto de Inversi\u00f3n 2022 &#8211; FEAB&#8221;]<span class=\"selectable-text copyable-text\"><a href=\"https:\/\/www.fiscalia.gov.co\/colombia\/wp-content\/uploads\/Ejecucion-a-2022-12-31-FEAB.xlsx\" target=\"_blank\" rel=\"noopener\">Ejecuci\u00f3n a 2022-12-31 FEAB<\/a> \u2013 Publicado 2023-01-30<\/span>\r\n<span class=\"selectable-text copyable-text\"><a href=\"https:\/\/www.fiscalia.gov.co\/colombia\/wp-content\/uploads\/Ejecucion-a-2022-09-30-FEAB.xlsx\" target=\"_blank\" rel=\"noopener\">Ejecuci\u00f3n a 2022-09-30 FEAB<\/a> \u2013 Publicado 2022-10-07<\/span>\r\n<a href=\"https:\/\/www.fiscalia.gov.co\/colombia\/wp-content\/uploads\/Ejecucion-a-2022-06-30-FEAB.xlsx\" target=\"_blank\" rel=\"noopener\">Ejecuci\u00f3n a 2022-06-30 FEAB<\/a> \u2013 Publicado 2022-07-05\r\n<a href=\"https:\/\/www.fiscalia.gov.co\/colombia\/wp-content\/uploads\/Ejecuci\u00f3n-a-2022-03-31-FEAB.xlsx\" target=\"_blank\" rel=\"noopener noreferrer\">Ejecuci\u00f3n a 2022-03-31 FEAB<\/a> \u2013 Publicado 2022-04-18\r\n<a href=\"https:\/\/www.fiscalia.gov.co\/colombia\/wp-content\/uploads\/Proyecto-de-Inversio\u0301n-FEAB-2022.xlsx\" target=\"_blank\" rel=\"noopener noreferrer\">Proyecto de Inversi\u00f3n FEAB 2022<\/a> \u00a0\u2013 Publicado 2022-01-31[\/vc_toggle][vc_toggle title=&#8221;Proyecto de Inversi\u00f3n 2021 &#8211; FEAB&#8221;]<a href=\"https:\/\/www.fiscalia.gov.co\/colombia\/wp-content\/uploads\/Ejecucio\u0301n-a-2021-12-31-FEAB.xlsx\" target=\"_blank\" rel=\"noopener noreferrer\">Ejecuci\u00f3n a 2021-12-31 FEAB<\/a>\u00a0\u2013 Publicado 2022-01-31\r\n<a href=\"https:\/\/www.fiscalia.gov.co\/colombia\/wp-content\/uploads\/Ejecuci\u00f3n-a-2021-09-30-FEAB.xlsx\" target=\"_blank\" rel=\"noopener noreferrer\">Ejecuci\u00f3n a 2021-09-30 FEAB<\/a> \u2013 Publicado 2021-10-06\r\n<a href=\"https:\/\/www.fiscalia.gov.co\/colombia\/wp-content\/uploads\/Ejecucio\u0301n-a-2021-06-30-FEAB.xlsx\" target=\"_blank\" rel=\"noopener noreferrer\">Ejecuci\u00f3n a 2021-06-30 FEAB<\/a>\u00a0\u2013 Publicado 2021-07-07\r\n<a href=\"https:\/\/www.fiscalia.gov.co\/colombia\/wp-content\/uploads\/Ejecucio\u0301n-a-2021-03-31-FEAB.xlsx\" target=\"_blank\" rel=\"noopener noreferrer\">Ejecuci\u00f3n a 2021-03-31 FEAB<\/a>\u00a0\u2013 Publicado 2021-04-12\r\n<a href=\"https:\/\/www.fiscalia.gov.co\/colombia\/wp-content\/uploads\/Proyecto-de-Inversio\u0301n-FEAB-2021.xlsx\" target=\"_blank\" rel=\"noopener noreferrer\">Proyecto de Inversi\u00f3n FEAB 2021<\/a> \u2013 Publicado 2021-01-20[\/vc_toggle][vc_toggle title=&#8221;Proyecto de Inversi\u00f3n 2020 &#8211; FEAB&#8221;]<a href=\"https:\/\/www.fiscalia.gov.co\/colombia\/wp-content\/uploads\/Ejecucio\u0301n-a-2020-12-31-FEAB.xlsx\" target=\"_blank\" rel=\"noopener noreferrer\">Ejecuci\u00f3n a 2020-12-31 FEAB<\/a>\u00a0\u00a0\u2013 Publicado 2021-01-28\r\n<a href=\"https:\/\/www.fiscalia.gov.co\/colombia\/wp-content\/uploads\/Ejecucio\u0301n-a-2020-09-30-FEAB.xlsx\" target=\"_blank\" rel=\"noopener noreferrer\">Ejecuci\u00f3n a 2020-09-30 FEAB<\/a> \u00a0\u2013 Publicado 2020-10-07\r\n<a href=\"https:\/\/www.fiscalia.gov.co\/colombia\/wp-content\/uploads\/Ejecucio\u0301n-a-2020-06-30-FEAB.xlsx\" target=\"_blank\" rel=\"noopener noreferrer\">Ejecuci\u00f3n a 2020-06-30 FEAB<\/a> \u00a0\u2013 Publicado 2020-07-13\r\n<a href=\"https:\/\/www.fiscalia.gov.co\/colombia\/wp-content\/uploads\/Ejecucio\u0301n-a-2020-03-31-FEAB.xlsx\" target=\"_blank\" rel=\"noopener noreferrer\">Ejecuci\u00f3n a 2020-03-31 FEAB<\/a> \u00a0\u2013 Publicado 2020-04-20\r\n<a href=\"https:\/\/www.fiscalia.gov.co\/colombia\/wp-content\/uploads\/Proyecto-de-Inversi\u00f3n-FEAB-2020.xlsx\" target=\"_blank\" rel=\"noopener noreferrer\">Proyecto de Inversi\u00f3n FEAB 2020<\/a>[\/vc_toggle][vc_toggle title=&#8221;Proyecto de Inversi\u00f3n 2019 &#8211; FEAB&#8221;]<a href=\"https:\/\/www.fiscalia.gov.co\/colombia\/wp-content\/uploads\/Ejecuci\u00f3n-a-2019-12-31-FEAB.xlsx\" target=\"_blank\" rel=\"noopener noreferrer\">Ejecuci\u00f3n a 2019-12-31 FEAB<\/a> \u2013 Publicado 2020-02-07\r\n<a href=\"https:\/\/www.fiscalia.gov.co\/colombia\/wp-content\/uploads\/Ejecuci\u00f3n-a-2019-09-30-FEAB.xlsx\" target=\"_blank\" rel=\"noopener noreferrer\">Ejecuci\u00f3n a 2019-10-30 FEAB<\/a> \u2013 Publicado 2019-10-09\r\n<a href=\"https:\/\/www.fiscalia.gov.co\/colombia\/wp-content\/uploads\/Ejecuci\u00f3n-a-2019-06-30-FEAB.xlsx\" target=\"_blank\" rel=\"noopener noreferrer\">Ejecuci\u00f3n a 2019-06-30 FEAB<\/a> \u2013 Publicado 2019-07-08\r\n<a href=\"https:\/\/www.fiscalia.gov.co\/colombia\/wp-content\/uploads\/Ejecuci\u00f3n-a-31-de-marzo-de-2019-\u2013-FEAB.xlsx\" target=\"_blank\" rel=\"noopener noreferrer\">Ejecuci\u00f3n a 2019-03-31 FEAB<\/a>\u00a0&#8211; Publicado 2019-04-25<a href=\"https:\/\/www.fiscalia.gov.co\/colombia\/wp-content\/uploads\/PRESUPUESTO-FEAB-2019xlsx.xlsx\" target=\"_blank\" rel=\"noopener noreferrer\">\r\nProyecto de Inversi\u00f3n FEAB 2019<\/a>[\/vc_toggle][vc_toggle title=&#8221;Proyecto de Inversi\u00f3n 2018 &#8211; FEAB&#8221;]\r\n<ul>\r\n \t<li><a href=\"https:\/\/www.fiscalia.gov.co\/colombia\/wp-content\/uploads\/SegProyInv_Dic_2018_FEAB.xlsx\" target=\"_blank\" rel=\"noopener noreferrer\">Ejecuci\u00f3n a 2018-12-31 <\/a>&#8211; Publicado 2019-01-30<\/li>\r\n \t<li><a href=\"https:\/\/www.fiscalia.gov.co\/colombia\/wp-content\/uploads\/SegProyInv_Sep_2018_FEAB.xlsx\">Ejecuci\u00f3n a 2018-09-30 <\/a>&#8211; Publicado 2018-10-01<\/li>\r\n \t<li><a href=\"https:\/\/www.fiscalia.gov.co\/colombia\/wp-content\/uploads\/SegProyInv_Jun_2018_FEAB.xlsx\">Ejecuci\u00f3n a 2018-06-30 <\/a>&#8211; Publicado 2018-07-13<\/li>\r\n \t<li><a href=\"https:\/\/www.fiscalia.gov.co\/colombia\/wp-content\/uploads\/Proyecto-de-Inversi\u00f3n-FEAB-2018.xlsx\">Proyecto de Inversi\u00f3n FEAB 2018<\/a><\/li>\r\n<\/ul>\r\n&nbsp;\r\n\r\n<strong>Enlace seguimiento a Proyectos de Inversi\u00f3n<\/strong>\r\n\r\nEn el siguiente link podr\u00e1 consultar la informaci\u00f3n del Sistema de Seguimiento a Proyectos de Inversi\u00f3n (SPI) del Departamento Nacional de Planeaci\u00f3n (DNP), el cual relaciona los proyectos que han sido ejecutados hist\u00f3ricamente y los que se encuentran en fase de ejecuci\u00f3n durante cada vigencia. Para ingresar debe seleccionar la opci\u00f3n \u201cUsuario an\u00f3nimo\u201d, posteriormente Sector \u201cFiscal\u00eda\u201d.\r\n\r\n<a href=\"https:\/\/spi.dnp.gov.co\/Consultas\/ResumenEjecutivoEntidad.aspx?id=img_Por%20Entidad\" target=\"_blank\" rel=\"noopener noreferrer\">Enlace al Sistema de Seguimiento a Proyectos de Inversi\u00f3n (SPI) del DNP\u00a0<\/a>\r\n\r\n&nbsp;\r\n\r\n[\/vc_toggle][vc_column_text]<strong>Enlace seguimiento a Proyectos de Inversi\u00f3n<\/strong>\r\n\r\nEn el siguiente link podr\u00e1 consultar la informaci\u00f3n del Sistema de Seguimiento a Proyectos de Inversi\u00f3n (SPI) del Departamento Nacional de Planeaci\u00f3n (DNP), el cual relaciona los proyectos que han sido ejecutados hist\u00f3ricamente y los que se encuentran en fase de ejecuci\u00f3n durante cada vigencia. Para ingresar debe seleccionar la opci\u00f3n \u201cUsuario an\u00f3nimo\u201d, posteriormente Sector \u201cFiscal\u00eda\u201d.\r\n\r\n<a href=\"https:\/\/spi.dnp.gov.co\/Consultas\/ResumenEjecutivoEntidad.aspx?id=img_Por%20Entidad\" target=\"_blank\" rel=\"noopener noreferrer\">Enlace al Sistema de Seguimiento a Proyectos de Inversi\u00f3n (SPI) del DNP\u00a0<\/a>[\/vc_column_text]<\/div><\/div><div class=\"vc_column tdi_6  wpb_column vc_column_container tdc-column td-pb-span4\">\n<style scoped>\n\/* custom css - generated by TagDiv Composer *\/\n\n\/* custom css - generated by TagDiv Composer *\/\n.tdi_6{\r\n                    vertical-align: baseline;\r\n                }.tdi_6 > .wpb_wrapper,\r\n\t\t\t\t.tdi_6 > .wpb_wrapper > .tdc-elements{\r\n\t\t\t\t    display: block;\r\n\t\t\t\t}.tdi_6 > .wpb_wrapper > .tdc-elements{\r\n\t\t\t\t    width: 100%;\r\n\t\t\t\t}.tdi_6 > .wpb_wrapper > .vc_row_inner{\r\n\t\t\t\t    width: auto;\r\n\t\t\t\t}.tdi_6 > .wpb_wrapper{\r\n\t\t\t\t    width: auto;\r\n\t\t\t\t    height: auto;\r\n\t\t\t\t}\n<\/style><div class=\"wpb_wrapper\" ><div class=\"wpb_wrapper td_block_wrap vc_raw_html tdi_8 \"><div class=\"td-fix-index\"><h4 class=\"block-title\"><span>TRANSPARENCIA<\/span><\/h4><\/div><\/div>[vc_wp_custommenu nav_menu=&#8221;24172&#8243;]<\/div><\/div><\/div><\/div><\/section>\n<div class=\"twitter-share\"><a href=\"https:\/\/twitter.com\/intent\/tweet?via=fiscaliacol\" class=\"twitter-share-button\">Tweet<\/a><\/div>\n","protected":false},"excerpt":{"rendered":"[vc_column_text]A continuaci\u00f3n se relacionan los proyectos de inversi\u00f3n de la Fiscal\u00eda General de la Naci\u00f3n, as\u00ed como el seguimiento a su ejecuci\u00f3n. [\/vc_column_text][vc_toggle title=\"Proyecto de Inversi\u00f3n 2026 - FGN\"]Ejecuci\u00f3n a 2026-03-31 FGN\u00a0\u2013 Publicado 2026-04-15 Proyecto de Inversi\u00f3n FGN 2026 \u2013 Publicado 2026-01-13[\/vc_toggle][vc_toggle title=\"Proyecto de Inversi\u00f3n 2025 - FGN\"]Ejecuci\u00f3n a 2025-12-31 FGN\u00a0\u2013 Publicado 2026-01-22 Ejecuci\u00f3n a [...]","protected":false},"author":143,"featured_media":0,"parent":8562,"menu_order":2,"comment_status":"open","ping_status":"closed","template":"page-pagebuilder-title.php","meta":{"_price":"","_stock":"","_tribe_ticket_header":"","_tribe_default_ticket_provider":"","_tribe_ticket_capacity":"0","_ticket_start_date":"","_ticket_end_date":"","_tribe_ticket_show_description":"","_tribe_ticket_show_not_going":false,"_tribe_ticket_use_global_stock":"","_tribe_ticket_global_stock_level":"","_global_stock_mode":"","_global_stock_cap":"","_tribe_rsvp_for_event":"","_tribe_ticket_going_count":"","_tribe_ticket_not_going_count":"","_tribe_tickets_list":"[]","_tribe_ticket_has_attendee_info_fields":false,"tdm_status":"","tdm_grid_status":"","footnotes":"","_tec_slr_enabled":"","_tec_slr_layout":""},"class_list":["post-8580","page","type-page","status-publish"],"yoast_head":"<!-- This site is optimized with the Yoast SEO plugin v24.3 - https:\/\/yoast.com\/wordpress\/plugins\/seo\/ -->\n<title>Fiscal\u00eda General de la Naci\u00f3n<\/title>\n<meta name=\"description\" content=\"P\u00e1gina oficial de la Fiscal\u00eda General de la Naci\u00f3n \u2013 Colombia. Garantizamos el acceso efectivo a la justicia, la verdad y la reparaci\u00f3n de las v\u00edctimas de los delitos.\" \/>\n<meta name=\"robots\" content=\"index, follow, max-snippet:-1, max-image-preview:large, max-video-preview:-1\" \/>\n<link rel=\"canonical\" href=\"https:\/\/www.fiscalia.gov.co\/colombia\/gestion\/programas-y-proyectos-en-ejecucion\/\" \/>\n<meta property=\"og:locale\" content=\"es_ES\" \/>\n<meta property=\"og:type\" content=\"article\" \/>\n<meta property=\"og:title\" content=\"Fiscal\u00eda General de la Naci\u00f3n\" \/>\n<meta property=\"og:description\" content=\"P\u00e1gina oficial de la Fiscal\u00eda General de la Naci\u00f3n \u2013 Colombia. Garantizamos el acceso efectivo a la justicia, la verdad y la reparaci\u00f3n de las v\u00edctimas de los delitos.\" \/>\n<meta property=\"og:url\" content=\"https:\/\/www.fiscalia.gov.co\/colombia\/gestion\/programas-y-proyectos-en-ejecucion\/\" \/>\n<meta property=\"og:site_name\" content=\"Fiscal\u00eda General de la Naci\u00f3n\" \/>\n<meta property=\"article:publisher\" content=\"https:\/\/www.facebook.com\/FiscaliaCol\" \/>\n<meta property=\"article:modified_time\" content=\"2026-04-15T18:54:42+00:00\" \/>\n<meta name=\"twitter:card\" content=\"summary_large_image\" \/>\n<meta name=\"twitter:site\" content=\"@FiscaliaCol\" \/>\n<meta name=\"twitter:label1\" content=\"Tiempo de lectura\" \/>\n\t<meta name=\"twitter:data1\" content=\"5 minutos\" \/>\n<script type=\"application\/ld+json\" class=\"yoast-schema-graph\">{\"@context\":\"https:\/\/schema.org\",\"@graph\":[{\"@type\":\"WebPage\",\"@id\":\"https:\/\/www.fiscalia.gov.co\/colombia\/gestion\/programas-y-proyectos-en-ejecucion\/\",\"url\":\"https:\/\/www.fiscalia.gov.co\/colombia\/gestion\/programas-y-proyectos-en-ejecucion\/\",\"name\":\"Fiscal\u00eda General de la Naci\u00f3n\",\"isPartOf\":{\"@id\":\"https:\/\/www.fiscalia.gov.co\/colombia\/#website\"},\"datePublished\":\"2012-01-05T15:37:15+00:00\",\"dateModified\":\"2026-04-15T18:54:42+00:00\",\"description\":\"P\u00e1gina oficial de la Fiscal\u00eda General de la Naci\u00f3n \u2013 Colombia. Garantizamos el acceso efectivo a la justicia, la verdad y la reparaci\u00f3n de las v\u00edctimas de los delitos.\",\"breadcrumb\":{\"@id\":\"https:\/\/www.fiscalia.gov.co\/colombia\/gestion\/programas-y-proyectos-en-ejecucion\/#breadcrumb\"},\"inLanguage\":\"es-CO\",\"potentialAction\":[{\"@type\":\"ReadAction\",\"target\":[\"https:\/\/www.fiscalia.gov.co\/colombia\/gestion\/programas-y-proyectos-en-ejecucion\/\"]}]},{\"@type\":\"BreadcrumbList\",\"@id\":\"https:\/\/www.fiscalia.gov.co\/colombia\/gestion\/programas-y-proyectos-en-ejecucion\/#breadcrumb\",\"itemListElement\":[{\"@type\":\"ListItem\",\"position\":1,\"name\":\"Home\",\"item\":\"https:\/\/www.fiscalia.gov.co\/colombia\/\"},{\"@type\":\"ListItem\",\"position\":2,\"name\":\"Gesti\u00f3n\",\"item\":\"https:\/\/www.fiscalia.gov.co\/colombia\/gestion\/\"},{\"@type\":\"ListItem\",\"position\":3,\"name\":\"Programas y proyectos en ejecuci\u00f3n\"}]},{\"@type\":\"WebSite\",\"@id\":\"https:\/\/www.fiscalia.gov.co\/colombia\/#website\",\"url\":\"https:\/\/www.fiscalia.gov.co\/colombia\/\",\"name\":\"Fiscal\u00eda General de la Naci\u00f3n\",\"description\":\"P\u00e1gina oficial de la Fiscal\u00eda General de la Naci\u00f3n \u2013 Colombia. Garantizamos el acceso efectivo a la justicia, la verdad y la reparaci\u00f3n de las v\u00edctimas de los delitos.\",\"publisher\":{\"@id\":\"https:\/\/www.fiscalia.gov.co\/colombia\/#organization\"},\"potentialAction\":[{\"@type\":\"SearchAction\",\"target\":{\"@type\":\"EntryPoint\",\"urlTemplate\":\"https:\/\/www.fiscalia.gov.co\/colombia\/?s={search_term_string}\"},\"query-input\":{\"@type\":\"PropertyValueSpecification\",\"valueRequired\":true,\"valueName\":\"search_term_string\"}}],\"inLanguage\":\"es-CO\"},{\"@type\":\"Organization\",\"@id\":\"https:\/\/www.fiscalia.gov.co\/colombia\/#organization\",\"name\":\"Fiscal\u00eda General de la Naci\u00f3n\",\"url\":\"https:\/\/www.fiscalia.gov.co\/colombia\/\",\"logo\":{\"@type\":\"ImageObject\",\"inLanguage\":\"es-CO\",\"@id\":\"https:\/\/www.fiscalia.gov.co\/colombia\/#\/schema\/logo\/image\/\",\"url\":\"https:\/\/www.fiscalia.gov.co\/colombia\/wp-content\/uploads\/LogoHorizontal_1.jpg\",\"contentUrl\":\"https:\/\/www.fiscalia.gov.co\/colombia\/wp-content\/uploads\/LogoHorizontal_1.jpg\",\"width\":300,\"height\":90,\"caption\":\"Fiscal\u00eda General de la Naci\u00f3n\"},\"image\":{\"@id\":\"https:\/\/www.fiscalia.gov.co\/colombia\/#\/schema\/logo\/image\/\"},\"sameAs\":[\"https:\/\/www.facebook.com\/FiscaliaCol\",\"https:\/\/x.com\/FiscaliaCol\",\"https:\/\/www.instagram.com\/fiscaliacol\",\"https:\/\/www.linkedin.com\/company\/fiscalia-general-de-la-naci-n\/\",\"https:\/\/youtube.com\/@fiscaliageneraldelanacion-4668?si=6nN79nyQICPU5iTh\"]}]}<\/script>\n<!-- \/ Yoast SEO plugin. -->","yoast_head_json":{"title":"Fiscal\u00eda General de la Naci\u00f3n","description":"P\u00e1gina oficial de la Fiscal\u00eda General de la Naci\u00f3n \u2013 Colombia. Garantizamos el acceso efectivo a la justicia, la verdad y la reparaci\u00f3n de las v\u00edctimas de los delitos.","robots":{"index":"index","follow":"follow","max-snippet":"max-snippet:-1","max-image-preview":"max-image-preview:large","max-video-preview":"max-video-preview:-1"},"canonical":"https:\/\/www.fiscalia.gov.co\/colombia\/gestion\/programas-y-proyectos-en-ejecucion\/","og_locale":"es_ES","og_type":"article","og_title":"Fiscal\u00eda General de la Naci\u00f3n","og_description":"P\u00e1gina oficial de la Fiscal\u00eda General de la Naci\u00f3n \u2013 Colombia. Garantizamos el acceso efectivo a la justicia, la verdad y la reparaci\u00f3n de las v\u00edctimas de los delitos.","og_url":"https:\/\/www.fiscalia.gov.co\/colombia\/gestion\/programas-y-proyectos-en-ejecucion\/","og_site_name":"Fiscal\u00eda General de la Naci\u00f3n","article_publisher":"https:\/\/www.facebook.com\/FiscaliaCol","article_modified_time":"2026-04-15T18:54:42+00:00","twitter_card":"summary_large_image","twitter_site":"@FiscaliaCol","twitter_misc":{"Tiempo de lectura":"5 minutos"},"schema":{"@context":"https:\/\/schema.org","@graph":[{"@type":"WebPage","@id":"https:\/\/www.fiscalia.gov.co\/colombia\/gestion\/programas-y-proyectos-en-ejecucion\/","url":"https:\/\/www.fiscalia.gov.co\/colombia\/gestion\/programas-y-proyectos-en-ejecucion\/","name":"Fiscal\u00eda General de la Naci\u00f3n","isPartOf":{"@id":"https:\/\/www.fiscalia.gov.co\/colombia\/#website"},"datePublished":"2012-01-05T15:37:15+00:00","dateModified":"2026-04-15T18:54:42+00:00","description":"P\u00e1gina oficial de la Fiscal\u00eda General de la Naci\u00f3n \u2013 Colombia. Garantizamos el acceso efectivo a la justicia, la verdad y la reparaci\u00f3n de las v\u00edctimas de los delitos.","breadcrumb":{"@id":"https:\/\/www.fiscalia.gov.co\/colombia\/gestion\/programas-y-proyectos-en-ejecucion\/#breadcrumb"},"inLanguage":"es-CO","potentialAction":[{"@type":"ReadAction","target":["https:\/\/www.fiscalia.gov.co\/colombia\/gestion\/programas-y-proyectos-en-ejecucion\/"]}]},{"@type":"BreadcrumbList","@id":"https:\/\/www.fiscalia.gov.co\/colombia\/gestion\/programas-y-proyectos-en-ejecucion\/#breadcrumb","itemListElement":[{"@type":"ListItem","position":1,"name":"Home","item":"https:\/\/www.fiscalia.gov.co\/colombia\/"},{"@type":"ListItem","position":2,"name":"Gesti\u00f3n","item":"https:\/\/www.fiscalia.gov.co\/colombia\/gestion\/"},{"@type":"ListItem","position":3,"name":"Programas y proyectos en ejecuci\u00f3n"}]},{"@type":"WebSite","@id":"https:\/\/www.fiscalia.gov.co\/colombia\/#website","url":"https:\/\/www.fiscalia.gov.co\/colombia\/","name":"Fiscal\u00eda General de la Naci\u00f3n","description":"P\u00e1gina oficial de la Fiscal\u00eda General de la Naci\u00f3n \u2013 Colombia. Garantizamos el acceso efectivo a la justicia, la verdad y la reparaci\u00f3n de las v\u00edctimas de los delitos.","publisher":{"@id":"https:\/\/www.fiscalia.gov.co\/colombia\/#organization"},"potentialAction":[{"@type":"SearchAction","target":{"@type":"EntryPoint","urlTemplate":"https:\/\/www.fiscalia.gov.co\/colombia\/?s={search_term_string}"},"query-input":{"@type":"PropertyValueSpecification","valueRequired":true,"valueName":"search_term_string"}}],"inLanguage":"es-CO"},{"@type":"Organization","@id":"https:\/\/www.fiscalia.gov.co\/colombia\/#organization","name":"Fiscal\u00eda General de la Naci\u00f3n","url":"https:\/\/www.fiscalia.gov.co\/colombia\/","logo":{"@type":"ImageObject","inLanguage":"es-CO","@id":"https:\/\/www.fiscalia.gov.co\/colombia\/#\/schema\/logo\/image\/","url":"https:\/\/www.fiscalia.gov.co\/colombia\/wp-content\/uploads\/LogoHorizontal_1.jpg","contentUrl":"https:\/\/www.fiscalia.gov.co\/colombia\/wp-content\/uploads\/LogoHorizontal_1.jpg","width":300,"height":90,"caption":"Fiscal\u00eda General de la Naci\u00f3n"},"image":{"@id":"https:\/\/www.fiscalia.gov.co\/colombia\/#\/schema\/logo\/image\/"},"sameAs":["https:\/\/www.facebook.com\/FiscaliaCol","https:\/\/x.com\/FiscaliaCol","https:\/\/www.instagram.com\/fiscaliacol","https:\/\/www.linkedin.com\/company\/fiscalia-general-de-la-naci-n\/","https:\/\/youtube.com\/@fiscaliageneraldelanacion-4668?si=6nN79nyQICPU5iTh"]}]}},"ticketed":false,"_links":{"self":[{"href":"https:\/\/www.fiscalia.gov.co\/colombia\/wp-json\/wp\/v2\/pages\/8580","targetHints":{"allow":["GET"]}}],"collection":[{"href":"https:\/\/www.fiscalia.gov.co\/colombia\/wp-json\/wp\/v2\/pages"}],"about":[{"href":"https:\/\/www.fiscalia.gov.co\/colombia\/wp-json\/wp\/v2\/types\/page"}],"author":[{"embeddable":true,"href":"https:\/\/www.fiscalia.gov.co\/colombia\/wp-json\/wp\/v2\/users\/143"}],"replies":[{"embeddable":true,"href":"https:\/\/www.fiscalia.gov.co\/colombia\/wp-json\/wp\/v2\/comments?post=8580"}],"version-history":[{"count":118,"href":"https:\/\/www.fiscalia.gov.co\/colombia\/wp-json\/wp\/v2\/pages\/8580\/revisions"}],"predecessor-version":[{"id":361655,"href":"https:\/\/www.fiscalia.gov.co\/colombia\/wp-json\/wp\/v2\/pages\/8580\/revisions\/361655"}],"up":[{"embeddable":true,"href":"https:\/\/www.fiscalia.gov.co\/colombia\/wp-json\/wp\/v2\/pages\/8562"}],"wp:attachment":[{"href":"https:\/\/www.fiscalia.gov.co\/colombia\/wp-json\/wp\/v2\/media?parent=8580"}],"curies":[{"name":"wp","href":"https:\/\/api.w.org\/{rel}","templated":true}]}}