{"id":8576,"date":"2012-01-05T10:35:05","date_gmt":"2012-01-05T15:35:05","guid":{"rendered":"http:\/\/www.fiscalia.gov.co\/colombia\/?page_id=8576"},"modified":"2018-01-31T15:08:44","modified_gmt":"2018-01-31T20:08:44","slug":"informacion-financiera-y-contable","status":"publish","type":"page","link":"https:\/\/www.fiscalia.gov.co\/colombia\/la-entidad\/informacion-financiera-y-contable\/","title":{"rendered":"Informaci\u00f3n presupuestal y financiera"},"content":{"rendered":"<p>Consulte&nbsp;aqu\u00ed el presupuesto, la ejecuci\u00f3n y estados financieros de la Fiscal\u00eda General de la Naci\u00f3n.<\/p>\n<div class=\"su-accordion su-u-trim\"><\/div>\n<div class=\"su-spoiler su-spoiler-style-fancy su-spoiler-icon-plus su-spoiler-closed\" data-scroll-offset=\"0\" data-anchor-in-url=\"no\"><div class=\"su-spoiler-title\" tabindex=\"0\" role=\"button\"><span class=\"su-spoiler-icon\"><\/span>Presupuesto general asignado<\/div><div class=\"su-spoiler-content su-u-clearfix su-u-trim\">\n<p>Corresponde al presupuesto asignado por el Ministerio de Hacienda y Cr\u00e9dito P\u00fablico mediante Decreto de Liquidaci\u00f3n Presupuestal, por concepto de gastos de funcionamiento e inversi\u00f3n para atender las necesidades institucionales y cumplir con las funciones establecidas en la Constituci\u00f3n y la Ley a la Fiscal\u00eda General de la Naci\u00f3n.<\/p>\n<p><a href=\"https:\/\/www.fiscalia.gov.co\/colombia\/wp-content\/uploads\/PRESUPUESTO-FISCALIA-2018-1.xlsx\">Presupuesto general 2018<\/a><br \/>\n<a title=\"Ver documento \" href=\"http:\/\/www.fiscalia.gov.co\/colombia\/wp-content\/uploads\/PRESUPUESTO-FISCALIA-2017.xlsx\" target=\"_blank\" rel=\"noopener noreferrer\">Presupuesto general 2017<br \/>\n<\/a><a href=\"http:\/\/www.fiscalia.gov.co\/colombia\/wp-content\/uploads\/PRESUPUESTO-FISCALIA-2016.xlsx\">Presupuesto general 2016&nbsp;<\/a><br \/>\n<a href=\"http:\/\/www.fiscalia.gov.co\/colombia\/wp-content\/uploads\/PRESUPUESTO-FISCALIA-2015.xlsx\">Presupuesto general 2015&nbsp;<\/a><br \/>\n<a href=\"http:\/\/www.fiscalia.gov.co\/colombia\/wp-content\/uploads\/PRESUPUESTO-2014-FISCALIA.xlsx\">Presupuesto general 2014&nbsp;<\/a><\/p>\n<\/div><\/div>\n<div class=\"su-accordion su-u-trim\"><\/div>\n<div class=\"su-spoiler su-spoiler-style-fancy su-spoiler-icon-plus su-spoiler-closed\" data-scroll-offset=\"0\" data-anchor-in-url=\"no\"><div class=\"su-spoiler-title\" tabindex=\"0\" role=\"button\"><span class=\"su-spoiler-icon\"><\/span>Ejecuci\u00f3n presupuestal hist\u00f3rica anual<\/div><div class=\"su-spoiler-content su-u-clearfix su-u-trim\">\n<p>En este sitio encontrar\u00e1 en un \u00fanico archivo, <strong>informaci\u00f3n hist\u00f3rica detallada de la ejecuci\u00f3n presupuestal aprobada y ejecutada de ingresos y gastos anuales<\/strong>, junto con el <strong>presupuesto desagregado con modificaciones<\/strong>.<\/p>\n<p>Ejecuci\u00f3n presupuestal 2017<\/p>\n<ul>\n<li style=\"list-style-type: none;\">\n<ul>\n<li style=\"list-style-type: none;\">\n<ul>\n<li><a href=\"https:\/\/www.fiscalia.gov.co\/colombia\/wp-content\/uploads\/EJECUCI\u00d3N-PTAL-DICIEMBRE-2017.xlsx\">Ejecuci\u00f3n presupuestal a 31 de diciembre de 2017<\/a> &#8211; Publicado el 23 de enero de 2018<\/li>\n<li><a href=\"http:\/\/www.fiscalia.gov.co\/colombia\/wp-content\/uploads\/EJECUCI\u00d3N-PTAL-NOVIEMBRE-2017.xlsx\">Ejecuci\u00f3n presupuestal a 30 de noviembre de 2017<\/a> &#8211; Publicado el 4 de diciembre de 2017<\/li>\n<li><a href=\"http:\/\/www.fiscalia.gov.co\/colombia\/wp-content\/uploads\/EJECUCI\u00d3N-PTAL-OCTUBRE-2017.xlsx\">Ejecuci\u00f3n presupuestal a 31 de octubre de 2017<\/a> &#8211; Publicado el 2 de noviembre de 2017<\/li>\n<li><a href=\"http:\/\/www.fiscalia.gov.co\/colombia\/wp-content\/uploads\/EJECUCI\u00d3N-PTAL-SEPTIEMBRE-2017.xlsx\">Ejecuci\u00f3n presupuestal a 30 de septiembre de 2017<\/a> &#8211; Publicado el 4 de octubre de 2017<\/li>\n<li><a title=\"Ver ejecuci\u00f3n presupuestal \" href=\"http:\/\/www.fiscalia.gov.co\/colombia\/wp-content\/uploads\/EJECUCI\u00d3N-PTAL-AGOSTO-2017.xlsx\" target=\"_blank\" rel=\"noopener noreferrer\">Ejecuci\u00f3n presupuestal a 31 de agosto de 2017<\/a> &#8211; Publicado el 5 de septiembre de 2017<\/li>\n<li><a href=\"http:\/\/www.fiscalia.gov.co\/colombia\/wp-content\/uploads\/EJECUCI\u00d3N-PTAL-JULIO-2017.xlsx\">Ejecuci\u00f3n presupuestal a 31 de julio de 2017&nbsp;<\/a>&#8211; Publicado el 17 de agosto de 2017&nbsp;<\/li>\n<li><a title=\"Ver ejecuci\u00f3n presupuestal \" href=\"http:\/\/www.fiscalia.gov.co\/colombia\/wp-content\/uploads\/EJECUCI\u00d3N-SEGUNDO-TRIMESTRE-FGN-JUNIO-2017.xlsx\" target=\"_blank\" rel=\"noopener noreferrer\">Ejecuci\u00f3n presupuestal a 30 de junio de 2017 <\/a>&#8211; Publicado el 11 de julio de 2017<\/li>\n<li><a href=\"http:\/\/www.fiscalia.gov.co\/colombia\/wp-content\/uploads\/EJECUCI\u00d3N-PTAL-MAYO-2017.xlsx\">Ejecuci\u00f3n presupuestal a 31 de mayo de 2017<\/a>&nbsp;<\/li>\n<li><a href=\"http:\/\/www.fiscalia.gov.co\/colombia\/wp-content\/uploads\/EJECUCI\u00d3N-PTAL-ABRIL-2017.xlsx\">Ejecuci\u00f3n presupuestal a 30 de abril de 2017&nbsp;<\/a><\/li>\n<li><a href=\"http:\/\/www.fiscalia.gov.co\/colombia\/wp-content\/uploads\/EJECUCI\u00d3N-PRIMER-TRIMESTRE-FGN-MARZO-2017-1.xlsx\">Ejecuci\u00f3n presupuestal a 31 de marzo&nbsp;de 2017<\/a><\/li>\n<li><a href=\"http:\/\/www.fiscalia.gov.co\/colombia\/wp-content\/uploads\/EJECUCI\u00d3N-PTAL-FEBRERO-2017.xlsx\">Ejecuci\u00f3n presupuestal a 28 de febrero de 2017<\/a>&nbsp;<\/li>\n<li><a href=\"http:\/\/www.fiscalia.gov.co\/colombia\/wp-content\/uploads\/EJECUCI\u00d3N-PTAL-ENERO-2017.xlsx\">Ejecuci\u00f3n presupuestal a 31 de enero de 2017&nbsp;<\/a><\/li>\n<\/ul>\n<\/li>\n<\/ul>\n<\/li>\n<\/ul>\n<p>Ejecuci\u00f3n presupuestal 2016<\/p>\n<ul>\n<li style=\"list-style-type: none;\">\n<ul>\n<li style=\"list-style-type: none;\">\n<ul>\n<li><a title=\"Ver ejecuci\u00f3n\" href=\"http:\/\/www.fiscalia.gov.co\/colombia\/wp-content\/uploads\/Copia-de-EJEC-CUARTO-TRIMESTRE-DICIEMBRE-2016.pdf\" target=\"_blank\" rel=\"noopener noreferrer\">A 31 de diciembre de 2016<\/a><\/li>\n<li><a title=\"Ver archivo\" href=\"http:\/\/www.fiscalia.gov.co\/colombia\/wp-content\/uploads\/Copia-de-EJEC-TERCER-TRIMESTRE-SEPTIEMBRE-2016.pdf\" target=\"_blank\" rel=\"noopener noreferrer\">A 30 de septiembre de 2016<\/a><\/li>\n<li><a title=\"Ver archivo\" href=\"http:\/\/www.fiscalia.gov.co\/colombia\/wp-content\/uploads\/Copia-de-EJEC-SEGUNDO-TRIMESTRE-JUNIO-2016.pdf\" target=\"_blank\" rel=\"noopener noreferrer\">A 30 de junio de 2016&nbsp;<\/a><\/li>\n<li><a title=\"Ver archivo\" href=\"http:\/\/www.fiscalia.gov.co\/colombia\/wp-content\/uploads\/Copia-de-EJEC-PRIMER-TRIMESTRE-MARZO-20161.pdf\" target=\"_blank\" rel=\"noopener noreferrer\">A 31 de marzo de 2016<\/a><\/li>\n<\/ul>\n<\/li>\n<\/ul>\n<\/li>\n<\/ul>\n<p>Ejecuci\u00f3n presupuestal 2015<\/p>\n<ul>\n<li style=\"list-style-type: none;\">\n<ul>\n<li style=\"list-style-type: none;\">\n<ul>\n<li><a title=\"Ver archivo\" href=\"http:\/\/www.fiscalia.gov.co\/colombia\/wp-content\/uploads\/EJECUCION_CUARTO_TRIMESTRE_DICIEMBRE_-2015.pdf\" target=\"_blank\" rel=\"noopener noreferrer\">A 31 de diciembre de 2015<\/a><\/li>\n<li><a title=\"Ver archivo\" href=\"http:\/\/www.fiscalia.gov.co\/colombia\/wp-content\/uploads\/Copia-de-EJEC-TERCER-TRIMESTRE-SEPTIEMBRE-2015.pdf\" target=\"_blank\" rel=\"noopener noreferrer\">A 30 de septiembre de 2015<\/a><\/li>\n<li><a title=\"Ver archivo \" href=\"http:\/\/www.fiscalia.gov.co\/colombia\/wp-content\/uploads\/Copia-de-EJEC-SEGUNDO-TRIMESTRE-JUNIO-2015.pdf\" target=\"_blank\" rel=\"noopener noreferrer\">A 30 de junio de 2015&nbsp;<\/a><\/li>\n<li><a title=\"Ver archivo\" href=\"http:\/\/www.fiscalia.gov.co\/colombia\/wp-content\/uploads\/Copia-de-EJEC-PRIMER-TRIMESTRE-MARZO-2015.pdf\" target=\"_blank\" rel=\"noopener noreferrer\">A 31 de marzo de 2015&nbsp;<\/a><\/li>\n<\/ul>\n<\/li>\n<\/ul>\n<\/li>\n<\/ul>\n<p>Ejecuci\u00f3n presupuestal 2014<\/p>\n<ul>\n<li style=\"list-style-type: none;\">\n<ul>\n<li style=\"list-style-type: none;\">\n<ul>\n<li><a title=\"Ir\" href=\"http:\/\/www.fiscalia.gov.co\/colombia\/wp-content\/uploads\/Copia-de-EJE-CUARTO-TRMESTRE-DICIEMBRE-DE-20141.pdf\" target=\"_blank\" rel=\"noopener noreferrer\">A 31 de diciembre de 2014&nbsp;<\/a><\/li>\n<li><a title=\"Descargar archivo\" href=\"http:\/\/www.fiscalia.gov.co\/colombia\/wp-content\/uploads\/Copia-de-EJE-TERCER-TRMESTRE-SEPTIEMBRE-DE-2014.pdf\" target=\"_blank\" rel=\"noopener noreferrer\">A 30 de septiembre de 2014<\/a><\/li>\n<li><a title=\"Descargar\" href=\"http:\/\/www.fiscalia.gov.co\/colombia\/wp-content\/uploads\/EJECUCION_SEGUNDO_TRIMESTRE-JUNIO-DE-20141.pdf\" target=\"_blank\" rel=\"noopener noreferrer\">A 30 de junio de 2014<\/a><\/li>\n<li><a title=\"Ver ejecuci\u00f3n presupuestal \" href=\"http:\/\/www.fiscalia.gov.co\/colombia\/wp-content\/uploads\/EjecucionPresupuestal_primer_trimestre_2014.pdf\" target=\"_blank\" rel=\"noopener noreferrer\">A 31 de marzo de 2014&nbsp;<\/a><\/li>\n<\/ul>\n<\/li>\n<\/ul>\n<\/li>\n<\/ul>\n<p>Ejecuci\u00f3n presupuestal 2013<\/p>\n<ul>\n<li style=\"list-style-type: none;\">\n<ul>\n<li style=\"list-style-type: none;\">\n<ul>\n<li><a title=\"Ver ejecuci\u00f3n \" href=\"http:\/\/www.fiscalia.gov.co\/colombia\/wp-content\/uploads\/Ejecucion_cuarto_timestres_2013.pdf\" target=\"_blank\" rel=\"noopener noreferrer\">A 31 de diciembre de 2013<\/a><\/li>\n<li><a title=\"Descargar archivo \" href=\"http:\/\/www.fiscalia.gov.co\/colombia\/wp-content\/uploads\/EjecucuionPresupuestal_a_20130930.pdf\" target=\"_blank\" rel=\"noopener noreferrer\">A 30 de septiembre de 2013<\/a><\/li>\n<li><a title=\"Ver ejecuci\u00f3n presupuestal \" href=\"http:\/\/www.fiscalia.gov.co\/colombia\/wp-content\/uploads\/2013\/07\/Ejecucion20130630.pdf\" target=\"_blank\" rel=\"noopener noreferrer\">A 30 de junio de 2013<\/a><\/li>\n<\/ul>\n<\/li>\n<\/ul>\n<\/li>\n<\/ul>\n<p>Ejecuci\u00f3n presupuestal 2012<a title=\"Ver ejecuci\u00f3n presupuestal \" href=\"http:\/\/www.fiscalia.gov.co\/colombia\/wp-content\/uploads\/2012\/01\/EjecucionPresupuestal20121231.pdf\" target=\"_blank\" rel=\"noopener noreferrer\"><br \/>\n<\/a><\/p>\n<ul>\n<li style=\"list-style-type: none;\">\n<ul>\n<li style=\"list-style-type: none;\">\n<ul>\n<li><a title=\"Ver ejecuci\u00f3n presupuestal \" href=\"http:\/\/www.fiscalia.gov.co\/colombia\/wp-content\/uploads\/2012\/01\/EjecucionPresupuestal20121231.pdf\" target=\"_blank\" rel=\"noopener noreferrer\">A 31 de diciembre de 2012&nbsp;<\/a><\/li>\n<li><a title=\"Ver ejecuci\u00f3n\" href=\"http:\/\/www.fiscalia.gov.co\/colombia\/wp-content\/uploads\/2012\/01\/EjecucionPresupuestal_30_09_2012.pdf\" target=\"_blank\" rel=\"noopener noreferrer\">A 30 de septiembre de 2012&nbsp;<\/a><\/li>\n<li><a title=\"Ver ejecuci\u00f3n presupuestal\" href=\"http:\/\/www.fiscalia.gov.co\/colombia\/wp-content\/uploads\/2012\/01\/Ejecuci\u00f3nPresupuestala30dejuniode2012.pdf\" target=\"_blank\" rel=\"noopener noreferrer\">A 30 de junio de 2012 <\/a><\/li>\n<li><a title=\"Ver ejecuci\u00f3n presupuestal \" href=\"http:\/\/www.fiscalia.gov.co\/colombia\/wp-content\/uploads\/2012\/01\/Ejecuci\u00f3npresupuestalmarzo2012.pdf\" target=\"_blank\" rel=\"noopener noreferrer\">A 31 de marzo de 2012<\/a><\/li>\n<\/ul>\n<\/li>\n<\/ul>\n<\/li>\n<\/ul>\n<\/div><\/div>\n<div class=\"su-accordion su-u-trim\"><\/div>\n<div class=\"su-accordion su-u-trim\"><\/div>\n<div class=\"su-spoiler su-spoiler-style-fancy su-spoiler-icon-plus su-spoiler-closed\" data-scroll-offset=\"0\" data-anchor-in-url=\"no\"><div class=\"su-spoiler-title\" tabindex=\"0\" role=\"button\"><span class=\"su-spoiler-icon\"><\/span>Estados financieros<\/div><div class=\"su-spoiler-content su-u-clearfix su-u-trim\">\n<p>Consulte aqu\u00ed el balance general, el estado de actividad financiera, econ\u00f3mica, social y ambiental y el estado de cambios en el patrimonio de la Fiscal\u00eda General de la Naci\u00f3n.<\/p>\n<p><strong>2017<\/strong><\/p>\n<ul>\n<li style=\"list-style-type: none;\">\n<ul>\n<li style=\"list-style-type: none;\">\n<ul>\n<li><a href=\"http:\/\/www.fiscalia.gov.co\/colombia\/wp-content\/uploads\/Estados-Financieros-FGN-Corte-a-30-de-Septiembre-2017-4.pdf\" target=\"_blank\" rel=\"noopener\">A&nbsp;30 de septiembre de 2017<\/a>&nbsp;&#8211; Publicado el 31 de octubre de 2017.<\/li>\n<li><a href=\"http:\/\/www.fiscalia.gov.co\/colombia\/wp-content\/uploads\/ESTADOS-FINANCIEROS-A-31-DE-MARZO-DE-2017.pdf\">A 31 de marzo de 2017&nbsp;<\/a>&#8211; Publicado el 31 de mayo de 2017&nbsp;<\/li>\n<\/ul>\n<\/li>\n<\/ul>\n<\/li>\n<\/ul>\n<p><strong>2016<\/strong><\/p>\n<ul>\n<li style=\"list-style-type: none;\">\n<ul>\n<li style=\"list-style-type: none;\">\n<ul>\n<li><a title=\"Ver archivo\" href=\"http:\/\/www.fiscalia.gov.co\/colombia\/wp-content\/uploads\/ESTADOS-FINANCIEROS-CON-FECHA-DE-CORTE-A-DICIEMBRE-31-DE-2016.pdf\" target=\"_blank\" rel=\"noopener noreferrer\">A 31 de diciembre de 2016&nbsp;<\/a><\/li>\n<li><a title=\"Ver estados financieros\" href=\"http:\/\/www.fiscalia.gov.co\/colombia\/wp-content\/uploads\/SEPTIEMBRE-30-DE-2016-ESTADOS-FINANCIEROS-FGN.pdf\" target=\"_blank\" rel=\"noopener noreferrer\">A 30 de septiembre de 2016 <\/a><\/li>\n<li><a title=\"Ver estados \" href=\"http:\/\/www.fiscalia.gov.co\/colombia\/wp-content\/uploads\/ESTADOS-FINANCIEROS-A-30-DE-JUNIO-DE-2016.pdf\" target=\"_blank\" rel=\"noopener noreferrer\">A 30 de junio de 2016<\/a><\/li>\n<li><a title=\"Ver archivo\" href=\"http:\/\/www.fiscalia.gov.co\/colombia\/wp-content\/uploads\/ESTADOS-FINANCIEROS-CON-FECHA-DE-CORTE-A-31-DE-MARZO-DE-20162.pdf\" target=\"_blank\" rel=\"noopener noreferrer\">A 31 de marzo de 2016<\/a><\/li>\n<\/ul>\n<\/li>\n<\/ul>\n<\/li>\n<\/ul>\n<p><strong>2015<\/strong><\/p>\n<ul>\n<li style=\"list-style-type: none;\">\n<ul>\n<li style=\"list-style-type: none;\">\n<ul>\n<li><a title=\"Ver estados financieros\" href=\"http:\/\/www.fiscalia.gov.co\/colombia\/wp-content\/uploads\/ESTADOS-FINANCIEROS-A-31-DE-DICIEMBRE-DE-2015.pdf\" target=\"_blank\" rel=\"noopener noreferrer\">A 31 de diciembre de 2015&nbsp;<\/a><\/li>\n<li><a title=\"Ver archivo\" href=\"http:\/\/www.fiscalia.gov.co\/colombia\/wp-content\/uploads\/ESTADOS-FINANCIEROS-A-30-DE-SEPTIEMBRE-DE-20152.pdf\" target=\"_blank\" rel=\"noopener noreferrer\">A 30 de septiembre de 2015<\/a><\/li>\n<li><a title=\"Ver estados financieros\" href=\"http:\/\/www.fiscalia.gov.co\/colombia\/wp-content\/uploads\/ESTADOS-FINANCIEROS-FECHA-DE-CORTE-A-30-DE-JUNIO-DE-2015.pdf\" target=\"_blank\" rel=\"noopener noreferrer\">A 30 de junio de 2015<\/a><\/li>\n<li><a title=\"Ver documento\" href=\"http:\/\/www.fiscalia.gov.co\/colombia\/wp-content\/uploads\/ESTADOS-FINANCIEROS-CON-FECHA-DE-CORTE-A-31-DE-MARZO-DE-2015-d.pdf\" target=\"_blank\" rel=\"noopener noreferrer\">A 31 de marzo de 2015<\/a><\/li>\n<\/ul>\n<\/li>\n<\/ul>\n<\/li>\n<\/ul>\n<p><strong>2014<\/strong><\/p>\n<ul>\n<li style=\"list-style-type: none;\">\n<ul>\n<li style=\"list-style-type: none;\">\n<ul>\n<li><a title=\"Ver estados financieros\" href=\"http:\/\/www.fiscalia.gov.co\/colombia\/wp-content\/uploads\/ESTADOS-FINANCIEROS-CON-FECHA-DE-CORTE-A-31-DE-DICIEMBRE-DE-.pdf\" target=\"_blank\" rel=\"noopener noreferrer\">A 31 de diciembre de 2014&nbsp;<\/a><\/li>\n<li><a title=\"Ver estados contables \" href=\"http:\/\/www.fiscalia.gov.co\/colombia\/wp-content\/uploads\/ESTADOS-FINANCIEROS-CON-CORTE-A-30-DE-SEPTIEMBRE-DE-2014..pdf\" target=\"_blank\" rel=\"noopener noreferrer\">A 30 de septiembre de 2014&nbsp;<\/a><\/li>\n<li><a title=\"Ver archivo\" href=\"http:\/\/www.fiscalia.gov.co\/colombia\/wp-content\/uploads\/ESTADOS-FINANCIEROS-CORTE-A-30-DE-JUNIO-DE-2014.pdf\" target=\"_blank\" rel=\"noopener noreferrer\">A 30 de junio de 2014<\/a>&nbsp;<\/li>\n<li><a title=\"Descargar archivo\" href=\"http:\/\/www.fiscalia.gov.co\/colombia\/wp-content\/uploads\/ESTADOS-FINANCIEROS-MARZO-31-DE-2014.pdf\" target=\"_blank\" rel=\"noopener noreferrer\">A 31 de marzo de 2014<\/a><\/li>\n<\/ul>\n<\/li>\n<\/ul>\n<\/li>\n<\/ul>\n<p><strong>2013<\/strong><\/p>\n<ul>\n<li style=\"list-style-type: none;\">\n<ul>\n<li style=\"list-style-type: none;\">\n<ul>\n<li><a title=\"Ver documento \" href=\"http:\/\/www.fiscalia.gov.co\/colombia\/wp-content\/uploads\/ESTADOS-FINANCIEROS-CON-CORTE-A-31-DICIEMBE-DE-2013.pdf\" target=\"_blank\" rel=\"noopener noreferrer\">A 31 de diciembre de 2013&nbsp;<\/a><\/li>\n<li><a title=\"Descargar \" href=\"http:\/\/www.fiscalia.gov.co\/colombia\/wp-content\/uploads\/Corte_sep30_2013.pdf\" target=\"_blank\" rel=\"noopener noreferrer\">A 30 de septiembre de 2013<\/a><\/li>\n<li><a title=\"Descargar archivo\" href=\"http:\/\/www.fiscalia.gov.co\/colombia\/wp-content\/uploads\/EstadosFinancieros20130630.pdf\" target=\"_blank\" rel=\"noopener noreferrer\">A 30 de junio de 2013<\/a><\/li>\n<li><a title=\"Ver estados financieros \" href=\"http:\/\/www.fiscalia.gov.co\/colombia\/wp-content\/uploads\/2012\/01\/EstadosFinancieros20130331.pdf\" target=\"_blank\" rel=\"noopener noreferrer\">A 31 de marzo de 2013&nbsp;<\/a><\/li>\n<\/ul>\n<\/li>\n<\/ul>\n<\/li>\n<\/ul>\n<p><strong>2012<\/strong><\/p>\n<ul>\n<li style=\"list-style-type: none;\">\n<ul>\n<li style=\"list-style-type: none;\">\n<ul>\n<li><a title=\"Ver estados financieros \" href=\"http:\/\/www.fiscalia.gov.co\/colombia\/wp-content\/uploads\/2012\/01\/EstadosFinancieros20121231.pdf\" target=\"_blank\" rel=\"noopener noreferrer\">A 31 de diciembre de 2012&nbsp;<\/a><\/li>\n<li><a title=\"Ver estados financieros \" href=\"http:\/\/www.fiscalia.gov.co\/colombia\/wp-content\/uploads\/2012\/01\/30septiembre2012.pdf\" target=\"_blank\" rel=\"noopener noreferrer\">A 30 de septiembre<\/a><\/li>\n<li><a title=\"Ver estados financieros\" href=\"http:\/\/www.fiscalia.gov.co\/colombia\/wp-content\/uploads\/2012\/01\/Estados-Financieros-a-30-de-junio-de-2012.pdf\" target=\"_blank\" rel=\"noopener noreferrer\">A 30 de junio<\/a><\/li>\n<li><a title=\"Ver estados financieros \" href=\"http:\/\/www.fiscalia.gov.co\/colombia\/wp-content\/uploads\/2012\/01\/EstadosFinancierosa31demarzode2012.pdf\" target=\"_blank\" rel=\"noopener noreferrer\">A 31 de marzo<\/a><\/li>\n<\/ul>\n<\/li>\n<\/ul>\n<\/li>\n<\/ul>\n<p><strong>2011<\/strong><\/p>\n<ul>\n<li style=\"list-style-type: none;\">\n<ul>\n<li style=\"list-style-type: none;\">\n<ul>\n<li><a title=\"Ver documento \" href=\"http:\/\/www.fiscalia.gov.co\/colombia\/wp-content\/uploads\/2012\/01\/BALANCE-GENERAL.pdf\" target=\"_blank\" rel=\"noopener noreferrer\">A 31 de diciembre<\/a><\/li>\n<li><a title=\"Ver estados financieros \" href=\"http:\/\/www.fiscalia.gov.co\/colombia\/wp-content\/uploads\/2012\/01\/Estadoscontables_septiembre2011.tif\" target=\"_blank\" rel=\"noopener noreferrer\">A 30 de septiembre<\/a><\/li>\n<li><a title=\"Ver documento \" href=\"http:\/\/www.fiscalia.gov.co\/colombia\/wp-content\/uploads\/2012\/01\/Estadoscontables_junio2011.tif\" target=\"_blank\" rel=\"noopener noreferrer\">A 30 de junio&nbsp;<\/a><\/li>\n<li><a title=\"Ver documento \" href=\"http:\/\/www.fiscalia.gov.co\/colombia\/wp-content\/uploads\/2012\/01\/Estadoscontables_marzo2011.tif\" target=\"_blank\" rel=\"noopener noreferrer\">A 31 de marzo&nbsp;<\/a><\/li>\n<\/ul>\n<\/li>\n<\/ul>\n<\/li>\n<\/ul>\n<p><strong>2010<\/strong><\/p>\n<ul>\n<li style=\"list-style-type: none;\">\n<ul>\n<li style=\"list-style-type: none;\">\n<ul>\n<li><a href=\"http:\/\/www.fiscalia.gov.co\/colombia\/wp-content\/uploads\/2012\/01\/Corte_diciembre31_2010.pdf\" target=\"_blank\" rel=\"noopener noreferrer\">A 31 de diciembre&nbsp;<\/a><\/li>\n<li><a href=\"http:\/\/www.fiscalia.gov.co\/colombia\/wp-content\/uploads\/2012\/01\/Corte_septiembre30_2010.pdf\" target=\"_blank\" rel=\"noopener noreferrer\">A 30 de septiembre<\/a><\/li>\n<li><a href=\"http:\/\/www.fiscalia.gov.co\/colombia\/wp-content\/uploads\/2012\/01\/Corte_junio_30_2010.pdf\" target=\"_blank\" rel=\"noopener noreferrer\">A 30 de junio<\/a><\/li>\n<li><a href=\"http:\/\/www.fiscalia.gov.co\/colombia\/wp-content\/uploads\/2012\/01\/Corte_marzo31_2010.pdf\" target=\"_blank\" rel=\"noopener noreferrer\">A 31 de marzo<\/a><\/li>\n<\/ul>\n<\/li>\n<\/ul>\n<\/li>\n<\/ul>\n<\/div><\/div>\n<div class=\"su-accordion su-u-trim\"><\/div>\n\n<div class=\"twitter-share\"><a href=\"https:\/\/twitter.com\/intent\/tweet?via=fiscaliacol\" class=\"twitter-share-button\">Tweet<\/a><\/div>\n","protected":false},"excerpt":{"rendered":"<p>Consulte&nbsp;aqu\u00ed el presupuesto, la ejecuci\u00f3n y estados financieros de la Fiscal\u00eda General de la Naci\u00f3n.<\/p>\n","protected":false},"author":143,"featured_media":0,"parent":9126,"menu_order":14,"comment_status":"open","ping_status":"closed","template":"","meta":{"_price":"","_stock":"","_tribe_ticket_header":"","_tribe_default_ticket_provider":"","_tribe_ticket_capacity":"0","_ticket_start_date":"","_ticket_end_date":"","_tribe_ticket_show_description":"","_tribe_ticket_show_not_going":false,"_tribe_ticket_use_global_stock":"","_tribe_ticket_global_stock_level":"","_global_stock_mode":"","_global_stock_cap":"","_tribe_rsvp_for_event":"","_tribe_ticket_going_count":"","_tribe_ticket_not_going_count":"","_tribe_tickets_list":"[]","_tribe_ticket_has_attendee_info_fields":false,"tdm_status":"","tdm_grid_status":"","footnotes":"","_tec_slr_enabled":"","_tec_slr_layout":""},"class_list":["post-8576","page","type-page","status-publish"],"yoast_head":"<!-- This site is optimized with the Yoast SEO plugin v24.3 - https:\/\/yoast.com\/wordpress\/plugins\/seo\/ -->\n<title>Fiscal\u00eda General de la Naci\u00f3n<\/title>\n<meta name=\"description\" content=\"P\u00e1gina oficial de la Fiscal\u00eda General de la Naci\u00f3n \u2013 Colombia. Garantizamos el acceso efectivo a la justicia, la verdad y la reparaci\u00f3n de las v\u00edctimas de los delitos.\" \/>\n<meta name=\"robots\" content=\"index, follow, max-snippet:-1, max-image-preview:large, max-video-preview:-1\" \/>\n<link rel=\"canonical\" href=\"https:\/\/www.fiscalia.gov.co\/colombia\/la-entidad\/informacion-financiera-y-contable\/\" \/>\n<meta property=\"og:locale\" content=\"es_ES\" \/>\n<meta property=\"og:type\" content=\"article\" \/>\n<meta property=\"og:title\" content=\"Fiscal\u00eda General de la Naci\u00f3n\" \/>\n<meta property=\"og:description\" content=\"P\u00e1gina oficial de la Fiscal\u00eda General de la Naci\u00f3n \u2013 Colombia. Garantizamos el acceso efectivo a la justicia, la verdad y la reparaci\u00f3n de las v\u00edctimas de los delitos.\" \/>\n<meta property=\"og:url\" content=\"https:\/\/www.fiscalia.gov.co\/colombia\/la-entidad\/informacion-financiera-y-contable\/\" \/>\n<meta property=\"og:site_name\" content=\"Fiscal\u00eda General de la Naci\u00f3n\" \/>\n<meta property=\"article:publisher\" content=\"https:\/\/www.facebook.com\/FiscaliaCol\" \/>\n<meta property=\"article:modified_time\" content=\"2018-01-31T20:08:44+00:00\" \/>\n<meta name=\"twitter:card\" content=\"summary_large_image\" \/>\n<meta name=\"twitter:site\" content=\"@FiscaliaCol\" \/>\n<meta name=\"twitter:label1\" content=\"Tiempo de lectura\" \/>\n\t<meta name=\"twitter:data1\" content=\"3 minutos\" \/>\n<script type=\"application\/ld+json\" class=\"yoast-schema-graph\">{\"@context\":\"https:\/\/schema.org\",\"@graph\":[{\"@type\":\"WebPage\",\"@id\":\"https:\/\/www.fiscalia.gov.co\/colombia\/la-entidad\/informacion-financiera-y-contable\/\",\"url\":\"https:\/\/www.fiscalia.gov.co\/colombia\/la-entidad\/informacion-financiera-y-contable\/\",\"name\":\"Fiscal\u00eda General de la Naci\u00f3n\",\"isPartOf\":{\"@id\":\"https:\/\/www.fiscalia.gov.co\/colombia\/#website\"},\"datePublished\":\"2012-01-05T15:35:05+00:00\",\"dateModified\":\"2018-01-31T20:08:44+00:00\",\"description\":\"P\u00e1gina oficial de la Fiscal\u00eda General de la Naci\u00f3n \u2013 Colombia. Garantizamos el acceso efectivo a la justicia, la verdad y la reparaci\u00f3n de las v\u00edctimas de los delitos.\",\"breadcrumb\":{\"@id\":\"https:\/\/www.fiscalia.gov.co\/colombia\/la-entidad\/informacion-financiera-y-contable\/#breadcrumb\"},\"inLanguage\":\"es-CO\",\"potentialAction\":[{\"@type\":\"ReadAction\",\"target\":[\"https:\/\/www.fiscalia.gov.co\/colombia\/la-entidad\/informacion-financiera-y-contable\/\"]}]},{\"@type\":\"BreadcrumbList\",\"@id\":\"https:\/\/www.fiscalia.gov.co\/colombia\/la-entidad\/informacion-financiera-y-contable\/#breadcrumb\",\"itemListElement\":[{\"@type\":\"ListItem\",\"position\":1,\"name\":\"Home\",\"item\":\"https:\/\/www.fiscalia.gov.co\/colombia\/\"},{\"@type\":\"ListItem\",\"position\":2,\"name\":\"La Entidad\",\"item\":\"https:\/\/www.fiscalia.gov.co\/colombia\/la-entidad\/\"},{\"@type\":\"ListItem\",\"position\":3,\"name\":\"Informaci\u00f3n presupuestal y financiera\"}]},{\"@type\":\"WebSite\",\"@id\":\"https:\/\/www.fiscalia.gov.co\/colombia\/#website\",\"url\":\"https:\/\/www.fiscalia.gov.co\/colombia\/\",\"name\":\"Fiscal\u00eda General de la Naci\u00f3n\",\"description\":\"P\u00e1gina oficial de la Fiscal\u00eda General de la Naci\u00f3n \u2013 Colombia. Garantizamos el acceso efectivo a la justicia, la verdad y la reparaci\u00f3n de las v\u00edctimas de los delitos.\",\"publisher\":{\"@id\":\"https:\/\/www.fiscalia.gov.co\/colombia\/#organization\"},\"potentialAction\":[{\"@type\":\"SearchAction\",\"target\":{\"@type\":\"EntryPoint\",\"urlTemplate\":\"https:\/\/www.fiscalia.gov.co\/colombia\/?s={search_term_string}\"},\"query-input\":{\"@type\":\"PropertyValueSpecification\",\"valueRequired\":true,\"valueName\":\"search_term_string\"}}],\"inLanguage\":\"es-CO\"},{\"@type\":\"Organization\",\"@id\":\"https:\/\/www.fiscalia.gov.co\/colombia\/#organization\",\"name\":\"Fiscal\u00eda General de la Naci\u00f3n\",\"url\":\"https:\/\/www.fiscalia.gov.co\/colombia\/\",\"logo\":{\"@type\":\"ImageObject\",\"inLanguage\":\"es-CO\",\"@id\":\"https:\/\/www.fiscalia.gov.co\/colombia\/#\/schema\/logo\/image\/\",\"url\":\"https:\/\/www.fiscalia.gov.co\/colombia\/wp-content\/uploads\/LogoHorizontal_1.jpg\",\"contentUrl\":\"https:\/\/www.fiscalia.gov.co\/colombia\/wp-content\/uploads\/LogoHorizontal_1.jpg\",\"width\":300,\"height\":90,\"caption\":\"Fiscal\u00eda General de la Naci\u00f3n\"},\"image\":{\"@id\":\"https:\/\/www.fiscalia.gov.co\/colombia\/#\/schema\/logo\/image\/\"},\"sameAs\":[\"https:\/\/www.facebook.com\/FiscaliaCol\",\"https:\/\/x.com\/FiscaliaCol\",\"https:\/\/www.instagram.com\/fiscaliacol\",\"https:\/\/www.linkedin.com\/company\/fiscalia-general-de-la-naci-n\/\",\"https:\/\/youtube.com\/@fiscaliageneraldelanacion-4668?si=6nN79nyQICPU5iTh\"]}]}<\/script>\n<!-- \/ Yoast SEO plugin. -->","yoast_head_json":{"title":"Fiscal\u00eda General de la Naci\u00f3n","description":"P\u00e1gina oficial de la Fiscal\u00eda General de la Naci\u00f3n \u2013 Colombia. Garantizamos el acceso efectivo a la justicia, la verdad y la reparaci\u00f3n de las v\u00edctimas de los delitos.","robots":{"index":"index","follow":"follow","max-snippet":"max-snippet:-1","max-image-preview":"max-image-preview:large","max-video-preview":"max-video-preview:-1"},"canonical":"https:\/\/www.fiscalia.gov.co\/colombia\/la-entidad\/informacion-financiera-y-contable\/","og_locale":"es_ES","og_type":"article","og_title":"Fiscal\u00eda General de la Naci\u00f3n","og_description":"P\u00e1gina oficial de la Fiscal\u00eda General de la Naci\u00f3n \u2013 Colombia. Garantizamos el acceso efectivo a la justicia, la verdad y la reparaci\u00f3n de las v\u00edctimas de los delitos.","og_url":"https:\/\/www.fiscalia.gov.co\/colombia\/la-entidad\/informacion-financiera-y-contable\/","og_site_name":"Fiscal\u00eda General de la Naci\u00f3n","article_publisher":"https:\/\/www.facebook.com\/FiscaliaCol","article_modified_time":"2018-01-31T20:08:44+00:00","twitter_card":"summary_large_image","twitter_site":"@FiscaliaCol","twitter_misc":{"Tiempo de lectura":"3 minutos"},"schema":{"@context":"https:\/\/schema.org","@graph":[{"@type":"WebPage","@id":"https:\/\/www.fiscalia.gov.co\/colombia\/la-entidad\/informacion-financiera-y-contable\/","url":"https:\/\/www.fiscalia.gov.co\/colombia\/la-entidad\/informacion-financiera-y-contable\/","name":"Fiscal\u00eda General de la Naci\u00f3n","isPartOf":{"@id":"https:\/\/www.fiscalia.gov.co\/colombia\/#website"},"datePublished":"2012-01-05T15:35:05+00:00","dateModified":"2018-01-31T20:08:44+00:00","description":"P\u00e1gina oficial de la Fiscal\u00eda General de la Naci\u00f3n \u2013 Colombia. Garantizamos el acceso efectivo a la justicia, la verdad y la reparaci\u00f3n de las v\u00edctimas de los delitos.","breadcrumb":{"@id":"https:\/\/www.fiscalia.gov.co\/colombia\/la-entidad\/informacion-financiera-y-contable\/#breadcrumb"},"inLanguage":"es-CO","potentialAction":[{"@type":"ReadAction","target":["https:\/\/www.fiscalia.gov.co\/colombia\/la-entidad\/informacion-financiera-y-contable\/"]}]},{"@type":"BreadcrumbList","@id":"https:\/\/www.fiscalia.gov.co\/colombia\/la-entidad\/informacion-financiera-y-contable\/#breadcrumb","itemListElement":[{"@type":"ListItem","position":1,"name":"Home","item":"https:\/\/www.fiscalia.gov.co\/colombia\/"},{"@type":"ListItem","position":2,"name":"La Entidad","item":"https:\/\/www.fiscalia.gov.co\/colombia\/la-entidad\/"},{"@type":"ListItem","position":3,"name":"Informaci\u00f3n presupuestal y financiera"}]},{"@type":"WebSite","@id":"https:\/\/www.fiscalia.gov.co\/colombia\/#website","url":"https:\/\/www.fiscalia.gov.co\/colombia\/","name":"Fiscal\u00eda General de la Naci\u00f3n","description":"P\u00e1gina oficial de la Fiscal\u00eda General de la Naci\u00f3n \u2013 Colombia. Garantizamos el acceso efectivo a la justicia, la verdad y la reparaci\u00f3n de las v\u00edctimas de los delitos.","publisher":{"@id":"https:\/\/www.fiscalia.gov.co\/colombia\/#organization"},"potentialAction":[{"@type":"SearchAction","target":{"@type":"EntryPoint","urlTemplate":"https:\/\/www.fiscalia.gov.co\/colombia\/?s={search_term_string}"},"query-input":{"@type":"PropertyValueSpecification","valueRequired":true,"valueName":"search_term_string"}}],"inLanguage":"es-CO"},{"@type":"Organization","@id":"https:\/\/www.fiscalia.gov.co\/colombia\/#organization","name":"Fiscal\u00eda General de la Naci\u00f3n","url":"https:\/\/www.fiscalia.gov.co\/colombia\/","logo":{"@type":"ImageObject","inLanguage":"es-CO","@id":"https:\/\/www.fiscalia.gov.co\/colombia\/#\/schema\/logo\/image\/","url":"https:\/\/www.fiscalia.gov.co\/colombia\/wp-content\/uploads\/LogoHorizontal_1.jpg","contentUrl":"https:\/\/www.fiscalia.gov.co\/colombia\/wp-content\/uploads\/LogoHorizontal_1.jpg","width":300,"height":90,"caption":"Fiscal\u00eda General de la Naci\u00f3n"},"image":{"@id":"https:\/\/www.fiscalia.gov.co\/colombia\/#\/schema\/logo\/image\/"},"sameAs":["https:\/\/www.facebook.com\/FiscaliaCol","https:\/\/x.com\/FiscaliaCol","https:\/\/www.instagram.com\/fiscaliacol","https:\/\/www.linkedin.com\/company\/fiscalia-general-de-la-naci-n\/","https:\/\/youtube.com\/@fiscaliageneraldelanacion-4668?si=6nN79nyQICPU5iTh"]}]}},"ticketed":false,"_links":{"self":[{"href":"https:\/\/www.fiscalia.gov.co\/colombia\/wp-json\/wp\/v2\/pages\/8576","targetHints":{"allow":["GET"]}}],"collection":[{"href":"https:\/\/www.fiscalia.gov.co\/colombia\/wp-json\/wp\/v2\/pages"}],"about":[{"href":"https:\/\/www.fiscalia.gov.co\/colombia\/wp-json\/wp\/v2\/types\/page"}],"author":[{"embeddable":true,"href":"https:\/\/www.fiscalia.gov.co\/colombia\/wp-json\/wp\/v2\/users\/143"}],"replies":[{"embeddable":true,"href":"https:\/\/www.fiscalia.gov.co\/colombia\/wp-json\/wp\/v2\/comments?post=8576"}],"version-history":[{"count":152,"href":"https:\/\/www.fiscalia.gov.co\/colombia\/wp-json\/wp\/v2\/pages\/8576\/revisions"}],"predecessor-version":[{"id":158455,"href":"https:\/\/www.fiscalia.gov.co\/colombia\/wp-json\/wp\/v2\/pages\/8576\/revisions\/158455"}],"up":[{"embeddable":true,"href":"https:\/\/www.fiscalia.gov.co\/colombia\/wp-json\/wp\/v2\/pages\/9126"}],"wp:attachment":[{"href":"https:\/\/www.fiscalia.gov.co\/colombia\/wp-json\/wp\/v2\/media?parent=8576"}],"curies":[{"name":"wp","href":"https:\/\/api.w.org\/{rel}","templated":true}]}}