{"id":66078,"date":"2015-04-22T15:42:02","date_gmt":"2015-04-22T20:42:02","guid":{"rendered":"http:\/\/www.fiscalia.gov.co\/colombia\/?page_id=66078"},"modified":"2025-10-16T09:19:22","modified_gmt":"2025-10-16T14:19:22","slug":"transparencia-y-acceso-a-informacion-publica","status":"publish","type":"page","link":"https:\/\/www.fiscalia.gov.co\/colombia\/transparencia-y-acceso-a-informacion-publica\/","title":{"rendered":"Transparencia y acceso a informaci\u00f3n p\u00fablica"},"content":{"rendered":"<section class=\"wpb-content-wrapper\"><div id=\"tdi_1\" class=\"tdc-row\"><div class=\"vc_row tdi_2  wpb_row td-pb-row\" >\n<style scoped>\n\/* custom css - generated by TagDiv Composer *\/\n\n\/* custom css - generated by TagDiv Composer *\/\n.tdi_2,\r\n                .tdi_2 .tdc-columns{\r\n                    min-height: 0;\r\n                }.tdi_2,\r\n\t\t\t\t.tdi_2 .tdc-columns{\r\n\t\t\t\t    display: block;\r\n\t\t\t\t}.tdi_2 .tdc-columns{\r\n\t\t\t\t    width: 100%;\r\n\t\t\t\t}.tdi_2:before,\r\n\t\t\t\t.tdi_2:after{\r\n\t\t\t\t    display: table;\r\n\t\t\t\t}\n<\/style><div class=\"vc_column tdi_4  wpb_column vc_column_container tdc-column td-pb-span8\">\n<style scoped>\n\/* custom css - generated by TagDiv Composer *\/\n\n\/* custom css - generated by TagDiv Composer *\/\n.tdi_4{\r\n                    vertical-align: baseline;\r\n                }.tdi_4 > .wpb_wrapper,\r\n\t\t\t\t.tdi_4 > .wpb_wrapper > .tdc-elements{\r\n\t\t\t\t    display: block;\r\n\t\t\t\t}.tdi_4 > .wpb_wrapper > .tdc-elements{\r\n\t\t\t\t    width: 100%;\r\n\t\t\t\t}.tdi_4 > .wpb_wrapper > .vc_row_inner{\r\n\t\t\t\t    width: auto;\r\n\t\t\t\t}.tdi_4 > .wpb_wrapper{\r\n\t\t\t\t    width: auto;\r\n\t\t\t\t    height: auto;\r\n\t\t\t\t}\n<\/style><div class=\"wpb_wrapper\" >[vc_column_text]En cumplimiento a la <a href=\"https:\/\/www.suin-juriscol.gov.co\/viewDocument.asp?ruta=Leyes\/1687091\" target=\"_blank\" rel=\"noopener\">Ley 1712 de 2014<\/a>, y la <a href=\"https:\/\/www.fiscalia.gov.co\/colombia\/wp-content\/uploads\/Resolucion-y-Anexos-Res-1519-de-2020-MinTic.pdf\" target=\"_blank\" rel=\"noopener\">Resoluci\u00f3n 1519 de 2020 del MinTIC<\/a>, la Fiscal\u00eda General de la Naci\u00f3n pone a disposici\u00f3n de la ciudadan\u00eda la siguiente informaci\u00f3n.[\/vc_column_text][vc_tta_accordion style=&#8221;outline&#8221; color=&#8221;sky&#8221; active_section=&#8221;0&#8243; css_animation=&#8221;none&#8221; collapsible_all=&#8221;true&#8221;][vc_tta_section title=&#8221;Informaci\u00f3n m\u00ednima obligatoria&#8221; tab_id=&#8221;1519680950785-1c04931d-492b&#8221;][vc_column_text]I. Estructura org\u00e1nica, funciones y deberes, la ubicaci\u00f3n de sus sedes y \u00e1reas, divisiones o departamentos, y sus horas de atenci\u00f3n al p\u00fablico\r\n<div class=\"td-page-header td-container\">\r\n<p style=\"padding-left: 40px;\">a. <a href=\"https:\/\/www.fiscalia.gov.co\/colombia\/la-entidad\/quienes-somos\/mision-y-vision\/\" target=\"_blank\" rel=\"noopener noreferrer\">Misi\u00f3n, visi\u00f3n, funciones y deberes<\/a>\r\nb. <a href=\"https:\/\/www.fiscalia.gov.co\/colombia\/la-entidad\/organigrama\/\" target=\"_blank\" rel=\"noopener noreferrer\">Organigrama<\/a>\r\nc. <a href=\"https:\/\/www.fiscalia.gov.co\/colombia\/espacios-fisicos-de-contacto\/\" target=\"_blank\" rel=\"noopener\">Extensi\u00f3n y correo electr\u00f3nico<\/a>\r\nd. <a href=\"https:\/\/www.fiscalia.gov.co\/colombia\/equipo-de-trabajo\/\" target=\"_blank\" rel=\"noopener noreferrer\">Nombres, apellido y cargo del responsable del \u00e1rea<\/a>\r\ne. <a href=\"https:\/\/fiscaliagn.maps.arcgis.com\/apps\/webappviewer\/index.html?id=9e38e436e9e645b3a39a837fe42e2b5d\" target=\"_blank\" rel=\"noopener noreferrer\">Mapa de sedes<\/a>\r\nf. <a href=\"https:\/\/www.fiscalia.gov.co\/colombia\/servicios-de-informacion-al-ciudadano\/direcciones-de-la-vuc\/\" target=\"_blank\" rel=\"noopener noreferrer\">Ventanillas \u00danicas de Correspondencia &#8211; VUC<\/a><\/p>\r\n\r\n<\/div>\r\nII. Presupuesto general, ejecuci\u00f3n presupuestal hist\u00f3rica anual y planes de gasto p\u00fablico para cada a\u00f1o fiscal\r\n<p style=\"padding-left: 40px;\">a.<a href=\"https:\/\/www.fiscalia.gov.co\/colombia\/la-entidad\/presupuesto-general-asignado\/\" target=\"_blank\" rel=\"noopener noreferrer\"> Presupuesto general de ingresos, gastos e inversi\u00f3n<\/a>\r\nb. <a href=\"https:\/\/www.fiscalia.gov.co\/colombia\/la-entidad\/ejecucion-presupuestal-historica-anual\/\" target=\"_blank\" rel=\"noopener noreferrer\">Ejecuci\u00f3n presupuestal<\/a>\r\nc. <a href=\"https:\/\/www.fiscalia.gov.co\/colombia\/contrataciones\/plan-de-compras2\/\" target=\"_blank\" rel=\"noopener noreferrer\">Plan de Gasto P\u00fablico<\/a>\r\nd. <a href=\"https:\/\/www.fiscalia.gov.co\/colombia\/la-entidad\/informacion-financiera-y-contable\/estados-financieros\/\" target=\"_blank\" rel=\"noopener noreferrer\">Estados Financieros<\/a><\/p>\r\nIII. <a href=\"https:\/\/www.funcionpublica.gov.co\/dafpIndexerBHV\/hvSigep?find=FindNext&amp;query=&amp;entidadSeleccionado=6194&amp;bloquearFiltroEntidadSeleccionado=true\" target=\"_blank\" rel=\"noopener noreferrer\">Directorio que incluya el cargo, direcciones de correo electr\u00f3nico y tel\u00e9fono del despacho de los empleados y funcionarios y las escalas salariales<\/a>\r\n\r\nIV. Normas generales y reglamentarias, pol\u00edticas, lineamientos o manuales, las metas y objetivos de las unidades administrativas de conformidad con sus programas operativos y los resultados de las auditor\u00edas al ejercicio presupuestal e indicadores de desempe\u00f1o.\r\n<p style=\"padding-left: 40px;\">a. Normativa\r\n1. Leyes de acuerdo con las leyes que le apliquen\r\n2. Normativa aplicable\r\n<span data-olk-copy-source=\"MessageBody\"><a href=\"https:\/\/www.fiscalia.gov.co\/colombia\/la-entidad\/normatividad\/\" target=\"_blank\" rel=\"noopener\">Para conocer la informaci\u00f3n de los anteriores numerales haga clic aqu\u00ed<\/a> <\/span><\/p>\r\n<p style=\"padding-left: 40px;\">b. Planeaci\u00f3n\r\n<a href=\"https:\/\/www.fiscalia.gov.co\/colombia\/politicas-lineamientos-y-manuales\/\" target=\"_blank\" rel=\"noopener noreferrer\">1. Pol\u00edticas, lineamientos y manuales<\/a><\/p>\r\n<p style=\"padding-left: 40px;\">c. Control Interno\r\n<a href=\"https:\/\/www.fiscalia.gov.co\/colombia\/gestion\/reportes-de-control-interno\/\" target=\"_blank\" rel=\"noopener noreferrer\">1. Informes de la Oficina de Control Interno<\/a><\/p>\r\n<p style=\"padding-left: 40px;\">d. Desempe\u00f1o\r\n<a href=\"https:\/\/www.fiscalia.gov.co\/colombia\/gestion\/plan-de-accion\/\" target=\"_blank\" rel=\"noopener noreferrer\">1. Plan de Acci\u00f3n<\/a>\r\n<a href=\"https:\/\/www.fiscalia.gov.co\/colombia\/gestion\/sistema-de-gestion-de-calidad-y-meci\/\" target=\"_blank\" rel=\"noopener noreferrer\">2. Sistema de Gesti\u00f3n Integral &#8211; SGI<\/a><\/p>\r\nV. <a href=\"https:\/\/www.fiscalia.gov.co\/colombia\/contrataciones\/plan-de-compras2\/\" target=\"_blank\" rel=\"noopener noreferrer\">Plan de compras anual<\/a>\r\n\r\nVI. <a href=\"https:\/\/www.fiscalia.gov.co\/colombia\/contrataciones\/buscador-contratos\/\" target=\"_blank\" rel=\"noopener noreferrer\">Los plazos de cumplimiento de los contratos contrataciones adjudicadas para la correspondiente vigencia en lo relacionado con funcionamiento e inversi\u00f3n, las obras p\u00fablicas, los bienes adquiridos, arrendados y en caso de los servicios de estudios o investigaciones deber\u00e1 se\u00f1alarse el tema espec\u00edfico, de conformidad con el art\u00edculo 74 de la Ley 1474 de 2011. En el caso de las personas naturales con contratos de prestaci\u00f3n de servicios, deber\u00e1 publicarse el objeto del contrato, monto de los honorarios y direcciones de correo electr\u00f3nico, de conformidad con el formato de informaci\u00f3n de servidores p\u00fablicos y contratistas<\/a>\r\n\r\nVII. <a href=\"https:\/\/www.fiscalia.gov.co\/colombia\/contrataciones\/buscador-contratos\/\" target=\"_blank\" rel=\"noopener noreferrer\">Plazos de cumplimiento de los contratos<\/a>\r\n\r\nVIII. <a href=\"https:\/\/www.fiscalia.gov.co\/colombia\/gestion\/plan-anticorrupcion-y-de-atencion-al-ciudadano\/\" target=\"_blank\" rel=\"noopener noreferrer\">Programa de Transparencia y \u00c9tica P\u00fablica -PTEP- (antes Plan Anticorrupci\u00f3n y de Atenci\u00f3n al Ciudadano -PAAC-)<\/a>\r\n\r\nIX. <a href=\"https:\/\/www.fiscalia.gov.co\/colombia\/contrataciones\/buscador-contratos\/\" target=\"_blank\" rel=\"noopener noreferrer\">Contrataciones en curso y un v\u00ednculo al sistema electr\u00f3nico para la contrataci\u00f3n p\u00fablica o el que haga sus veces, a trav\u00e9s del cual podr\u00e1 accederse directamente a la informaci\u00f3n correspondiente al respectivo proceso contractual, en aquellos que se encuentren sometidas a dicho sistema, sin excepci\u00f3n<\/a>\r\n\r\nX. <a href=\"https:\/\/www.fiscalia.gov.co\/colombia\/transparencia-y-acceso-a-informacion-publica\/mecanismos-para-la-atencion-al-ciudadano\/\" target=\"_blank\" rel=\"noopener noreferrer\">Servicio al p\u00fablico, normas, formularios y protocolos de atenci\u00f3n<\/a>\r\n\r\nXI. <a href=\"https:\/\/www.fiscalia.gov.co\/colombia\/transparencia-y-acceso-a-informacion-publica\/tramites-portafolio-de-servicios\/\" target=\"_blank\" rel=\"noopener noreferrer\">Tr\u00e1mites (normativa, proceso, costos y formatos o formularios)<\/a>\r\n\r\nXII. <a href=\"https:\/\/www.fiscalia.gov.co\/colombia\/transparencia-y-acceso-a-informacion-publica\/procedimientos-que-se-siguen-para-tomar-decisiones-en-las-diferentes-areas\/\" target=\"_blank\" rel=\"noopener\">Procedimientos que se siguen para tomar decisiones en las diferentes \u00e1reas<\/a>\r\n\r\nXIII. <a href=\"https:\/\/www.fiscalia.gov.co\/colombia\/servicios-de-informacion-al-ciudadano\/informacion-sobre-decisiones-que-puede-afectar-al-publico\/\" target=\"_blank\" rel=\"noopener noreferrer\">Decisiones y\/o pol\u00edticas que hayan adoptado y afecte al p\u00fablico, junto con sus fundamentos y toda interpretaci\u00f3n autorizada de ella<\/a>\r\n\r\nXIV. <a href=\"https:\/\/www.fiscalia.gov.co\/colombia\/gestion\/informe-de-gestion-evaluacion-y-auditoria\/\" target=\"_blank\" rel=\"noopener noreferrer\">Informes de gesti\u00f3n, evaluaci\u00f3n y auditor\u00eda del sujeto obligado<\/a>\r\n\r\nXV. <a href=\"https:\/\/www.fiscalia.gov.co\/colombia\/la-entidad\/entes-de-control-que-vigilan-la-entidad\/\" target=\"_blank\" rel=\"noopener noreferrer\">Mecanismos internos y externos de supervisi\u00f3n, notificaci\u00f3n y vigilancia pertinente del sujeto obligado<\/a>\r\n\r\nXVI. Procedimientos, lineamientos, pol\u00edticas en materia de adquisiciones y compras, as\u00ed como todos los datos de adjudicaci\u00f3n y ejecuci\u00f3n de contratos, incluidos concursos y licitaciones\r\n<p class=\"x_MsoNormal\" style=\"padding-left: 40px;\">a. <a href=\"https:\/\/www.fiscalia.gov.co\/colombia\/contrataciones\/plan-de-compras2\/\" target=\"_blank\" rel=\"noopener noreferrer\">Plan Anual de Adquisiciones<\/a>\r\nb. <a href=\"https:\/\/www.fiscalia.gov.co\/colombia\/contrataciones\/sistema-electronico-de-contratacion-publica-secop\/\" target=\"_blank\" rel=\"noopener noreferrer\">Publicaci\u00f3n de la informaci\u00f3n contractual <\/a>\r\nc. <a href=\"https:\/\/www.fiscalia.gov.co\/colombia\/contrataciones\/buscador-contratos\/\" target=\"_blank\" rel=\"noopener noreferrer\">Publicaci\u00f3n de la ejecuci\u00f3n de los contratos<\/a>\r\nd. <a href=\"https:\/\/www.fiscalia.gov.co\/colombia\/contrataciones\/manual-de-contratacion\/\" target=\"_blank\" rel=\"noopener noreferrer\">Manual de contrataci\u00f3n, adquisici\u00f3n y\/o compras\u00a0\u00a0<\/a>\r\ne. <a href=\"https:\/\/www.fiscalia.gov.co\/colombia\/contrataciones\/formatos-o-modelos-de-la-contratacion-o-pliegos-tipo\/\" target=\"_blank\" rel=\"noopener noreferrer\">Formatos o modelos\u00a0de la contrataci\u00f3n\u00a0o pliegos tipo<\/a><\/p>\r\n&nbsp;\r\n\r\nXVII. Mecanismo de presentaci\u00f3n directa de solicitudes, quejas y reclamos a disposici\u00f3n del p\u00fablico en relaci\u00f3n con acciones u omisiones del sujeto obligado, junto con un informe de todas las solicitudes, denuncias y los tiempos de respuesta del sujeto obligado\r\n<p class=\"x_MsoNormal\" style=\"padding-left: 40px;\">a.\u00a0<a href=\"https:\/\/www.fiscalia.gov.co\/colombia\/servicios-de-informacion-al-ciudadano\/mecanismos-para-presentar-quejas-y-reclamos-en-relacion-con-omisiones-o-acciones-del-sujeto-obligado\/\" target=\"_blank\" rel=\"noopener noreferrer\">Mecanismo de presentaci\u00f3n directa de solicitudes, quejas y reclamos a disposici\u00f3n del p\u00fablico en relaci\u00f3n con acciones u omisiones del sujeto obligado<\/a>\r\n<span style=\"font-family: Verdana, BlinkMacSystemFont, -apple-system, 'Segoe UI', Roboto, Oxygen, Ubuntu, Cantarell, 'Open Sans', 'Helvetica Neue', sans-serif;\">b. <\/span><a style=\"font-family: Verdana, BlinkMacSystemFont, -apple-system, 'Segoe UI', Roboto, Oxygen, Ubuntu, Cantarell, 'Open Sans', 'Helvetica Neue', sans-serif;\" href=\"https:\/\/www.fiscalia.gov.co\/colombia\/gestion\/informe-de-peticiones-quejas-y-reclamos\/#1745953847670-df476932-3269\" target=\"_blank\" rel=\"noopener noreferrer\">Informes trimestrales sobre acceso a informaci\u00f3n, quejas y reclamos<\/a><\/p>\r\nXVIII. <a href=\"https:\/\/www.fiscalia.gov.co\/colombia\/servicios-de-informacion-al-ciudadano\/informacion-sobre-decisiones-que-puede-afectar-al-publico\/\" target=\"_blank\" rel=\"noopener noreferrer\">Mecanismo o procedimiento por medio del cual el p\u00fablico pueda participar en la formulaci\u00f3n de la pol\u00edtica o el ejercicio de las facultades de ese sujeto obligado<\/a>\r\n\r\nXIX. Registro de publicaciones que contenga los documentos publicados de conformidad con la presente ley y autom\u00e1ticamente disponibles, as\u00ed como un Registro de Activos de Informaci\u00f3n\r\n<p class=\"x_MsoNormal\" style=\"padding-left: 40px;\">a.\u00a0<a href=\"https:\/\/www.fiscalia.gov.co\/colombia\/transparencia-y-acceso-a-informacion-publica\/registro-de-publicaciones\/\" target=\"_blank\" rel=\"noopener noreferrer\">Registro de publicaciones<\/a>\r\nb.\u00a0<a href=\"https:\/\/www.fiscalia.gov.co\/colombia\/registros-de-activos-de-informacion\/\" target=\"_blank\" rel=\"noopener noreferrer\">Registro de Activos de Informaci\u00f3n<\/a><\/p>\r\nXX. <a href=\"https:\/\/www.fiscalia.gov.co\/colombia\/gestion\/estadisticas\/\" target=\"_blank\" rel=\"noopener noreferrer\">Datos abiertos, para lo cual deber\u00e1n contemplar las excepciones establecidas en el t\u00edtulo 3 de la presente ley<\/a>\r\n\r\nXXI. <a href=\"https:\/\/www.fiscalia.gov.co\/colombia\/registros-de-activos-de-informacion\/\" target=\"_blank\" rel=\"noopener noreferrer\">Registro de Activos de Informaci\u00f3n<\/a>\r\n\r\nXXII. <a href=\"https:\/\/www.fiscalia.gov.co\/colombia\/servicios-de-informacion-al-ciudadano\/indice-de-informacion-clasificada-y-reservada\/\" target=\"_blank\" rel=\"noopener noreferrer\">\u00cdndice de Informaci\u00f3n Clasificada y Reservada<\/a>\r\n\r\nXXIII. <a href=\"https:\/\/www.fiscalia.gov.co\/colombia\/servicios-de-informacion-al-ciudadano\/esquema-de-publicacion-de-informacion\/\" target=\"_blank\" rel=\"noopener noreferrer\">Esquema de Publicaci\u00f3n de Informaci\u00f3n<\/a>\r\n\r\nXXIV. <a href=\"https:\/\/www.fiscalia.gov.co\/colombia\/programa-de-gestion-documental-y-plan-institucional-de-archivos\/\" target=\"_blank\" rel=\"noopener noreferrer\">Programa de Gesti\u00f3n Documental<\/a>\r\n\r\nXXV. <a href=\"https:\/\/www.fiscalia.gov.co\/colombia\/tablas-de-retencion-documental\/\" target=\"_blank\" rel=\"noopener noreferrer\">Tablas de Retenci\u00f3n Documental<\/a>\r\n\r\nXXVI. <a href=\"https:\/\/www.fiscalia.gov.co\/colombia\/gestion\/informe-de-peticiones-quejas-y-reclamos\/#1745953847670-df476932-3269\" target=\"_blank\" rel=\"noopener noreferrer\">Informe de solicitudes de acceso a la informaci\u00f3n se\u00f1alado en el art\u00edculo 2.1.1.6.2 del presente T\u00edtulo<\/a>\r\n\r\nXXVII. <a href=\"https:\/\/www.fiscalia.gov.co\/colombia\/transparencia-y-acceso-a-informacion-publica\/costos-de-reproduccion\/\" target=\"_blank\" rel=\"noopener noreferrer\">Costos de reproducci\u00f3n de la informaci\u00f3n p\u00fablica, con su respectiva motivaci\u00f3n<\/a>[\/vc_column_text][\/vc_tta_section][vc_tta_section title=&#8221;1. Informaci\u00f3n de la entidad&#8221; tab_id=&#8221;1627917646926-afa212bb-1eb9&#8243;][vc_column_text]1.1 <a href=\"https:\/\/www.fiscalia.gov.co\/colombia\/la-entidad\/quienes-somos\/mision-y-vision\/\" target=\"_blank\" rel=\"noopener noreferrer\">Misi\u00f3n, visi\u00f3n, funciones y deberes<\/a>\r\n1.2 <a href=\"https:\/\/www.fiscalia.gov.co\/colombia\/la-entidad\/organigrama\/\" target=\"_blank\" rel=\"noopener noreferrer\">Estructura org\u00e1nica &#8211; organigrama<\/a>\r\n1.3 <a href=\"https:\/\/www.fiscalia.gov.co\/colombia\/gestion\/mapas-y-cartas-descriptivas-de-los-procesos\/\" target=\"_blank\" rel=\"noopener noreferrer\">Mapas y Cartas descriptivas de los procesos<\/a>\r\n1.4 <a href=\"https:\/\/www.fiscalia.gov.co\/colombia\/directorio-2\/localizacion-fisica-de-sucursales-o-regionales-horarios-de-atencion-y-datos-de-contacto\/espacios-fisicos-de-contacto\/\" target=\"_blank\" rel=\"noopener\">Directorio Institucional de sedes, oficinas, sucursales, o regionales, y dependencias<\/a>\r\n1.5 <a href=\"https:\/\/www.funcionpublica.gov.co\/dafpIndexerBHV\/hvSigep?find=FindNext&amp;query=&amp;entidadSeleccionado=6194&amp;bloquearFiltroEntidadSeleccionado=true\" target=\"_blank\" rel=\"noopener\">Directorio de servidores p\u00fablicos, empleados o contratistas<\/a>\r\n1.6 <a href=\"https:\/\/www.fiscalia.gov.co\/colombia\/la-entidad\/entidades-del-sector\/\" target=\"_blank\" rel=\"noopener noreferrer\">Directorio de entidades<\/a>\r\n1.7<a href=\"https:\/\/www.fiscalia.gov.co\/colombia\/la-entidad\/agremiaciones-y-asociaciones\/\" target=\"_blank\" rel=\"noopener noreferrer\"> Directorio de agremiaciones o asociaciones en las que participe<\/a>\r\n1.8 <a href=\"https:\/\/www.fiscalia.gov.co\/colombia\/transparencia-y-acceso-a-informacion-publica\/mecanismos-para-la-atencion-al-ciudadano\/\" target=\"_blank\" rel=\"noopener noreferrer\">Servicio al p\u00fablico, normas, formularios y protocolos de atenci\u00f3n<\/a>\r\n1.9 <a href=\"https:\/\/www.fiscalia.gov.co\/colombia\/transparencia-y-acceso-a-informacion-publica\/procedimientos-que-se-siguen-para-tomar-decisiones-en-las-diferentes-areas\/\" target=\"_blank\" rel=\"noopener\">Procedimientos que se siguen para tomar decisiones en las diferentes \u00e1reas<\/a>\r\n1.10 <a href=\"https:\/\/www.fiscalia.gov.co\/colombia\/servicios-de-informacion-al-ciudadano\/mecanismos-para-presentar-quejas-y-reclamos-en-relacion-con-omisiones-o-acciones-del-sujeto-obligado\/\" target=\"_blank\" rel=\"noopener noreferrer\">Mecanismo de presentaci\u00f3n directa de solicitudes, quejas y reclamos a disposici\u00f3n del p\u00fablico en relaci\u00f3n con acciones u omisiones del sujeto obligado.<\/a>\r\n1.11 <a href=\"https:\/\/www.fiscalia.gov.co\/colombia\/eventos\/\" target=\"_blank\" rel=\"noopener noreferrer\">Calendario de actividades y eventos<\/a>\r\n1.12 <a href=\"https:\/\/www.fiscalia.gov.co\/colombia\/servicios-de-informacion-al-ciudadano\/informacion-sobre-decisiones-que-puede-afectar-al-publico\/\" target=\"_blank\" rel=\"noopener noreferrer\">Informaci\u00f3n sobre decisiones que pueden afectar al p\u00fablico<\/a>\r\n1.13 <a href=\"https:\/\/www.fiscalia.gov.co\/colombia\/la-entidad\/entes-de-control-que-vigilan-la-entidad\/\" target=\"_blank\" rel=\"noopener noreferrer\">Entes y autoridades que lo vigilan<\/a>\r\n1.14 <a href=\"https:\/\/www.fiscalia.gov.co\/colombia\/contrataciones\/aspirantes\/\" target=\"_blank\" rel=\"noopener noreferrer\">Publicaci\u00f3n de hojas de vida<\/a>[\/vc_column_text][\/vc_tta_section][vc_tta_section title=&#8221;2. Normativa&#8221; tab_id=&#8221;1519680950818-d4d7d213-143e&#8221;][vc_column_text]\r\n\r\n2.1 Normativa de la entidad o autoridad\r\n2.1.1 Leyes. De acuerdo con las leyes que le apliquen\r\n2.1.2 Decreto \u00danico Reglamentario\r\n2.1.3 Normativa aplicable\r\n<span data-olk-copy-source=\"MessageBody\"><a href=\"https:\/\/www.fiscalia.gov.co\/colombia\/la-entidad\/normatividad\/\" target=\"_blank\" rel=\"noopener\">Para conocer la informaci\u00f3n de los anteriores numerales haga clic aqu\u00ed<\/a> \u00a0\u00a0\u00a0\u00a0\u00a0<\/span>\r\n\r\n2.1.4 <a href=\"http:\/\/svrpubindc.imprenta.gov.co\/diario\/\" target=\"_blank\" rel=\"noopener noreferrer\">V\u00ednculo al Diario o Gaceta Oficial<\/a>\r\n2.1.5 <a href=\"https:\/\/www.fiscalia.gov.co\/colombia\/politicas-lineamientos-y-manuales\/\" target=\"_blank\" rel=\"noopener noreferrer\">Pol\u00edticas, lineamientos y manuales<\/a>\r\n\r\n2.2. <a href=\"https:\/\/www.fiscalia.gov.co\/colombia\/la-entidad\/normatividad\/busqueda-de-normas\/\" target=\"_blank\" rel=\"noopener noreferrer\">B\u00fasqueda de normas<\/a>\r\n<span style=\"font-family: Verdana, BlinkMacSystemFont, -apple-system, 'Segoe UI', Roboto, Oxygen, Ubuntu, Cantarell, 'Open Sans', 'Helvetica Neue', sans-serif;\">2.2.1 <a href=\"https:\/\/www.fiscalia.gov.co\/colombia\/la-entidad\/normatividad\/busqueda-de-normas\/\" target=\"_blank\" rel=\"noopener noreferrer\">Sistema \u00danico de Informaci\u00f3n Normativa \u2013 SUIN &#8211;<\/a><\/span>\r\n\r\n2.3. <a href=\"https:\/\/www.fiscalia.gov.co\/colombia\/transparencia-y-acceso-a-informacion-publica\/estudios-investigaciones-y-otras-publicaciones\/\" target=\"_blank\" rel=\"noopener noreferrer\">Proyectos de normas para comentarios<\/a>\r\n2.3.1 <a href=\"https:\/\/www.fiscalia.gov.co\/colombia\/transparencia-y-acceso-a-informacion-publica\/estudios-investigaciones-y-otras-publicaciones\/\" target=\"_blank\" rel=\"noopener noreferrer\">Proyectos normativos<\/a>\r\n2.3.2 <a href=\"https:\/\/www.fiscalia.gov.co\/colombia\/transparencia-y-acceso-a-informacion-publica\/estudios-investigaciones-y-otras-publicaciones\/\" target=\"_blank\" rel=\"noopener noreferrer\">Comentarios y documento de respuesta a comentarios<\/a>[\/vc_column_text][\/vc_tta_section][vc_tta_section title=&#8221;3. Contrataci\u00f3n&#8221; tab_id=&#8221;1519681835524-49b1033c-244b&#8221;][vc_column_text]3.1 <a href=\"https:\/\/www.fiscalia.gov.co\/colombia\/contrataciones\/plan-de-compras2\/\" target=\"_blank\" rel=\"noopener noreferrer\">Plan Anual de Adquisiciones<\/a>\r\n3.2 <a href=\"https:\/\/www.fiscalia.gov.co\/colombia\/contrataciones\/sistema-electronico-de-contratacion-publica-secop\/\" target=\"_blank\" rel=\"noopener noreferrer\">Publicaci\u00f3n de la informaci\u00f3n contractual<\/a>\r\n3.3 <a href=\"https:\/\/www.fiscalia.gov.co\/colombia\/contrataciones\/buscador-contratos\/\" target=\"_blank\" rel=\"noopener noreferrer\">Publicaci\u00f3n de la ejecuci\u00f3n de los contratos<\/a>\r\n3.4 <a href=\"https:\/\/www.fiscalia.gov.co\/colombia\/contrataciones\/manual-de-contratacion\/\" target=\"_blank\" rel=\"noopener noreferrer\">Manual de contrataci\u00f3n, adquisici\u00f3n y\/o compras<\/a>\r\n3.5 <a href=\"https:\/\/www.fiscalia.gov.co\/colombia\/contrataciones\/formatos-o-modelos-de-la-contratacion-o-pliegos-tipo\/\" target=\"_blank\" rel=\"noopener noreferrer\">Formatos o modelos\u00a0 de la contrataci\u00f3n o pliegos tipo<\/a>[\/vc_column_text][\/vc_tta_section][vc_tta_section title=&#8221;4. Planeaci\u00f3n, Presupuesto e Informes&#8221; tab_id=&#8221;1519681728030-88388c84-a4a4&#8243;][vc_column_text]4.1 <a href=\"https:\/\/www.fiscalia.gov.co\/colombia\/la-entidad\/presupuesto-general-asignado\/\" target=\"_blank\" rel=\"noopener noreferrer\">Presupuesto general de ingresos, gastos e inversi\u00f3n<\/a>\r\n4.2 <a href=\"https:\/\/www.fiscalia.gov.co\/colombia\/la-entidad\/ejecucion-presupuestal-historica-anual\/\" target=\"_blank\" rel=\"noopener noreferrer\">Ejecuci\u00f3n presupuestal<\/a>\r\n4.3 <a href=\"https:\/\/www.fiscalia.gov.co\/colombia\/gestion\/plan-de-accion\/\" target=\"_blank\" rel=\"noopener noreferrer\">Plan de Acci\u00f3n<\/a>\r\n4.4 <a href=\"https:\/\/www.fiscalia.gov.co\/colombia\/gestion\/programas-y-proyectos-en-ejecucion\/\" target=\"_blank\" rel=\"noopener noreferrer\">Proyectos de Inversi\u00f3n<\/a>\r\n4.5 <a href=\"https:\/\/www.fiscalia.gov.co\/colombia\/gestion\/informes-de-gestion\/\" target=\"_blank\" rel=\"noopener noreferrer\">Informes de empalme<\/a>\r\n4.7 <a href=\"https:\/\/www.fiscalia.gov.co\/colombia\/gestion\/informe-de-gestion-evaluacion-y-auditoria\/\" target=\"_blank\" rel=\"noopener noreferrer\">Informes de gesti\u00f3n, evaluaci\u00f3n y auditor\u00eda<\/a>\r\n4.8 <a href=\"https:\/\/www.fiscalia.gov.co\/colombia\/gestion\/reportes-de-control-interno\/\" target=\"_blank\" rel=\"noopener noreferrer\">Informes de Control Interno<\/a>\r\n4.9<a href=\"https:\/\/www.fiscalia.gov.co\/colombia\/gestion\/defensa-judicial\/\" target=\"_blank\" rel=\"noopener noreferrer\"> Informe sobre Defensa P\u00fablica y Prevenci\u00f3n del Da\u00f1o Antijur\u00eddico<\/a>\r\n4.10 <a href=\"https:\/\/www.fiscalia.gov.co\/colombia\/gestion\/informe-de-peticiones-quejas-y-reclamos\/#1745953847670-df476932-3269\" target=\"_blank\" rel=\"noopener noreferrer\">Informes trimestrales sobre acceso a informaci\u00f3n, quejas y reclamos<\/a>\r\n4.11 <a href=\"https:\/\/www.fiscalia.gov.co\/colombia\/la-entidad\/informacion-financiera-y-contable\/informe-plan-de-austeridad-y-eficiencia-en-el-gasto-publico\/\" target=\"_blank\" rel=\"noopener\">Plan de Austeridad y Eficiencia en el Gasto P\u00fablico<\/a>\r\n4.12.<a href=\"https:\/\/www.fiscalia.gov.co\/colombia\/la-entidad\/informacion-financiera-y-contable\/estados-financieros\/\" target=\"_blank\" rel=\"noopener noreferrer\"> Estados Financieros<\/a>\r\n4.13. <a href=\"https:\/\/www.fiscalia.gov.co\/colombia\/la-entidad\/informacion-financiera-y-contable\/reporte-de-operaciones-reciprocas\/\" target=\"_blank\" rel=\"noopener\">Reporte de Operaciones Rec\u00edprocas<\/a>[\/vc_column_text][\/vc_tta_section][vc_tta_section title=&#8221;5. Tr\u00e1mites&#8221; tab_id=&#8221;1645222692078-73b5a2b4-7eea&#8221;][vc_column_text]5.1 <a href=\"https:\/\/www.fiscalia.gov.co\/colombia\/transparencia-y-acceso-a-informacion-publica\/tramites-portafolio-de-servicios\/\" target=\"_blank\" rel=\"noopener noreferrer\">Tr\u00e1mites (Portafolio de Servicios)<\/a>[\/vc_column_text][\/vc_tta_section][vc_tta_section title=&#8221;6. Participa&#8221; tab_id=&#8221;1645222762198-05937f6e-ddb3&#8243;][vc_column_text]<a href=\"https:\/\/www.fiscalia.gov.co\/colombia\/participa\/\" target=\"_blank\" rel=\"noopener\">Men\u00fa Participa<\/a>[\/vc_column_text][\/vc_tta_section][vc_tta_section title=&#8221;7. Datos abiertos&#8221; tab_id=&#8221;1519681540269-314e303f-c69a&#8221;][vc_column_text]7.1 Instrumentos de gesti\u00f3n de la informaci\u00f3n\r\n7.1.1. <a href=\"https:\/\/www.fiscalia.gov.co\/colombia\/registros-de-activos-de-informacion\/\" target=\"_blank\" rel=\"noopener\">Registros de activos de informaci\u00f3n<\/a>\r\n7.1.2 <a href=\"https:\/\/www.fiscalia.gov.co\/colombia\/servicios-de-informacion-al-ciudadano\/indice-de-informacion-clasificada-y-reservada\/\" target=\"_blank\" rel=\"noopener\">\u00cdndice de informaci\u00f3n clasificada y reservada<\/a>\r\n7.1.3. <a href=\"https:\/\/www.fiscalia.gov.co\/colombia\/servicios-de-informacion-al-ciudadano\/esquema-de-publicacion-de-informacion\/\" target=\"_blank\" rel=\"noopener\">Esquema de publicaci\u00f3n de la informaci\u00f3n<\/a>\r\n<span class=\"selectable-text copyable-text\">7.1.4. <a href=\"https:\/\/www.fiscalia.gov.co\/colombia\/programa-de-gestion-documental-y-plan-institucional-de-archivos\/\" target=\"_blank\" rel=\"noopener\">Programa de gesti\u00f3n documental<\/a><\/span>\r\n<span class=\"selectable-text copyable-text\">7.1.5. <a href=\"https:\/\/www.fiscalia.gov.co\/colombia\/tablas-de-retencion-documental\/\" target=\"_blank\" rel=\"noopener\">Tablas de retenci\u00f3n documental<\/a><\/span>\r\n<span class=\"selectable-text copyable-text\">7.1.6. <a href=\"https:\/\/www.fiscalia.gov.co\/colombia\/servicios-de-informacion-al-ciudadano\/indice-de-informacion-clasificada-y-reservada\/\" target=\"_blank\" rel=\"noopener\">Tipos de datos o informaci\u00f3n clasificada o reservada (indicando fecha de levantamiento de la reserva)<\/a><\/span>\r\n7.1.7. <a href=\"https:\/\/www.fiscalia.gov.co\/colombia\/transparencia-y-acceso-a-informacion-publica\/costos-de-reproduccion\/\" target=\"_blank\" rel=\"noopener\">Acto administrativo sobre costos de reproducci\u00f3n de informaci\u00f3n p\u00fablica<\/a>\r\n7.1.8. <a href=\"https:\/\/www.fiscalia.gov.co\/colombia\/transparencia-y-acceso-a-informacion-publica\/registro-de-publicaciones\/\" target=\"_blank\" rel=\"noopener\">Registro de publicaciones<\/a>\r\n7.1.9. <a href=\"https:\/\/www.fiscalia.gov.co\/colombia\/gestion\/instrumentos-archivisticos-para-la-gestion-documental\/\" target=\"_blank\" rel=\"noopener\">Instrumentos archiv\u00edsticos para la gesti\u00f3n documental<\/a>\r\n7.1.10. <a href=\"https:\/\/www.fiscalia.gov.co\/colombia\/transparencia-y-acceso-a-informacion-publica\/inscripcion-bases-de-datos-en-el-rnbd-ante-la-sic\/\" target=\"_blank\" rel=\"noopener\">Inscripci\u00f3n Bases de Datos en el RNBD ante la SIC<\/a>\r\n\r\n7.2 <a href=\"https:\/\/www.fiscalia.gov.co\/colombia\/gestion\/estadisticas\/\" target=\"_blank\" rel=\"noopener noreferrer\">Secci\u00f3n de Datos Abiertos<\/a>\r\n7.2.1. <a href=\"https:\/\/www.datos.gov.co\/browse?q=fiscalia%20spoa&amp;sortBy=relevance\" target=\"_blank\" rel=\"noopener\">Datos en el Portal de Datos Abiertos\u00a0 (datos.gov.co)<\/a>[\/vc_column_text][\/vc_tta_section][vc_tta_section title=&#8221;8. Informaci\u00f3n espec\u00edfica para Grupos de Inter\u00e9s&#8221; tab_id=&#8221;1519681702684-eab8344e-06fe&#8221;][vc_column_text]8.1 <a href=\"https:\/\/www.fiscalia.gov.co\/colombia\/fiscalia-para-ninos-ninas-y-adolescentes\/\" target=\"_blank\" rel=\"noopener noreferrer\">Informaci\u00f3n para ni\u00f1os, ni\u00f1as y adolescentes<\/a>\r\n8.2 <a href=\"https:\/\/www.fiscalia.gov.co\/colombia\/guia-para-la-investigacion-del-feminicidio\/\" target=\"_blank\" rel=\"noopener\">Informaci\u00f3n para Mujeres<\/a>\r\n8.3 <a href=\"https:\/\/www.fiscalia.gov.co\/colombia\/justicia-transicional-2\/\" target=\"_blank\" rel=\"noopener noreferrer\">Justicia Transicional<\/a>\r\n8.4 <a href=\"https:\/\/www.fiscalia.gov.co\/colombia\/futuro-colombia\/\" target=\"_blank\" rel=\"noopener noreferrer\">Programa de Prevenci\u00f3n Social del Delito \u201cFuturo Colombia\u201d<\/a>\r\n8.5 <a href=\"https:\/\/www.fiscalia.gov.co\/colombia\/transparencia-y-acceso-a-informacion-publica\/informacion-para-poblacion-vulnerable-victimas\/\" target=\"_blank\" rel=\"noopener noreferrer\">Informaci\u00f3n para poblaci\u00f3n vulnerable<\/a>[\/vc_column_text][\/vc_tta_section][vc_tta_section title=&#8221;9. Obligaci\u00f3n de reporte de informaci\u00f3n espec\u00edfica por parte de la entidad&#8221; tab_id=&#8221;1657296932964-d3e04d5d-7874&#8243;][vc_column_text]9.1 <a href=\"https:\/\/www.fiscalia.gov.co\/colombia\/gestion\/sistema-de-gestion-de-calidad-y-meci\/\" target=\"_blank\" rel=\"noopener\">Sistema de Gesti\u00f3n Integral (SGI)<\/a>\r\n9.2 <a href=\"https:\/\/www.fiscalia.gov.co\/colombia\/justicia-transicional-2\/\" target=\"_blank\" rel=\"noopener\">Justicia Transicional<\/a>\r\n9.3 <a href=\"https:\/\/www.fiscalia.gov.co\/colombia\/la-entidad\/gestion-del-talento-humano\/evaluacion-de-desempeno-laboral\/\" target=\"_blank\" rel=\"noopener\">Evaluaci\u00f3n de Desempe\u00f1o Laboral\u00a0\u00a0<\/a>[\/vc_column_text][\/vc_tta_section][vc_tta_section title=&#8221;10. Temas adicionales que fortalecen la Transparencia y acceso a la informaci\u00f3n&#8221; tab_id=&#8221;1519681802169-88e04591-02d6&#8243;][vc_column_text]\r\n\r\n10.1 <a href=\"https:\/\/www.fiscalia.gov.co\/colombia\/servicios-de-informacion-al-ciudadano\/consultas\/informes-de-resultados-operacionales\/\" target=\"_blank\" rel=\"noopener noreferrer\">Estrategias y resultados operacionales\r\n<\/a>10.2 <a href=\"https:\/\/www.fiscalia.gov.co\/colombia\/informacion-sobre-seguridad-ciudadana\/\" target=\"_blank\" rel=\"noopener\">Informaci\u00f3n de seguridad ciudadana en lenguaje de se\u00f1as colombiana\r\n<\/a>10.3 <a href=\"https:\/\/www.fiscalia.gov.co\/colombia\/la-entidad\/ofertas-de-empleo\/\" target=\"_blank\" rel=\"noopener noreferrer\">Ofertas de empleo\r\n<\/a>10.4 <a href=\"https:\/\/www.fiscalia.gov.co\/colombia\/publicacion-voluntaria-de-declaraciones-de-bienes-y-rentas\/\" target=\"_blank\" rel=\"noopener noreferrer\">Publicaci\u00f3n Voluntaria de Declaraci\u00f3n de Bienes y Rentas\r\n<\/a><span class=\"selectable-text copyable-text\">10.5 <\/span><a href=\"https:\/\/www.fiscalia.gov.co\/colombia\/certificados-de-cumplimiento-de-accesibilidad\/\" target=\"_blank\" rel=\"noopener\"><span class=\"selectable-text copyable-text\">Certificados de cumplimiento de Accesibilidad<\/span><\/a>\r\n\r\n[\/vc_column_text][\/vc_tta_section][\/vc_tta_accordion]<\/div><\/div><div class=\"vc_column tdi_6  wpb_column vc_column_container tdc-column td-pb-span4\">\n<style scoped>\n\/* custom css - generated by TagDiv Composer *\/\n\n\/* custom css - generated by TagDiv Composer *\/\n.tdi_6{\r\n                    vertical-align: baseline;\r\n                }.tdi_6 > .wpb_wrapper,\r\n\t\t\t\t.tdi_6 > .wpb_wrapper > .tdc-elements{\r\n\t\t\t\t    display: block;\r\n\t\t\t\t}.tdi_6 > .wpb_wrapper > .tdc-elements{\r\n\t\t\t\t    width: 100%;\r\n\t\t\t\t}.tdi_6 > .wpb_wrapper > .vc_row_inner{\r\n\t\t\t\t    width: auto;\r\n\t\t\t\t}.tdi_6 > .wpb_wrapper{\r\n\t\t\t\t    width: auto;\r\n\t\t\t\t    height: auto;\r\n\t\t\t\t}\n<\/style><div class=\"wpb_wrapper\" ><div class=\"wpb_wrapper td_block_wrap vc_raw_html tdi_8 \"><div class=\"td-fix-index\"><h4 class=\"block-title\"><span>SERVICIO AL CIUDADANO<\/span><\/h4><\/div><\/div>[vc_wp_custommenu nav_menu=&#8221;24111&#8243;]<\/div><\/div><\/div><\/div><\/section>\n<div class=\"twitter-share\"><a href=\"https:\/\/twitter.com\/intent\/tweet?via=fiscaliacol\" class=\"twitter-share-button\">Tweet<\/a><\/div>\n","protected":false},"excerpt":{"rendered":"[vc_column_text]En cumplimiento a la Ley 1712 de 2014, y la Resoluci\u00f3n 1519 de 2020 del MinTIC, la Fiscal\u00eda General de la Naci\u00f3n pone a disposici\u00f3n de la ciudadan\u00eda la siguiente informaci\u00f3n.[\/vc_column_text][vc_tta_accordion style=\"outline\" color=\"sky\" active_section=\"0\" css_animation=\"none\" collapsible_all=\"true\"][vc_tta_section title=\"Informaci\u00f3n m\u00ednima obligatoria\" tab_id=\"1519680950785-1c04931d-492b\"][vc_column_text]I. Estructura org\u00e1nica, funciones y deberes, la ubicaci\u00f3n de sus sedes y \u00e1reas, divisiones o departamentos, [...]","protected":false},"author":143,"featured_media":0,"parent":0,"menu_order":0,"comment_status":"closed","ping_status":"open","template":"page-pagebuilder-title.php","meta":{"_price":"","_stock":"","_tribe_ticket_header":"","_tribe_default_ticket_provider":"","_tribe_ticket_capacity":"0","_ticket_start_date":"","_ticket_end_date":"","_tribe_ticket_show_description":"","_tribe_ticket_show_not_going":false,"_tribe_ticket_use_global_stock":"","_tribe_ticket_global_stock_level":"","_global_stock_mode":"","_global_stock_cap":"","_tribe_rsvp_for_event":"","_tribe_ticket_going_count":"","_tribe_ticket_not_going_count":"","_tribe_tickets_list":"[]","_tribe_ticket_has_attendee_info_fields":false,"tdm_status":"","tdm_grid_status":"","footnotes":"","_tec_slr_enabled":"","_tec_slr_layout":""},"class_list":["post-66078","page","type-page","status-publish"],"yoast_head":"<!-- This site is optimized with the Yoast SEO plugin v24.3 - https:\/\/yoast.com\/wordpress\/plugins\/seo\/ -->\n<title>Fiscal\u00eda General de la Naci\u00f3n<\/title>\n<meta name=\"description\" content=\"P\u00e1gina oficial de la Fiscal\u00eda General de la Naci\u00f3n \u2013 Colombia. Garantizamos el acceso efectivo a la justicia, la verdad y la reparaci\u00f3n de las v\u00edctimas de los delitos.\" \/>\n<meta name=\"robots\" content=\"index, follow, max-snippet:-1, max-image-preview:large, max-video-preview:-1\" \/>\n<link rel=\"canonical\" href=\"https:\/\/www.fiscalia.gov.co\/colombia\/transparencia-y-acceso-a-informacion-publica\/\" \/>\n<meta property=\"og:locale\" content=\"es_ES\" \/>\n<meta property=\"og:type\" content=\"article\" \/>\n<meta property=\"og:title\" content=\"Fiscal\u00eda General de la Naci\u00f3n\" \/>\n<meta property=\"og:description\" content=\"P\u00e1gina oficial de la Fiscal\u00eda General de la Naci\u00f3n \u2013 Colombia. Garantizamos el acceso efectivo a la justicia, la verdad y la reparaci\u00f3n de las v\u00edctimas de los delitos.\" \/>\n<meta property=\"og:url\" content=\"https:\/\/www.fiscalia.gov.co\/colombia\/transparencia-y-acceso-a-informacion-publica\/\" \/>\n<meta property=\"og:site_name\" content=\"Fiscal\u00eda General de la Naci\u00f3n\" \/>\n<meta property=\"article:publisher\" content=\"https:\/\/www.facebook.com\/FiscaliaCol\" \/>\n<meta property=\"article:modified_time\" content=\"2025-10-16T14:19:22+00:00\" \/>\n<meta name=\"twitter:card\" content=\"summary_large_image\" \/>\n<meta name=\"twitter:site\" content=\"@FiscaliaCol\" \/>\n<meta name=\"twitter:label1\" content=\"Tiempo de lectura\" \/>\n\t<meta name=\"twitter:data1\" content=\"7 minutos\" \/>\n<script type=\"application\/ld+json\" class=\"yoast-schema-graph\">{\"@context\":\"https:\/\/schema.org\",\"@graph\":[{\"@type\":\"WebPage\",\"@id\":\"https:\/\/www.fiscalia.gov.co\/colombia\/transparencia-y-acceso-a-informacion-publica\/\",\"url\":\"https:\/\/www.fiscalia.gov.co\/colombia\/transparencia-y-acceso-a-informacion-publica\/\",\"name\":\"Fiscal\u00eda General de la Naci\u00f3n\",\"isPartOf\":{\"@id\":\"https:\/\/www.fiscalia.gov.co\/colombia\/#website\"},\"datePublished\":\"2015-04-22T20:42:02+00:00\",\"dateModified\":\"2025-10-16T14:19:22+00:00\",\"description\":\"P\u00e1gina oficial de la Fiscal\u00eda General de la Naci\u00f3n \u2013 Colombia. Garantizamos el acceso efectivo a la justicia, la verdad y la reparaci\u00f3n de las v\u00edctimas de los delitos.\",\"breadcrumb\":{\"@id\":\"https:\/\/www.fiscalia.gov.co\/colombia\/transparencia-y-acceso-a-informacion-publica\/#breadcrumb\"},\"inLanguage\":\"es-CO\",\"potentialAction\":[{\"@type\":\"ReadAction\",\"target\":[\"https:\/\/www.fiscalia.gov.co\/colombia\/transparencia-y-acceso-a-informacion-publica\/\"]}]},{\"@type\":\"BreadcrumbList\",\"@id\":\"https:\/\/www.fiscalia.gov.co\/colombia\/transparencia-y-acceso-a-informacion-publica\/#breadcrumb\",\"itemListElement\":[{\"@type\":\"ListItem\",\"position\":1,\"name\":\"Home\",\"item\":\"https:\/\/www.fiscalia.gov.co\/colombia\/\"},{\"@type\":\"ListItem\",\"position\":2,\"name\":\"Transparencia y acceso a informaci\u00f3n p\u00fablica\"}]},{\"@type\":\"WebSite\",\"@id\":\"https:\/\/www.fiscalia.gov.co\/colombia\/#website\",\"url\":\"https:\/\/www.fiscalia.gov.co\/colombia\/\",\"name\":\"Fiscal\u00eda General de la Naci\u00f3n\",\"description\":\"P\u00e1gina oficial de la Fiscal\u00eda General de la Naci\u00f3n \u2013 Colombia. Garantizamos el acceso efectivo a la justicia, la verdad y la reparaci\u00f3n de las v\u00edctimas de los delitos.\",\"publisher\":{\"@id\":\"https:\/\/www.fiscalia.gov.co\/colombia\/#organization\"},\"potentialAction\":[{\"@type\":\"SearchAction\",\"target\":{\"@type\":\"EntryPoint\",\"urlTemplate\":\"https:\/\/www.fiscalia.gov.co\/colombia\/?s={search_term_string}\"},\"query-input\":{\"@type\":\"PropertyValueSpecification\",\"valueRequired\":true,\"valueName\":\"search_term_string\"}}],\"inLanguage\":\"es-CO\"},{\"@type\":\"Organization\",\"@id\":\"https:\/\/www.fiscalia.gov.co\/colombia\/#organization\",\"name\":\"Fiscal\u00eda General de la Naci\u00f3n\",\"url\":\"https:\/\/www.fiscalia.gov.co\/colombia\/\",\"logo\":{\"@type\":\"ImageObject\",\"inLanguage\":\"es-CO\",\"@id\":\"https:\/\/www.fiscalia.gov.co\/colombia\/#\/schema\/logo\/image\/\",\"url\":\"https:\/\/www.fiscalia.gov.co\/colombia\/wp-content\/uploads\/LogoHorizontal_1.jpg\",\"contentUrl\":\"https:\/\/www.fiscalia.gov.co\/colombia\/wp-content\/uploads\/LogoHorizontal_1.jpg\",\"width\":300,\"height\":90,\"caption\":\"Fiscal\u00eda General de la Naci\u00f3n\"},\"image\":{\"@id\":\"https:\/\/www.fiscalia.gov.co\/colombia\/#\/schema\/logo\/image\/\"},\"sameAs\":[\"https:\/\/www.facebook.com\/FiscaliaCol\",\"https:\/\/x.com\/FiscaliaCol\",\"https:\/\/www.instagram.com\/fiscaliacol\",\"https:\/\/www.linkedin.com\/company\/fiscalia-general-de-la-naci-n\/\",\"https:\/\/youtube.com\/@fiscaliageneraldelanacion-4668?si=6nN79nyQICPU5iTh\"]}]}<\/script>\n<!-- \/ Yoast SEO plugin. -->","yoast_head_json":{"title":"Fiscal\u00eda General de la Naci\u00f3n","description":"P\u00e1gina oficial de la Fiscal\u00eda General de la Naci\u00f3n \u2013 Colombia. Garantizamos el acceso efectivo a la justicia, la verdad y la reparaci\u00f3n de las v\u00edctimas de los delitos.","robots":{"index":"index","follow":"follow","max-snippet":"max-snippet:-1","max-image-preview":"max-image-preview:large","max-video-preview":"max-video-preview:-1"},"canonical":"https:\/\/www.fiscalia.gov.co\/colombia\/transparencia-y-acceso-a-informacion-publica\/","og_locale":"es_ES","og_type":"article","og_title":"Fiscal\u00eda General de la Naci\u00f3n","og_description":"P\u00e1gina oficial de la Fiscal\u00eda General de la Naci\u00f3n \u2013 Colombia. Garantizamos el acceso efectivo a la justicia, la verdad y la reparaci\u00f3n de las v\u00edctimas de los delitos.","og_url":"https:\/\/www.fiscalia.gov.co\/colombia\/transparencia-y-acceso-a-informacion-publica\/","og_site_name":"Fiscal\u00eda General de la Naci\u00f3n","article_publisher":"https:\/\/www.facebook.com\/FiscaliaCol","article_modified_time":"2025-10-16T14:19:22+00:00","twitter_card":"summary_large_image","twitter_site":"@FiscaliaCol","twitter_misc":{"Tiempo de lectura":"7 minutos"},"schema":{"@context":"https:\/\/schema.org","@graph":[{"@type":"WebPage","@id":"https:\/\/www.fiscalia.gov.co\/colombia\/transparencia-y-acceso-a-informacion-publica\/","url":"https:\/\/www.fiscalia.gov.co\/colombia\/transparencia-y-acceso-a-informacion-publica\/","name":"Fiscal\u00eda General de la Naci\u00f3n","isPartOf":{"@id":"https:\/\/www.fiscalia.gov.co\/colombia\/#website"},"datePublished":"2015-04-22T20:42:02+00:00","dateModified":"2025-10-16T14:19:22+00:00","description":"P\u00e1gina oficial de la Fiscal\u00eda General de la Naci\u00f3n \u2013 Colombia. Garantizamos el acceso efectivo a la justicia, la verdad y la reparaci\u00f3n de las v\u00edctimas de los delitos.","breadcrumb":{"@id":"https:\/\/www.fiscalia.gov.co\/colombia\/transparencia-y-acceso-a-informacion-publica\/#breadcrumb"},"inLanguage":"es-CO","potentialAction":[{"@type":"ReadAction","target":["https:\/\/www.fiscalia.gov.co\/colombia\/transparencia-y-acceso-a-informacion-publica\/"]}]},{"@type":"BreadcrumbList","@id":"https:\/\/www.fiscalia.gov.co\/colombia\/transparencia-y-acceso-a-informacion-publica\/#breadcrumb","itemListElement":[{"@type":"ListItem","position":1,"name":"Home","item":"https:\/\/www.fiscalia.gov.co\/colombia\/"},{"@type":"ListItem","position":2,"name":"Transparencia y acceso a informaci\u00f3n p\u00fablica"}]},{"@type":"WebSite","@id":"https:\/\/www.fiscalia.gov.co\/colombia\/#website","url":"https:\/\/www.fiscalia.gov.co\/colombia\/","name":"Fiscal\u00eda General de la Naci\u00f3n","description":"P\u00e1gina oficial de la Fiscal\u00eda General de la Naci\u00f3n \u2013 Colombia. Garantizamos el acceso efectivo a la justicia, la verdad y la reparaci\u00f3n de las v\u00edctimas de los delitos.","publisher":{"@id":"https:\/\/www.fiscalia.gov.co\/colombia\/#organization"},"potentialAction":[{"@type":"SearchAction","target":{"@type":"EntryPoint","urlTemplate":"https:\/\/www.fiscalia.gov.co\/colombia\/?s={search_term_string}"},"query-input":{"@type":"PropertyValueSpecification","valueRequired":true,"valueName":"search_term_string"}}],"inLanguage":"es-CO"},{"@type":"Organization","@id":"https:\/\/www.fiscalia.gov.co\/colombia\/#organization","name":"Fiscal\u00eda General de la Naci\u00f3n","url":"https:\/\/www.fiscalia.gov.co\/colombia\/","logo":{"@type":"ImageObject","inLanguage":"es-CO","@id":"https:\/\/www.fiscalia.gov.co\/colombia\/#\/schema\/logo\/image\/","url":"https:\/\/www.fiscalia.gov.co\/colombia\/wp-content\/uploads\/LogoHorizontal_1.jpg","contentUrl":"https:\/\/www.fiscalia.gov.co\/colombia\/wp-content\/uploads\/LogoHorizontal_1.jpg","width":300,"height":90,"caption":"Fiscal\u00eda General de la Naci\u00f3n"},"image":{"@id":"https:\/\/www.fiscalia.gov.co\/colombia\/#\/schema\/logo\/image\/"},"sameAs":["https:\/\/www.facebook.com\/FiscaliaCol","https:\/\/x.com\/FiscaliaCol","https:\/\/www.instagram.com\/fiscaliacol","https:\/\/www.linkedin.com\/company\/fiscalia-general-de-la-naci-n\/","https:\/\/youtube.com\/@fiscaliageneraldelanacion-4668?si=6nN79nyQICPU5iTh"]}]}},"ticketed":false,"_links":{"self":[{"href":"https:\/\/www.fiscalia.gov.co\/colombia\/wp-json\/wp\/v2\/pages\/66078","targetHints":{"allow":["GET"]}}],"collection":[{"href":"https:\/\/www.fiscalia.gov.co\/colombia\/wp-json\/wp\/v2\/pages"}],"about":[{"href":"https:\/\/www.fiscalia.gov.co\/colombia\/wp-json\/wp\/v2\/types\/page"}],"author":[{"embeddable":true,"href":"https:\/\/www.fiscalia.gov.co\/colombia\/wp-json\/wp\/v2\/users\/143"}],"replies":[{"embeddable":true,"href":"https:\/\/www.fiscalia.gov.co\/colombia\/wp-json\/wp\/v2\/comments?post=66078"}],"version-history":[{"count":389,"href":"https:\/\/www.fiscalia.gov.co\/colombia\/wp-json\/wp\/v2\/pages\/66078\/revisions"}],"predecessor-version":[{"id":325690,"href":"https:\/\/www.fiscalia.gov.co\/colombia\/wp-json\/wp\/v2\/pages\/66078\/revisions\/325690"}],"wp:attachment":[{"href":"https:\/\/www.fiscalia.gov.co\/colombia\/wp-json\/wp\/v2\/media?parent=66078"}],"curies":[{"name":"wp","href":"https:\/\/api.w.org\/{rel}","templated":true}]}}