{"id":48570,"date":"2014-04-29T14:42:15","date_gmt":"2014-04-29T19:42:15","guid":{"rendered":"http:\/\/www.fiscalia.gov.co\/colombia\/?page_id=48570"},"modified":"2026-04-20T14:15:30","modified_gmt":"2026-04-20T19:15:30","slug":"director-de-justicia-transicional","status":"publish","type":"page","link":"https:\/\/www.fiscalia.gov.co\/colombia\/equipo-de-trabajo\/director-de-justicia-transicional\/","title":{"rendered":"Directora de Justicia Transicional (e)"},"content":{"rendered":"<section class=\"wpb-content-wrapper\"><div id=\"tdi_1\" class=\"tdc-row\"><div class=\"vc_row tdi_2  wpb_row td-pb-row\" >\n<style scoped>\n\/* custom css - generated by TagDiv Composer *\/\n\n\/* custom css - generated by TagDiv Composer *\/\n.tdi_2,\r\n                .tdi_2 .tdc-columns{\r\n                    min-height: 0;\r\n                }.tdi_2,\r\n\t\t\t\t.tdi_2 .tdc-columns{\r\n\t\t\t\t    display: block;\r\n\t\t\t\t}.tdi_2 .tdc-columns{\r\n\t\t\t\t    width: 100%;\r\n\t\t\t\t}.tdi_2:before,\r\n\t\t\t\t.tdi_2:after{\r\n\t\t\t\t    display: table;\r\n\t\t\t\t}\n<\/style><div class=\"vc_column tdi_4  wpb_column vc_column_container tdc-column td-pb-span12\">\n<style scoped>\n\/* custom css - generated by TagDiv Composer *\/\n\n\/* custom css - generated by TagDiv Composer *\/\n.tdi_4{\r\n                    vertical-align: baseline;\r\n                }.tdi_4 > .wpb_wrapper,\r\n\t\t\t\t.tdi_4 > .wpb_wrapper > .tdc-elements{\r\n\t\t\t\t    display: block;\r\n\t\t\t\t}.tdi_4 > .wpb_wrapper > .tdc-elements{\r\n\t\t\t\t    width: 100%;\r\n\t\t\t\t}.tdi_4 > .wpb_wrapper > .vc_row_inner{\r\n\t\t\t\t    width: auto;\r\n\t\t\t\t}.tdi_4 > .wpb_wrapper{\r\n\t\t\t\t    width: auto;\r\n\t\t\t\t    height: auto;\r\n\t\t\t\t}\n<\/style><div class=\"wpb_wrapper\" ><div class=\"wpb_wrapper td_block_separator td_block_wrap vc_separator tdi_6  td_separator_solid td_separator_center\"><span style=\"border-color:#EBEBEB;border-width:1px;width:100%;\"><\/span>\n<style scoped>\n\/* custom css - generated by TagDiv Composer *\/\n\n\/* custom css - generated by TagDiv Composer *\/\n.td_block_separator{\r\n                  width: 100%;\r\n                  align-items: center;\r\n                  margin-bottom: 38px;\r\n                  padding-bottom: 10px;\r\n                }.td_block_separator span{\r\n                  position: relative;\r\n                  display: block;\r\n                  margin: 0 auto;\r\n                  width: 100%;\r\n                  height: 1px;\r\n                  border-top: 1px solid #EBEBEB;\r\n                }.td_separator_align_left span{\r\n                  margin-left: 0;\r\n                }.td_separator_align_right span{\r\n                  margin-right: 0;\r\n                }.td_separator_dashed span{\r\n                  border-top-style: dashed;\r\n                }.td_separator_dotted span{\r\n                  border-top-style: dotted;\r\n                }.td_separator_double span{\r\n                  height: 3px;\r\n                  border-bottom: 1px solid #EBEBEB;\r\n                }.td_separator_shadow > span{\r\n                  position: relative;\r\n                  height: 20px;\r\n                  overflow: hidden;\r\n                  border: 0;\r\n                  color: #EBEBEB;\r\n                }.td_separator_shadow > span > span{\r\n                  position: absolute;\r\n                  top: -30px;\r\n                  left: 0;\r\n                  right: 0;\r\n                  margin: 0 auto;\r\n                  height: 13px;\r\n                  width: 98%;\r\n                  border-radius: 100%;\r\n                }html :where([style*='border-width']){\r\n                    border-style: none;\r\n                }\n<\/style><\/div><\/div><\/div><\/div><\/div><div id=\"tdi_7\" class=\"tdc-row\"><div class=\"vc_row tdi_8  wpb_row td-pb-row\" >\n<style scoped>\n\/* custom css - generated by TagDiv Composer *\/\n\n\/* custom css - generated by TagDiv Composer *\/\n.tdi_8,\r\n                .tdi_8 .tdc-columns{\r\n                    min-height: 0;\r\n                }.tdi_8,\r\n\t\t\t\t.tdi_8 .tdc-columns{\r\n\t\t\t\t    display: block;\r\n\t\t\t\t}.tdi_8 .tdc-columns{\r\n\t\t\t\t    width: 100%;\r\n\t\t\t\t}.tdi_8:before,\r\n\t\t\t\t.tdi_8:after{\r\n\t\t\t\t    display: table;\r\n\t\t\t\t}\n<\/style><div class=\"vc_column tdi_10  wpb_column vc_column_container tdc-column td-pb-span6\">\n<style scoped>\n\/* custom css - generated by TagDiv Composer *\/\n\n\/* custom css - generated by TagDiv Composer *\/\n.tdi_10{\r\n                    vertical-align: baseline;\r\n                }.tdi_10 > .wpb_wrapper,\r\n\t\t\t\t.tdi_10 > .wpb_wrapper > .tdc-elements{\r\n\t\t\t\t    display: block;\r\n\t\t\t\t}.tdi_10 > .wpb_wrapper > .tdc-elements{\r\n\t\t\t\t    width: 100%;\r\n\t\t\t\t}.tdi_10 > .wpb_wrapper > .vc_row_inner{\r\n\t\t\t\t    width: auto;\r\n\t\t\t\t}.tdi_10 > .wpb_wrapper{\r\n\t\t\t\t    width: auto;\r\n\t\t\t\t    height: auto;\r\n\t\t\t\t}\n<\/style><div class=\"wpb_wrapper\" >[vc_single_image img_size=&#8221;full&#8221; alignment=&#8221;center&#8221; onclick=&#8221;custom_link&#8221; img_link_target=&#8221;_blank&#8221;]<div class=\"td_block_wrap td_block_list_menu tdi_11 td-blm-display-vertical td-pb-border-top td_block_template_6 widget\"  data-td-block-uid=\"tdi_11\" >\n<style>\n\/* custom css - generated by TagDiv Composer *\/\n.td_block_list_menu ul{\r\n                  flex-wrap: wrap;\r\n                  margin-left: 12px;\r\n                }.td_block_list_menu ul li{\r\n\t\t\t\t\tmargin-left: 0;\r\n\t\t\t\t}.td_block_list_menu ul li a{\r\n\t\t\t\t\tdisplay: flex;\r\n                  \tmargin-left: 0;\r\n                }.td_block_list_menu .td-blm-menu-item-txt{\r\n\t\t\t\t\tdisplay: flex;\r\n\t\t\t\t\talign-items: center;\r\n\t\t\t\t\tflex-grow: 1;\r\n\t\t\t\t}.td_block_list_menu .sub-menu{\r\n                  padding-left: 22px;\r\n                }.td_block_list_menu .sub-menu li{\r\n                  font-size: 13px;\r\n                }.td_block_list_menu li.current-menu-item > a,\r\n\t\t\t\t.td_block_list_menu li.current-menu-ancestor > a,\r\n\t\t\t\t.td_block_list_menu li.current-category-ancestor > a,\r\n\t\t\t\t.td_block_list_menu li.current-page-ancestor > a{\r\n\t\t\t\t    color: var(--td_theme_color, #4db2ec);\r\n\t\t\t\t}.td_block_list_menu .td-blm-sub-icon{\r\n\t\t\t\t\tdisplay: flex;\r\n\t\t\t\t\talign-items: center;\r\n\t\t\t\t\tjustify-content: center;\r\n\t\t\t\t\tmargin-left: .6em;\r\n\t\t\t\t\tpadding: 0 .6em;\r\n\t\t\t\t\ttransition: transform .2s ease-in-out;\r\n\t\t\t\t}.td_block_list_menu .td-blm-sub-icon svg{\r\n\t\t\t\t\tdisplay: block;\r\n\t\t\t\t\twidth: 1em;\r\n\t\t\t\t\theight: auto;\r\n\t\t\t\t}.td_block_list_menu .td-blm-sub-icon svg,\r\n\t\t\t\t.td_block_list_menu .td-blm-sub-icon svg *{\r\n\t\t\t\t\tfill: currentColor;\r\n\t\t\t\t}.td_block_list_menu.td-blm-display-accordion .menu-item-has-children ul{\r\n\t\t\t\t\tdisplay: none;\r\n\t\t\t\t}.td_block_list_menu.td-blm-display-accordion .menu-item-has-children-open > a > .td-blm-sub-icon{\r\n\t\t\t\t\ttransform: rotate(180deg);\r\n\t\t\t\t}.td_block_list_menu.td-blm-display-horizontal ul{\r\n\t\t\t\t\tdisplay: flex;\r\n\t\t\t\t}body .tdi_11 ul{\r\n\t\t\t\t\ttext-align: left;\r\n\t\t\t\t\tjustify-content: flex-start;\r\n\t\t\t\t}body .tdi_11 ul li a{\r\n\t\t\t\t\tjustify-content: flex-start;\r\n\t\t\t\t}body .tdi_11 .td-blm-menu-item-txt{\r\n\t\t\t\t\tflex-grow: 1;\r\n\t\t\t\t}\n<\/style><div class=\"td-block-title-wrap\"><\/div><div id=tdi_11 class=\"td_block_inner td-fix-index\"><div class=\"menu-consolidado-de-exhumaciones-container\"><ul id=\"menu-consolidado-de-exhumaciones\" class=\"menu\"><li id=\"menu-item-103898\" class=\"menu-item menu-item-type-post_type menu-item-object-page menu-item-103898\"><a href=\"https:\/\/www.fiscalia.gov.co\/colombia\/equipo-de-trabajo\/vicefiscal-general-de-la-nacion\/\"><span class=\"td-blm-menu-item-txt\">Vicefiscal General de la Naci\u00f3n<\/span><\/a><\/li>\n<li id=\"menu-item-105111\" class=\"menu-item menu-item-type-post_type menu-item-object-page menu-item-105111\"><a href=\"https:\/\/www.fiscalia.gov.co\/colombia\/equipo-de-trabajo\/delegado-contra-la-criminalidad-organizada\/\"><span class=\"td-blm-menu-item-txt\">Delegado contra la Criminalidad Organizada<\/span><\/a><\/li>\n<li id=\"menu-item-106938\" class=\"menu-item menu-item-type-post_type menu-item-object-page menu-item-106938\"><a href=\"https:\/\/www.fiscalia.gov.co\/colombia\/equipo-de-trabajo\/directora-de-apoyo-a-la-investigacion-y-analisis-contra-la-criminalidad-organizada\/\"><span class=\"td-blm-menu-item-txt\">Director de Apoyo a la Investigaci\u00f3n y An\u00e1lisis contra la Criminalidad Organizada<\/span><\/a><\/li>\n<li id=\"menu-item-248269\" class=\"menu-item menu-item-type-post_type menu-item-object-page menu-item-248269\"><a href=\"https:\/\/www.fiscalia.gov.co\/colombia\/equipo-de-trabajo\/director-especializado-contra-las-organizaciones-criminales\/\"><span class=\"td-blm-menu-item-txt\">Director Especializado contra las Organizaciones Criminales<\/span><\/a><\/li>\n<li id=\"menu-item-105113\" class=\"menu-item menu-item-type-post_type menu-item-object-page menu-item-105113\"><a href=\"https:\/\/www.fiscalia.gov.co\/colombia\/equipo-de-trabajo\/directora-especializada-contra-la-corrupcion\/\"><span class=\"td-blm-menu-item-txt\">Directora Especializada contra la Corrupci\u00f3n<\/span><\/a><\/li>\n<li id=\"menu-item-106944\" class=\"menu-item menu-item-type-post_type menu-item-object-page menu-item-106944\"><a href=\"https:\/\/www.fiscalia.gov.co\/colombia\/equipo-de-trabajo\/director-especializado-contra-el-narcotrafico\/\"><span class=\"td-blm-menu-item-txt\">Director Especializado contra el Narcotr\u00e1fico<\/span><\/a><\/li>\n<li id=\"menu-item-106947\" class=\"menu-item menu-item-type-post_type menu-item-object-page menu-item-106947\"><a href=\"https:\/\/www.fiscalia.gov.co\/colombia\/director-especializado-contra-las-violaciones-a-los-derechos-humanos\/\"><span class=\"td-blm-menu-item-txt\">Directora Especializada contra las Violaciones a los Derechos Humanos<\/span><\/a><\/li>\n<li id=\"menu-item-105114\" class=\"menu-item menu-item-type-post_type menu-item-object-page menu-item-105114\"><a href=\"https:\/\/www.fiscalia.gov.co\/colombia\/equipo-de-trabajo\/director-de-justicia-transicional\/\"><span class=\"td-blm-menu-item-txt\">Directora de Justicia Transicional (e)<\/span><\/a><\/li>\n<li id=\"menu-item-105118\" class=\"menu-item menu-item-type-post_type menu-item-object-page menu-item-105118\"><a href=\"https:\/\/www.fiscalia.gov.co\/colombia\/equipo-de-trabajo\/delegada-para-las-finanzas-criminales\/\"><span class=\"td-blm-menu-item-txt\">Delegada para las Finanzas Criminales<\/span><\/a><\/li>\n<li id=\"menu-item-105115\" class=\"menu-item menu-item-type-post_type menu-item-object-page menu-item-105115\"><a href=\"https:\/\/www.fiscalia.gov.co\/colombia\/equipo-de-trabajo\/directora-especializada-contra-el-lavado-de-activos\/\"><span class=\"td-blm-menu-item-txt\">Directora Especializada contra el Lavado de Activos<\/span><\/a><\/li>\n<li id=\"menu-item-105116\" class=\"menu-item menu-item-type-post_type menu-item-object-page menu-item-105116\"><a href=\"https:\/\/www.fiscalia.gov.co\/colombia\/la-entidad\/director-especializado-de-extincion-del-derecho-del-dominio\/\"><span class=\"td-blm-menu-item-txt\">Director Especializado de Extinci\u00f3n del Derecho del Dominio<\/span><\/a><\/li>\n<li id=\"menu-item-105110\" class=\"menu-item menu-item-type-post_type menu-item-object-page menu-item-105110\"><a href=\"https:\/\/www.fiscalia.gov.co\/colombia\/equipo-de-trabajo\/directora-especializado-de-investigaciones-financieras\/\"><span class=\"td-blm-menu-item-txt\">Directora Especializado de Investigaciones Financieras<\/span><\/a><\/li>\n<li id=\"menu-item-212258\" class=\"menu-item menu-item-type-post_type menu-item-object-page menu-item-212258\"><a href=\"https:\/\/www.fiscalia.gov.co\/colombia\/equipo-de-trabajo\/director-especializado-contra-los-delitos-fiscales\/\"><span class=\"td-blm-menu-item-txt\">Director Especializado contra los Delitos Fiscales<\/span><\/a><\/li>\n<li id=\"menu-item-104683\" class=\"menu-item menu-item-type-post_type menu-item-object-page menu-item-104683\"><a href=\"https:\/\/www.fiscalia.gov.co\/colombia\/equipo-de-trabajo\/delegada-para-la-seguridad-territorial\/\"><span class=\"td-blm-menu-item-txt\">Delegada para la Seguridad Territorial<\/span><\/a><\/li>\n<li id=\"menu-item-106951\" class=\"menu-item menu-item-type-post_type menu-item-object-page menu-item-106951\"><a href=\"https:\/\/www.fiscalia.gov.co\/colombia\/equipo-de-trabajo\/director-de-atencion-al-usuario-intervencion-temprana-y-asignaciones\/\"><span class=\"td-blm-menu-item-txt\">Director de Atenci\u00f3n al Usuario, Intervenci\u00f3n Temprana y Asignaciones<\/span><\/a><\/li>\n<li id=\"menu-item-104704\" class=\"menu-item menu-item-type-post_type menu-item-object-page menu-item-104704\"><a href=\"https:\/\/www.fiscalia.gov.co\/colombia\/equipo-de-trabajo\/director-de-apoyo-a-la-investigacion-y-analisis-para-la-seguridad-ciudadana\/\"><span class=\"td-blm-menu-item-txt\">Director de Apoyo a la Investigaci\u00f3n y An\u00e1lisis para la Seguridad Ciudadana<\/span><\/a><\/li>\n<li id=\"menu-item-262192\" class=\"menu-item menu-item-type-post_type menu-item-object-page menu-item-262192\"><a href=\"https:\/\/www.fiscalia.gov.co\/colombia\/equipo-de-trabajo\/directora-especializada-contra-los-delitos-informaticos\/\"><span class=\"td-blm-menu-item-txt\">Director Especializado contra los Delitos Inform\u00e1ticos<\/span><\/a><\/li>\n<li id=\"menu-item-273071\" class=\"menu-item menu-item-type-post_type menu-item-object-page menu-item-273071\"><a href=\"https:\/\/www.fiscalia.gov.co\/colombia\/equipo-de-trabajo\/director-especializado-para-los-delitos-contra-los-recursos-naturales-y-el-medio-ambiente\/\"><span class=\"td-blm-menu-item-txt\">Director Especializado para los Delitos contra los Recursos Naturales y el Medio Ambiente<\/span><\/a><\/li>\n<li id=\"menu-item-294544\" class=\"menu-item menu-item-type-custom menu-item-object-custom menu-item-294544\"><a href=\"https:\/\/www.fiscalia.gov.co\/colombia\/equipo-de-trabajo\/director-de-apoyo-territorial\/\"><span class=\"td-blm-menu-item-txt\">Director de Apoyo Territorial<\/span><\/a><\/li>\n<\/ul><\/div><\/div><\/div><\/div><\/div><div class=\"vc_column tdi_13  wpb_column vc_column_container tdc-column td-pb-span6\">\n<style scoped>\n\/* custom css - generated by TagDiv Composer *\/\n\n\/* custom css - generated by TagDiv Composer *\/\n.tdi_13{\r\n                    vertical-align: baseline;\r\n                }.tdi_13 > .wpb_wrapper,\r\n\t\t\t\t.tdi_13 > .wpb_wrapper > .tdc-elements{\r\n\t\t\t\t    display: block;\r\n\t\t\t\t}.tdi_13 > .wpb_wrapper > .tdc-elements{\r\n\t\t\t\t    width: 100%;\r\n\t\t\t\t}.tdi_13 > .wpb_wrapper > .vc_row_inner{\r\n\t\t\t\t    width: auto;\r\n\t\t\t\t}.tdi_13 > .wpb_wrapper{\r\n\t\t\t\t    width: auto;\r\n\t\t\t\t    height: auto;\r\n\t\t\t\t}\n<\/style><div class=\"wpb_wrapper\" >[vc_column_text]<strong>Liliana Mar\u00eda Calle Rojas, directora de Justicia Transicional (e)<\/strong>\r\n\r\nAbogada de la Universidad de Medell\u00edn, especialista en Derecho Penal de la Universidad Santo Tom\u00e1s y en Derechos Humanos de la Universidad Sergio Arboleda, instituci\u00f3n donde tambi\u00e9n curs\u00f3 su maestr\u00eda en Derecho Procesal Penal.\r\n\r\nSe vincul\u00f3 a la Fiscal\u00eda General de la Naci\u00f3n hace m\u00e1s de 30 a\u00f1os, tiempo en el que ha desempe\u00f1ado cargos como profesional universitaria, fiscal delegada ante los jueces penales municipales, fiscal delegada ante los jueces penales del circuito y fiscal delegada ante el Tribunal.\r\nEn la Direcci\u00f3n de Justicia Transicional complet\u00f3 10 a\u00f1os. En dicha dependencia ha ejercido como fiscal delegada ante Tribunal y directora encargada.\r\n\r\nActualizado 2026-04-20[\/vc_column_text]<\/div><\/div><\/div><\/div><div id=\"tdi_14\" class=\"tdc-row\"><div class=\"vc_row tdi_15  wpb_row td-pb-row\" >\n<style scoped>\n\/* custom css - generated by TagDiv Composer *\/\n\n\/* custom css - generated by TagDiv Composer *\/\n.tdi_15,\r\n                .tdi_15 .tdc-columns{\r\n                    min-height: 0;\r\n                }.tdi_15,\r\n\t\t\t\t.tdi_15 .tdc-columns{\r\n\t\t\t\t    display: block;\r\n\t\t\t\t}.tdi_15 .tdc-columns{\r\n\t\t\t\t    width: 100%;\r\n\t\t\t\t}.tdi_15:before,\r\n\t\t\t\t.tdi_15:after{\r\n\t\t\t\t    display: table;\r\n\t\t\t\t}\n<\/style><div class=\"vc_column tdi_17  wpb_column vc_column_container tdc-column td-pb-span12\">\n<style scoped>\n\/* custom css - generated by TagDiv Composer *\/\n\n\/* custom css - generated by TagDiv Composer *\/\n.tdi_17{\r\n                    vertical-align: baseline;\r\n                }.tdi_17 > .wpb_wrapper,\r\n\t\t\t\t.tdi_17 > .wpb_wrapper > .tdc-elements{\r\n\t\t\t\t    display: block;\r\n\t\t\t\t}.tdi_17 > .wpb_wrapper > .tdc-elements{\r\n\t\t\t\t    width: 100%;\r\n\t\t\t\t}.tdi_17 > .wpb_wrapper > .vc_row_inner{\r\n\t\t\t\t    width: auto;\r\n\t\t\t\t}.tdi_17 > .wpb_wrapper{\r\n\t\t\t\t    width: auto;\r\n\t\t\t\t    height: auto;\r\n\t\t\t\t}\n<\/style><div class=\"wpb_wrapper\" ><\/div><\/div><\/div><\/div><\/section>\n<div class=\"twitter-share\"><a href=\"https:\/\/twitter.com\/intent\/tweet?via=fiscaliacol\" class=\"twitter-share-button\">Tweet<\/a><\/div>\n","protected":false},"excerpt":{"rendered":"[vc_single_image img_size=\"full\" alignment=\"center\" onclick=\"custom_link\" img_link_target=\"_blank\"] Vicefiscal General de la Naci\u00f3n Delegado contra la Criminalidad Organizada Director de Apoyo a la Investigaci\u00f3n y An\u00e1lisis contra la Criminalidad Organizada Director Especializado contra las Organizaciones Criminales Directora Especializada contra la Corrupci\u00f3n Director Especializado contra el Narcotr\u00e1fico Directora Especializada contra las Violaciones a los Derechos Humanos Directora de Justicia [...]","protected":false},"author":143,"featured_media":0,"parent":158971,"menu_order":12,"comment_status":"closed","ping_status":"open","template":"","meta":{"_price":"","_stock":"","_tribe_ticket_header":"","_tribe_default_ticket_provider":"","_tribe_ticket_capacity":"0","_ticket_start_date":"","_ticket_end_date":"","_tribe_ticket_show_description":"","_tribe_ticket_show_not_going":false,"_tribe_ticket_use_global_stock":"","_tribe_ticket_global_stock_level":"","_global_stock_mode":"","_global_stock_cap":"","_tribe_rsvp_for_event":"","_tribe_ticket_going_count":"","_tribe_ticket_not_going_count":"","_tribe_tickets_list":"[]","_tribe_ticket_has_attendee_info_fields":false,"tdm_status":"","tdm_grid_status":"","footnotes":"","_tec_slr_enabled":"","_tec_slr_layout":""},"class_list":["post-48570","page","type-page","status-publish"],"yoast_head":"<!-- This site is optimized with the Yoast SEO plugin v24.3 - https:\/\/yoast.com\/wordpress\/plugins\/seo\/ -->\n<title>Fiscal\u00eda General de la Naci\u00f3n<\/title>\n<meta name=\"description\" content=\"P\u00e1gina oficial de la Fiscal\u00eda General de la Naci\u00f3n \u2013 Colombia. Garantizamos el acceso efectivo a la justicia, la verdad y la reparaci\u00f3n de las v\u00edctimas de los delitos.\" \/>\n<meta name=\"robots\" content=\"index, follow, max-snippet:-1, max-image-preview:large, max-video-preview:-1\" \/>\n<link rel=\"canonical\" href=\"https:\/\/www.fiscalia.gov.co\/colombia\/equipo-de-trabajo\/director-de-justicia-transicional\/\" \/>\n<meta property=\"og:locale\" content=\"es_ES\" \/>\n<meta property=\"og:type\" content=\"article\" \/>\n<meta property=\"og:title\" content=\"Fiscal\u00eda General de la Naci\u00f3n\" \/>\n<meta property=\"og:description\" content=\"P\u00e1gina oficial de la Fiscal\u00eda General de la Naci\u00f3n \u2013 Colombia. Garantizamos el acceso efectivo a la justicia, la verdad y la reparaci\u00f3n de las v\u00edctimas de los delitos.\" \/>\n<meta property=\"og:url\" content=\"https:\/\/www.fiscalia.gov.co\/colombia\/equipo-de-trabajo\/director-de-justicia-transicional\/\" \/>\n<meta property=\"og:site_name\" content=\"Fiscal\u00eda General de la Naci\u00f3n\" \/>\n<meta property=\"article:publisher\" content=\"https:\/\/www.facebook.com\/FiscaliaCol\" \/>\n<meta property=\"article:modified_time\" content=\"2026-04-20T19:15:30+00:00\" \/>\n<meta name=\"twitter:card\" content=\"summary_large_image\" \/>\n<meta name=\"twitter:site\" content=\"@FiscaliaCol\" \/>\n<meta name=\"twitter:label1\" content=\"Tiempo de lectura\" \/>\n\t<meta name=\"twitter:data1\" content=\"1 minuto\" \/>\n<script type=\"application\/ld+json\" class=\"yoast-schema-graph\">{\"@context\":\"https:\/\/schema.org\",\"@graph\":[{\"@type\":\"WebPage\",\"@id\":\"https:\/\/www.fiscalia.gov.co\/colombia\/equipo-de-trabajo\/director-de-justicia-transicional\/\",\"url\":\"https:\/\/www.fiscalia.gov.co\/colombia\/equipo-de-trabajo\/director-de-justicia-transicional\/\",\"name\":\"Fiscal\u00eda General de la Naci\u00f3n\",\"isPartOf\":{\"@id\":\"https:\/\/www.fiscalia.gov.co\/colombia\/#website\"},\"datePublished\":\"2014-04-29T19:42:15+00:00\",\"dateModified\":\"2026-04-20T19:15:30+00:00\",\"description\":\"P\u00e1gina oficial de la Fiscal\u00eda General de la Naci\u00f3n \u2013 Colombia. Garantizamos el acceso efectivo a la justicia, la verdad y la reparaci\u00f3n de las v\u00edctimas de los delitos.\",\"breadcrumb\":{\"@id\":\"https:\/\/www.fiscalia.gov.co\/colombia\/equipo-de-trabajo\/director-de-justicia-transicional\/#breadcrumb\"},\"inLanguage\":\"es-CO\",\"potentialAction\":[{\"@type\":\"ReadAction\",\"target\":[\"https:\/\/www.fiscalia.gov.co\/colombia\/equipo-de-trabajo\/director-de-justicia-transicional\/\"]}]},{\"@type\":\"BreadcrumbList\",\"@id\":\"https:\/\/www.fiscalia.gov.co\/colombia\/equipo-de-trabajo\/director-de-justicia-transicional\/#breadcrumb\",\"itemListElement\":[{\"@type\":\"ListItem\",\"position\":1,\"name\":\"Home\",\"item\":\"https:\/\/www.fiscalia.gov.co\/colombia\/\"},{\"@type\":\"ListItem\",\"position\":2,\"name\":\"Equipo de trabajo\",\"item\":\"https:\/\/www.fiscalia.gov.co\/colombia\/equipo-de-trabajo\/\"},{\"@type\":\"ListItem\",\"position\":3,\"name\":\"Directora de Justicia Transicional (e)\"}]},{\"@type\":\"WebSite\",\"@id\":\"https:\/\/www.fiscalia.gov.co\/colombia\/#website\",\"url\":\"https:\/\/www.fiscalia.gov.co\/colombia\/\",\"name\":\"Fiscal\u00eda General de la Naci\u00f3n\",\"description\":\"P\u00e1gina oficial de la Fiscal\u00eda General de la Naci\u00f3n \u2013 Colombia. Garantizamos el acceso efectivo a la justicia, la verdad y la reparaci\u00f3n de las v\u00edctimas de los delitos.\",\"publisher\":{\"@id\":\"https:\/\/www.fiscalia.gov.co\/colombia\/#organization\"},\"potentialAction\":[{\"@type\":\"SearchAction\",\"target\":{\"@type\":\"EntryPoint\",\"urlTemplate\":\"https:\/\/www.fiscalia.gov.co\/colombia\/?s={search_term_string}\"},\"query-input\":{\"@type\":\"PropertyValueSpecification\",\"valueRequired\":true,\"valueName\":\"search_term_string\"}}],\"inLanguage\":\"es-CO\"},{\"@type\":\"Organization\",\"@id\":\"https:\/\/www.fiscalia.gov.co\/colombia\/#organization\",\"name\":\"Fiscal\u00eda General de la Naci\u00f3n\",\"url\":\"https:\/\/www.fiscalia.gov.co\/colombia\/\",\"logo\":{\"@type\":\"ImageObject\",\"inLanguage\":\"es-CO\",\"@id\":\"https:\/\/www.fiscalia.gov.co\/colombia\/#\/schema\/logo\/image\/\",\"url\":\"https:\/\/www.fiscalia.gov.co\/colombia\/wp-content\/uploads\/LogoHorizontal_1.jpg\",\"contentUrl\":\"https:\/\/www.fiscalia.gov.co\/colombia\/wp-content\/uploads\/LogoHorizontal_1.jpg\",\"width\":300,\"height\":90,\"caption\":\"Fiscal\u00eda General de la Naci\u00f3n\"},\"image\":{\"@id\":\"https:\/\/www.fiscalia.gov.co\/colombia\/#\/schema\/logo\/image\/\"},\"sameAs\":[\"https:\/\/www.facebook.com\/FiscaliaCol\",\"https:\/\/x.com\/FiscaliaCol\",\"https:\/\/www.instagram.com\/fiscaliacol\",\"https:\/\/www.linkedin.com\/company\/fiscalia-general-de-la-naci-n\/\",\"https:\/\/youtube.com\/@fiscaliageneraldelanacion-4668?si=6nN79nyQICPU5iTh\"]}]}<\/script>\n<!-- \/ Yoast SEO plugin. -->","yoast_head_json":{"title":"Fiscal\u00eda General de la Naci\u00f3n","description":"P\u00e1gina oficial de la Fiscal\u00eda General de la Naci\u00f3n \u2013 Colombia. Garantizamos el acceso efectivo a la justicia, la verdad y la reparaci\u00f3n de las v\u00edctimas de los delitos.","robots":{"index":"index","follow":"follow","max-snippet":"max-snippet:-1","max-image-preview":"max-image-preview:large","max-video-preview":"max-video-preview:-1"},"canonical":"https:\/\/www.fiscalia.gov.co\/colombia\/equipo-de-trabajo\/director-de-justicia-transicional\/","og_locale":"es_ES","og_type":"article","og_title":"Fiscal\u00eda General de la Naci\u00f3n","og_description":"P\u00e1gina oficial de la Fiscal\u00eda General de la Naci\u00f3n \u2013 Colombia. Garantizamos el acceso efectivo a la justicia, la verdad y la reparaci\u00f3n de las v\u00edctimas de los delitos.","og_url":"https:\/\/www.fiscalia.gov.co\/colombia\/equipo-de-trabajo\/director-de-justicia-transicional\/","og_site_name":"Fiscal\u00eda General de la Naci\u00f3n","article_publisher":"https:\/\/www.facebook.com\/FiscaliaCol","article_modified_time":"2026-04-20T19:15:30+00:00","twitter_card":"summary_large_image","twitter_site":"@FiscaliaCol","twitter_misc":{"Tiempo de lectura":"1 minuto"},"schema":{"@context":"https:\/\/schema.org","@graph":[{"@type":"WebPage","@id":"https:\/\/www.fiscalia.gov.co\/colombia\/equipo-de-trabajo\/director-de-justicia-transicional\/","url":"https:\/\/www.fiscalia.gov.co\/colombia\/equipo-de-trabajo\/director-de-justicia-transicional\/","name":"Fiscal\u00eda General de la Naci\u00f3n","isPartOf":{"@id":"https:\/\/www.fiscalia.gov.co\/colombia\/#website"},"datePublished":"2014-04-29T19:42:15+00:00","dateModified":"2026-04-20T19:15:30+00:00","description":"P\u00e1gina oficial de la Fiscal\u00eda General de la Naci\u00f3n \u2013 Colombia. Garantizamos el acceso efectivo a la justicia, la verdad y la reparaci\u00f3n de las v\u00edctimas de los delitos.","breadcrumb":{"@id":"https:\/\/www.fiscalia.gov.co\/colombia\/equipo-de-trabajo\/director-de-justicia-transicional\/#breadcrumb"},"inLanguage":"es-CO","potentialAction":[{"@type":"ReadAction","target":["https:\/\/www.fiscalia.gov.co\/colombia\/equipo-de-trabajo\/director-de-justicia-transicional\/"]}]},{"@type":"BreadcrumbList","@id":"https:\/\/www.fiscalia.gov.co\/colombia\/equipo-de-trabajo\/director-de-justicia-transicional\/#breadcrumb","itemListElement":[{"@type":"ListItem","position":1,"name":"Home","item":"https:\/\/www.fiscalia.gov.co\/colombia\/"},{"@type":"ListItem","position":2,"name":"Equipo de trabajo","item":"https:\/\/www.fiscalia.gov.co\/colombia\/equipo-de-trabajo\/"},{"@type":"ListItem","position":3,"name":"Directora de Justicia Transicional (e)"}]},{"@type":"WebSite","@id":"https:\/\/www.fiscalia.gov.co\/colombia\/#website","url":"https:\/\/www.fiscalia.gov.co\/colombia\/","name":"Fiscal\u00eda General de la Naci\u00f3n","description":"P\u00e1gina oficial de la Fiscal\u00eda General de la Naci\u00f3n \u2013 Colombia. Garantizamos el acceso efectivo a la justicia, la verdad y la reparaci\u00f3n de las v\u00edctimas de los delitos.","publisher":{"@id":"https:\/\/www.fiscalia.gov.co\/colombia\/#organization"},"potentialAction":[{"@type":"SearchAction","target":{"@type":"EntryPoint","urlTemplate":"https:\/\/www.fiscalia.gov.co\/colombia\/?s={search_term_string}"},"query-input":{"@type":"PropertyValueSpecification","valueRequired":true,"valueName":"search_term_string"}}],"inLanguage":"es-CO"},{"@type":"Organization","@id":"https:\/\/www.fiscalia.gov.co\/colombia\/#organization","name":"Fiscal\u00eda General de la Naci\u00f3n","url":"https:\/\/www.fiscalia.gov.co\/colombia\/","logo":{"@type":"ImageObject","inLanguage":"es-CO","@id":"https:\/\/www.fiscalia.gov.co\/colombia\/#\/schema\/logo\/image\/","url":"https:\/\/www.fiscalia.gov.co\/colombia\/wp-content\/uploads\/LogoHorizontal_1.jpg","contentUrl":"https:\/\/www.fiscalia.gov.co\/colombia\/wp-content\/uploads\/LogoHorizontal_1.jpg","width":300,"height":90,"caption":"Fiscal\u00eda General de la Naci\u00f3n"},"image":{"@id":"https:\/\/www.fiscalia.gov.co\/colombia\/#\/schema\/logo\/image\/"},"sameAs":["https:\/\/www.facebook.com\/FiscaliaCol","https:\/\/x.com\/FiscaliaCol","https:\/\/www.instagram.com\/fiscaliacol","https:\/\/www.linkedin.com\/company\/fiscalia-general-de-la-naci-n\/","https:\/\/youtube.com\/@fiscaliageneraldelanacion-4668?si=6nN79nyQICPU5iTh"]}]}},"ticketed":false,"_links":{"self":[{"href":"https:\/\/www.fiscalia.gov.co\/colombia\/wp-json\/wp\/v2\/pages\/48570","targetHints":{"allow":["GET"]}}],"collection":[{"href":"https:\/\/www.fiscalia.gov.co\/colombia\/wp-json\/wp\/v2\/pages"}],"about":[{"href":"https:\/\/www.fiscalia.gov.co\/colombia\/wp-json\/wp\/v2\/types\/page"}],"author":[{"embeddable":true,"href":"https:\/\/www.fiscalia.gov.co\/colombia\/wp-json\/wp\/v2\/users\/143"}],"replies":[{"embeddable":true,"href":"https:\/\/www.fiscalia.gov.co\/colombia\/wp-json\/wp\/v2\/comments?post=48570"}],"version-history":[{"count":46,"href":"https:\/\/www.fiscalia.gov.co\/colombia\/wp-json\/wp\/v2\/pages\/48570\/revisions"}],"predecessor-version":[{"id":362074,"href":"https:\/\/www.fiscalia.gov.co\/colombia\/wp-json\/wp\/v2\/pages\/48570\/revisions\/362074"}],"up":[{"embeddable":true,"href":"https:\/\/www.fiscalia.gov.co\/colombia\/wp-json\/wp\/v2\/pages\/158971"}],"wp:attachment":[{"href":"https:\/\/www.fiscalia.gov.co\/colombia\/wp-json\/wp\/v2\/media?parent=48570"}],"curies":[{"name":"wp","href":"https:\/\/api.w.org\/{rel}","templated":true}]}}