{"id":45897,"date":"2014-03-04T16:10:14","date_gmt":"2014-03-04T21:10:14","guid":{"rendered":"http:\/\/www.fiscalia.gov.co\/colombia\/?page_id=45897"},"modified":"2020-02-14T14:03:44","modified_gmt":"2020-02-14T19:03:44","slug":"fiscalia-para-todos-radio","status":"publish","type":"page","link":"https:\/\/www.fiscalia.gov.co\/colombia\/publicaciones\/fiscalia-para-todos-radio\/","title":{"rendered":"Fiscal\u00eda para Todos Radio"},"content":{"rendered":"<section class=\"wpb-content-wrapper\"><div id=\"tdi_1\" class=\"tdc-row\"><div class=\"vc_row tdi_2  wpb_row td-pb-row\" >\n<style scoped>\n\/* custom css - generated by TagDiv Composer *\/\n\n\/* custom css - generated by TagDiv Composer *\/\n.tdi_2,\r\n                .tdi_2 .tdc-columns{\r\n                    min-height: 0;\r\n                }.tdi_2,\r\n\t\t\t\t.tdi_2 .tdc-columns{\r\n\t\t\t\t    display: block;\r\n\t\t\t\t}.tdi_2 .tdc-columns{\r\n\t\t\t\t    width: 100%;\r\n\t\t\t\t}.tdi_2:before,\r\n\t\t\t\t.tdi_2:after{\r\n\t\t\t\t    display: table;\r\n\t\t\t\t}\n<\/style><div class=\"vc_column tdi_4  wpb_column vc_column_container tdc-column td-pb-span8\">\n<style scoped>\n\/* custom css - generated by TagDiv Composer *\/\n\n\/* custom css - generated by TagDiv Composer *\/\n.tdi_4{\r\n                    vertical-align: baseline;\r\n                }.tdi_4 > .wpb_wrapper,\r\n\t\t\t\t.tdi_4 > .wpb_wrapper > .tdc-elements{\r\n\t\t\t\t    display: block;\r\n\t\t\t\t}.tdi_4 > .wpb_wrapper > .tdc-elements{\r\n\t\t\t\t    width: 100%;\r\n\t\t\t\t}.tdi_4 > .wpb_wrapper > .vc_row_inner{\r\n\t\t\t\t    width: auto;\r\n\t\t\t\t}.tdi_4 > .wpb_wrapper{\r\n\t\t\t\t    width: auto;\r\n\t\t\t\t    height: auto;\r\n\t\t\t\t}\n<\/style><div class=\"wpb_wrapper\" >[vc_column_text]Consulte los programas de Fiscal\u00eda para Todos Radio, emitidos hasta diciembre de 2018.[\/vc_column_text][vc_toggle title=&#8221;Fiscal\u00eda para Todos Radio 2018&#8243;]<strong>Programa 38<\/strong>\r\n\r\n<!--[if lt IE 9]><script>document.createElement('audio');<\/script><![endif]-->\n<audio class=\"wp-audio-shortcode\" id=\"audio-45897-1\" preload=\"auto\" style=\"width: 100%;\" controls=\"controls\"><source type=\"audio\/mpeg\" src=\"https:\/\/www.fiscalia.gov.co\/colombia\/wp-content\/uploads\/Pgm-Fiscalia-Radio-4-Diciembre-2018_01_01.mp3?_=1\" \/><a href=\"https:\/\/www.fiscalia.gov.co\/colombia\/wp-content\/uploads\/Pgm-Fiscalia-Radio-4-Diciembre-2018_01_01.mp3\">https:\/\/www.fiscalia.gov.co\/colombia\/wp-content\/uploads\/Pgm-Fiscalia-Radio-4-Diciembre-2018_01_01.mp3<\/a><\/audio>\r\n\r\n<a href=\"https:\/\/www.fiscalia.gov.co\/colombia\/wp-content\/uploads\/Pgm-Fiscalia-Radio-4-Diciembre-2018_01_01.mp3\">Descargar<\/a>\r\n\r\nTema: Resumen de lo mejor de Fiscal\u00eda para Todos en 2018\r\nFecha: 4 de diciembre de 2018\r\n\r\n<strong>Programa 37<\/strong>\r\n\r\n<audio class=\"wp-audio-shortcode\" id=\"audio-45897-2\" preload=\"auto\" style=\"width: 100%;\" controls=\"controls\"><source type=\"audio\/mpeg\" src=\"https:\/\/www.fiscalia.gov.co\/colombia\/wp-content\/uploads\/Pgm-Fiscalia-Radio-27-Noviembre-2018_04.mp3?_=2\" \/><a href=\"https:\/\/www.fiscalia.gov.co\/colombia\/wp-content\/uploads\/Pgm-Fiscalia-Radio-27-Noviembre-2018_04.mp3\">https:\/\/www.fiscalia.gov.co\/colombia\/wp-content\/uploads\/Pgm-Fiscalia-Radio-27-Noviembre-2018_04.mp3<\/a><\/audio>\r\n\r\n<a href=\"https:\/\/www.fiscalia.gov.co\/colombia\/wp-content\/uploads\/Pgm-Fiscalia-Radio-27-Noviembre-2018_04.mp3\">Descargar<\/a>\r\n\r\nTema: C\u00f3mo prevenir el abuso de ni\u00f1os, ni\u00f1as y adolescentes\r\nFecha: 27 de noviembre de 2018\r\n<strong>\r\n<strong>Programa 36<\/strong><\/strong>\r\n<strong>Programa 36<\/strong>\r\n\r\n<audio class=\"wp-audio-shortcode\" id=\"audio-45897-3\" preload=\"auto\" style=\"width: 100%;\" controls=\"controls\"><source type=\"audio\/mpeg\" src=\"https:\/\/www.fiscalia.gov.co\/colombia\/wp-content\/uploads\/Pgm-Fiscalia-Para-Todos-Radio-20-Noviembre-2018_01_01.mp3?_=3\" \/><a href=\"https:\/\/www.fiscalia.gov.co\/colombia\/wp-content\/uploads\/Pgm-Fiscalia-Para-Todos-Radio-20-Noviembre-2018_01_01.mp3\">https:\/\/www.fiscalia.gov.co\/colombia\/wp-content\/uploads\/Pgm-Fiscalia-Para-Todos-Radio-20-Noviembre-2018_01_01.mp3<\/a><\/audio>\r\n\r\n<a href=\"https:\/\/www.fiscalia.gov.co\/colombia\/wp-content\/uploads\/Pgm-Fiscalia-Para-Todos-Radio-20-Noviembre-2018_01_01.mp3\">Descargar<\/a>\r\n\r\nTema: Delitos inform\u00e1ticos en las empresas\r\nFecha: 20 de noviembre de 2018\r\n<strong>\r\n<strong>Programa 36<\/strong><\/strong>\r\n\r\n<audio class=\"wp-audio-shortcode\" id=\"audio-45897-4\" preload=\"auto\" style=\"width: 100%;\" controls=\"controls\"><source type=\"audio\/mpeg\" src=\"https:\/\/www.fiscalia.gov.co\/colombia\/wp-content\/uploads\/Pgm-Fiscalia-Para-Todos-Radio-13-Noviembre-2018_01.mp3?_=4\" \/><a href=\"https:\/\/www.fiscalia.gov.co\/colombia\/wp-content\/uploads\/Pgm-Fiscalia-Para-Todos-Radio-13-Noviembre-2018_01.mp3\">https:\/\/www.fiscalia.gov.co\/colombia\/wp-content\/uploads\/Pgm-Fiscalia-Para-Todos-Radio-13-Noviembre-2018_01.mp3<\/a><\/audio>\r\n\r\n<a href=\"https:\/\/www.fiscalia.gov.co\/colombia\/wp-content\/uploads\/Pgm-Fiscalia-Para-Todos-Radio-13-Noviembre-2018_01.mp3\">Descargar<\/a>\r\n\r\nTema: Delitos inform\u00e1ticos\r\nFecha: 13 de noviembre de 2018\r\n<strong>\r\nPrograma 35<\/strong>\r\n\r\n<audio class=\"wp-audio-shortcode\" id=\"audio-45897-5\" preload=\"auto\" style=\"width: 100%;\" controls=\"controls\"><source type=\"audio\/mpeg\" src=\"https:\/\/www.fiscalia.gov.co\/colombia\/wp-content\/uploads\/Pgm-Fiscalia-Para-Todos-Radio-6-Noviembre-2018_01.mp3?_=5\" \/><a href=\"https:\/\/www.fiscalia.gov.co\/colombia\/wp-content\/uploads\/Pgm-Fiscalia-Para-Todos-Radio-6-Noviembre-2018_01.mp3\">https:\/\/www.fiscalia.gov.co\/colombia\/wp-content\/uploads\/Pgm-Fiscalia-Para-Todos-Radio-6-Noviembre-2018_01.mp3<\/a><\/audio>\r\n\r\n<a href=\"https:\/\/www.fiscalia.gov.co\/colombia\/wp-content\/uploads\/Pgm-Fiscalia-Para-Todos-Radio-6-Noviembre-2018_01.mp3\">Descargar<\/a>\r\n\r\nTema: Museo de la Fiscal\u00eda\r\nFecha: 6 de noviembre de 2018\r\n<strong>\r\nPrograma 34<\/strong>\r\n\r\n<audio class=\"wp-audio-shortcode\" id=\"audio-45897-6\" preload=\"auto\" style=\"width: 100%;\" controls=\"controls\"><source type=\"audio\/mpeg\" src=\"https:\/\/www.fiscalia.gov.co\/colombia\/wp-content\/uploads\/Pgm-Fiscalia-Para-Todos-30-Octubre-2018_01.mp3?_=6\" \/><a href=\"https:\/\/www.fiscalia.gov.co\/colombia\/wp-content\/uploads\/Pgm-Fiscalia-Para-Todos-30-Octubre-2018_01.mp3\">https:\/\/www.fiscalia.gov.co\/colombia\/wp-content\/uploads\/Pgm-Fiscalia-Para-Todos-30-Octubre-2018_01.mp3<\/a><\/audio>\r\n\r\n<a href=\"https:\/\/www.fiscalia.gov.co\/colombia\/wp-content\/uploads\/Pgm-Fiscalia-Para-Todos-30-Octubre-2018_01.mp3\">Descargar<\/a>\r\n\r\nTema: Miner\u00eda ilegal\r\nFecha: 29 de octubre de 2018\r\n\r\n<strong>Programa 33<\/strong>\r\n\r\n<audio class=\"wp-audio-shortcode\" id=\"audio-45897-7\" preload=\"auto\" style=\"width: 100%;\" controls=\"controls\"><source type=\"audio\/mpeg\" src=\"https:\/\/www.fiscalia.gov.co\/colombia\/wp-content\/uploads\/Pgm-Fiscalia-Para-Todos-23-Octubre-2018_01.mp3?_=7\" \/><a href=\"https:\/\/www.fiscalia.gov.co\/colombia\/wp-content\/uploads\/Pgm-Fiscalia-Para-Todos-23-Octubre-2018_01.mp3\">https:\/\/www.fiscalia.gov.co\/colombia\/wp-content\/uploads\/Pgm-Fiscalia-Para-Todos-23-Octubre-2018_01.mp3<\/a><\/audio>\r\n\r\n<a href=\"https:\/\/www.fiscalia.gov.co\/colombia\/wp-content\/uploads\/Pgm-Fiscalia-Para-Todos-23-Octubre-2018_01.mp3\">Descargar<\/a>\r\n\r\nTema: Estafa\r\nFecha: 23 de octubre de 2018\r\n\r\n<strong>Programa 32<\/strong>\r\n\r\n<audio class=\"wp-audio-shortcode\" id=\"audio-45897-8\" preload=\"auto\" style=\"width: 100%;\" controls=\"controls\"><source type=\"audio\/mpeg\" src=\"https:\/\/www.fiscalia.gov.co\/colombia\/wp-content\/uploads\/2018_10_16.mp3?_=8\" \/><a href=\"https:\/\/www.fiscalia.gov.co\/colombia\/wp-content\/uploads\/2018_10_16.mp3\">https:\/\/www.fiscalia.gov.co\/colombia\/wp-content\/uploads\/2018_10_16.mp3<\/a><\/audio>\r\n\r\n<a href=\"https:\/\/www.fiscalia.gov.co\/colombia\/wp-content\/uploads\/2018_10_16.mp3\">Descargar<\/a>\r\n\r\nTema: Hurto de celulares\r\nFecha: 18 de octubre de 2018\r\n\r\n<strong>Programa 31<\/strong>\r\n\r\n<audio class=\"wp-audio-shortcode\" id=\"audio-45897-9\" preload=\"auto\" style=\"width: 100%;\" controls=\"controls\"><source type=\"audio\/mpeg\" src=\"https:\/\/www.fiscalia.gov.co\/colombia\/wp-content\/uploads\/Pgm-Fiscalia-Para-Todosl-9-Octubre-2018_01.mp3?_=9\" \/><a href=\"https:\/\/www.fiscalia.gov.co\/colombia\/wp-content\/uploads\/Pgm-Fiscalia-Para-Todosl-9-Octubre-2018_01.mp3\">https:\/\/www.fiscalia.gov.co\/colombia\/wp-content\/uploads\/Pgm-Fiscalia-Para-Todosl-9-Octubre-2018_01.mp3<\/a><\/audio>\r\n\r\n<a href=\"https:\/\/www.fiscalia.gov.co\/colombia\/wp-content\/uploads\/Pgm-Fiscalia-Para-Todosl-9-Octubre-2018_01.mp3\">Descargar<\/a>\r\n\r\nTema: Ciberdelincuencia\r\nFecha: 9 de octubre de 2018\r\n\r\n<strong>Programa 30<\/strong>\r\n\r\n<audio class=\"wp-audio-shortcode\" id=\"audio-45897-10\" preload=\"auto\" style=\"width: 100%;\" controls=\"controls\"><source type=\"audio\/mpeg\" src=\"https:\/\/www.fiscalia.gov.co\/colombia\/wp-content\/uploads\/Pgm-Fiscalia-Para-Todosl-2-Octubre-2018_01.mp3?_=10\" \/><a href=\"https:\/\/www.fiscalia.gov.co\/colombia\/wp-content\/uploads\/Pgm-Fiscalia-Para-Todosl-2-Octubre-2018_01.mp3\">https:\/\/www.fiscalia.gov.co\/colombia\/wp-content\/uploads\/Pgm-Fiscalia-Para-Todosl-2-Octubre-2018_01.mp3<\/a><\/audio>\r\n\r\n<a href=\"https:\/\/www.fiscalia.gov.co\/colombia\/wp-content\/uploads\/Pgm-Fiscalia-Para-Todosl-2-Octubre-2018_01.mp3\">Descargar<\/a>\r\n\r\nTema:\u00a0Contrabando\r\nFecha: 2 de octubre de 2018\r\n\r\n<strong>Programa 29<\/strong>\r\n\r\n<audio class=\"wp-audio-shortcode\" id=\"audio-45897-11\" preload=\"auto\" style=\"width: 100%;\" controls=\"controls\"><source type=\"audio\/mpeg\" src=\"https:\/\/www.fiscalia.gov.co\/colombia\/wp-content\/uploads\/Pgm-Fiscalia-Radio-18-Septiembre-2018-1_01.mp3?_=11\" \/><a href=\"https:\/\/www.fiscalia.gov.co\/colombia\/wp-content\/uploads\/Pgm-Fiscalia-Radio-18-Septiembre-2018-1_01.mp3\">https:\/\/www.fiscalia.gov.co\/colombia\/wp-content\/uploads\/Pgm-Fiscalia-Radio-18-Septiembre-2018-1_01.mp3<\/a><\/audio>\r\n\r\n<a href=\"https:\/\/www.fiscalia.gov.co\/colombia\/wp-content\/uploads\/Pgm-Fiscalia-Radio-18-Septiembre-2018-1_01.mp3\">Descargar<\/a>\r\n\r\nTema:\u00a0Banco Nacional de Perfiles Gen\u00e9ticos\r\nFecha: 25 de septiembre de 2018\r\n\r\n<strong>Programa 28<\/strong>\r\n\r\n<audio class=\"wp-audio-shortcode\" id=\"audio-45897-12\" preload=\"auto\" style=\"width: 100%;\" controls=\"controls\"><source type=\"audio\/mpeg\" src=\"https:\/\/www.fiscalia.gov.co\/colombia\/wp-content\/uploads\/Pgm-Fiscalia-Radio-18-Septiembre-2018-1_01.mp3?_=12\" \/><a href=\"https:\/\/www.fiscalia.gov.co\/colombia\/wp-content\/uploads\/Pgm-Fiscalia-Radio-18-Septiembre-2018-1_01.mp3\">https:\/\/www.fiscalia.gov.co\/colombia\/wp-content\/uploads\/Pgm-Fiscalia-Radio-18-Septiembre-2018-1_01.mp3<\/a><\/audio>\r\n\r\n<a href=\"https:\/\/www.fiscalia.gov.co\/colombia\/wp-content\/uploads\/Pgm-Fiscalia-Radio-18-Septiembre-2018-1_01.mp3\">Descargar<\/a>\r\n\r\nTema: Delitos contra el medio ambiente\r\nFecha: 18 de septiembre de 2018\r\n\r\n<strong>Programa 27<\/strong>\r\n\r\n<audio class=\"wp-audio-shortcode\" id=\"audio-45897-13\" preload=\"auto\" style=\"width: 100%;\" controls=\"controls\"><source type=\"audio\/mpeg\" src=\"https:\/\/www.fiscalia.gov.co\/colombia\/wp-content\/uploads\/Pgm-Fiscalia-Para-Todos-11-Septiembre-2018_01.mp3?_=13\" \/><a href=\"https:\/\/www.fiscalia.gov.co\/colombia\/wp-content\/uploads\/Pgm-Fiscalia-Para-Todos-11-Septiembre-2018_01.mp3\">https:\/\/www.fiscalia.gov.co\/colombia\/wp-content\/uploads\/Pgm-Fiscalia-Para-Todos-11-Septiembre-2018_01.mp3<\/a><\/audio>\r\n\r\n<a href=\"https:\/\/www.fiscalia.gov.co\/colombia\/wp-content\/uploads\/Pgm-Fiscalia-Para-Todos-11-Septiembre-2018_01.mp3\">Descargar<\/a>\r\n\r\nTema:\u00a0Watson, la inteligencia artificial al servicio de la justicia\r\nFecha: 11 de septiembre de 2018\r\n\r\n<strong>Programa 26<\/strong>\r\n\r\n<audio class=\"wp-audio-shortcode\" id=\"audio-45897-14\" preload=\"auto\" style=\"width: 100%;\" controls=\"controls\"><source type=\"audio\/mpeg\" src=\"https:\/\/www.fiscalia.gov.co\/colombia\/wp-content\/uploads\/Pgm-Fiscalia-Radio-4-Septiembre-2018_01-1.mp3?_=14\" \/><a href=\"https:\/\/www.fiscalia.gov.co\/colombia\/wp-content\/uploads\/Pgm-Fiscalia-Radio-4-Septiembre-2018_01-1.mp3\">https:\/\/www.fiscalia.gov.co\/colombia\/wp-content\/uploads\/Pgm-Fiscalia-Radio-4-Septiembre-2018_01-1.mp3<\/a><\/audio>\r\n\r\n<a href=\"https:\/\/www.fiscalia.gov.co\/colombia\/wp-content\/uploads\/Pgm-Fiscalia-Radio-4-Septiembre-2018_01-1.mp3\">Descargar<\/a>\r\n\r\nTema:\u00a0Maltrato animal, del abuso y otros hechos que pueden ser considerados crueldad\r\nFecha: 4 de septiembre de 2018\r\n\r\n<strong>Programa 25<\/strong>\r\n\r\n<audio class=\"wp-audio-shortcode\" id=\"audio-45897-15\" preload=\"auto\" style=\"width: 100%;\" controls=\"controls\"><source type=\"audio\/mpeg\" src=\"https:\/\/www.fiscalia.gov.co\/colombia\/wp-content\/uploads\/Pgm-Fiscalia-Para-Todos-28-Agosto-2018_01.mp3?_=15\" \/><a href=\"https:\/\/www.fiscalia.gov.co\/colombia\/wp-content\/uploads\/Pgm-Fiscalia-Para-Todos-28-Agosto-2018_01.mp3\">https:\/\/www.fiscalia.gov.co\/colombia\/wp-content\/uploads\/Pgm-Fiscalia-Para-Todos-28-Agosto-2018_01.mp3<\/a><\/audio>\r\n\r\n<a href=\"https:\/\/www.fiscalia.gov.co\/colombia\/wp-content\/uploads\/Pgm-Fiscalia-Para-Todos-28-Agosto-2018_01.mp3\">Descargar<\/a><a href=\"https:\/\/www.fiscalia.gov.co\/colombia\/wp-content\/uploads\/1.-Pgm-Fiscalia-Para-Todos-20-Febrero-2018_01.mp3\">\r\n<\/a>Tema:30 de agosto, D\u00eda internacional de v\u00edctimas de desaparici\u00f3n forzada\r\nFecha: 28\u00a0de agosto de 2018\r\n\r\n<strong>Programa 24<\/strong>\r\n\r\n<audio class=\"wp-audio-shortcode\" id=\"audio-45897-16\" preload=\"none\" style=\"width: 100%;\" controls=\"controls\"><source type=\"audio\/mpeg\" src=\"https:\/\/www.fiscalia.gov.co\/colombia\/wp-content\/uploads\/Fiscalia-Para-Todos-21-Agosto-2018_01.mp3?_=16\" \/><a href=\"https:\/\/www.fiscalia.gov.co\/colombia\/wp-content\/uploads\/Fiscalia-Para-Todos-21-Agosto-2018_01.mp3\">https:\/\/www.fiscalia.gov.co\/colombia\/wp-content\/uploads\/Fiscalia-Para-Todos-21-Agosto-2018_01.mp3<\/a><\/audio>\r\n\r\n<a href=\"https:\/\/www.fiscalia.gov.co\/colombia\/wp-content\/uploads\/Fiscalia-Para-Todos-21-Agosto-2018_01.mp3\">Descargar<\/a><a href=\"https:\/\/www.fiscalia.gov.co\/colombia\/wp-content\/uploads\/1.-Pgm-Fiscalia-Para-Todos-20-Febrero-2018_01.mp3\">\r\n<\/a>Tema: Hurto de bicicletas, un mal que va en aumento\r\nFecha: 21\u00a0de agosto de 2018\r\n\r\n<strong>Programa 23<\/strong>\r\n\r\n<audio class=\"wp-audio-shortcode\" id=\"audio-45897-17\" preload=\"none\" style=\"width: 100%;\" controls=\"controls\"><source type=\"audio\/mpeg\" src=\"https:\/\/www.fiscalia.gov.co\/colombia\/wp-content\/uploads\/Pgm-Fiscalia-Para-Todos-14-Agosto-2018_01.mp3?_=17\" \/><a href=\"https:\/\/www.fiscalia.gov.co\/colombia\/wp-content\/uploads\/Pgm-Fiscalia-Para-Todos-14-Agosto-2018_01.mp3\">https:\/\/www.fiscalia.gov.co\/colombia\/wp-content\/uploads\/Pgm-Fiscalia-Para-Todos-14-Agosto-2018_01.mp3<\/a><\/audio>\r\n\r\n<a href=\"https:\/\/www.fiscalia.gov.co\/colombia\/wp-content\/uploads\/Pgm-Fiscalia-Para-Todos-14-Agosto-2018_01.mp3\">Descargar<\/a><a href=\"https:\/\/www.fiscalia.gov.co\/colombia\/wp-content\/uploads\/1.-Pgm-Fiscalia-Para-Todos-20-Febrero-2018_01.mp3\">\r\n<\/a><a href=\"https:\/\/youtu.be\/dkXIv82PIhI\">Ver el programa aqu\u00ed<\/a>\r\n\r\n<strong>Tema: <\/strong>campa\u00f1a #EsoEsCuento para combatir la esclavitud del siglo XXI.\r\n<strong>Invitados: <\/strong>Mario G\u00f3mez, Fiscal de Infancia y Adolescencia y \u00c1ngel Castro, Fiscal Especializado de la Delegada contra el Crimen Organizado.\r\n<strong>Fecha: <\/strong>14 de agosto de 2018\r\n\r\n<strong>Programa 22<\/strong>\r\n\r\n<a href=\"https:\/\/www.fiscalia.gov.co\/colombia\/wp-content\/uploads\/1.-Pgm-Fiscalia-Para-Todos-20-Febrero-2018_01.mp3\">\r\n<\/a><a href=\"https:\/\/youtu.be\/uChM6XrDABo\">Ver el programa aqu\u00ed<\/a>\r\n\r\n<strong>Tema: <\/strong>Nuestros h\u00e9roes del Cuerpo T\u00e9cnico de Investigaci\u00f3n, CTI\r\n<strong>Invitados:<\/strong> Nelson Andr\u00e9s Escobar L\u00f3pez, Director Seccional de Nari\u00f1o y Luis Carlos Coral, investigador de la Seccional Nari\u00f1o.\r\n<strong>Fecha: <\/strong>31 de julio de 2018\r\n\r\n<strong>Programa 21<\/strong>\r\n\r\n<audio class=\"wp-audio-shortcode\" id=\"audio-45897-18\" preload=\"none\" style=\"width: 100%;\" controls=\"controls\"><source type=\"audio\/mpeg\" src=\"https:\/\/www.fiscalia.gov.co\/colombia\/wp-content\/uploads\/Pgm-Fiscalia-para-todos-24-julio-2018.mp3?_=18\" \/><a href=\"https:\/\/www.fiscalia.gov.co\/colombia\/wp-content\/uploads\/Pgm-Fiscalia-para-todos-24-julio-2018.mp3\">https:\/\/www.fiscalia.gov.co\/colombia\/wp-content\/uploads\/Pgm-Fiscalia-para-todos-24-julio-2018.mp3<\/a><\/audio>\r\n\r\n<a href=\"https:\/\/www.fiscalia.gov.co\/colombia\/wp-content\/uploads\/Pgm-Fiscalia-para-todos-24-julio-2018.mp3\">Descargar<\/a><a href=\"https:\/\/www.fiscalia.gov.co\/colombia\/wp-content\/uploads\/1.-Pgm-Fiscalia-Para-Todos-20-Febrero-2018_01.mp3\">\r\n<\/a><a href=\"https:\/\/youtu.be\/jDY8cQmBkGU\">Ver el programa aqu\u00ed<\/a>\r\n\r\n<strong>Tema: <\/strong>\u00bfQu\u00e9 es la propiedad intelectual y por qu\u00e9 es un delito atentar contra ella?\r\n<strong>Invitados: <\/strong>Mar\u00eda Alexandra Duque Cuadros, Fiscal destacada para combatir los delitos contra la propiedad intelectual.\r\n<strong>Fecha: <\/strong>24 de julio de 2018\r\n\r\n<strong>Programa 20<\/strong>\r\n\r\n<audio class=\"wp-audio-shortcode\" id=\"audio-45897-19\" preload=\"none\" style=\"width: 100%;\" controls=\"controls\"><source type=\"audio\/mpeg\" src=\"https:\/\/www.fiscalia.gov.co\/colombia\/wp-content\/uploads\/Pgm-Fiscalia-para-todos-17-julio-2018.mp3?_=19\" \/><a href=\"https:\/\/www.fiscalia.gov.co\/colombia\/wp-content\/uploads\/Pgm-Fiscalia-para-todos-17-julio-2018.mp3\">https:\/\/www.fiscalia.gov.co\/colombia\/wp-content\/uploads\/Pgm-Fiscalia-para-todos-17-julio-2018.mp3<\/a><\/audio>\r\n\r\n<a href=\"https:\/\/www.fiscalia.gov.co\/colombia\/wp-content\/uploads\/Pgm-Fiscalia-para-todos-17-julio-2018.mp3\">Descargar<\/a><a href=\"https:\/\/www.fiscalia.gov.co\/colombia\/wp-content\/uploads\/1.-Pgm-Fiscalia-Para-Todos-20-Febrero-2018_01.mp3\">\r\n<\/a><a href=\"https:\/\/youtu.be\/29BDmrjTR88\">Ver el programa aqu\u00ed<\/a>\r\n\r\n<strong>Tema<\/strong>: Cu\u00e1ndo un ciudadano puede ser sujeto de extinci\u00f3n de dominio\r\n<strong>Invitados:<\/strong> Santiago V\u00e1squez Betancourt, Asistente de Fiscal de la Direcci\u00f3n Especializada de Extinci\u00f3n del Derecho del Dominio.\r\n<strong>Fecha: <\/strong>17 de julio de 2018\r\n\r\n<strong>Programa 19<\/strong>\r\n\r\n<audio class=\"wp-audio-shortcode\" id=\"audio-45897-20\" preload=\"none\" style=\"width: 100%;\" controls=\"controls\"><source type=\"audio\/mpeg\" src=\"https:\/\/www.fiscalia.gov.co\/colombia\/wp-content\/uploads\/19.-Pgm-Fiscalia-para-todos-10-julio-2018_01.mp3?_=20\" \/><a href=\"https:\/\/www.fiscalia.gov.co\/colombia\/wp-content\/uploads\/19.-Pgm-Fiscalia-para-todos-10-julio-2018_01.mp3\">https:\/\/www.fiscalia.gov.co\/colombia\/wp-content\/uploads\/19.-Pgm-Fiscalia-para-todos-10-julio-2018_01.mp3<\/a><\/audio>\r\n\r\n<a href=\"https:\/\/www.fiscalia.gov.co\/colombia\/wp-content\/uploads\/19.-Pgm-Fiscalia-para-todos-10-julio-2018_01.mp3\">Descargar<\/a><a href=\"https:\/\/www.fiscalia.gov.co\/colombia\/wp-content\/uploads\/1.-Pgm-Fiscalia-Para-Todos-20-Febrero-2018_01.mp3\">\r\n<\/a><a href=\"https:\/\/youtu.be\/MmAX3vQNO0c\">Ver el programa aqu\u00ed<\/a>\r\n\r\n<strong>Tema: <\/strong>el abigeato (hurto de ganado) y el hurto en las zonas rurales del pa\u00eds.\r\n<strong>Invitada: <\/strong>Eufemia C\u00e1rdenas, Directora Seccional de Cundinamarca.\r\n<strong>Fecha: <\/strong>10 de julio de 2018\r\n\r\n<strong>Programa 18<\/strong>\r\n\r\n<audio class=\"wp-audio-shortcode\" id=\"audio-45897-21\" preload=\"none\" style=\"width: 100%;\" controls=\"controls\"><source type=\"audio\/mpeg\" src=\"https:\/\/www.fiscalia.gov.co\/colombia\/wp-content\/uploads\/Pgm-Fiscalia-Para-Todos-26-Junio-2018_01.mp3?_=21\" \/><a href=\"https:\/\/www.fiscalia.gov.co\/colombia\/wp-content\/uploads\/Pgm-Fiscalia-Para-Todos-26-Junio-2018_01.mp3\">https:\/\/www.fiscalia.gov.co\/colombia\/wp-content\/uploads\/Pgm-Fiscalia-Para-Todos-26-Junio-2018_01.mp3<\/a><\/audio>\r\n\r\n<a href=\"https:\/\/www.fiscalia.gov.co\/colombia\/wp-content\/uploads\/Pgm-Fiscalia-Para-Todos-26-Junio-2018_01.mp3\">Descargar<\/a><a href=\"https:\/\/www.fiscalia.gov.co\/colombia\/wp-content\/uploads\/1.-Pgm-Fiscalia-Para-Todos-20-Febrero-2018_01.mp3\">\r\n<\/a><a href=\"https:\/\/youtu.be\/dW_jM6sDD4k\">Ver el programa aqu\u00ed<\/a>\r\n\r\n<strong>Tema<\/strong>: \u00bfQu\u00e9 est\u00e1 haciendo la Fiscal\u00eda para atender a la poblaci\u00f3n LGBT?\r\n<strong>Invitados:<\/strong> Francisco Palacios, Fiscal Direcci\u00f3n de Apoyo a la Investigaci\u00f3n y An\u00e1lisis para la Seguridad Ciudadana y Elizabeth Chaverra, Asistente de Fiscal de la Direcci\u00f3n de Apoyo a la Investigaci\u00f3n y An\u00e1lisis para la Seguridad Ciudadana.\r\n<strong>Fecha: <\/strong>26 de junio de 2018\r\n\r\n<strong>Programa 17<\/strong>\r\n\r\n<audio class=\"wp-audio-shortcode\" id=\"audio-45897-22\" preload=\"none\" style=\"width: 100%;\" controls=\"controls\"><source type=\"audio\/mpeg\" src=\"https:\/\/www.fiscalia.gov.co\/colombia\/wp-content\/uploads\/Pgm-Fiscalia-Para-Todos-19-Junio-2018_01.mp3?_=22\" \/><a href=\"https:\/\/www.fiscalia.gov.co\/colombia\/wp-content\/uploads\/Pgm-Fiscalia-Para-Todos-19-Junio-2018_01.mp3\">https:\/\/www.fiscalia.gov.co\/colombia\/wp-content\/uploads\/Pgm-Fiscalia-Para-Todos-19-Junio-2018_01.mp3<\/a><\/audio>\r\n\r\n<a href=\"https:\/\/www.fiscalia.gov.co\/colombia\/wp-content\/uploads\/Pgm-Fiscalia-Para-Todos-19-Junio-2018_01.mp3\">Descargar<\/a><a href=\"https:\/\/www.fiscalia.gov.co\/colombia\/wp-content\/uploads\/1.-Pgm-Fiscalia-Para-Todos-20-Febrero-2018_01.mp3\">\r\n<\/a><a href=\"https:\/\/www.youtube.com\/watch?v=dXuYhvS3QVA\">Ver el programa aqu\u00ed<\/a>\r\n\r\n<strong>Tema: <\/strong>\u00bfC\u00f3mo puede la ciudadan\u00eda resolver los conflictos penales con la conciliaci\u00f3n?\r\n<strong>Invitados: <\/strong>Germ\u00e1n Ram\u00edrez Mu\u00f1oz, Jefe de la Unidad de Fiscales Locales, Direcci\u00f3n Seccional Bogot\u00e1.\r\n<strong>Fecha: <\/strong>19 de junio de 2018\r\n\r\n<strong>Programa 16<\/strong>\r\n\r\n<audio class=\"wp-audio-shortcode\" id=\"audio-45897-23\" preload=\"none\" style=\"width: 100%;\" controls=\"controls\"><source type=\"audio\/mpeg\" src=\"https:\/\/www.fiscalia.gov.co\/colombia\/wp-content\/uploads\/16.-Pgm-Fiscalia-Para-Todos-12-Junio-2018_01.mp3?_=23\" \/><a href=\"https:\/\/www.fiscalia.gov.co\/colombia\/wp-content\/uploads\/16.-Pgm-Fiscalia-Para-Todos-12-Junio-2018_01.mp3\">https:\/\/www.fiscalia.gov.co\/colombia\/wp-content\/uploads\/16.-Pgm-Fiscalia-Para-Todos-12-Junio-2018_01.mp3<\/a><\/audio>\r\n\r\n<a href=\"https:\/\/www.fiscalia.gov.co\/colombia\/wp-content\/uploads\/16.-Pgm-Fiscalia-Para-Todos-12-Junio-2018_01.mp3\">Descargar<\/a><a href=\"https:\/\/www.fiscalia.gov.co\/colombia\/wp-content\/uploads\/1.-Pgm-Fiscalia-Para-Todos-20-Febrero-2018_01.mp3\">\r\n<\/a><a href=\"https:\/\/www.youtube.com\/watch?v=7otTwm_Imww\">Ver el programa aqu\u00ed<\/a>\r\n\r\n<strong>Tema<\/strong>: \u00bfCu\u00e1ndo la intolerancia se convierte en un delito?\r\n<strong>Invitado:<\/strong> Luis Gonz\u00e1lez Le\u00f3n, Delegado para la Seguridad Ciudadana\r\n<strong>Fecha: <\/strong>12 de junio de 2018\r\n\r\n<strong>Programa 15<\/strong>\r\n\r\n<audio class=\"wp-audio-shortcode\" id=\"audio-45897-24\" preload=\"none\" style=\"width: 100%;\" controls=\"controls\"><source type=\"audio\/mpeg\" src=\"https:\/\/www.fiscalia.gov.co\/colombia\/wp-content\/uploads\/15.-Pgm-Fiscalia-Para-Todos-5-Junio-2018_01.mp3?_=24\" \/><a href=\"https:\/\/www.fiscalia.gov.co\/colombia\/wp-content\/uploads\/15.-Pgm-Fiscalia-Para-Todos-5-Junio-2018_01.mp3\">https:\/\/www.fiscalia.gov.co\/colombia\/wp-content\/uploads\/15.-Pgm-Fiscalia-Para-Todos-5-Junio-2018_01.mp3<\/a><\/audio>\r\n\r\n<a href=\"https:\/\/www.fiscalia.gov.co\/colombia\/wp-content\/uploads\/15.-Pgm-Fiscalia-Para-Todos-5-Junio-2018_01.mp3\">Descargar<\/a><a href=\"https:\/\/www.fiscalia.gov.co\/colombia\/wp-content\/uploads\/1.-Pgm-Fiscalia-Para-Todos-20-Febrero-2018_01.mp3\">\r\n<\/a><a href=\"https:\/\/youtu.be\/m1C09LM4Xtk\">Ver el programa aqu\u00ed<\/a>\r\n\r\n<strong>Tema:<\/strong> \u00bfCu\u00e1ndo la Fiscal\u00eda investiga los actos de discriminaci\u00f3n, racismo y hostigamiento?\r\n<strong>Invitado:<\/strong> Francisco Palacios y Elizabeth Chaverra, Fiscales de la Direcci\u00f3n de Apoyo a la Investigaci\u00f3n y An\u00e1lisis para la Seguridad Ciudadana\r\n<strong>Fecha: <\/strong>05 de junio de 2018\r\n\r\n<strong>Programa 14<\/strong>\r\n\r\n<audio class=\"wp-audio-shortcode\" id=\"audio-45897-25\" preload=\"none\" style=\"width: 100%;\" controls=\"controls\"><source type=\"audio\/mpeg\" src=\"https:\/\/www.fiscalia.gov.co\/colombia\/wp-content\/uploads\/14.-Pgm-TFiscalia-Para-Todos-29-Mayo-2018_01.mp3?_=25\" \/><a href=\"https:\/\/www.fiscalia.gov.co\/colombia\/wp-content\/uploads\/14.-Pgm-TFiscalia-Para-Todos-29-Mayo-2018_01.mp3\">https:\/\/www.fiscalia.gov.co\/colombia\/wp-content\/uploads\/14.-Pgm-TFiscalia-Para-Todos-29-Mayo-2018_01.mp3<\/a><\/audio>\r\n\r\n<a href=\"https:\/\/www.fiscalia.gov.co\/colombia\/wp-content\/uploads\/14.-Pgm-TFiscalia-Para-Todos-29-Mayo-2018_01.mp3\">Descargar<\/a><a href=\"https:\/\/www.fiscalia.gov.co\/colombia\/wp-content\/uploads\/1.-Pgm-Fiscalia-Para-Todos-20-Febrero-2018_01.mp3\">\r\n<\/a><a href=\"https:\/\/youtu.be\/Ptt6DvWCpP0\">Ver el programa aqu\u00ed<\/a>\r\n\r\n<strong>Tema: <\/strong>\u00bfC\u00f3mo detectar y prevenir la violencia sexual?\r\n<strong>Invitados:<\/strong> Claudia Piedad Gonz\u00e1lez\r\n<strong>Fecha:<\/strong> 29 de mayo de 2018\r\n\r\n<strong>Programa 13<\/strong>\r\n\r\n<audio class=\"wp-audio-shortcode\" id=\"audio-45897-26\" preload=\"none\" style=\"width: 100%;\" controls=\"controls\"><source type=\"audio\/mpeg\" src=\"https:\/\/www.fiscalia.gov.co\/colombia\/wp-content\/uploads\/13.-Pgm-Fiscalia-Para-Todos-Mayo-22-de-2018_01.mp3?_=26\" \/><a href=\"https:\/\/www.fiscalia.gov.co\/colombia\/wp-content\/uploads\/13.-Pgm-Fiscalia-Para-Todos-Mayo-22-de-2018_01.mp3\">https:\/\/www.fiscalia.gov.co\/colombia\/wp-content\/uploads\/13.-Pgm-Fiscalia-Para-Todos-Mayo-22-de-2018_01.mp3<\/a><\/audio>\r\n\r\n<a href=\"https:\/\/www.fiscalia.gov.co\/colombia\/wp-content\/uploads\/13.-Pgm-Fiscalia-Para-Todos-Mayo-22-de-2018_01.mp3\">Descargar<\/a><a href=\"https:\/\/www.fiscalia.gov.co\/colombia\/wp-content\/uploads\/1.-Pgm-Fiscalia-Para-Todos-20-Febrero-2018_01.mp3\">\r\n<\/a><a href=\"https:\/\/youtu.be\/1I0zPR_xtS8\">Ver el programa aqu\u00ed<\/a>\r\n\r\n<strong>Tema: <\/strong>\u00bfQu\u00e9 est\u00e1 haciendo la Fiscal\u00eda para luchar contra la corrupci\u00f3n?\r\n<strong>Invitado:\u00a0<\/strong>Jos\u00e9 Alberto Salas, Director Especializado contra la Corrupci\u00f3n\r\n<strong>Fecha:<\/strong>\u00a022 de mayo de 2018\r\n\r\n<strong>Programa 12<\/strong>\r\n\r\n<audio class=\"wp-audio-shortcode\" id=\"audio-45897-27\" preload=\"none\" style=\"width: 100%;\" controls=\"controls\"><source type=\"audio\/mpeg\" src=\"https:\/\/www.fiscalia.gov.co\/colombia\/wp-content\/uploads\/12.-Pgm-Fiscalia-Para-Todos-Mayo-15-de-2018_01.mp3?_=27\" \/><a href=\"https:\/\/www.fiscalia.gov.co\/colombia\/wp-content\/uploads\/12.-Pgm-Fiscalia-Para-Todos-Mayo-15-de-2018_01.mp3\">https:\/\/www.fiscalia.gov.co\/colombia\/wp-content\/uploads\/12.-Pgm-Fiscalia-Para-Todos-Mayo-15-de-2018_01.mp3<\/a><\/audio>\r\n\r\n<a href=\"https:\/\/www.fiscalia.gov.co\/colombia\/wp-content\/uploads\/12.-Pgm-Fiscalia-Para-Todos-Mayo-15-de-2018_01.mp3\">Descargar<\/a><a href=\"https:\/\/www.fiscalia.gov.co\/colombia\/wp-content\/uploads\/1.-Pgm-Fiscalia-Para-Todos-20-Febrero-2018_01.mp3\">\r\n<\/a><a href=\"https:\/\/youtu.be\/fz3S1Pu5vF8\">Ver el programa aqu\u00ed<\/a>\r\n\r\n<strong>Tema: <\/strong>cuidemos a nuestros ni\u00f1os evitemos que sean vinculados al delito\r\n<strong>Invitado: <\/strong>Paola Osso, Fiscal Especializada de Responsabilidad Penal de Infancia y Adolescencia\r\n<strong>Fecha:<\/strong>\u00a015 de mayo de 2018\r\n\r\n<strong>Programa 11<\/strong>\r\n\r\n<audio class=\"wp-audio-shortcode\" id=\"audio-45897-28\" preload=\"none\" style=\"width: 100%;\" controls=\"controls\"><source type=\"audio\/mpeg\" src=\"https:\/\/www.fiscalia.gov.co\/colombia\/wp-content\/uploads\/11.-Pgm-Fiscalia-Para-Todos-Mayo-08-de-2018_01.mp3?_=28\" \/><a href=\"https:\/\/www.fiscalia.gov.co\/colombia\/wp-content\/uploads\/11.-Pgm-Fiscalia-Para-Todos-Mayo-08-de-2018_01.mp3\">https:\/\/www.fiscalia.gov.co\/colombia\/wp-content\/uploads\/11.-Pgm-Fiscalia-Para-Todos-Mayo-08-de-2018_01.mp3<\/a><\/audio>\r\n\r\n<a href=\"https:\/\/www.fiscalia.gov.co\/colombia\/wp-content\/uploads\/11.-Pgm-Fiscalia-Para-Todos-Mayo-08-de-2018_01.mp3\">Descargar<\/a><a href=\"https:\/\/www.fiscalia.gov.co\/colombia\/wp-content\/uploads\/1.-Pgm-Fiscalia-Para-Todos-20-Febrero-2018_01.mp3\">\r\n<\/a><a href=\"https:\/\/www.youtube.com\/watch?v=w3oBrMteG_g\">Ver el programa aqu\u00ed<\/a>\r\n\r\n<strong>Tema:\u00a0<\/strong>denuncie por internet desde cualquier dispositivo m\u00f3vil \u00a1ADenunciar!\r\n<strong>Invitado:\u00a0<\/strong>Luis Enrique Aguirre, Director de Planeaci\u00f3n y Desarrollo\r\n<strong>Fecha:<\/strong>\u00a08 de mayo de 2018\r\n\r\n<strong>Programa 10<\/strong>\r\n\r\n<audio class=\"wp-audio-shortcode\" id=\"audio-45897-29\" preload=\"none\" style=\"width: 100%;\" controls=\"controls\"><source type=\"audio\/mpeg\" src=\"https:\/\/www.fiscalia.gov.co\/colombia\/wp-content\/uploads\/10.-Pmg-Fiscalia-Para-Todos-24-Abril-2018_01.mp3?_=29\" \/><a href=\"https:\/\/www.fiscalia.gov.co\/colombia\/wp-content\/uploads\/10.-Pmg-Fiscalia-Para-Todos-24-Abril-2018_01.mp3\">https:\/\/www.fiscalia.gov.co\/colombia\/wp-content\/uploads\/10.-Pmg-Fiscalia-Para-Todos-24-Abril-2018_01.mp3<\/a><\/audio>\r\n\r\n<a href=\"https:\/\/www.fiscalia.gov.co\/colombia\/wp-content\/uploads\/10.-Pmg-Fiscalia-Para-Todos-24-Abril-2018_01.mp3\">Descargar<\/a><a href=\"https:\/\/www.fiscalia.gov.co\/colombia\/wp-content\/uploads\/1.-Pgm-Fiscalia-Para-Todos-20-Febrero-2018_01.mp3\">\r\n<\/a><a href=\"https:\/\/www.youtube.com\/watch?v=r6cAn72VxIU\">Ver el programa aqu\u00ed<\/a>\r\n\r\n<strong>Tema:\u00a0<\/strong>La violencia intrafamiliar en poblaci\u00f3n vulnerable\r\n<strong>Invitado:\u00a0<\/strong>Luis Andrey Pinilla, Jefe de la Unidad de Violencia Intrafamiliar, Direcci\u00f3n Seccional Bogot\u00e1.\r\n<strong>Fecha:<\/strong>\u00a024 de abril de 2018\r\n\r\n<strong>Programa 9<\/strong>\r\n\r\n<audio class=\"wp-audio-shortcode\" id=\"audio-45897-30\" preload=\"none\" style=\"width: 100%;\" controls=\"controls\"><source type=\"audio\/mpeg\" src=\"https:\/\/www.fiscalia.gov.co\/colombia\/wp-content\/uploads\/9.-Pmg-Fiscalia-Para-Todos-17-Abril-2018.mp3?_=30\" \/><a href=\"https:\/\/www.fiscalia.gov.co\/colombia\/wp-content\/uploads\/9.-Pmg-Fiscalia-Para-Todos-17-Abril-2018.mp3\">https:\/\/www.fiscalia.gov.co\/colombia\/wp-content\/uploads\/9.-Pmg-Fiscalia-Para-Todos-17-Abril-2018.mp3<\/a><\/audio>\r\n\r\n<a href=\"https:\/\/www.fiscalia.gov.co\/colombia\/wp-content\/uploads\/9.-Pmg-Fiscalia-Para-Todos-17-Abril-2018.mp3\">Descargar<\/a><a href=\"https:\/\/www.fiscalia.gov.co\/colombia\/wp-content\/uploads\/1.-Pgm-Fiscalia-Para-Todos-20-Febrero-2018_01.mp3\">\r\n<\/a><a href=\"https:\/\/www.youtube.com\/watch?v=eMYY2r7ABBA\">Ver el programa aqu\u00ed<\/a>\r\n\r\n<strong>Tema:\u00a0<\/strong>B\u00fasqueda, identificaci\u00f3n y entrega de v\u00edctimas del conflicto armado\r\n<strong>Invitado:\u00a0<\/strong>Dra. Mary Patricia Conejo, Directora de Justicia Transicional y Dra. Elsa Mar\u00eda Moyano, Coordinadora Grupo de B\u00fasqueda, Identificaci\u00f3n y entrega de Desaparecidos.\r\n<strong>Fecha:<\/strong>\u00a017 de abril de 2018\r\n\r\n<strong>Programa 8<\/strong>\r\n\r\n<audio class=\"wp-audio-shortcode\" id=\"audio-45897-31\" preload=\"none\" style=\"width: 100%;\" controls=\"controls\"><source type=\"audio\/mpeg\" src=\"https:\/\/www.fiscalia.gov.co\/colombia\/wp-content\/uploads\/8.-Pgm-Fiscalia-Para-Todos-10-Abril-2018_01.mp3?_=31\" \/><a href=\"https:\/\/www.fiscalia.gov.co\/colombia\/wp-content\/uploads\/8.-Pgm-Fiscalia-Para-Todos-10-Abril-2018_01.mp3\">https:\/\/www.fiscalia.gov.co\/colombia\/wp-content\/uploads\/8.-Pgm-Fiscalia-Para-Todos-10-Abril-2018_01.mp3<\/a><\/audio>\r\n\r\n<a href=\"https:\/\/www.fiscalia.gov.co\/colombia\/wp-content\/uploads\/8.-Pgm-Fiscalia-Para-Todos-10-Abril-2018_01.mp3\">Descargar<\/a><a href=\"https:\/\/www.fiscalia.gov.co\/colombia\/wp-content\/uploads\/1.-Pgm-Fiscalia-Para-Todos-20-Febrero-2018_01.mp3\">\r\n<\/a><a href=\"https:\/\/www.youtube.com\/watch?v=l-43zu5EV4o&amp;feature=youtu.be\">Ver el programa aqu\u00ed<\/a>\r\n\r\n<strong>Tema:\u00a0<\/strong>B\u00fasqueda, identificaci\u00f3n y entrega de v\u00edctimas del conflicto armado\r\n<strong>Invitado:\u00a0<\/strong>Dra. Mary Patricia Conejo, Directora de Justicia Transicional y Dra. Elsa Mar\u00eda Moyano, Coordinadora Grupo de B\u00fasqueda, Identificaci\u00f3n y entrega de Desaparecidos.\r\n<strong>Fecha:<\/strong>\u00a010 de abril de 2018\r\n\r\n<strong>Programa 7<\/strong>\r\n\r\n<audio class=\"wp-audio-shortcode\" id=\"audio-45897-32\" preload=\"none\" style=\"width: 100%;\" controls=\"controls\"><source type=\"audio\/mpeg\" src=\"https:\/\/www.fiscalia.gov.co\/colombia\/wp-content\/uploads\/7.-Pmg-Fiscalia-Para-Todos-3-Abril-2018_01.mp3?_=32\" \/><a href=\"https:\/\/www.fiscalia.gov.co\/colombia\/wp-content\/uploads\/7.-Pmg-Fiscalia-Para-Todos-3-Abril-2018_01.mp3\">https:\/\/www.fiscalia.gov.co\/colombia\/wp-content\/uploads\/7.-Pmg-Fiscalia-Para-Todos-3-Abril-2018_01.mp3<\/a><\/audio>\r\n\r\n<a href=\"https:\/\/www.fiscalia.gov.co\/colombia\/wp-content\/uploads\/7.-Pmg-Fiscalia-Para-Todos-3-Abril-2018_01.mp3\">Descargar<\/a><a href=\"https:\/\/www.fiscalia.gov.co\/colombia\/wp-content\/uploads\/1.-Pgm-Fiscalia-Para-Todos-20-Febrero-2018_01.mp3\">\r\n<\/a><a href=\"https:\/\/www.youtube.com\/watch?v=QcdCwy6gf3w\">Ver el programa aqu\u00ed<\/a>\r\n\r\n<strong>Tema:\u00a0<\/strong>Fiscal\u00eda refuerza su lucha contra la trata de personas\r\n<strong>Invitado: <\/strong>Jorge Jim\u00e9nez, fiscal del grupo nacional para el fortalecimiento de la investigaci\u00f3n de la violencia sexual.\r\n<strong>Fecha:<\/strong>\u00a03 de abril de 2018\r\n\r\n<strong>Programa 6<\/strong>\r\n\r\n<audio class=\"wp-audio-shortcode\" id=\"audio-45897-33\" preload=\"none\" style=\"width: 100%;\" controls=\"controls\"><source type=\"audio\/mpeg\" src=\"https:\/\/www.fiscalia.gov.co\/colombia\/wp-content\/uploads\/6.-Pgm-Fiscalia-Para-Todos-27-de-marzo-2018_01.mp3?_=33\" \/><a href=\"https:\/\/www.fiscalia.gov.co\/colombia\/wp-content\/uploads\/6.-Pgm-Fiscalia-Para-Todos-27-de-marzo-2018_01.mp3\">https:\/\/www.fiscalia.gov.co\/colombia\/wp-content\/uploads\/6.-Pgm-Fiscalia-Para-Todos-27-de-marzo-2018_01.mp3<\/a><\/audio>\r\n\r\n<a href=\"https:\/\/www.fiscalia.gov.co\/colombia\/wp-content\/uploads\/6.-Pgm-Fiscalia-Para-Todos-27-de-marzo-2018_01.mp3\">Descargar<\/a><a href=\"https:\/\/www.fiscalia.gov.co\/colombia\/wp-content\/uploads\/1.-Pgm-Fiscalia-Para-Todos-20-Febrero-2018_01.mp3\">\r\n<\/a>\r\n<strong>Tema:\u00a0<\/strong>Futuro Colombia, el programa de prevenci\u00f3n social\r\n<strong>Invitado: <\/strong>Jorge Alexander Vel\u00e1squez Coordinador Nacional Futuro Colombia\r\n<strong>Fecha:<\/strong>\u00a027 de marzo de 2018\r\n\r\n<strong>Programa 5<\/strong>\r\n\r\n<audio class=\"wp-audio-shortcode\" id=\"audio-45897-34\" preload=\"none\" style=\"width: 100%;\" controls=\"controls\"><source type=\"audio\/mpeg\" src=\"https:\/\/www.fiscalia.gov.co\/colombia\/wp-content\/uploads\/5.-Pgm-Fiscalia-Para-Todos-20-Marzo-2018_01.mp3?_=34\" \/><a href=\"https:\/\/www.fiscalia.gov.co\/colombia\/wp-content\/uploads\/5.-Pgm-Fiscalia-Para-Todos-20-Marzo-2018_01.mp3\">https:\/\/www.fiscalia.gov.co\/colombia\/wp-content\/uploads\/5.-Pgm-Fiscalia-Para-Todos-20-Marzo-2018_01.mp3<\/a><\/audio>\r\n\r\n<a href=\"https:\/\/www.fiscalia.gov.co\/colombia\/wp-content\/uploads\/5.-Pgm-Fiscalia-Para-Todos-20-Marzo-2018_01.mp3\">Descargar<\/a><a href=\"https:\/\/www.fiscalia.gov.co\/colombia\/wp-content\/uploads\/1.-Pgm-Fiscalia-Para-Todos-20-Febrero-2018_01.mp3\">\r\n<\/a><a href=\"https:\/\/youtu.be\/cwD1K3miSWY\">Ver el programa aqu\u00ed<\/a>\r\n\r\n<strong>Tema: <\/strong>Recibimos sus denuncias dentro y fuera del pa\u00eds: Centro de Contacto de la Fiscal\u00eda General de la Naci\u00f3n.<strong>\r\n<\/strong><strong>Invitada:\u00a0<\/strong>Andrea Gonz\u00e1lez, Coordinadora del Centro de Contacto, Direcci\u00f3n de Atenci\u00f3n al Usuario, Intervenci\u00f3n Temprana y Asignaci\u00f3n.\r\n<strong>Fecha:<\/strong>\u00a020 de marzo de 2018\r\n\r\n<strong>Programa 4<\/strong>\r\n\r\n<audio class=\"wp-audio-shortcode\" id=\"audio-45897-35\" preload=\"none\" style=\"width: 100%;\" controls=\"controls\"><source type=\"audio\/mpeg\" src=\"https:\/\/www.fiscalia.gov.co\/colombia\/wp-content\/uploads\/4.-Pgm-Fiscalia-Para-Todos-13-Marzo-2018_01.mp3?_=35\" \/><a href=\"https:\/\/www.fiscalia.gov.co\/colombia\/wp-content\/uploads\/4.-Pgm-Fiscalia-Para-Todos-13-Marzo-2018_01.mp3\">https:\/\/www.fiscalia.gov.co\/colombia\/wp-content\/uploads\/4.-Pgm-Fiscalia-Para-Todos-13-Marzo-2018_01.mp3<\/a><\/audio>\r\n\r\n<a href=\"https:\/\/www.fiscalia.gov.co\/colombia\/wp-content\/uploads\/4.-Pgm-Fiscalia-Para-Todos-13-Marzo-2018_01.mp3\">Descargar<\/a><a href=\"https:\/\/www.fiscalia.gov.co\/colombia\/wp-content\/uploads\/1.-Pgm-Fiscalia-Para-Todos-20-Febrero-2018_01.mp3\">\r\n<\/a><a href=\"https:\/\/www.youtube.com\/watch?v=10FE-Skmf0E\">Ver el programa aqu\u00ed<\/a>\r\n\r\n<strong>Tema: <\/strong>Los avances de la Fiscal\u00eda en la lucha contra la venta de drogas en los entornos estudiantiles<strong>\r\n<\/strong><strong>Invitado:\u00a0<\/strong>Gonzalo Buritic\u00e1 Ortiz, Jefe de Articulaci\u00f3n de Polic\u00eda Judicial\r\n<strong>Fecha:<\/strong>\u00a013 de marzo de 2018\r\n\r\n<strong>Programa 3<\/strong>\r\n\r\n<audio class=\"wp-audio-shortcode\" id=\"audio-45897-36\" preload=\"none\" style=\"width: 100%;\" controls=\"controls\"><source type=\"audio\/mpeg\" src=\"https:\/\/www.fiscalia.gov.co\/colombia\/wp-content\/uploads\/3.-Pgm-Fiscalia-Para-Todos-6-Marzo-2018_01.mp3?_=36\" \/><a href=\"https:\/\/www.fiscalia.gov.co\/colombia\/wp-content\/uploads\/3.-Pgm-Fiscalia-Para-Todos-6-Marzo-2018_01.mp3\">https:\/\/www.fiscalia.gov.co\/colombia\/wp-content\/uploads\/3.-Pgm-Fiscalia-Para-Todos-6-Marzo-2018_01.mp3<\/a><\/audio>\r\n\r\n<a href=\"https:\/\/www.fiscalia.gov.co\/colombia\/wp-content\/uploads\/3.-Pgm-Fiscalia-Para-Todos-6-Marzo-2018_01.mp3\">Descargar<\/a><a href=\"https:\/\/www.fiscalia.gov.co\/colombia\/wp-content\/uploads\/1.-Pgm-Fiscalia-Para-Todos-20-Febrero-2018_01.mp3\">\r\n<\/a><a href=\"https:\/\/www.youtube.com\/watch?v=8X_Arl1_DJM\">Ver el programa aqu\u00ed<\/a>\r\n\r\n<strong>Tema: <\/strong>Fiscal\u00eda lo orienta: conozca los delitos electorales antes y durante las votaciones <strong>\r\n<\/strong><strong>Invitados: <\/strong>Juan Gabriel Navarrete y Majer Nayi Abushihab, Asesores Despacho Fiscal General de la Naci\u00f3n\r\n<strong>Fecha:<\/strong>\u00a06 de marzo de 2018\r\n\r\n<strong>Programa 2<\/strong>\r\n\r\n<audio class=\"wp-audio-shortcode\" id=\"audio-45897-37\" preload=\"none\" style=\"width: 100%;\" controls=\"controls\"><source type=\"audio\/mpeg\" src=\"https:\/\/www.fiscalia.gov.co\/colombia\/wp-content\/uploads\/2.-Pgm-Fiscalia-Para-Todos-27-Febrero-2018_01.mp3?_=37\" \/><a href=\"https:\/\/www.fiscalia.gov.co\/colombia\/wp-content\/uploads\/2.-Pgm-Fiscalia-Para-Todos-27-Febrero-2018_01.mp3\">https:\/\/www.fiscalia.gov.co\/colombia\/wp-content\/uploads\/2.-Pgm-Fiscalia-Para-Todos-27-Febrero-2018_01.mp3<\/a><\/audio>\r\n\r\n<a href=\"https:\/\/www.fiscalia.gov.co\/colombia\/wp-content\/uploads\/2.-Pgm-Fiscalia-Para-Todos-27-Febrero-2018_01.mp3\">Descargar<\/a><a href=\"https:\/\/www.fiscalia.gov.co\/colombia\/wp-content\/uploads\/1.-Pgm-Fiscalia-Para-Todos-20-Febrero-2018_01.mp3\">\r\n<\/a><a href=\"https:\/\/youtu.be\/DEsxsk7oMvQ\">Ver el programa aqu\u00ed<\/a>\r\n\r\n<strong>Tema: <\/strong>\u00bfQu\u00e9 se debe tener en cuenta para ser un buen usuario de internet y no ser v\u00edctima de los ciberdelincuentes?<strong>\r\n<\/strong><strong>Invitados:\u00a0<\/strong>Armando Colmenares, Fiscal del CTI &#8211; Experto en Delitos Inform\u00e1ticos\r\n<strong>Fecha:<\/strong>\u00a027 de febrero de 2018\r\n\r\n<strong>Programa 1<\/strong>\r\n\r\n<audio class=\"wp-audio-shortcode\" id=\"audio-45897-38\" preload=\"none\" style=\"width: 100%;\" controls=\"controls\"><source type=\"audio\/mpeg\" src=\"https:\/\/www.fiscalia.gov.co\/colombia\/wp-content\/uploads\/1.-Pgm-Fiscalia-Para-Todos-20-Febrero-2018_01.mp3?_=38\" \/><a href=\"https:\/\/www.fiscalia.gov.co\/colombia\/wp-content\/uploads\/1.-Pgm-Fiscalia-Para-Todos-20-Febrero-2018_01.mp3\">https:\/\/www.fiscalia.gov.co\/colombia\/wp-content\/uploads\/1.-Pgm-Fiscalia-Para-Todos-20-Febrero-2018_01.mp3<\/a><\/audio>\r\n\r\n<a href=\"https:\/\/www.fiscalia.gov.co\/colombia\/wp-content\/uploads\/1.-Pgm-Fiscalia-Para-Todos-20-Febrero-2018_01.mp3\">Descargar\r\n<\/a><a href=\"https:\/\/www.youtube.com\/watch?v=ES5KIYRHVAQ&amp;list=PLuSqaRc2CjDfsVvKBfvgdAy1ONHqajHRJ\">Ver el programa aqu\u00ed<\/a>\r\n\r\n<strong>Tema: <\/strong>\u00bfC\u00f3mo se prepara la Fiscal\u00eda para garantizar un voto libre y responsable?<strong>\r\n<\/strong><strong>Invitados: <\/strong>Juan Gabriel Navarrete y Majer Nayi Abushihab, Asesores Despacho Fiscal General de la Naci\u00f3n\r\n<strong>Fecha:<\/strong>\u00a020 de febrero de 2018[\/vc_toggle][vc_column_text]\r\n<ul>\r\n \t<li><a href=\"https:\/\/www.fiscalia.gov.co\/colombia\/publicaciones\/fiscalia-para-todos-radio\/fiscalia-para-todos-radio-2017\/\">Ver audios 2017<\/a><\/li>\r\n \t<li><a href=\"https:\/\/www.fiscalia.gov.co\/colombia\/publicaciones\/fiscalia-para-todos-radio\/fiscalia-para-todos-radio-2016\/\">Ver Audios 2016<\/a><\/li>\r\n \t<li><a href=\"https:\/\/www.fiscalia.gov.co\/colombia\/publicaciones\/fiscalia-para-todos-radio\/fiscalia-para-todos-radio-2014\/\">Ver Audios 2014<\/a><\/li>\r\n<\/ul>\r\n[\/vc_column_text]<\/div><\/div><div class=\"vc_column tdi_6  wpb_column vc_column_container tdc-column td-pb-span4\">\n<style scoped>\n\/* custom css - generated by TagDiv Composer *\/\n\n\/* custom css - generated by TagDiv Composer *\/\n.tdi_6{\r\n                    vertical-align: baseline;\r\n                }.tdi_6 > .wpb_wrapper,\r\n\t\t\t\t.tdi_6 > .wpb_wrapper > .tdc-elements{\r\n\t\t\t\t    display: block;\r\n\t\t\t\t}.tdi_6 > .wpb_wrapper > .tdc-elements{\r\n\t\t\t\t    width: 100%;\r\n\t\t\t\t}.tdi_6 > .wpb_wrapper > .vc_row_inner{\r\n\t\t\t\t    width: auto;\r\n\t\t\t\t}.tdi_6 > .wpb_wrapper{\r\n\t\t\t\t    width: auto;\r\n\t\t\t\t    height: auto;\r\n\t\t\t\t}\n<\/style><div class=\"wpb_wrapper\" ><div class=\"wpb_wrapper td_block_wrap vc_widget_sidebar tdi_8 \" ><aside class=\"td_block_template_6 widget widget_nav_menu\"><h4 class=\"td-block-title\"><span>Comisi\u00f3n de Carrera<\/span><\/h4><div class=\"menu-comision-de-carrera-container\"><ul id=\"menu-comision-de-carrera\" class=\"menu\"><li id=\"menu-item-105190\" class=\"menu-item menu-item-type-post_type menu-item-object-page menu-item-first menu-item-105190\"><a href=\"https:\/\/www.fiscalia.gov.co\/colombia\/la-entidad\/ofertas-de-empleo\/\">Comisi\u00f3n de Carrera Especial<\/a><\/li>\n<li id=\"menu-item-306651\" class=\"menu-item menu-item-type-post_type menu-item-object-page menu-item-306651\"><a href=\"https:\/\/www.fiscalia.gov.co\/colombia\/la-entidad\/ofertas-de-empleo\/concurso-de-meritos-ascenso-e-ingreso-4-000-vacantes-fgn-2024\/\">Concurso de M\u00e9ritos ascenso e ingreso 4.000 vacantes FGN 2024<\/a><\/li>\n<li id=\"menu-item-267552\" class=\"menu-item menu-item-type-custom menu-item-object-custom menu-item-267552\"><a href=\"https:\/\/www.fiscalia.gov.co\/colombia\/la-entidad\/ofertas-de-empleo\/concurso-de-meritos-ascenso-e-ingreso-1-056-vacantes-fgn-2022\/\">Concurso de M\u00e9ritos ascenso e ingreso 1.056 vacantes FGN 2022<\/a><\/li>\n<li id=\"menu-item-225634\" class=\"menu-item menu-item-type-post_type menu-item-object-page menu-item-225634\"><a href=\"https:\/\/www.fiscalia.gov.co\/colombia\/la-entidad\/ofertas-de-empleo\/concurso-de-meritos-ascenso-e-ingreso-500-vacantes-fgn-2021\/\">Concurso de m\u00e9ritos ascenso e ingreso 500 vacantes FGN 2021<\/a><\/li>\n<li id=\"menu-item-105189\" class=\"menu-item menu-item-type-post_type menu-item-object-page menu-item-105189\"><a href=\"https:\/\/www.fiscalia.gov.co\/colombia\/la-entidad\/ofertas-de-empleo\/concursos-area-de-fiscalias\/\">Concursos \u2013 Grupo Fiscal\u00eda<\/a><\/li>\n<li id=\"menu-item-105188\" class=\"menu-item menu-item-type-post_type menu-item-object-page menu-item-105188\"><a href=\"https:\/\/www.fiscalia.gov.co\/colombia\/la-entidad\/ofertas-de-empleo\/concurso-area-de-policia-judicial\/\">Concursos \u2013 Grupo Polic\u00eda Judicial<\/a><\/li>\n<li id=\"menu-item-105187\" class=\"menu-item menu-item-type-post_type menu-item-object-page menu-item-105187\"><a href=\"https:\/\/www.fiscalia.gov.co\/colombia\/la-entidad\/ofertas-de-empleo\/concursos-area-administrativa-y-financiera\/\">Concursos \u2013 Grupo de Gesti\u00f3n y Apoyo Administrativo<\/a><\/li>\n<\/ul><\/div><\/aside><\/div><\/div><\/div><\/div><\/div><\/section>\n<div class=\"twitter-share\"><a href=\"https:\/\/twitter.com\/intent\/tweet?via=fiscaliacol\" class=\"twitter-share-button\">Tweet<\/a><\/div>\n","protected":false},"excerpt":{"rendered":"[vc_column_text]Consulte los programas de Fiscal\u00eda para Todos Radio, emitidos hasta diciembre de 2018.[\/vc_column_text][vc_toggle title=\"Fiscal\u00eda para Todos Radio 2018\"]Programa 38 https:\/\/www.fiscalia.gov.co\/colombia\/wp-content\/uploads\/Pgm-Fiscalia-Radio-4-Diciembre-2018_01_01.mp3 Descargar Tema: Resumen de lo mejor de Fiscal\u00eda para Todos en 2018 Fecha: 4 de diciembre de 2018 Programa 37 https:\/\/www.fiscalia.gov.co\/colombia\/wp-content\/uploads\/Pgm-Fiscalia-Radio-27-Noviembre-2018_04.mp3 Descargar Tema: C\u00f3mo prevenir el abuso de ni\u00f1os, ni\u00f1as y adolescentes Fecha: 27 de [...]","protected":false},"author":143,"featured_media":0,"parent":8606,"menu_order":0,"comment_status":"closed","ping_status":"open","template":"page-pagebuilder-title.php","meta":{"tdm_status":"","tdm_grid_status":"","footnotes":""},"class_list":["post-45897","page","type-page","status-publish"],"yoast_head":"<!-- This site is optimized with the Yoast SEO plugin v24.3 - https:\/\/yoast.com\/wordpress\/plugins\/seo\/ -->\n<title>Fiscal\u00eda General de la Naci\u00f3n<\/title>\n<meta name=\"description\" content=\"P\u00e1gina oficial de la Fiscal\u00eda General de la Naci\u00f3n \u2013 Colombia. Garantizamos el acceso efectivo a la justicia, la verdad y la reparaci\u00f3n de las v\u00edctimas de los delitos.\" \/>\n<meta name=\"robots\" content=\"index, follow, max-snippet:-1, max-image-preview:large, max-video-preview:-1\" \/>\n<link rel=\"canonical\" href=\"https:\/\/www.fiscalia.gov.co\/colombia\/publicaciones\/fiscalia-para-todos-radio\/\" \/>\n<meta property=\"og:locale\" content=\"es_ES\" \/>\n<meta property=\"og:type\" content=\"article\" \/>\n<meta property=\"og:title\" content=\"Fiscal\u00eda General de la Naci\u00f3n\" \/>\n<meta property=\"og:description\" content=\"P\u00e1gina oficial de la Fiscal\u00eda General de la Naci\u00f3n \u2013 Colombia. Garantizamos el acceso efectivo a la justicia, la verdad y la reparaci\u00f3n de las v\u00edctimas de los delitos.\" \/>\n<meta property=\"og:url\" content=\"https:\/\/www.fiscalia.gov.co\/colombia\/publicaciones\/fiscalia-para-todos-radio\/\" \/>\n<meta property=\"og:site_name\" content=\"Fiscal\u00eda General de la Naci\u00f3n\" \/>\n<meta property=\"article:publisher\" content=\"https:\/\/www.facebook.com\/FiscaliaCol\" \/>\n<meta property=\"article:modified_time\" content=\"2020-02-14T19:03:44+00:00\" \/>\n<meta name=\"twitter:card\" content=\"summary_large_image\" \/>\n<meta name=\"twitter:site\" content=\"@FiscaliaCol\" \/>\n<meta name=\"twitter:label1\" content=\"Tiempo de lectura\" \/>\n\t<meta name=\"twitter:data1\" content=\"9 minutos\" \/>\n<script type=\"application\/ld+json\" class=\"yoast-schema-graph\">{\"@context\":\"https:\/\/schema.org\",\"@graph\":[{\"@type\":\"WebPage\",\"@id\":\"https:\/\/www.fiscalia.gov.co\/colombia\/publicaciones\/fiscalia-para-todos-radio\/\",\"url\":\"https:\/\/www.fiscalia.gov.co\/colombia\/publicaciones\/fiscalia-para-todos-radio\/\",\"name\":\"Fiscal\u00eda General de la Naci\u00f3n\",\"isPartOf\":{\"@id\":\"https:\/\/www.fiscalia.gov.co\/colombia\/#website\"},\"datePublished\":\"2014-03-04T21:10:14+00:00\",\"dateModified\":\"2020-02-14T19:03:44+00:00\",\"description\":\"P\u00e1gina oficial de la Fiscal\u00eda General de la Naci\u00f3n \u2013 Colombia. Garantizamos el acceso efectivo a la justicia, la verdad y la reparaci\u00f3n de las v\u00edctimas de los delitos.\",\"breadcrumb\":{\"@id\":\"https:\/\/www.fiscalia.gov.co\/colombia\/publicaciones\/fiscalia-para-todos-radio\/#breadcrumb\"},\"inLanguage\":\"es-CO\",\"potentialAction\":[{\"@type\":\"ReadAction\",\"target\":[\"https:\/\/www.fiscalia.gov.co\/colombia\/publicaciones\/fiscalia-para-todos-radio\/\"]}]},{\"@type\":\"BreadcrumbList\",\"@id\":\"https:\/\/www.fiscalia.gov.co\/colombia\/publicaciones\/fiscalia-para-todos-radio\/#breadcrumb\",\"itemListElement\":[{\"@type\":\"ListItem\",\"position\":1,\"name\":\"Home\",\"item\":\"https:\/\/www.fiscalia.gov.co\/colombia\/\"},{\"@type\":\"ListItem\",\"position\":2,\"name\":\"Publicaciones\",\"item\":\"https:\/\/www.fiscalia.gov.co\/colombia\/publicaciones\/\"},{\"@type\":\"ListItem\",\"position\":3,\"name\":\"Fiscal\u00eda para Todos Radio\"}]},{\"@type\":\"WebSite\",\"@id\":\"https:\/\/www.fiscalia.gov.co\/colombia\/#website\",\"url\":\"https:\/\/www.fiscalia.gov.co\/colombia\/\",\"name\":\"Fiscal\u00eda General de la Naci\u00f3n\",\"description\":\"P\u00e1gina oficial de la Fiscal\u00eda General de la Naci\u00f3n \u2013 Colombia. Garantizamos el acceso efectivo a la justicia, la verdad y la reparaci\u00f3n de las v\u00edctimas de los delitos.\",\"publisher\":{\"@id\":\"https:\/\/www.fiscalia.gov.co\/colombia\/#organization\"},\"potentialAction\":[{\"@type\":\"SearchAction\",\"target\":{\"@type\":\"EntryPoint\",\"urlTemplate\":\"https:\/\/www.fiscalia.gov.co\/colombia\/?s={search_term_string}\"},\"query-input\":{\"@type\":\"PropertyValueSpecification\",\"valueRequired\":true,\"valueName\":\"search_term_string\"}}],\"inLanguage\":\"es-CO\"},{\"@type\":\"Organization\",\"@id\":\"https:\/\/www.fiscalia.gov.co\/colombia\/#organization\",\"name\":\"Fiscal\u00eda General de la Naci\u00f3n\",\"url\":\"https:\/\/www.fiscalia.gov.co\/colombia\/\",\"logo\":{\"@type\":\"ImageObject\",\"inLanguage\":\"es-CO\",\"@id\":\"https:\/\/www.fiscalia.gov.co\/colombia\/#\/schema\/logo\/image\/\",\"url\":\"https:\/\/www.fiscalia.gov.co\/colombia\/wp-content\/uploads\/LogoHorizontal_1.jpg\",\"contentUrl\":\"https:\/\/www.fiscalia.gov.co\/colombia\/wp-content\/uploads\/LogoHorizontal_1.jpg\",\"width\":300,\"height\":90,\"caption\":\"Fiscal\u00eda General de la Naci\u00f3n\"},\"image\":{\"@id\":\"https:\/\/www.fiscalia.gov.co\/colombia\/#\/schema\/logo\/image\/\"},\"sameAs\":[\"https:\/\/www.facebook.com\/FiscaliaCol\",\"https:\/\/x.com\/FiscaliaCol\",\"https:\/\/www.instagram.com\/fiscaliacol\",\"https:\/\/www.linkedin.com\/company\/fiscalia-general-de-la-naci-n\/\",\"https:\/\/youtube.com\/@fiscaliageneraldelanacion-4668?si=6nN79nyQICPU5iTh\"]}]}<\/script>\n<!-- \/ Yoast SEO plugin. -->","yoast_head_json":{"title":"Fiscal\u00eda General de la Naci\u00f3n","description":"P\u00e1gina oficial de la Fiscal\u00eda General de la Naci\u00f3n \u2013 Colombia. Garantizamos el acceso efectivo a la justicia, la verdad y la reparaci\u00f3n de las v\u00edctimas de los delitos.","robots":{"index":"index","follow":"follow","max-snippet":"max-snippet:-1","max-image-preview":"max-image-preview:large","max-video-preview":"max-video-preview:-1"},"canonical":"https:\/\/www.fiscalia.gov.co\/colombia\/publicaciones\/fiscalia-para-todos-radio\/","og_locale":"es_ES","og_type":"article","og_title":"Fiscal\u00eda General de la Naci\u00f3n","og_description":"P\u00e1gina oficial de la Fiscal\u00eda General de la Naci\u00f3n \u2013 Colombia. Garantizamos el acceso efectivo a la justicia, la verdad y la reparaci\u00f3n de las v\u00edctimas de los delitos.","og_url":"https:\/\/www.fiscalia.gov.co\/colombia\/publicaciones\/fiscalia-para-todos-radio\/","og_site_name":"Fiscal\u00eda General de la Naci\u00f3n","article_publisher":"https:\/\/www.facebook.com\/FiscaliaCol","article_modified_time":"2020-02-14T19:03:44+00:00","twitter_card":"summary_large_image","twitter_site":"@FiscaliaCol","twitter_misc":{"Tiempo de lectura":"9 minutos"},"schema":{"@context":"https:\/\/schema.org","@graph":[{"@type":"WebPage","@id":"https:\/\/www.fiscalia.gov.co\/colombia\/publicaciones\/fiscalia-para-todos-radio\/","url":"https:\/\/www.fiscalia.gov.co\/colombia\/publicaciones\/fiscalia-para-todos-radio\/","name":"Fiscal\u00eda General de la Naci\u00f3n","isPartOf":{"@id":"https:\/\/www.fiscalia.gov.co\/colombia\/#website"},"datePublished":"2014-03-04T21:10:14+00:00","dateModified":"2020-02-14T19:03:44+00:00","description":"P\u00e1gina oficial de la Fiscal\u00eda General de la Naci\u00f3n \u2013 Colombia. Garantizamos el acceso efectivo a la justicia, la verdad y la reparaci\u00f3n de las v\u00edctimas de los delitos.","breadcrumb":{"@id":"https:\/\/www.fiscalia.gov.co\/colombia\/publicaciones\/fiscalia-para-todos-radio\/#breadcrumb"},"inLanguage":"es-CO","potentialAction":[{"@type":"ReadAction","target":["https:\/\/www.fiscalia.gov.co\/colombia\/publicaciones\/fiscalia-para-todos-radio\/"]}]},{"@type":"BreadcrumbList","@id":"https:\/\/www.fiscalia.gov.co\/colombia\/publicaciones\/fiscalia-para-todos-radio\/#breadcrumb","itemListElement":[{"@type":"ListItem","position":1,"name":"Home","item":"https:\/\/www.fiscalia.gov.co\/colombia\/"},{"@type":"ListItem","position":2,"name":"Publicaciones","item":"https:\/\/www.fiscalia.gov.co\/colombia\/publicaciones\/"},{"@type":"ListItem","position":3,"name":"Fiscal\u00eda para Todos Radio"}]},{"@type":"WebSite","@id":"https:\/\/www.fiscalia.gov.co\/colombia\/#website","url":"https:\/\/www.fiscalia.gov.co\/colombia\/","name":"Fiscal\u00eda General de la Naci\u00f3n","description":"P\u00e1gina oficial de la Fiscal\u00eda General de la Naci\u00f3n \u2013 Colombia. Garantizamos el acceso efectivo a la justicia, la verdad y la reparaci\u00f3n de las v\u00edctimas de los delitos.","publisher":{"@id":"https:\/\/www.fiscalia.gov.co\/colombia\/#organization"},"potentialAction":[{"@type":"SearchAction","target":{"@type":"EntryPoint","urlTemplate":"https:\/\/www.fiscalia.gov.co\/colombia\/?s={search_term_string}"},"query-input":{"@type":"PropertyValueSpecification","valueRequired":true,"valueName":"search_term_string"}}],"inLanguage":"es-CO"},{"@type":"Organization","@id":"https:\/\/www.fiscalia.gov.co\/colombia\/#organization","name":"Fiscal\u00eda General de la Naci\u00f3n","url":"https:\/\/www.fiscalia.gov.co\/colombia\/","logo":{"@type":"ImageObject","inLanguage":"es-CO","@id":"https:\/\/www.fiscalia.gov.co\/colombia\/#\/schema\/logo\/image\/","url":"https:\/\/www.fiscalia.gov.co\/colombia\/wp-content\/uploads\/LogoHorizontal_1.jpg","contentUrl":"https:\/\/www.fiscalia.gov.co\/colombia\/wp-content\/uploads\/LogoHorizontal_1.jpg","width":300,"height":90,"caption":"Fiscal\u00eda General de la Naci\u00f3n"},"image":{"@id":"https:\/\/www.fiscalia.gov.co\/colombia\/#\/schema\/logo\/image\/"},"sameAs":["https:\/\/www.facebook.com\/FiscaliaCol","https:\/\/x.com\/FiscaliaCol","https:\/\/www.instagram.com\/fiscaliacol","https:\/\/www.linkedin.com\/company\/fiscalia-general-de-la-naci-n\/","https:\/\/youtube.com\/@fiscaliageneraldelanacion-4668?si=6nN79nyQICPU5iTh"]}]}},"_links":{"self":[{"href":"https:\/\/www.fiscalia.gov.co\/colombia\/wp-json\/wp\/v2\/pages\/45897","targetHints":{"allow":["GET"]}}],"collection":[{"href":"https:\/\/www.fiscalia.gov.co\/colombia\/wp-json\/wp\/v2\/pages"}],"about":[{"href":"https:\/\/www.fiscalia.gov.co\/colombia\/wp-json\/wp\/v2\/types\/page"}],"author":[{"embeddable":true,"href":"https:\/\/www.fiscalia.gov.co\/colombia\/wp-json\/wp\/v2\/users\/143"}],"replies":[{"embeddable":true,"href":"https:\/\/www.fiscalia.gov.co\/colombia\/wp-json\/wp\/v2\/comments?post=45897"}],"version-history":[{"count":290,"href":"https:\/\/www.fiscalia.gov.co\/colombia\/wp-json\/wp\/v2\/pages\/45897\/revisions"}],"predecessor-version":[{"id":189116,"href":"https:\/\/www.fiscalia.gov.co\/colombia\/wp-json\/wp\/v2\/pages\/45897\/revisions\/189116"}],"up":[{"embeddable":true,"href":"https:\/\/www.fiscalia.gov.co\/colombia\/wp-json\/wp\/v2\/pages\/8606"}],"wp:attachment":[{"href":"https:\/\/www.fiscalia.gov.co\/colombia\/wp-json\/wp\/v2\/media?parent=45897"}],"curies":[{"name":"wp","href":"https:\/\/api.w.org\/{rel}","templated":true}]}}