{"id":306638,"date":"2024-11-29T11:22:52","date_gmt":"2024-11-29T16:22:52","guid":{"rendered":"https:\/\/www.fiscalia.gov.co\/colombia\/?page_id=306638"},"modified":"2026-04-22T16:10:11","modified_gmt":"2026-04-22T21:10:11","slug":"concurso-de-meritos-ascenso-e-ingreso-4-000-vacantes-fgn-2024","status":"publish","type":"page","link":"https:\/\/www.fiscalia.gov.co\/colombia\/la-entidad\/ofertas-de-empleo\/concurso-de-meritos-ascenso-e-ingreso-4-000-vacantes-fgn-2024\/","title":{"rendered":"Concurso de M\u00e9ritos ascenso e ingreso 4.000 vacantes FGN 2024"},"content":{"rendered":"<p><a href=\"https:\/\/www.fiscalia.gov.co\/colombia\/wp-content\/uploads\/PRESENTACION-SOCIALIZACION-CONCURSO-DE-MERITOS-FGN-2024.pdf\" target=\"_blank\" rel=\"noopener\">Material de apoyo Jornadas de Socializaci\u00f3n CONCURSO DE M\u00c9RITOS FGN 2024 <\/a>&#8211; Fecha de publicaci\u00f3n: 2025-02-14<\/p>\n<p><b>[spiderpowa-pdf src=&#8221;https:\/\/www.fiscalia.gov.co\/colombia\/wp-content\/uploads\/PRESENTACION-SOCIALIZACION-CONCURSO-DE-MERITOS-FGN-2024.pdf&#8221;]<a href=\"https:\/\/www.fiscalia.gov.co\/colombia\/wp-content\/uploads\/PRESENTACION-SOCIALIZACION-CONCURSO-DE-MERITOS-FGN-2024.pdf\">PRESENTACI\u00d3N SOCIALIZACI\u00d3N CONCURSO DE M\u00c9RITOS FGN 2024<\/a><\/b><\/p>\n<p><b>Fecha de publicaci\u00f3n:<\/b> 2025-02-14<\/p>\n<p><a href=\"https:\/\/www.fiscalia.gov.co\/colombia\/wp-content\/uploads\/ACUERDO-001-DE-2025-CONCURSO-DE-MERITOS-FGN-2024.pdf\" target=\"_blank\" rel=\"noopener\">ACUERDO DE CONVOCATORIA No. 001 de 2025<\/a> (3 de marzo de 2025) \u201c<i>Por el cual se convoca y establecen las reglas del concurso de m\u00e9ritos para proveer algunas vacantes definitivas en las modalidades ascenso e ingreso, de la planta de personal de la Fiscal\u00eda General de la Naci\u00f3n pertenecientes al Sistema Especial de Carrera<\/i>\u201d. &#8211; Publicado 2025-03-06<\/p>\n<p><a href=\"https:\/\/www.fiscalia.gov.co\/colombia\/la-entidad\/ofertas-de-empleo\/concurso-de-meritos-ascenso-e-ingreso-4-000-vacantes-fgn-2024\/avisos-informativos-concurso-de-meritos-fgn-2024-4-000-vacantes\/\" target=\"_blank\" rel=\"noopener\"><strong>Avisos informativos<\/strong><\/a>.<\/p>\n<p><a href=\"https:\/\/www.fiscalia.gov.co\/colombia\/la-entidad\/ofertas-de-empleo\/concurso-de-meritos-ascenso-e-ingreso-4-000-vacantes-fgn-2024\/acciones-judiciales-concurso-de-meritos-fgn-2024\/\" target=\"_blank\" rel=\"noopener\"><strong>Acciones judiciales<\/strong><\/a>.<\/p>\n<p><strong><a href=\"https:\/\/www.fiscalia.gov.co\/colombia\/la-entidad\/ofertas-de-empleo\/lista-de-elegibles-concurso-de-meritos-2024\/\" target=\"_blank\" rel=\"noopener\">Listas de elegibles<\/a><\/strong><\/p>\n\n<div class=\"twitter-share\"><a href=\"https:\/\/twitter.com\/intent\/tweet?via=fiscaliacol\" class=\"twitter-share-button\">Tweet<\/a><\/div>\n","protected":false},"excerpt":{"rendered":"<p>Material de apoyo Jornadas de Socializaci\u00f3n CONCURSO DE M\u00c9RITOS FGN 2024 &#8211; Fecha de publicaci\u00f3n: 2025-02-14 [spiderpowa-pdf src=&#8221;https:\/\/www.fiscalia.gov.co\/colombia\/wp-content\/uploads\/PRESENTACION-SOCIALIZACION-CONCURSO-DE-MERITOS-FGN-2024.pdf&#8221;]PRESENTACI\u00d3N SOCIALIZACI\u00d3N CONCURSO DE M\u00c9RITOS FGN 2024 Fecha de publicaci\u00f3n: 2025-02-14 ACUERDO DE CONVOCATORIA No. 001 de 2025 (3 de marzo de 2025) \u201cPor el cual se convoca y establecen las reglas del concurso de m\u00e9ritos para proveer [&hellip;]<\/p>\n","protected":false},"author":175,"featured_media":0,"parent":9879,"menu_order":0,"comment_status":"closed","ping_status":"closed","template":"page-pagebuilder-title.php","meta":{"_price":"","_stock":"","_tribe_ticket_header":"","_tribe_default_ticket_provider":"","_tribe_ticket_capacity":"0","_ticket_start_date":"","_ticket_end_date":"","_tribe_ticket_show_description":"","_tribe_ticket_show_not_going":false,"_tribe_ticket_use_global_stock":"","_tribe_ticket_global_stock_level":"","_global_stock_mode":"","_global_stock_cap":"","_tribe_rsvp_for_event":"","_tribe_ticket_going_count":"","_tribe_ticket_not_going_count":"","_tribe_tickets_list":"[]","_tribe_ticket_has_attendee_info_fields":false,"tdm_status":"","tdm_grid_status":"","footnotes":"","_tec_slr_enabled":"","_tec_slr_layout":""},"class_list":["post-306638","page","type-page","status-publish"],"yoast_head":"<!-- This site is optimized with the Yoast SEO plugin v24.3 - https:\/\/yoast.com\/wordpress\/plugins\/seo\/ -->\n<title>Fiscal\u00eda General de la Naci\u00f3n<\/title>\n<meta name=\"description\" content=\"P\u00e1gina oficial de la Fiscal\u00eda General de la Naci\u00f3n \u2013 Colombia. Garantizamos el acceso efectivo a la justicia, la verdad y la reparaci\u00f3n de las v\u00edctimas de los delitos.\" \/>\n<meta name=\"robots\" content=\"index, follow, max-snippet:-1, max-image-preview:large, max-video-preview:-1\" \/>\n<link rel=\"canonical\" href=\"https:\/\/www.fiscalia.gov.co\/colombia\/la-entidad\/ofertas-de-empleo\/concurso-de-meritos-ascenso-e-ingreso-4-000-vacantes-fgn-2024\/\" \/>\n<meta property=\"og:locale\" content=\"es_ES\" \/>\n<meta property=\"og:type\" content=\"article\" \/>\n<meta property=\"og:title\" content=\"Fiscal\u00eda General de la Naci\u00f3n\" \/>\n<meta property=\"og:description\" content=\"P\u00e1gina oficial de la Fiscal\u00eda General de la Naci\u00f3n \u2013 Colombia. Garantizamos el acceso efectivo a la justicia, la verdad y la reparaci\u00f3n de las v\u00edctimas de los delitos.\" \/>\n<meta property=\"og:url\" content=\"https:\/\/www.fiscalia.gov.co\/colombia\/la-entidad\/ofertas-de-empleo\/concurso-de-meritos-ascenso-e-ingreso-4-000-vacantes-fgn-2024\/\" \/>\n<meta property=\"og:site_name\" content=\"Fiscal\u00eda General de la Naci\u00f3n\" \/>\n<meta property=\"article:publisher\" content=\"https:\/\/www.facebook.com\/FiscaliaCol\" \/>\n<meta property=\"article:modified_time\" content=\"2026-04-22T21:10:11+00:00\" \/>\n<meta name=\"twitter:card\" content=\"summary_large_image\" \/>\n<meta name=\"twitter:site\" content=\"@FiscaliaCol\" \/>\n<meta name=\"twitter:label1\" content=\"Tiempo de lectura\" \/>\n\t<meta name=\"twitter:data1\" content=\"1 minuto\" \/>\n<script type=\"application\/ld+json\" class=\"yoast-schema-graph\">{\"@context\":\"https:\/\/schema.org\",\"@graph\":[{\"@type\":\"WebPage\",\"@id\":\"https:\/\/www.fiscalia.gov.co\/colombia\/la-entidad\/ofertas-de-empleo\/concurso-de-meritos-ascenso-e-ingreso-4-000-vacantes-fgn-2024\/\",\"url\":\"https:\/\/www.fiscalia.gov.co\/colombia\/la-entidad\/ofertas-de-empleo\/concurso-de-meritos-ascenso-e-ingreso-4-000-vacantes-fgn-2024\/\",\"name\":\"Fiscal\u00eda General de la Naci\u00f3n\",\"isPartOf\":{\"@id\":\"https:\/\/www.fiscalia.gov.co\/colombia\/#website\"},\"datePublished\":\"2024-11-29T16:22:52+00:00\",\"dateModified\":\"2026-04-22T21:10:11+00:00\",\"description\":\"P\u00e1gina oficial de la Fiscal\u00eda General de la Naci\u00f3n \u2013 Colombia. Garantizamos el acceso efectivo a la justicia, la verdad y la reparaci\u00f3n de las v\u00edctimas de los delitos.\",\"breadcrumb\":{\"@id\":\"https:\/\/www.fiscalia.gov.co\/colombia\/la-entidad\/ofertas-de-empleo\/concurso-de-meritos-ascenso-e-ingreso-4-000-vacantes-fgn-2024\/#breadcrumb\"},\"inLanguage\":\"es-CO\",\"potentialAction\":[{\"@type\":\"ReadAction\",\"target\":[\"https:\/\/www.fiscalia.gov.co\/colombia\/la-entidad\/ofertas-de-empleo\/concurso-de-meritos-ascenso-e-ingreso-4-000-vacantes-fgn-2024\/\"]}]},{\"@type\":\"BreadcrumbList\",\"@id\":\"https:\/\/www.fiscalia.gov.co\/colombia\/la-entidad\/ofertas-de-empleo\/concurso-de-meritos-ascenso-e-ingreso-4-000-vacantes-fgn-2024\/#breadcrumb\",\"itemListElement\":[{\"@type\":\"ListItem\",\"position\":1,\"name\":\"Home\",\"item\":\"https:\/\/www.fiscalia.gov.co\/colombia\/\"},{\"@type\":\"ListItem\",\"position\":2,\"name\":\"La Entidad\",\"item\":\"https:\/\/www.fiscalia.gov.co\/colombia\/la-entidad\/\"},{\"@type\":\"ListItem\",\"position\":3,\"name\":\"Ofertas de empleo\",\"item\":\"https:\/\/www.fiscalia.gov.co\/colombia\/la-entidad\/ofertas-de-empleo\/\"},{\"@type\":\"ListItem\",\"position\":4,\"name\":\"Concurso de M\u00e9ritos ascenso e ingreso 4.000 vacantes FGN 2024\"}]},{\"@type\":\"WebSite\",\"@id\":\"https:\/\/www.fiscalia.gov.co\/colombia\/#website\",\"url\":\"https:\/\/www.fiscalia.gov.co\/colombia\/\",\"name\":\"Fiscal\u00eda General de la Naci\u00f3n\",\"description\":\"P\u00e1gina oficial de la Fiscal\u00eda General de la Naci\u00f3n \u2013 Colombia. Garantizamos el acceso efectivo a la justicia, la verdad y la reparaci\u00f3n de las v\u00edctimas de los delitos.\",\"publisher\":{\"@id\":\"https:\/\/www.fiscalia.gov.co\/colombia\/#organization\"},\"potentialAction\":[{\"@type\":\"SearchAction\",\"target\":{\"@type\":\"EntryPoint\",\"urlTemplate\":\"https:\/\/www.fiscalia.gov.co\/colombia\/?s={search_term_string}\"},\"query-input\":{\"@type\":\"PropertyValueSpecification\",\"valueRequired\":true,\"valueName\":\"search_term_string\"}}],\"inLanguage\":\"es-CO\"},{\"@type\":\"Organization\",\"@id\":\"https:\/\/www.fiscalia.gov.co\/colombia\/#organization\",\"name\":\"Fiscal\u00eda General de la Naci\u00f3n\",\"url\":\"https:\/\/www.fiscalia.gov.co\/colombia\/\",\"logo\":{\"@type\":\"ImageObject\",\"inLanguage\":\"es-CO\",\"@id\":\"https:\/\/www.fiscalia.gov.co\/colombia\/#\/schema\/logo\/image\/\",\"url\":\"https:\/\/www.fiscalia.gov.co\/colombia\/wp-content\/uploads\/LogoHorizontal_1.jpg\",\"contentUrl\":\"https:\/\/www.fiscalia.gov.co\/colombia\/wp-content\/uploads\/LogoHorizontal_1.jpg\",\"width\":300,\"height\":90,\"caption\":\"Fiscal\u00eda General de la Naci\u00f3n\"},\"image\":{\"@id\":\"https:\/\/www.fiscalia.gov.co\/colombia\/#\/schema\/logo\/image\/\"},\"sameAs\":[\"https:\/\/www.facebook.com\/FiscaliaCol\",\"https:\/\/x.com\/FiscaliaCol\",\"https:\/\/www.instagram.com\/fiscaliacol\",\"https:\/\/www.linkedin.com\/company\/fiscalia-general-de-la-naci-n\/\",\"https:\/\/youtube.com\/@fiscaliageneraldelanacion-4668?si=6nN79nyQICPU5iTh\"]}]}<\/script>\n<!-- \/ Yoast SEO plugin. -->","yoast_head_json":{"title":"Fiscal\u00eda General de la Naci\u00f3n","description":"P\u00e1gina oficial de la Fiscal\u00eda General de la Naci\u00f3n \u2013 Colombia. Garantizamos el acceso efectivo a la justicia, la verdad y la reparaci\u00f3n de las v\u00edctimas de los delitos.","robots":{"index":"index","follow":"follow","max-snippet":"max-snippet:-1","max-image-preview":"max-image-preview:large","max-video-preview":"max-video-preview:-1"},"canonical":"https:\/\/www.fiscalia.gov.co\/colombia\/la-entidad\/ofertas-de-empleo\/concurso-de-meritos-ascenso-e-ingreso-4-000-vacantes-fgn-2024\/","og_locale":"es_ES","og_type":"article","og_title":"Fiscal\u00eda General de la Naci\u00f3n","og_description":"P\u00e1gina oficial de la Fiscal\u00eda General de la Naci\u00f3n \u2013 Colombia. Garantizamos el acceso efectivo a la justicia, la verdad y la reparaci\u00f3n de las v\u00edctimas de los delitos.","og_url":"https:\/\/www.fiscalia.gov.co\/colombia\/la-entidad\/ofertas-de-empleo\/concurso-de-meritos-ascenso-e-ingreso-4-000-vacantes-fgn-2024\/","og_site_name":"Fiscal\u00eda General de la Naci\u00f3n","article_publisher":"https:\/\/www.facebook.com\/FiscaliaCol","article_modified_time":"2026-04-22T21:10:11+00:00","twitter_card":"summary_large_image","twitter_site":"@FiscaliaCol","twitter_misc":{"Tiempo de lectura":"1 minuto"},"schema":{"@context":"https:\/\/schema.org","@graph":[{"@type":"WebPage","@id":"https:\/\/www.fiscalia.gov.co\/colombia\/la-entidad\/ofertas-de-empleo\/concurso-de-meritos-ascenso-e-ingreso-4-000-vacantes-fgn-2024\/","url":"https:\/\/www.fiscalia.gov.co\/colombia\/la-entidad\/ofertas-de-empleo\/concurso-de-meritos-ascenso-e-ingreso-4-000-vacantes-fgn-2024\/","name":"Fiscal\u00eda General de la Naci\u00f3n","isPartOf":{"@id":"https:\/\/www.fiscalia.gov.co\/colombia\/#website"},"datePublished":"2024-11-29T16:22:52+00:00","dateModified":"2026-04-22T21:10:11+00:00","description":"P\u00e1gina oficial de la Fiscal\u00eda General de la Naci\u00f3n \u2013 Colombia. Garantizamos el acceso efectivo a la justicia, la verdad y la reparaci\u00f3n de las v\u00edctimas de los delitos.","breadcrumb":{"@id":"https:\/\/www.fiscalia.gov.co\/colombia\/la-entidad\/ofertas-de-empleo\/concurso-de-meritos-ascenso-e-ingreso-4-000-vacantes-fgn-2024\/#breadcrumb"},"inLanguage":"es-CO","potentialAction":[{"@type":"ReadAction","target":["https:\/\/www.fiscalia.gov.co\/colombia\/la-entidad\/ofertas-de-empleo\/concurso-de-meritos-ascenso-e-ingreso-4-000-vacantes-fgn-2024\/"]}]},{"@type":"BreadcrumbList","@id":"https:\/\/www.fiscalia.gov.co\/colombia\/la-entidad\/ofertas-de-empleo\/concurso-de-meritos-ascenso-e-ingreso-4-000-vacantes-fgn-2024\/#breadcrumb","itemListElement":[{"@type":"ListItem","position":1,"name":"Home","item":"https:\/\/www.fiscalia.gov.co\/colombia\/"},{"@type":"ListItem","position":2,"name":"La Entidad","item":"https:\/\/www.fiscalia.gov.co\/colombia\/la-entidad\/"},{"@type":"ListItem","position":3,"name":"Ofertas de empleo","item":"https:\/\/www.fiscalia.gov.co\/colombia\/la-entidad\/ofertas-de-empleo\/"},{"@type":"ListItem","position":4,"name":"Concurso de M\u00e9ritos ascenso e ingreso 4.000 vacantes FGN 2024"}]},{"@type":"WebSite","@id":"https:\/\/www.fiscalia.gov.co\/colombia\/#website","url":"https:\/\/www.fiscalia.gov.co\/colombia\/","name":"Fiscal\u00eda General de la Naci\u00f3n","description":"P\u00e1gina oficial de la Fiscal\u00eda General de la Naci\u00f3n \u2013 Colombia. Garantizamos el acceso efectivo a la justicia, la verdad y la reparaci\u00f3n de las v\u00edctimas de los delitos.","publisher":{"@id":"https:\/\/www.fiscalia.gov.co\/colombia\/#organization"},"potentialAction":[{"@type":"SearchAction","target":{"@type":"EntryPoint","urlTemplate":"https:\/\/www.fiscalia.gov.co\/colombia\/?s={search_term_string}"},"query-input":{"@type":"PropertyValueSpecification","valueRequired":true,"valueName":"search_term_string"}}],"inLanguage":"es-CO"},{"@type":"Organization","@id":"https:\/\/www.fiscalia.gov.co\/colombia\/#organization","name":"Fiscal\u00eda General de la Naci\u00f3n","url":"https:\/\/www.fiscalia.gov.co\/colombia\/","logo":{"@type":"ImageObject","inLanguage":"es-CO","@id":"https:\/\/www.fiscalia.gov.co\/colombia\/#\/schema\/logo\/image\/","url":"https:\/\/www.fiscalia.gov.co\/colombia\/wp-content\/uploads\/LogoHorizontal_1.jpg","contentUrl":"https:\/\/www.fiscalia.gov.co\/colombia\/wp-content\/uploads\/LogoHorizontal_1.jpg","width":300,"height":90,"caption":"Fiscal\u00eda General de la Naci\u00f3n"},"image":{"@id":"https:\/\/www.fiscalia.gov.co\/colombia\/#\/schema\/logo\/image\/"},"sameAs":["https:\/\/www.facebook.com\/FiscaliaCol","https:\/\/x.com\/FiscaliaCol","https:\/\/www.instagram.com\/fiscaliacol","https:\/\/www.linkedin.com\/company\/fiscalia-general-de-la-naci-n\/","https:\/\/youtube.com\/@fiscaliageneraldelanacion-4668?si=6nN79nyQICPU5iTh"]}]}},"ticketed":false,"_links":{"self":[{"href":"https:\/\/www.fiscalia.gov.co\/colombia\/wp-json\/wp\/v2\/pages\/306638","targetHints":{"allow":["GET"]}}],"collection":[{"href":"https:\/\/www.fiscalia.gov.co\/colombia\/wp-json\/wp\/v2\/pages"}],"about":[{"href":"https:\/\/www.fiscalia.gov.co\/colombia\/wp-json\/wp\/v2\/types\/page"}],"author":[{"embeddable":true,"href":"https:\/\/www.fiscalia.gov.co\/colombia\/wp-json\/wp\/v2\/users\/175"}],"replies":[{"embeddable":true,"href":"https:\/\/www.fiscalia.gov.co\/colombia\/wp-json\/wp\/v2\/comments?post=306638"}],"version-history":[{"count":16,"href":"https:\/\/www.fiscalia.gov.co\/colombia\/wp-json\/wp\/v2\/pages\/306638\/revisions"}],"predecessor-version":[{"id":362328,"href":"https:\/\/www.fiscalia.gov.co\/colombia\/wp-json\/wp\/v2\/pages\/306638\/revisions\/362328"}],"up":[{"embeddable":true,"href":"https:\/\/www.fiscalia.gov.co\/colombia\/wp-json\/wp\/v2\/pages\/9879"}],"wp:attachment":[{"href":"https:\/\/www.fiscalia.gov.co\/colombia\/wp-json\/wp\/v2\/media?parent=306638"}],"curies":[{"name":"wp","href":"https:\/\/api.w.org\/{rel}","templated":true}]}}