{"id":304069,"date":"2024-10-24T14:52:16","date_gmt":"2024-10-24T19:52:16","guid":{"rendered":"https:\/\/www.fiscalia.gov.co\/colombia\/?page_id=304069"},"modified":"2025-09-11T14:16:24","modified_gmt":"2025-09-11T19:16:24","slug":"amenazas","status":"publish","type":"page","link":"https:\/\/www.fiscalia.gov.co\/colombia\/defensores\/amenazas\/","title":{"rendered":"Amenazas"},"content":{"rendered":"<section class=\"wpb-content-wrapper\"><div id=\"tdi_1\" class=\"tdc-row\"><div class=\"vc_row tdi_2  wpb_row td-pb-row\" >\n<style scoped>\n\/* custom css - generated by TagDiv Composer *\/\n\n\/* custom css - generated by TagDiv Composer *\/\n.tdi_2,\r\n                .tdi_2 .tdc-columns{\r\n                    min-height: 0;\r\n                }.tdi_2,\r\n\t\t\t\t.tdi_2 .tdc-columns{\r\n\t\t\t\t    display: block;\r\n\t\t\t\t}.tdi_2 .tdc-columns{\r\n\t\t\t\t    width: 100%;\r\n\t\t\t\t}.tdi_2:before,\r\n\t\t\t\t.tdi_2:after{\r\n\t\t\t\t    display: table;\r\n\t\t\t\t}\n<\/style><div class=\"vc_column tdi_4  wpb_column vc_column_container tdc-column td-pb-span12\">\n<style scoped>\n\/* custom css - generated by TagDiv Composer *\/\n\n\/* custom css - generated by TagDiv Composer *\/\n.tdi_4{\r\n                    vertical-align: baseline;\r\n                }.tdi_4 > .wpb_wrapper,\r\n\t\t\t\t.tdi_4 > .wpb_wrapper > .tdc-elements{\r\n\t\t\t\t    display: block;\r\n\t\t\t\t}.tdi_4 > .wpb_wrapper > .tdc-elements{\r\n\t\t\t\t    width: 100%;\r\n\t\t\t\t}.tdi_4 > .wpb_wrapper > .vc_row_inner{\r\n\t\t\t\t    width: auto;\r\n\t\t\t\t}.tdi_4 > .wpb_wrapper{\r\n\t\t\t\t    width: auto;\r\n\t\t\t\t    height: auto;\r\n\t\t\t\t}\n<\/style><div class=\"wpb_wrapper\" ><div class=\"wpb_wrapper td_block_wrap vc_raw_html tdi_6 \"><div class=\"td-fix-index\"><ul class=\"snip1217\">\n  <li><a href=\"https:\/\/www.fiscalia.gov.co\/colombia\/defensores\/estrategia-defensores\/\">Estrategia defensores<\/a><\/li>\n  <li><a href=\"https:\/\/www.fiscalia.gov.co\/colombia\/defensores\/lineas-de-accion-de-la-estrategia\/\">L\u00edneas de acci\u00f3n de la estrategia<\/a><\/li>\n  <li><a href=\"https:\/\/www.fiscalia.gov.co\/colombia\/wp-content\/uploads\/Direccionamiento_Estrategico_2024-2028.pdf\" target=\u201d_blank\u201d>Direccionamiento Estrat\u00e9gico<\/a><\/li>\n  <li><a href=\"https:\/\/www.fiscalia.gov.co\/colombia\/defensores\/informe-de-victimizacion\/\">Informe de Victimizaci\u00f3n<\/a><\/li> \n  <li class=\"current\"><a href=\"https:\/\/www.fiscalia.gov.co\/colombia\/defensores\/amenazas\/\">Amenazas<\/a><\/li>\n  <li><a href=\"https:\/\/www.fiscalia.gov.co\/colombia\/defensores\/informes\/\">Informes<\/a><\/li>\n<\/ul>\n<ul class=\"snip1217\">\n  <li><a href=\"https:\/\/www.fiscalia.gov.co\/colombia\/defensores\/unidad-especial-de-investigacion\/\">Unidad Especial de Investigaci\u00f3n<\/a><\/li>\n  <li><a href=\"https:\/\/www.fiscalia.gov.co\/colombia\/defensores\/delegadas\/ \">Delegadas<\/a><\/li>\n  <li><a href=\"https:\/\/www.fiscalia.gov.co\/colombia\/defensores\/conceptos-basicos\/\">Conceptos b\u00e1sicos<\/a><\/li>\n  <li><a href=\"https:\/\/www.fiscalia.gov.co\/colombia\/defensores\/preguntas-frecuentes\/\">Preguntas frecuentes<\/a><\/li>\n  <li><a href=\"https:\/\/www.fiscalia.gov.co\/colombia\/category\/defensores\/\">Sala de prensa<\/a><\/li>\n<\/ul><\/div><\/div><\/div><\/div><\/div><\/div><div id=\"tdi_7\" class=\"tdc-row\"><div class=\"vc_row tdi_8  wpb_row td-pb-row\" >\n<style scoped>\n\/* custom css - generated by TagDiv Composer *\/\n\n\/* custom css - generated by TagDiv Composer *\/\n.tdi_8,\r\n                .tdi_8 .tdc-columns{\r\n                    min-height: 0;\r\n                }.tdi_8,\r\n\t\t\t\t.tdi_8 .tdc-columns{\r\n\t\t\t\t    display: block;\r\n\t\t\t\t}.tdi_8 .tdc-columns{\r\n\t\t\t\t    width: 100%;\r\n\t\t\t\t}.tdi_8:before,\r\n\t\t\t\t.tdi_8:after{\r\n\t\t\t\t    display: table;\r\n\t\t\t\t}\n<\/style><div class=\"vc_column tdi_10  wpb_column vc_column_container tdc-column td-pb-span12\">\n<style scoped>\n\/* custom css - generated by TagDiv Composer *\/\n\n\/* custom css - generated by TagDiv Composer *\/\n.tdi_10{\r\n                    vertical-align: baseline;\r\n                }.tdi_10 > .wpb_wrapper,\r\n\t\t\t\t.tdi_10 > .wpb_wrapper > .tdc-elements{\r\n\t\t\t\t    display: block;\r\n\t\t\t\t}.tdi_10 > .wpb_wrapper > .tdc-elements{\r\n\t\t\t\t    width: 100%;\r\n\t\t\t\t}.tdi_10 > .wpb_wrapper > .vc_row_inner{\r\n\t\t\t\t    width: auto;\r\n\t\t\t\t}.tdi_10 > .wpb_wrapper{\r\n\t\t\t\t    width: auto;\r\n\t\t\t\t    height: auto;\r\n\t\t\t\t}\n<\/style><div class=\"wpb_wrapper\" >[vc_single_image image=&#8221;308714&#8243; img_size=&#8221;full&#8221;][vc_column_text]<span style=\"font-weight: 400;\">El fortalecimiento de las capacidades investigativas para la atenci\u00f3n del delito de amenazas contra personas defensoras de derechos humanos es un objetivo definido en el marco de la Estrategia de investigaci\u00f3n y judicializaci\u00f3n de delitos contra personas defensoras de derechos humanos de la Fiscal\u00eda General de la Naci\u00f3n. La investigaci\u00f3n de este delito representa un aut\u00e9ntico desaf\u00edo para el equipo de trabajo de la Instituci\u00f3n.\u00a0\u00a0<\/span>\r\n\r\n<span style=\"font-weight: 400;\">Dentro de la Entidad se cre\u00f3 el Grupo de Trabajo Nacional para la priorizaci\u00f3n, apoyo y respuesta inmediata a la investigaci\u00f3n de amenazas contra personas defensoras de derechos humanos u otras poblaciones espec\u00edficas. <\/span><span style=\"font-weight: 400;\">\u00a0 <\/span>\r\n\r\n<span style=\"font-weight: 400;\">Este grupo fue creado por medio de la <a href=\"https:\/\/www.fiscalia.gov.co\/colombia\/wp-content\/uploads\/Resolucion-0775-de-2021.pdf\" target=\"_blank\" rel=\"noopener\"><strong>Resoluci\u00f3n 0775 de 2021<\/strong><\/a> que establece un mecanismo de articulaci\u00f3n entre el Grupo de Trabajo Nacional y los fiscales destacados en las Direcciones Seccionales para la atenci\u00f3n de amenazas contra personas defensoras de derechos humanos. Con el objeto de lograr una mejor articulaci\u00f3n interna, la Resoluci\u00f3n define funciones precisas para los fiscales del Grupo de Trabajo, para el Coordinador del Grupo, para los fiscales encargados de conocer amenazas en las Direcciones Territoriales y para los Directores Seccionales.\u00a0<\/span>\r\n\r\n<span style=\"font-weight: 400;\">La Estrategia se formul\u00f3 con base en desaf\u00edos identificados para la recepci\u00f3n de denuncias, la realizaci\u00f3n oportuna de los actos urgentes y la ausencia de an\u00e1lisis investigativos contextuales, por lo cual se implementaron las siguientes medidas:<\/span>\r\n<ol>\r\n \t<li style=\"font-weight: 400;\" aria-level=\"1\"><span style=\"font-weight: 400;\"><span style=\"font-weight: 400;\">El Grupo de Trabajo est\u00e1 conformado por despachos especializados adscritos a la Direcci\u00f3n Nacional Especializada contra las Violaciones a los Derechos Humanos que se articulan con las Direcciones Seccionales de la Fiscal\u00eda. <\/span><\/span>Este grupo de trabajo tiene como objetivos, entre otros:\r\n<ol>\r\n \t<li style=\"list-style-type: none;\">\r\n<ul>\r\n \t<li style=\"font-weight: 400;\" aria-level=\"1\"><span style=\"font-weight: 400;\">Impulsar procesos de amenazas contra personas defensoras de derechos a<\/span>en su carga de trabajo casos de amenazas.<\/li>\r\n \t<li style=\"font-weight: 400;\" aria-level=\"1\"><span style=\"font-weight: 400;\">Investigar de manera anal\u00edtica y estrat\u00e9gica los casos de amenazas, de modo que se puedan identificar relaciones entre los distintos casos y entender los contextos en los que se enmarcan.<\/span><\/li>\r\n \t<li style=\"font-weight: 400;\" aria-level=\"1\"><span style=\"font-weight: 400;\"><span style=\"font-weight: 400;\"><span style=\"font-weight: 400;\">Fortalecer la capacidad institucional a trav\u00e9s del apoyo a la investigaci\u00f3n de amenazas que se adelantan en las direcciones seccionales con el fin de responder de manera adecuada, eficaz y oportuna a los casos que se presenten por este delito.<\/span><\/span><\/span><\/li>\r\n<\/ul>\r\n<\/li>\r\n<\/ol>\r\n<\/li>\r\n \t<li style=\"font-weight: 400;\" aria-level=\"1\"><span style=\"font-weight: 400;\">Se crearon mecanismos para la recepci\u00f3n de amenazas contra defensores de derechos humanos que funcionan las 24 horas del d\u00eda: <strong>l\u00ednea de atenci\u00f3n 3506011181, centro de contacto 122 y el correo electr\u00f3nico <\/strong><\/span><strong><strong><a href=\"about:blank\">recepcio\u0301n.amenazas@fiscalia.gov.co<\/a>.<\/strong><\/strong><\/li>\r\n \t<li style=\"font-weight: 400;\" aria-level=\"1\"><span style=\"font-weight: 400;\">Igualmente, la Fiscal\u00eda incidi\u00f3 en la creaci\u00f3n del tipo penal espec\u00edfico de amenazas contra defensores de derechos humanos, regulado en el art\u00edculo 188E del C\u00f3digo Penal, Ley 1908 de Julio de 2018, <\/span><i><span style=\"font-weight: 400;\">\u201c<\/span><\/i><span style=\"font-weight: 400;\">por medio de la cual se fortalecen la investigaci\u00f3n y judicializaci\u00f3n de organizaciones criminales, se adoptan medidas para su sujeci\u00f3n a la justicia y se dictan otras disposiciones\u201d. <\/span>De esta manera, se cre\u00f3 un delito espec\u00edfico para sancionar a quienes amenacen a las personas defensoras de derechos humanos, incluidos los l\u00edderes sindicales, con una pena prevista de setenta y dos (72) a ciento veintiocho (128) meses de prisi\u00f3n y multa de diecisiete punto setenta y siete (17.77) a doscientos (200) salarios m\u00ednimos legales mensuales vigentes.<\/li>\r\n \t<li style=\"font-weight: 400;\" aria-level=\"1\"><span style=\"font-weight: 400;\">Se inici\u00f3 un trabajo de formaci\u00f3n y capacitaci\u00f3n en metodolog\u00edas espec\u00edficas de investigaci\u00f3n del delito de amenazas, a los fiscales, investigadores y analistas de todo el pa\u00eds que est\u00e1n a cargo de la investigaci\u00f3n y judicializaci\u00f3n de este delito, con el apoyo de la Direcci\u00f3n de Altos Estudios de la Fiscal\u00eda General de la Naci\u00f3n.\u00a0 <\/span><\/li>\r\n<\/ol>\r\n[\/vc_column_text][vc_tta_accordion][vc_tta_section title=&#8221;2025&#8243; tab_id=&#8221;1749050605850-eb4da1fd-0334&#8243;][vc_column_text]\r\n<div class=\"x_elementToProof\" role=\"presentation\" data-ogsc=\"\" data-olk-copy-source=\"MessageBody\"><a href=\"https:\/\/www.fiscalia.gov.co\/colombia\/wp-content\/uploads\/sentencia-segunda-instancia-1.pdf\" target=\"_blank\" rel=\"noopener\">Sentencia confirma condena en segunda instancia contra Freisman Yesid Toro Mel\u00e9ndez<\/a> &#8211; Publicado 2025-09-11<\/div>\r\n<div class=\"x_elementToProof\" role=\"presentation\" data-ogsc=\"\"><a href=\"https:\/\/www.fiscalia.gov.co\/colombia\/wp-content\/uploads\/039_034Sentencia-1.pdf\" target=\"_blank\" rel=\"noopener\">Sentencia por acuerdo, acusado: Eduard Fabian Meza Garc\u00eda<\/a> &#8211; Publicado 2025-09-11<\/div>\r\n<a href=\"https:\/\/www.fiscalia.gov.co\/colombia\/wp-content\/uploads\/SENTENCIA-CONDENATORIA-Y-LECTURA-DE-FALLO-1.pdf\" target=\"_blank\" rel=\"noopener\">Sentencia condenatoria y lectura de fallo Douglas Mauricio Sierra Villanueva <\/a>&#8211; Publicado 2025-06-13[\/vc_column_text][\/vc_tta_section][\/vc_tta_accordion]<\/div><\/div><\/div><\/div><\/section>\n<div class=\"twitter-share\"><a href=\"https:\/\/twitter.com\/intent\/tweet?via=fiscaliacol\" class=\"twitter-share-button\">Tweet<\/a><\/div>\n","protected":false},"excerpt":{"rendered":"Estrategia defensores L\u00edneas de acci\u00f3n de la estrategia Direccionamiento Estrat\u00e9gico Informe de Victimizaci\u00f3n Amenazas Informes Unidad Especial de Investigaci\u00f3n Delegadas Conceptos b\u00e1sicos Preguntas frecuentes Sala de prensa [vc_single_image image=\"308714\" img_size=\"full\"][vc_column_text]El fortalecimiento de las capacidades investigativas para la atenci\u00f3n del delito de amenazas contra personas defensoras de derechos humanos es un objetivo definido en el marco [...]","protected":false},"author":143,"featured_media":0,"parent":193237,"menu_order":0,"comment_status":"closed","ping_status":"closed","template":"","meta":{"_price":"","_stock":"","_tribe_ticket_header":"","_tribe_default_ticket_provider":"","_tribe_ticket_capacity":"0","_ticket_start_date":"","_ticket_end_date":"","_tribe_ticket_show_description":"","_tribe_ticket_show_not_going":false,"_tribe_ticket_use_global_stock":"","_tribe_ticket_global_stock_level":"","_global_stock_mode":"","_global_stock_cap":"","_tribe_rsvp_for_event":"","_tribe_ticket_going_count":"","_tribe_ticket_not_going_count":"","_tribe_tickets_list":"[]","_tribe_ticket_has_attendee_info_fields":false,"tdm_status":"","tdm_grid_status":"","footnotes":"","_tec_slr_enabled":"","_tec_slr_layout":""},"class_list":["post-304069","page","type-page","status-publish"],"yoast_head":"<!-- This site is optimized with the Yoast SEO plugin v24.3 - https:\/\/yoast.com\/wordpress\/plugins\/seo\/ -->\n<title>Fiscal\u00eda General de la Naci\u00f3n<\/title>\n<meta name=\"description\" content=\"P\u00e1gina oficial de la Fiscal\u00eda General de la Naci\u00f3n \u2013 Colombia. Garantizamos el acceso efectivo a la justicia, la verdad y la reparaci\u00f3n de las v\u00edctimas de los delitos.\" \/>\n<meta name=\"robots\" content=\"index, follow, max-snippet:-1, max-image-preview:large, max-video-preview:-1\" \/>\n<link rel=\"canonical\" href=\"https:\/\/www.fiscalia.gov.co\/colombia\/defensores\/amenazas\/\" \/>\n<meta property=\"og:locale\" content=\"es_ES\" \/>\n<meta property=\"og:type\" content=\"article\" \/>\n<meta property=\"og:title\" content=\"Fiscal\u00eda General de la Naci\u00f3n\" \/>\n<meta property=\"og:description\" content=\"P\u00e1gina oficial de la Fiscal\u00eda General de la Naci\u00f3n \u2013 Colombia. Garantizamos el acceso efectivo a la justicia, la verdad y la reparaci\u00f3n de las v\u00edctimas de los delitos.\" \/>\n<meta property=\"og:url\" content=\"https:\/\/www.fiscalia.gov.co\/colombia\/defensores\/amenazas\/\" \/>\n<meta property=\"og:site_name\" content=\"Fiscal\u00eda General de la Naci\u00f3n\" \/>\n<meta property=\"article:publisher\" content=\"https:\/\/www.facebook.com\/FiscaliaCol\" \/>\n<meta property=\"article:modified_time\" content=\"2025-09-11T19:16:24+00:00\" \/>\n<meta name=\"twitter:card\" content=\"summary_large_image\" \/>\n<meta name=\"twitter:site\" content=\"@FiscaliaCol\" \/>\n<meta name=\"twitter:label1\" content=\"Tiempo de lectura\" \/>\n\t<meta name=\"twitter:data1\" content=\"3 minutos\" \/>\n<script type=\"application\/ld+json\" class=\"yoast-schema-graph\">{\"@context\":\"https:\/\/schema.org\",\"@graph\":[{\"@type\":\"WebPage\",\"@id\":\"https:\/\/www.fiscalia.gov.co\/colombia\/defensores\/amenazas\/\",\"url\":\"https:\/\/www.fiscalia.gov.co\/colombia\/defensores\/amenazas\/\",\"name\":\"Fiscal\u00eda General de la Naci\u00f3n\",\"isPartOf\":{\"@id\":\"https:\/\/www.fiscalia.gov.co\/colombia\/#website\"},\"datePublished\":\"2024-10-24T19:52:16+00:00\",\"dateModified\":\"2025-09-11T19:16:24+00:00\",\"description\":\"P\u00e1gina oficial de la Fiscal\u00eda General de la Naci\u00f3n \u2013 Colombia. Garantizamos el acceso efectivo a la justicia, la verdad y la reparaci\u00f3n de las v\u00edctimas de los delitos.\",\"breadcrumb\":{\"@id\":\"https:\/\/www.fiscalia.gov.co\/colombia\/defensores\/amenazas\/#breadcrumb\"},\"inLanguage\":\"es-CO\",\"potentialAction\":[{\"@type\":\"ReadAction\",\"target\":[\"https:\/\/www.fiscalia.gov.co\/colombia\/defensores\/amenazas\/\"]}]},{\"@type\":\"BreadcrumbList\",\"@id\":\"https:\/\/www.fiscalia.gov.co\/colombia\/defensores\/amenazas\/#breadcrumb\",\"itemListElement\":[{\"@type\":\"ListItem\",\"position\":1,\"name\":\"Home\",\"item\":\"https:\/\/www.fiscalia.gov.co\/colombia\/\"},{\"@type\":\"ListItem\",\"position\":2,\"name\":\"Defensores de derechos humanos\",\"item\":\"https:\/\/www.fiscalia.gov.co\/colombia\/defensores\/\"},{\"@type\":\"ListItem\",\"position\":3,\"name\":\"Amenazas\"}]},{\"@type\":\"WebSite\",\"@id\":\"https:\/\/www.fiscalia.gov.co\/colombia\/#website\",\"url\":\"https:\/\/www.fiscalia.gov.co\/colombia\/\",\"name\":\"Fiscal\u00eda General de la Naci\u00f3n\",\"description\":\"P\u00e1gina oficial de la Fiscal\u00eda General de la Naci\u00f3n \u2013 Colombia. Garantizamos el acceso efectivo a la justicia, la verdad y la reparaci\u00f3n de las v\u00edctimas de los delitos.\",\"publisher\":{\"@id\":\"https:\/\/www.fiscalia.gov.co\/colombia\/#organization\"},\"potentialAction\":[{\"@type\":\"SearchAction\",\"target\":{\"@type\":\"EntryPoint\",\"urlTemplate\":\"https:\/\/www.fiscalia.gov.co\/colombia\/?s={search_term_string}\"},\"query-input\":{\"@type\":\"PropertyValueSpecification\",\"valueRequired\":true,\"valueName\":\"search_term_string\"}}],\"inLanguage\":\"es-CO\"},{\"@type\":\"Organization\",\"@id\":\"https:\/\/www.fiscalia.gov.co\/colombia\/#organization\",\"name\":\"Fiscal\u00eda General de la Naci\u00f3n\",\"url\":\"https:\/\/www.fiscalia.gov.co\/colombia\/\",\"logo\":{\"@type\":\"ImageObject\",\"inLanguage\":\"es-CO\",\"@id\":\"https:\/\/www.fiscalia.gov.co\/colombia\/#\/schema\/logo\/image\/\",\"url\":\"https:\/\/www.fiscalia.gov.co\/colombia\/wp-content\/uploads\/LogoHorizontal_1.jpg\",\"contentUrl\":\"https:\/\/www.fiscalia.gov.co\/colombia\/wp-content\/uploads\/LogoHorizontal_1.jpg\",\"width\":300,\"height\":90,\"caption\":\"Fiscal\u00eda General de la Naci\u00f3n\"},\"image\":{\"@id\":\"https:\/\/www.fiscalia.gov.co\/colombia\/#\/schema\/logo\/image\/\"},\"sameAs\":[\"https:\/\/www.facebook.com\/FiscaliaCol\",\"https:\/\/x.com\/FiscaliaCol\",\"https:\/\/www.instagram.com\/fiscaliacol\",\"https:\/\/www.linkedin.com\/company\/fiscalia-general-de-la-naci-n\/\",\"https:\/\/youtube.com\/@fiscaliageneraldelanacion-4668?si=6nN79nyQICPU5iTh\"]}]}<\/script>\n<!-- \/ Yoast SEO plugin. -->","yoast_head_json":{"title":"Fiscal\u00eda General de la Naci\u00f3n","description":"P\u00e1gina oficial de la Fiscal\u00eda General de la Naci\u00f3n \u2013 Colombia. Garantizamos el acceso efectivo a la justicia, la verdad y la reparaci\u00f3n de las v\u00edctimas de los delitos.","robots":{"index":"index","follow":"follow","max-snippet":"max-snippet:-1","max-image-preview":"max-image-preview:large","max-video-preview":"max-video-preview:-1"},"canonical":"https:\/\/www.fiscalia.gov.co\/colombia\/defensores\/amenazas\/","og_locale":"es_ES","og_type":"article","og_title":"Fiscal\u00eda General de la Naci\u00f3n","og_description":"P\u00e1gina oficial de la Fiscal\u00eda General de la Naci\u00f3n \u2013 Colombia. Garantizamos el acceso efectivo a la justicia, la verdad y la reparaci\u00f3n de las v\u00edctimas de los delitos.","og_url":"https:\/\/www.fiscalia.gov.co\/colombia\/defensores\/amenazas\/","og_site_name":"Fiscal\u00eda General de la Naci\u00f3n","article_publisher":"https:\/\/www.facebook.com\/FiscaliaCol","article_modified_time":"2025-09-11T19:16:24+00:00","twitter_card":"summary_large_image","twitter_site":"@FiscaliaCol","twitter_misc":{"Tiempo de lectura":"3 minutos"},"schema":{"@context":"https:\/\/schema.org","@graph":[{"@type":"WebPage","@id":"https:\/\/www.fiscalia.gov.co\/colombia\/defensores\/amenazas\/","url":"https:\/\/www.fiscalia.gov.co\/colombia\/defensores\/amenazas\/","name":"Fiscal\u00eda General de la Naci\u00f3n","isPartOf":{"@id":"https:\/\/www.fiscalia.gov.co\/colombia\/#website"},"datePublished":"2024-10-24T19:52:16+00:00","dateModified":"2025-09-11T19:16:24+00:00","description":"P\u00e1gina oficial de la Fiscal\u00eda General de la Naci\u00f3n \u2013 Colombia. Garantizamos el acceso efectivo a la justicia, la verdad y la reparaci\u00f3n de las v\u00edctimas de los delitos.","breadcrumb":{"@id":"https:\/\/www.fiscalia.gov.co\/colombia\/defensores\/amenazas\/#breadcrumb"},"inLanguage":"es-CO","potentialAction":[{"@type":"ReadAction","target":["https:\/\/www.fiscalia.gov.co\/colombia\/defensores\/amenazas\/"]}]},{"@type":"BreadcrumbList","@id":"https:\/\/www.fiscalia.gov.co\/colombia\/defensores\/amenazas\/#breadcrumb","itemListElement":[{"@type":"ListItem","position":1,"name":"Home","item":"https:\/\/www.fiscalia.gov.co\/colombia\/"},{"@type":"ListItem","position":2,"name":"Defensores de derechos humanos","item":"https:\/\/www.fiscalia.gov.co\/colombia\/defensores\/"},{"@type":"ListItem","position":3,"name":"Amenazas"}]},{"@type":"WebSite","@id":"https:\/\/www.fiscalia.gov.co\/colombia\/#website","url":"https:\/\/www.fiscalia.gov.co\/colombia\/","name":"Fiscal\u00eda General de la Naci\u00f3n","description":"P\u00e1gina oficial de la Fiscal\u00eda General de la Naci\u00f3n \u2013 Colombia. Garantizamos el acceso efectivo a la justicia, la verdad y la reparaci\u00f3n de las v\u00edctimas de los delitos.","publisher":{"@id":"https:\/\/www.fiscalia.gov.co\/colombia\/#organization"},"potentialAction":[{"@type":"SearchAction","target":{"@type":"EntryPoint","urlTemplate":"https:\/\/www.fiscalia.gov.co\/colombia\/?s={search_term_string}"},"query-input":{"@type":"PropertyValueSpecification","valueRequired":true,"valueName":"search_term_string"}}],"inLanguage":"es-CO"},{"@type":"Organization","@id":"https:\/\/www.fiscalia.gov.co\/colombia\/#organization","name":"Fiscal\u00eda General de la Naci\u00f3n","url":"https:\/\/www.fiscalia.gov.co\/colombia\/","logo":{"@type":"ImageObject","inLanguage":"es-CO","@id":"https:\/\/www.fiscalia.gov.co\/colombia\/#\/schema\/logo\/image\/","url":"https:\/\/www.fiscalia.gov.co\/colombia\/wp-content\/uploads\/LogoHorizontal_1.jpg","contentUrl":"https:\/\/www.fiscalia.gov.co\/colombia\/wp-content\/uploads\/LogoHorizontal_1.jpg","width":300,"height":90,"caption":"Fiscal\u00eda General de la Naci\u00f3n"},"image":{"@id":"https:\/\/www.fiscalia.gov.co\/colombia\/#\/schema\/logo\/image\/"},"sameAs":["https:\/\/www.facebook.com\/FiscaliaCol","https:\/\/x.com\/FiscaliaCol","https:\/\/www.instagram.com\/fiscaliacol","https:\/\/www.linkedin.com\/company\/fiscalia-general-de-la-naci-n\/","https:\/\/youtube.com\/@fiscaliageneraldelanacion-4668?si=6nN79nyQICPU5iTh"]}]}},"ticketed":false,"_links":{"self":[{"href":"https:\/\/www.fiscalia.gov.co\/colombia\/wp-json\/wp\/v2\/pages\/304069","targetHints":{"allow":["GET"]}}],"collection":[{"href":"https:\/\/www.fiscalia.gov.co\/colombia\/wp-json\/wp\/v2\/pages"}],"about":[{"href":"https:\/\/www.fiscalia.gov.co\/colombia\/wp-json\/wp\/v2\/types\/page"}],"author":[{"embeddable":true,"href":"https:\/\/www.fiscalia.gov.co\/colombia\/wp-json\/wp\/v2\/users\/143"}],"replies":[{"embeddable":true,"href":"https:\/\/www.fiscalia.gov.co\/colombia\/wp-json\/wp\/v2\/comments?post=304069"}],"version-history":[{"count":37,"href":"https:\/\/www.fiscalia.gov.co\/colombia\/wp-json\/wp\/v2\/pages\/304069\/revisions"}],"predecessor-version":[{"id":323671,"href":"https:\/\/www.fiscalia.gov.co\/colombia\/wp-json\/wp\/v2\/pages\/304069\/revisions\/323671"}],"up":[{"embeddable":true,"href":"https:\/\/www.fiscalia.gov.co\/colombia\/wp-json\/wp\/v2\/pages\/193237"}],"wp:attachment":[{"href":"https:\/\/www.fiscalia.gov.co\/colombia\/wp-json\/wp\/v2\/media?parent=304069"}],"curies":[{"name":"wp","href":"https:\/\/api.w.org\/{rel}","templated":true}]}}