{"id":288146,"date":"2024-02-14T10:23:39","date_gmt":"2024-02-14T15:23:39","guid":{"rendered":"https:\/\/www.fiscalia.gov.co\/colombia\/?page_id=288146"},"modified":"2024-02-14T10:43:34","modified_gmt":"2024-02-14T15:43:34","slug":"francisco-roberto-barbosa-delgado","status":"publish","type":"page","link":"https:\/\/www.fiscalia.gov.co\/colombia\/francisco-roberto-barbosa-delgado\/","title":{"rendered":"Francisco Roberto Barbosa Delgado"},"content":{"rendered":"<p><strong><img loading=\"lazy\" decoding=\"async\" class=\"wp-image-275548 alignleft\" src=\"https:\/\/www.fiscalia.gov.co\/colombia\/wp-content\/uploads\/Retrato-Fiscal-Museo-scaled.jpg\" alt=\"\" width=\"359\" height=\"539\" srcset=\"https:\/\/www.fiscalia.gov.co\/colombia\/wp-content\/uploads\/Retrato-Fiscal-Museo-scaled.jpg 1707w, https:\/\/www.fiscalia.gov.co\/colombia\/wp-content\/uploads\/Retrato-Fiscal-Museo-200x300.jpg 200w, https:\/\/www.fiscalia.gov.co\/colombia\/wp-content\/uploads\/Retrato-Fiscal-Museo-683x1024.jpg 683w, https:\/\/www.fiscalia.gov.co\/colombia\/wp-content\/uploads\/Retrato-Fiscal-Museo-768x1152.jpg 768w, https:\/\/www.fiscalia.gov.co\/colombia\/wp-content\/uploads\/Retrato-Fiscal-Museo-1024x1536.jpg 1024w, https:\/\/www.fiscalia.gov.co\/colombia\/wp-content\/uploads\/Retrato-Fiscal-Museo-1365x2048.jpg 1365w, https:\/\/www.fiscalia.gov.co\/colombia\/wp-content\/uploads\/Retrato-Fiscal-Museo-696x1044.jpg 696w, https:\/\/www.fiscalia.gov.co\/colombia\/wp-content\/uploads\/Retrato-Fiscal-Museo-1068x1602.jpg 1068w, https:\/\/www.fiscalia.gov.co\/colombia\/wp-content\/uploads\/Retrato-Fiscal-Museo-1920x2880.jpg 1920w, https:\/\/www.fiscalia.gov.co\/colombia\/wp-content\/uploads\/Retrato-Fiscal-Museo-280x420.jpg 280w\" sizes=\"auto, (max-width: 359px) 100vw, 359px\" \/>Fiscal General de la Naci\u00f3n entre 2020 y 2024<\/strong><\/p>\n<p>Abogado de la Universidad Sergio Arboleda (1999), especialista en Relaciones Internacionales de la Universidad Jorge Tadeo Lozano (2000) y en Regulaci\u00f3n y Gesti\u00f3n de las Telecomunicaciones y Nuevas Tecnolog\u00edas de la Universidad Externado de Colombia (2007). Obtuvo t\u00edtulos de maestr\u00eda en Historia en la Universidad Javeriana de Colombia (2006) y en Derecho P\u00fablico de la Universidad Externado de Colombia (2007). En 2010 obtuvo su t\u00edtulo de doctorado (PhD) en Derecho P\u00fablico de l\u2019Universit\u00e9 de Nantes en Francia.<\/p>\n<p>Dentro de su experiencia profesional destaca su paso por la Fiscal\u00eda General de la Naci\u00f3n entre 2003 y 2004 como fiscal especializado de la Unidad Nacional de Derechos Humanos. Adicionalmente, le asisten 20 a\u00f1os como asesor jur\u00eddico en entidades p\u00fablicas dentro de las ramas ejecutiva, legislativa, judicial y \u00f3rganos de control. Adem\u00e1s, fue asesor externo de la Personer\u00eda de Bogot\u00e1, la Gobernaci\u00f3n de Cundinamarca, el Centro de Paz y Reconciliaci\u00f3n de la Alcald\u00eda de Bogot\u00e1, el Ministerio de Tecnolog\u00edas de la Informaci\u00f3n y las Comunicaciones, el Ministerio de Hacienda, el Ministerio de Transporte, la Corporaci\u00f3n Excelencia en la Justicia y el Senado de la Rep\u00fablica. A nivel internacional ha sido asesor legal externo del Banco Mundial.<\/p>\n<p>El 29 de julio de 2022 fue elegido por unanimidad por 22 Fiscal\u00edas y Ministerios P\u00fablicos de pa\u00edses iberoamericanos como Presidente de la Asociaci\u00f3n Ibero Americana de Ministerios P\u00fablicos (AIAMP) para el periodo 2022 \u2013 2024. Su nombramiento es un reconocimiento a los esfuerzos por afianzar la cooperaci\u00f3n en la lucha contra delitos transnacionales.<\/p>\n<p>Se ha desempe\u00f1ado como docente e investigador en la Universidad Externado de Colombia, la Universidad de los Andes, la Universidad Andina Sim\u00f3n Bol\u00edvar de Ecuador y la Universidad Jorge Tadeo Lozano, entre otras. Ha intervenido como conferencista invitado en varios pa\u00edses como Francia, Panam\u00e1, Per\u00fa, M\u00e9xico y Ecuador.<\/p>\n<p>En sus l\u00edneas de trabajo como investigador y asesor ha abordado tem\u00e1ticas como derecho penal internacional, justicia transicional, historia constitucional colombiana, derecho constitucional, derecho administrativo, contrataci\u00f3n p\u00fablica y derecho internacional de los derechos humanos.<\/p>\n<p>Es autor de varios libros entre los que se encuentran \u2018\u00bfJusticia Transicional o Impunidad?, La encrucijada de la paz en Colombia\u2019 (2017); \u2018La justicia en el siglo XIX en Colombia\u2019 (2007); \u2018Derecho Civil Bienes (2003); y \u2018Litigio Interamericano: Perspectiva Jur\u00eddica del Sistema de Protecci\u00f3n de la OEA\u2019. Tambi\u00e9n ha sido editor de la obra Historia del Derecho P\u00fablico en Colombia.<\/p>\n<p>Fue elegido miembro correspondiente de la Academia Colombiana de Historia (2011), de la Academia Colombiana de Jurisprudencia (2013) y de la Academia Colombiana de Derecho Internacional (2013).<\/p>\n<p>Entre sus reconocimientos se cuentan la Beca de la Excelencia ALBAN de la Uni\u00f3n Europea para estudios doctorales (2007); la beca otorgada por el Instituto Interamericano de Derechos Humanos de Costa Rica para el XIX Curso Interdisciplinario de Derecho Internacional (2001); la beca otorgada por el Institute of Legal Studies de Polonia para el Human Rights Program (Poznan, 2009). Tambi\u00e9n fue becado por el Asser Institute y Universidad de Utrech para el Human Rights Program (Pa\u00edses Bajos y B\u00e9lgica, 2007); y en 2002 recibi\u00f3 una beca otorgada por el Instituto Interamericano de Derechos Humanos de Costa Rica para el Human Rights Program en Oxford, (Inglaterra, 2002).<\/p>\n<p>Durante a\u00f1o y medio se desempe\u00f1\u00f3 como Alto Consejero Presidencial para los Derechos Humanos y Asuntos Internacionales del gobierno del Presidente Iv\u00e1n Duque M\u00e1rquez.<\/p>\n<p>Desde el 13 de febrero de 2020 hasta el 13 de febrero de 2024 fue el Fiscal General de la Naci\u00f3n.<\/p>\n<p><strong>Gesti\u00f3n como Fiscal General de la Naci\u00f3n<\/strong><\/p>\n<p>Su administraci\u00f3n como Fiscal General de la Naci\u00f3n se ha enfocado en priorizar y aumentar la eficacia en la investigaci\u00f3n de delitos graves de los cuales son v\u00edctimas sectores vulnerables de la poblaci\u00f3n, como defensores de derechos humanos, reincorporados de las Farc-EP, mujeres, ni\u00f1os, ni\u00f1as y adolescentes, el esclarecimiento de masacres, entre otros, con algunas aproximaciones novedosas y sin precedentes en la entidad, como la protecci\u00f3n de los derechos de los animales.<\/p>\n<p>Su modelo de gesti\u00f3n ha consistido en trabajar en los territorios, especialmente los m\u00e1s alejados y afectados por la violencia, que se han caracterizado por una poca presencia del Estado, y en fortalecer el impacto en contra de las organizaciones criminales detr\u00e1s de tales fen\u00f3menos delictivos, lo que incluye afectar sus econom\u00edas il\u00edcitas. Durante los \u00faltimos dos a\u00f1os, el Fiscal General ha liderado el trabajo de la entidad por medio de tres ejes rectores: primero, la designaci\u00f3n de equipos itinerantes, compuestos por fiscales, investigadores y analistas, a lo largo de todo el pa\u00eds, para fortalecer las investigaciones -sobre todo en sus etapas m\u00e1s tempranas- y la presencia institucional de la Fiscal\u00eda; segundo, la concentraci\u00f3n de actividades investigativas, que consiste en \u201cconsolidar toda la informaci\u00f3n probatoria existente en la Fiscal\u00eda en un solo equipo especializado de trabajo, con el fin de analizarla para identificar objetivos estrat\u00e9gicos en la lucha contra la criminalidad organizada\u201d; y tercero, una profundizaci\u00f3n de la articulaci\u00f3n entre las distintas dependencias misionales de la entidad y con las dem\u00e1s instituciones del Estado.<\/p>\n<p>Entre los resultados de la gesti\u00f3n del actual Fiscal General, est\u00e1n, entre otros, la elevaci\u00f3n de los \u00edndices de esclarecimiento de delitos como el homicidio doloso, la violencia intrafamiliar, la violencia de g\u00e9nero (con una tasa de esclarecimiento del delito del feminicidio cercana al 100%) y los homicidios colectivos (con una tasa de esclarecimiento de m\u00e1s del 70%). Tambi\u00e9n, un mejoramiento en la rapidez y eficiencia de la respuesta frente a ciertos delitos connotados y complejos, como las masacres y los atentados en contra de la Fuerza P\u00fablica.<\/p>\n[embedyt] https:\/\/www.youtube.com\/watch?v=CyQ1APkVpx8[\/embedyt]\n<p><strong>Condecoraciones entregadas al Fiscal General de la Naci\u00f3n, Francisco Roberto Barbosa Delgado<\/strong><\/p>\n<p>El 9 de septiembre de 2019 recibi\u00f3 la Medalla Militar \u201cGeneral Jos\u00e9 Hilario L\u00f3pez Vald\u00e9s\u201d, en reconocimiento al trabajo realizado en los distintos territorios del pa\u00eds, basado en el compromiso con la defensa y respeto de los Derechos Humanos.<\/p>\n<p>En enero de 2021 recibi\u00f3 un reconocimiento por su aporte invaluable en la consolidaci\u00f3n del Servicio de Investigaci\u00f3n Criminal y por su apoyo incondicional a la Polic\u00eda Nacional.<\/p>\n<p>El 9 de julio de 2021 recibi\u00f3 la \u201cMedalla DIJ\u00cdN Mayor Pedro Alejandro Rojas Betancourt Primera Vez\u201d, por destacarse en actos extraordinarios del servicio y en la lucha contra la criminalidad.<\/p>\n<p>En octubre de 2021 recibi\u00f3 un reconocimiento y gratitud por su liderazgo y acompa\u00f1amiento a la Direcci\u00f3n de Investigaci\u00f3n Criminal e INTERPOL, contribuyendo a su vez con fortalecimiento de la seguridad a los sectores econ\u00f3micos del pa\u00eds.<\/p>\n<p>El 4 de noviembre de 2021 recibi\u00f3 la Medalla Militar \u201cServicios Distinguidos a la Armada Nacional\u201d, por su desinteresada labor que ha significado un valioso aporte al desarrollo, crecimiento y protecci\u00f3n institucional, lo que repercute en el progreso de nuestro pa\u00eds.<\/p>\n<p>El 11 de noviembre de 2021 recibi\u00f3 la Medalla \u201cCruz de Plata\u201d en reconocimiento a su profesionalismo y apoyo incondicional a las Fuerza Militares.<\/p>\n<p>El 11 de noviembre de 2021 tambi\u00e9n recibi\u00f3 la Medalla \u201cEstrella C\u00edvica Categor\u00eda Gran Oficial\u201d, en reconocimiento a la labor desempe\u00f1ada, enmarcada en los significativos aportes a la Polic\u00eda Nacional y al pa\u00eds, con importantes resultados y fortaleciendo las capacidades institucionales\u201d.<\/p>\n<p>El 6 de diciembre de 2021 recibi\u00f3 la Medalla Militar \u201cEscuela de Lanceros\u201d, por sus servicios eminentes en el mantenimiento de la m\u00edstica y tradiciones de los Lanceros de la Campa\u00f1a Libertadora.<\/p>\n<p>El 16 de diciembre de 2021 recibi\u00f3 un homenaje de las 35 Direcciones Seccionales y la Delegada para la Seguridad Territorial, por \u201cense\u00f1arnos a recorrer y conocer con amor el territorio y por su invaluable compromiso de trabajar por nuestro pa\u00eds\u201d.<\/p>\n<p>La Corporaci\u00f3n Excelencia en la Justicia tambi\u00e9n le confiri\u00f3 un reconocimiento.<\/p>\n<p>El 29 de junio de 2022, el Senado de la Rep\u00fablica confiri\u00f3 al Fiscal General, Francisco Barbosa, la orden del Congreso de Colombia en el grado \u201cGran Cruz con Placa de Oro, como reconocimiento a su trayectoria y a los servicios distinguidos al pa\u00eds\u201d.<\/p>\n\n<div class=\"twitter-share\"><a href=\"https:\/\/twitter.com\/intent\/tweet?via=fiscaliacol\" class=\"twitter-share-button\">Tweet<\/a><\/div>\n","protected":false},"excerpt":{"rendered":"<p>Fiscal General de la Naci\u00f3n entre 2020 y 2024 Abogado de la Universidad Sergio Arboleda (1999), especialista en Relaciones Internacionales de la Universidad Jorge Tadeo Lozano (2000) y en Regulaci\u00f3n y Gesti\u00f3n de las Telecomunicaciones y Nuevas Tecnolog\u00edas de la Universidad Externado de Colombia (2007). Obtuvo t\u00edtulos de maestr\u00eda en Historia en la Universidad Javeriana [&hellip;]<\/p>\n","protected":false},"author":143,"featured_media":0,"parent":0,"menu_order":0,"comment_status":"closed","ping_status":"closed","template":"","meta":{"_price":"","_stock":"","_tribe_ticket_header":"","_tribe_default_ticket_provider":"","_tribe_ticket_capacity":"0","_ticket_start_date":"","_ticket_end_date":"","_tribe_ticket_show_description":"","_tribe_ticket_show_not_going":false,"_tribe_ticket_use_global_stock":"","_tribe_ticket_global_stock_level":"","_global_stock_mode":"","_global_stock_cap":"","_tribe_rsvp_for_event":"","_tribe_ticket_going_count":"","_tribe_ticket_not_going_count":"","_tribe_tickets_list":"[]","_tribe_ticket_has_attendee_info_fields":false,"tdm_status":"","tdm_grid_status":"","footnotes":"","_tec_slr_enabled":"","_tec_slr_layout":""},"class_list":["post-288146","page","type-page","status-publish"],"yoast_head":"<!-- This site is optimized with the Yoast SEO plugin v24.3 - https:\/\/yoast.com\/wordpress\/plugins\/seo\/ -->\n<title>Fiscal\u00eda General de la Naci\u00f3n<\/title>\n<meta name=\"description\" content=\"P\u00e1gina oficial de la Fiscal\u00eda General de la Naci\u00f3n \u2013 Colombia. Garantizamos el acceso efectivo a la justicia, la verdad y la reparaci\u00f3n de las v\u00edctimas de los delitos.\" \/>\n<meta name=\"robots\" content=\"index, follow, max-snippet:-1, max-image-preview:large, max-video-preview:-1\" \/>\n<link rel=\"canonical\" href=\"https:\/\/www.fiscalia.gov.co\/colombia\/francisco-roberto-barbosa-delgado\/\" \/>\n<meta property=\"og:locale\" content=\"es_ES\" \/>\n<meta property=\"og:type\" content=\"article\" \/>\n<meta property=\"og:title\" content=\"Fiscal\u00eda General de la Naci\u00f3n\" \/>\n<meta property=\"og:description\" content=\"P\u00e1gina oficial de la Fiscal\u00eda General de la Naci\u00f3n \u2013 Colombia. Garantizamos el acceso efectivo a la justicia, la verdad y la reparaci\u00f3n de las v\u00edctimas de los delitos.\" \/>\n<meta property=\"og:url\" content=\"https:\/\/www.fiscalia.gov.co\/colombia\/francisco-roberto-barbosa-delgado\/\" \/>\n<meta property=\"og:site_name\" content=\"Fiscal\u00eda General de la Naci\u00f3n\" \/>\n<meta property=\"article:publisher\" content=\"https:\/\/www.facebook.com\/FiscaliaCol\" \/>\n<meta property=\"article:modified_time\" content=\"2024-02-14T15:43:34+00:00\" \/>\n<meta property=\"og:image\" content=\"https:\/\/www.fiscalia.gov.co\/colombia\/wp-content\/uploads\/Retrato-Fiscal-Museo-scaled.jpg\" \/>\n<meta name=\"twitter:card\" content=\"summary_large_image\" \/>\n<meta name=\"twitter:site\" content=\"@FiscaliaCol\" \/>\n<meta name=\"twitter:label1\" content=\"Tiempo de lectura\" \/>\n\t<meta name=\"twitter:data1\" content=\"7 minutos\" \/>\n<script type=\"application\/ld+json\" class=\"yoast-schema-graph\">{\"@context\":\"https:\/\/schema.org\",\"@graph\":[{\"@type\":\"WebPage\",\"@id\":\"https:\/\/www.fiscalia.gov.co\/colombia\/francisco-roberto-barbosa-delgado\/\",\"url\":\"https:\/\/www.fiscalia.gov.co\/colombia\/francisco-roberto-barbosa-delgado\/\",\"name\":\"Fiscal\u00eda General de la Naci\u00f3n\",\"isPartOf\":{\"@id\":\"https:\/\/www.fiscalia.gov.co\/colombia\/#website\"},\"primaryImageOfPage\":{\"@id\":\"https:\/\/www.fiscalia.gov.co\/colombia\/francisco-roberto-barbosa-delgado\/#primaryimage\"},\"image\":{\"@id\":\"https:\/\/www.fiscalia.gov.co\/colombia\/francisco-roberto-barbosa-delgado\/#primaryimage\"},\"thumbnailUrl\":\"https:\/\/www.fiscalia.gov.co\/colombia\/wp-content\/uploads\/Retrato-Fiscal-Museo-scaled.jpg\",\"datePublished\":\"2024-02-14T15:23:39+00:00\",\"dateModified\":\"2024-02-14T15:43:34+00:00\",\"description\":\"P\u00e1gina oficial de la Fiscal\u00eda General de la Naci\u00f3n \u2013 Colombia. Garantizamos el acceso efectivo a la justicia, la verdad y la reparaci\u00f3n de las v\u00edctimas de los delitos.\",\"breadcrumb\":{\"@id\":\"https:\/\/www.fiscalia.gov.co\/colombia\/francisco-roberto-barbosa-delgado\/#breadcrumb\"},\"inLanguage\":\"es-CO\",\"potentialAction\":[{\"@type\":\"ReadAction\",\"target\":[\"https:\/\/www.fiscalia.gov.co\/colombia\/francisco-roberto-barbosa-delgado\/\"]}]},{\"@type\":\"ImageObject\",\"inLanguage\":\"es-CO\",\"@id\":\"https:\/\/www.fiscalia.gov.co\/colombia\/francisco-roberto-barbosa-delgado\/#primaryimage\",\"url\":\"https:\/\/www.fiscalia.gov.co\/colombia\/wp-content\/uploads\/Retrato-Fiscal-Museo-scaled.jpg\",\"contentUrl\":\"https:\/\/www.fiscalia.gov.co\/colombia\/wp-content\/uploads\/Retrato-Fiscal-Museo-scaled.jpg\",\"width\":1707,\"height\":2560},{\"@type\":\"BreadcrumbList\",\"@id\":\"https:\/\/www.fiscalia.gov.co\/colombia\/francisco-roberto-barbosa-delgado\/#breadcrumb\",\"itemListElement\":[{\"@type\":\"ListItem\",\"position\":1,\"name\":\"Home\",\"item\":\"https:\/\/www.fiscalia.gov.co\/colombia\/\"},{\"@type\":\"ListItem\",\"position\":2,\"name\":\"Francisco Roberto Barbosa Delgado\"}]},{\"@type\":\"WebSite\",\"@id\":\"https:\/\/www.fiscalia.gov.co\/colombia\/#website\",\"url\":\"https:\/\/www.fiscalia.gov.co\/colombia\/\",\"name\":\"Fiscal\u00eda General de la Naci\u00f3n\",\"description\":\"P\u00e1gina oficial de la Fiscal\u00eda General de la Naci\u00f3n \u2013 Colombia. Garantizamos el acceso efectivo a la justicia, la verdad y la reparaci\u00f3n de las v\u00edctimas de los delitos.\",\"publisher\":{\"@id\":\"https:\/\/www.fiscalia.gov.co\/colombia\/#organization\"},\"potentialAction\":[{\"@type\":\"SearchAction\",\"target\":{\"@type\":\"EntryPoint\",\"urlTemplate\":\"https:\/\/www.fiscalia.gov.co\/colombia\/?s={search_term_string}\"},\"query-input\":{\"@type\":\"PropertyValueSpecification\",\"valueRequired\":true,\"valueName\":\"search_term_string\"}}],\"inLanguage\":\"es-CO\"},{\"@type\":\"Organization\",\"@id\":\"https:\/\/www.fiscalia.gov.co\/colombia\/#organization\",\"name\":\"Fiscal\u00eda General de la Naci\u00f3n\",\"url\":\"https:\/\/www.fiscalia.gov.co\/colombia\/\",\"logo\":{\"@type\":\"ImageObject\",\"inLanguage\":\"es-CO\",\"@id\":\"https:\/\/www.fiscalia.gov.co\/colombia\/#\/schema\/logo\/image\/\",\"url\":\"https:\/\/www.fiscalia.gov.co\/colombia\/wp-content\/uploads\/LogoHorizontal_1.jpg\",\"contentUrl\":\"https:\/\/www.fiscalia.gov.co\/colombia\/wp-content\/uploads\/LogoHorizontal_1.jpg\",\"width\":300,\"height\":90,\"caption\":\"Fiscal\u00eda General de la Naci\u00f3n\"},\"image\":{\"@id\":\"https:\/\/www.fiscalia.gov.co\/colombia\/#\/schema\/logo\/image\/\"},\"sameAs\":[\"https:\/\/www.facebook.com\/FiscaliaCol\",\"https:\/\/x.com\/FiscaliaCol\",\"https:\/\/www.instagram.com\/fiscaliacol\",\"https:\/\/www.linkedin.com\/company\/fiscalia-general-de-la-naci-n\/\",\"https:\/\/youtube.com\/@fiscaliageneraldelanacion-4668?si=6nN79nyQICPU5iTh\"]}]}<\/script>\n<!-- \/ Yoast SEO plugin. -->","yoast_head_json":{"title":"Fiscal\u00eda General de la Naci\u00f3n","description":"P\u00e1gina oficial de la Fiscal\u00eda General de la Naci\u00f3n \u2013 Colombia. Garantizamos el acceso efectivo a la justicia, la verdad y la reparaci\u00f3n de las v\u00edctimas de los delitos.","robots":{"index":"index","follow":"follow","max-snippet":"max-snippet:-1","max-image-preview":"max-image-preview:large","max-video-preview":"max-video-preview:-1"},"canonical":"https:\/\/www.fiscalia.gov.co\/colombia\/francisco-roberto-barbosa-delgado\/","og_locale":"es_ES","og_type":"article","og_title":"Fiscal\u00eda General de la Naci\u00f3n","og_description":"P\u00e1gina oficial de la Fiscal\u00eda General de la Naci\u00f3n \u2013 Colombia. Garantizamos el acceso efectivo a la justicia, la verdad y la reparaci\u00f3n de las v\u00edctimas de los delitos.","og_url":"https:\/\/www.fiscalia.gov.co\/colombia\/francisco-roberto-barbosa-delgado\/","og_site_name":"Fiscal\u00eda General de la Naci\u00f3n","article_publisher":"https:\/\/www.facebook.com\/FiscaliaCol","article_modified_time":"2024-02-14T15:43:34+00:00","og_image":[{"url":"https:\/\/www.fiscalia.gov.co\/colombia\/wp-content\/uploads\/Retrato-Fiscal-Museo-scaled.jpg","type":"","width":"","height":""}],"twitter_card":"summary_large_image","twitter_site":"@FiscaliaCol","twitter_misc":{"Tiempo de lectura":"7 minutos"},"schema":{"@context":"https:\/\/schema.org","@graph":[{"@type":"WebPage","@id":"https:\/\/www.fiscalia.gov.co\/colombia\/francisco-roberto-barbosa-delgado\/","url":"https:\/\/www.fiscalia.gov.co\/colombia\/francisco-roberto-barbosa-delgado\/","name":"Fiscal\u00eda General de la Naci\u00f3n","isPartOf":{"@id":"https:\/\/www.fiscalia.gov.co\/colombia\/#website"},"primaryImageOfPage":{"@id":"https:\/\/www.fiscalia.gov.co\/colombia\/francisco-roberto-barbosa-delgado\/#primaryimage"},"image":{"@id":"https:\/\/www.fiscalia.gov.co\/colombia\/francisco-roberto-barbosa-delgado\/#primaryimage"},"thumbnailUrl":"https:\/\/www.fiscalia.gov.co\/colombia\/wp-content\/uploads\/Retrato-Fiscal-Museo-scaled.jpg","datePublished":"2024-02-14T15:23:39+00:00","dateModified":"2024-02-14T15:43:34+00:00","description":"P\u00e1gina oficial de la Fiscal\u00eda General de la Naci\u00f3n \u2013 Colombia. Garantizamos el acceso efectivo a la justicia, la verdad y la reparaci\u00f3n de las v\u00edctimas de los delitos.","breadcrumb":{"@id":"https:\/\/www.fiscalia.gov.co\/colombia\/francisco-roberto-barbosa-delgado\/#breadcrumb"},"inLanguage":"es-CO","potentialAction":[{"@type":"ReadAction","target":["https:\/\/www.fiscalia.gov.co\/colombia\/francisco-roberto-barbosa-delgado\/"]}]},{"@type":"ImageObject","inLanguage":"es-CO","@id":"https:\/\/www.fiscalia.gov.co\/colombia\/francisco-roberto-barbosa-delgado\/#primaryimage","url":"https:\/\/www.fiscalia.gov.co\/colombia\/wp-content\/uploads\/Retrato-Fiscal-Museo-scaled.jpg","contentUrl":"https:\/\/www.fiscalia.gov.co\/colombia\/wp-content\/uploads\/Retrato-Fiscal-Museo-scaled.jpg","width":1707,"height":2560},{"@type":"BreadcrumbList","@id":"https:\/\/www.fiscalia.gov.co\/colombia\/francisco-roberto-barbosa-delgado\/#breadcrumb","itemListElement":[{"@type":"ListItem","position":1,"name":"Home","item":"https:\/\/www.fiscalia.gov.co\/colombia\/"},{"@type":"ListItem","position":2,"name":"Francisco Roberto Barbosa Delgado"}]},{"@type":"WebSite","@id":"https:\/\/www.fiscalia.gov.co\/colombia\/#website","url":"https:\/\/www.fiscalia.gov.co\/colombia\/","name":"Fiscal\u00eda General de la Naci\u00f3n","description":"P\u00e1gina oficial de la Fiscal\u00eda General de la Naci\u00f3n \u2013 Colombia. Garantizamos el acceso efectivo a la justicia, la verdad y la reparaci\u00f3n de las v\u00edctimas de los delitos.","publisher":{"@id":"https:\/\/www.fiscalia.gov.co\/colombia\/#organization"},"potentialAction":[{"@type":"SearchAction","target":{"@type":"EntryPoint","urlTemplate":"https:\/\/www.fiscalia.gov.co\/colombia\/?s={search_term_string}"},"query-input":{"@type":"PropertyValueSpecification","valueRequired":true,"valueName":"search_term_string"}}],"inLanguage":"es-CO"},{"@type":"Organization","@id":"https:\/\/www.fiscalia.gov.co\/colombia\/#organization","name":"Fiscal\u00eda General de la Naci\u00f3n","url":"https:\/\/www.fiscalia.gov.co\/colombia\/","logo":{"@type":"ImageObject","inLanguage":"es-CO","@id":"https:\/\/www.fiscalia.gov.co\/colombia\/#\/schema\/logo\/image\/","url":"https:\/\/www.fiscalia.gov.co\/colombia\/wp-content\/uploads\/LogoHorizontal_1.jpg","contentUrl":"https:\/\/www.fiscalia.gov.co\/colombia\/wp-content\/uploads\/LogoHorizontal_1.jpg","width":300,"height":90,"caption":"Fiscal\u00eda General de la Naci\u00f3n"},"image":{"@id":"https:\/\/www.fiscalia.gov.co\/colombia\/#\/schema\/logo\/image\/"},"sameAs":["https:\/\/www.facebook.com\/FiscaliaCol","https:\/\/x.com\/FiscaliaCol","https:\/\/www.instagram.com\/fiscaliacol","https:\/\/www.linkedin.com\/company\/fiscalia-general-de-la-naci-n\/","https:\/\/youtube.com\/@fiscaliageneraldelanacion-4668?si=6nN79nyQICPU5iTh"]}]}},"ticketed":false,"_links":{"self":[{"href":"https:\/\/www.fiscalia.gov.co\/colombia\/wp-json\/wp\/v2\/pages\/288146","targetHints":{"allow":["GET"]}}],"collection":[{"href":"https:\/\/www.fiscalia.gov.co\/colombia\/wp-json\/wp\/v2\/pages"}],"about":[{"href":"https:\/\/www.fiscalia.gov.co\/colombia\/wp-json\/wp\/v2\/types\/page"}],"author":[{"embeddable":true,"href":"https:\/\/www.fiscalia.gov.co\/colombia\/wp-json\/wp\/v2\/users\/143"}],"replies":[{"embeddable":true,"href":"https:\/\/www.fiscalia.gov.co\/colombia\/wp-json\/wp\/v2\/comments?post=288146"}],"version-history":[{"count":6,"href":"https:\/\/www.fiscalia.gov.co\/colombia\/wp-json\/wp\/v2\/pages\/288146\/revisions"}],"predecessor-version":[{"id":288157,"href":"https:\/\/www.fiscalia.gov.co\/colombia\/wp-json\/wp\/v2\/pages\/288146\/revisions\/288157"}],"wp:attachment":[{"href":"https:\/\/www.fiscalia.gov.co\/colombia\/wp-json\/wp\/v2\/media?parent=288146"}],"curies":[{"name":"wp","href":"https:\/\/api.w.org\/{rel}","templated":true}]}}