{"id":280071,"date":"2023-09-25T14:01:26","date_gmt":"2023-09-25T19:01:26","guid":{"rendered":"https:\/\/www.fiscalia.gov.co\/colombia\/?page_id=280071"},"modified":"2026-03-11T12:02:53","modified_gmt":"2026-03-11T17:02:53","slug":"violencia-basada-en-genero-y-contra-ninos-ninas-y-adolescentes","status":"publish","type":"page","link":"https:\/\/www.fiscalia.gov.co\/colombia\/violencia-basada-en-genero-y-contra-ninos-ninas-y-adolescentes\/","title":{"rendered":"Violencia basada en g\u00e9nero y contra ni\u00f1os, ni\u00f1as y adolescentes"},"content":{"rendered":"<section class=\"wpb-content-wrapper\"><div id=\"tdi_1\" class=\"tdc-row\"><div class=\"vc_row tdi_2  wpb_row td-pb-row\" >\n<style scoped>\n\/* custom css - generated by TagDiv Composer *\/\n\n\/* custom css - generated by TagDiv Composer *\/\n.tdi_2,\r\n                .tdi_2 .tdc-columns{\r\n                    min-height: 0;\r\n                }.tdi_2,\r\n\t\t\t\t.tdi_2 .tdc-columns{\r\n\t\t\t\t    display: block;\r\n\t\t\t\t}.tdi_2 .tdc-columns{\r\n\t\t\t\t    width: 100%;\r\n\t\t\t\t}.tdi_2:before,\r\n\t\t\t\t.tdi_2:after{\r\n\t\t\t\t    display: table;\r\n\t\t\t\t}\n<\/style><div class=\"vc_column tdi_4  wpb_column vc_column_container tdc-column td-pb-span12\">\n<style scoped>\n\/* custom css - generated by TagDiv Composer *\/\n\n\/* custom css - generated by TagDiv Composer *\/\n.tdi_4{\r\n                    vertical-align: baseline;\r\n                }.tdi_4 > .wpb_wrapper,\r\n\t\t\t\t.tdi_4 > .wpb_wrapper > .tdc-elements{\r\n\t\t\t\t    display: block;\r\n\t\t\t\t}.tdi_4 > .wpb_wrapper > .tdc-elements{\r\n\t\t\t\t    width: 100%;\r\n\t\t\t\t}.tdi_4 > .wpb_wrapper > .vc_row_inner{\r\n\t\t\t\t    width: auto;\r\n\t\t\t\t}.tdi_4 > .wpb_wrapper{\r\n\t\t\t\t    width: auto;\r\n\t\t\t\t    height: auto;\r\n\t\t\t\t}\n<\/style><div class=\"wpb_wrapper\" >[vc_column_text]La violencia basada en g\u00e9nero (VBG) se sustenta en estereotipos, roles y expectativas respecto a lo que los hombres y las mujeres \u201cdeber\u00edan ser\u201d. Este tipo de violencia puede manifestarse como delitos sexuales, violencia intrafamiliar, la violencia en l\u00ednea e incluso feminicidios, entre otros delitos. La investigaci\u00f3n de estas conductas delictivas debe ce\u00f1irse al est\u00e1ndar de la debida diligencia de acuerdo con los tratados internacionales y garantizar la no repetici\u00f3n.\r\n\r\nA continuaci\u00f3n, podr\u00e1 encontrar herramientas para la atenci\u00f3n, investigaci\u00f3n y judicializaci\u00f3n de diversas formas de VBG y contra ni\u00f1os, ni\u00f1as y adolescentes que facilitar\u00e1n su labor. M\u00e1s adelante podr\u00e1 hallar un directorio informaci\u00f3n de servicios institucionales, as\u00ed como links y noticias y videos de inter\u00e9s.[\/vc_column_text]<\/div><\/div><\/div><\/div><div id=\"tdi_5\" class=\"tdc-row\"><div class=\"vc_row tdi_6  wpb_row td-pb-row\" >\n<style scoped>\n\/* custom css - generated by TagDiv Composer *\/\n\n\/* custom css - generated by TagDiv Composer *\/\n.tdi_6,\r\n                .tdi_6 .tdc-columns{\r\n                    min-height: 0;\r\n                }.tdi_6,\r\n\t\t\t\t.tdi_6 .tdc-columns{\r\n\t\t\t\t    display: block;\r\n\t\t\t\t}.tdi_6 .tdc-columns{\r\n\t\t\t\t    width: 100%;\r\n\t\t\t\t}.tdi_6:before,\r\n\t\t\t\t.tdi_6:after{\r\n\t\t\t\t    display: table;\r\n\t\t\t\t}\n<\/style><div class=\"vc_column tdi_8  wpb_column vc_column_container tdc-column td-pb-span12\">\n<style scoped>\n\/* custom css - generated by TagDiv Composer *\/\n\n\/* custom css - generated by TagDiv Composer *\/\n.tdi_8{\r\n                    vertical-align: baseline;\r\n                }.tdi_8 > .wpb_wrapper,\r\n\t\t\t\t.tdi_8 > .wpb_wrapper > .tdc-elements{\r\n\t\t\t\t    display: block;\r\n\t\t\t\t}.tdi_8 > .wpb_wrapper > .tdc-elements{\r\n\t\t\t\t    width: 100%;\r\n\t\t\t\t}.tdi_8 > .wpb_wrapper > .vc_row_inner{\r\n\t\t\t\t    width: auto;\r\n\t\t\t\t}.tdi_8 > .wpb_wrapper{\r\n\t\t\t\t    width: auto;\r\n\t\t\t\t    height: auto;\r\n\t\t\t\t}\n<\/style><div class=\"wpb_wrapper\" >[vc_tta_tabs][vc_tta_section title=&#8221;VIOLENCIA SEXUAL&#8221; tab_id=&#8221;1695669874981-d68952ae-78d4&#8243;][vc_column_text]La violencia sexual como fen\u00f3meno criminal. La violencia sexual es un fen\u00f3meno criminal multidimensional, en t\u00e9rmino de sus causas, del tipo de poblaciones que afecta, de los m\u00f3viles, de sus ejecutores, de las formas y los \u00e1mbitos en que se manifiesta y de sus consecuencias. Es una manifestaci\u00f3n violenta de la discriminaci\u00f3n en raz\u00f3n del g\u00e9nero que se exacerba en tiempos de guerra y constituye un mecanismo de dominaci\u00f3n, que afecta de manera pronunciada a mujeres, ni\u00f1as, ni\u00f1os y adolescentes.[\/vc_column_text][vc_column_text]\r\n<p class=\"lead mb-1\"><b><img loading=\"lazy\" decoding=\"async\" class=\"size-full wp-image-280088 alignleft\" src=\"https:\/\/www.fiscalia.gov.co\/colombia\/wp-content\/uploads\/btn-01-150x150-1.png\" alt=\"\" width=\"150\" height=\"150\" \/><a href=\"https:\/\/www.fiscalia.gov.co\/colombia\/wp-content\/uploads\/protocolo_violencia_sexual.pdf\" target=\"_blank\" rel=\"noopener\">Protocolo de investigaci\u00f3n de violencia sexual<\/a><\/b><\/p>\r\n<p class=\"\">Este protocolo, adoptado mediante la resoluci\u00f3n 01774 de 2016, brinda herramientas para superar los retos asociados a la atenci\u00f3n, investigaci\u00f3n y judicializaci\u00f3n en casos de violencia sexual.<\/p>\r\n<a href=\"https:\/\/www.fiscalia.gov.co\/colombia\/wp-content\/uploads\/protocolo_violencia_sexual.pdf\" target=\"_blank\" rel=\"noopener\">Descargar PDF<\/a>\r\n\r\n&nbsp;\r\n<p class=\"lead mb-1\"><b><img loading=\"lazy\" decoding=\"async\" class=\"size-full wp-image-280089 alignleft\" src=\"https:\/\/www.fiscalia.gov.co\/colombia\/wp-content\/uploads\/btn-02-150x150-1.png\" alt=\"\" width=\"150\" height=\"150\" \/>Listas de chequeo para la investigaci\u00f3n de la violencia sexual<\/b><\/p>\r\n<p class=\"\">Es una gu\u00eda pr\u00e1ctica que ajusta, ampl\u00eda y desarrolla los contenidos del protocolo de violencia sexual. Para ello aborda:<\/p>\r\n\r\n<ul>\r\n \t<li><a href=\"https:\/\/www.fiscalia.gov.co\/colombia\/wp-content\/uploads\/protocolo_violencia_sexual.pdf\" target=\"_blank\" rel=\"noopener\">Rutas de atenci\u00f3n y Actos Urgentes<\/a>\r\n<a href=\"https:\/\/www.fiscalia.gov.co\/colombia\/wp-content\/uploads\/protocolo_violencia_sexual.pdf\" target=\"_blank\" rel=\"noopener\">(M\u00f3dulo 1)<\/a><\/li>\r\n \t<li><a href=\"https:\/\/www.fiscalia.gov.co\/colombia\/wp-content\/uploads\/lcvs_modulo2.pdf\" target=\"_blank\" rel=\"noopener\">Construcci\u00f3n de hip\u00f3tesis delictivas integrales<\/a>\r\n<a href=\"https:\/\/www.fiscalia.gov.co\/colombia\/wp-content\/uploads\/lcvs_modulo2.pdf\" target=\"_blank\" rel=\"noopener\">(M\u00f3dulo 2)<\/a><\/li>\r\n \t<li><a href=\"https:\/\/www.fiscalia.gov.co\/colombia\/wp-content\/uploads\/lcvs_modulo3.pdf\" target=\"_blank\" rel=\"noopener\">Selecci\u00f3n y ejecuci\u00f3n de actos de investigaci\u00f3n<\/a>\r\n<a href=\"https:\/\/www.fiscalia.gov.co\/colombia\/wp-content\/uploads\/lcvs_modulo3.pdf\" target=\"_blank\" rel=\"noopener\">(M\u00f3dulo 3)<\/a><\/li>\r\n \t<li><a href=\"https:\/\/www.fiscalia.gov.co\/colombia\/wp-content\/uploads\/lcvs_modulo3.pdf\" target=\"_blank\" rel=\"noopener\">Estrategias de judicializaci\u00f3n<\/a>\r\n<a href=\"https:\/\/www.fiscalia.gov.co\/colombia\/wp-content\/uploads\/lcvs_modulo3.pdf\" target=\"_blank\" rel=\"noopener\">(M\u00f3dulo 4)<\/a><\/li>\r\n<\/ul>\r\n[\/vc_column_text][vc_column_text]\r\n<p class=\"lead mb-1\"><b><img loading=\"lazy\" decoding=\"async\" class=\"size-full wp-image-280100 alignleft\" src=\"https:\/\/www.fiscalia.gov.co\/colombia\/wp-content\/uploads\/btn-03-150x150-1.png\" alt=\"\" width=\"150\" height=\"150\" \/><a href=\"https:\/\/www.fiscalia.gov.co\/colombia\/wp-content\/uploads\/lcvs_modulo3.pdf\" target=\"_blank\" rel=\"noopener\">10 Infaltables de la investigaci\u00f3n de violencia sexual<\/a><\/b><\/p>\r\n<p class=\"\">Esta lista incluye los actos de investigaci\u00f3n m\u00ednimos que deben considerarse en la investigaci\u00f3n de delitos sexuales.<\/p>\r\n&nbsp;\r\n\r\n<a href=\"https:\/\/www.fiscalia.gov.co\/colombia\/wp-content\/uploads\/lcvs_modulo3.pdf\" target=\"_blank\" rel=\"noopener\">Descargar PDF\u00a0<\/a>[\/vc_column_text][vc_column_text]\r\n<p class=\"lead mb-1\"><b><img loading=\"lazy\" decoding=\"async\" class=\"size-full wp-image-280102 alignleft\" src=\"https:\/\/www.fiscalia.gov.co\/colombia\/wp-content\/uploads\/btn-04-150x150-1.png\" alt=\"\" width=\"150\" height=\"150\" \/><a href=\"https:\/\/www.fiscalia.gov.co\/colombia\/wp-content\/uploads\/abc_denuncia_delitos_sexuales.pdf\" target=\"_blank\" rel=\"noopener\">ABC de la denuncia de delitos sexuales<\/a><\/b><\/p>\r\n<p class=\"\">Es una herramienta para la recepci\u00f3n de denuncias por delitos sexuales cuyo buen uso garantiza la recolecci\u00f3n completa de informaci\u00f3n durante el conocimiento de los hechos.<\/p>\r\n&nbsp;\r\n\r\n<a href=\"https:\/\/www.fiscalia.gov.co\/colombia\/wp-content\/uploads\/abc_denuncia_delitos_sexuales.pdf\" target=\"_blank\" rel=\"noopener\">Descargar PDF\u00a0<\/a>[\/vc_column_text][\/vc_tta_section][vc_tta_section title=&#8221;VIOLENCIA INTRAFAMILIAR&#8221; tab_id=&#8221;1695669874994-782e58a5-3934&#8243;][vc_column_text]La violencia intrafamiliar es un fen\u00f3meno delictivo que tiene repercusiones graves para las v\u00edctimas directas y para todos los miembros de la familia, especialmente para las mujeres, las ni\u00f1as, los ni\u00f1os y los ancianos, tanto dentro del hogar como en el \u00e1mbito laboral, pol\u00edtico, econ\u00f3mico y social. Este tipo de violencia tiene caracter\u00edsticas peculiares que la diferencian de otros tipos de agresi\u00f3n y abuso, por el espacio en que ocurre, por los actores que intervienen, por el conjunto de factores psicol\u00f3gicos que entran en juego y por los retos que representa para el desarrollo exitoso del proceso penal. En esta secci\u00f3n se agrupan herramientas \u00fatiles para la atenci\u00f3n a v\u00edctimas, la investigaci\u00f3n y la judicializaci\u00f3n de la violencia intrafamiliar, para actuar con debida diligencia y evitar desenlaces fatales.\r\n<p class=\"lead mb-1\"><b><strong><img loading=\"lazy\" decoding=\"async\" class=\"size-full wp-image-280106 alignleft\" src=\"https:\/\/www.fiscalia.gov.co\/colombia\/wp-content\/uploads\/lis-vif-p-150x150-1.jpg\" alt=\"\" width=\"150\" height=\"150\" \/>Listas de chequeo para la investigaci\u00f3n de la violencia I<\/strong><strong>ntrafamiliar<\/strong><\/b><\/p>\r\n\r\n<div class=\"col-md-6 p-4\">\r\n<div class=\"row\">\r\n<div class=\"col-9\">\r\n<p class=\"\">\u00a0Es una gu\u00eda pr\u00e1ctica que desarrolla informaci\u00f3n y estrategias \u00fatiles para la investigaci\u00f3n de la VIF y la superaci\u00f3n de obst\u00e1culos frecuentes en su judicializaci\u00f3n. Para ello aborda herramientas para:<\/p>\r\n\r\n<ul>\r\n \t<li><a href=\"https:\/\/www.fiscalia.gov.co\/colombia\/wp-content\/uploads\/mod1vif.pdf\" target=\"_blank\" rel=\"noopener\">Comprensi\u00f3n de la violencia intrafamiliar y conocimiento de los hechos<\/a><\/li>\r\n \t<li><a href=\"https:\/\/www.fiscalia.gov.co\/colombia\/wp-content\/uploads\/mod2vif.pdf\" target=\"_blank\" rel=\"noopener\">Investigaci\u00f3n de la Violencia Intramiliar<\/a><\/li>\r\n \t<li><a href=\"https:\/\/www.fiscalia.gov.co\/colombia\/wp-content\/uploads\/mod3vif.pdf\" target=\"_blank\" rel=\"noopener\">Judicializaci\u00f3n de la Violencia Intrafamiliar<\/a><\/li>\r\n<\/ul>\r\n<\/div>\r\n<\/div>\r\n<\/div>\r\n[\/vc_column_text][\/vc_tta_section][vc_tta_section title=&#8221;FEMINICIDIO&#8221; tab_id=&#8221;1695669911772-30d5a6ce-2c2a&#8221;][vc_column_text]<img loading=\"lazy\" decoding=\"async\" class=\"wp-image-280079 size-full alignleft\" src=\"https:\/\/www.fiscalia.gov.co\/colombia\/wp-content\/uploads\/img-fem.jpg\" alt=\"\" width=\"150\" height=\"150\" \/>\r\n<div class=\"col-2 p-0 d-flex align-items-start\">Es una gu\u00eda pr\u00e1ctica que desarrolla herramientas para mejorar la investigaci\u00f3n del feminicidio a partir de una perspectiva de g\u00e9nero y cumpliendo con el est\u00e1ndar de debida diligencia, la cual representa la adaptaci\u00f3n a la legislaci\u00f3n y jurisprudencia nacional del Modelo de Protocolo Latinoamericano de investigaci\u00f3n de muertes violentas de mujeres por razones de g\u00e9nero. Para ello aborda herramientas y pautas de la siguiente manera:<\/div>\r\n<ul>\r\n \t<li class=\"col-2 p-0 d-flex align-items-start\"><a href=\"https:\/\/www.fiscalia.gov.co\/colombia\/wp-content\/uploads\/FEMINICIDIO-TOMO-1-1.pdf\" target=\"_blank\" rel=\"noopener\">Tomo 1: El delito de feminicidio y sus elementos. Conceptos claves.<\/a><\/li>\r\n \t<li class=\"col-2 p-0 d-flex align-items-start\"><a href=\"https:\/\/www.fiscalia.gov.co\/colombia\/wp-content\/uploads\/FEMINICIDIO-TOMO-2-1.pdf\" target=\"_blank\" rel=\"noopener\">Tomo 2: Herramientas y pautas para la investigaci\u00f3n del feminicidio. Conceptos Claves.<\/a><\/li>\r\n \t<li class=\"col-2 p-0 d-flex align-items-start\"><a href=\"https:\/\/www.fiscalia.gov.co\/colombia\/wp-content\/uploads\/FEMINICIDIO-TOMO-3-1.pdf\" target=\"_blank\" rel=\"noopener\">Tomo 3: Construcci\u00f3n de la teor\u00eda del caso y conceptos claves.<\/a><\/li>\r\n<\/ul>\r\n[\/vc_column_text][\/vc_tta_section][vc_tta_section title=&#8221;VIOLENCIA EN L\u00cdNEA&#8221; tab_id=&#8221;1695669984926-6cfef7db-907d&#8221;][vc_single_image image=&#8221;282854&#8243; img_size=&#8221;full&#8221; onclick=&#8221;custom_link&#8221; link=&#8221;https:\/\/www.fiscalia.gov.co\/colombia\/violencia-basada-en-genero-y-contra-ninos-ninas-y-adolescentes\/violencia-en-linea\/&#8221;][vc_single_image image=&#8221;282853&#8243; img_size=&#8221;full&#8221; onclick=&#8221;custom_link&#8221; link=&#8221;https:\/\/www.fiscalia.gov.co\/colombia\/violencia-basada-en-genero-y-contra-ninos-ninas-y-adolescentes\/violencia-en-linea\/&#8221;][vc_single_image image=&#8221;282855&#8243; img_size=&#8221;full&#8221; onclick=&#8221;custom_link&#8221; link=&#8221;https:\/\/www.fiscalia.gov.co\/colombia\/violencia-basada-en-genero-y-contra-ninos-ninas-y-adolescentes\/violencia-en-linea\/&#8221;][vc_single_image image=&#8221;282856&#8243; img_size=&#8221;full&#8221; onclick=&#8221;custom_link&#8221; link=&#8221;https:\/\/www.fiscalia.gov.co\/colombia\/violencia-basada-en-genero-y-contra-ninos-ninas-y-adolescentes\/violencia-en-linea\/&#8221;][\/vc_tta_section][vc_tta_section title=&#8221;ALERTA ROSA&#8221; tab_id=&#8221;1769805760225-0849312b-5a91&#8243;][vc_column_text]<strong><img loading=\"lazy\" decoding=\"async\" class=\" wp-image-330518 alignleft\" src=\"https:\/\/www.fiscalia.gov.co\/colombia\/wp-content\/uploads\/ALERTA-ROSA.png\" alt=\"\" width=\"199\" height=\"182\" \/><a href=\"https:\/\/www.fiscalia.gov.co\/colombia\/wp-content\/uploads\/Protocolo-Alerta-Rosa-FGN.pdf\" target=\"_blank\" rel=\"noopener\">Protocolo de Actuaci\u00f3n de Alerta Rosa<\/a><\/strong>\r\n\r\nEl\u00a0<b data-ogsc=\"\">Protocolo de actuaci\u00f3n de la Alerta Rosa<\/b>, adoptado en cumplimiento de la Ley 2326 de 2023, define los roles de los actores clave, el paso a paso del plan operativo de b\u00fasqueda y pautas con enfoque de g\u00e9nero y diferencial para la atenci\u00f3n y la b\u00fasqueda de ni\u00f1as, ni\u00f1os, adolescentes, j\u00f3venes y mujeres reportadas como desaparecidas&#8221;.\r\n\r\n<a href=\"https:\/\/www.fiscalia.gov.co\/colombia\/wp-content\/uploads\/Protocolo-Alerta-Rosa-FGN.pdf\" target=\"_blank\" rel=\"noopener\">Descargar PDF<\/a>[\/vc_column_text][\/vc_tta_section][vc_tta_section title=&#8221;SERVICIOS&#8221; tab_id=&#8221;1695669931449-4829ac12-c3b2&#8243;][vc_column_text]\r\n<h5><strong>Denuncias y Protecci\u00f3n<\/strong><\/h5>\r\n<ul>\r\n \t<li><a href=\"https:\/\/www.fiscalia.gov.co\/colombia\/servicios-de-informacion-al-ciudadano\/donde-y-como-denunciar\/\" target=\"_blank\" rel=\"noopener\">\u00bfD\u00f3nde y C\u00f3mo denunciar?<\/a><\/li>\r\n \t<li><a href=\"https:\/\/www.fiscalia.gov.co\/colombia\/portafolio-de-servicios\/\" target=\"_blank\" rel=\"noopener\">Conozca c\u00f3mo funciona el programa de Protecci\u00f3n y asistencia de la FGN y otros servicios<\/a><\/li>\r\n<\/ul>\r\n<h5><strong>Programa de Prevenci\u00f3n Social del Delito &#8220;Futuro Colombia&#8221;<\/strong><\/h5>\r\n<ul>\r\n \t<li><a href=\"https:\/\/www.fiscalia.gov.co\/colombia\/futuro-colombia\/\" target=\"_blank\" rel=\"noopener\">Conozca sobre el Programa Futuro Colombia<\/a><\/li>\r\n \t<li><a href=\"https:\/\/www.fiscalia.gov.co\/colombia\/transparencia-y-acceso-a-informacion-publica\/informacion-para-poblacion-vulnerable-victimas\/\" target=\"_blank\" rel=\"noopener\">Acciones desarrolladas por el Programa de Prevenci\u00f3n Social del Delito \u201cFuturo Colombia\u201d<\/a><\/li>\r\n<\/ul>\r\n<h5><strong>Fiscal\u00eda para ni\u00f1as, ni\u00f1os y adolescentes<\/strong><\/h5>\r\n<ul>\r\n \t<li><a href=\"https:\/\/www.fiscalia.gov.co\/colombia\/fiscalia-para-ninos-ninas-y-adolescentes\/\" target=\"_blank\" rel=\"noopener\">Fiscal\u00eda para ni\u00f1as, ni\u00f1os y adolescentes<\/a><\/li>\r\n<\/ul>\r\n[\/vc_column_text][\/vc_tta_section][vc_tta_section title=&#8221;NOTICIAS DE INTER\u00c9S&#8221; tab_id=&#8221;1695670005171-22cd409d-c528&#8243;]<div class=\"td_block_wrap td_block_4 tdi_9 td_with_ajax_pagination td-pb-border-top td_block_template_6 td-column-3 td_block_padding\"  data-td-block-uid=\"tdi_9\" ><script>var block_tdi_9 = new tdBlock();\nblock_tdi_9.id = \"tdi_9\";\nblock_tdi_9.atts = '{\"category_id\":\"24127\",\"limit\":\"20\",\"open_in_new_window\":\"true\",\"ajax_pagination\":\"next_prev\",\"block_type\":\"td_block_4\",\"separator\":\"\",\"custom_title\":\"\",\"custom_url\":\"\",\"block_template_id\":\"\",\"m2_tl\":\"\",\"m2_el\":\"\",\"post_ids\":\"\",\"taxonomies\":\"\",\"category_ids\":\"\",\"in_all_terms\":\"\",\"tag_slug\":\"\",\"autors_id\":\"\",\"installed_post_types\":\"\",\"include_cf_posts\":\"\",\"exclude_cf_posts\":\"\",\"sort\":\"\",\"popular_by_date\":\"\",\"linked_posts\":\"\",\"favourite_only\":\"\",\"offset\":\"\",\"show_modified_date\":\"\",\"time_ago\":\"\",\"time_ago_add_txt\":\"ago\",\"time_ago_txt_pos\":\"\",\"review_source\":\"\",\"el_class\":\"\",\"td_ajax_filter_type\":\"\",\"td_ajax_filter_ids\":\"\",\"td_filter_default_txt\":\"All\",\"td_ajax_preloading\":\"\",\"f_header_font_header\":\"\",\"f_header_font_title\":\"Block header\",\"f_header_font_settings\":\"\",\"f_header_font_family\":\"\",\"f_header_font_size\":\"\",\"f_header_font_line_height\":\"\",\"f_header_font_style\":\"\",\"f_header_font_weight\":\"\",\"f_header_font_transform\":\"\",\"f_header_font_spacing\":\"\",\"f_header_\":\"\",\"f_ajax_font_title\":\"Ajax categories\",\"f_ajax_font_settings\":\"\",\"f_ajax_font_family\":\"\",\"f_ajax_font_size\":\"\",\"f_ajax_font_line_height\":\"\",\"f_ajax_font_style\":\"\",\"f_ajax_font_weight\":\"\",\"f_ajax_font_transform\":\"\",\"f_ajax_font_spacing\":\"\",\"f_ajax_\":\"\",\"f_more_font_title\":\"Load more button\",\"f_more_font_settings\":\"\",\"f_more_font_family\":\"\",\"f_more_font_size\":\"\",\"f_more_font_line_height\":\"\",\"f_more_font_style\":\"\",\"f_more_font_weight\":\"\",\"f_more_font_transform\":\"\",\"f_more_font_spacing\":\"\",\"f_more_\":\"\",\"m2f_title_font_header\":\"\",\"m2f_title_font_title\":\"Article title\",\"m2f_title_font_settings\":\"\",\"m2f_title_font_family\":\"\",\"m2f_title_font_size\":\"\",\"m2f_title_font_line_height\":\"\",\"m2f_title_font_style\":\"\",\"m2f_title_font_weight\":\"\",\"m2f_title_font_transform\":\"\",\"m2f_title_font_spacing\":\"\",\"m2f_title_\":\"\",\"m2f_cat_font_title\":\"Article category tag\",\"m2f_cat_font_settings\":\"\",\"m2f_cat_font_family\":\"\",\"m2f_cat_font_size\":\"\",\"m2f_cat_font_line_height\":\"\",\"m2f_cat_font_style\":\"\",\"m2f_cat_font_weight\":\"\",\"m2f_cat_font_transform\":\"\",\"m2f_cat_font_spacing\":\"\",\"m2f_cat_\":\"\",\"m2f_meta_font_title\":\"Article meta info\",\"m2f_meta_font_settings\":\"\",\"m2f_meta_font_family\":\"\",\"m2f_meta_font_size\":\"\",\"m2f_meta_font_line_height\":\"\",\"m2f_meta_font_style\":\"\",\"m2f_meta_font_weight\":\"\",\"m2f_meta_font_transform\":\"\",\"m2f_meta_font_spacing\":\"\",\"m2f_meta_\":\"\",\"m2f_ex_font_title\":\"Article excerpt\",\"m2f_ex_font_settings\":\"\",\"m2f_ex_font_family\":\"\",\"m2f_ex_font_size\":\"\",\"m2f_ex_font_line_height\":\"\",\"m2f_ex_font_style\":\"\",\"m2f_ex_font_weight\":\"\",\"m2f_ex_font_transform\":\"\",\"m2f_ex_font_spacing\":\"\",\"m2f_ex_\":\"\",\"ajax_pagination_next_prev_swipe\":\"\",\"ajax_pagination_infinite_stop\":\"\",\"css\":\"\",\"tdc_css\":\"\",\"td_column_number\":3,\"header_color\":\"\",\"color_preset\":\"\",\"border_top\":\"\",\"class\":\"tdi_9\",\"tdc_css_class\":\"tdi_9\",\"tdc_css_class_style\":\"tdi_9_rand_style\"}';\nblock_tdi_9.td_column_number = \"3\";\nblock_tdi_9.block_type = \"td_block_4\";\nblock_tdi_9.post_count = \"20\";\nblock_tdi_9.found_posts = \"6553\";\nblock_tdi_9.header_color = \"\";\nblock_tdi_9.ajax_pagination_infinite_stop = \"\";\nblock_tdi_9.max_num_pages = \"328\";\ntdBlocksArray.push(block_tdi_9);\n<\/script><div class=\"td-block-title-wrap\"><\/div><div id=tdi_9 class=\"td_block_inner\">\n\n\t<div class=\"td-block-row\">\n\n\t<div class=\"td-block-span4\">\n\n        <div class=\"td_module_2 td_module_wrap td-animation-stack td_module_no_thumb\">\n            <div class=\"td-module-image\">\n                                <a href=\"https:\/\/www.fiscalia.gov.co\/colombia\/category\/noticias\/\" class=\"td-post-category\" >Noticias<\/a>            <\/div>\n            <h3 class=\"entry-title td-module-title\"><a href=\"https:\/\/www.fiscalia.gov.co\/colombia\/noticias\/hombre-senalado-de-agredir-a-su-excompanera-sentimental-en-cauca-fue-enviado-a-la-carcel\/\"  rel=\"bookmark\" title=\"Hombre se\u00f1alado de agredir a su excompa\u00f1era sentimental en Cauca fue enviado a la c\u00e1rcel\">Hombre se\u00f1alado de agredir a su excompa\u00f1era sentimental en Cauca fue enviado a la c\u00e1rcel<\/a><\/h3>\n\n            <div class=\"td-module-meta-info\">\n             <div class=\"td-post-date-boletin\">                 Caloto (Cauca). <\/div>                                <span class=\"td-post-date\"><time class=\"entry-date updated td-module-date\" datetime=\"2026-04-29T17:36:31-05:00\" >mi\u00e9rcoles, 29 de abril de 2026 5:36 pm<\/time><\/span>                                 <div class=\"td-post-date-boletin\">                 Bolet\u00edn 59110                 <\/div> \n            <\/div>\n\n            <div class=\"td-excerpt\">\n                Por solicitud de la Fiscal\u00eda General de la Naci\u00f3n un juez de control de garant\u00edas impuso medida de aseguramiento en centro carcelario a un hombre se\u00f1alado de agredir f\u00edsicamente a su excompa\u00f1era sentimental en Caloto (Cauca).\r\n\r\nPor estos hechos, un...            <\/div>\n\n            \n        <\/div>\n\n        \n\t<\/div> <!-- .\/td-block-span4 -->\n\n\t<div class=\"td-block-span4\">\n\n        <div class=\"td_module_2 td_module_wrap td-animation-stack td_module_no_thumb\">\n            <div class=\"td-module-image\">\n                                <a href=\"https:\/\/www.fiscalia.gov.co\/colombia\/category\/noticias\/\" class=\"td-post-category\" >Noticias<\/a>            <\/div>\n            <h3 class=\"entry-title td-module-title\"><a href=\"https:\/\/www.fiscalia.gov.co\/colombia\/noticias\/asegurado-en-centro-carcelario-mototaxista-senalado-de-abusar-sexualmente-de-una-menor-en-cali\/\"  rel=\"bookmark\" title=\"Asegurado en centro carcelario mototaxista se\u00f1alado de abusar sexualmente de una menor en Cali\">Asegurado en centro carcelario mototaxista se\u00f1alado de abusar sexualmente de una menor en Cali<\/a><\/h3>\n\n            <div class=\"td-module-meta-info\">\n             <div class=\"td-post-date-boletin\">                 Bogot\u00e1 D.C.. <\/div>                                <span class=\"td-post-date\"><time class=\"entry-date updated td-module-date\" datetime=\"2026-04-19T10:15:01-05:00\" >domingo, 19 de abril de 2026 10:15 am<\/time><\/span>                                 <div class=\"td-post-date-boletin\">                 Bolet\u00edn 58994                 <\/div> \n            <\/div>\n\n            <div class=\"td-excerpt\">\n                El hombre habr\u00eda intentado asfixiar a la v\u00edctima y dejado inconsciente.\r\nLa Fiscal\u00eda General de la Naci\u00f3n present\u00f3 ante un juez penal de control de garant\u00edas a Luis Fernando Varona Guevara, un mototaxista se\u00f1alado de abusar sexualmente de una adolescente,...            <\/div>\n\n            \n        <\/div>\n\n        \n\t<\/div> <!-- .\/td-block-span4 -->\n\n\t<div class=\"td-block-span4\">\n\n        <div class=\"td_module_2 td_module_wrap td-animation-stack td_module_no_thumb\">\n            <div class=\"td-module-image\">\n                                <a href=\"https:\/\/www.fiscalia.gov.co\/colombia\/category\/noticias\/\" class=\"td-post-category\" >Noticias<\/a>            <\/div>\n            <h3 class=\"entry-title td-module-title\"><a href=\"https:\/\/www.fiscalia.gov.co\/colombia\/noticias\/en-evidencia-urologo-que-habria-abusado-sexualmente-de-20-pacientes-en-medellin\/\"  rel=\"bookmark\" title=\"En\u00a0evidencia\u00a0ur\u00f3logo\u00a0que\u00a0habr\u00eda abusado sexualmente de 20 pacientes en Medell\u00edn\u00a0\">En\u00a0evidencia\u00a0ur\u00f3logo\u00a0que\u00a0habr\u00eda abusado sexualmente de 20 pacientes en Medell\u00edn\u00a0<\/a><\/h3>\n\n            <div class=\"td-module-meta-info\">\n             <div class=\"td-post-date-boletin\">                 Medell\u00edn (Antioquia). <\/div>                                <span class=\"td-post-date\"><time class=\"entry-date updated td-module-date\" datetime=\"2026-04-18T08:16:03-05:00\" >s\u00e1bado, 18 de abril de 2026 8:16 am<\/time><\/span>                                 <div class=\"td-post-date-boletin\">                 Bolet\u00edn 58991                 <\/div> \n            <\/div>\n\n            <div class=\"td-excerpt\">\n                El m\u00e9dico fue judicializado y deber\u00e1 cumplir medida de aseguramiento en centro carcelario por el delito de acceso carnal o acto sexual abusivo en persona puesta en incapacidad de resistir.\u00a0\u00a0\u00a0\r\nActividades investigativas orientadas por la Fiscal\u00eda General de la Naci\u00f3n...            <\/div>\n\n            \n        <\/div>\n\n        \n\t<\/div> <!-- .\/td-block-span4 --><\/div><!--.\/row-fluid-->\n\n\t<div class=\"td-block-row\">\n\n\t<div class=\"td-block-span4\">\n\n        <div class=\"td_module_2 td_module_wrap td-animation-stack td_module_no_thumb\">\n            <div class=\"td-module-image\">\n                                <a href=\"https:\/\/www.fiscalia.gov.co\/colombia\/category\/noticias\/\" class=\"td-post-category\" >Noticias<\/a>            <\/div>\n            <h3 class=\"entry-title td-module-title\"><a href=\"https:\/\/www.fiscalia.gov.co\/colombia\/noticias\/condenado-a-21-anos-de-prision-responsable-de-abusar-sexualmente-a-su-hijastra-en-huila\/\"  rel=\"bookmark\" title=\"Condenado a 21 a\u00f1os de prisi\u00f3n responsable de abusar sexualmente a su hijastra en Huila\">Condenado a 21 a\u00f1os de prisi\u00f3n responsable de abusar sexualmente a su hijastra en Huila<\/a><\/h3>\n\n            <div class=\"td-module-meta-info\">\n             <div class=\"td-post-date-boletin\">                 Aipe- Neiva (Huila). <\/div>                                <span class=\"td-post-date\"><time class=\"entry-date updated td-module-date\" datetime=\"2026-04-17T15:11:49-05:00\" >viernes, 17 de abril de 2026 3:11 pm<\/time><\/span>                                 <div class=\"td-post-date-boletin\">                 Bolet\u00edn 58986                 <\/div> \n            <\/div>\n\n            <div class=\"td-excerpt\">\n                La menor de edad fue agredida sexualmente en siete oportunidades en viviendas en Neiva y Aipe (Huila).\r\nLas pruebas recopiladas por la Fiscal\u00eda General de la Naci\u00f3n permitieron que un juez de conocimiento de Neiva (Huila) condenara a 21 a\u00f1os...            <\/div>\n\n            \n        <\/div>\n\n        \n\t<\/div> <!-- .\/td-block-span4 -->\n\n\t<div class=\"td-block-span4\">\n\n        <div class=\"td_module_2 td_module_wrap td-animation-stack td_module_no_thumb\">\n            <div class=\"td-module-image\">\n                                <a href=\"https:\/\/www.fiscalia.gov.co\/colombia\/category\/noticias\/\" class=\"td-post-category\" >Noticias<\/a>            <\/div>\n            <h3 class=\"entry-title td-module-title\"><a href=\"https:\/\/www.fiscalia.gov.co\/colombia\/noticias\/asegurado-presunto-responsable-de-asesinar-y-prenderle-fuego-a-su-excompanera-sentimental-en-medellin\/\"  rel=\"bookmark\" title=\"Asegurado presunto responsable de asesinar y prenderle fuego a su excompa\u00f1era sentimental en Medell\u00edn\">Asegurado presunto responsable de asesinar y prenderle fuego a su excompa\u00f1era sentimental en Medell\u00edn<\/a><\/h3>\n\n            <div class=\"td-module-meta-info\">\n             <div class=\"td-post-date-boletin\">                 Medell\u00edn (Antioquia). <\/div>                                <span class=\"td-post-date\"><time class=\"entry-date updated td-module-date\" datetime=\"2026-04-17T11:44:27-05:00\" >viernes, 17 de abril de 2026 11:44 am<\/time><\/span>                                 <div class=\"td-post-date-boletin\">                 Bolet\u00edn 58984                 <\/div> \n            <\/div>\n\n            <div class=\"td-excerpt\">\n                Por solicitud de la Fiscal\u00eda General de la Naci\u00f3n, un juez con funci\u00f3n de control de garant\u00edas impuso medida de aseguramiento en centro carcelario en contra de Mateo Trujillo Palacios, como presunto responsable del crimen de su expareja sentimental,...            <\/div>\n\n            \n        <\/div>\n\n        \n\t<\/div> <!-- .\/td-block-span4 -->\n\n\t<div class=\"td-block-span4\">\n\n        <div class=\"td_module_2 td_module_wrap td-animation-stack td_module_no_thumb\">\n            <div class=\"td-module-image\">\n                                <a href=\"https:\/\/www.fiscalia.gov.co\/colombia\/category\/noticias\/\" class=\"td-post-category\" >Noticias<\/a>            <\/div>\n            <h3 class=\"entry-title td-module-title\"><a href=\"https:\/\/www.fiscalia.gov.co\/colombia\/noticias\/condenado-a-mas-de-24-anos-de-prision-responsable-de-abusar-sexualmente-y-atentar-contra-la-vida-de-una-mujer-en-santa-fe-de-antioquia\/\"  rel=\"bookmark\" title=\"Condenado a m\u00e1s de 24 a\u00f1os de prisi\u00f3n responsable de abusar sexualmente y atentar contra la vida de una mujer en Santa Fe de Antioquia\">Condenado a m\u00e1s de 24 a\u00f1os de prisi\u00f3n responsable de abusar sexualmente y atentar contra la vida de una mujer en Santa Fe de Antioquia<\/a><\/h3>\n\n            <div class=\"td-module-meta-info\">\n             <div class=\"td-post-date-boletin\">                 Santa Fe de Antioquia (Antioquia). <\/div>                                <span class=\"td-post-date\"><time class=\"entry-date updated td-module-date\" datetime=\"2026-04-16T16:14:16-05:00\" >jueves, 16 de abril de 2026 4:14 pm<\/time><\/span>                                 <div class=\"td-post-date-boletin\">                 Bolet\u00edn 58976                 <\/div> \n            <\/div>\n\n            <div class=\"td-excerpt\">\n                Las pruebas presentadas por la Fiscal\u00eda General de la Naci\u00f3n, permitieron que Adri\u00e1n Alberto Londo\u00f1o Hern\u00e1ndez, aceptara su responsabilidad en el abuso sexual y el intento de asesinato de una mujer de 30 a\u00f1os, en Santa Fe de Antioquia.\r\n\r\nPor...            <\/div>\n\n            \n        <\/div>\n\n        \n\t<\/div> <!-- .\/td-block-span4 --><\/div><!--.\/row-fluid-->\n\n\t<div class=\"td-block-row\">\n\n\t<div class=\"td-block-span4\">\n\n        <div class=\"td_module_2 td_module_wrap td-animation-stack td_module_no_thumb\">\n            <div class=\"td-module-image\">\n                                <a href=\"https:\/\/www.fiscalia.gov.co\/colombia\/category\/noticias\/\" class=\"td-post-category\" >Noticias<\/a>            <\/div>\n            <h3 class=\"entry-title td-module-title\"><a href=\"https:\/\/www.fiscalia.gov.co\/colombia\/noticias\/en-cartagena-aseguran-a-un-hombre-senalado-de-intentar-asesinar-a-su-expareja\/\"  rel=\"bookmark\" title=\"En Cartagena aseguran a un hombre se\u00f1alado de intentar asesinar a su expareja\">En Cartagena aseguran a un hombre se\u00f1alado de intentar asesinar a su expareja<\/a><\/h3>\n\n            <div class=\"td-module-meta-info\">\n             <div class=\"td-post-date-boletin\">                 Cartagena (Bol\u00edvar). <\/div>                                <span class=\"td-post-date\"><time class=\"entry-date updated td-module-date\" datetime=\"2026-04-16T13:33:59-05:00\" >jueves, 16 de abril de 2026 1:33 pm<\/time><\/span>                                 <div class=\"td-post-date-boletin\">                 mBolet\u00edn 58970                 <\/div> \n            <\/div>\n\n            <div class=\"td-excerpt\">\n                Los elementos materiales probatorios aportados por un fiscal de la Unidad de Vida, de la Seccional Bol\u00edvar, permitieron que un juez con funciones de control de garant\u00edas impusiera medida de aseguramiento en centro carcelario a un hombre de 24...            <\/div>\n\n            \n        <\/div>\n\n        \n\t<\/div> <!-- .\/td-block-span4 -->\n\n\t<div class=\"td-block-span4\">\n\n        <div class=\"td_module_2 td_module_wrap td-animation-stack td_module_no_thumb\">\n            <div class=\"td-module-image\">\n                                <a href=\"https:\/\/www.fiscalia.gov.co\/colombia\/category\/noticias\/\" class=\"td-post-category\" >Noticias<\/a>            <\/div>\n            <h3 class=\"entry-title td-module-title\"><a href=\"https:\/\/www.fiscalia.gov.co\/colombia\/noticias\/en-risaralda-aseguran-a-dos-hombres-senalados-de-agredir-a-sus-familiares\/\"  rel=\"bookmark\" title=\"En Risaralda aseguran a dos hombres se\u00f1alados de agredir a sus familiares\">En Risaralda aseguran a dos hombres se\u00f1alados de agredir a sus familiares<\/a><\/h3>\n\n            <div class=\"td-module-meta-info\">\n             <div class=\"td-post-date-boletin\">                 Dosquebradas, Santa Rosa de Cabal (Risaralda). <\/div>                                <span class=\"td-post-date\"><time class=\"entry-date updated td-module-date\" datetime=\"2026-04-16T11:00:32-05:00\" >jueves, 16 de abril de 2026 11:00 am<\/time><\/span>                                 <div class=\"td-post-date-boletin\">                 Bolet\u00edn 58969                 <\/div> \n            <\/div>\n\n            <div class=\"td-excerpt\">\n                La Fiscal\u00eda General de la Naci\u00f3n judicializ\u00f3 a dos hombres presuntamente implicados en maltratos f\u00edsicos, verbales y psicol\u00f3gicos contra sus familiares. Se trata de hechos aislados ocurridos en los municipios de Dosquebradas y Santa Rosa de Cabal en Risaralda....            <\/div>\n\n            \n        <\/div>\n\n        \n\t<\/div> <!-- .\/td-block-span4 -->\n\n\t<div class=\"td-block-span4\">\n\n        <div class=\"td_module_2 td_module_wrap td-animation-stack td_module_no_thumb\">\n            <div class=\"td-module-image\">\n                                <a href=\"https:\/\/www.fiscalia.gov.co\/colombia\/category\/noticias\/\" class=\"td-post-category\" >Noticias<\/a>            <\/div>\n            <h3 class=\"entry-title td-module-title\"><a href=\"https:\/\/www.fiscalia.gov.co\/colombia\/noticias\/condenado-a-50-anos-de-prision-responsable-del-crimen-de-su-companera-sentimental-en-tasajera-magdalena\/\"  rel=\"bookmark\" title=\"Condenado a 50 a\u00f1os de prisi\u00f3n responsable del crimen de su compa\u00f1era sentimental en Tasajera (Magdalena)\">Condenado a 50 a\u00f1os de prisi\u00f3n responsable del crimen de su compa\u00f1era sentimental en Tasajera (Magdalena)<\/a><\/h3>\n\n            <div class=\"td-module-meta-info\">\n             <div class=\"td-post-date-boletin\">                 Santa Marta (Magdalena). <\/div>                                <span class=\"td-post-date\"><time class=\"entry-date updated td-module-date\" datetime=\"2026-04-16T10:35:35-05:00\" >jueves, 16 de abril de 2026 10:35 am<\/time><\/span>                                 <div class=\"td-post-date-boletin\">                 Bolet\u00edn 58968                 <\/div> \n            <\/div>\n\n            <div class=\"td-excerpt\">\n                El hombre atac\u00f3 con arma blanca a la v\u00edctima en presencia de su hija menor de edad.\r\nLos argumentos expuestos por la Fiscal\u00eda General de la Naci\u00f3n permitieron que un juez de conocimiento condenara a 50 a\u00f1os de prisi\u00f3n a...            <\/div>\n\n            \n        <\/div>\n\n        \n\t<\/div> <!-- .\/td-block-span4 --><\/div><!--.\/row-fluid-->\n\n\t<div class=\"td-block-row\">\n\n\t<div class=\"td-block-span4\">\n\n        <div class=\"td_module_2 td_module_wrap td-animation-stack td_module_no_thumb\">\n            <div class=\"td-module-image\">\n                                <a href=\"https:\/\/www.fiscalia.gov.co\/colombia\/category\/noticias\/\" class=\"td-post-category\" >Noticias<\/a>            <\/div>\n            <h3 class=\"entry-title td-module-title\"><a href=\"https:\/\/www.fiscalia.gov.co\/colombia\/noticias\/condenado-a-mas-de-12-anos-de-prision-responsable-de-agredir-sexualmente-a-su-nieta-en-tarqui-huila\/\"  rel=\"bookmark\" title=\"Condenado a m\u00e1s de 12 a\u00f1os de prisi\u00f3n responsable de agredir sexualmente a su nieta en Tarqui (Huila)\">Condenado a m\u00e1s de 12 a\u00f1os de prisi\u00f3n responsable de agredir sexualmente a su nieta en Tarqui (Huila)<\/a><\/h3>\n\n            <div class=\"td-module-meta-info\">\n             <div class=\"td-post-date-boletin\">                 Tarqui (Huila). <\/div>                                <span class=\"td-post-date\"><time class=\"entry-date updated td-module-date\" datetime=\"2026-04-15T13:57:05-05:00\" >mi\u00e9rcoles, 15 de abril de 2026 1:57 pm<\/time><\/span>                                 <div class=\"td-post-date-boletin\">                 Bolet\u00edn 58960                 <\/div> \n            <\/div>\n\n            <div class=\"td-excerpt\">\n                La v\u00edctima para la \u00e9poca de los hechos ten\u00eda 7 a\u00f1os y fue sometida a tocamientos inapropiados en cuatro ocasiones, mientras permanec\u00eda al cuidado de su abuelo.\r\nLas pruebas presentadas por la Fiscal\u00eda General de la Naci\u00f3n permitieron que un...            <\/div>\n\n            \n        <\/div>\n\n        \n\t<\/div> <!-- .\/td-block-span4 -->\n\n\t<div class=\"td-block-span4\">\n\n        <div class=\"td_module_2 td_module_wrap td-animation-stack td_module_no_thumb\">\n            <div class=\"td-module-image\">\n                                <a href=\"https:\/\/www.fiscalia.gov.co\/colombia\/category\/noticias\/\" class=\"td-post-category\" >Noticias<\/a>            <\/div>\n            <h3 class=\"entry-title td-module-title\"><a href=\"https:\/\/www.fiscalia.gov.co\/colombia\/noticias\/docente-condenado-por-agredir-sexualmente-a-una-menor-de-edad-en-arauca-fue-capturado-para-cumplir-sentencia\/\"  rel=\"bookmark\" title=\"Docente condenado por agredir sexualmente a una menor de edad en Arauca fue capturado para cumplir sentencia\">Docente condenado por agredir sexualmente a una menor de edad en Arauca fue capturado para cumplir sentencia<\/a><\/h3>\n\n            <div class=\"td-module-meta-info\">\n             <div class=\"td-post-date-boletin\">                 Arauca (Arauca). <\/div>                                <span class=\"td-post-date\"><time class=\"entry-date updated td-module-date\" datetime=\"2026-04-15T11:14:14-05:00\" >mi\u00e9rcoles, 15 de abril de 2026 11:14 am<\/time><\/span>                                 <div class=\"td-post-date-boletin\">                 Bolet\u00edn 58958                 <\/div> \n            <\/div>\n\n            <div class=\"td-excerpt\">\n                Por petici\u00f3n de la Fiscal\u00eda General de la Naci\u00f3n, un juez con funci\u00f3n de control de garant\u00edas legaliz\u00f3 la captura de un docente condenado por su responsabilidad en el abuso sexual de una menor de edad en zona rural...            <\/div>\n\n            \n        <\/div>\n\n        \n\t<\/div> <!-- .\/td-block-span4 -->\n\n\t<div class=\"td-block-span4\">\n\n        <div class=\"td_module_2 td_module_wrap td-animation-stack td_module_no_thumb\">\n            <div class=\"td-module-image\">\n                                <a href=\"https:\/\/www.fiscalia.gov.co\/colombia\/category\/noticias\/\" class=\"td-post-category\" >Noticias<\/a>            <\/div>\n            <h3 class=\"entry-title td-module-title\"><a href=\"https:\/\/www.fiscalia.gov.co\/colombia\/noticias\/a-21-anos-de-prision-fue-condenado-un-hombre-que-incurrio-en-conductas-de-indole-sexual-y-pornografia-contra-dos-menores-de-edad\/\"  rel=\"bookmark\" title=\"A 21 a\u00f1os de prisi\u00f3n fue condenado un hombre que incurri\u00f3 en conductas de \u00edndole sexual y pornograf\u00eda contra dos menores de edad\">A 21 a\u00f1os de prisi\u00f3n fue condenado un hombre que incurri\u00f3 en conductas de \u00edndole sexual y pornograf\u00eda contra dos menores de edad<\/a><\/h3>\n\n            <div class=\"td-module-meta-info\">\n             <div class=\"td-post-date-boletin\">                 Pereira (Risaralda). <\/div>                                <span class=\"td-post-date\"><time class=\"entry-date updated td-module-date\" datetime=\"2026-04-15T10:41:48-05:00\" >mi\u00e9rcoles, 15 de abril de 2026 10:41 am<\/time><\/span>                                 <div class=\"td-post-date-boletin\">                 Bolet\u00edn 58956                 <\/div> \n            <\/div>\n\n            <div class=\"td-excerpt\">\n                Se trata de dos hermanos de 10 y 8 a\u00f1os a quienes el ahora sentenciado someti\u00f3 a agresiones sexuales.\r\nLas pruebas aportadas por una fiscal del Centro de Atenci\u00f3n Integral a V\u00edctimas de Abuso Sexual (Caivas) de la Seccional Risaralda,...            <\/div>\n\n            \n        <\/div>\n\n        \n\t<\/div> <!-- .\/td-block-span4 --><\/div><!--.\/row-fluid-->\n\n\t<div class=\"td-block-row\">\n\n\t<div class=\"td-block-span4\">\n\n        <div class=\"td_module_2 td_module_wrap td-animation-stack td_module_no_thumb\">\n            <div class=\"td-module-image\">\n                                <a href=\"https:\/\/www.fiscalia.gov.co\/colombia\/category\/noticias\/\" class=\"td-post-category\" >Noticias<\/a>            <\/div>\n            <h3 class=\"entry-title td-module-title\"><a href=\"https:\/\/www.fiscalia.gov.co\/colombia\/noticias\/fiscalia-judicializa-a-hombres-senalados-de-maltratar-a-mujeres-en-turbaco-y-arjona-bolivar\/\"  rel=\"bookmark\" title=\"Fiscal\u00eda judicializa a hombres se\u00f1alados de maltratar a mujeres en Turbaco y Arjona (Bol\u00edvar)\">Fiscal\u00eda judicializa a hombres se\u00f1alados de maltratar a mujeres en Turbaco y Arjona (Bol\u00edvar)<\/a><\/h3>\n\n            <div class=\"td-module-meta-info\">\n             <div class=\"td-post-date-boletin\">                 Arjona (Bol\u00edvar). <\/div>                                <span class=\"td-post-date\"><time class=\"entry-date updated td-module-date\" datetime=\"2026-04-15T10:25:08-05:00\" >mi\u00e9rcoles, 15 de abril de 2026 10:25 am<\/time><\/span>                                 <div class=\"td-post-date-boletin\">                 Bolet\u00edn 58955                 <\/div> \n            <\/div>\n\n            <div class=\"td-excerpt\">\n                Los elementos materiales probatorios aportados por la Fiscal\u00eda General de la Naci\u00f3n permitieron que jueces de control de garant\u00edas, en investigaciones independientes, impusieran medidas de aseguramiento en centros carcelarios a dos hombres presuntamente comprometidos en violencia dom\u00e9stica ocurridos en...            <\/div>\n\n            \n        <\/div>\n\n        \n\t<\/div> <!-- .\/td-block-span4 -->\n\n\t<div class=\"td-block-span4\">\n\n        <div class=\"td_module_2 td_module_wrap td-animation-stack td_module_no_thumb\">\n            <div class=\"td-module-image\">\n                                <a href=\"https:\/\/www.fiscalia.gov.co\/colombia\/category\/noticias\/\" class=\"td-post-category\" >Noticias<\/a>            <\/div>\n            <h3 class=\"entry-title td-module-title\"><a href=\"https:\/\/www.fiscalia.gov.co\/colombia\/noticias\/judicializados-presuntos-responsables-de-agresiones-sexuales-contra-menores-de-edad-en-cundinamarca\/\"  rel=\"bookmark\" title=\"Judicializados presuntos responsables de agresiones sexuales contra menores de edad en Cundinamarca\">Judicializados presuntos responsables de agresiones sexuales contra menores de edad en Cundinamarca<\/a><\/h3>\n\n            <div class=\"td-module-meta-info\">\n             <div class=\"td-post-date-boletin\">                 Bogot\u00e1 D.C.. <\/div>                                <span class=\"td-post-date\"><time class=\"entry-date updated td-module-date\" datetime=\"2026-04-15T10:14:17-05:00\" >mi\u00e9rcoles, 15 de abril de 2026 10:14 am<\/time><\/span>                                 <div class=\"td-post-date-boletin\">                 Bolet\u00edn 58954                 <\/div> \n            <\/div>\n\n            <div class=\"td-excerpt\">\n                La Fiscal\u00eda General de la Naci\u00f3n judicializ\u00f3 a dos hombres de 33 y 26 a\u00f1os respectivamente, por su presunta participaci\u00f3n en agresiones sexuales a menores de edad en hechos diferentes ocurridos en Sop\u00f3 y La Vega (Cundinamarca).\r\n\r\nEl primer caso...            <\/div>\n\n            \n        <\/div>\n\n        \n\t<\/div> <!-- .\/td-block-span4 -->\n\n\t<div class=\"td-block-span4\">\n\n        <div class=\"td_module_2 td_module_wrap td-animation-stack td_module_no_thumb\">\n            <div class=\"td-module-image\">\n                                <a href=\"https:\/\/www.fiscalia.gov.co\/colombia\/category\/noticias\/\" class=\"td-post-category\" >Noticias<\/a>            <\/div>\n            <h3 class=\"entry-title td-module-title\"><a href=\"https:\/\/www.fiscalia.gov.co\/colombia\/noticias\/hombre-que-habria-abusado-sexualmente-de-su-nieta-menor-de-edad-fue-judicializado-en-mahates-bolivar\/\"  rel=\"bookmark\" title=\"Hombre que habr\u00eda abusado sexualmente de su nieta, menor de edad, fue judicializado en Mahates (Bol\u00edvar)\">Hombre que habr\u00eda abusado sexualmente de su nieta, menor de edad, fue judicializado en Mahates (Bol\u00edvar)<\/a><\/h3>\n\n            <div class=\"td-module-meta-info\">\n             <div class=\"td-post-date-boletin\">                 Mahates (Bol\u00edvar). <\/div>                                <span class=\"td-post-date\"><time class=\"entry-date updated td-module-date\" datetime=\"2026-04-14T17:19:06-05:00\" >martes, 14 de abril de 2026 5:19 pm<\/time><\/span>                                 <div class=\"td-post-date-boletin\">                 Bolet\u00edn 58950                 <\/div> \n            <\/div>\n\n            <div class=\"td-excerpt\">\n                Por petici\u00f3n de la Fiscal\u00eda General de la Naci\u00f3n, un juez con funciones de control de garant\u00edas impuso medida de aseguramiento en establecimiento carcelario a un hombre se\u00f1alado de abusar sexualmente de su nieta.\r\n\r\nLabores de polic\u00eda judicial evidencian que...            <\/div>\n\n            \n        <\/div>\n\n        \n\t<\/div> <!-- .\/td-block-span4 --><\/div><!--.\/row-fluid-->\n\n\t<div class=\"td-block-row\">\n\n\t<div class=\"td-block-span4\">\n\n        <div class=\"td_module_2 td_module_wrap td-animation-stack td_module_no_thumb\">\n            <div class=\"td-module-image\">\n                                <a href=\"https:\/\/www.fiscalia.gov.co\/colombia\/category\/noticias\/\" class=\"td-post-category\" >Noticias<\/a>            <\/div>\n            <h3 class=\"entry-title td-module-title\"><a href=\"https:\/\/www.fiscalia.gov.co\/colombia\/seccionales\/en-armenia-quindio-fueron-asegurados-dos-hombres-senalados-de-agredir-a-sus-familiares-2\/\"  rel=\"bookmark\" title=\"En Armenia (Quind\u00edo) fueron asegurados dos hombres se\u00f1alados de agredir a sus familiares\">En Armenia (Quind\u00edo) fueron asegurados dos hombres se\u00f1alados de agredir a sus familiares<\/a><\/h3>\n\n            <div class=\"td-module-meta-info\">\n             <div class=\"td-post-date-boletin\">                 Armenia (Quind\u00edo). <\/div>                                <span class=\"td-post-date\"><time class=\"entry-date updated td-module-date\" datetime=\"2026-04-14T15:03:01-05:00\" >martes, 14 de abril de 2026 3:03 pm<\/time><\/span>                                 <div class=\"td-post-date-boletin\">                 Bolet\u00edn 58945                 <\/div> \n            <\/div>\n\n            <div class=\"td-excerpt\">\n                Por solicitud de la Fiscal\u00eda General de la Naci\u00f3n, jueces de control de garant\u00edas impusieron medida de aseguramiento en centro carcelario contra dos hombres, se\u00f1alados de agredir f\u00edsica y verbalmente, en hechos diferentes, a integrantes de sus n\u00facleos familiares,...            <\/div>\n\n            \n        <\/div>\n\n        \n\t<\/div> <!-- .\/td-block-span4 -->\n\n\t<div class=\"td-block-span4\">\n\n        <div class=\"td_module_2 td_module_wrap td-animation-stack td_module_no_thumb\">\n            <div class=\"td-module-image\">\n                                <a href=\"https:\/\/www.fiscalia.gov.co\/colombia\/category\/noticias\/\" class=\"td-post-category\" >Noticias<\/a>            <\/div>\n            <h3 class=\"entry-title td-module-title\"><a href=\"https:\/\/www.fiscalia.gov.co\/colombia\/noticias\/judicializado-presunto-responsable-de-abusar-sexualmente-de-tres-menores-de-edad-en-medellin\/\"  rel=\"bookmark\" title=\"Judicializado presunto responsable de abusar sexualmente de tres menores de edad en Medell\u00edn\">Judicializado presunto responsable de abusar sexualmente de tres menores de edad en Medell\u00edn<\/a><\/h3>\n\n            <div class=\"td-module-meta-info\">\n             <div class=\"td-post-date-boletin\">                 Medell\u00edn (Antioquia). <\/div>                                <span class=\"td-post-date\"><time class=\"entry-date updated td-module-date\" datetime=\"2026-04-14T10:48:08-05:00\" >martes, 14 de abril de 2026 10:48 am<\/time><\/span>                                 <div class=\"td-post-date-boletin\">                 Bolet\u00edn 58940                 <\/div> \n            <\/div>\n\n            <div class=\"td-excerpt\">\n                Por solicitud de la Fiscal\u00eda General de la Naci\u00f3n, un juez de control de garant\u00edas impuso medida de aseguramiento en centro carcelario a un hombre de 61 a\u00f1os por su presunta responsabilidad en el abuso sexual de tres menores...            <\/div>\n\n            \n        <\/div>\n\n        \n\t<\/div> <!-- .\/td-block-span4 -->\n\n\t<div class=\"td-block-span4\">\n\n        <div class=\"td_module_2 td_module_wrap td-animation-stack td_module_no_thumb\">\n            <div class=\"td-module-image\">\n                                <a href=\"https:\/\/www.fiscalia.gov.co\/colombia\/category\/noticias\/\" class=\"td-post-category\" >Noticias<\/a>            <\/div>\n            <h3 class=\"entry-title td-module-title\"><a href=\"https:\/\/www.fiscalia.gov.co\/colombia\/noticias\/asegurado-un-hombre-senalado-de-atentar-contra-la-vida-de-su-excompanera-permanente-en-ibague-tolima\/\"  rel=\"bookmark\" title=\"Asegurado un hombre se\u00f1alado de atentar contra la vida de su excompa\u00f1era permanente en Ibagu\u00e9 (Tolima)\">Asegurado un hombre se\u00f1alado de atentar contra la vida de su excompa\u00f1era permanente en Ibagu\u00e9 (Tolima)<\/a><\/h3>\n\n            <div class=\"td-module-meta-info\">\n             <div class=\"td-post-date-boletin\">                 Ibagu\u00e9 (Tolima). <\/div>                                <span class=\"td-post-date\"><time class=\"entry-date updated td-module-date\" datetime=\"2026-04-14T10:39:43-05:00\" >martes, 14 de abril de 2026 10:39 am<\/time><\/span>                                 <div class=\"td-post-date-boletin\">                 Bolet\u00edn 58938                 <\/div> \n            <\/div>\n\n            <div class=\"td-excerpt\">\n                Por solicitud de la Fiscal\u00eda General de la Naci\u00f3n, un juez de control de garant\u00edas impuso medida de aseguramiento en centro carcelario contra Santiago Capera Guti\u00e9rrez, presunto responsable de atacar a su excompa\u00f1era sentimental.\r\n\r\nUn fiscal de la Unidad de...            <\/div>\n\n            \n        <\/div>\n\n        \n\t<\/div> <!-- .\/td-block-span4 --><\/div><!--.\/row-fluid-->\n\n\t<div class=\"td-block-row\">\n\n\t<div class=\"td-block-span4\">\n\n        <div class=\"td_module_2 td_module_wrap td-animation-stack td_module_no_thumb\">\n            <div class=\"td-module-image\">\n                                <a href=\"https:\/\/www.fiscalia.gov.co\/colombia\/category\/noticias\/\" class=\"td-post-category\" >Noticias<\/a>            <\/div>\n            <h3 class=\"entry-title td-module-title\"><a href=\"https:\/\/www.fiscalia.gov.co\/colombia\/noticias\/a-la-carcel-pareja-presuntamente-responsable-de-golpear-y-abusar-de-una-menor-de-2-anos\/\"  rel=\"bookmark\" title=\"A la c\u00e1rcel pareja presuntamente responsable de golpear y abusar de una menor de 2 a\u00f1os\">A la c\u00e1rcel pareja presuntamente responsable de golpear y abusar de una menor de 2 a\u00f1os<\/a><\/h3>\n\n            <div class=\"td-module-meta-info\">\n             <div class=\"td-post-date-boletin\">                 Monter\u00eda (C\u00f3rdoba). <\/div>                                <span class=\"td-post-date\"><time class=\"entry-date updated td-module-date\" datetime=\"2026-04-14T08:39:32-05:00\" >martes, 14 de abril de 2026 8:39 am<\/time><\/span>                                 <div class=\"td-post-date-boletin\">                 Bolet\u00edn 58935                 <\/div> \n            <\/div>\n\n            <div class=\"td-excerpt\">\n                Durante una consulta m\u00e9dica los especialistas evidenciaron signos de violencia sexual en la v\u00edctima.\r\nLabores investigativas adelantadas por una fiscal Seccional de C\u00f3rdoba permitieron judicializar a una pareja presuntamente responsable de los delitos de tentativa de feminicidio y acceso carnal...            <\/div>\n\n            \n        <\/div>\n\n        \n\t<\/div> <!-- .\/td-block-span4 -->\n\n\t<div class=\"td-block-span4\">\n\n        <div class=\"td_module_2 td_module_wrap td-animation-stack td_module_no_thumb\">\n            <div class=\"td-module-image\">\n                                <a href=\"https:\/\/www.fiscalia.gov.co\/colombia\/category\/noticias\/\" class=\"td-post-category\" >Noticias<\/a>            <\/div>\n            <h3 class=\"entry-title td-module-title\"><a href=\"https:\/\/www.fiscalia.gov.co\/colombia\/noticias\/judicializado-presunto-responsable-de-incurrir-en-conductas-sexuales-contra-su-hijastra\/\"  rel=\"bookmark\" title=\"Judicializado presunto responsable de incurrir en conductas sexuales contra su hijastra\">Judicializado presunto responsable de incurrir en conductas sexuales contra su hijastra<\/a><\/h3>\n\n            <div class=\"td-module-meta-info\">\n             <div class=\"td-post-date-boletin\">                 Dosquebradas (Risaralda). <\/div>                                <span class=\"td-post-date\"><time class=\"entry-date updated td-module-date\" datetime=\"2026-04-13T09:47:19-05:00\" >lunes, 13 de abril de 2026 9:47 am<\/time><\/span>                                 <div class=\"td-post-date-boletin\">                 Bolet\u00edn 58922                 <\/div> \n            <\/div>\n\n            <div class=\"td-excerpt\">\n                La Fiscal\u00eda General de la Naci\u00f3n present\u00f3 ante un juez de control de garant\u00edas a un hombre de 23 a\u00f1os presuntamente responsable de incurrir en conductas de \u00edndole sexual contra la hija de su compa\u00f1era sentimental.\r\n\r\nLos hechos ocurrieron el...            <\/div>\n\n            \n        <\/div>\n\n        \n\t<\/div> <!-- .\/td-block-span4 --><\/div><!--.\/row-fluid--><\/div><div class=\"td-next-prev-wrap\"><a href=\"#\" class=\"td-ajax-prev-page ajax-page-disabled\" aria-label=\"prev-page\" id=\"prev-page-tdi_9\" data-td_block_id=\"tdi_9\"><i class=\"td-next-prev-icon td-icon-font td-icon-menu-left\"><\/i><\/a><a href=\"#\"  class=\"td-ajax-next-page\" aria-label=\"next-page\" id=\"next-page-tdi_9\" data-td_block_id=\"tdi_9\"><i class=\"td-next-prev-icon td-icon-font td-icon-menu-right\"><\/i><\/a><\/div><\/div> <!-- .\/block -->[\/vc_tta_section][\/vc_tta_tabs]<\/div><\/div><\/div><\/div><div id=\"tdi_10\" class=\"tdc-row\"><div class=\"vc_row tdi_11  wpb_row td-pb-row\" >\n<style scoped>\n\/* custom css - generated by TagDiv Composer *\/\n\n\/* custom css - generated by TagDiv Composer *\/\n.tdi_11,\r\n                .tdi_11 .tdc-columns{\r\n                    min-height: 0;\r\n                }.tdi_11,\r\n\t\t\t\t.tdi_11 .tdc-columns{\r\n\t\t\t\t    display: block;\r\n\t\t\t\t}.tdi_11 .tdc-columns{\r\n\t\t\t\t    width: 100%;\r\n\t\t\t\t}.tdi_11:before,\r\n\t\t\t\t.tdi_11:after{\r\n\t\t\t\t    display: table;\r\n\t\t\t\t}\n<\/style><div class=\"vc_column tdi_13  wpb_column vc_column_container tdc-column td-pb-span12\">\n<style scoped>\n\/* custom css - generated by TagDiv Composer *\/\n\n\/* custom css - generated by TagDiv Composer *\/\n.tdi_13{\r\n                    vertical-align: baseline;\r\n                }.tdi_13 > .wpb_wrapper,\r\n\t\t\t\t.tdi_13 > .wpb_wrapper > .tdc-elements{\r\n\t\t\t\t    display: block;\r\n\t\t\t\t}.tdi_13 > .wpb_wrapper > .tdc-elements{\r\n\t\t\t\t    width: 100%;\r\n\t\t\t\t}.tdi_13 > .wpb_wrapper > .vc_row_inner{\r\n\t\t\t\t    width: auto;\r\n\t\t\t\t}.tdi_13 > .wpb_wrapper{\r\n\t\t\t\t    width: auto;\r\n\t\t\t\t    height: auto;\r\n\t\t\t\t}\n<\/style><div class=\"wpb_wrapper\" >[vc_single_image image=&#8221;280083&#8243; img_size=&#8221;full&#8221; onclick=&#8221;custom_link&#8221; link=&#8221;https:\/\/www.fiscalia.gov.co\/colombia\/violencia-basada-en-genero-y-contra-ninos-ninas-y-adolescentes\/violencia-en-linea\/&#8221;][vc_custom_heading text=&#8221;Otros materiales relacionados&#8221;][vc_column_text]\r\n<ul>\r\n \t<li><a href=\"https:\/\/www.fiscalia.gov.co\/colombia\/guia-de-buenas-practicas-para-la-investigacion-y-judicializacion-de-violencias-fundadas-en-la-orientacion-sexual-y-o-identidad-de-genero-real-o-percibida-de-la-victima\/\" target=\"_blank\" rel=\"noopener\">Gu\u00eda de buenas pr\u00e1cticas para la investigaci\u00f3n y judicializaci\u00f3n de violencias fundadas en la orientaci\u00f3n sexual y\/o identidad de g\u00e9nero (real o percibida) de la v\u00edctima<\/a><\/li>\r\n<\/ul>\r\n[\/vc_column_text]<\/div><\/div><\/div><\/div><div id=\"tdi_14\" class=\"tdc-row\"><div class=\"vc_row tdi_15  wpb_row td-pb-row\" >\n<style scoped>\n\/* custom css - generated by TagDiv Composer *\/\n\n\/* custom css - generated by TagDiv Composer *\/\n.tdi_15,\r\n                .tdi_15 .tdc-columns{\r\n                    min-height: 0;\r\n                }.tdi_15,\r\n\t\t\t\t.tdi_15 .tdc-columns{\r\n\t\t\t\t    display: block;\r\n\t\t\t\t}.tdi_15 .tdc-columns{\r\n\t\t\t\t    width: 100%;\r\n\t\t\t\t}.tdi_15:before,\r\n\t\t\t\t.tdi_15:after{\r\n\t\t\t\t    display: table;\r\n\t\t\t\t}\n<\/style><div class=\"vc_column tdi_17  wpb_column vc_column_container tdc-column td-pb-span12\">\n<style scoped>\n\/* custom css - generated by TagDiv Composer *\/\n\n\/* custom css - generated by TagDiv Composer *\/\n.tdi_17{\r\n                    vertical-align: baseline;\r\n                }.tdi_17 > .wpb_wrapper,\r\n\t\t\t\t.tdi_17 > .wpb_wrapper > .tdc-elements{\r\n\t\t\t\t    display: block;\r\n\t\t\t\t}.tdi_17 > .wpb_wrapper > .tdc-elements{\r\n\t\t\t\t    width: 100%;\r\n\t\t\t\t}.tdi_17 > .wpb_wrapper > .vc_row_inner{\r\n\t\t\t\t    width: auto;\r\n\t\t\t\t}.tdi_17 > .wpb_wrapper{\r\n\t\t\t\t    width: auto;\r\n\t\t\t\t    height: auto;\r\n\t\t\t\t}\n<\/style><div class=\"wpb_wrapper\" >[vc_column_text]\r\n\r\nwp-content\/uploads\/2022\/07\/FEMINICIDIO-TOMO-1.pdf&#8221; target=&#8221;_blank&#8221; rel=&#8221;noopener&#8221;&gt;Tomo 1: El delito de feminicidio y sus elementos. Conceptos claves.\r\n<ul>\r\n \t<li class=\"col-2 p-0 d-flex align-items-start\"><a href=\"https:\/\/www.fiscalia.gov.co\/colombia\/wp-content\/uploads\/2022\/07\/FEMINICIDIO-TOMO-2.pdf\" target=\"_blank\" rel=\"noopener\">Tomo 2: Herramientas y pautas para la investigaci\u00f3n del feminicidio. Conceptos Claves.<\/a><\/li>\r\n \t<li class=\"col-2 p-0 d-flex align-items-start\"><a href=\"https:\/\/www.fiscalia.gov.co\/colombia\/wp-content\/uploads\/2022\/07\/FEMINICIDIO-TOMO-3.pdf\" target=\"_blank\" rel=\"noopener\">Tomo 3: Construcci\u00f3n de la teor\u00eda del caso y conceptos claves.<\/a><\/li>\r\n<\/ul>\r\n&nbsp;\r\n\r\n[\/vc_column_text][vc_tta_section title=&#8221;VIOLENCIA EN L\u00cdNEA&#8221; tab_id=&#8221;1695669984926-6cfef7db-907d&#8221;][vc_single_image image=&#8221;282854&#8243; img_size=&#8221;full&#8221; onclick=&#8221;custom_link&#8221; link=&#8221;https:\/\/www.fiscalia.gov.co\/colombia\/violencia-basada-en-genero-y-contra-ninos-ninas-y-adolescentes\/violencia-en-linea\/&#8221;][vc_single_image image=&#8221;282853&#8243; img_size=&#8221;full&#8221; onclick=&#8221;custom_link&#8221; link=&#8221;https:\/\/www.fiscalia.gov.co\/colombia\/violencia-basada-en-genero-y-contra-ninos-ninas-y-adolescentes\/violencia-en-linea\/&#8221;][vc_single_image image=&#8221;282855&#8243; img_size=&#8221;full&#8221; onclick=&#8221;custom_link&#8221; link=&#8221;https:\/\/www.fiscalia.gov.co\/colombia\/violencia-basada-en-genero-y-contra-ninos-ninas-y-adolescentes\/violencia-en-linea\/&#8221;][vc_single_image image=&#8221;282856&#8243; img_size=&#8221;full&#8221; onclick=&#8221;custom_link&#8221; link=&#8221;https:\/\/www.fiscalia.gov.co\/colombia\/violencia-basada-en-genero-y-contra-ninos-ninas-y-adolescentes\/violencia-en-linea\/&#8221;][\/vc_tta_section][vc_tta_section title=&#8221;SERVICIOS&#8221; tab_id=&#8221;1695669931449-4829ac12-c3b2&#8243;][vc_column_text]\r\n<h5><strong>Denuncias y Protecci\u00f3n<\/strong><\/h5>\r\n<ul>\r\n \t<li><a href=\"https:\/\/www.fiscalia.gov.co\/colombia\/servicios-de-informacion-al-ciudadano\/donde-y-como-denunciar\/\" target=\"_blank\" rel=\"noopener\">\u00bfD\u00f3nde y C\u00f3mo denunciar?<\/a><\/li>\r\n \t<li><a href=\"https:\/\/www.fiscalia.gov.co\/colombia\/portafolio-de-servicios\/\" target=\"_blank\" rel=\"noopener\">Conozca c\u00f3mo funciona el programa de Protecci\u00f3n y asistencia de la FGN y otros servicios<\/a><\/li>\r\n<\/ul>\r\n<h5><strong>Programa de Prevenci\u00f3n Social del Delito &#8220;Futuro Colombia&#8221;<\/strong><\/h5>\r\n<ul>\r\n \t<li><a href=\"https:\/\/www.fiscalia.gov.co\/colombia\/futuro-colombia\/\" target=\"_blank\" rel=\"noopener\">Conozca sobre el Programa Futuro Colombia<\/a><\/li>\r\n \t<li><a href=\"https:\/\/www.fiscalia.gov.co\/colombia\/transparencia-y-acceso-a-informacion-publica\/informacion-para-poblacion-vulnerable-victimas\/\" target=\"_blank\" rel=\"noopener\">Acciones desarrolladas por el Programa de Prevenci\u00f3n Social del Delito \u201cFuturo Colombia\u201d<\/a><\/li>\r\n<\/ul>\r\n<h5><strong>Fiscal\u00eda para ni\u00f1as, ni\u00f1os y adolescentes<\/strong><\/h5>\r\n<ul>\r\n \t<li><a href=\"https:\/\/www.fiscalia.gov.co\/colombia\/fiscalia-para-ninos-ninas-y-adolescentes\/\" target=\"_blank\" rel=\"noopener\">Fiscal\u00eda para ni\u00f1as, ni\u00f1os y adolescentes<\/a><\/li>\r\n<\/ul>\r\n[\/vc_column_text][\/vc_tta_section][vc_tta_section title=&#8221;NOTICIAS DE INTER\u00c9S&#8221; tab_id=&#8221;1695670005171-22cd409d-c528&#8243;]<div class=\"td_block_wrap td_block_4 tdi_18 td_with_ajax_pagination td-pb-border-top td_block_template_6 td-column-3 td_block_padding\"  data-td-block-uid=\"tdi_18\" ><script>var block_tdi_18 = new tdBlock();\nblock_tdi_18.id = \"tdi_18\";\nblock_tdi_18.atts = '{\"category_id\":\"24127\",\"limit\":\"20\",\"open_in_new_window\":\"true\",\"ajax_pagination\":\"next_prev\",\"block_type\":\"td_block_4\",\"separator\":\"\",\"custom_title\":\"\",\"custom_url\":\"\",\"block_template_id\":\"\",\"m2_tl\":\"\",\"m2_el\":\"\",\"post_ids\":\"\",\"taxonomies\":\"\",\"category_ids\":\"\",\"in_all_terms\":\"\",\"tag_slug\":\"\",\"autors_id\":\"\",\"installed_post_types\":\"\",\"include_cf_posts\":\"\",\"exclude_cf_posts\":\"\",\"sort\":\"\",\"popular_by_date\":\"\",\"linked_posts\":\"\",\"favourite_only\":\"\",\"offset\":\"\",\"show_modified_date\":\"\",\"time_ago\":\"\",\"time_ago_add_txt\":\"ago\",\"time_ago_txt_pos\":\"\",\"review_source\":\"\",\"el_class\":\"\",\"td_ajax_filter_type\":\"\",\"td_ajax_filter_ids\":\"\",\"td_filter_default_txt\":\"All\",\"td_ajax_preloading\":\"\",\"f_header_font_header\":\"\",\"f_header_font_title\":\"Block header\",\"f_header_font_settings\":\"\",\"f_header_font_family\":\"\",\"f_header_font_size\":\"\",\"f_header_font_line_height\":\"\",\"f_header_font_style\":\"\",\"f_header_font_weight\":\"\",\"f_header_font_transform\":\"\",\"f_header_font_spacing\":\"\",\"f_header_\":\"\",\"f_ajax_font_title\":\"Ajax categories\",\"f_ajax_font_settings\":\"\",\"f_ajax_font_family\":\"\",\"f_ajax_font_size\":\"\",\"f_ajax_font_line_height\":\"\",\"f_ajax_font_style\":\"\",\"f_ajax_font_weight\":\"\",\"f_ajax_font_transform\":\"\",\"f_ajax_font_spacing\":\"\",\"f_ajax_\":\"\",\"f_more_font_title\":\"Load more button\",\"f_more_font_settings\":\"\",\"f_more_font_family\":\"\",\"f_more_font_size\":\"\",\"f_more_font_line_height\":\"\",\"f_more_font_style\":\"\",\"f_more_font_weight\":\"\",\"f_more_font_transform\":\"\",\"f_more_font_spacing\":\"\",\"f_more_\":\"\",\"m2f_title_font_header\":\"\",\"m2f_title_font_title\":\"Article title\",\"m2f_title_font_settings\":\"\",\"m2f_title_font_family\":\"\",\"m2f_title_font_size\":\"\",\"m2f_title_font_line_height\":\"\",\"m2f_title_font_style\":\"\",\"m2f_title_font_weight\":\"\",\"m2f_title_font_transform\":\"\",\"m2f_title_font_spacing\":\"\",\"m2f_title_\":\"\",\"m2f_cat_font_title\":\"Article category tag\",\"m2f_cat_font_settings\":\"\",\"m2f_cat_font_family\":\"\",\"m2f_cat_font_size\":\"\",\"m2f_cat_font_line_height\":\"\",\"m2f_cat_font_style\":\"\",\"m2f_cat_font_weight\":\"\",\"m2f_cat_font_transform\":\"\",\"m2f_cat_font_spacing\":\"\",\"m2f_cat_\":\"\",\"m2f_meta_font_title\":\"Article meta info\",\"m2f_meta_font_settings\":\"\",\"m2f_meta_font_family\":\"\",\"m2f_meta_font_size\":\"\",\"m2f_meta_font_line_height\":\"\",\"m2f_meta_font_style\":\"\",\"m2f_meta_font_weight\":\"\",\"m2f_meta_font_transform\":\"\",\"m2f_meta_font_spacing\":\"\",\"m2f_meta_\":\"\",\"m2f_ex_font_title\":\"Article excerpt\",\"m2f_ex_font_settings\":\"\",\"m2f_ex_font_family\":\"\",\"m2f_ex_font_size\":\"\",\"m2f_ex_font_line_height\":\"\",\"m2f_ex_font_style\":\"\",\"m2f_ex_font_weight\":\"\",\"m2f_ex_font_transform\":\"\",\"m2f_ex_font_spacing\":\"\",\"m2f_ex_\":\"\",\"ajax_pagination_next_prev_swipe\":\"\",\"ajax_pagination_infinite_stop\":\"\",\"css\":\"\",\"tdc_css\":\"\",\"td_column_number\":3,\"header_color\":\"\",\"color_preset\":\"\",\"border_top\":\"\",\"class\":\"tdi_18\",\"tdc_css_class\":\"tdi_18\",\"tdc_css_class_style\":\"tdi_18_rand_style\"}';\nblock_tdi_18.td_column_number = \"3\";\nblock_tdi_18.block_type = \"td_block_4\";\nblock_tdi_18.post_count = \"20\";\nblock_tdi_18.found_posts = \"6553\";\nblock_tdi_18.header_color = \"\";\nblock_tdi_18.ajax_pagination_infinite_stop = \"\";\nblock_tdi_18.max_num_pages = \"328\";\ntdBlocksArray.push(block_tdi_18);\n<\/script><div class=\"td-block-title-wrap\"><\/div><div id=tdi_18 class=\"td_block_inner\">\n\n\t<div class=\"td-block-row\">\n\n\t<div class=\"td-block-span4\">\n\n        <div class=\"td_module_2 td_module_wrap td-animation-stack td_module_no_thumb\">\n            <div class=\"td-module-image\">\n                                <a href=\"https:\/\/www.fiscalia.gov.co\/colombia\/category\/noticias\/\" class=\"td-post-category\" >Noticias<\/a>            <\/div>\n            <h3 class=\"entry-title td-module-title\"><a href=\"https:\/\/www.fiscalia.gov.co\/colombia\/noticias\/hombre-senalado-de-agredir-a-su-excompanera-sentimental-en-cauca-fue-enviado-a-la-carcel\/\"  rel=\"bookmark\" title=\"Hombre se\u00f1alado de agredir a su excompa\u00f1era sentimental en Cauca fue enviado a la c\u00e1rcel\">Hombre se\u00f1alado de agredir a su excompa\u00f1era sentimental en Cauca fue enviado a la c\u00e1rcel<\/a><\/h3>\n\n            <div class=\"td-module-meta-info\">\n             <div class=\"td-post-date-boletin\">                 Caloto (Cauca). <\/div>                                <span class=\"td-post-date\"><time class=\"entry-date updated td-module-date\" datetime=\"2026-04-29T17:36:31-05:00\" >mi\u00e9rcoles, 29 de abril de 2026 5:36 pm<\/time><\/span>                                 <div class=\"td-post-date-boletin\">                 Bolet\u00edn 59110                 <\/div> \n            <\/div>\n\n            <div class=\"td-excerpt\">\n                Por solicitud de la Fiscal\u00eda General de la Naci\u00f3n un juez de control de garant\u00edas impuso medida de aseguramiento en centro carcelario a un hombre se\u00f1alado de agredir f\u00edsicamente a su excompa\u00f1era sentimental en Caloto (Cauca).\r\n\r\nPor estos hechos, un...            <\/div>\n\n            \n        <\/div>\n\n        \n\t<\/div> <!-- .\/td-block-span4 -->\n\n\t<div class=\"td-block-span4\">\n\n        <div class=\"td_module_2 td_module_wrap td-animation-stack td_module_no_thumb\">\n            <div class=\"td-module-image\">\n                                <a href=\"https:\/\/www.fiscalia.gov.co\/colombia\/category\/noticias\/\" class=\"td-post-category\" >Noticias<\/a>            <\/div>\n            <h3 class=\"entry-title td-module-title\"><a href=\"https:\/\/www.fiscalia.gov.co\/colombia\/noticias\/asegurado-en-centro-carcelario-mototaxista-senalado-de-abusar-sexualmente-de-una-menor-en-cali\/\"  rel=\"bookmark\" title=\"Asegurado en centro carcelario mototaxista se\u00f1alado de abusar sexualmente de una menor en Cali\">Asegurado en centro carcelario mototaxista se\u00f1alado de abusar sexualmente de una menor en Cali<\/a><\/h3>\n\n            <div class=\"td-module-meta-info\">\n             <div class=\"td-post-date-boletin\">                 Bogot\u00e1 D.C.. <\/div>                                <span class=\"td-post-date\"><time class=\"entry-date updated td-module-date\" datetime=\"2026-04-19T10:15:01-05:00\" >domingo, 19 de abril de 2026 10:15 am<\/time><\/span>                                 <div class=\"td-post-date-boletin\">                 Bolet\u00edn 58994                 <\/div> \n            <\/div>\n\n            <div class=\"td-excerpt\">\n                El hombre habr\u00eda intentado asfixiar a la v\u00edctima y dejado inconsciente.\r\nLa Fiscal\u00eda General de la Naci\u00f3n present\u00f3 ante un juez penal de control de garant\u00edas a Luis Fernando Varona Guevara, un mototaxista se\u00f1alado de abusar sexualmente de una adolescente,...            <\/div>\n\n            \n        <\/div>\n\n        \n\t<\/div> <!-- .\/td-block-span4 -->\n\n\t<div class=\"td-block-span4\">\n\n        <div class=\"td_module_2 td_module_wrap td-animation-stack td_module_no_thumb\">\n            <div class=\"td-module-image\">\n                                <a href=\"https:\/\/www.fiscalia.gov.co\/colombia\/category\/noticias\/\" class=\"td-post-category\" >Noticias<\/a>            <\/div>\n            <h3 class=\"entry-title td-module-title\"><a href=\"https:\/\/www.fiscalia.gov.co\/colombia\/noticias\/en-evidencia-urologo-que-habria-abusado-sexualmente-de-20-pacientes-en-medellin\/\"  rel=\"bookmark\" title=\"En\u00a0evidencia\u00a0ur\u00f3logo\u00a0que\u00a0habr\u00eda abusado sexualmente de 20 pacientes en Medell\u00edn\u00a0\">En\u00a0evidencia\u00a0ur\u00f3logo\u00a0que\u00a0habr\u00eda abusado sexualmente de 20 pacientes en Medell\u00edn\u00a0<\/a><\/h3>\n\n            <div class=\"td-module-meta-info\">\n             <div class=\"td-post-date-boletin\">                 Medell\u00edn (Antioquia). <\/div>                                <span class=\"td-post-date\"><time class=\"entry-date updated td-module-date\" datetime=\"2026-04-18T08:16:03-05:00\" >s\u00e1bado, 18 de abril de 2026 8:16 am<\/time><\/span>                                 <div class=\"td-post-date-boletin\">                 Bolet\u00edn 58991                 <\/div> \n            <\/div>\n\n            <div class=\"td-excerpt\">\n                El m\u00e9dico fue judicializado y deber\u00e1 cumplir medida de aseguramiento en centro carcelario por el delito de acceso carnal o acto sexual abusivo en persona puesta en incapacidad de resistir.\u00a0\u00a0\u00a0\r\nActividades investigativas orientadas por la Fiscal\u00eda General de la Naci\u00f3n...            <\/div>\n\n            \n        <\/div>\n\n        \n\t<\/div> <!-- .\/td-block-span4 --><\/div><!--.\/row-fluid-->\n\n\t<div class=\"td-block-row\">\n\n\t<div class=\"td-block-span4\">\n\n        <div class=\"td_module_2 td_module_wrap td-animation-stack td_module_no_thumb\">\n            <div class=\"td-module-image\">\n                                <a href=\"https:\/\/www.fiscalia.gov.co\/colombia\/category\/noticias\/\" class=\"td-post-category\" >Noticias<\/a>            <\/div>\n            <h3 class=\"entry-title td-module-title\"><a href=\"https:\/\/www.fiscalia.gov.co\/colombia\/noticias\/condenado-a-21-anos-de-prision-responsable-de-abusar-sexualmente-a-su-hijastra-en-huila\/\"  rel=\"bookmark\" title=\"Condenado a 21 a\u00f1os de prisi\u00f3n responsable de abusar sexualmente a su hijastra en Huila\">Condenado a 21 a\u00f1os de prisi\u00f3n responsable de abusar sexualmente a su hijastra en Huila<\/a><\/h3>\n\n            <div class=\"td-module-meta-info\">\n             <div class=\"td-post-date-boletin\">                 Aipe- Neiva (Huila). <\/div>                                <span class=\"td-post-date\"><time class=\"entry-date updated td-module-date\" datetime=\"2026-04-17T15:11:49-05:00\" >viernes, 17 de abril de 2026 3:11 pm<\/time><\/span>                                 <div class=\"td-post-date-boletin\">                 Bolet\u00edn 58986                 <\/div> \n            <\/div>\n\n            <div class=\"td-excerpt\">\n                La menor de edad fue agredida sexualmente en siete oportunidades en viviendas en Neiva y Aipe (Huila).\r\nLas pruebas recopiladas por la Fiscal\u00eda General de la Naci\u00f3n permitieron que un juez de conocimiento de Neiva (Huila) condenara a 21 a\u00f1os...            <\/div>\n\n            \n        <\/div>\n\n        \n\t<\/div> <!-- .\/td-block-span4 -->\n\n\t<div class=\"td-block-span4\">\n\n        <div class=\"td_module_2 td_module_wrap td-animation-stack td_module_no_thumb\">\n            <div class=\"td-module-image\">\n                                <a href=\"https:\/\/www.fiscalia.gov.co\/colombia\/category\/noticias\/\" class=\"td-post-category\" >Noticias<\/a>            <\/div>\n            <h3 class=\"entry-title td-module-title\"><a href=\"https:\/\/www.fiscalia.gov.co\/colombia\/noticias\/asegurado-presunto-responsable-de-asesinar-y-prenderle-fuego-a-su-excompanera-sentimental-en-medellin\/\"  rel=\"bookmark\" title=\"Asegurado presunto responsable de asesinar y prenderle fuego a su excompa\u00f1era sentimental en Medell\u00edn\">Asegurado presunto responsable de asesinar y prenderle fuego a su excompa\u00f1era sentimental en Medell\u00edn<\/a><\/h3>\n\n            <div class=\"td-module-meta-info\">\n             <div class=\"td-post-date-boletin\">                 Medell\u00edn (Antioquia). <\/div>                                <span class=\"td-post-date\"><time class=\"entry-date updated td-module-date\" datetime=\"2026-04-17T11:44:27-05:00\" >viernes, 17 de abril de 2026 11:44 am<\/time><\/span>                                 <div class=\"td-post-date-boletin\">                 Bolet\u00edn 58984                 <\/div> \n            <\/div>\n\n            <div class=\"td-excerpt\">\n                Por solicitud de la Fiscal\u00eda General de la Naci\u00f3n, un juez con funci\u00f3n de control de garant\u00edas impuso medida de aseguramiento en centro carcelario en contra de Mateo Trujillo Palacios, como presunto responsable del crimen de su expareja sentimental,...            <\/div>\n\n            \n        <\/div>\n\n        \n\t<\/div> <!-- .\/td-block-span4 -->\n\n\t<div class=\"td-block-span4\">\n\n        <div class=\"td_module_2 td_module_wrap td-animation-stack td_module_no_thumb\">\n            <div class=\"td-module-image\">\n                                <a href=\"https:\/\/www.fiscalia.gov.co\/colombia\/category\/noticias\/\" class=\"td-post-category\" >Noticias<\/a>            <\/div>\n            <h3 class=\"entry-title td-module-title\"><a href=\"https:\/\/www.fiscalia.gov.co\/colombia\/noticias\/condenado-a-mas-de-24-anos-de-prision-responsable-de-abusar-sexualmente-y-atentar-contra-la-vida-de-una-mujer-en-santa-fe-de-antioquia\/\"  rel=\"bookmark\" title=\"Condenado a m\u00e1s de 24 a\u00f1os de prisi\u00f3n responsable de abusar sexualmente y atentar contra la vida de una mujer en Santa Fe de Antioquia\">Condenado a m\u00e1s de 24 a\u00f1os de prisi\u00f3n responsable de abusar sexualmente y atentar contra la vida de una mujer en Santa Fe de Antioquia<\/a><\/h3>\n\n            <div class=\"td-module-meta-info\">\n             <div class=\"td-post-date-boletin\">                 Santa Fe de Antioquia (Antioquia). <\/div>                                <span class=\"td-post-date\"><time class=\"entry-date updated td-module-date\" datetime=\"2026-04-16T16:14:16-05:00\" >jueves, 16 de abril de 2026 4:14 pm<\/time><\/span>                                 <div class=\"td-post-date-boletin\">                 Bolet\u00edn 58976                 <\/div> \n            <\/div>\n\n            <div class=\"td-excerpt\">\n                Las pruebas presentadas por la Fiscal\u00eda General de la Naci\u00f3n, permitieron que Adri\u00e1n Alberto Londo\u00f1o Hern\u00e1ndez, aceptara su responsabilidad en el abuso sexual y el intento de asesinato de una mujer de 30 a\u00f1os, en Santa Fe de Antioquia.\r\n\r\nPor...            <\/div>\n\n            \n        <\/div>\n\n        \n\t<\/div> <!-- .\/td-block-span4 --><\/div><!--.\/row-fluid-->\n\n\t<div class=\"td-block-row\">\n\n\t<div class=\"td-block-span4\">\n\n        <div class=\"td_module_2 td_module_wrap td-animation-stack td_module_no_thumb\">\n            <div class=\"td-module-image\">\n                                <a href=\"https:\/\/www.fiscalia.gov.co\/colombia\/category\/noticias\/\" class=\"td-post-category\" >Noticias<\/a>            <\/div>\n            <h3 class=\"entry-title td-module-title\"><a href=\"https:\/\/www.fiscalia.gov.co\/colombia\/noticias\/en-cartagena-aseguran-a-un-hombre-senalado-de-intentar-asesinar-a-su-expareja\/\"  rel=\"bookmark\" title=\"En Cartagena aseguran a un hombre se\u00f1alado de intentar asesinar a su expareja\">En Cartagena aseguran a un hombre se\u00f1alado de intentar asesinar a su expareja<\/a><\/h3>\n\n            <div class=\"td-module-meta-info\">\n             <div class=\"td-post-date-boletin\">                 Cartagena (Bol\u00edvar). <\/div>                                <span class=\"td-post-date\"><time class=\"entry-date updated td-module-date\" datetime=\"2026-04-16T13:33:59-05:00\" >jueves, 16 de abril de 2026 1:33 pm<\/time><\/span>                                 <div class=\"td-post-date-boletin\">                 mBolet\u00edn 58970                 <\/div> \n            <\/div>\n\n            <div class=\"td-excerpt\">\n                Los elementos materiales probatorios aportados por un fiscal de la Unidad de Vida, de la Seccional Bol\u00edvar, permitieron que un juez con funciones de control de garant\u00edas impusiera medida de aseguramiento en centro carcelario a un hombre de 24...            <\/div>\n\n            \n        <\/div>\n\n        \n\t<\/div> <!-- .\/td-block-span4 -->\n\n\t<div class=\"td-block-span4\">\n\n        <div class=\"td_module_2 td_module_wrap td-animation-stack td_module_no_thumb\">\n            <div class=\"td-module-image\">\n                                <a href=\"https:\/\/www.fiscalia.gov.co\/colombia\/category\/noticias\/\" class=\"td-post-category\" >Noticias<\/a>            <\/div>\n            <h3 class=\"entry-title td-module-title\"><a href=\"https:\/\/www.fiscalia.gov.co\/colombia\/noticias\/en-risaralda-aseguran-a-dos-hombres-senalados-de-agredir-a-sus-familiares\/\"  rel=\"bookmark\" title=\"En Risaralda aseguran a dos hombres se\u00f1alados de agredir a sus familiares\">En Risaralda aseguran a dos hombres se\u00f1alados de agredir a sus familiares<\/a><\/h3>\n\n            <div class=\"td-module-meta-info\">\n             <div class=\"td-post-date-boletin\">                 Dosquebradas, Santa Rosa de Cabal (Risaralda). <\/div>                                <span class=\"td-post-date\"><time class=\"entry-date updated td-module-date\" datetime=\"2026-04-16T11:00:32-05:00\" >jueves, 16 de abril de 2026 11:00 am<\/time><\/span>                                 <div class=\"td-post-date-boletin\">                 Bolet\u00edn 58969                 <\/div> \n            <\/div>\n\n            <div class=\"td-excerpt\">\n                La Fiscal\u00eda General de la Naci\u00f3n judicializ\u00f3 a dos hombres presuntamente implicados en maltratos f\u00edsicos, verbales y psicol\u00f3gicos contra sus familiares. Se trata de hechos aislados ocurridos en los municipios de Dosquebradas y Santa Rosa de Cabal en Risaralda....            <\/div>\n\n            \n        <\/div>\n\n        \n\t<\/div> <!-- .\/td-block-span4 -->\n\n\t<div class=\"td-block-span4\">\n\n        <div class=\"td_module_2 td_module_wrap td-animation-stack td_module_no_thumb\">\n            <div class=\"td-module-image\">\n                                <a href=\"https:\/\/www.fiscalia.gov.co\/colombia\/category\/noticias\/\" class=\"td-post-category\" >Noticias<\/a>            <\/div>\n            <h3 class=\"entry-title td-module-title\"><a href=\"https:\/\/www.fiscalia.gov.co\/colombia\/noticias\/condenado-a-50-anos-de-prision-responsable-del-crimen-de-su-companera-sentimental-en-tasajera-magdalena\/\"  rel=\"bookmark\" title=\"Condenado a 50 a\u00f1os de prisi\u00f3n responsable del crimen de su compa\u00f1era sentimental en Tasajera (Magdalena)\">Condenado a 50 a\u00f1os de prisi\u00f3n responsable del crimen de su compa\u00f1era sentimental en Tasajera (Magdalena)<\/a><\/h3>\n\n            <div class=\"td-module-meta-info\">\n             <div class=\"td-post-date-boletin\">                 Santa Marta (Magdalena). <\/div>                                <span class=\"td-post-date\"><time class=\"entry-date updated td-module-date\" datetime=\"2026-04-16T10:35:35-05:00\" >jueves, 16 de abril de 2026 10:35 am<\/time><\/span>                                 <div class=\"td-post-date-boletin\">                 Bolet\u00edn 58968                 <\/div> \n            <\/div>\n\n            <div class=\"td-excerpt\">\n                El hombre atac\u00f3 con arma blanca a la v\u00edctima en presencia de su hija menor de edad.\r\nLos argumentos expuestos por la Fiscal\u00eda General de la Naci\u00f3n permitieron que un juez de conocimiento condenara a 50 a\u00f1os de prisi\u00f3n a...            <\/div>\n\n            \n        <\/div>\n\n        \n\t<\/div> <!-- .\/td-block-span4 --><\/div><!--.\/row-fluid-->\n\n\t<div class=\"td-block-row\">\n\n\t<div class=\"td-block-span4\">\n\n        <div class=\"td_module_2 td_module_wrap td-animation-stack td_module_no_thumb\">\n            <div class=\"td-module-image\">\n                                <a href=\"https:\/\/www.fiscalia.gov.co\/colombia\/category\/noticias\/\" class=\"td-post-category\" >Noticias<\/a>            <\/div>\n            <h3 class=\"entry-title td-module-title\"><a href=\"https:\/\/www.fiscalia.gov.co\/colombia\/noticias\/condenado-a-mas-de-12-anos-de-prision-responsable-de-agredir-sexualmente-a-su-nieta-en-tarqui-huila\/\"  rel=\"bookmark\" title=\"Condenado a m\u00e1s de 12 a\u00f1os de prisi\u00f3n responsable de agredir sexualmente a su nieta en Tarqui (Huila)\">Condenado a m\u00e1s de 12 a\u00f1os de prisi\u00f3n responsable de agredir sexualmente a su nieta en Tarqui (Huila)<\/a><\/h3>\n\n            <div class=\"td-module-meta-info\">\n             <div class=\"td-post-date-boletin\">                 Tarqui (Huila). <\/div>                                <span class=\"td-post-date\"><time class=\"entry-date updated td-module-date\" datetime=\"2026-04-15T13:57:05-05:00\" >mi\u00e9rcoles, 15 de abril de 2026 1:57 pm<\/time><\/span>                                 <div class=\"td-post-date-boletin\">                 Bolet\u00edn 58960                 <\/div> \n            <\/div>\n\n            <div class=\"td-excerpt\">\n                La v\u00edctima para la \u00e9poca de los hechos ten\u00eda 7 a\u00f1os y fue sometida a tocamientos inapropiados en cuatro ocasiones, mientras permanec\u00eda al cuidado de su abuelo.\r\nLas pruebas presentadas por la Fiscal\u00eda General de la Naci\u00f3n permitieron que un...            <\/div>\n\n            \n        <\/div>\n\n        \n\t<\/div> <!-- .\/td-block-span4 -->\n\n\t<div class=\"td-block-span4\">\n\n        <div class=\"td_module_2 td_module_wrap td-animation-stack td_module_no_thumb\">\n            <div class=\"td-module-image\">\n                                <a href=\"https:\/\/www.fiscalia.gov.co\/colombia\/category\/noticias\/\" class=\"td-post-category\" >Noticias<\/a>            <\/div>\n            <h3 class=\"entry-title td-module-title\"><a href=\"https:\/\/www.fiscalia.gov.co\/colombia\/noticias\/docente-condenado-por-agredir-sexualmente-a-una-menor-de-edad-en-arauca-fue-capturado-para-cumplir-sentencia\/\"  rel=\"bookmark\" title=\"Docente condenado por agredir sexualmente a una menor de edad en Arauca fue capturado para cumplir sentencia\">Docente condenado por agredir sexualmente a una menor de edad en Arauca fue capturado para cumplir sentencia<\/a><\/h3>\n\n            <div class=\"td-module-meta-info\">\n             <div class=\"td-post-date-boletin\">                 Arauca (Arauca). <\/div>                                <span class=\"td-post-date\"><time class=\"entry-date updated td-module-date\" datetime=\"2026-04-15T11:14:14-05:00\" >mi\u00e9rcoles, 15 de abril de 2026 11:14 am<\/time><\/span>                                 <div class=\"td-post-date-boletin\">                 Bolet\u00edn 58958                 <\/div> \n            <\/div>\n\n            <div class=\"td-excerpt\">\n                Por petici\u00f3n de la Fiscal\u00eda General de la Naci\u00f3n, un juez con funci\u00f3n de control de garant\u00edas legaliz\u00f3 la captura de un docente condenado por su responsabilidad en el abuso sexual de una menor de edad en zona rural...            <\/div>\n\n            \n        <\/div>\n\n        \n\t<\/div> <!-- .\/td-block-span4 -->\n\n\t<div class=\"td-block-span4\">\n\n        <div class=\"td_module_2 td_module_wrap td-animation-stack td_module_no_thumb\">\n            <div class=\"td-module-image\">\n                                <a href=\"https:\/\/www.fiscalia.gov.co\/colombia\/category\/noticias\/\" class=\"td-post-category\" >Noticias<\/a>            <\/div>\n            <h3 class=\"entry-title td-module-title\"><a href=\"https:\/\/www.fiscalia.gov.co\/colombia\/noticias\/a-21-anos-de-prision-fue-condenado-un-hombre-que-incurrio-en-conductas-de-indole-sexual-y-pornografia-contra-dos-menores-de-edad\/\"  rel=\"bookmark\" title=\"A 21 a\u00f1os de prisi\u00f3n fue condenado un hombre que incurri\u00f3 en conductas de \u00edndole sexual y pornograf\u00eda contra dos menores de edad\">A 21 a\u00f1os de prisi\u00f3n fue condenado un hombre que incurri\u00f3 en conductas de \u00edndole sexual y pornograf\u00eda contra dos menores de edad<\/a><\/h3>\n\n            <div class=\"td-module-meta-info\">\n             <div class=\"td-post-date-boletin\">                 Pereira (Risaralda). <\/div>                                <span class=\"td-post-date\"><time class=\"entry-date updated td-module-date\" datetime=\"2026-04-15T10:41:48-05:00\" >mi\u00e9rcoles, 15 de abril de 2026 10:41 am<\/time><\/span>                                 <div class=\"td-post-date-boletin\">                 Bolet\u00edn 58956                 <\/div> \n            <\/div>\n\n            <div class=\"td-excerpt\">\n                Se trata de dos hermanos de 10 y 8 a\u00f1os a quienes el ahora sentenciado someti\u00f3 a agresiones sexuales.\r\nLas pruebas aportadas por una fiscal del Centro de Atenci\u00f3n Integral a V\u00edctimas de Abuso Sexual (Caivas) de la Seccional Risaralda,...            <\/div>\n\n            \n        <\/div>\n\n        \n\t<\/div> <!-- .\/td-block-span4 --><\/div><!--.\/row-fluid-->\n\n\t<div class=\"td-block-row\">\n\n\t<div class=\"td-block-span4\">\n\n        <div class=\"td_module_2 td_module_wrap td-animation-stack td_module_no_thumb\">\n            <div class=\"td-module-image\">\n                                <a href=\"https:\/\/www.fiscalia.gov.co\/colombia\/category\/noticias\/\" class=\"td-post-category\" >Noticias<\/a>            <\/div>\n            <h3 class=\"entry-title td-module-title\"><a href=\"https:\/\/www.fiscalia.gov.co\/colombia\/noticias\/fiscalia-judicializa-a-hombres-senalados-de-maltratar-a-mujeres-en-turbaco-y-arjona-bolivar\/\"  rel=\"bookmark\" title=\"Fiscal\u00eda judicializa a hombres se\u00f1alados de maltratar a mujeres en Turbaco y Arjona (Bol\u00edvar)\">Fiscal\u00eda judicializa a hombres se\u00f1alados de maltratar a mujeres en Turbaco y Arjona (Bol\u00edvar)<\/a><\/h3>\n\n            <div class=\"td-module-meta-info\">\n             <div class=\"td-post-date-boletin\">                 Arjona (Bol\u00edvar). <\/div>                                <span class=\"td-post-date\"><time class=\"entry-date updated td-module-date\" datetime=\"2026-04-15T10:25:08-05:00\" >mi\u00e9rcoles, 15 de abril de 2026 10:25 am<\/time><\/span>                                 <div class=\"td-post-date-boletin\">                 Bolet\u00edn 58955                 <\/div> \n            <\/div>\n\n            <div class=\"td-excerpt\">\n                Los elementos materiales probatorios aportados por la Fiscal\u00eda General de la Naci\u00f3n permitieron que jueces de control de garant\u00edas, en investigaciones independientes, impusieran medidas de aseguramiento en centros carcelarios a dos hombres presuntamente comprometidos en violencia dom\u00e9stica ocurridos en...            <\/div>\n\n            \n        <\/div>\n\n        \n\t<\/div> <!-- .\/td-block-span4 -->\n\n\t<div class=\"td-block-span4\">\n\n        <div class=\"td_module_2 td_module_wrap td-animation-stack td_module_no_thumb\">\n            <div class=\"td-module-image\">\n                                <a href=\"https:\/\/www.fiscalia.gov.co\/colombia\/category\/noticias\/\" class=\"td-post-category\" >Noticias<\/a>            <\/div>\n            <h3 class=\"entry-title td-module-title\"><a href=\"https:\/\/www.fiscalia.gov.co\/colombia\/noticias\/judicializados-presuntos-responsables-de-agresiones-sexuales-contra-menores-de-edad-en-cundinamarca\/\"  rel=\"bookmark\" title=\"Judicializados presuntos responsables de agresiones sexuales contra menores de edad en Cundinamarca\">Judicializados presuntos responsables de agresiones sexuales contra menores de edad en Cundinamarca<\/a><\/h3>\n\n            <div class=\"td-module-meta-info\">\n             <div class=\"td-post-date-boletin\">                 Bogot\u00e1 D.C.. <\/div>                                <span class=\"td-post-date\"><time class=\"entry-date updated td-module-date\" datetime=\"2026-04-15T10:14:17-05:00\" >mi\u00e9rcoles, 15 de abril de 2026 10:14 am<\/time><\/span>                                 <div class=\"td-post-date-boletin\">                 Bolet\u00edn 58954                 <\/div> \n            <\/div>\n\n            <div class=\"td-excerpt\">\n                La Fiscal\u00eda General de la Naci\u00f3n judicializ\u00f3 a dos hombres de 33 y 26 a\u00f1os respectivamente, por su presunta participaci\u00f3n en agresiones sexuales a menores de edad en hechos diferentes ocurridos en Sop\u00f3 y La Vega (Cundinamarca).\r\n\r\nEl primer caso...            <\/div>\n\n            \n        <\/div>\n\n        \n\t<\/div> <!-- .\/td-block-span4 -->\n\n\t<div class=\"td-block-span4\">\n\n        <div class=\"td_module_2 td_module_wrap td-animation-stack td_module_no_thumb\">\n            <div class=\"td-module-image\">\n                                <a href=\"https:\/\/www.fiscalia.gov.co\/colombia\/category\/noticias\/\" class=\"td-post-category\" >Noticias<\/a>            <\/div>\n            <h3 class=\"entry-title td-module-title\"><a href=\"https:\/\/www.fiscalia.gov.co\/colombia\/noticias\/hombre-que-habria-abusado-sexualmente-de-su-nieta-menor-de-edad-fue-judicializado-en-mahates-bolivar\/\"  rel=\"bookmark\" title=\"Hombre que habr\u00eda abusado sexualmente de su nieta, menor de edad, fue judicializado en Mahates (Bol\u00edvar)\">Hombre que habr\u00eda abusado sexualmente de su nieta, menor de edad, fue judicializado en Mahates (Bol\u00edvar)<\/a><\/h3>\n\n            <div class=\"td-module-meta-info\">\n             <div class=\"td-post-date-boletin\">                 Mahates (Bol\u00edvar). <\/div>                                <span class=\"td-post-date\"><time class=\"entry-date updated td-module-date\" datetime=\"2026-04-14T17:19:06-05:00\" >martes, 14 de abril de 2026 5:19 pm<\/time><\/span>                                 <div class=\"td-post-date-boletin\">                 Bolet\u00edn 58950                 <\/div> \n            <\/div>\n\n            <div class=\"td-excerpt\">\n                Por petici\u00f3n de la Fiscal\u00eda General de la Naci\u00f3n, un juez con funciones de control de garant\u00edas impuso medida de aseguramiento en establecimiento carcelario a un hombre se\u00f1alado de abusar sexualmente de su nieta.\r\n\r\nLabores de polic\u00eda judicial evidencian que...            <\/div>\n\n            \n        <\/div>\n\n        \n\t<\/div> <!-- .\/td-block-span4 --><\/div><!--.\/row-fluid-->\n\n\t<div class=\"td-block-row\">\n\n\t<div class=\"td-block-span4\">\n\n        <div class=\"td_module_2 td_module_wrap td-animation-stack td_module_no_thumb\">\n            <div class=\"td-module-image\">\n                                <a href=\"https:\/\/www.fiscalia.gov.co\/colombia\/category\/noticias\/\" class=\"td-post-category\" >Noticias<\/a>            <\/div>\n            <h3 class=\"entry-title td-module-title\"><a href=\"https:\/\/www.fiscalia.gov.co\/colombia\/seccionales\/en-armenia-quindio-fueron-asegurados-dos-hombres-senalados-de-agredir-a-sus-familiares-2\/\"  rel=\"bookmark\" title=\"En Armenia (Quind\u00edo) fueron asegurados dos hombres se\u00f1alados de agredir a sus familiares\">En Armenia (Quind\u00edo) fueron asegurados dos hombres se\u00f1alados de agredir a sus familiares<\/a><\/h3>\n\n            <div class=\"td-module-meta-info\">\n             <div class=\"td-post-date-boletin\">                 Armenia (Quind\u00edo). <\/div>                                <span class=\"td-post-date\"><time class=\"entry-date updated td-module-date\" datetime=\"2026-04-14T15:03:01-05:00\" >martes, 14 de abril de 2026 3:03 pm<\/time><\/span>                                 <div class=\"td-post-date-boletin\">                 Bolet\u00edn 58945                 <\/div> \n            <\/div>\n\n            <div class=\"td-excerpt\">\n                Por solicitud de la Fiscal\u00eda General de la Naci\u00f3n, jueces de control de garant\u00edas impusieron medida de aseguramiento en centro carcelario contra dos hombres, se\u00f1alados de agredir f\u00edsica y verbalmente, en hechos diferentes, a integrantes de sus n\u00facleos familiares,...            <\/div>\n\n            \n        <\/div>\n\n        \n\t<\/div> <!-- .\/td-block-span4 -->\n\n\t<div class=\"td-block-span4\">\n\n        <div class=\"td_module_2 td_module_wrap td-animation-stack td_module_no_thumb\">\n            <div class=\"td-module-image\">\n                                <a href=\"https:\/\/www.fiscalia.gov.co\/colombia\/category\/noticias\/\" class=\"td-post-category\" >Noticias<\/a>            <\/div>\n            <h3 class=\"entry-title td-module-title\"><a href=\"https:\/\/www.fiscalia.gov.co\/colombia\/noticias\/judicializado-presunto-responsable-de-abusar-sexualmente-de-tres-menores-de-edad-en-medellin\/\"  rel=\"bookmark\" title=\"Judicializado presunto responsable de abusar sexualmente de tres menores de edad en Medell\u00edn\">Judicializado presunto responsable de abusar sexualmente de tres menores de edad en Medell\u00edn<\/a><\/h3>\n\n            <div class=\"td-module-meta-info\">\n             <div class=\"td-post-date-boletin\">                 Medell\u00edn (Antioquia). <\/div>                                <span class=\"td-post-date\"><time class=\"entry-date updated td-module-date\" datetime=\"2026-04-14T10:48:08-05:00\" >martes, 14 de abril de 2026 10:48 am<\/time><\/span>                                 <div class=\"td-post-date-boletin\">                 Bolet\u00edn 58940                 <\/div> \n            <\/div>\n\n            <div class=\"td-excerpt\">\n                Por solicitud de la Fiscal\u00eda General de la Naci\u00f3n, un juez de control de garant\u00edas impuso medida de aseguramiento en centro carcelario a un hombre de 61 a\u00f1os por su presunta responsabilidad en el abuso sexual de tres menores...            <\/div>\n\n            \n        <\/div>\n\n        \n\t<\/div> <!-- .\/td-block-span4 -->\n\n\t<div class=\"td-block-span4\">\n\n        <div class=\"td_module_2 td_module_wrap td-animation-stack td_module_no_thumb\">\n            <div class=\"td-module-image\">\n                                <a href=\"https:\/\/www.fiscalia.gov.co\/colombia\/category\/noticias\/\" class=\"td-post-category\" >Noticias<\/a>            <\/div>\n            <h3 class=\"entry-title td-module-title\"><a href=\"https:\/\/www.fiscalia.gov.co\/colombia\/noticias\/asegurado-un-hombre-senalado-de-atentar-contra-la-vida-de-su-excompanera-permanente-en-ibague-tolima\/\"  rel=\"bookmark\" title=\"Asegurado un hombre se\u00f1alado de atentar contra la vida de su excompa\u00f1era permanente en Ibagu\u00e9 (Tolima)\">Asegurado un hombre se\u00f1alado de atentar contra la vida de su excompa\u00f1era permanente en Ibagu\u00e9 (Tolima)<\/a><\/h3>\n\n            <div class=\"td-module-meta-info\">\n             <div class=\"td-post-date-boletin\">                 Ibagu\u00e9 (Tolima). <\/div>                                <span class=\"td-post-date\"><time class=\"entry-date updated td-module-date\" datetime=\"2026-04-14T10:39:43-05:00\" >martes, 14 de abril de 2026 10:39 am<\/time><\/span>                                 <div class=\"td-post-date-boletin\">                 Bolet\u00edn 58938                 <\/div> \n            <\/div>\n\n            <div class=\"td-excerpt\">\n                Por solicitud de la Fiscal\u00eda General de la Naci\u00f3n, un juez de control de garant\u00edas impuso medida de aseguramiento en centro carcelario contra Santiago Capera Guti\u00e9rrez, presunto responsable de atacar a su excompa\u00f1era sentimental.\r\n\r\nUn fiscal de la Unidad de...            <\/div>\n\n            \n        <\/div>\n\n        \n\t<\/div> <!-- .\/td-block-span4 --><\/div><!--.\/row-fluid-->\n\n\t<div class=\"td-block-row\">\n\n\t<div class=\"td-block-span4\">\n\n        <div class=\"td_module_2 td_module_wrap td-animation-stack td_module_no_thumb\">\n            <div class=\"td-module-image\">\n                                <a href=\"https:\/\/www.fiscalia.gov.co\/colombia\/category\/noticias\/\" class=\"td-post-category\" >Noticias<\/a>            <\/div>\n            <h3 class=\"entry-title td-module-title\"><a href=\"https:\/\/www.fiscalia.gov.co\/colombia\/noticias\/a-la-carcel-pareja-presuntamente-responsable-de-golpear-y-abusar-de-una-menor-de-2-anos\/\"  rel=\"bookmark\" title=\"A la c\u00e1rcel pareja presuntamente responsable de golpear y abusar de una menor de 2 a\u00f1os\">A la c\u00e1rcel pareja presuntamente responsable de golpear y abusar de una menor de 2 a\u00f1os<\/a><\/h3>\n\n            <div class=\"td-module-meta-info\">\n             <div class=\"td-post-date-boletin\">                 Monter\u00eda (C\u00f3rdoba). <\/div>                                <span class=\"td-post-date\"><time class=\"entry-date updated td-module-date\" datetime=\"2026-04-14T08:39:32-05:00\" >martes, 14 de abril de 2026 8:39 am<\/time><\/span>                                 <div class=\"td-post-date-boletin\">                 Bolet\u00edn 58935                 <\/div> \n            <\/div>\n\n            <div class=\"td-excerpt\">\n                Durante una consulta m\u00e9dica los especialistas evidenciaron signos de violencia sexual en la v\u00edctima.\r\nLabores investigativas adelantadas por una fiscal Seccional de C\u00f3rdoba permitieron judicializar a una pareja presuntamente responsable de los delitos de tentativa de feminicidio y acceso carnal...            <\/div>\n\n            \n        <\/div>\n\n        \n\t<\/div> <!-- .\/td-block-span4 -->\n\n\t<div class=\"td-block-span4\">\n\n        <div class=\"td_module_2 td_module_wrap td-animation-stack td_module_no_thumb\">\n            <div class=\"td-module-image\">\n                                <a href=\"https:\/\/www.fiscalia.gov.co\/colombia\/category\/noticias\/\" class=\"td-post-category\" >Noticias<\/a>            <\/div>\n            <h3 class=\"entry-title td-module-title\"><a href=\"https:\/\/www.fiscalia.gov.co\/colombia\/noticias\/judicializado-presunto-responsable-de-incurrir-en-conductas-sexuales-contra-su-hijastra\/\"  rel=\"bookmark\" title=\"Judicializado presunto responsable de incurrir en conductas sexuales contra su hijastra\">Judicializado presunto responsable de incurrir en conductas sexuales contra su hijastra<\/a><\/h3>\n\n            <div class=\"td-module-meta-info\">\n             <div class=\"td-post-date-boletin\">                 Dosquebradas (Risaralda). <\/div>                                <span class=\"td-post-date\"><time class=\"entry-date updated td-module-date\" datetime=\"2026-04-13T09:47:19-05:00\" >lunes, 13 de abril de 2026 9:47 am<\/time><\/span>                                 <div class=\"td-post-date-boletin\">                 Bolet\u00edn 58922                 <\/div> \n            <\/div>\n\n            <div class=\"td-excerpt\">\n                La Fiscal\u00eda General de la Naci\u00f3n present\u00f3 ante un juez de control de garant\u00edas a un hombre de 23 a\u00f1os presuntamente responsable de incurrir en conductas de \u00edndole sexual contra la hija de su compa\u00f1era sentimental.\r\n\r\nLos hechos ocurrieron el...            <\/div>\n\n            \n        <\/div>\n\n        \n\t<\/div> <!-- .\/td-block-span4 --><\/div><!--.\/row-fluid--><\/div><div class=\"td-next-prev-wrap\"><a href=\"#\" class=\"td-ajax-prev-page ajax-page-disabled\" aria-label=\"prev-page\" id=\"prev-page-tdi_18\" data-td_block_id=\"tdi_18\"><i class=\"td-next-prev-icon td-icon-font td-icon-menu-left\"><\/i><\/a><a href=\"#\"  class=\"td-ajax-next-page\" aria-label=\"next-page\" id=\"next-page-tdi_18\" data-td_block_id=\"tdi_18\"><i class=\"td-next-prev-icon td-icon-font td-icon-menu-right\"><\/i><\/a><\/div><\/div> <!-- .\/block -->[\/vc_tta_section]<\/div><\/div><\/div><\/div><div id=\"tdi_19\" class=\"tdc-row\"><div class=\"vc_row tdi_20  wpb_row td-pb-row\" >\n<style scoped>\n\/* custom css - generated by TagDiv Composer *\/\n\n\/* custom css - generated by TagDiv Composer *\/\n.tdi_20,\r\n                .tdi_20 .tdc-columns{\r\n                    min-height: 0;\r\n                }.tdi_20,\r\n\t\t\t\t.tdi_20 .tdc-columns{\r\n\t\t\t\t    display: block;\r\n\t\t\t\t}.tdi_20 .tdc-columns{\r\n\t\t\t\t    width: 100%;\r\n\t\t\t\t}.tdi_20:before,\r\n\t\t\t\t.tdi_20:after{\r\n\t\t\t\t    display: table;\r\n\t\t\t\t}\n<\/style><div class=\"vc_column tdi_22  wpb_column vc_column_container tdc-column td-pb-span12\">\n<style scoped>\n\/* custom css - generated by TagDiv Composer *\/\n\n\/* custom css - generated by TagDiv Composer *\/\n.tdi_22{\r\n                    vertical-align: baseline;\r\n                }.tdi_22 > .wpb_wrapper,\r\n\t\t\t\t.tdi_22 > .wpb_wrapper > .tdc-elements{\r\n\t\t\t\t    display: block;\r\n\t\t\t\t}.tdi_22 > .wpb_wrapper > .tdc-elements{\r\n\t\t\t\t    width: 100%;\r\n\t\t\t\t}.tdi_22 > .wpb_wrapper > .vc_row_inner{\r\n\t\t\t\t    width: auto;\r\n\t\t\t\t}.tdi_22 > .wpb_wrapper{\r\n\t\t\t\t    width: auto;\r\n\t\t\t\t    height: auto;\r\n\t\t\t\t}\n<\/style><div class=\"wpb_wrapper\" >[vc_single_image image=&#8221;280083&#8243; img_size=&#8221;full&#8221; onclick=&#8221;custom_link&#8221; link=&#8221;https:\/\/www.fiscalia.gov.co\/colombia\/violencia-basada-en-genero-y-contra-ninos-ninas-y-adolescentes\/violencia-en-linea\/&#8221;][vc_custom_heading text=&#8221;Otros materiales relacionados&#8221;][vc_column_text]\r\n<ul>\r\n \t<li><a href=\"https:\/\/www.fiscalia.gov.co\/colombia\/guia-de-buenas-practicas-para-la-investigacion-y-judicializacion-de-violencias-fundadas-en-la-orientacion-sexual-y-o-identidad-de-genero-real-o-percibida-de-la-victima\/\" target=\"_blank\" rel=\"noopener\">Gu\u00eda de buenas pr\u00e1cticas para la investigaci\u00f3n y judicializaci\u00f3n de violencias fundadas en la orientaci\u00f3n sexual y\/o identidad de g\u00e9nero (real o percibida) de la v\u00edctima<\/a><\/li>\r\n<\/ul>\r\n[\/vc_column_text]<\/div><\/div><\/div><\/div><\/section>\n<div class=\"twitter-share\"><a href=\"https:\/\/twitter.com\/intent\/tweet?via=fiscaliacol\" class=\"twitter-share-button\">Tweet<\/a><\/div>\n","protected":false},"excerpt":{"rendered":"[vc_column_text]La violencia basada en g\u00e9nero (VBG) se sustenta en estereotipos, roles y expectativas respecto a lo que los hombres y las mujeres \u201cdeber\u00edan ser\u201d. Este tipo de violencia puede manifestarse como delitos sexuales, violencia intrafamiliar, la violencia en l\u00ednea e incluso feminicidios, entre otros delitos. La investigaci\u00f3n de estas conductas delictivas debe ce\u00f1irse al est\u00e1ndar [...]","protected":false},"author":143,"featured_media":0,"parent":0,"menu_order":0,"comment_status":"closed","ping_status":"closed","template":"page-pagebuilder-title.php","meta":{"_price":"","_stock":"","_tribe_ticket_header":"","_tribe_default_ticket_provider":"","_tribe_ticket_capacity":"0","_ticket_start_date":"","_ticket_end_date":"","_tribe_ticket_show_description":"","_tribe_ticket_show_not_going":false,"_tribe_ticket_use_global_stock":"","_tribe_ticket_global_stock_level":"","_global_stock_mode":"","_global_stock_cap":"","_tribe_rsvp_for_event":"","_tribe_ticket_going_count":"","_tribe_ticket_not_going_count":"","_tribe_tickets_list":"[]","_tribe_ticket_has_attendee_info_fields":false,"tdm_status":"","tdm_grid_status":"","footnotes":"","_tec_slr_enabled":"","_tec_slr_layout":""},"class_list":["post-280071","page","type-page","status-publish"],"yoast_head":"<!-- This site is optimized with the Yoast SEO plugin v24.3 - https:\/\/yoast.com\/wordpress\/plugins\/seo\/ -->\n<title>Fiscal\u00eda General de la Naci\u00f3n<\/title>\n<meta name=\"description\" content=\"P\u00e1gina oficial de la Fiscal\u00eda General de la Naci\u00f3n \u2013 Colombia. Garantizamos el acceso efectivo a la justicia, la verdad y la reparaci\u00f3n de las v\u00edctimas de los delitos.\" \/>\n<meta name=\"robots\" content=\"index, follow, max-snippet:-1, max-image-preview:large, max-video-preview:-1\" \/>\n<link rel=\"canonical\" href=\"https:\/\/www.fiscalia.gov.co\/colombia\/violencia-basada-en-genero-y-contra-ninos-ninas-y-adolescentes\/\" \/>\n<meta property=\"og:locale\" content=\"es_ES\" \/>\n<meta property=\"og:type\" content=\"article\" \/>\n<meta property=\"og:title\" content=\"Fiscal\u00eda General de la Naci\u00f3n\" \/>\n<meta property=\"og:description\" content=\"P\u00e1gina oficial de la Fiscal\u00eda General de la Naci\u00f3n \u2013 Colombia. Garantizamos el acceso efectivo a la justicia, la verdad y la reparaci\u00f3n de las v\u00edctimas de los delitos.\" \/>\n<meta property=\"og:url\" content=\"https:\/\/www.fiscalia.gov.co\/colombia\/violencia-basada-en-genero-y-contra-ninos-ninas-y-adolescentes\/\" \/>\n<meta property=\"og:site_name\" content=\"Fiscal\u00eda General de la Naci\u00f3n\" \/>\n<meta property=\"article:publisher\" content=\"https:\/\/www.facebook.com\/FiscaliaCol\" \/>\n<meta property=\"article:modified_time\" content=\"2026-03-11T17:02:53+00:00\" \/>\n<meta property=\"og:image\" content=\"https:\/\/www.fiscalia.gov.co\/colombia\/wp-content\/uploads\/btn-01-150x150-1.png\" \/>\n\t<meta property=\"og:image:width\" content=\"150\" \/>\n\t<meta property=\"og:image:height\" content=\"150\" \/>\n\t<meta property=\"og:image:type\" content=\"image\/png\" \/>\n<meta name=\"twitter:card\" content=\"summary_large_image\" \/>\n<meta name=\"twitter:site\" content=\"@FiscaliaCol\" \/>\n<meta name=\"twitter:label1\" content=\"Tiempo de lectura\" \/>\n\t<meta name=\"twitter:data1\" content=\"9 minutos\" \/>\n<script type=\"application\/ld+json\" class=\"yoast-schema-graph\">{\"@context\":\"https:\/\/schema.org\",\"@graph\":[{\"@type\":\"WebPage\",\"@id\":\"https:\/\/www.fiscalia.gov.co\/colombia\/violencia-basada-en-genero-y-contra-ninos-ninas-y-adolescentes\/\",\"url\":\"https:\/\/www.fiscalia.gov.co\/colombia\/violencia-basada-en-genero-y-contra-ninos-ninas-y-adolescentes\/\",\"name\":\"Fiscal\u00eda General de la Naci\u00f3n\",\"isPartOf\":{\"@id\":\"https:\/\/www.fiscalia.gov.co\/colombia\/#website\"},\"primaryImageOfPage\":{\"@id\":\"https:\/\/www.fiscalia.gov.co\/colombia\/violencia-basada-en-genero-y-contra-ninos-ninas-y-adolescentes\/#primaryimage\"},\"image\":{\"@id\":\"https:\/\/www.fiscalia.gov.co\/colombia\/violencia-basada-en-genero-y-contra-ninos-ninas-y-adolescentes\/#primaryimage\"},\"thumbnailUrl\":\"https:\/\/www.fiscalia.gov.co\/colombia\/wp-content\/uploads\/btn-01-150x150-1.png\",\"datePublished\":\"2023-09-25T19:01:26+00:00\",\"dateModified\":\"2026-03-11T17:02:53+00:00\",\"description\":\"P\u00e1gina oficial de la Fiscal\u00eda General de la Naci\u00f3n \u2013 Colombia. Garantizamos el acceso efectivo a la justicia, la verdad y la reparaci\u00f3n de las v\u00edctimas de los delitos.\",\"breadcrumb\":{\"@id\":\"https:\/\/www.fiscalia.gov.co\/colombia\/violencia-basada-en-genero-y-contra-ninos-ninas-y-adolescentes\/#breadcrumb\"},\"inLanguage\":\"es-CO\",\"potentialAction\":[{\"@type\":\"ReadAction\",\"target\":[\"https:\/\/www.fiscalia.gov.co\/colombia\/violencia-basada-en-genero-y-contra-ninos-ninas-y-adolescentes\/\"]}]},{\"@type\":\"ImageObject\",\"inLanguage\":\"es-CO\",\"@id\":\"https:\/\/www.fiscalia.gov.co\/colombia\/violencia-basada-en-genero-y-contra-ninos-ninas-y-adolescentes\/#primaryimage\",\"url\":\"https:\/\/www.fiscalia.gov.co\/colombia\/wp-content\/uploads\/btn-01-150x150-1.png\",\"contentUrl\":\"https:\/\/www.fiscalia.gov.co\/colombia\/wp-content\/uploads\/btn-01-150x150-1.png\",\"width\":150,\"height\":150},{\"@type\":\"BreadcrumbList\",\"@id\":\"https:\/\/www.fiscalia.gov.co\/colombia\/violencia-basada-en-genero-y-contra-ninos-ninas-y-adolescentes\/#breadcrumb\",\"itemListElement\":[{\"@type\":\"ListItem\",\"position\":1,\"name\":\"Home\",\"item\":\"https:\/\/www.fiscalia.gov.co\/colombia\/\"},{\"@type\":\"ListItem\",\"position\":2,\"name\":\"Violencia basada en g\u00e9nero y contra ni\u00f1os, ni\u00f1as y adolescentes\"}]},{\"@type\":\"WebSite\",\"@id\":\"https:\/\/www.fiscalia.gov.co\/colombia\/#website\",\"url\":\"https:\/\/www.fiscalia.gov.co\/colombia\/\",\"name\":\"Fiscal\u00eda General de la Naci\u00f3n\",\"description\":\"P\u00e1gina oficial de la Fiscal\u00eda General de la Naci\u00f3n \u2013 Colombia. Garantizamos el acceso efectivo a la justicia, la verdad y la reparaci\u00f3n de las v\u00edctimas de los delitos.\",\"publisher\":{\"@id\":\"https:\/\/www.fiscalia.gov.co\/colombia\/#organization\"},\"potentialAction\":[{\"@type\":\"SearchAction\",\"target\":{\"@type\":\"EntryPoint\",\"urlTemplate\":\"https:\/\/www.fiscalia.gov.co\/colombia\/?s={search_term_string}\"},\"query-input\":{\"@type\":\"PropertyValueSpecification\",\"valueRequired\":true,\"valueName\":\"search_term_string\"}}],\"inLanguage\":\"es-CO\"},{\"@type\":\"Organization\",\"@id\":\"https:\/\/www.fiscalia.gov.co\/colombia\/#organization\",\"name\":\"Fiscal\u00eda General de la Naci\u00f3n\",\"url\":\"https:\/\/www.fiscalia.gov.co\/colombia\/\",\"logo\":{\"@type\":\"ImageObject\",\"inLanguage\":\"es-CO\",\"@id\":\"https:\/\/www.fiscalia.gov.co\/colombia\/#\/schema\/logo\/image\/\",\"url\":\"https:\/\/www.fiscalia.gov.co\/colombia\/wp-content\/uploads\/LogoHorizontal_1.jpg\",\"contentUrl\":\"https:\/\/www.fiscalia.gov.co\/colombia\/wp-content\/uploads\/LogoHorizontal_1.jpg\",\"width\":300,\"height\":90,\"caption\":\"Fiscal\u00eda General de la Naci\u00f3n\"},\"image\":{\"@id\":\"https:\/\/www.fiscalia.gov.co\/colombia\/#\/schema\/logo\/image\/\"},\"sameAs\":[\"https:\/\/www.facebook.com\/FiscaliaCol\",\"https:\/\/x.com\/FiscaliaCol\",\"https:\/\/www.instagram.com\/fiscaliacol\",\"https:\/\/www.linkedin.com\/company\/fiscalia-general-de-la-naci-n\/\",\"https:\/\/youtube.com\/@fiscaliageneraldelanacion-4668?si=6nN79nyQICPU5iTh\"]}]}<\/script>\n<!-- \/ Yoast SEO plugin. -->","yoast_head_json":{"title":"Fiscal\u00eda General de la Naci\u00f3n","description":"P\u00e1gina oficial de la Fiscal\u00eda General de la Naci\u00f3n \u2013 Colombia. Garantizamos el acceso efectivo a la justicia, la verdad y la reparaci\u00f3n de las v\u00edctimas de los delitos.","robots":{"index":"index","follow":"follow","max-snippet":"max-snippet:-1","max-image-preview":"max-image-preview:large","max-video-preview":"max-video-preview:-1"},"canonical":"https:\/\/www.fiscalia.gov.co\/colombia\/violencia-basada-en-genero-y-contra-ninos-ninas-y-adolescentes\/","og_locale":"es_ES","og_type":"article","og_title":"Fiscal\u00eda General de la Naci\u00f3n","og_description":"P\u00e1gina oficial de la Fiscal\u00eda General de la Naci\u00f3n \u2013 Colombia. Garantizamos el acceso efectivo a la justicia, la verdad y la reparaci\u00f3n de las v\u00edctimas de los delitos.","og_url":"https:\/\/www.fiscalia.gov.co\/colombia\/violencia-basada-en-genero-y-contra-ninos-ninas-y-adolescentes\/","og_site_name":"Fiscal\u00eda General de la Naci\u00f3n","article_publisher":"https:\/\/www.facebook.com\/FiscaliaCol","article_modified_time":"2026-03-11T17:02:53+00:00","og_image":[{"width":150,"height":150,"url":"https:\/\/www.fiscalia.gov.co\/colombia\/wp-content\/uploads\/btn-01-150x150-1.png","type":"image\/png"}],"twitter_card":"summary_large_image","twitter_site":"@FiscaliaCol","twitter_misc":{"Tiempo de lectura":"9 minutos"},"schema":{"@context":"https:\/\/schema.org","@graph":[{"@type":"WebPage","@id":"https:\/\/www.fiscalia.gov.co\/colombia\/violencia-basada-en-genero-y-contra-ninos-ninas-y-adolescentes\/","url":"https:\/\/www.fiscalia.gov.co\/colombia\/violencia-basada-en-genero-y-contra-ninos-ninas-y-adolescentes\/","name":"Fiscal\u00eda General de la Naci\u00f3n","isPartOf":{"@id":"https:\/\/www.fiscalia.gov.co\/colombia\/#website"},"primaryImageOfPage":{"@id":"https:\/\/www.fiscalia.gov.co\/colombia\/violencia-basada-en-genero-y-contra-ninos-ninas-y-adolescentes\/#primaryimage"},"image":{"@id":"https:\/\/www.fiscalia.gov.co\/colombia\/violencia-basada-en-genero-y-contra-ninos-ninas-y-adolescentes\/#primaryimage"},"thumbnailUrl":"https:\/\/www.fiscalia.gov.co\/colombia\/wp-content\/uploads\/btn-01-150x150-1.png","datePublished":"2023-09-25T19:01:26+00:00","dateModified":"2026-03-11T17:02:53+00:00","description":"P\u00e1gina oficial de la Fiscal\u00eda General de la Naci\u00f3n \u2013 Colombia. Garantizamos el acceso efectivo a la justicia, la verdad y la reparaci\u00f3n de las v\u00edctimas de los delitos.","breadcrumb":{"@id":"https:\/\/www.fiscalia.gov.co\/colombia\/violencia-basada-en-genero-y-contra-ninos-ninas-y-adolescentes\/#breadcrumb"},"inLanguage":"es-CO","potentialAction":[{"@type":"ReadAction","target":["https:\/\/www.fiscalia.gov.co\/colombia\/violencia-basada-en-genero-y-contra-ninos-ninas-y-adolescentes\/"]}]},{"@type":"ImageObject","inLanguage":"es-CO","@id":"https:\/\/www.fiscalia.gov.co\/colombia\/violencia-basada-en-genero-y-contra-ninos-ninas-y-adolescentes\/#primaryimage","url":"https:\/\/www.fiscalia.gov.co\/colombia\/wp-content\/uploads\/btn-01-150x150-1.png","contentUrl":"https:\/\/www.fiscalia.gov.co\/colombia\/wp-content\/uploads\/btn-01-150x150-1.png","width":150,"height":150},{"@type":"BreadcrumbList","@id":"https:\/\/www.fiscalia.gov.co\/colombia\/violencia-basada-en-genero-y-contra-ninos-ninas-y-adolescentes\/#breadcrumb","itemListElement":[{"@type":"ListItem","position":1,"name":"Home","item":"https:\/\/www.fiscalia.gov.co\/colombia\/"},{"@type":"ListItem","position":2,"name":"Violencia basada en g\u00e9nero y contra ni\u00f1os, ni\u00f1as y adolescentes"}]},{"@type":"WebSite","@id":"https:\/\/www.fiscalia.gov.co\/colombia\/#website","url":"https:\/\/www.fiscalia.gov.co\/colombia\/","name":"Fiscal\u00eda General de la Naci\u00f3n","description":"P\u00e1gina oficial de la Fiscal\u00eda General de la Naci\u00f3n \u2013 Colombia. Garantizamos el acceso efectivo a la justicia, la verdad y la reparaci\u00f3n de las v\u00edctimas de los delitos.","publisher":{"@id":"https:\/\/www.fiscalia.gov.co\/colombia\/#organization"},"potentialAction":[{"@type":"SearchAction","target":{"@type":"EntryPoint","urlTemplate":"https:\/\/www.fiscalia.gov.co\/colombia\/?s={search_term_string}"},"query-input":{"@type":"PropertyValueSpecification","valueRequired":true,"valueName":"search_term_string"}}],"inLanguage":"es-CO"},{"@type":"Organization","@id":"https:\/\/www.fiscalia.gov.co\/colombia\/#organization","name":"Fiscal\u00eda General de la Naci\u00f3n","url":"https:\/\/www.fiscalia.gov.co\/colombia\/","logo":{"@type":"ImageObject","inLanguage":"es-CO","@id":"https:\/\/www.fiscalia.gov.co\/colombia\/#\/schema\/logo\/image\/","url":"https:\/\/www.fiscalia.gov.co\/colombia\/wp-content\/uploads\/LogoHorizontal_1.jpg","contentUrl":"https:\/\/www.fiscalia.gov.co\/colombia\/wp-content\/uploads\/LogoHorizontal_1.jpg","width":300,"height":90,"caption":"Fiscal\u00eda General de la Naci\u00f3n"},"image":{"@id":"https:\/\/www.fiscalia.gov.co\/colombia\/#\/schema\/logo\/image\/"},"sameAs":["https:\/\/www.facebook.com\/FiscaliaCol","https:\/\/x.com\/FiscaliaCol","https:\/\/www.instagram.com\/fiscaliacol","https:\/\/www.linkedin.com\/company\/fiscalia-general-de-la-naci-n\/","https:\/\/youtube.com\/@fiscaliageneraldelanacion-4668?si=6nN79nyQICPU5iTh"]}]}},"ticketed":false,"_links":{"self":[{"href":"https:\/\/www.fiscalia.gov.co\/colombia\/wp-json\/wp\/v2\/pages\/280071","targetHints":{"allow":["GET"]}}],"collection":[{"href":"https:\/\/www.fiscalia.gov.co\/colombia\/wp-json\/wp\/v2\/pages"}],"about":[{"href":"https:\/\/www.fiscalia.gov.co\/colombia\/wp-json\/wp\/v2\/types\/page"}],"author":[{"embeddable":true,"href":"https:\/\/www.fiscalia.gov.co\/colombia\/wp-json\/wp\/v2\/users\/143"}],"replies":[{"embeddable":true,"href":"https:\/\/www.fiscalia.gov.co\/colombia\/wp-json\/wp\/v2\/comments?post=280071"}],"version-history":[{"count":49,"href":"https:\/\/www.fiscalia.gov.co\/colombia\/wp-json\/wp\/v2\/pages\/280071\/revisions"}],"predecessor-version":[{"id":332730,"href":"https:\/\/www.fiscalia.gov.co\/colombia\/wp-json\/wp\/v2\/pages\/280071\/revisions\/332730"}],"wp:attachment":[{"href":"https:\/\/www.fiscalia.gov.co\/colombia\/wp-json\/wp\/v2\/media?parent=280071"}],"curies":[{"name":"wp","href":"https:\/\/api.w.org\/{rel}","templated":true}]}}