{"id":267307,"date":"2023-02-27T16:43:01","date_gmt":"2023-02-27T21:43:01","guid":{"rendered":"https:\/\/www.fiscalia.gov.co\/colombia\/?page_id=267307"},"modified":"2026-03-30T11:39:05","modified_gmt":"2026-03-30T16:39:05","slug":"informe-plan-de-austeridad-y-eficiencia-en-el-gasto-publico","status":"publish","type":"page","link":"https:\/\/www.fiscalia.gov.co\/colombia\/la-entidad\/informacion-financiera-y-contable\/informe-plan-de-austeridad-y-eficiencia-en-el-gasto-publico\/","title":{"rendered":"Plan de Austeridad y Eficiencia en el Gasto P\u00fablico"},"content":{"rendered":"<section class=\"wpb-content-wrapper\"><div id=\"tdi_1\" class=\"tdc-row\"><div class=\"vc_row tdi_2  wpb_row td-pb-row\" >\n<style scoped>\n\/* custom css - generated by TagDiv Composer *\/\n\n\/* custom css - generated by TagDiv Composer *\/\n.tdi_2,\r\n                .tdi_2 .tdc-columns{\r\n                    min-height: 0;\r\n                }.tdi_2,\r\n\t\t\t\t.tdi_2 .tdc-columns{\r\n\t\t\t\t    display: block;\r\n\t\t\t\t}.tdi_2 .tdc-columns{\r\n\t\t\t\t    width: 100%;\r\n\t\t\t\t}.tdi_2:before,\r\n\t\t\t\t.tdi_2:after{\r\n\t\t\t\t    display: table;\r\n\t\t\t\t}\n<\/style><div class=\"vc_column tdi_4  wpb_column vc_column_container tdc-column td-pb-span12\">\n<style scoped>\n\/* custom css - generated by TagDiv Composer *\/\n\n\/* custom css - generated by TagDiv Composer *\/\n.tdi_4{\r\n                    vertical-align: baseline;\r\n                }.tdi_4 > .wpb_wrapper,\r\n\t\t\t\t.tdi_4 > .wpb_wrapper > .tdc-elements{\r\n\t\t\t\t    display: block;\r\n\t\t\t\t}.tdi_4 > .wpb_wrapper > .tdc-elements{\r\n\t\t\t\t    width: 100%;\r\n\t\t\t\t}.tdi_4 > .wpb_wrapper > .vc_row_inner{\r\n\t\t\t\t    width: auto;\r\n\t\t\t\t}.tdi_4 > .wpb_wrapper{\r\n\t\t\t\t    width: auto;\r\n\t\t\t\t    height: auto;\r\n\t\t\t\t}\n<\/style><div class=\"wpb_wrapper\" >[vc_column_text]La Fiscal\u00eda General de la Naci\u00f3n presenta su Plan de Austeridad para cada vigencia desde el 2024, con el firme prop\u00f3sito de cuidar los recursos p\u00fablicos que pertenecen a todos los colombianos. Este plan busca garantizar que el dinero destinado al funcionamiento de la entidad se utilice de manera responsable, eficiente y transparente.\r\n\r\nA trav\u00e9s de acciones concretas y metas claras, trabajaremos para evitar gastos innecesarios, mejorar nuestros procesos internos y asegurar que cada inversi\u00f3n contribuya directamente al fortalecimiento del servicio que prestamos a la ciudadan\u00eda. Lo haremos sin afectar la calidad ni la oportunidad de nuestra labor, porque entendemos que una justicia eficaz tambi\u00e9n depende de una gesti\u00f3n consciente de los recursos.\r\n\r\nEste compromiso con la austeridad refleja nuestra voluntad de optimizar, de actuar con responsabilidad y de seguir construyendo una Fiscal\u00eda cercana, confiable y al servicio de todos.\r\n\r\n<strong>Consulte el Plan Interno de Austeridad Fiscal\u00eda General de la Naci\u00f3n.<\/strong>\r\n\r\n<a href=\"https:\/\/www.fiscalia.gov.co\/colombia\/wp-content\/uploads\/Plan-Interno-de-Austeridad-FGN-2026.pdf\" target=\"_blank\" rel=\"noopener\">Plan Interno de Austeridad FGN 2026<\/a> &#8211; Publicado 2026-03-30\r\n<span data-olk-copy-source=\"MessageBody\"><a href=\"https:\/\/www.fiscalia.gov.co\/colombia\/wp-content\/uploads\/Plan-Interno-de-Austeridad-2025-1.pdf\" target=\"_blank\" rel=\"noopener\">Plan Interno de Austeridad FGN 2025<\/a> &#8211; Publicado 2025-09-12\r\n<\/span><a href=\"https:\/\/www.fiscalia.gov.co\/colombia\/wp-content\/uploads\/PLAN-INTERNO-DE-AUSTERIDAD-VIGENCIA-FISCAL-2024.pdf\" target=\"_blank\" rel=\"noopener\">Plan Interno de Austeridad FGN 2024<\/a> &#8211; Publicado 2024-07-26\r\n\r\n<strong>Consulte el Informe Semestral de Austeridad del Gasto, de la Fiscalia General de la Naci\u00f3n.<\/strong>\r\n\r\n<span data-olk-copy-source=\"MessageBody\"><a href=\"https:\/\/www.fiscalia.gov.co\/colombia\/wp-content\/uploads\/Informe-Austeridad-del-Gasto-a-2025-12-31.pdf\" target=\"_blank\" rel=\"noopener\">Informe Austeridad del Gasto FGN a 2025-12-31<\/a> &#8211; Publicado 2026-02-20\r\n<\/span><a href=\"https:\/\/www.fiscalia.gov.co\/colombia\/wp-content\/uploads\/Informe-Austeridad-del-Gasto-a-2024-12-31.pdf\" target=\"_blank\" rel=\"noopener\">Informe Austeridad del Gasto <\/a><a href=\"https:\/\/www.fiscalia.gov.co\/colombia\/wp-content\/uploads\/Informe-Austeridad-del-Gasto-a-2025-12-31.pdf\" target=\"_blank\" rel=\"noopener\">FGN<\/a><a href=\"https:\/\/www.fiscalia.gov.co\/colombia\/wp-content\/uploads\/Informe-Austeridad-del-Gasto-a-2024-12-31.pdf\" target=\"_blank\" rel=\"noopener\"> a 2024-12-31<\/a> &#8211; Publicado 2025-02-19\r\n<a href=\"https:\/\/www.fiscalia.gov.co\/colombia\/wp-content\/uploads\/Informe-Austeridad-del-Gasto-a-2024-06-30.pdf\" target=\"_blank\" rel=\"noopener\">Informe Austeridad del Gasto <\/a><a href=\"https:\/\/www.fiscalia.gov.co\/colombia\/wp-content\/uploads\/Informe-Austeridad-del-Gasto-a-2025-12-31.pdf\" target=\"_blank\" rel=\"noopener\">FGN<\/a><a href=\"https:\/\/www.fiscalia.gov.co\/colombia\/wp-content\/uploads\/Informe-Austeridad-del-Gasto-a-2025-12-31.pdf\" target=\"_blank\" rel=\"noopener\"> a 2024-06-30<\/a> &#8211; Publicado 2024-08-06\r\n<a href=\"https:\/\/www.fiscalia.gov.co\/colombia\/wp-content\/uploads\/Informe-Austeridad-del-Gasto-a-2023-12-31.pdf\" target=\"_blank\" rel=\"noopener\">Informe Austeridad del Gasto <\/a><a href=\"https:\/\/www.fiscalia.gov.co\/colombia\/wp-content\/uploads\/Informe-Austeridad-del-Gasto-a-2025-12-31.pdf\" target=\"_blank\" rel=\"noopener\">FGN<\/a> <a href=\"https:\/\/www.fiscalia.gov.co\/colombia\/wp-content\/uploads\/Informe-Austeridad-del-Gasto-a-2023-12-31.pdf\" target=\"_blank\" rel=\"noopener\">a 2023-12-31<\/a> &#8211; Publicado 2024-02-14\r\n<a href=\"https:\/\/www.fiscalia.gov.co\/colombia\/wp-content\/uploads\/Informe-Austeridad-del-Gasto-a-2023-06-30.pdf\" target=\"_blank\" rel=\"noopener\">Informe Austeridad del Gasto <\/a><a href=\"https:\/\/www.fiscalia.gov.co\/colombia\/wp-content\/uploads\/Informe-Austeridad-del-Gasto-a-2025-12-31.pdf\" target=\"_blank\" rel=\"noopener\">FGN<\/a> <a href=\"https:\/\/www.fiscalia.gov.co\/colombia\/wp-content\/uploads\/Informe-Austeridad-del-Gasto-a-2023-06-30.pdf\" target=\"_blank\" rel=\"noopener\">a 2023-06-30<\/a> &#8211; Publicado 2023-08-09\r\n<a href=\"https:\/\/www.fiscalia.gov.co\/colombia\/wp-content\/uploads\/Informe-Austeridad-del-Gasto-a-2022-12-31.pdf\" target=\"_blank\" rel=\"noopener\">Informe Austeridad del Gasto <\/a><a href=\"https:\/\/www.fiscalia.gov.co\/colombia\/wp-content\/uploads\/Informe-Austeridad-del-Gasto-a-2025-12-31.pdf\" target=\"_blank\" rel=\"noopener\">FGN<\/a><a href=\"https:\/\/www.fiscalia.gov.co\/colombia\/wp-content\/uploads\/Informe-Austeridad-del-Gasto-a-2025-12-31.pdf\" target=\"_blank\" rel=\"noopener\"> a 2022-12-31<\/a>\u00a0\u2013 Publicado 2023-02-27\r\n\r\n<strong>Consulte el Informe Semestral de Austeridad del Gasto, Fondo Especial para la Administraci\u00f3n de Bienes (FEAB) de la Fiscal\u00eda General de la Naci\u00f3n.<\/strong>\r\n\r\n<a href=\"https:\/\/www.fiscalia.gov.co\/colombia\/wp-content\/uploads\/Informe-Austeridad-del-Gasto-FEAB-a-2025-12-31.pdf\" target=\"_blank\" rel=\"noopener\">Informe Austeridad del Gasto FEAB a 2025-12-31<\/a> &#8211; Publicado 2026-03-11[\/vc_column_text]<\/div><\/div><\/div><\/div><\/section>\n<div class=\"twitter-share\"><a href=\"https:\/\/twitter.com\/intent\/tweet?via=fiscaliacol\" class=\"twitter-share-button\">Tweet<\/a><\/div>\n","protected":false},"excerpt":{"rendered":"[vc_column_text]La Fiscal\u00eda General de la Naci\u00f3n presenta su Plan de Austeridad para cada vigencia desde el 2024, con el firme prop\u00f3sito de cuidar los recursos p\u00fablicos que pertenecen a todos los colombianos. Este plan busca garantizar que el dinero destinado al funcionamiento de la entidad se utilice de manera responsable, eficiente y transparente. A trav\u00e9s [...]","protected":false},"author":175,"featured_media":0,"parent":8576,"menu_order":0,"comment_status":"closed","ping_status":"closed","template":"page-pagebuilder-title.php","meta":{"_price":"","_stock":"","_tribe_ticket_header":"","_tribe_default_ticket_provider":"","_tribe_ticket_capacity":"0","_ticket_start_date":"","_ticket_end_date":"","_tribe_ticket_show_description":"","_tribe_ticket_show_not_going":false,"_tribe_ticket_use_global_stock":"","_tribe_ticket_global_stock_level":"","_global_stock_mode":"","_global_stock_cap":"","_tribe_rsvp_for_event":"","_tribe_ticket_going_count":"","_tribe_ticket_not_going_count":"","_tribe_tickets_list":"[]","_tribe_ticket_has_attendee_info_fields":false,"tdm_status":"","tdm_grid_status":"","footnotes":"","_tec_slr_enabled":"","_tec_slr_layout":""},"class_list":["post-267307","page","type-page","status-publish"],"yoast_head":"<!-- This site is optimized with the Yoast SEO plugin v24.3 - https:\/\/yoast.com\/wordpress\/plugins\/seo\/ -->\n<title>Fiscal\u00eda General de la Naci\u00f3n<\/title>\n<meta name=\"description\" content=\"P\u00e1gina oficial de la Fiscal\u00eda General de la Naci\u00f3n \u2013 Colombia. Garantizamos el acceso efectivo a la justicia, la verdad y la reparaci\u00f3n de las v\u00edctimas de los delitos.\" \/>\n<meta name=\"robots\" content=\"index, follow, max-snippet:-1, max-image-preview:large, max-video-preview:-1\" \/>\n<link rel=\"canonical\" href=\"https:\/\/www.fiscalia.gov.co\/colombia\/la-entidad\/informacion-financiera-y-contable\/informe-plan-de-austeridad-y-eficiencia-en-el-gasto-publico\/\" \/>\n<meta property=\"og:locale\" content=\"es_ES\" \/>\n<meta property=\"og:type\" content=\"article\" \/>\n<meta property=\"og:title\" content=\"Fiscal\u00eda General de la Naci\u00f3n\" \/>\n<meta property=\"og:description\" content=\"P\u00e1gina oficial de la Fiscal\u00eda General de la Naci\u00f3n \u2013 Colombia. Garantizamos el acceso efectivo a la justicia, la verdad y la reparaci\u00f3n de las v\u00edctimas de los delitos.\" \/>\n<meta property=\"og:url\" content=\"https:\/\/www.fiscalia.gov.co\/colombia\/la-entidad\/informacion-financiera-y-contable\/informe-plan-de-austeridad-y-eficiencia-en-el-gasto-publico\/\" \/>\n<meta property=\"og:site_name\" content=\"Fiscal\u00eda General de la Naci\u00f3n\" \/>\n<meta property=\"article:publisher\" content=\"https:\/\/www.facebook.com\/FiscaliaCol\" \/>\n<meta property=\"article:modified_time\" content=\"2026-03-30T16:39:05+00:00\" \/>\n<meta name=\"twitter:card\" content=\"summary_large_image\" \/>\n<meta name=\"twitter:site\" content=\"@FiscaliaCol\" \/>\n<meta name=\"twitter:label1\" content=\"Tiempo de lectura\" \/>\n\t<meta name=\"twitter:data1\" content=\"2 minutos\" \/>\n<script type=\"application\/ld+json\" class=\"yoast-schema-graph\">{\"@context\":\"https:\/\/schema.org\",\"@graph\":[{\"@type\":\"WebPage\",\"@id\":\"https:\/\/www.fiscalia.gov.co\/colombia\/la-entidad\/informacion-financiera-y-contable\/informe-plan-de-austeridad-y-eficiencia-en-el-gasto-publico\/\",\"url\":\"https:\/\/www.fiscalia.gov.co\/colombia\/la-entidad\/informacion-financiera-y-contable\/informe-plan-de-austeridad-y-eficiencia-en-el-gasto-publico\/\",\"name\":\"Fiscal\u00eda General de la Naci\u00f3n\",\"isPartOf\":{\"@id\":\"https:\/\/www.fiscalia.gov.co\/colombia\/#website\"},\"datePublished\":\"2023-02-27T21:43:01+00:00\",\"dateModified\":\"2026-03-30T16:39:05+00:00\",\"description\":\"P\u00e1gina oficial de la Fiscal\u00eda General de la Naci\u00f3n \u2013 Colombia. Garantizamos el acceso efectivo a la justicia, la verdad y la reparaci\u00f3n de las v\u00edctimas de los delitos.\",\"breadcrumb\":{\"@id\":\"https:\/\/www.fiscalia.gov.co\/colombia\/la-entidad\/informacion-financiera-y-contable\/informe-plan-de-austeridad-y-eficiencia-en-el-gasto-publico\/#breadcrumb\"},\"inLanguage\":\"es-CO\",\"potentialAction\":[{\"@type\":\"ReadAction\",\"target\":[\"https:\/\/www.fiscalia.gov.co\/colombia\/la-entidad\/informacion-financiera-y-contable\/informe-plan-de-austeridad-y-eficiencia-en-el-gasto-publico\/\"]}]},{\"@type\":\"BreadcrumbList\",\"@id\":\"https:\/\/www.fiscalia.gov.co\/colombia\/la-entidad\/informacion-financiera-y-contable\/informe-plan-de-austeridad-y-eficiencia-en-el-gasto-publico\/#breadcrumb\",\"itemListElement\":[{\"@type\":\"ListItem\",\"position\":1,\"name\":\"Home\",\"item\":\"https:\/\/www.fiscalia.gov.co\/colombia\/\"},{\"@type\":\"ListItem\",\"position\":2,\"name\":\"La Entidad\",\"item\":\"https:\/\/www.fiscalia.gov.co\/colombia\/la-entidad\/\"},{\"@type\":\"ListItem\",\"position\":3,\"name\":\"Informaci\u00f3n presupuestal y financiera\",\"item\":\"https:\/\/www.fiscalia.gov.co\/colombia\/la-entidad\/informacion-financiera-y-contable\/\"},{\"@type\":\"ListItem\",\"position\":4,\"name\":\"Plan de Austeridad y Eficiencia en el Gasto P\u00fablico\"}]},{\"@type\":\"WebSite\",\"@id\":\"https:\/\/www.fiscalia.gov.co\/colombia\/#website\",\"url\":\"https:\/\/www.fiscalia.gov.co\/colombia\/\",\"name\":\"Fiscal\u00eda General de la Naci\u00f3n\",\"description\":\"P\u00e1gina oficial de la Fiscal\u00eda General de la Naci\u00f3n \u2013 Colombia. Garantizamos el acceso efectivo a la justicia, la verdad y la reparaci\u00f3n de las v\u00edctimas de los delitos.\",\"publisher\":{\"@id\":\"https:\/\/www.fiscalia.gov.co\/colombia\/#organization\"},\"potentialAction\":[{\"@type\":\"SearchAction\",\"target\":{\"@type\":\"EntryPoint\",\"urlTemplate\":\"https:\/\/www.fiscalia.gov.co\/colombia\/?s={search_term_string}\"},\"query-input\":{\"@type\":\"PropertyValueSpecification\",\"valueRequired\":true,\"valueName\":\"search_term_string\"}}],\"inLanguage\":\"es-CO\"},{\"@type\":\"Organization\",\"@id\":\"https:\/\/www.fiscalia.gov.co\/colombia\/#organization\",\"name\":\"Fiscal\u00eda General de la Naci\u00f3n\",\"url\":\"https:\/\/www.fiscalia.gov.co\/colombia\/\",\"logo\":{\"@type\":\"ImageObject\",\"inLanguage\":\"es-CO\",\"@id\":\"https:\/\/www.fiscalia.gov.co\/colombia\/#\/schema\/logo\/image\/\",\"url\":\"https:\/\/www.fiscalia.gov.co\/colombia\/wp-content\/uploads\/LogoHorizontal_1.jpg\",\"contentUrl\":\"https:\/\/www.fiscalia.gov.co\/colombia\/wp-content\/uploads\/LogoHorizontal_1.jpg\",\"width\":300,\"height\":90,\"caption\":\"Fiscal\u00eda General de la Naci\u00f3n\"},\"image\":{\"@id\":\"https:\/\/www.fiscalia.gov.co\/colombia\/#\/schema\/logo\/image\/\"},\"sameAs\":[\"https:\/\/www.facebook.com\/FiscaliaCol\",\"https:\/\/x.com\/FiscaliaCol\",\"https:\/\/www.instagram.com\/fiscaliacol\",\"https:\/\/www.linkedin.com\/company\/fiscalia-general-de-la-naci-n\/\",\"https:\/\/youtube.com\/@fiscaliageneraldelanacion-4668?si=6nN79nyQICPU5iTh\"]}]}<\/script>\n<!-- \/ Yoast SEO plugin. -->","yoast_head_json":{"title":"Fiscal\u00eda General de la Naci\u00f3n","description":"P\u00e1gina oficial de la Fiscal\u00eda General de la Naci\u00f3n \u2013 Colombia. Garantizamos el acceso efectivo a la justicia, la verdad y la reparaci\u00f3n de las v\u00edctimas de los delitos.","robots":{"index":"index","follow":"follow","max-snippet":"max-snippet:-1","max-image-preview":"max-image-preview:large","max-video-preview":"max-video-preview:-1"},"canonical":"https:\/\/www.fiscalia.gov.co\/colombia\/la-entidad\/informacion-financiera-y-contable\/informe-plan-de-austeridad-y-eficiencia-en-el-gasto-publico\/","og_locale":"es_ES","og_type":"article","og_title":"Fiscal\u00eda General de la Naci\u00f3n","og_description":"P\u00e1gina oficial de la Fiscal\u00eda General de la Naci\u00f3n \u2013 Colombia. Garantizamos el acceso efectivo a la justicia, la verdad y la reparaci\u00f3n de las v\u00edctimas de los delitos.","og_url":"https:\/\/www.fiscalia.gov.co\/colombia\/la-entidad\/informacion-financiera-y-contable\/informe-plan-de-austeridad-y-eficiencia-en-el-gasto-publico\/","og_site_name":"Fiscal\u00eda General de la Naci\u00f3n","article_publisher":"https:\/\/www.facebook.com\/FiscaliaCol","article_modified_time":"2026-03-30T16:39:05+00:00","twitter_card":"summary_large_image","twitter_site":"@FiscaliaCol","twitter_misc":{"Tiempo de lectura":"2 minutos"},"schema":{"@context":"https:\/\/schema.org","@graph":[{"@type":"WebPage","@id":"https:\/\/www.fiscalia.gov.co\/colombia\/la-entidad\/informacion-financiera-y-contable\/informe-plan-de-austeridad-y-eficiencia-en-el-gasto-publico\/","url":"https:\/\/www.fiscalia.gov.co\/colombia\/la-entidad\/informacion-financiera-y-contable\/informe-plan-de-austeridad-y-eficiencia-en-el-gasto-publico\/","name":"Fiscal\u00eda General de la Naci\u00f3n","isPartOf":{"@id":"https:\/\/www.fiscalia.gov.co\/colombia\/#website"},"datePublished":"2023-02-27T21:43:01+00:00","dateModified":"2026-03-30T16:39:05+00:00","description":"P\u00e1gina oficial de la Fiscal\u00eda General de la Naci\u00f3n \u2013 Colombia. Garantizamos el acceso efectivo a la justicia, la verdad y la reparaci\u00f3n de las v\u00edctimas de los delitos.","breadcrumb":{"@id":"https:\/\/www.fiscalia.gov.co\/colombia\/la-entidad\/informacion-financiera-y-contable\/informe-plan-de-austeridad-y-eficiencia-en-el-gasto-publico\/#breadcrumb"},"inLanguage":"es-CO","potentialAction":[{"@type":"ReadAction","target":["https:\/\/www.fiscalia.gov.co\/colombia\/la-entidad\/informacion-financiera-y-contable\/informe-plan-de-austeridad-y-eficiencia-en-el-gasto-publico\/"]}]},{"@type":"BreadcrumbList","@id":"https:\/\/www.fiscalia.gov.co\/colombia\/la-entidad\/informacion-financiera-y-contable\/informe-plan-de-austeridad-y-eficiencia-en-el-gasto-publico\/#breadcrumb","itemListElement":[{"@type":"ListItem","position":1,"name":"Home","item":"https:\/\/www.fiscalia.gov.co\/colombia\/"},{"@type":"ListItem","position":2,"name":"La Entidad","item":"https:\/\/www.fiscalia.gov.co\/colombia\/la-entidad\/"},{"@type":"ListItem","position":3,"name":"Informaci\u00f3n presupuestal y financiera","item":"https:\/\/www.fiscalia.gov.co\/colombia\/la-entidad\/informacion-financiera-y-contable\/"},{"@type":"ListItem","position":4,"name":"Plan de Austeridad y Eficiencia en el Gasto P\u00fablico"}]},{"@type":"WebSite","@id":"https:\/\/www.fiscalia.gov.co\/colombia\/#website","url":"https:\/\/www.fiscalia.gov.co\/colombia\/","name":"Fiscal\u00eda General de la Naci\u00f3n","description":"P\u00e1gina oficial de la Fiscal\u00eda General de la Naci\u00f3n \u2013 Colombia. Garantizamos el acceso efectivo a la justicia, la verdad y la reparaci\u00f3n de las v\u00edctimas de los delitos.","publisher":{"@id":"https:\/\/www.fiscalia.gov.co\/colombia\/#organization"},"potentialAction":[{"@type":"SearchAction","target":{"@type":"EntryPoint","urlTemplate":"https:\/\/www.fiscalia.gov.co\/colombia\/?s={search_term_string}"},"query-input":{"@type":"PropertyValueSpecification","valueRequired":true,"valueName":"search_term_string"}}],"inLanguage":"es-CO"},{"@type":"Organization","@id":"https:\/\/www.fiscalia.gov.co\/colombia\/#organization","name":"Fiscal\u00eda General de la Naci\u00f3n","url":"https:\/\/www.fiscalia.gov.co\/colombia\/","logo":{"@type":"ImageObject","inLanguage":"es-CO","@id":"https:\/\/www.fiscalia.gov.co\/colombia\/#\/schema\/logo\/image\/","url":"https:\/\/www.fiscalia.gov.co\/colombia\/wp-content\/uploads\/LogoHorizontal_1.jpg","contentUrl":"https:\/\/www.fiscalia.gov.co\/colombia\/wp-content\/uploads\/LogoHorizontal_1.jpg","width":300,"height":90,"caption":"Fiscal\u00eda General de la Naci\u00f3n"},"image":{"@id":"https:\/\/www.fiscalia.gov.co\/colombia\/#\/schema\/logo\/image\/"},"sameAs":["https:\/\/www.facebook.com\/FiscaliaCol","https:\/\/x.com\/FiscaliaCol","https:\/\/www.instagram.com\/fiscaliacol","https:\/\/www.linkedin.com\/company\/fiscalia-general-de-la-naci-n\/","https:\/\/youtube.com\/@fiscaliageneraldelanacion-4668?si=6nN79nyQICPU5iTh"]}]}},"ticketed":false,"_links":{"self":[{"href":"https:\/\/www.fiscalia.gov.co\/colombia\/wp-json\/wp\/v2\/pages\/267307","targetHints":{"allow":["GET"]}}],"collection":[{"href":"https:\/\/www.fiscalia.gov.co\/colombia\/wp-json\/wp\/v2\/pages"}],"about":[{"href":"https:\/\/www.fiscalia.gov.co\/colombia\/wp-json\/wp\/v2\/types\/page"}],"author":[{"embeddable":true,"href":"https:\/\/www.fiscalia.gov.co\/colombia\/wp-json\/wp\/v2\/users\/175"}],"replies":[{"embeddable":true,"href":"https:\/\/www.fiscalia.gov.co\/colombia\/wp-json\/wp\/v2\/comments?post=267307"}],"version-history":[{"count":23,"href":"https:\/\/www.fiscalia.gov.co\/colombia\/wp-json\/wp\/v2\/pages\/267307\/revisions"}],"predecessor-version":[{"id":360896,"href":"https:\/\/www.fiscalia.gov.co\/colombia\/wp-json\/wp\/v2\/pages\/267307\/revisions\/360896"}],"up":[{"embeddable":true,"href":"https:\/\/www.fiscalia.gov.co\/colombia\/wp-json\/wp\/v2\/pages\/8576"}],"wp:attachment":[{"href":"https:\/\/www.fiscalia.gov.co\/colombia\/wp-json\/wp\/v2\/media?parent=267307"}],"curies":[{"name":"wp","href":"https:\/\/api.w.org\/{rel}","templated":true}]}}