{"id":239637,"date":"2022-02-02T12:34:20","date_gmt":"2022-02-02T17:34:20","guid":{"rendered":"https:\/\/www.fiscalia.gov.co\/colombia\/?page_id=239637"},"modified":"2025-06-10T10:49:01","modified_gmt":"2025-06-10T15:49:01","slug":"al-dia-con-los-sindicatos","status":"publish","type":"page","link":"https:\/\/www.fiscalia.gov.co\/colombia\/al-dia-con-los-sindicatos\/","title":{"rendered":"Al d\u00eda con los sindicatos"},"content":{"rendered":"<section class=\"wpb-content-wrapper\"><div id=\"tdi_1\" class=\"tdc-row stretch_row_content\"><div class=\"vc_row tdi_2  wpb_row td-pb-row\" >\n<style scoped>\n\/* custom css - generated by TagDiv Composer *\/\n\n\/* custom css - generated by TagDiv Composer *\/\n.tdi_2,\r\n                .tdi_2 .tdc-columns{\r\n                    min-height: 0;\r\n                }.tdi_2,\r\n\t\t\t\t.tdi_2 .tdc-columns{\r\n\t\t\t\t    display: block;\r\n\t\t\t\t}.tdi_2 .tdc-columns{\r\n\t\t\t\t    width: 100%;\r\n\t\t\t\t}.tdi_2:before,\r\n\t\t\t\t.tdi_2:after{\r\n\t\t\t\t    display: table;\r\n\t\t\t\t}\n<\/style><div class=\"vc_column tdi_4  wpb_column vc_column_container tdc-column td-pb-span12\">\n<style scoped>\n\/* custom css - generated by TagDiv Composer *\/\n\n\/* custom css - generated by TagDiv Composer *\/\n.tdi_4{\r\n                    vertical-align: baseline;\r\n                }.tdi_4 > .wpb_wrapper,\r\n\t\t\t\t.tdi_4 > .wpb_wrapper > .tdc-elements{\r\n\t\t\t\t    display: block;\r\n\t\t\t\t}.tdi_4 > .wpb_wrapper > .tdc-elements{\r\n\t\t\t\t    width: 100%;\r\n\t\t\t\t}.tdi_4 > .wpb_wrapper > .vc_row_inner{\r\n\t\t\t\t    width: auto;\r\n\t\t\t\t}.tdi_4 > .wpb_wrapper{\r\n\t\t\t\t    width: auto;\r\n\t\t\t\t    height: auto;\r\n\t\t\t\t}\n<\/style><div class=\"wpb_wrapper\" >[vc_single_image image=&#8221;297341&#8243; img_size=&#8221;full&#8221; alignment=&#8221;center&#8221;]<\/div><\/div><\/div><\/div><div id=\"tdi_5\" class=\"tdc-row\"><div class=\"vc_row tdi_6  wpb_row td-pb-row\" >\n<style scoped>\n\/* custom css - generated by TagDiv Composer *\/\n\n\/* custom css - generated by TagDiv Composer *\/\n.tdi_6,\r\n                .tdi_6 .tdc-columns{\r\n                    min-height: 0;\r\n                }.tdi_6,\r\n\t\t\t\t.tdi_6 .tdc-columns{\r\n\t\t\t\t    display: block;\r\n\t\t\t\t}.tdi_6 .tdc-columns{\r\n\t\t\t\t    width: 100%;\r\n\t\t\t\t}.tdi_6:before,\r\n\t\t\t\t.tdi_6:after{\r\n\t\t\t\t    display: table;\r\n\t\t\t\t}\n<\/style><div class=\"vc_column tdi_8  wpb_column vc_column_container tdc-column td-pb-span8\">\n<style scoped>\n\/* custom css - generated by TagDiv Composer *\/\n\n\/* custom css - generated by TagDiv Composer *\/\n.tdi_8{\r\n                    vertical-align: baseline;\r\n                }.tdi_8 > .wpb_wrapper,\r\n\t\t\t\t.tdi_8 > .wpb_wrapper > .tdc-elements{\r\n\t\t\t\t    display: block;\r\n\t\t\t\t}.tdi_8 > .wpb_wrapper > .tdc-elements{\r\n\t\t\t\t    width: 100%;\r\n\t\t\t\t}.tdi_8 > .wpb_wrapper > .vc_row_inner{\r\n\t\t\t\t    width: auto;\r\n\t\t\t\t}.tdi_8 > .wpb_wrapper{\r\n\t\t\t\t    width: auto;\r\n\t\t\t\t    height: auto;\r\n\t\t\t\t}\n<\/style><div class=\"wpb_wrapper\" >[vc_column_text]En esta secci\u00f3n se encuentra la informaci\u00f3n relacionada con los sindicatos de la entidad; es un espacio para conocer las distintas actividades que realizan.[\/vc_column_text][vc_toggle title=&#8221;Unitraj&#8221;]<img loading=\"lazy\" decoding=\"async\" class=\"alignleft wp-image-239643\" src=\"https:\/\/www.fiscalia.gov.co\/colombia\/wp-content\/uploads\/LOGO-UNITRAJ-JPG-1024x949.jpg\" alt=\"\" width=\"197\" height=\"183\" srcset=\"https:\/\/www.fiscalia.gov.co\/colombia\/wp-content\/uploads\/LOGO-UNITRAJ-JPG-1024x949.jpg 1024w, https:\/\/www.fiscalia.gov.co\/colombia\/wp-content\/uploads\/LOGO-UNITRAJ-JPG-300x278.jpg 300w, https:\/\/www.fiscalia.gov.co\/colombia\/wp-content\/uploads\/LOGO-UNITRAJ-JPG-768x712.jpg 768w, https:\/\/www.fiscalia.gov.co\/colombia\/wp-content\/uploads\/LOGO-UNITRAJ-JPG-696x645.jpg 696w, https:\/\/www.fiscalia.gov.co\/colombia\/wp-content\/uploads\/LOGO-UNITRAJ-JPG-1068x990.jpg 1068w, https:\/\/www.fiscalia.gov.co\/colombia\/wp-content\/uploads\/LOGO-UNITRAJ-JPG-453x420.jpg 453w, https:\/\/www.fiscalia.gov.co\/colombia\/wp-content\/uploads\/LOGO-UNITRAJ-JPG.jpg 1235w\" sizes=\"auto, (max-width: 197px) 100vw, 197px\" \/><strong>Nombre l\u00edder sindical<\/strong>: Manuel Alfonso Novoa Olaya\r\n<strong>Tel\u00e9fono o celular<\/strong>: 3115664445 &#8211; 3138561516\r\n<strong>Correo electr\u00f3nico<\/strong>: <a href=\"mailto:unitraj@fiscalia.gov.co\">unitraj@fiscalia.gov.co<\/a>\u00a0&#8211;\u00a0<a href=\"mailto:unitrabjud@gmail.com\">unitrabjud@gmail.com<\/a>\r\n<strong>Direcci\u00f3n<\/strong>: Cra. 28 No. 18 \u2013 64, Piso 1 Edificio Antiguo DAS Bogot\u00e1\r\n\r\n&nbsp;\r\n\r\n&nbsp;\r\n\r\n<a href=\"https:\/\/twitter.com\/sindicatUNITRAJ\" target=\"_blank\" rel=\"noopener noreferrer\"><img loading=\"lazy\" decoding=\"async\" class=\"alignleft wp-image-239681\" src=\"https:\/\/www.fiscalia.gov.co\/colombia\/wp-content\/uploads\/twitter.png\" alt=\"\" width=\"70\" height=\"68\" \/><\/a><a href=\"https:\/\/www.facebook.com\/unidadnacional.trabajadoresdejusticia\" target=\"_blank\" rel=\"noopener noreferrer\"><img loading=\"lazy\" decoding=\"async\" class=\"alignnone wp-image-239682\" src=\"https:\/\/www.fiscalia.gov.co\/colombia\/wp-content\/uploads\/facebook.png\" alt=\"\" width=\"70\" height=\"71\" \/><\/a>[\/vc_toggle][vc_toggle title=&#8221;Serfigen&#8221;]<img loading=\"lazy\" decoding=\"async\" class=\"alignleft wp-image-261222\" src=\"https:\/\/www.fiscalia.gov.co\/colombia\/wp-content\/uploads\/SERFIGEN-500-x-500-300x300.png\" alt=\"\" width=\"261\" height=\"261\" srcset=\"https:\/\/www.fiscalia.gov.co\/colombia\/wp-content\/uploads\/SERFIGEN-500-x-500-300x300.png 300w, https:\/\/www.fiscalia.gov.co\/colombia\/wp-content\/uploads\/SERFIGEN-500-x-500-150x150.png 150w, https:\/\/www.fiscalia.gov.co\/colombia\/wp-content\/uploads\/SERFIGEN-500-x-500-420x420.png 420w, https:\/\/www.fiscalia.gov.co\/colombia\/wp-content\/uploads\/SERFIGEN-500-x-500.png 500w\" sizes=\"auto, (max-width: 261px) 100vw, 261px\" \/>Nombre l\u00edder sindical: Alfredo Barrero Gaviria\r\nTel\u00e9fono o celular: 3182704802\r\n<strong>Correo electr\u00f3nico:<\/strong>\u00a0<a href=\"mailto:sindicato.serfigen@gmail.com\">sindicato.serfigen@gmail.com<\/a>\r\n<strong>Enlace de p\u00e1gina:<\/strong>\u00a0<a href=\"http:\/\/www.serfigen.com\/\">www.serfigen.com<\/a>\r\n\r\n&nbsp;\r\n\r\n&nbsp;\r\n\r\n&nbsp;\r\n\r\n<a href=\"https:\/\/www.facebook.com\/sindicatoserfigen\" target=\"_blank\" rel=\"noopener noreferrer\"><img loading=\"lazy\" decoding=\"async\" class=\"wp-image-239682 alignleft\" src=\"https:\/\/www.fiscalia.gov.co\/colombia\/wp-content\/uploads\/facebook.png\" alt=\"\" width=\"70\" height=\"71\" \/><\/a><a href=\"https:\/\/twitter.com\/SERFIGEN_\" target=\"_blank\" rel=\"noopener noreferrer\"><img loading=\"lazy\" decoding=\"async\" class=\"wp-image-239681 alignnone\" src=\"https:\/\/www.fiscalia.gov.co\/colombia\/wp-content\/uploads\/twitter.png\" alt=\"\" width=\"70\" height=\"68\" \/><\/a>[\/vc_toggle][vc_toggle title=&#8221;Sinalfi&#8221;]<strong> <img loading=\"lazy\" decoding=\"async\" class=\"alignleft wp-image-300966 size-medium\" src=\"https:\/\/www.fiscalia.gov.co\/colombia\/wp-content\/uploads\/SINALFI-300x238.jpg\" alt=\"\" width=\"300\" height=\"238\" srcset=\"https:\/\/www.fiscalia.gov.co\/colombia\/wp-content\/uploads\/SINALFI-300x238.jpg 300w, https:\/\/www.fiscalia.gov.co\/colombia\/wp-content\/uploads\/SINALFI.jpg 505w\" sizes=\"auto, (max-width: 300px) 100vw, 300px\" \/>Nombre l\u00edder sindical: <\/strong>Nancy Patricia Bernal Carvajal\r\n<strong>Tel\u00e9fono o celular: <\/strong>3142517988\r\n<strong>Correo electr\u00f3nico: <\/strong><a href=\"mailto:sinalfisindicato@gmail.com\">sinalfisindicato@gmail.com<\/a>\r\n\r\n&nbsp;\r\n\r\n&nbsp;\r\n\r\n[\/vc_toggle][vc_toggle title=&#8221;ACEP Nacional&#8221;]<strong><img loading=\"lazy\" decoding=\"async\" class=\"alignleft wp-image-300967 size-medium\" src=\"https:\/\/www.fiscalia.gov.co\/colombia\/wp-content\/uploads\/logo-ACEP-NACIONAL-297x300.jpg\" alt=\"\" width=\"297\" height=\"300\" srcset=\"https:\/\/www.fiscalia.gov.co\/colombia\/wp-content\/uploads\/logo-ACEP-NACIONAL-297x300.jpg 297w, https:\/\/www.fiscalia.gov.co\/colombia\/wp-content\/uploads\/logo-ACEP-NACIONAL-1015x1024.jpg 1015w, https:\/\/www.fiscalia.gov.co\/colombia\/wp-content\/uploads\/logo-ACEP-NACIONAL-768x775.jpg 768w, https:\/\/www.fiscalia.gov.co\/colombia\/wp-content\/uploads\/logo-ACEP-NACIONAL-1523x1536.jpg 1523w, https:\/\/www.fiscalia.gov.co\/colombia\/wp-content\/uploads\/logo-ACEP-NACIONAL-416x420.jpg 416w, https:\/\/www.fiscalia.gov.co\/colombia\/wp-content\/uploads\/logo-ACEP-NACIONAL-696x702.jpg 696w, https:\/\/www.fiscalia.gov.co\/colombia\/wp-content\/uploads\/logo-ACEP-NACIONAL-1068x1077.jpg 1068w, https:\/\/www.fiscalia.gov.co\/colombia\/wp-content\/uploads\/logo-ACEP-NACIONAL.jpg 1586w\" sizes=\"auto, (max-width: 297px) 100vw, 297px\" \/>Nombre l\u00edder sindical: <\/strong>Oscar Mauricio Cerquera Ortiz\r\n<strong>Tel\u00e9fono o celular:\u00a0<\/strong>3123116254\r\n<strong>Correo electr\u00f3nico:<\/strong>\u00a0<a href=\"mailto:ACEPNACIONAL2021@GMAIL.COM\">ACEPNACIONAL2021@GMAIL.COM<\/a>\r\n<strong>Direcci\u00f3n: <\/strong>Municipio de Palermo \u2013 Huila en la carrera 8 N. 10 \u2013 51\r\n\r\n&nbsp;\r\n\r\n&nbsp;\r\n\r\n&nbsp;\r\n\r\n&nbsp;\r\n\r\n&nbsp;\r\n\r\n<a href=\"https:\/\/www.facebook.com\/ACEPNACIONAL2021\/\" target=\"_blank\" rel=\"noopener noreferrer\"><img loading=\"lazy\" decoding=\"async\" class=\"alignleft wp-image-239682\" src=\"https:\/\/www.fiscalia.gov.co\/colombia\/wp-content\/uploads\/facebook.png\" alt=\"\" width=\"70\" height=\"71\" \/><\/a>[\/vc_toggle][vc_toggle title=&#8221;Asonal Judicial S.I.&#8221;]<img loading=\"lazy\" decoding=\"async\" class=\"wp-image-240691 alignleft\" src=\"https:\/\/www.fiscalia.gov.co\/colombia\/wp-content\/uploads\/Asonal-Judicial-S.I.-961x1024.jpg\" alt=\"\" width=\"197\" height=\"210\" srcset=\"https:\/\/www.fiscalia.gov.co\/colombia\/wp-content\/uploads\/Asonal-Judicial-S.I.-961x1024.jpg 961w, https:\/\/www.fiscalia.gov.co\/colombia\/wp-content\/uploads\/Asonal-Judicial-S.I.-282x300.jpg 282w, https:\/\/www.fiscalia.gov.co\/colombia\/wp-content\/uploads\/Asonal-Judicial-S.I.-768x818.jpg 768w, https:\/\/www.fiscalia.gov.co\/colombia\/wp-content\/uploads\/Asonal-Judicial-S.I.-696x742.jpg 696w, https:\/\/www.fiscalia.gov.co\/colombia\/wp-content\/uploads\/Asonal-Judicial-S.I.-1068x1138.jpg 1068w, https:\/\/www.fiscalia.gov.co\/colombia\/wp-content\/uploads\/Asonal-Judicial-S.I.-394x420.jpg 394w, https:\/\/www.fiscalia.gov.co\/colombia\/wp-content\/uploads\/Asonal-Judicial-S.I..jpg 1389w\" sizes=\"auto, (max-width: 197px) 100vw, 197px\" \/>\r\n\r\n<strong>Nombre l\u00edder\u00a0sindical:\u00a0<\/strong>Diego Escobar Cuellar\r\n<strong>Tel\u00e9fono o celular:\u00a0<\/strong>3146788377\r\n<strong>Correo electr\u00f3nico:<\/strong><a href=\"mailto:nuevoasonaljudicial@hotmail.com\">nuevoasonaljudicial@hotmail.com<\/a> &#8211;\r\n<a href=\"mailto:diescobarcuellar@gmail.com\">diescobarcuellar@gmail.com<\/a>\r\n<strong>Enlace de p\u00e1gina: <\/strong><a href=\"http:\/\/www.asonaljudicialsi.com\/\">www.asonaljudicialsi.com<\/a>\r\n\r\n<a href=\"https:\/\/twitter.com\/AsonalJSI\" target=\"_blank\" rel=\"noopener noreferrer\"><img loading=\"lazy\" decoding=\"async\" class=\"alignleft wp-image-239681\" src=\"https:\/\/www.fiscalia.gov.co\/colombia\/wp-content\/uploads\/twitter.png\" alt=\"\" width=\"70\" height=\"68\" \/><\/a><a href=\"https:\/\/www.instagram.com\/asonaljudicialsi\" target=\"_blank\" rel=\"noopener noreferrer\"><img loading=\"lazy\" decoding=\"async\" class=\"alignleft wp-image-239683\" src=\"https:\/\/www.fiscalia.gov.co\/colombia\/wp-content\/uploads\/instagram.png\" alt=\"\" width=\"70\" height=\"71\" \/><\/a><a href=\"https:\/\/www.facebook.com\/AsonalJudicialSI\/\" target=\"_blank\" rel=\"noopener noreferrer\"><img loading=\"lazy\" decoding=\"async\" class=\"alignleft wp-image-239682\" src=\"https:\/\/www.fiscalia.gov.co\/colombia\/wp-content\/uploads\/facebook.png\" alt=\"\" width=\"70\" height=\"71\" \/><\/a>\r\n\r\n[\/vc_toggle][vc_toggle title=&#8221;Unisercti&#8221;]<img loading=\"lazy\" decoding=\"async\" class=\"wp-image-239638 alignleft\" src=\"https:\/\/www.fiscalia.gov.co\/colombia\/wp-content\/uploads\/LogoUniserCtiColor.jpg\" alt=\"\" width=\"197\" height=\"261\" \/>\r\n\r\n<strong>Nombre l\u00edder sindical:<\/strong> Gloria Beatriz Gonz\u00e1lez Tirado\r\nTel\u00e9fono:<strong> 3122799840 &#8211; 3128549404<\/strong>\r\nCorreo electr\u00f3nico: <strong>\u00a0<\/strong><a href=\"mailto:pandora473@hotmail.com\">pandora473@hotmail.com<\/a> &#8211;<a href=\"mailto:uniondeservidorescti@gmail.com\">uniondeservidorescti@gmail.com<\/a>\r\nP\u00e1gina Web: <a href=\"http:\/\/www.unisercti.com\/\" target=\"_blank\" rel=\"noopener noreferrer\">http:\/\/www.unisercti.com<\/a>\r\n\r\n<a href=\"https:\/\/twitter.com\/Unisercti\" target=\"_blank\" rel=\"noopener noreferrer\"><img loading=\"lazy\" decoding=\"async\" class=\"wp-image-239681 alignleft\" src=\"https:\/\/www.fiscalia.gov.co\/colombia\/wp-content\/uploads\/twitter.png\" alt=\"\" width=\"70\" height=\"68\" \/><\/a><a href=\"https:\/\/www.instagram.com\/uniserctiunisercti\/?hl=es\" target=\"_blank\" rel=\"noopener noreferrer\"><img loading=\"lazy\" decoding=\"async\" class=\"wp-image-239683 alignleft\" src=\"https:\/\/www.fiscalia.gov.co\/colombia\/wp-content\/uploads\/instagram.png\" alt=\"\" width=\"70\" height=\"71\" \/><\/a><a href=\"https:\/\/www.facebook.com\/profile.php?id=100005540838328\" target=\"_blank\" rel=\"noopener noreferrer\"><img loading=\"lazy\" decoding=\"async\" class=\"alignleft wp-image-239682\" src=\"https:\/\/www.fiscalia.gov.co\/colombia\/wp-content\/uploads\/facebook.png\" alt=\"\" width=\"70\" height=\"71\" \/><\/a>\r\n\r\n[\/vc_toggle][vc_toggle title=&#8221;Untrafis&#8221;]<img loading=\"lazy\" decoding=\"async\" class=\"alignleft wp-image-239641\" src=\"https:\/\/www.fiscalia.gov.co\/colombia\/wp-content\/uploads\/Caj\u00f3n_UNTRAFIS.png\" alt=\"\" width=\"197\" height=\"197\" srcset=\"https:\/\/www.fiscalia.gov.co\/colombia\/wp-content\/uploads\/Caj\u00f3n_UNTRAFIS.png 500w, https:\/\/www.fiscalia.gov.co\/colombia\/wp-content\/uploads\/Caj\u00f3n_UNTRAFIS-300x300.png 300w, https:\/\/www.fiscalia.gov.co\/colombia\/wp-content\/uploads\/Caj\u00f3n_UNTRAFIS-150x150.png 150w, https:\/\/www.fiscalia.gov.co\/colombia\/wp-content\/uploads\/Caj\u00f3n_UNTRAFIS-420x420.png 420w\" sizes=\"auto, (max-width: 197px) 100vw, 197px\" \/><strong>Nombre l\u00edder sindical: <\/strong>Janethe Patricia Puentes Sarmiento\r\n<strong>Tel\u00e9fonos: <\/strong>3102159013 &#8211; 3108771862 &#8211; 3102138128\r\n<strong>Correo electr\u00f3nico: \u00a0<\/strong><a href=\"mailto:untrafis.directiva@gmail.com\">untrafis.directiva@gmail.com<\/a> &#8211; <a href=\"mailto:Info@untrafis.com\">Info@untrafis.com<\/a>\r\n<strong>Direcci\u00f3n: Carrera 10 No. 20 \u2013 21 Ofc. 101 Tunja (Boyac\u00e1)<\/strong>\r\n<strong>P\u00e1gina Web: <\/strong><a href=\"http:\/\/www.untrafis.com\/\">http:\/\/www.untrafis.com\/<\/a>\r\n\r\n&nbsp;\r\n\r\n&nbsp;\r\n\r\n<a href=\"http:\/\/www.facebook.com\/untrafis.directiva\" target=\"_blank\" rel=\"noopener noreferrer\"><img loading=\"lazy\" decoding=\"async\" class=\"alignleft wp-image-239682\" src=\"https:\/\/www.fiscalia.gov.co\/colombia\/wp-content\/uploads\/facebook.png\" alt=\"\" width=\"70\" height=\"71\" \/><\/a><img loading=\"lazy\" decoding=\"async\" class=\"alignleft wp-image-239683\" title=\"www.instagram.com\/untrafis.directiva\/\" src=\"https:\/\/www.fiscalia.gov.co\/colombia\/wp-content\/uploads\/instagram.png\" alt=\"\" width=\"70\" height=\"71\" \/> <a href=\"https:\/\/twitter.com\/untrafis\" target=\"_blank\" rel=\"noopener noreferrer\"><img loading=\"lazy\" decoding=\"async\" class=\"alignleft wp-image-239681\" src=\"https:\/\/www.fiscalia.gov.co\/colombia\/wp-content\/uploads\/twitter.png\" alt=\"\" width=\"70\" height=\"68\" \/><\/a>[\/vc_toggle][vc_toggle title=&#8221;Atraes FGN&#8221;]\r\n<p style=\"text-align: left;\"><img loading=\"lazy\" decoding=\"async\" class=\"wp-image-261473 alignleft\" src=\"https:\/\/www.fiscalia.gov.co\/colombia\/wp-content\/uploads\/ATRAES-FGN-300x283.jpg\" alt=\"\" width=\"261\" height=\"246\" srcset=\"https:\/\/www.fiscalia.gov.co\/colombia\/wp-content\/uploads\/ATRAES-FGN-300x283.jpg 300w, https:\/\/www.fiscalia.gov.co\/colombia\/wp-content\/uploads\/ATRAES-FGN.jpg 429w\" sizes=\"auto, (max-width: 261px) 100vw, 261px\" \/><strong>Nombre l\u00edder sindical:<\/strong> Luz Patricia Agudelo Pati\u00f1o\r\n<strong>Tel\u00e9fono<\/strong>: 3207183194\r\n<strong>Direcci\u00f3n<\/strong>: Carrera 50 No. 54 &#8211; 18 Edificio Veracruz Ofc. 914 Medell\u00edn (Antioquia)\r\n<strong>Correo electr\u00f3nico<\/strong>: <a href=\"mailto:atraes.fgn@gmail.com\">atraes.fgn@gmail.com<\/a>\r\n<strong>P\u00e1gina web<\/strong>: <a href=\"https:\/\/atraes-fgn.org\/\" target=\"_blank\" rel=\"noopener noreferrer\">https:\/\/atraes-fgn.org\/<\/a><\/p>\r\n&nbsp;\r\n\r\n&nbsp;\r\n\r\n&nbsp;\r\n\r\n<a href=\"https:\/\/twitter.com\/AtraesF\" target=\"_blank\" rel=\"noopener noreferrer\"><img loading=\"lazy\" decoding=\"async\" class=\"wp-image-239681 alignleft\" src=\"https:\/\/www.fiscalia.gov.co\/colombia\/wp-content\/uploads\/twitter.png\" alt=\"\" width=\"70\" height=\"68\" \/><\/a>[\/vc_toggle][vc_toggle title=&#8221;Asonal Judicial&#8221;]<img loading=\"lazy\" decoding=\"async\" class=\"alignleft wp-image-239795\" src=\"https:\/\/www.fiscalia.gov.co\/colombia\/wp-content\/uploads\/Asonal.jpg\" alt=\"\" width=\"197\" height=\"197\" srcset=\"https:\/\/www.fiscalia.gov.co\/colombia\/wp-content\/uploads\/Asonal.jpg 960w, https:\/\/www.fiscalia.gov.co\/colombia\/wp-content\/uploads\/Asonal-300x300.jpg 300w, https:\/\/www.fiscalia.gov.co\/colombia\/wp-content\/uploads\/Asonal-150x150.jpg 150w, https:\/\/www.fiscalia.gov.co\/colombia\/wp-content\/uploads\/Asonal-768x768.jpg 768w, https:\/\/www.fiscalia.gov.co\/colombia\/wp-content\/uploads\/Asonal-696x696.jpg 696w, https:\/\/www.fiscalia.gov.co\/colombia\/wp-content\/uploads\/Asonal-420x420.jpg 420w\" sizes=\"auto, (max-width: 197px) 100vw, 197px\" \/>\r\n\r\n<strong>Nombre l\u00edder sindical: <\/strong>Jairo Alberto Amezquita Collazos\r\n<strong>Tel\u00e9fono fijo:<\/strong> 601 3602221 \u2013 601 3602192 Celular: 3117325419\r\n<strong>Direcci\u00f3n: <\/strong>Kra 28\u00aa No. 18\u00aa 67 Ofc. 111D Bogot\u00e1\r\n<strong>Correo electr\u00f3nico:<\/strong>\u00a0<a href=\"mailto:asonalnacional@hotmail.com\">asonalnacional@hotmail.com<\/a>\r\n<strong>P\u00e1gina web: <\/strong><a href=\"https:\/\/asonaljudicialsi.com\/\" target=\"_blank\" rel=\"noopener\">https:\/\/asonaljudicialsi.com\/<\/a>\r\n<strong>Redes sociales:\u00a0<\/strong>\r\n\r\n&nbsp;\r\n\r\n<a href=\"https:\/\/twitter.com\/asonalprensa\" target=\"_blank\" rel=\"noopener noreferrer\"><img loading=\"lazy\" decoding=\"async\" class=\"alignnone wp-image-239681\" src=\"https:\/\/www.fiscalia.gov.co\/colombia\/wp-content\/uploads\/twitter.png\" alt=\"\" width=\"70\" height=\"68\" \/><\/a>[\/vc_toggle][vc_toggle title=&#8221;Sintrafiscal\u00eda&#8221;]<img loading=\"lazy\" decoding=\"async\" class=\"alignleft wp-image-239644\" src=\"https:\/\/www.fiscalia.gov.co\/colombia\/wp-content\/uploads\/LOGO-SINTRAFISCALIA-1024x881.jpg\" alt=\"\" width=\"197\" height=\"170\" srcset=\"https:\/\/www.fiscalia.gov.co\/colombia\/wp-content\/uploads\/LOGO-SINTRAFISCALIA-1024x881.jpg 1024w, https:\/\/www.fiscalia.gov.co\/colombia\/wp-content\/uploads\/LOGO-SINTRAFISCALIA-300x258.jpg 300w, https:\/\/www.fiscalia.gov.co\/colombia\/wp-content\/uploads\/LOGO-SINTRAFISCALIA-768x661.jpg 768w, https:\/\/www.fiscalia.gov.co\/colombia\/wp-content\/uploads\/LOGO-SINTRAFISCALIA-1536x1322.jpg 1536w, https:\/\/www.fiscalia.gov.co\/colombia\/wp-content\/uploads\/LOGO-SINTRAFISCALIA-2048x1763.jpg 2048w, https:\/\/www.fiscalia.gov.co\/colombia\/wp-content\/uploads\/LOGO-SINTRAFISCALIA-696x599.jpg 696w, https:\/\/www.fiscalia.gov.co\/colombia\/wp-content\/uploads\/LOGO-SINTRAFISCALIA-1068x919.jpg 1068w, https:\/\/www.fiscalia.gov.co\/colombia\/wp-content\/uploads\/LOGO-SINTRAFISCALIA-1920x1652.jpg 1920w, https:\/\/www.fiscalia.gov.co\/colombia\/wp-content\/uploads\/LOGO-SINTRAFISCALIA-488x420.jpg 488w, https:\/\/www.fiscalia.gov.co\/colombia\/wp-content\/uploads\/LOGO-SINTRAFISCALIA-534x462.jpg 534w\" sizes=\"auto, (max-width: 197px) 100vw, 197px\" \/>\r\n<p style=\"text-align: left;\"><strong>Nombre l\u00edder sindical:<\/strong> Ximena Beatriz Padilla V\u00e1squez\r\n<strong>Celular<\/strong>: 3002051314\r\n<strong>Direcci\u00f3n<\/strong>: Calle 22 No. 4 &#8211; 70, Oficina 410 Santa Marta (Magdalena)\r\n<strong>Correo electr\u00f3nico:<\/strong> <a href=\"mailto:sintrafiscalia@outlook.com\">sintrafiscalia@outlook.com<\/a>\r\n<strong>P\u00e1gina web:<\/strong> <a href=\"http:\/\/www.sintrafiscalia.org\" target=\"_blank\" rel=\"noopener noreferrer\">www.sintrafiscalia.org <\/a><\/p>\r\n[\/vc_toggle][vc_toggle title=&#8221;Asotrabcol&#8221;]<img loading=\"lazy\" decoding=\"async\" class=\"alignleft wp-image-266087\" src=\"https:\/\/www.fiscalia.gov.co\/colombia\/wp-content\/uploads\/logo-ASOTRABCOL-Version-Publicacion-scaled.jpg\" alt=\"\" width=\"300\" height=\"283\" srcset=\"https:\/\/www.fiscalia.gov.co\/colombia\/wp-content\/uploads\/logo-ASOTRABCOL-Version-Publicacion-scaled.jpg 2560w, https:\/\/www.fiscalia.gov.co\/colombia\/wp-content\/uploads\/logo-ASOTRABCOL-Version-Publicacion-300x283.jpg 300w, https:\/\/www.fiscalia.gov.co\/colombia\/wp-content\/uploads\/logo-ASOTRABCOL-Version-Publicacion-1024x966.jpg 1024w, https:\/\/www.fiscalia.gov.co\/colombia\/wp-content\/uploads\/logo-ASOTRABCOL-Version-Publicacion-768x724.jpg 768w, https:\/\/www.fiscalia.gov.co\/colombia\/wp-content\/uploads\/logo-ASOTRABCOL-Version-Publicacion-1536x1449.jpg 1536w, https:\/\/www.fiscalia.gov.co\/colombia\/wp-content\/uploads\/logo-ASOTRABCOL-Version-Publicacion-2048x1931.jpg 2048w, https:\/\/www.fiscalia.gov.co\/colombia\/wp-content\/uploads\/logo-ASOTRABCOL-Version-Publicacion-696x656.jpg 696w, https:\/\/www.fiscalia.gov.co\/colombia\/wp-content\/uploads\/logo-ASOTRABCOL-Version-Publicacion-1068x1007.jpg 1068w, https:\/\/www.fiscalia.gov.co\/colombia\/wp-content\/uploads\/logo-ASOTRABCOL-Version-Publicacion-1920x1811.jpg 1920w, https:\/\/www.fiscalia.gov.co\/colombia\/wp-content\/uploads\/logo-ASOTRABCOL-Version-Publicacion-445x420.jpg 445w\" sizes=\"auto, (max-width: 300px) 100vw, 300px\" \/><strong>Nombre l\u00edder sindical:<\/strong> Isabel Cristina Casta\u00f1eda M\u00e9ndez\r\n<strong>Tel\u00e9fono<\/strong>: 3105739501\r\n<strong>Direcci\u00f3n<\/strong>: Carrera 28 No. 18A &#8211; 30 primer piso, oficina 107\r\n<strong>Correo electr\u00f3nico<\/strong>: <a href=\"mailto:asotrabcol@gmail.com\" target=\"_blank\" rel=\"noopener\">asotrabcol@gmail.com<\/a>\r\n<strong>P\u00e1gina web<\/strong>: <a href=\"http:\/\/www.asotrabcol.com\" target=\"_blank\" rel=\"noopener\">www.asotrabcol.com<\/a>\r\n\r\n&nbsp;\r\n\r\n&nbsp;\r\n\r\n&nbsp;\r\n\r\n&nbsp;\r\n\r\n<a href=\"www.facebook.com\/Asotrabcol\" target=\"_blank\" rel=\"noopener noreferrer\"><img loading=\"lazy\" decoding=\"async\" class=\"alignleft wp-image-239682\" src=\"https:\/\/www.fiscalia.gov.co\/colombia\/wp-content\/uploads\/facebook.png\" alt=\"\" width=\"70\" height=\"71\" \/><\/a><a href=\"https:\/\/twitter.com\/asotrabcol\" target=\"_blank\" rel=\"noopener noreferrer\"><img loading=\"lazy\" decoding=\"async\" class=\"alignleft wp-image-239681\" src=\"https:\/\/www.fiscalia.gov.co\/colombia\/wp-content\/uploads\/twitter.png\" alt=\"\" width=\"70\" height=\"68\" \/><\/a>[\/vc_toggle][vc_toggle title=&#8221;ASJUD FGN&#8221;]<strong><img loading=\"lazy\" decoding=\"async\" class=\"size-full wp-image-301921 alignleft\" src=\"https:\/\/www.fiscalia.gov.co\/colombia\/wp-content\/uploads\/asjud.png\" alt=\"\" width=\"201\" height=\"197\" \/>Nombre l\u00edder sindical<\/strong>: Guillermo Linero Barletta\r\n<strong>Tel\u00e9fono o celular<\/strong>: 3152486810, 3112443704, 3002583369\r\n<strong>Correo electr\u00f3nico<\/strong>: asjudfgn@gmail.com\r\n<strong>Direcci\u00f3n<\/strong>: Carrera 33 No. 18-33, piso 1, Bloque C \u2013 Bogot\u00e1 D.C.\r\n\r\n&nbsp;\r\n\r\n&nbsp;\r\n\r\n&nbsp;\r\n\r\n&nbsp;\r\n\r\n<a href=\"https:\/\/x.com\/asjudfgn\" target=\"_blank\" rel=\"noopener\"><img loading=\"lazy\" decoding=\"async\" class=\"alignleft wp-image-239681\" src=\"https:\/\/www.fiscalia.gov.co\/colombia\/wp-content\/uploads\/twitter.png\" alt=\"Icono red social\" width=\"70\" height=\"68\" \/><\/a><a href=\"https:\/\/www.youtube.com\/@AsjudFGN\/featured\" target=\"_blank\" rel=\"noopener\"><img loading=\"lazy\" decoding=\"async\" class=\"alignnone wp-image-301923\" src=\"https:\/\/www.fiscalia.gov.co\/colombia\/wp-content\/uploads\/youtube.webp\" alt=\"Icono de la plataforma de video Youtube, es un circulo rojo, dentro de el hay un triangulo blanco haciendo referencia a dar &quot;PLAY&quot; en un video\" width=\"81\" height=\"81\" srcset=\"https:\/\/www.fiscalia.gov.co\/colombia\/wp-content\/uploads\/youtube.webp 600w, https:\/\/www.fiscalia.gov.co\/colombia\/wp-content\/uploads\/youtube-300x300.webp 300w, https:\/\/www.fiscalia.gov.co\/colombia\/wp-content\/uploads\/youtube-150x150.webp 150w, https:\/\/www.fiscalia.gov.co\/colombia\/wp-content\/uploads\/youtube-420x420.webp 420w\" sizes=\"auto, (max-width: 81px) 100vw, 81px\" \/><\/a>\r\n\r\n[\/vc_toggle][vc_column_text][\/vc_column_text][vc_column_text]<div class=\"su-note\"  style=\"border-color:#dfe0e1;border-radius:3px;-moz-border-radius:3px;-webkit-border-radius:3px;\"><div class=\"su-note-inner su-u-clearfix su-u-trim\" style=\"background-color:#f9fafb;border-color:#ffffff;color:#000000;border-radius:3px;-moz-border-radius:3px;-webkit-border-radius:3px;\"> <a href=\"https:\/\/www.fiscalia.gov.co\/colombia\/wp-content\/uploads\/Acuerdo-Sindical_Diciembre-7-de-2021.pdf\" target=\"_blank\" rel=\"noopener noreferrer\">Acuerdo final: Negociaci\u00f3n singular pliego de solicitudes a\u00f1o 2020. Decreto 160 de 2014. Bogot\u00e1, 7 de diciembre de 2021<\/a>. <\/div><\/div>[\/vc_column_text]<\/div><\/div><div class=\"vc_column tdi_10  wpb_column vc_column_container tdc-column td-pb-span4\">\n<style scoped>\n\/* custom css - generated by TagDiv Composer *\/\n\n\/* custom css - generated by TagDiv Composer *\/\n.tdi_10{\r\n                    vertical-align: baseline;\r\n                }.tdi_10 > .wpb_wrapper,\r\n\t\t\t\t.tdi_10 > .wpb_wrapper > .tdc-elements{\r\n\t\t\t\t    display: block;\r\n\t\t\t\t}.tdi_10 > .wpb_wrapper > .tdc-elements{\r\n\t\t\t\t    width: 100%;\r\n\t\t\t\t}.tdi_10 > .wpb_wrapper > .vc_row_inner{\r\n\t\t\t\t    width: auto;\r\n\t\t\t\t}.tdi_10 > .wpb_wrapper{\r\n\t\t\t\t    width: auto;\r\n\t\t\t\t    height: auto;\r\n\t\t\t\t}\n<\/style><div class=\"wpb_wrapper\" ><div class=\"wpb_wrapper td_block_wrap vc_widget_sidebar tdi_12 \" ><aside class=\"td_block_template_6 widget widget_nav_menu\"><h4 class=\"td-block-title\"><span>Medios<\/span><\/h4><div class=\"menu-medios-container\"><ul id=\"menu-medios\" class=\"menu\"><li id=\"menu-item-171911\" class=\"menu-item menu-item-type-post_type menu-item-object-page menu-item-first menu-item-171911\"><a href=\"https:\/\/www.fiscalia.gov.co\/colombia\/inicio\/mas-noticias\/\">M\u00e1s Noticias<\/a><\/li>\n<li id=\"menu-item-104254\" class=\"menu-item menu-item-type-post_type menu-item-object-page menu-item-104254\"><a href=\"https:\/\/www.fiscalia.gov.co\/colombia\/publicaciones\/fiscalia-para-todos-radio\/\">Fiscal\u00eda para Todos Radio<\/a><\/li>\n<li id=\"menu-item-104255\" class=\"menu-item menu-item-type-post_type menu-item-object-page menu-item-104255\"><a href=\"https:\/\/www.fiscalia.gov.co\/colombia\/publicaciones\/fiscalia-para-todos-tv\/\">Fiscal\u00eda para Todos TV<\/a><\/li>\n<li id=\"menu-item-104257\" class=\"menu-item menu-item-type-post_type menu-item-object-page menu-item-104257\"><a href=\"https:\/\/www.fiscalia.gov.co\/colombia\/publicaciones\/buscador-multimedia\/\">Buscador multimedia<\/a><\/li>\n<\/ul><\/div><\/aside><\/div><\/div><\/div><\/div><\/div><\/section>\n<div class=\"twitter-share\"><a href=\"https:\/\/twitter.com\/intent\/tweet?via=fiscaliacol\" class=\"twitter-share-button\">Tweet<\/a><\/div>\n","protected":false},"excerpt":{"rendered":"[vc_single_image image=\"297341\" img_size=\"full\" alignment=\"center\"] [vc_column_text]En esta secci\u00f3n se encuentra la informaci\u00f3n relacionada con los sindicatos de la entidad; es un espacio para conocer las distintas actividades que realizan.[\/vc_column_text][vc_toggle title=\"Unitraj\"]Nombre l\u00edder sindical: Manuel Alfonso Novoa Olaya Tel\u00e9fono o celular: 3115664445 - 3138561516 Correo electr\u00f3nico: unitraj@fiscalia.gov.co\u00a0-\u00a0unitrabjud@gmail.com Direcci\u00f3n: Cra. 28 No. 18 \u2013 64, Piso 1 Edificio Antiguo [...]","protected":false},"author":162,"featured_media":0,"parent":0,"menu_order":0,"comment_status":"closed","ping_status":"closed","template":"","meta":{"tdm_status":"","tdm_grid_status":"","footnotes":""},"class_list":["post-239637","page","type-page","status-publish"],"yoast_head":"<!-- This site is optimized with the Yoast SEO plugin v24.3 - https:\/\/yoast.com\/wordpress\/plugins\/seo\/ -->\n<title>Fiscal\u00eda General de la Naci\u00f3n<\/title>\n<meta name=\"description\" content=\"P\u00e1gina oficial de la Fiscal\u00eda General de la Naci\u00f3n \u2013 Colombia. Garantizamos el acceso efectivo a la justicia, la verdad y la reparaci\u00f3n de las v\u00edctimas de los delitos.\" \/>\n<meta name=\"robots\" content=\"index, follow, max-snippet:-1, max-image-preview:large, max-video-preview:-1\" \/>\n<link rel=\"canonical\" href=\"https:\/\/www.fiscalia.gov.co\/colombia\/al-dia-con-los-sindicatos\/\" \/>\n<meta property=\"og:locale\" content=\"es_ES\" \/>\n<meta property=\"og:type\" content=\"article\" \/>\n<meta property=\"og:title\" content=\"Fiscal\u00eda General de la Naci\u00f3n\" \/>\n<meta property=\"og:description\" content=\"P\u00e1gina oficial de la Fiscal\u00eda General de la Naci\u00f3n \u2013 Colombia. Garantizamos el acceso efectivo a la justicia, la verdad y la reparaci\u00f3n de las v\u00edctimas de los delitos.\" \/>\n<meta property=\"og:url\" content=\"https:\/\/www.fiscalia.gov.co\/colombia\/al-dia-con-los-sindicatos\/\" \/>\n<meta property=\"og:site_name\" content=\"Fiscal\u00eda General de la Naci\u00f3n\" \/>\n<meta property=\"article:publisher\" content=\"https:\/\/www.facebook.com\/FiscaliaCol\" \/>\n<meta property=\"article:modified_time\" content=\"2025-06-10T15:49:01+00:00\" \/>\n<meta property=\"og:image\" content=\"https:\/\/www.fiscalia.gov.co\/colombia\/wp-content\/uploads\/LOGO-UNITRAJ-JPG.jpg\" \/>\n\t<meta property=\"og:image:width\" content=\"1235\" \/>\n\t<meta property=\"og:image:height\" content=\"1145\" \/>\n\t<meta property=\"og:image:type\" content=\"image\/jpeg\" \/>\n<meta name=\"twitter:card\" content=\"summary_large_image\" \/>\n<meta name=\"twitter:site\" content=\"@FiscaliaCol\" \/>\n<meta name=\"twitter:label1\" content=\"Tiempo de lectura\" \/>\n\t<meta name=\"twitter:data1\" content=\"9 minutos\" \/>\n<script type=\"application\/ld+json\" class=\"yoast-schema-graph\">{\"@context\":\"https:\/\/schema.org\",\"@graph\":[{\"@type\":\"WebPage\",\"@id\":\"https:\/\/www.fiscalia.gov.co\/colombia\/al-dia-con-los-sindicatos\/\",\"url\":\"https:\/\/www.fiscalia.gov.co\/colombia\/al-dia-con-los-sindicatos\/\",\"name\":\"Fiscal\u00eda General de la Naci\u00f3n\",\"isPartOf\":{\"@id\":\"https:\/\/www.fiscalia.gov.co\/colombia\/#website\"},\"primaryImageOfPage\":{\"@id\":\"https:\/\/www.fiscalia.gov.co\/colombia\/al-dia-con-los-sindicatos\/#primaryimage\"},\"image\":{\"@id\":\"https:\/\/www.fiscalia.gov.co\/colombia\/al-dia-con-los-sindicatos\/#primaryimage\"},\"thumbnailUrl\":\"https:\/\/www.fiscalia.gov.co\/colombia\/wp-content\/uploads\/LOGO-UNITRAJ-JPG-1024x949.jpg\",\"datePublished\":\"2022-02-02T17:34:20+00:00\",\"dateModified\":\"2025-06-10T15:49:01+00:00\",\"description\":\"P\u00e1gina oficial de la Fiscal\u00eda General de la Naci\u00f3n \u2013 Colombia. Garantizamos el acceso efectivo a la justicia, la verdad y la reparaci\u00f3n de las v\u00edctimas de los delitos.\",\"breadcrumb\":{\"@id\":\"https:\/\/www.fiscalia.gov.co\/colombia\/al-dia-con-los-sindicatos\/#breadcrumb\"},\"inLanguage\":\"es-CO\",\"potentialAction\":[{\"@type\":\"ReadAction\",\"target\":[\"https:\/\/www.fiscalia.gov.co\/colombia\/al-dia-con-los-sindicatos\/\"]}]},{\"@type\":\"ImageObject\",\"inLanguage\":\"es-CO\",\"@id\":\"https:\/\/www.fiscalia.gov.co\/colombia\/al-dia-con-los-sindicatos\/#primaryimage\",\"url\":\"https:\/\/www.fiscalia.gov.co\/colombia\/wp-content\/uploads\/LOGO-UNITRAJ-JPG.jpg\",\"contentUrl\":\"https:\/\/www.fiscalia.gov.co\/colombia\/wp-content\/uploads\/LOGO-UNITRAJ-JPG.jpg\",\"width\":1235,\"height\":1145},{\"@type\":\"BreadcrumbList\",\"@id\":\"https:\/\/www.fiscalia.gov.co\/colombia\/al-dia-con-los-sindicatos\/#breadcrumb\",\"itemListElement\":[{\"@type\":\"ListItem\",\"position\":1,\"name\":\"Home\",\"item\":\"https:\/\/www.fiscalia.gov.co\/colombia\/\"},{\"@type\":\"ListItem\",\"position\":2,\"name\":\"Al d\u00eda con los sindicatos\"}]},{\"@type\":\"WebSite\",\"@id\":\"https:\/\/www.fiscalia.gov.co\/colombia\/#website\",\"url\":\"https:\/\/www.fiscalia.gov.co\/colombia\/\",\"name\":\"Fiscal\u00eda General de la Naci\u00f3n\",\"description\":\"P\u00e1gina oficial de la Fiscal\u00eda General de la Naci\u00f3n \u2013 Colombia. Garantizamos el acceso efectivo a la justicia, la verdad y la reparaci\u00f3n de las v\u00edctimas de los delitos.\",\"publisher\":{\"@id\":\"https:\/\/www.fiscalia.gov.co\/colombia\/#organization\"},\"potentialAction\":[{\"@type\":\"SearchAction\",\"target\":{\"@type\":\"EntryPoint\",\"urlTemplate\":\"https:\/\/www.fiscalia.gov.co\/colombia\/?s={search_term_string}\"},\"query-input\":{\"@type\":\"PropertyValueSpecification\",\"valueRequired\":true,\"valueName\":\"search_term_string\"}}],\"inLanguage\":\"es-CO\"},{\"@type\":\"Organization\",\"@id\":\"https:\/\/www.fiscalia.gov.co\/colombia\/#organization\",\"name\":\"Fiscal\u00eda General de la Naci\u00f3n\",\"url\":\"https:\/\/www.fiscalia.gov.co\/colombia\/\",\"logo\":{\"@type\":\"ImageObject\",\"inLanguage\":\"es-CO\",\"@id\":\"https:\/\/www.fiscalia.gov.co\/colombia\/#\/schema\/logo\/image\/\",\"url\":\"https:\/\/www.fiscalia.gov.co\/colombia\/wp-content\/uploads\/LogoHorizontal_1.jpg\",\"contentUrl\":\"https:\/\/www.fiscalia.gov.co\/colombia\/wp-content\/uploads\/LogoHorizontal_1.jpg\",\"width\":300,\"height\":90,\"caption\":\"Fiscal\u00eda General de la Naci\u00f3n\"},\"image\":{\"@id\":\"https:\/\/www.fiscalia.gov.co\/colombia\/#\/schema\/logo\/image\/\"},\"sameAs\":[\"https:\/\/www.facebook.com\/FiscaliaCol\",\"https:\/\/x.com\/FiscaliaCol\",\"https:\/\/www.instagram.com\/fiscaliacol\",\"https:\/\/www.linkedin.com\/company\/fiscalia-general-de-la-naci-n\/\",\"https:\/\/youtube.com\/@fiscaliageneraldelanacion-4668?si=6nN79nyQICPU5iTh\"]}]}<\/script>\n<!-- \/ Yoast SEO plugin. -->","yoast_head_json":{"title":"Fiscal\u00eda General de la Naci\u00f3n","description":"P\u00e1gina oficial de la Fiscal\u00eda General de la Naci\u00f3n \u2013 Colombia. Garantizamos el acceso efectivo a la justicia, la verdad y la reparaci\u00f3n de las v\u00edctimas de los delitos.","robots":{"index":"index","follow":"follow","max-snippet":"max-snippet:-1","max-image-preview":"max-image-preview:large","max-video-preview":"max-video-preview:-1"},"canonical":"https:\/\/www.fiscalia.gov.co\/colombia\/al-dia-con-los-sindicatos\/","og_locale":"es_ES","og_type":"article","og_title":"Fiscal\u00eda General de la Naci\u00f3n","og_description":"P\u00e1gina oficial de la Fiscal\u00eda General de la Naci\u00f3n \u2013 Colombia. Garantizamos el acceso efectivo a la justicia, la verdad y la reparaci\u00f3n de las v\u00edctimas de los delitos.","og_url":"https:\/\/www.fiscalia.gov.co\/colombia\/al-dia-con-los-sindicatos\/","og_site_name":"Fiscal\u00eda General de la Naci\u00f3n","article_publisher":"https:\/\/www.facebook.com\/FiscaliaCol","article_modified_time":"2025-06-10T15:49:01+00:00","og_image":[{"width":1235,"height":1145,"url":"https:\/\/www.fiscalia.gov.co\/colombia\/wp-content\/uploads\/LOGO-UNITRAJ-JPG.jpg","type":"image\/jpeg"}],"twitter_card":"summary_large_image","twitter_site":"@FiscaliaCol","twitter_misc":{"Tiempo de lectura":"9 minutos"},"schema":{"@context":"https:\/\/schema.org","@graph":[{"@type":"WebPage","@id":"https:\/\/www.fiscalia.gov.co\/colombia\/al-dia-con-los-sindicatos\/","url":"https:\/\/www.fiscalia.gov.co\/colombia\/al-dia-con-los-sindicatos\/","name":"Fiscal\u00eda General de la Naci\u00f3n","isPartOf":{"@id":"https:\/\/www.fiscalia.gov.co\/colombia\/#website"},"primaryImageOfPage":{"@id":"https:\/\/www.fiscalia.gov.co\/colombia\/al-dia-con-los-sindicatos\/#primaryimage"},"image":{"@id":"https:\/\/www.fiscalia.gov.co\/colombia\/al-dia-con-los-sindicatos\/#primaryimage"},"thumbnailUrl":"https:\/\/www.fiscalia.gov.co\/colombia\/wp-content\/uploads\/LOGO-UNITRAJ-JPG-1024x949.jpg","datePublished":"2022-02-02T17:34:20+00:00","dateModified":"2025-06-10T15:49:01+00:00","description":"P\u00e1gina oficial de la Fiscal\u00eda General de la Naci\u00f3n \u2013 Colombia. Garantizamos el acceso efectivo a la justicia, la verdad y la reparaci\u00f3n de las v\u00edctimas de los delitos.","breadcrumb":{"@id":"https:\/\/www.fiscalia.gov.co\/colombia\/al-dia-con-los-sindicatos\/#breadcrumb"},"inLanguage":"es-CO","potentialAction":[{"@type":"ReadAction","target":["https:\/\/www.fiscalia.gov.co\/colombia\/al-dia-con-los-sindicatos\/"]}]},{"@type":"ImageObject","inLanguage":"es-CO","@id":"https:\/\/www.fiscalia.gov.co\/colombia\/al-dia-con-los-sindicatos\/#primaryimage","url":"https:\/\/www.fiscalia.gov.co\/colombia\/wp-content\/uploads\/LOGO-UNITRAJ-JPG.jpg","contentUrl":"https:\/\/www.fiscalia.gov.co\/colombia\/wp-content\/uploads\/LOGO-UNITRAJ-JPG.jpg","width":1235,"height":1145},{"@type":"BreadcrumbList","@id":"https:\/\/www.fiscalia.gov.co\/colombia\/al-dia-con-los-sindicatos\/#breadcrumb","itemListElement":[{"@type":"ListItem","position":1,"name":"Home","item":"https:\/\/www.fiscalia.gov.co\/colombia\/"},{"@type":"ListItem","position":2,"name":"Al d\u00eda con los sindicatos"}]},{"@type":"WebSite","@id":"https:\/\/www.fiscalia.gov.co\/colombia\/#website","url":"https:\/\/www.fiscalia.gov.co\/colombia\/","name":"Fiscal\u00eda General de la Naci\u00f3n","description":"P\u00e1gina oficial de la Fiscal\u00eda General de la Naci\u00f3n \u2013 Colombia. Garantizamos el acceso efectivo a la justicia, la verdad y la reparaci\u00f3n de las v\u00edctimas de los delitos.","publisher":{"@id":"https:\/\/www.fiscalia.gov.co\/colombia\/#organization"},"potentialAction":[{"@type":"SearchAction","target":{"@type":"EntryPoint","urlTemplate":"https:\/\/www.fiscalia.gov.co\/colombia\/?s={search_term_string}"},"query-input":{"@type":"PropertyValueSpecification","valueRequired":true,"valueName":"search_term_string"}}],"inLanguage":"es-CO"},{"@type":"Organization","@id":"https:\/\/www.fiscalia.gov.co\/colombia\/#organization","name":"Fiscal\u00eda General de la Naci\u00f3n","url":"https:\/\/www.fiscalia.gov.co\/colombia\/","logo":{"@type":"ImageObject","inLanguage":"es-CO","@id":"https:\/\/www.fiscalia.gov.co\/colombia\/#\/schema\/logo\/image\/","url":"https:\/\/www.fiscalia.gov.co\/colombia\/wp-content\/uploads\/LogoHorizontal_1.jpg","contentUrl":"https:\/\/www.fiscalia.gov.co\/colombia\/wp-content\/uploads\/LogoHorizontal_1.jpg","width":300,"height":90,"caption":"Fiscal\u00eda General de la Naci\u00f3n"},"image":{"@id":"https:\/\/www.fiscalia.gov.co\/colombia\/#\/schema\/logo\/image\/"},"sameAs":["https:\/\/www.facebook.com\/FiscaliaCol","https:\/\/x.com\/FiscaliaCol","https:\/\/www.instagram.com\/fiscaliacol","https:\/\/www.linkedin.com\/company\/fiscalia-general-de-la-naci-n\/","https:\/\/youtube.com\/@fiscaliageneraldelanacion-4668?si=6nN79nyQICPU5iTh"]}]}},"_links":{"self":[{"href":"https:\/\/www.fiscalia.gov.co\/colombia\/wp-json\/wp\/v2\/pages\/239637","targetHints":{"allow":["GET"]}}],"collection":[{"href":"https:\/\/www.fiscalia.gov.co\/colombia\/wp-json\/wp\/v2\/pages"}],"about":[{"href":"https:\/\/www.fiscalia.gov.co\/colombia\/wp-json\/wp\/v2\/types\/page"}],"author":[{"embeddable":true,"href":"https:\/\/www.fiscalia.gov.co\/colombia\/wp-json\/wp\/v2\/users\/162"}],"replies":[{"embeddable":true,"href":"https:\/\/www.fiscalia.gov.co\/colombia\/wp-json\/wp\/v2\/comments?post=239637"}],"version-history":[{"count":114,"href":"https:\/\/www.fiscalia.gov.co\/colombia\/wp-json\/wp\/v2\/pages\/239637\/revisions"}],"predecessor-version":[{"id":317022,"href":"https:\/\/www.fiscalia.gov.co\/colombia\/wp-json\/wp\/v2\/pages\/239637\/revisions\/317022"}],"wp:attachment":[{"href":"https:\/\/www.fiscalia.gov.co\/colombia\/wp-json\/wp\/v2\/media?parent=239637"}],"curies":[{"name":"wp","href":"https:\/\/api.w.org\/{rel}","templated":true}]}}