{"id":20232,"date":"2012-07-09T09:26:03","date_gmt":"2012-07-09T14:26:03","guid":{"rendered":"http:\/\/www.fiscalia.gov.co\/colombia\/?page_id=20232"},"modified":"2026-03-25T11:54:26","modified_gmt":"2026-03-25T16:54:26","slug":"enajenacion-de-bienes-a-titulo-gratuito","status":"publish","type":"page","link":"https:\/\/www.fiscalia.gov.co\/colombia\/enajenacion-de-bienes-a-titulo-gratuito\/","title":{"rendered":"Bienes a t\u00edtulo gratuito"},"content":{"rendered":"<p>&nbsp;<\/p>\n<p><strong><a href=\"https:\/\/www.fiscalia.gov.co\/colombia\/wp-content\/uploads\/Cesar-Resolucion-000537-de-Marzo-17-de-2026.pdf\" target=\"_blank\" rel=\"noopener\">Resoluci\u00f3n No. 000537 del 17 de marzo de 2026<\/a><\/strong>\u00a0<span data-olk-copy-source=\"MessageBody\">En cumplimiento del art\u00edculo 2.2.1.2.2.4.3 del Decreto 1082 de 2015, se realiza la publicaci\u00f3n de la Resoluci\u00f3n adjunta No. 00<\/span>0537\u00a0del\u00a07\u00a0de\u00a0marzo\u00a0de 2026\u00a0\u201cPor la cual se ordena la baja definitiva y enajenaci\u00f3n a t\u00edtulo gratuito de unos bienes muebles devolutivos que se encuentran obsoletos, por tanto, los interesados deber\u00e1n presentar manifestaci\u00f3n de inter\u00e9s dentro de los treinta (30) d\u00edas calendario, una vez publicado el presente acto administrativo y cumplir con los requisitos jur\u00eddicos establecidos para tal fin. La documentaci\u00f3n deber\u00e1 presentarse en la Calle 15 No 14 \u2013 33, Oficina 208, Piso 2, Edificio Ejecutivo Portal del Valle, Barrio Alfonso L\u00f3pez, Fiscal\u00eda General de la Naci\u00f3n, Seccional Cesar, o a los correos electr\u00f3nicos:<a title=\"mailto:joser.daza@fiscalia.gov.co\" href=\"mailto:joser.daza@fiscalia.gov.co\" data-linkindex=\"0\">joser.daza@fiscalia.gov.co<\/a>;\u00a0<a title=\"mailto:luis.fernandez@fiscalia.gov.co\" href=\"mailto:luis.fernandez@fiscalia.gov.co\" data-linkindex=\"1\">luis.fernandez@fiscalia.gov.co<\/a>;\u00a0dentro del t\u00e9rmino se\u00f1alado&#8221;.<\/p>\n<p><strong><a href=\"https:\/\/www.fiscalia.gov.co\/colombia\/wp-content\/uploads\/RESOLUCION-No-002559-BAJA-DONACION-IV-2025-CESAR.pdf\" target=\"_blank\" rel=\"noopener\">Resoluci\u00f3n No. 002559 del 22 de diciembre de 2025<\/a><\/strong> \u201cPor la cual se ordena la baja definitiva y enajenaci\u00f3n a t\u00edtulo gratuito de unos bienes muebles devolutivos que se encuentran obsoletos\u201d &#8211; Publicado 2025-12-23<\/p>\n<p><span data-olk-copy-source=\"MessageBody\"><strong><a href=\"https:\/\/www.fiscalia.gov.co\/colombia\/wp-content\/uploads\/RESOLUCION-No-PARA-BAJA-CESAR.pdf\" target=\"_blank\" rel=\"noopener\">Resoluci\u00f3n No 001957 del 26 de septiembre de 2025<\/a><\/strong>, Seccional Cesar, \u201cPor la cual se ordena la baja definitiva de bienes inservibles y obsoletos del inventario y se ordena su donaci\u00f3n\u201d &#8211; Publicado 2025-10-01<\/span><\/p>\n<p><a href=\"https:\/\/www.fiscalia.gov.co\/colombia\/wp-content\/uploads\/07-Resolucion-de-adjudicacion-e-informe.pdf\" target=\"_blank\" rel=\"noopener\"><b data-ogsc=\"\" data-olk-copy-source=\"MessageBody\">Resoluci\u00f3n No. 0309\u00a0 del 12 de <\/b><strong>septiembre de 2025<\/strong><\/a> \u201cPor la cual se adjudica, el proceso de enajenaci\u00f3n a t\u00edtulo gratuito de un teodolito electr\u00f3nico\u201d. &#8211; Publicado 2025-09-19<\/p>\n<p><strong>La Subdirecci\u00f3n Regional de Apoyo del Pac\u00edfico<\/strong> Invita a todas las entidades p\u00fablicas interesadas en la enajenaci\u00f3n a t\u00edtulo gratuito del bien ofrecido en la <a href=\"https:\/\/www.fiscalia.gov.co\/colombia\/wp-content\/uploads\/02-Resolucion-0246-de-2025-Dispone-la-Enajenacion.pdf\" target=\"_blank\" rel=\"noopener\">Resoluci\u00f3n No. 0246 de agosto 05 de 2025<\/a>, conforme con el procedimiento establecido en el art\u00edculo 2.2.1.2.2.4.3 del Decreto 1082 de 2015, de acuerdo con los siguientes par\u00e1metros en el <a href=\"https:\/\/www.fiscalia.gov.co\/colombia\/wp-content\/uploads\/03-Invitacion-3.pdf\" target=\"_blank\" rel=\"noopener\">Anexo No. 1. y en la invitaci\u00f3n<\/a>.<\/p>\n<p><strong>La Fiscal\u00eda General de la Naci\u00f3n, la Subdirecci\u00f3n Regional de Apoyo Central <\/strong>Invita a las Entidades p\u00fablicas de cualquier orden, interesadas en la enajenaci\u00f3n a t\u00edtulo gratuito de unos bienes muebles propiedad de la Fiscal\u00eda General de la Naci\u00f3n comprendidos en el art\u00edculo segundo de la Resoluci\u00f3n No. 1487 del 26 de junio de 2025, descritos en el presente aviso, los cuales ser\u00e1n transferidos a t\u00edtulo gratuito, de acuerdo con el procedimiento establecido en el art\u00edculo 2.2.1.2.2.4.3 del decreto 1082 de 2015, bajo los siguientes par\u00e1metros:<\/p>\n<p>A partir del mismo d\u00eda en que sea publicado este aviso, todas las entidades p\u00fablicas de cualquier orden tendr\u00e1n un t\u00e9rmino de treinta (30) d\u00edas calendario para manifestar su inter\u00e9s por escrito al correo electr\u00f3nico <a href=\"mailto:freddy.gamba@fiscalia.gov.co\">freddy.gamba@fiscalia.gov.co<\/a><\/p>\n<p>Las entidades interesadas solo podr\u00e1n postularse y hacer solicitud de los <a href=\"https:\/\/www.fiscalia.gov.co\/colombia\/wp-content\/uploads\/AVISO-UNICO-ENAJENACION-A-TITULO-GRATUITO-ENTRE-ENTIDADES-PUBLICAS-PUBLICACION-BAJA-JUNIO-1.pdf\" target=\"_blank\" rel=\"noopener\">bienes relacionados<\/a>. Publicado 2025-07-21<\/p>\n<p><strong>La Fiscal\u00eda General de la Naci\u00f3n<\/strong>\u00a0&#8211; <strong>Subdirecci\u00f3n Regional de Apoyo Central<\/strong>, Invita a las Entidades p\u00fablicas de cualquier orden, interesadas en la enajenaci\u00f3n a t\u00edtulo gratuito de unos bienes muebles propiedad de la Fiscal\u00eda General de la Naci\u00f3n comprendidos en el art\u00edculo segundo de la Resoluci\u00f3n No. 876 del 31 de marzo de 2025, descritos en el presente aviso, los cuales ser\u00e1n transferidos a t\u00edtulo gratuito, de acuerdo con el procedimiento establecido en el art\u00edculo 2.2.1.2.2.4.3 del decreto 1082 de 2015, bajo los siguientes par\u00e1metros:<\/p>\n<ol>\n<li>A partir del mismo d\u00eda en que sea publicado este aviso, todas las entidades p\u00fablicas de cualquier orden tendr\u00e1n un t\u00e9rmino de treinta (30) d\u00edas calendario para manifestar su inter\u00e9s por escrito al correo electr\u00f3nico <a href=\"mailto:freddy.gamba@fiscalia.gov.co\">freddy.gamba@fiscalia.gov.co<\/a><\/li>\n<\/ol>\n<p>Las entidades interesadas solo podr\u00e1n postularse y hacer solicitud de los <strong><a href=\"https:\/\/www.fiscalia.gov.co\/colombia\/wp-content\/uploads\/AVISO-UNICO-ENAJENACION-A-TITULO-GRATUITO-ENTRE-ENTIDADES-PUBLICAS-PUBLICACION-JULIO.pdf\" target=\"_blank\" rel=\"noopener\">bienes relacionados. <\/a><\/strong>Publicado 2025-07-18<\/p>\n<p><strong><a href=\"https:\/\/www.fiscalia.gov.co\/colombia\/wp-content\/uploads\/AVISO-UNICO-ENAJENACION-A-TITULO-GRATUITO-ENTRE-ENTIDADES-PUBLICAS-1.pdf\" target=\"_blank\" rel=\"noopener\">La Fiscal\u00eda General de la Naci\u00f3n Subdirecci\u00f3n Regional de Apoyo Central Invita a las Entidades p\u00fablicas de cualquier orden, interesadas en la enajenaci\u00f3n a t\u00edtulo gratuito de unos bienes muebles<\/a><\/strong> propiedad de la Fiscal\u00eda General de la Naci\u00f3n comprendidos en el art\u00edculo segundo de la Resoluci\u00f3n No. 876 del 31 de marzo de 2025, descritos en el presente aviso, los cuales ser\u00e1n transferidos a t\u00edtulo gratuito, de acuerdo con el procedimiento establecido en el art\u00edculo 2.2.1.2.2.4.3 del decreto 1082 de 2015, bajo los siguientes par\u00e1metros: 1. A partir del mismo d\u00eda en que sea publicado este aviso, todas las entidades p\u00fablicas de cualquier orden tendr\u00e1n un t\u00e9rmino de treinta (30) d\u00edas calendario para manifestar su inter\u00e9s por escrito al correo electr\u00f3nico <a href=\"mailto:freddy.gamba@fiscalia.gov.co\">freddy.gamba@fiscalia.gov.co<\/a>. Publicado 2025-05-14<\/p>\n<p><a href=\"https:\/\/www.fiscalia.gov.co\/colombia\/wp-content\/uploads\/8.-Resolucion-000583-de-31-de-marzo-de-2025-1.pdf\" target=\"_blank\" rel=\"noopener\"><b>Resoluci\u00f3n 000582 del 31\/03\/2025 Seccional Cesar <\/b><\/a>\u201cPor la cual se ordena la baja definitiva de bienes inservibles y obsoletos del inventario y se ordena su Enajenaci\u00f3n a t\u00edtulo gratuito\u201d. Publicado 2025-04-01<\/p>\n<p><a href=\"https:\/\/www.fiscalia.gov.co\/colombia\/wp-content\/uploads\/RESOLUCION-No-002212-PARA-BAJA-DONACION-IV-CESAR_-2.pdf\" target=\"_blank\" rel=\"noopener\"><strong>Resoluci\u00f3n adjunta No. 002212 de diciembre 11 de 2024. <\/strong><\/a>\u201cPor la cual se ordena la baja definitiva y enajenaci\u00f3n a t\u00edtulo gratuito de unos bienes muebles devolutivos que se encuentran obsoletos, por tanto, los interesados deber\u00e1n presentar manifestaci\u00f3n de inter\u00e9s dentro de los treinta (30) d\u00edas calendario, una vez publicado el presente acto administrativo y cumplir con los requisitos jur\u00eddicos establecidos para tal fin. La documentaci\u00f3n deber\u00e1 presentarse en la Calle 15 No 14 \u2013 33, Oficina 208, Piso 2, Edificio Ejecutivo Portal del Valle, Barrio Alfonso L\u00f3pez, Fiscal\u00eda General de la Naci\u00f3n, Seccional Cesar, o a los correos electr\u00f3nicos:\u00a0<u><a title=\"mailto:joser.daza@fiscalia.gov.co\" href=\"mailto:joser.daza@fiscalia.gov.co\" target=\"_blank\" rel=\"noopener\">joser.daza@<wbr \/>fiscalia.gov.co<\/a><\/u>; maria.mindiola<u><a title=\"mailto:ignacio.mejia@fiscalia.gov.co\" href=\"mailto:ignacio.mejia@fiscalia.gov.co\" target=\"_blank\" rel=\"noopener\">@fiscalia.gov.co<\/a><\/u><wbr \/>; dentro del t\u00e9rmino se\u00f1alado&#8221;. Publicado 2024-12-16<\/p>\n<p><b><a href=\"https:\/\/www.fiscalia.gov.co\/colombia\/wp-content\/uploads\/8.-Resolucion-2214-de-Diciembre-11-de-2024-1.pdf\" target=\"_blank\" rel=\"noopener\">Resoluci\u00f3n 002214 del 11\/12\/2024 Seccional Atl\u00e1ntico<\/a>. <\/b>Por la cual se ordena la baja definitiva de bienes inservibles y obsoletos del inventario y se ordena su enajenaci\u00f3n a t\u00edtulo gratuito.\u00a0Publicado 2024-12-13<\/p>\n<p><a href=\"https:\/\/www.fiscalia.gov.co\/colombia\/wp-content\/uploads\/RESOLUCION-1084-DEL-30-09-2024.pdf\" target=\"_blank\" rel=\"noopener\"><strong>Resoluci\u00f3n No. 1084 del 30 septiembre de 2024<\/strong><\/a><i> \u201c<b>En cumplimiento del art\u00edculo 2.2.1.2.2.4.3 del Decreto 1082 de 2015, se realiza la\u00a0publicaci\u00f3n de la Resoluci\u00f3n 1084<\/b><\/i><b><i>\u00a0del 30 de septiembre de 2024,\u00a0<\/i><\/b><b>\u201cPor medio de la cual se ordena dar de baja ciento veinticinco bienes patrimoniales de la Fiscal\u00eda General de la Naci\u00f3n Seccional Huila y se ordena la enajenaci\u00f3n a t\u00edtulo gratuito.\u201d<\/b><i>; por Tanto los interesados deber\u00e1n presentar manifestaci\u00f3n de inter\u00e9s dentro de los treinta (30) d\u00edas calendario, una vez\u00a0publicado\u00a0\u00a0 El presente acto administrativo y cumplir con los requisitos jur\u00eddicos establecidos para tal fin. La documentaci\u00f3n deber\u00e1 presentarse a \u00a0\u00a0La Kra 21 No.26-65 Sur Barrio Canaima de la Fiscal\u00eda\u00a0 de Neiva, Oficina de Ventanilla \u00danica de la Fiscal\u00eda \u00a0General de la Naci\u00f3n\u00a0 Seccional Huila o a los correos electr\u00f3nicos\u00a0<a href=\"mailto:miguel.jimenez@fiscalia.gov.co\" target=\"_blank\" rel=\"noopener\">miguel.jimenez@<wbr \/>fiscalia.gov.co<\/a><\/i>,\u00a0<i><a href=\"mailto:olgal.henao@fiscalia.gov.co\" target=\"_blank\" rel=\"noopener\">olgal.henao@<wbr \/>fiscalia.gov.co<\/a>,\u00a0<a href=\"mailto:rolando.salazar@fiscalia.gov.co\" target=\"_blank\" rel=\"noopener\">rolando.<wbr \/>salazar@fiscalia.gov.co<\/a>,\u00a0<a href=\"mailto:paola.albarracin@fiscalia.gov.co\" target=\"_blank\" rel=\"noopener\">paola.albarracin@fiscalia.gov.<wbr \/>co<\/a><\/i><i>. Dentro del t\u00e9rmino se\u00f1alado\u201d &#8211; Publicado 2024-10-23<\/i><\/p>\n<p><a href=\"https:\/\/www.fiscalia.gov.co\/colombia\/wp-content\/uploads\/Resolucion-No.-8181.pdf\" target=\"_blank\" rel=\"noopener\"><strong>Resoluci\u00f3n no. 8181 del 27 de septiembre de 2024.<\/strong><\/a> La Fiscal\u00eda General de la Naci\u00f3n &#8211; Direcci\u00f3n Ejecutiva invita a las entidades p\u00fablicas de cualquier orden, interesadas en la enajenaci\u00f3n a t\u00edtulo gratuito de unos bienes muebles propiedad de la Fiscal\u00eda General de la Naci\u00f3n, descritos en el numeral 1 del presente aviso, los cuales ser\u00e1n transferidos a t\u00edtulo gratuito. &#8211; Publicado 2024-10-10<\/p>\n<p><a href=\"https:\/\/www.fiscalia.gov.co\/colombia\/wp-content\/uploads\/Resolucion-No.-0436.pdf\" target=\"_blank\" rel=\"noopener\"><strong>Resoluci\u00f3n no. 0436 del 18 de enero de 2024.<\/strong><\/a> La Fiscal\u00eda General de la Naci\u00f3n &#8211; Direcci\u00f3n Ejecutiva invita a las entidades p\u00fablicas de cualquier orden, interesadas en la enajenaci\u00f3n a t\u00edtulo gratuito de unos bienes muebles propiedad de la Fiscal\u00eda General de la Naci\u00f3n, descritos en el numeral 1 del presente aviso, los cuales ser\u00e1n transferidos a t\u00edtulo gratuito. &#8211; Publicado 2024-10-10<\/p>\n<p style=\"font-weight: 400;\"><strong><a href=\"https:\/\/www.fiscalia.gov.co\/colombia\/wp-content\/uploads\/RESOLUCION-No-001621-30-09-2024-PARA-BAJA-DONACION-III-CESAR_-1.pdf\" target=\"_blank\" rel=\"noopener\">Resoluci\u00f3n adjunta No. 001621 de septiembre 30 de 2024<\/a><\/strong> \u201cPor la cual se ordena la baja definitiva y enajenaci\u00f3n a t\u00edtulo gratuito de unos bienes muebles devolutivos que se encuentran obsoletos, por tanto, los interesados deber\u00e1n presentar manifestaci\u00f3n de inter\u00e9s dentro de los treinta (30) d\u00edas calendario, una vez publicado el presente acto administrativo y cumplir con los requisitos jur\u00eddicos establecidos para tal fin. La documentaci\u00f3n deber\u00e1 presentarse en la Calle 15 No 14 \u2013 33, Oficina 208, Piso 2, Edificio Ejecutivo Portal del Valle, Barrio Alfonso L\u00f3pez, Fiscal\u00eda General de la Naci\u00f3n, Seccional Cesar, o a los correos electr\u00f3nicos: <u><a href=\"mailto:joser.daza@fiscalia.gov.co\">joser.daza@fiscalia.gov.co<\/a><\/u>; maria.mindiola<u><a href=\"mailto:ignacio.mejia@fiscalia.gov.co\">@fiscalia.gov.co<\/a><\/u>; dentro del t\u00e9rmino se\u00f1alado&#8221;. &#8211; Publicado 2024-10-03<\/p>\n<p><strong><a href=\"https:\/\/www.fiscalia.gov.co\/colombia\/wp-content\/uploads\/8-Resolucion-001516-de-Sept-13-de-2024-2.pdf\" target=\"_blank\" rel=\"noopener\">Resoluci\u00f3n no. 001516 de septiembre 13 de 2024 Regional de Apoyo Caribe<\/a>.<\/strong> &#8220;Por la cual se ordena la baja definitiva de bienes inservibles y obsoletos del inventario y se ordena su enajenaci\u00f3n a t\u00edtulo gratuito&#8221;. &#8211; Publicado 2024-09-18<\/p>\n<p><a href=\"https:\/\/www.fiscalia.gov.co\/colombia\/wp-content\/uploads\/8.-Resolucion-000880-de-Junio-14-de-2024.pdf\" target=\"_blank\" rel=\"noopener\"><strong>Resoluci\u00f3n 000880 del 14\/06\/2024 Seccional Atl\u00e1ntico. <\/strong><\/a>\u201cPor la cual se ordena la baja definitiva de bienes inservibles y obsoletos del inventario y se ordena su donaci\u00f3n\u201d.<\/p>\n<p><strong><a href=\"https:\/\/www.fiscalia.gov.co\/colombia\/wp-content\/uploads\/RESOLUCION-No.-000564-DE-24-ABRIL-2024-FIRMADA-X-DR.-GUILLERMO-ALBERTO-LEON-BUSTOS.pdf\" target=\"_blank\" rel=\"noopener\">Resoluci\u00f3n adjunta No. 000564 de abril 24 de 2024<\/a><\/strong> \u201cPor la cual se ordena la baja definitiva y enajenaci\u00f3n a t\u00edtulo gratuito de unos bienes muebles devolutivos que se encuentran obsoletos, por tanto, los interesados deber\u00e1n presentar manifestaci\u00f3n de inter\u00e9s dentro de los treinta (30) d\u00edas calendario, una vez publicado el presente acto administrativo y cumplir con los requisitos jur\u00eddicos establecidos para tal fin. La documentaci\u00f3n deber\u00e1 presentarse en la Calle 15 No 14 \u2013 33, Oficina 208, Piso 2, Edificio Ejecutivo Portal del Valle, Barrio Alfonso L\u00f3pez, Fiscal\u00eda General de la Naci\u00f3n, Seccional Cesar, o a los correos electr\u00f3nicos: <u><a href=\"mailto:joser.daza@fiscalia.gov.co\">joser.daza@fiscalia.gov.co<\/a><\/u>; maria.mindiola<u><a href=\"mailto:ignacio.mejia@fiscalia.gov.co\">@fiscalia.gov.co<\/a><\/u>; dentro del t\u00e9rmino se\u00f1alado&#8221;.<\/p>\n<p class=\"x_elementToProof\"><strong><a href=\"https:\/\/www.fiscalia.gov.co\/colombia\/wp-content\/uploads\/9.-RESOLUCION-NUMERO-000169-DE-2024-PARA-PUBLICAR.pdf\" target=\"_blank\" rel=\"noopener\">Resoluci\u00f3n No. 000169 del 15 de Febrero de 2024<\/a><\/strong> \u201cPor la cual se ordena la baja definitiva y enajenaci\u00f3n a t\u00edtulo gratuito de unos bienes muebles devolutivos que se encuentran obsoletos, por tanto, los interesados deber\u00e1n presentar manifestaci\u00f3n de inter\u00e9s dentro de los treinta (30) d\u00edas calendario, una vez publicado el presente acto administrativo y cumplir con los requisitos jur\u00eddicos establecidos para tal fin. La documentaci\u00f3n deber\u00e1 presentarse en la <b>Calle 5. \u00a0No 4 \u2013 38, Oficina de Bienes , Piso 2,\u00a0 Fiscal\u00eda\u00a0 General de la Naci\u00f3n, Seccional Guajira, o a los correos electr\u00f3nicos<\/b><b>:<\/b>\u00a0\u00a0 yulieth.garcia@fiscalia.gov.co;\u00a0\u00a0yenny.rincon@fiscalia.gov.co\u00a0dentro el t\u00e9rmino se\u00f1alado&#8221;.<\/p>\n<p><a href=\"https:\/\/www.fiscalia.gov.co\/colombia\/wp-content\/uploads\/8.-Resolucion-000042-enero-17-de-2024.pdf\" target=\"_blank\" rel=\"noopener\">Resoluci\u00f3n 000042 del 17\/01\/2024 Seccional Atl\u00e1ntico. <\/a><span class=\"selectable-text copyable-text\">&#8220;Por la cual se ordena la baja definitiva de bienes inservibles y obsoletos del inventario y se ordena su donaci\u00f3n&#8221;. 2024-02-16<\/span><\/p>\n<p><a href=\"https:\/\/www.fiscalia.gov.co\/colombia\/wp-content\/uploads\/RESOLUCION-0846-DE-27-12-2023.pdf\" target=\"_blank\" rel=\"noopener\"><strong>Resoluci\u00f3n No.0846 del 27 de diciembre de 2023.<\/strong><\/a> <em>&#8220;<strong>En cumplimiento del art\u00edculo 2.2.1.2.2.4.3 del Decreto 1082 de 2015 se realiza la publicaci\u00f3n de la Resoluci\u00f3n No.0846 del 27 de diciembre de 2023, &#8220;<\/strong><\/em><strong>P<em>or medio de la cual se ordena dar de baja siete bienes patrimoniales de la Fiscal\u00eda General de la Naci\u00f3n Seccional Huila y se ordena la enajenaci\u00f3n a t\u00edtulo gratuito&#8221;<\/em><\/strong><strong><em>, <\/em><\/strong><em>por tanto los interesados deber\u00e1n presentar manifestaci\u00f3n de inter\u00e9s dentro de los <strong>treinta (30) d\u00edas calendario<\/strong>, una vez publicado el presente acto administrativo y cumplir con los requisitos jur\u00eddicos establecidos para tal fin. La documentaci\u00f3n deber\u00e1 presentarse en la Carrera 21 No.26-65 Sur Bunker de la Fiscal\u00eda de Neiva &#8211; Oficina de Ventanilla \u00danica de la Fiscal\u00eda General de la Naci\u00f3n &#8211; Seccional Huila, a los correos electr\u00f3nicos: <a href=\"mailto:marisol.bedoya@fiscalia.gov.co\">marisol.bedoya@fiscalia.gov.co<\/a>, <a href=\"mailto:willer.leyton@fiscalia.gov.co\">willer.leyton@fiscalia.gov.co<\/a>, <a href=\"mailto:fanny.artega@fiscalia.gov.co\">fanny.artega@fiscalia.gov.co<\/a>, <a href=\"mailto:miguel.alvarado@fiscalia.gov.co\">miguel.alvarado@fiscalia.gov.co<\/a>; dentro del t\u00e9rmino se\u00f1alado&#8221;.\u00a0<\/em><\/p>\n<p><strong><a href=\"https:\/\/www.fiscalia.gov.co\/colombia\/wp-content\/uploads\/RESOLUCION-No-000081-ENERO-29-DEL-2024-PARA-BAJA-DONACION-I-CESAR_.pdf\" target=\"_blank\" rel=\"noopener\">Resoluci\u00f3n adjunta No. 000081 del 29 de enero de 2024<\/a><\/strong>. \u201cPor la cual se ordena la baja definitiva y enajenaci\u00f3n a t\u00edtulo gratuito de unos bienes muebles devolutivos que se encuentran obsoletos, por tanto, los interesados deber\u00e1n presentar manifestaci\u00f3n de inter\u00e9s dentro de los treinta (30) d\u00edas calendario, una vez publicado el presente acto administrativo y cumplir con los requisitos jur\u00eddicos establecidos para tal fin. La documentaci\u00f3n deber\u00e1 presentarse en la Calle 15 No 14 \u2013 33, Oficina 208, Piso 2, Edificio Ejecutivo Portal del Valle, Barrio Alfonso L\u00f3pez, Fiscal\u00eda General de la Naci\u00f3n, Seccional Cesar, o a los correos electr\u00f3nicos: \u00a0 <a href=\"mailto:joser.daza@fiscalia.gov.co\">joser.daza@fiscalia.gov.co<\/a>; <a href=\"mailto:ignacio.mejia@fiscalia.gov.co\">maruja.gonzalez@fiscalia.gov.co<\/a>; dentro del t\u00e9rmino se\u00f1alado&#8221;.<\/p>\n<p><strong><a href=\"https:\/\/www.fiscalia.gov.co\/colombia\/wp-content\/uploads\/RESOLUCION-0847-DE-27-12-2023.pdf\" target=\"_blank\" rel=\"noopener\">Resoluci\u00f3n No.0847 del 27 de diciembre de 2023.<\/a><\/strong> &#8220;Por medio de la cual se ordena dar de baja quinientos cuarenta bienes patrimoniales de la Fiscal\u00eda General de la Naci\u00f3n Seccional Huila y se ordena la enajenaci\u00f3n a t\u00edtulo gratuito&#8221;, por tanto los interesados deber\u00e1n presentar manifestaci\u00f3n de inter\u00e9s dentro de los treinta (30) d\u00edas calendario, una vez publicado el presente acto administrativo y cumplir con los requisitos jur\u00eddicos establecidos para tal fin. La documentaci\u00f3n deber\u00e1 presentarse en la Carrera 21 No.26-65 Sur Bunker de la Fiscal\u00eda de Neiva &#8211; Oficina de Ventanilla \u00danica de la Fiscal\u00eda General de la Naci\u00f3n &#8211; Seccional Huila, a los correos electr\u00f3nicos: marisol.bedoya@fiscalia.gov.co, willer.leyton@fiscalia.gov.co, fanny.artega@fiscalia.gov.co, miguel.alvarado@fiscalia.gov.co; dentro del t\u00e9rmino se\u00f1alado&#8221;.<\/p>\n<p><strong><a href=\"https:\/\/www.fiscalia.gov.co\/colombia\/wp-content\/uploads\/RESOLUCION-No-001643-dic-11-2023-PARA-BAJA-DONACION-CESAR_.pdf\" target=\"_blank\" rel=\"noopener\">Resoluci\u00f3n adjunta No. 001643 del 11 de diciembre de 2023.<\/a><\/strong> \u201cPor la cual se ordena la baja definitiva y enajenaci\u00f3n a t\u00edtulo gratuito de unos bienes muebles devolutivos que se encuentran obsoletos, por tanto, los interesados deber\u00e1n presentar manifestaci\u00f3n de inter\u00e9s dentro de los treinta (30) d\u00edas calendario, una vez publicado el presente acto administrativo y cumplir con los requisitos jur\u00eddicos establecidos para tal fin. La documentaci\u00f3n deber\u00e1 presentarse en la Calle 15 No 14 \u2013 33, Oficina 208, Piso 2, Edificio Ejecutivo Portal del Valle, Barrio Alfonso L\u00f3pez, Fiscal\u00eda General de la Naci\u00f3n, Seccional Cesar, o a los correos electr\u00f3nicos: joser.daza@fiscalia.gov.co; ignacio.mejia@fiscalia.gov.co; dentro del t\u00e9rmino se\u00f1alado&#8221;.<\/p>\n<p><a href=\"https:\/\/www.fiscalia.gov.co\/colombia\/wp-content\/uploads\/RESOLUCION-1485-DEL-30-10-2023.pdf\" target=\"_blank\" rel=\"noopener\"><strong>Resoluci\u00f3n adjunta No. 1485 del 30 de Octubre de 2023.<\/strong><\/a> \u201cPor la cual se ordena la baja definitiva y enajenaci\u00f3n a t\u00edtulo gratuito de unos bienes muebles devolutivos que se encuentran obsoletos, por tanto, los interesados deber\u00e1n presentar manifestaci\u00f3n de inter\u00e9s dentro de los treinta (30) d\u00edas calendario, una vez publicado el presente acto administrativo y cumplir con los requisitos jur\u00eddicos establecidos para tal fin. La documentaci\u00f3n deber\u00e1 presentarse en la sede la esperanza en Santa Marta Cra 8 No 26A-15, Fiscal\u00eda General de la Naci\u00f3n, Seccional Magdalena, o a los correos electr\u00f3nicos: \u00a0 <a href=\"mailto:joser.daza@fiscalia.gov.co\" data-linkindex=\"0\">gladys.romero@fiscalia.gov.co<\/a>; <a href=\"mailto:ignacio.mejia@fiscalia.gov.co\" data-linkindex=\"1\">olga.jaramillo@fiscalia.gov.co<\/a>; dentro del t\u00e9rmino se\u00f1alado&#8221;.<\/p>\n<p><a href=\"https:\/\/www.fiscalia.gov.co\/colombia\/wp-content\/uploads\/RESOLUCION-0637-del-2-10-2023.pdf\" target=\"_blank\" rel=\"noopener\"><b>Resoluci\u00f3n No.0637 del 2 de octubre de 2023. <\/b><\/a>Por medio de la cual se ordena la baja de bienes patrimoniales de la Fiscal\u00eda General de la Naci\u00f3n Subdirecci\u00f3n Regional de Apoyo Centro Sur &#8211; Seccional Huila, por tanto los interesados deber\u00e1n presentar manifestaci\u00f3n de inter\u00e9s dentro de los treinta (30) d\u00edas calendario, una vez publicado el presente acto administrativo y cumplir con los requisitos jur\u00eddicos establecidos para tal fin. La documentaci\u00f3n deber\u00e1 presentarse en la Kra 21 No.26-65 Sur Bunker de la Fiscal\u00eda de Neiva &#8211; Oficina de Ventanilla \u00danica de la Fiscal\u00eda General de la Naci\u00f3n &#8211; Seccional Huila, a los correos electr\u00f3nicos: marisol.bedoya@fiscalia.gov.co, willer.leyton@fiscalia.gov.co, fanny.artega@fiscalia.gov.co; dentro del t\u00e9rmino se\u00f1alado&#8221;.<\/p>\n<p><b class=\"x_ContentPasted0\"><a href=\"https:\/\/www.fiscalia.gov.co\/colombia\/wp-content\/uploads\/RESOLUCION-416-del-24-07-2023.pdf\" target=\"_blank\" rel=\"noopener\">Resoluci\u00f3n No.416 del 24 de julio de 2023.<\/a> <\/b>Por medio de la cual se ordena la baja de bienes patrimoniales de la Fiscal\u00eda General de la Naci\u00f3n Subdirecci\u00f3n Regional de Apoyo Centro Sur &#8211; Seccional Huila,por tanto los interesados deber\u00e1n presentar manifestaci\u00f3n de inter\u00e9s dentro de los treinta (30) d\u00edas calendario, una vez publicado el presente acto administrativo y cumplir con los requisitos jur\u00eddicos establecidos para tal fin. La documentaci\u00f3n deber\u00e1 presentarse en la Kra 21 No.26-65 Sur Bunker de la Fiscal\u00eda de Neiva &#8211; Oficina de Ventanilla \u00danica de la Fiscal\u00eda General de la Naci\u00f3n &#8211; Seccional Huila, a los correos electr\u00f3nicos: marisol.bedoya@fiscalia.gov.co, willer.leyton@fiscalia.gov.co, fanny.artega@fiscalia.gov.co; dentro del t\u00e9rmino se\u00f1alado&#8221;.<\/p>\n<p><strong><a href=\"https:\/\/www.fiscalia.gov.co\/colombia\/wp-content\/uploads\/RESOLUCION-No-001128-PARA-BAJA-DONACION-CESAR_-1.pdf\" target=\"_blank\" rel=\"noopener\">Resoluci\u00f3n adjunta No. 001128 del 15 de septiembre de 2023<\/a><\/strong> \u201cPor la cual se ordena la baja definitiva y enajenaci\u00f3n a t\u00edtulo gratuito de unos bienes muebles devolutivos que se encuentran obsoletos, por tanto, los interesados deber\u00e1n presentar manifestaci\u00f3n de inter\u00e9s dentro de los treinta (30) d\u00edas calendario, una vez publicado el presente acto administrativo y cumplir con los requisitos jur\u00eddicos establecidos para tal fin. La documentaci\u00f3n deber\u00e1 presentarse en la Calle 15 No 14 \u2013 33, Oficina 208, Piso 2, Edificio Ejecutivo Portal del Valle, Barrio Alfonso L\u00f3pez, Fiscal\u00eda General de la Naci\u00f3n, Seccional Cesar, o a los correos electr\u00f3nicos:\u00a0 <a href=\"mailto:joser.daza@fiscalia.gov.co\" data-linkindex=\"0\">joser.daza@fiscalia.gov.co<\/a>;\u00a0<a href=\"mailto:ignacio.mejia@fiscalia.gov.co\" data-linkindex=\"1\">ignacio.mejia@fiscalia.gov.co<\/a>;\u00a0dentro del t\u00e9rmino se\u00f1alado&#8221;.<\/p>\n<p class=\"xxelementtoproof\" style=\"background: white;\"><strong><a href=\"https:\/\/www.fiscalia.gov.co\/colombia\/wp-content\/uploads\/RESOLUCION-000759.pdf\" target=\"_blank\" rel=\"noopener\"><span class=\"xxcontentpasted1\"><span style=\"font-size: 11.5pt; color: #242424;\">Resoluci\u00f3n No. 759 del 20 de junio de 2023.<\/span><\/span><\/a><\/strong> <span class=\"xxcontentpasted1\"><span style=\"font-size: 11.5pt; color: #242424;\">&#8220;Por medio de la cual se Ordena la Baja y enajenaci\u00f3n a t\u00edtulo gratuito de bienes patrimoniales inservibles y obsoletos\u201d.<\/span><\/span><\/p>\n<p><strong><a href=\"https:\/\/www.fiscalia.gov.co\/colombia\/wp-content\/uploads\/Resolucion-N\u00b0-000651.pdf\" target=\"_blank\" rel=\"noopener\">Resoluci\u00f3n No. 000651 del 29 de mayo de 2023<\/a><\/strong>. \u201cPor la cual se ordena la baja definitiva de bienes inservibles y obsoletos del inventario y se ordena su donaci\u00f3n, por tanto los interesados deber\u00e1n presentar manifestaci\u00f3n de inter\u00e9s dentro de los treinta (30) d\u00edas calendario, una vez publicado el presente acto administrativo y cumplir con los requisitos jur\u00eddicos establecidos para tal fin&#8221;.<\/p>\n<p><a href=\"https:\/\/www.fiscalia.gov.co\/colombia\/wp-content\/uploads\/RESOLUCION-No-000575-de-Mayo-05-de-2023.pdf\" target=\"_blank\" rel=\"noopener\"><strong>Resoluci\u00f3n No. 00575 de mayo 05 de 2023<\/strong><\/a>. \u201cPor la cual se ordena la baja definitiva de bienes inservibles y obsoletos del inventario y se ordena su donaci\u00f3n, por tanto los interesados deber\u00e1n presentar manifestaci\u00f3n de inter\u00e9s dentro de los treinta (30) d\u00edas calendario, una vez publicado el presente acto administrativo y cumplir con los requisitos jur\u00eddicos establecidos para tal fin&#8221;.<\/p>\n<p><a href=\"https:\/\/www.fiscalia.gov.co\/colombia\/wp-content\/uploads\/Resolucion-No.-0225-de-02-MAY-2023-por-la-cual-se-dispone-la-enajenacion-de-bienes-muebles-a-titulo-gratuito-3.pdf\" target=\"_blank\" rel=\"noopener\"><strong>Resoluci\u00f3n No. 0225 de mayo 2 de 2023<\/strong> <\/a>&#8220;Por medio de la cual se dispone la enajenaci\u00f3n de bienes a t\u00edtulo gratuito de la Fiscal\u00eda General de la Naci\u00f3n \u2013 Subdirecci\u00f3n Regional de Apoyo Centro Sur a Entidades Estatales y se establece el procedimiento para su enajenaci\u00f3n, adjudicaci\u00f3n y entrega&#8221;.<\/p>\n<p><a href=\"https:\/\/www.fiscalia.gov.co\/colombia\/wp-content\/uploads\/RESOLUCION-000260-de-2023.pdf\" target=\"_blank\" rel=\"noopener\"><strong>Resoluci\u00f3n adjunta No. 000260 \u00a0del 6 de marzo de 2023 <\/strong><\/a>\u201cPor la cual se ordena la baja definitiva y donaci\u00f3n de unos bienes muebles devolutivos que se encuentran obsoletos\u201d.<\/p>\n<p><strong><a href=\"https:\/\/www.fiscalia.gov.co\/colombia\/wp-content\/uploads\/8-RESOLUCION-No.-1416-DE-DIC-21-DE-2022-BAJA-SECCIONAL-MAGDALENA-DONACION.pdf\" target=\"_blank\" rel=\"noopener\">Resoluci\u00f3n No. 1416 del 21\/12\/2022 la Subdirecci\u00f3n de Apoyo Regional Caribe<\/a><\/strong> \u201cPor la cual se ordena la baja definitiva de bienes inservibles y obsoletos del inventario y se ordena su donaci\u00f3n\u201d.<\/p>\n<p><a href=\"https:\/\/www.fiscalia.gov.co\/colombia\/wp-content\/uploads\/RESOLUCION-No-001353-DE-NOV-30-DE-2022.pdf\" target=\"_blank\" rel=\"noopener\"><strong>Resoluci\u00f3n No. 001353 del 25\/11\/2022 la Subdirecci\u00f3n de Apoyo Regional Caribe<\/strong><\/a> \u201cpor la cual se ordena la baja definitiva de bienes inservibles y obsoletos del inventario y se ordena su donaci\u00f3n\u201d &#8211; Publicado 2022-12-09<\/p>\n<p><a href=\"https:\/\/www.fiscalia.gov.co\/colombia\/wp-content\/uploads\/RESOLUCION-No-0001352-DE-NOV-30-DE-2020.pdf\" target=\"_blank\" rel=\"noopener\"><strong>Resoluci\u00f3n No. 001352 del 25\/11\/2022 la Subdirecci\u00f3n de Apoyo Regional Caribe<\/strong><\/a> \u201cpor la cual se ordena la baja definitiva de bienes inservibles y obsoletos del inventario y se ordena su donaci\u00f3n\u201d &#8211; Publicado 2022-12-09<\/p>\n<p><a href=\"https:\/\/www.fiscalia.gov.co\/colombia\/wp-content\/uploads\/RESOLUCION-No-001341-DE-NOV-25-DE-2022.pdf\" target=\"_blank\" rel=\"noopener\"><strong>Resoluci\u00f3n No. 001341 del 25\/11\/2022 la Subdirecci\u00f3n de Apoyo Regional Caribe<\/strong><\/a> \u201cpor la cual se ordena la baja definitiva de bienes inservibles y obsoletos del inventario y se ordena su donaci\u00f3n\u201d &#8211; Publicado 2022-12-09<\/p>\n<p><a href=\"https:\/\/www.fiscalia.gov.co\/colombia\/wp-content\/uploads\/RESOLUCION-01338.pdf\" target=\"_blank\" rel=\"noopener\"><strong>Resoluci\u00f3n No. 001338 del 25\/11\/2022 la Subdirecci\u00f3n de Apoyo Regional Caribe<\/strong><\/a> \u201cpor la cual se ordena la baja definitiva de bienes inservibles y obsoletos del inventario y se ordena su donaci\u00f3n\u201d &#8211; Publicado 2022-12-09<\/p>\n<p><strong><a href=\"https:\/\/www.fiscalia.gov.co\/colombia\/wp-content\/uploads\/RESOLUCION-Nro.-001275-DE-FECHA-8-DE-NOVIEMBRE-DE-2022-BAJA-POR-DONACION-1.pdf\" target=\"_blank\" rel=\"noopener\">Resoluci\u00f3n No. 1275 del 8\/11\/2022 Seccional Magdalena<\/a><\/strong> &#8220;por medio de la cual se ordena la baja definitiva de bienes inservibles y obsoletos del inventario y se ordena su donaci\u00f3n&#8221; &#8211; Publicado 2022-11-17<\/p>\n<p><strong><a href=\"https:\/\/www.fiscalia.gov.co\/colombia\/wp-content\/uploads\/RESOLUCION-Nro.-001276-DEL-8-DE-NOVIEMBRE-DE-2022-BAJA-POR-DONACION-1.pdf\" target=\"_blank\" rel=\"noopener\">Resoluci\u00f3n No. 1276 del 8\/11\/2022 Seccional Magdalena<\/a><\/strong> &#8220;por medio de la cual se ordena la baja definitiva de bienes inservibles y obsoletos del inventario y se ordena su donaci\u00f3n&#8221; &#8211; Publicado 2022-11-17<\/p>\n<p><strong><a href=\"https:\/\/www.fiscalia.gov.co\/colombia\/wp-content\/uploads\/RESOLUCION-0214-DE-2022-1.pdf\" target=\"_blank\" rel=\"noopener\">Resoluci\u00f3n 0214 de 2022 del 15\/11\/2022 Seccional Nari\u00f1o<\/a>. <\/strong>\u201cPor la cual se dispone la enajenaci\u00f3n a t\u00edtulo gratuito de unos bienes muebles y se establece el procedimiento para la enajenaci\u00f3n, adjudicaci\u00f3n y entrega de los mismos\u201d &#8211; Publicado 2022-11-16<\/p>\n<p><a href=\"https:\/\/www.fiscalia.gov.co\/colombia\/wp-content\/uploads\/INVITACION-2.pdf\" target=\"_blank\" rel=\"noopener\">Invitaci\u00f3n<\/a> Enajenaci\u00f3n de bienes muebles a t\u00edtulo gratuito entre entidades estatales &#8211; Publicado 2022-11-16<\/p>\n<p class=\"selectable-text copyable-text\"><span class=\"selectable-text copyable-text\"><a href=\"https:\/\/www.fiscalia.gov.co\/colombia\/wp-content\/uploads\/Resolucion-000869-del-23-08-2022-20220823170658644.pdf\" target=\"_blank\" rel=\"noopener\"><strong>Resoluci\u00f3n 000869 del 23\/08\/2022 Seccional Atl\u00e1ntico<\/strong><\/a> &#8220;Por la cual se ordena la baja definitiva de bienes inservibles y obsoletos del inventario y se ordena su donaci\u00f3n&#8221; &#8211; Publicado 2022-08-25<\/span><\/p>\n<p class=\"selectable-text copyable-text\"><span class=\"selectable-text copyable-text\"><a href=\"https:\/\/www.fiscalia.gov.co\/colombia\/wp-content\/uploads\/Resolucion-000870-del-23-08-2022-20220823170831602.pdf\" target=\"_blank\" rel=\"noopener\"><strong>Resoluci\u00f3n 000870 del 23\/08\/2022 Seccional La Guajira<\/strong><\/a> &#8220;Por la cual se ordena la baja definitiva de bienes inservibles y obsoletos del inventario y se ordena su donaci\u00f3n&#8221; &#8211; 2022-08-25<\/span><\/p>\n<p class=\"selectable-text copyable-text\"><span class=\"selectable-text copyable-text\"><strong><a href=\"https:\/\/www.fiscalia.gov.co\/colombia\/wp-content\/uploads\/Resolucion-000871-del-23-08-2022-20220823170754859.pdf\" target=\"_blank\" rel=\"noopener\">Resoluci\u00f3n 000871 del 23\/08\/2022 Seccional Magdalena<\/a> <\/strong>&#8220;Por la cual se ordena la baja definitiva de bienes inservibles y obsoletos del inventario y se ordena su donaci\u00f3n&#8221; &#8211; 2022-08-25<\/span><\/p>\n<p>&nbsp;<\/p>\n\n<div class=\"twitter-share\"><a href=\"https:\/\/twitter.com\/intent\/tweet?via=fiscaliacol\" class=\"twitter-share-button\">Tweet<\/a><\/div>\n","protected":false},"excerpt":{"rendered":"<p>&nbsp; Resoluci\u00f3n No. 000537 del 17 de marzo de 2026\u00a0En cumplimiento del art\u00edculo 2.2.1.2.2.4.3 del Decreto 1082 de 2015, se realiza la publicaci\u00f3n de la Resoluci\u00f3n adjunta No. 000537\u00a0del\u00a07\u00a0de\u00a0marzo\u00a0de 2026\u00a0\u201cPor la cual se ordena la baja definitiva y enajenaci\u00f3n a t\u00edtulo gratuito de unos bienes muebles devolutivos que se encuentran obsoletos, por tanto, los interesados [&hellip;]<\/p>\n","protected":false},"author":143,"featured_media":0,"parent":0,"menu_order":17,"comment_status":"closed","ping_status":"open","template":"","meta":{"tdm_status":"","tdm_grid_status":"","footnotes":""},"class_list":["post-20232","page","type-page","status-publish"],"yoast_head":"<!-- This site is optimized with the Yoast SEO plugin v24.3 - https:\/\/yoast.com\/wordpress\/plugins\/seo\/ -->\n<title>Fiscal\u00eda General de la Naci\u00f3n<\/title>\n<meta name=\"description\" content=\"P\u00e1gina oficial de la Fiscal\u00eda General de la Naci\u00f3n \u2013 Colombia. Garantizamos el acceso efectivo a la justicia, la verdad y la reparaci\u00f3n de las v\u00edctimas de los delitos.\" \/>\n<meta name=\"robots\" content=\"index, follow, max-snippet:-1, max-image-preview:large, max-video-preview:-1\" \/>\n<link rel=\"canonical\" href=\"https:\/\/www.fiscalia.gov.co\/colombia\/enajenacion-de-bienes-a-titulo-gratuito\/\" \/>\n<meta property=\"og:locale\" content=\"es_ES\" \/>\n<meta property=\"og:type\" content=\"article\" \/>\n<meta property=\"og:title\" content=\"Fiscal\u00eda General de la Naci\u00f3n\" \/>\n<meta property=\"og:description\" content=\"P\u00e1gina oficial de la Fiscal\u00eda General de la Naci\u00f3n \u2013 Colombia. Garantizamos el acceso efectivo a la justicia, la verdad y la reparaci\u00f3n de las v\u00edctimas de los delitos.\" \/>\n<meta property=\"og:url\" content=\"https:\/\/www.fiscalia.gov.co\/colombia\/enajenacion-de-bienes-a-titulo-gratuito\/\" \/>\n<meta property=\"og:site_name\" content=\"Fiscal\u00eda General de la Naci\u00f3n\" \/>\n<meta property=\"article:publisher\" content=\"https:\/\/www.facebook.com\/FiscaliaCol\" \/>\n<meta property=\"article:modified_time\" content=\"2026-03-25T16:54:26+00:00\" \/>\n<meta name=\"twitter:card\" content=\"summary_large_image\" \/>\n<meta name=\"twitter:site\" content=\"@FiscaliaCol\" \/>\n<meta name=\"twitter:label1\" content=\"Tiempo de lectura\" \/>\n\t<meta name=\"twitter:data1\" content=\"14 minutos\" \/>\n<script type=\"application\/ld+json\" class=\"yoast-schema-graph\">{\"@context\":\"https:\/\/schema.org\",\"@graph\":[{\"@type\":\"WebPage\",\"@id\":\"https:\/\/www.fiscalia.gov.co\/colombia\/enajenacion-de-bienes-a-titulo-gratuito\/\",\"url\":\"https:\/\/www.fiscalia.gov.co\/colombia\/enajenacion-de-bienes-a-titulo-gratuito\/\",\"name\":\"Fiscal\u00eda General de la Naci\u00f3n\",\"isPartOf\":{\"@id\":\"https:\/\/www.fiscalia.gov.co\/colombia\/#website\"},\"datePublished\":\"2012-07-09T14:26:03+00:00\",\"dateModified\":\"2026-03-25T16:54:26+00:00\",\"description\":\"P\u00e1gina oficial de la Fiscal\u00eda General de la Naci\u00f3n \u2013 Colombia. Garantizamos el acceso efectivo a la justicia, la verdad y la reparaci\u00f3n de las v\u00edctimas de los delitos.\",\"breadcrumb\":{\"@id\":\"https:\/\/www.fiscalia.gov.co\/colombia\/enajenacion-de-bienes-a-titulo-gratuito\/#breadcrumb\"},\"inLanguage\":\"es-CO\",\"potentialAction\":[{\"@type\":\"ReadAction\",\"target\":[\"https:\/\/www.fiscalia.gov.co\/colombia\/enajenacion-de-bienes-a-titulo-gratuito\/\"]}]},{\"@type\":\"BreadcrumbList\",\"@id\":\"https:\/\/www.fiscalia.gov.co\/colombia\/enajenacion-de-bienes-a-titulo-gratuito\/#breadcrumb\",\"itemListElement\":[{\"@type\":\"ListItem\",\"position\":1,\"name\":\"Home\",\"item\":\"https:\/\/www.fiscalia.gov.co\/colombia\/\"},{\"@type\":\"ListItem\",\"position\":2,\"name\":\"Bienes a t\u00edtulo gratuito\"}]},{\"@type\":\"WebSite\",\"@id\":\"https:\/\/www.fiscalia.gov.co\/colombia\/#website\",\"url\":\"https:\/\/www.fiscalia.gov.co\/colombia\/\",\"name\":\"Fiscal\u00eda General de la Naci\u00f3n\",\"description\":\"P\u00e1gina oficial de la Fiscal\u00eda General de la Naci\u00f3n \u2013 Colombia. Garantizamos el acceso efectivo a la justicia, la verdad y la reparaci\u00f3n de las v\u00edctimas de los delitos.\",\"publisher\":{\"@id\":\"https:\/\/www.fiscalia.gov.co\/colombia\/#organization\"},\"potentialAction\":[{\"@type\":\"SearchAction\",\"target\":{\"@type\":\"EntryPoint\",\"urlTemplate\":\"https:\/\/www.fiscalia.gov.co\/colombia\/?s={search_term_string}\"},\"query-input\":{\"@type\":\"PropertyValueSpecification\",\"valueRequired\":true,\"valueName\":\"search_term_string\"}}],\"inLanguage\":\"es-CO\"},{\"@type\":\"Organization\",\"@id\":\"https:\/\/www.fiscalia.gov.co\/colombia\/#organization\",\"name\":\"Fiscal\u00eda General de la Naci\u00f3n\",\"url\":\"https:\/\/www.fiscalia.gov.co\/colombia\/\",\"logo\":{\"@type\":\"ImageObject\",\"inLanguage\":\"es-CO\",\"@id\":\"https:\/\/www.fiscalia.gov.co\/colombia\/#\/schema\/logo\/image\/\",\"url\":\"https:\/\/www.fiscalia.gov.co\/colombia\/wp-content\/uploads\/LogoHorizontal_1.jpg\",\"contentUrl\":\"https:\/\/www.fiscalia.gov.co\/colombia\/wp-content\/uploads\/LogoHorizontal_1.jpg\",\"width\":300,\"height\":90,\"caption\":\"Fiscal\u00eda General de la Naci\u00f3n\"},\"image\":{\"@id\":\"https:\/\/www.fiscalia.gov.co\/colombia\/#\/schema\/logo\/image\/\"},\"sameAs\":[\"https:\/\/www.facebook.com\/FiscaliaCol\",\"https:\/\/x.com\/FiscaliaCol\",\"https:\/\/www.instagram.com\/fiscaliacol\",\"https:\/\/www.linkedin.com\/company\/fiscalia-general-de-la-naci-n\/\",\"https:\/\/youtube.com\/@fiscaliageneraldelanacion-4668?si=6nN79nyQICPU5iTh\"]}]}<\/script>\n<!-- \/ Yoast SEO plugin. -->","yoast_head_json":{"title":"Fiscal\u00eda General de la Naci\u00f3n","description":"P\u00e1gina oficial de la Fiscal\u00eda General de la Naci\u00f3n \u2013 Colombia. Garantizamos el acceso efectivo a la justicia, la verdad y la reparaci\u00f3n de las v\u00edctimas de los delitos.","robots":{"index":"index","follow":"follow","max-snippet":"max-snippet:-1","max-image-preview":"max-image-preview:large","max-video-preview":"max-video-preview:-1"},"canonical":"https:\/\/www.fiscalia.gov.co\/colombia\/enajenacion-de-bienes-a-titulo-gratuito\/","og_locale":"es_ES","og_type":"article","og_title":"Fiscal\u00eda General de la Naci\u00f3n","og_description":"P\u00e1gina oficial de la Fiscal\u00eda General de la Naci\u00f3n \u2013 Colombia. Garantizamos el acceso efectivo a la justicia, la verdad y la reparaci\u00f3n de las v\u00edctimas de los delitos.","og_url":"https:\/\/www.fiscalia.gov.co\/colombia\/enajenacion-de-bienes-a-titulo-gratuito\/","og_site_name":"Fiscal\u00eda General de la Naci\u00f3n","article_publisher":"https:\/\/www.facebook.com\/FiscaliaCol","article_modified_time":"2026-03-25T16:54:26+00:00","twitter_card":"summary_large_image","twitter_site":"@FiscaliaCol","twitter_misc":{"Tiempo de lectura":"14 minutos"},"schema":{"@context":"https:\/\/schema.org","@graph":[{"@type":"WebPage","@id":"https:\/\/www.fiscalia.gov.co\/colombia\/enajenacion-de-bienes-a-titulo-gratuito\/","url":"https:\/\/www.fiscalia.gov.co\/colombia\/enajenacion-de-bienes-a-titulo-gratuito\/","name":"Fiscal\u00eda General de la Naci\u00f3n","isPartOf":{"@id":"https:\/\/www.fiscalia.gov.co\/colombia\/#website"},"datePublished":"2012-07-09T14:26:03+00:00","dateModified":"2026-03-25T16:54:26+00:00","description":"P\u00e1gina oficial de la Fiscal\u00eda General de la Naci\u00f3n \u2013 Colombia. Garantizamos el acceso efectivo a la justicia, la verdad y la reparaci\u00f3n de las v\u00edctimas de los delitos.","breadcrumb":{"@id":"https:\/\/www.fiscalia.gov.co\/colombia\/enajenacion-de-bienes-a-titulo-gratuito\/#breadcrumb"},"inLanguage":"es-CO","potentialAction":[{"@type":"ReadAction","target":["https:\/\/www.fiscalia.gov.co\/colombia\/enajenacion-de-bienes-a-titulo-gratuito\/"]}]},{"@type":"BreadcrumbList","@id":"https:\/\/www.fiscalia.gov.co\/colombia\/enajenacion-de-bienes-a-titulo-gratuito\/#breadcrumb","itemListElement":[{"@type":"ListItem","position":1,"name":"Home","item":"https:\/\/www.fiscalia.gov.co\/colombia\/"},{"@type":"ListItem","position":2,"name":"Bienes a t\u00edtulo gratuito"}]},{"@type":"WebSite","@id":"https:\/\/www.fiscalia.gov.co\/colombia\/#website","url":"https:\/\/www.fiscalia.gov.co\/colombia\/","name":"Fiscal\u00eda General de la Naci\u00f3n","description":"P\u00e1gina oficial de la Fiscal\u00eda General de la Naci\u00f3n \u2013 Colombia. Garantizamos el acceso efectivo a la justicia, la verdad y la reparaci\u00f3n de las v\u00edctimas de los delitos.","publisher":{"@id":"https:\/\/www.fiscalia.gov.co\/colombia\/#organization"},"potentialAction":[{"@type":"SearchAction","target":{"@type":"EntryPoint","urlTemplate":"https:\/\/www.fiscalia.gov.co\/colombia\/?s={search_term_string}"},"query-input":{"@type":"PropertyValueSpecification","valueRequired":true,"valueName":"search_term_string"}}],"inLanguage":"es-CO"},{"@type":"Organization","@id":"https:\/\/www.fiscalia.gov.co\/colombia\/#organization","name":"Fiscal\u00eda General de la Naci\u00f3n","url":"https:\/\/www.fiscalia.gov.co\/colombia\/","logo":{"@type":"ImageObject","inLanguage":"es-CO","@id":"https:\/\/www.fiscalia.gov.co\/colombia\/#\/schema\/logo\/image\/","url":"https:\/\/www.fiscalia.gov.co\/colombia\/wp-content\/uploads\/LogoHorizontal_1.jpg","contentUrl":"https:\/\/www.fiscalia.gov.co\/colombia\/wp-content\/uploads\/LogoHorizontal_1.jpg","width":300,"height":90,"caption":"Fiscal\u00eda General de la Naci\u00f3n"},"image":{"@id":"https:\/\/www.fiscalia.gov.co\/colombia\/#\/schema\/logo\/image\/"},"sameAs":["https:\/\/www.facebook.com\/FiscaliaCol","https:\/\/x.com\/FiscaliaCol","https:\/\/www.instagram.com\/fiscaliacol","https:\/\/www.linkedin.com\/company\/fiscalia-general-de-la-naci-n\/","https:\/\/youtube.com\/@fiscaliageneraldelanacion-4668?si=6nN79nyQICPU5iTh"]}]}},"_links":{"self":[{"href":"https:\/\/www.fiscalia.gov.co\/colombia\/wp-json\/wp\/v2\/pages\/20232","targetHints":{"allow":["GET"]}}],"collection":[{"href":"https:\/\/www.fiscalia.gov.co\/colombia\/wp-json\/wp\/v2\/pages"}],"about":[{"href":"https:\/\/www.fiscalia.gov.co\/colombia\/wp-json\/wp\/v2\/types\/page"}],"author":[{"embeddable":true,"href":"https:\/\/www.fiscalia.gov.co\/colombia\/wp-json\/wp\/v2\/users\/143"}],"replies":[{"embeddable":true,"href":"https:\/\/www.fiscalia.gov.co\/colombia\/wp-json\/wp\/v2\/comments?post=20232"}],"version-history":[{"count":180,"href":"https:\/\/www.fiscalia.gov.co\/colombia\/wp-json\/wp\/v2\/pages\/20232\/revisions"}],"predecessor-version":[{"id":360543,"href":"https:\/\/www.fiscalia.gov.co\/colombia\/wp-json\/wp\/v2\/pages\/20232\/revisions\/360543"}],"wp:attachment":[{"href":"https:\/\/www.fiscalia.gov.co\/colombia\/wp-json\/wp\/v2\/media?parent=20232"}],"curies":[{"name":"wp","href":"https:\/\/api.w.org\/{rel}","templated":true}]}}