{"id":173506,"date":"2018-12-07T15:45:11","date_gmt":"2018-12-07T20:45:11","guid":{"rendered":"https:\/\/www.fiscalia.gov.co\/colombia\/?page_id=173506"},"modified":"2025-03-12T09:24:40","modified_gmt":"2025-03-12T14:24:40","slug":"mision-y-vision","status":"publish","type":"page","link":"https:\/\/www.fiscalia.gov.co\/colombia\/la-entidad\/quienes-somos\/mision-y-vision\/","title":{"rendered":"Misi\u00f3n, visi\u00f3n, funciones y deberes"},"content":{"rendered":"<section class=\"wpb-content-wrapper\"><div id=\"tdi_1\" class=\"tdc-row\"><div class=\"vc_row tdi_2  wpb_row td-pb-row\" >\n<style scoped>\n\/* custom css - generated by TagDiv Composer *\/\n\n\/* custom css - generated by TagDiv Composer *\/\n.tdi_2,\r\n                .tdi_2 .tdc-columns{\r\n                    min-height: 0;\r\n                }.tdi_2,\r\n\t\t\t\t.tdi_2 .tdc-columns{\r\n\t\t\t\t    display: block;\r\n\t\t\t\t}.tdi_2 .tdc-columns{\r\n\t\t\t\t    width: 100%;\r\n\t\t\t\t}.tdi_2:before,\r\n\t\t\t\t.tdi_2:after{\r\n\t\t\t\t    display: table;\r\n\t\t\t\t}\n<\/style><div class=\"vc_column tdi_4  wpb_column vc_column_container tdc-column td-pb-span8\">\n<style scoped>\n\/* custom css - generated by TagDiv Composer *\/\n\n\/* custom css - generated by TagDiv Composer *\/\n.tdi_4{\r\n                    vertical-align: baseline;\r\n                }.tdi_4 > .wpb_wrapper,\r\n\t\t\t\t.tdi_4 > .wpb_wrapper > .tdc-elements{\r\n\t\t\t\t    display: block;\r\n\t\t\t\t}.tdi_4 > .wpb_wrapper > .tdc-elements{\r\n\t\t\t\t    width: 100%;\r\n\t\t\t\t}.tdi_4 > .wpb_wrapper > .vc_row_inner{\r\n\t\t\t\t    width: auto;\r\n\t\t\t\t}.tdi_4 > .wpb_wrapper{\r\n\t\t\t\t    width: auto;\r\n\t\t\t\t    height: auto;\r\n\t\t\t\t}\n<\/style><div class=\"wpb_wrapper\" >[vc_column_text]\r\n<div>\r\n<div>\r\n<h4><strong>Misi\u00f3n<\/strong><\/h4>\r\n<\/div>\r\n<\/div>\r\n<div>\r\n\r\nLa Fiscal\u00eda General de la Naci\u00f3n garantiza el derecho al acceso a la justicia de los habitantes del territorio nacional, por medio de la investigaci\u00f3n de las conductas punibles, el ejercicio de la acci\u00f3n penal y de la acci\u00f3n de extinci\u00f3n del derecho de dominio, en el marco del debido proceso. As\u00ed mismo, protege los derechos a la verdad y a la reparaci\u00f3n de las v\u00edctimas de los delitos y participa activamente en el dise\u00f1o y la ejecuci\u00f3n de la pol\u00edtica criminal del Estado.\r\n<h4><strong>Visi\u00f3n<\/strong><\/h4>\r\nEn 2028, la Fiscal\u00eda General de la Naci\u00f3n ser\u00e1 reconocida como una instituci\u00f3n moderna, innovadora, eficiente y comprometida con la justicia, la protecci\u00f3n de los derechos de las v\u00edctimas y la construcci\u00f3n de una sociedad m\u00e1s segura y equitativa.\r\n\r\nLa Fiscal\u00eda General de la Naci\u00f3n se consolidar\u00e1 como referente de atenci\u00f3n integral a las v\u00edctimas, al ejercer una funci\u00f3n de calidad y potenciar su participaci\u00f3n durante la actuaci\u00f3n penal, con el fin de garantizarles el acceso a la justicia, la verdad, la reparaci\u00f3n, el restablecimiento del derecho y la garant\u00eda de no repetici\u00f3n.\r\n\r\nLa instituci\u00f3n se distinguir\u00e1 por su modelo de gesti\u00f3n basado en la colaboraci\u00f3n, el aprendizaje continuo y la mejora constante, utilizando indicadores objetivos para evaluar su desempe\u00f1o y garantizar la transparencia en su accionar.\r\n\r\nEsta visi\u00f3n sienta sus bases en el talento humano, en cinco l\u00edneas estrat\u00e9gicas de acci\u00f3n, en el uso eficiente de los recursos y en una mirada renovada en el cumplimiento de la misi\u00f3n.\r\n\r\nLa Fiscal\u00eda General de la Naci\u00f3n implementar\u00e1 un cambio estrat\u00e9gico en el ejercicio de la acci\u00f3n penal. Se trata de una modificaci\u00f3n que le permita liderar la lucha contra la criminalidad con un enfoque territorial centrado en las v\u00edctimas y contrarrestar eficazmente los fen\u00f3menos delictivos que afectan el pa\u00eds, mediante el uso de tecnolog\u00edas avanzadas y an\u00e1lisis criminal robusto.\r\n\r\nA trav\u00e9s de la dinamizaci\u00f3n de los mecanismos de terminaci\u00f3n anticipada de los procesos y la optimizaci\u00f3n de su actuaci\u00f3n en el juicio, la Fiscal\u00eda General de la Naci\u00f3n asegurar\u00e1 una respuesta penal pronta, pertinente y eficaz, fortaleciendo la confianza ciudadana en la administraci\u00f3n de justicia.\r\n<h4><strong>Funciones y deberes<\/strong><\/h4>\r\n[vc_toggle title=&#8221;Constituci\u00f3n Pol\u00edtica de Colombia&#8221;]\r\n\r\n<strong>Cap\u00edtulo VI<\/strong>\r\n\r\n<strong>DE LA FISCAL\u00cdA GENERAL DE LA NACI\u00d3N<\/strong>\r\n\r\n<strong>ART\u00cdCULO 249.<\/strong> La Fiscal\u00eda General de la Naci\u00f3n estar\u00e1 integrada por el Fiscal General, los fiscales delegados y los dem\u00e1s funcionarios que determine la ley.\r\n\r\nEl Fiscal General de la Naci\u00f3n ser\u00e1 elegido para un per\u00edodo de cuatro a\u00f1os por la Corte Suprema de Justicia, de terna enviada por el Presidente de la Rep\u00fablica y no podr\u00e1 ser reelegido. Debe reunir las mismas calidades exigidas para ser Magistrado de la Corte Suprema de Justicia. La Fiscal\u00eda General de la Naci\u00f3n forma parte de la rama judicial y tendr\u00e1 autonom\u00eda administrativa y presupuestal.\r\n\r\n<strong>ART\u00cdCULO 250.<\/strong> La Fiscal\u00eda General de la Naci\u00f3n est\u00e1 obligada a adelantar el ejercicio de la acci\u00f3n penal y realizar la investigaci\u00f3n de los hechos que revistan las caracter\u00edsticas de un delito que lleguen a su conocimiento por medio de denuncia, petici\u00f3n especial, querella o de oficio, siempre y cuando medien suficientes motivos y circunstancias f\u00e1cticas que indiquen la posible existencia del mismo. No podr\u00e1, en consecuencia, suspender, interrumpir, ni renunciar a la persecuci\u00f3n penal, salvo en los casos que establezca la ley para la aplicaci\u00f3n del principio de oportunidad regulado dentro del marco de la pol\u00edtica criminal del Estado, el cual estar\u00e1 sometido al control de legalidad por parte del juez que ejerza las funciones de control de garant\u00edas. Se except\u00faan los delitos cometidos por Miembros de la Fuerza P\u00fablica en servicio activo y en relaci\u00f3n con el mismo servicio.\r\n\r\nEn ejercicio de sus funciones la Fiscal\u00eda General de la Naci\u00f3n, deber\u00e1:\r\n<ol>\r\n \t<li>Solicitar al juez que ejerza las funciones de control de garant\u00edas las medidas necesarias que aseguren la comparecencia de los imputados al proceso penal, la conservaci\u00f3n de la prueba y la protecci\u00f3n de la comunidad, en especial, de las v\u00edctimas.<\/li>\r\n<\/ol>\r\nEl juez que ejerza las funciones de control de garant\u00edas, no podr\u00e1 ser, en ning\u00fan caso, el juez de conocimiento, en aquellos asuntos en que haya ejercido esta funci\u00f3n.\r\n\r\nLa ley podr\u00e1 facultar a la Fiscal\u00eda General de la Naci\u00f3n para realizar excepcionalmente capturas; igualmente, la ley fijar\u00e1 los l\u00edmites y eventos en que proceda la captura. En estos casos el juez que cumpla la funci\u00f3n de control de garant\u00edas lo realizar\u00e1 a m\u00e1s tardar dentro de las treinta y seis (36) horas siguientes.\r\n<ol start=\"2\">\r\n \t<li>Adelantar registros, allanamientos, incautaciones e interceptaciones de comunicaciones. En estos eventos el juez que ejerza las funciones de control de garant\u00edas efectuar\u00e1 el control posterior respectivo, a m\u00e1s tardar dentro de las treinta y seis (36) horas siguientes.<\/li>\r\n \t<li>Asegurar los elementos materiales probatorios, garantizando la cadena de custodia mientras se ejerce su contradicci\u00f3n. En caso de requerirse medidas adicionales que impliquen afectaci\u00f3n de derechos fundamentales, deber\u00e1 obtenerse la respectiva autorizaci\u00f3n por parte del juez que ejerza las funciones de control de garant\u00edas para poder proceder a ello.<\/li>\r\n \t<li>Presentar escrito de acusaci\u00f3n ante el juez de conocimiento, con el fin de dar inicio a un juicio p\u00fablico, oral, con inmediaci\u00f3n de las pruebas, contradictorio, concentrado y con todas las garant\u00edas.<\/li>\r\n \t<li>Solicitar ante el juez de conocimiento la preclusi\u00f3n de las investigaciones cuando seg\u00fan lo dispuesto en la ley no hubiere m\u00e9rito para acusar.<\/li>\r\n \t<li>Solicitar ante el juez de conocimiento las medidas judiciales necesarias para la asistencia a las v\u00edctimas, lo mismo que disponer el restablecimiento del derecho y la reparaci\u00f3n integral a los afectados con el delito.<\/li>\r\n \t<li>Velar por la protecci\u00f3n de las v\u00edctimas, los jurados, los testigos y dem\u00e1s intervinientes en el proceso penal, la ley fijar\u00e1 los t\u00e9rminos en que podr\u00e1n intervenir las v\u00edctimas en el proceso penal y los mecanismos de justicia restaurativa.<\/li>\r\n \t<li>Dirigir y coordinar las funciones de polic\u00eda Judicial que en forma permanente cumple la Polic\u00eda Nacional y los dem\u00e1s organismos que se\u00f1ale la ley.<\/li>\r\n \t<li>Cumplir las dem\u00e1s funciones que establezca la ley.<\/li>\r\n<\/ol>\r\nEl Fiscal General y sus delegados tienen competencia en todo el territorio nacional.\r\n\r\nEn el evento de presentarse escrito de acusaci\u00f3n, el Fiscal General o sus delegados deber\u00e1n suministrar, por conducto del juez de conocimiento, todos los elementos probatorios e informaciones de que tenga noticia incluidos los que le sean favorables al procesado.\r\n\r\nPAR\u00c1GRAFO. La Procuradur\u00eda General de la Naci\u00f3n continuar\u00e1 cumpliendo en el nuevo sistema de indagaci\u00f3n, investigaci\u00f3n y juzgamiento penal, las funciones contempladas en el art\u00edculo 277 de la Constituci\u00f3n Nacional.\r\n\r\nPAR\u00c1GRAFO 2o. Atendiendo la naturaleza del bien jur\u00eddico o la menor lesividad de la conducta punible, el legislador podr\u00e1 asignarle el ejercicio de la acci\u00f3n penal a la v\u00edctima o a otras autoridades distintas a la Fiscal\u00eda General de la Naci\u00f3n. En todo caso, la Fiscal\u00eda General de la Naci\u00f3n podr\u00e1 actuar en forma preferente.\r\n\r\n<strong>ART\u00cdCULO 251. <\/strong>Son funciones especiales del Fiscal General de la Naci\u00f3n:\r\n<ol>\r\n \t<li>Investigar y acusar, si hubiere lugar, directamente o por conducto del Vicefiscal General de la Naci\u00f3n o de sus delegados de la unidad de fiscal\u00edas ante la Corte Suprema de Justicia, a los altos servidores que gocen de fuero Constitucional, con las excepciones previstas en la Constituci\u00f3n..<\/li>\r\n \t<li>Nombrar y remover, de conformidad con la ley, a los servidores bajo su dependencia.<\/li>\r\n \t<li>Asumir directamente las investigaciones y procesos, cualquiera que sea el estado en que se encuentren, lo mismo que asignar y desplazar libremente a sus servidores en las investigaciones y procesos. Igualmente, en virtud de los principios de unidad de gesti\u00f3n y de jerarqu\u00eda, determinar el criterio y la posici\u00f3n que la Fiscal\u00eda deba asumir, sin perjuicio de la autonom\u00eda de los fiscales delegados en los t\u00e9rminos y condiciones fijados por la ley.<\/li>\r\n \t<li>Participar en el dise\u00f1o de la pol\u00edtica del Estado en materia criminal y presentar proyectos de ley al respecto.<\/li>\r\n \t<li>Otorgar, atribuciones transitorias a entes p\u00fablicos que puedan cumplir funciones de Polic\u00eda Judicial, bajo la responsabilidad y dependencia funcional de la Fiscal\u00eda General de la Naci\u00f3n.<\/li>\r\n \t<li>Suministrar al Gobierno informaci\u00f3n sobre las investigaciones que se est\u00e9n adelantando, cuando sea necesaria para la preservaci\u00f3n del orden p\u00fablico.<\/li>\r\n<\/ol>\r\n<strong>ART\u00cdCULO 252. <\/strong>Aun durante los Estados de Excepci\u00f3n de que trata la Constituci\u00f3n en sus art\u00edculos 212 y 213, el Gobierno no podr\u00e1 suprimir, ni modificar los organismos ni las funciones b\u00e1sicas de acusaci\u00f3n y juzgamiento.\r\n\r\n<strong>ART\u00cdCULO 253.<\/strong> La ley determinar\u00e1 lo relativo a la estructura y funcionamiento de la Fiscal\u00eda General de la Naci\u00f3n, al ingreso por carrera y al retiro del servicio, a las inhabilidades e incompatibilidades, denominaci\u00f3n, calidades, remuneraci\u00f3n, prestaciones sociales y r\u00e9gimen disciplinario de los funcionarios y empleados de su dependencia.\r\n\r\n<a href=\"http:\/\/www.suin-juriscol.gov.co\/viewDocument.asp?id=1687988\" target=\"_blank\" rel=\"noopener\">Ver Constituci\u00f3n Pol\u00edtica de Colombia\u00a0<\/a>[\/vc_toggle][vc_toggle title=&#8221;Decreto Ley 016 de 2014 modificado por el Decreto Ley 898 de 2017&#8243;]<a href=\"http:\/\/www.suin-juriscol.gov.co\/viewDocument.asp?id=1003812\" target=\"_blank\" rel=\"noopener noreferrer\">Ver Decreto Ley 016 de 2014 en el Sistema \u00danico de Informaci\u00f3n Normativa (SUIN). <\/a>Por el cual se modifica y define la estructura org\u00e1nica y funcional de la Fiscal\u00eda General de la Naci\u00f3n.[\/vc_toggle][vc_toggle title=&#8221;Decreto Ley 898 de 2017 modifica el Decreto Ley 016 de 2014&#8243;]<a href=\"http:\/\/www.suin-juriscol.gov.co\/viewDocument.asp?ruta=Decretos\/30031846\" target=\"_blank\" rel=\"noopener noreferrer\">Ver Decreto Ley 898 de 2017 en el Sistema \u00danico de Informaci\u00f3n Normativa (SUIN)<\/a>. Por el cual se crea al interior de la Fiscal\u00eda General de la Naci\u00f3n la Unidad Especial de Investigaci\u00f3n para el desmantelamiento de las organizaciones y conductas criminales responsables de homicidios y masacres, que atentan contra defensores\/as de derechos humanos, movimientos sociales o movimientos pol\u00edticos o que amenacen o atenten contra las personas que participen en la implementaci\u00f3n de los acuerdos y la construcci\u00f3n de la paz, incluyendo las organizaciones criminales que hayan sido denominadas como sucesoras del paramilitarismo y sus redes de apoyo, en cumplimiento a lo dispuesto en el punto 3.4.4 del Acuerdo Final para la terminaci\u00f3n del conflicto y la construcci\u00f3n de una paz estable y duradera, se determinan lineamientos b\u00e1sicos para su conformaci\u00f3n y, en consecuencia, se modifica parcialmente la estructura de la Fiscal\u00eda General de la Naci\u00f3n, la planta de cargos de la entidad y se dictan otras disposiciones.[\/vc_toggle][vc_toggle title=&#8221;Ley 2010 de 2019&#8243;]<span lang=\"ES\"><a href=\"http:\/\/www.suin-juriscol.gov.co\/viewDocument.asp?ruta=Leyes\/30038705\" target=\"_blank\" rel=\"noopener noreferrer\"> Ver Ley 2010 de 2019 en el Sistema \u00danico de Informaci\u00f3n Normativa (SUIN)<\/a>.\u00a0<\/span><span lang=\"ES\">Por medio de la cual se adoptan normas para la promoci\u00f3n del crecimiento econ\u00f3mico, el empleo, la inversi\u00f3n, el fortalecimiento de las finanzas p\u00fablicas y la progresividad, equidad y eficiencia del sistema tributario, de acuerdo con los objetivos que sobre la materia impulsaron la Ley 1943 de 2018 y se dictan otras disposiciones. (art\u00edculo 132. Cr\u00e9ase en la Fiscal\u00eda General de la Naci\u00f3n, la Direcci\u00f3n Especializada Contra los Delitos Fiscales\u2026). [\/vc_toggle][vc_toggle title=&#8221;Ley 2111 de 2021&#8243;] <\/span><a href=\"https:\/\/www.suin-juriscol.gov.co\/viewDocument.asp?ruta=Leyes\/30042065\" target=\"_blank\" rel=\"noopener\">Ver Ley 2111 de 2021 en el Sistema \u00danico de Informaci\u00f3n Normativa (SUIN)<\/a>. Por medio del cual se sustituye el T\u00edtulo XI \u201cDe los delitos contra los recursos naturales y el medio ambiente\u201d de la Ley 599 de 2000, se modifica la Ley 906 de 2004 y se dictan otras disposiciones. (art\u00edculo 7. Cr\u00e9ase en la Fiscal\u00eda General de la Naci\u00f3n, la Direcci\u00f3n de Apoyo Territorial\u2026) (art\u00edculo 9. Cr\u00e9ese en la Fiscal\u00eda General de la Naci\u00f3n, la Direcci\u00f3n Especializada para los Delitos contra los Recursos Naturales y el Medio Ambiente\u2026).[\/vc_toggle][vc_toggle title=&#8221;Ley 2197 de 2022&#8243;] <a href=\"https:\/\/www.suin-juriscol.gov.co\/viewDocument.asp?ruta=Leyes\/30043812\" target=\"_blank\" rel=\"noopener\">Ver Ley 2197 de 2022 en el Sistema \u00danico de Informaci\u00f3n Normativa (SUIN)<\/a>. Por medio de la cual se dictan normas tendientes al fortalecimiento de la seguridad ciudadana y se dictan otras disposiciones. (art\u00edculo 64. Modif\u00edquese el Decreto Ley 016 de 2014, especialmente los art\u00edculos 2, 29 Y 36, modificado por el Decreto Ley 898 de 2017, en el sentido que la Delegada para la Seguridad Ciudadana se denominar\u00e1 la Delegada para la Seguridad Territorial, manteniendo la misma composici\u00f3n y funciones asignadas a \u00e9sta). (art\u00edculo 68. Cr\u00e9ase en la Fiscal\u00eda General de la Naci\u00f3n, la Direcci\u00f3n Especializada contra los Delitos Inform\u00e1ticos\u2026).[\/vc_toggle]\r\n\r\n<\/div>\r\n[\/vc_column_text]<\/div><\/div><div class=\"vc_column tdi_6  wpb_column vc_column_container tdc-column td-pb-span4\">\n<style scoped>\n\/* custom css - generated by TagDiv Composer *\/\n\n\/* custom css - generated by TagDiv Composer *\/\n.tdi_6{\r\n                    vertical-align: baseline;\r\n                }.tdi_6 > .wpb_wrapper,\r\n\t\t\t\t.tdi_6 > .wpb_wrapper > .tdc-elements{\r\n\t\t\t\t    display: block;\r\n\t\t\t\t}.tdi_6 > .wpb_wrapper > .tdc-elements{\r\n\t\t\t\t    width: 100%;\r\n\t\t\t\t}.tdi_6 > .wpb_wrapper > .vc_row_inner{\r\n\t\t\t\t    width: auto;\r\n\t\t\t\t}.tdi_6 > .wpb_wrapper{\r\n\t\t\t\t    width: auto;\r\n\t\t\t\t    height: auto;\r\n\t\t\t\t}\n<\/style><div class=\"wpb_wrapper\" ><div class=\"wpb_wrapper td_block_wrap vc_raw_html tdi_8 \"><div class=\"td-fix-index\"><h4 class=\"block-title\"><span>TRANSPARENCIA<\/span><\/h4><\/div><\/div>[vc_wp_custommenu nav_menu=&#8221;24162&#8243;]<\/div><\/div><\/div><\/div><\/section>\n<div class=\"twitter-share\"><a href=\"https:\/\/twitter.com\/intent\/tweet?via=fiscaliacol\" class=\"twitter-share-button\">Tweet<\/a><\/div>\n","protected":false},"excerpt":{"rendered":"[vc_column_text] Misi\u00f3n La Fiscal\u00eda General de la Naci\u00f3n garantiza el derecho al acceso a la justicia de los habitantes del territorio nacional, por medio de la investigaci\u00f3n de las conductas punibles, el ejercicio de la acci\u00f3n penal y de la acci\u00f3n de extinci\u00f3n del derecho de dominio, en el marco del debido proceso. As\u00ed mismo, [...]","protected":false},"author":162,"featured_media":0,"parent":9127,"menu_order":0,"comment_status":"closed","ping_status":"closed","template":"page-pagebuilder-title.php","meta":{"tdm_status":"","tdm_grid_status":"","footnotes":""},"class_list":["post-173506","page","type-page","status-publish"],"yoast_head":"<!-- This site is optimized with the Yoast SEO plugin v24.3 - https:\/\/yoast.com\/wordpress\/plugins\/seo\/ -->\n<title>Fiscal\u00eda General de la Naci\u00f3n<\/title>\n<meta name=\"description\" content=\"P\u00e1gina oficial de la Fiscal\u00eda General de la Naci\u00f3n \u2013 Colombia. Garantizamos el acceso efectivo a la justicia, la verdad y la reparaci\u00f3n de las v\u00edctimas de los delitos.\" \/>\n<meta name=\"robots\" content=\"index, follow, max-snippet:-1, max-image-preview:large, max-video-preview:-1\" \/>\n<link rel=\"canonical\" href=\"https:\/\/www.fiscalia.gov.co\/colombia\/la-entidad\/quienes-somos\/mision-y-vision\/\" \/>\n<meta property=\"og:locale\" content=\"es_ES\" \/>\n<meta property=\"og:type\" content=\"article\" \/>\n<meta property=\"og:title\" content=\"Fiscal\u00eda General de la Naci\u00f3n\" \/>\n<meta property=\"og:description\" content=\"P\u00e1gina oficial de la Fiscal\u00eda General de la Naci\u00f3n \u2013 Colombia. Garantizamos el acceso efectivo a la justicia, la verdad y la reparaci\u00f3n de las v\u00edctimas de los delitos.\" \/>\n<meta property=\"og:url\" content=\"https:\/\/www.fiscalia.gov.co\/colombia\/la-entidad\/quienes-somos\/mision-y-vision\/\" \/>\n<meta property=\"og:site_name\" content=\"Fiscal\u00eda General de la Naci\u00f3n\" \/>\n<meta property=\"article:publisher\" content=\"https:\/\/www.facebook.com\/FiscaliaCol\" \/>\n<meta property=\"article:modified_time\" content=\"2025-03-12T14:24:40+00:00\" \/>\n<meta name=\"twitter:card\" content=\"summary_large_image\" \/>\n<meta name=\"twitter:site\" content=\"@FiscaliaCol\" \/>\n<meta name=\"twitter:label1\" content=\"Tiempo de lectura\" \/>\n\t<meta name=\"twitter:data1\" content=\"9 minutos\" \/>\n<script type=\"application\/ld+json\" class=\"yoast-schema-graph\">{\"@context\":\"https:\/\/schema.org\",\"@graph\":[{\"@type\":\"WebPage\",\"@id\":\"https:\/\/www.fiscalia.gov.co\/colombia\/la-entidad\/quienes-somos\/mision-y-vision\/\",\"url\":\"https:\/\/www.fiscalia.gov.co\/colombia\/la-entidad\/quienes-somos\/mision-y-vision\/\",\"name\":\"Fiscal\u00eda General de la Naci\u00f3n\",\"isPartOf\":{\"@id\":\"https:\/\/www.fiscalia.gov.co\/colombia\/#website\"},\"datePublished\":\"2018-12-07T20:45:11+00:00\",\"dateModified\":\"2025-03-12T14:24:40+00:00\",\"description\":\"P\u00e1gina oficial de la Fiscal\u00eda General de la Naci\u00f3n \u2013 Colombia. Garantizamos el acceso efectivo a la justicia, la verdad y la reparaci\u00f3n de las v\u00edctimas de los delitos.\",\"breadcrumb\":{\"@id\":\"https:\/\/www.fiscalia.gov.co\/colombia\/la-entidad\/quienes-somos\/mision-y-vision\/#breadcrumb\"},\"inLanguage\":\"es-CO\",\"potentialAction\":[{\"@type\":\"ReadAction\",\"target\":[\"https:\/\/www.fiscalia.gov.co\/colombia\/la-entidad\/quienes-somos\/mision-y-vision\/\"]}]},{\"@type\":\"BreadcrumbList\",\"@id\":\"https:\/\/www.fiscalia.gov.co\/colombia\/la-entidad\/quienes-somos\/mision-y-vision\/#breadcrumb\",\"itemListElement\":[{\"@type\":\"ListItem\",\"position\":1,\"name\":\"Home\",\"item\":\"https:\/\/www.fiscalia.gov.co\/colombia\/\"},{\"@type\":\"ListItem\",\"position\":2,\"name\":\"La Entidad\",\"item\":\"https:\/\/www.fiscalia.gov.co\/colombia\/la-entidad\/\"},{\"@type\":\"ListItem\",\"position\":3,\"name\":\"\u00bfQui\u00e9nes somos?\",\"item\":\"https:\/\/www.fiscalia.gov.co\/colombia\/la-entidad\/quienes-somos\/\"},{\"@type\":\"ListItem\",\"position\":4,\"name\":\"Misi\u00f3n, visi\u00f3n, funciones y deberes\"}]},{\"@type\":\"WebSite\",\"@id\":\"https:\/\/www.fiscalia.gov.co\/colombia\/#website\",\"url\":\"https:\/\/www.fiscalia.gov.co\/colombia\/\",\"name\":\"Fiscal\u00eda General de la Naci\u00f3n\",\"description\":\"P\u00e1gina oficial de la Fiscal\u00eda General de la Naci\u00f3n \u2013 Colombia. Garantizamos el acceso efectivo a la justicia, la verdad y la reparaci\u00f3n de las v\u00edctimas de los delitos.\",\"publisher\":{\"@id\":\"https:\/\/www.fiscalia.gov.co\/colombia\/#organization\"},\"potentialAction\":[{\"@type\":\"SearchAction\",\"target\":{\"@type\":\"EntryPoint\",\"urlTemplate\":\"https:\/\/www.fiscalia.gov.co\/colombia\/?s={search_term_string}\"},\"query-input\":{\"@type\":\"PropertyValueSpecification\",\"valueRequired\":true,\"valueName\":\"search_term_string\"}}],\"inLanguage\":\"es-CO\"},{\"@type\":\"Organization\",\"@id\":\"https:\/\/www.fiscalia.gov.co\/colombia\/#organization\",\"name\":\"Fiscal\u00eda General de la Naci\u00f3n\",\"url\":\"https:\/\/www.fiscalia.gov.co\/colombia\/\",\"logo\":{\"@type\":\"ImageObject\",\"inLanguage\":\"es-CO\",\"@id\":\"https:\/\/www.fiscalia.gov.co\/colombia\/#\/schema\/logo\/image\/\",\"url\":\"https:\/\/www.fiscalia.gov.co\/colombia\/wp-content\/uploads\/LogoHorizontal_1.jpg\",\"contentUrl\":\"https:\/\/www.fiscalia.gov.co\/colombia\/wp-content\/uploads\/LogoHorizontal_1.jpg\",\"width\":300,\"height\":90,\"caption\":\"Fiscal\u00eda General de la Naci\u00f3n\"},\"image\":{\"@id\":\"https:\/\/www.fiscalia.gov.co\/colombia\/#\/schema\/logo\/image\/\"},\"sameAs\":[\"https:\/\/www.facebook.com\/FiscaliaCol\",\"https:\/\/x.com\/FiscaliaCol\",\"https:\/\/www.instagram.com\/fiscaliacol\",\"https:\/\/www.linkedin.com\/company\/fiscalia-general-de-la-naci-n\/\",\"https:\/\/youtube.com\/@fiscaliageneraldelanacion-4668?si=6nN79nyQICPU5iTh\"]}]}<\/script>\n<!-- \/ Yoast SEO plugin. -->","yoast_head_json":{"title":"Fiscal\u00eda General de la Naci\u00f3n","description":"P\u00e1gina oficial de la Fiscal\u00eda General de la Naci\u00f3n \u2013 Colombia. Garantizamos el acceso efectivo a la justicia, la verdad y la reparaci\u00f3n de las v\u00edctimas de los delitos.","robots":{"index":"index","follow":"follow","max-snippet":"max-snippet:-1","max-image-preview":"max-image-preview:large","max-video-preview":"max-video-preview:-1"},"canonical":"https:\/\/www.fiscalia.gov.co\/colombia\/la-entidad\/quienes-somos\/mision-y-vision\/","og_locale":"es_ES","og_type":"article","og_title":"Fiscal\u00eda General de la Naci\u00f3n","og_description":"P\u00e1gina oficial de la Fiscal\u00eda General de la Naci\u00f3n \u2013 Colombia. Garantizamos el acceso efectivo a la justicia, la verdad y la reparaci\u00f3n de las v\u00edctimas de los delitos.","og_url":"https:\/\/www.fiscalia.gov.co\/colombia\/la-entidad\/quienes-somos\/mision-y-vision\/","og_site_name":"Fiscal\u00eda General de la Naci\u00f3n","article_publisher":"https:\/\/www.facebook.com\/FiscaliaCol","article_modified_time":"2025-03-12T14:24:40+00:00","twitter_card":"summary_large_image","twitter_site":"@FiscaliaCol","twitter_misc":{"Tiempo de lectura":"9 minutos"},"schema":{"@context":"https:\/\/schema.org","@graph":[{"@type":"WebPage","@id":"https:\/\/www.fiscalia.gov.co\/colombia\/la-entidad\/quienes-somos\/mision-y-vision\/","url":"https:\/\/www.fiscalia.gov.co\/colombia\/la-entidad\/quienes-somos\/mision-y-vision\/","name":"Fiscal\u00eda General de la Naci\u00f3n","isPartOf":{"@id":"https:\/\/www.fiscalia.gov.co\/colombia\/#website"},"datePublished":"2018-12-07T20:45:11+00:00","dateModified":"2025-03-12T14:24:40+00:00","description":"P\u00e1gina oficial de la Fiscal\u00eda General de la Naci\u00f3n \u2013 Colombia. Garantizamos el acceso efectivo a la justicia, la verdad y la reparaci\u00f3n de las v\u00edctimas de los delitos.","breadcrumb":{"@id":"https:\/\/www.fiscalia.gov.co\/colombia\/la-entidad\/quienes-somos\/mision-y-vision\/#breadcrumb"},"inLanguage":"es-CO","potentialAction":[{"@type":"ReadAction","target":["https:\/\/www.fiscalia.gov.co\/colombia\/la-entidad\/quienes-somos\/mision-y-vision\/"]}]},{"@type":"BreadcrumbList","@id":"https:\/\/www.fiscalia.gov.co\/colombia\/la-entidad\/quienes-somos\/mision-y-vision\/#breadcrumb","itemListElement":[{"@type":"ListItem","position":1,"name":"Home","item":"https:\/\/www.fiscalia.gov.co\/colombia\/"},{"@type":"ListItem","position":2,"name":"La Entidad","item":"https:\/\/www.fiscalia.gov.co\/colombia\/la-entidad\/"},{"@type":"ListItem","position":3,"name":"\u00bfQui\u00e9nes somos?","item":"https:\/\/www.fiscalia.gov.co\/colombia\/la-entidad\/quienes-somos\/"},{"@type":"ListItem","position":4,"name":"Misi\u00f3n, visi\u00f3n, funciones y deberes"}]},{"@type":"WebSite","@id":"https:\/\/www.fiscalia.gov.co\/colombia\/#website","url":"https:\/\/www.fiscalia.gov.co\/colombia\/","name":"Fiscal\u00eda General de la Naci\u00f3n","description":"P\u00e1gina oficial de la Fiscal\u00eda General de la Naci\u00f3n \u2013 Colombia. Garantizamos el acceso efectivo a la justicia, la verdad y la reparaci\u00f3n de las v\u00edctimas de los delitos.","publisher":{"@id":"https:\/\/www.fiscalia.gov.co\/colombia\/#organization"},"potentialAction":[{"@type":"SearchAction","target":{"@type":"EntryPoint","urlTemplate":"https:\/\/www.fiscalia.gov.co\/colombia\/?s={search_term_string}"},"query-input":{"@type":"PropertyValueSpecification","valueRequired":true,"valueName":"search_term_string"}}],"inLanguage":"es-CO"},{"@type":"Organization","@id":"https:\/\/www.fiscalia.gov.co\/colombia\/#organization","name":"Fiscal\u00eda General de la Naci\u00f3n","url":"https:\/\/www.fiscalia.gov.co\/colombia\/","logo":{"@type":"ImageObject","inLanguage":"es-CO","@id":"https:\/\/www.fiscalia.gov.co\/colombia\/#\/schema\/logo\/image\/","url":"https:\/\/www.fiscalia.gov.co\/colombia\/wp-content\/uploads\/LogoHorizontal_1.jpg","contentUrl":"https:\/\/www.fiscalia.gov.co\/colombia\/wp-content\/uploads\/LogoHorizontal_1.jpg","width":300,"height":90,"caption":"Fiscal\u00eda General de la Naci\u00f3n"},"image":{"@id":"https:\/\/www.fiscalia.gov.co\/colombia\/#\/schema\/logo\/image\/"},"sameAs":["https:\/\/www.facebook.com\/FiscaliaCol","https:\/\/x.com\/FiscaliaCol","https:\/\/www.instagram.com\/fiscaliacol","https:\/\/www.linkedin.com\/company\/fiscalia-general-de-la-naci-n\/","https:\/\/youtube.com\/@fiscaliageneraldelanacion-4668?si=6nN79nyQICPU5iTh"]}]}},"_links":{"self":[{"href":"https:\/\/www.fiscalia.gov.co\/colombia\/wp-json\/wp\/v2\/pages\/173506","targetHints":{"allow":["GET"]}}],"collection":[{"href":"https:\/\/www.fiscalia.gov.co\/colombia\/wp-json\/wp\/v2\/pages"}],"about":[{"href":"https:\/\/www.fiscalia.gov.co\/colombia\/wp-json\/wp\/v2\/types\/page"}],"author":[{"embeddable":true,"href":"https:\/\/www.fiscalia.gov.co\/colombia\/wp-json\/wp\/v2\/users\/162"}],"replies":[{"embeddable":true,"href":"https:\/\/www.fiscalia.gov.co\/colombia\/wp-json\/wp\/v2\/comments?post=173506"}],"version-history":[{"count":43,"href":"https:\/\/www.fiscalia.gov.co\/colombia\/wp-json\/wp\/v2\/pages\/173506\/revisions"}],"predecessor-version":[{"id":312214,"href":"https:\/\/www.fiscalia.gov.co\/colombia\/wp-json\/wp\/v2\/pages\/173506\/revisions\/312214"}],"up":[{"embeddable":true,"href":"https:\/\/www.fiscalia.gov.co\/colombia\/wp-json\/wp\/v2\/pages\/9127"}],"wp:attachment":[{"href":"https:\/\/www.fiscalia.gov.co\/colombia\/wp-json\/wp\/v2\/media?parent=173506"}],"curies":[{"name":"wp","href":"https:\/\/api.w.org\/{rel}","templated":true}]}}