{"id":168693,"date":"2018-09-13T17:20:57","date_gmt":"2018-09-13T22:20:57","guid":{"rendered":"https:\/\/www.fiscalia.gov.co\/colombia\/?page_id=168693"},"modified":"2019-10-31T15:35:08","modified_gmt":"2019-10-31T20:35:08","slug":"plan-de-accion-coordinado-de-la-fiscalia-general-de-la-nacion-y-la-policia","status":"publish","type":"page","link":"https:\/\/www.fiscalia.gov.co\/colombia\/servicios-de-informacion-al-ciudadano\/plan-de-accion-coordinado-de-la-fiscalia-general-de-la-nacion-y-la-policia\/","title":{"rendered":"Plan de Acci\u00f3n Coordinado de la Fiscal\u00eda General de la Naci\u00f3n y la Polic\u00eda"},"content":{"rendered":"<section class=\"wpb-content-wrapper\"><div id=\"tdi_1\" class=\"tdc-row\"><div class=\"vc_row tdi_2  wpb_row td-pb-row\" >\n<style scoped>\n\/* custom css - generated by TagDiv Composer *\/\n\n\/* custom css - generated by TagDiv Composer *\/\n.tdi_2,\r\n                .tdi_2 .tdc-columns{\r\n                    min-height: 0;\r\n                }.tdi_2,\r\n\t\t\t\t.tdi_2 .tdc-columns{\r\n\t\t\t\t    display: block;\r\n\t\t\t\t}.tdi_2 .tdc-columns{\r\n\t\t\t\t    width: 100%;\r\n\t\t\t\t}.tdi_2:before,\r\n\t\t\t\t.tdi_2:after{\r\n\t\t\t\t    display: table;\r\n\t\t\t\t}\n<\/style><div class=\"vc_column tdi_4  wpb_column vc_column_container tdc-column td-pb-span12\">\n<style scoped>\n\/* custom css - generated by TagDiv Composer *\/\n\n\/* custom css - generated by TagDiv Composer *\/\n.tdi_4{\r\n                    vertical-align: baseline;\r\n                }.tdi_4 > .wpb_wrapper,\r\n\t\t\t\t.tdi_4 > .wpb_wrapper > .tdc-elements{\r\n\t\t\t\t    display: block;\r\n\t\t\t\t}.tdi_4 > .wpb_wrapper > .tdc-elements{\r\n\t\t\t\t    width: 100%;\r\n\t\t\t\t}.tdi_4 > .wpb_wrapper > .vc_row_inner{\r\n\t\t\t\t    width: auto;\r\n\t\t\t\t}.tdi_4 > .wpb_wrapper{\r\n\t\t\t\t    width: auto;\r\n\t\t\t\t    height: auto;\r\n\t\t\t\t}\n<\/style><div class=\"wpb_wrapper\" >[vc_custom_heading source=&#8221;post_title&#8221; use_theme_fonts=&#8221;yes&#8221;][vc_column_text]En diciembre de 2016, el Director General de la Polic\u00eda Nacional y el Fiscal General de la Naci\u00f3n, acordaron trabajar conjuntamente en el dise\u00f1o y puesta en marcha de una estrategia para mejorar la articulaci\u00f3n entre las entidades, lo que dio origen al Plan de Acci\u00f3n Coordinado (PAC).\r\n\r\nEl Plan de Acci\u00f3n Coordinado inici\u00f3 con la identificaci\u00f3n de los retos urgentes de trabajo conjunto que ven\u00edan enfrentando las entidades para mejorar el acceso a la justicia y la investigaci\u00f3n criminal y se concret\u00f3 con la conformaci\u00f3n de 11 mesas especializadas de trabajo, que han tenido a su cargo, bajo el liderazgo de su gerentes (1 en representaci\u00f3n de cada entidad), trabajar en la formulaci\u00f3n de 11 planes de trabajo que responden a la necesidad de alcanzar los siguientes objetivos estrat\u00e9gicos i) el manejo del lugar de los hechos; (ii) la investigaci\u00f3n de casos relacionados con narcotr\u00e1fico; (iii) la persecuci\u00f3n del crimen organizado y sus finanzas; (iv) la seguridad ciudadana y la investigaci\u00f3n criminal en el territorio; (v) la mejora de las respuestas frente a v\u00edctimas o indiciados ni\u00f1os, ni\u00f1as y adolescentes; (vi) la recepci\u00f3n de denuncias y sistemas de informaci\u00f3n; (vii) la investigaci\u00f3n de casos relacionados con corrupci\u00f3n; (viii) la interceptaci\u00f3n y el an\u00e1lisis de las comunicaciones; (ix) la capacitaci\u00f3n; (x) la administraci\u00f3n de los almacenes de evidencia y xi) Consolidaci\u00f3n de pol\u00edticas transversales de polic\u00eda judicial.[\/vc_column_text]<div class=\"wpb_wrapper td_block_wrap vc_raw_html tdi_6 \"><div class=\"td-fix-index\"><iframe loading=\"lazy\" width=\"560\" height=\"315\" src=\"https:\/\/www.youtube.com\/embed\/DhLGSOv8FHk\" frameborder=\"0\" allow=\"autoplay; encrypted-media\" allowfullscreen><\/iframe><\/div><\/div>[vc_column_text]<strong>Informaci\u00f3n sobre mesas de trabajo<\/strong>\r\n\r\n<strong><a href=\"https:\/\/www.fiscalia.gov.co\/colombia\/wp-content\/uploads\/PRESENTACI\u00d3N-PLAN-DE-ACCI\u00d3N-COORDINADO-PONAL-FGN1.pdf\">Mesa T\u00e9cnica No 0: Consolidaci\u00f3n de pol\u00edticas transversales de Polic\u00eda Judicial.<\/a><\/strong>\r\n<ul>\r\n \t<li>Gerente por Fiscal\u00eda General Dr. Daniel Mej\u00eda Londo\u00f1o<\/li>\r\n \t<li>Gerente por Polic\u00eda Nacional Mayor Diego Armando Tovar Vargas<\/li>\r\n<\/ul>\r\n<strong><a href=\"https:\/\/www.fiscalia.gov.co\/colombia\/wp-content\/uploads\/EVALUACI\u00d3N-MESA-DE-TRABAJO-No.-1-23-01-20181.pdf\">Mesa T\u00e9cnica No 01: Fortalecimiento de las acciones interinstitucionales para el manejo adecuado del lugar de los hechos Manejo del lugar de los hechos.<\/a><\/strong>\r\n<ul>\r\n \t<li>Gerente por Fiscal\u00eda General Dr. Juan Carlos Le\u00f3n Lagos<\/li>\r\n \t<li>Gerente por Polic\u00eda Nacional Teniente Coronel Jos\u00e9 Francisco Pe\u00f1a G\u00f3mez<\/li>\r\n<\/ul>\r\n<a href=\"https:\/\/www.fiscalia.gov.co\/colombia\/wp-content\/uploads\/EVALUACION-MESA-DE-TRABAJO-No-2-12-12-2018.pdf\"><strong>Mesa T\u00e9cnica No 02: Articulaci\u00f3n interinstitucional para optimizar la investigaci\u00f3n criminal contra narcotr\u00e1fico.<\/strong><\/a>\r\n<ul>\r\n \t<li>Gerente por Fiscal\u00eda General, Dr. Ricardo Enrique Carriazo<\/li>\r\n \t<li>Gerente por Polic\u00eda Nacional Mayor Ricardo Alberto Duran Ruiz<\/li>\r\n<\/ul>\r\n<a href=\"https:\/\/www.fiscalia.gov.co\/colombia\/wp-content\/uploads\/EVALUACION-MESA-DE-TRABAJO-No-3-12-12-20183.pdf\"><strong>Mesa T\u00e9cnica No 03: Formulaci\u00f3n de estrategias para combatir el crimen organizado y sus finanzas Crimen Organizado y Finanzas.<\/strong><\/a>\r\n<ul>\r\n \t<li>Gerente por Fiscal\u00eda General, Dra. Claudia Carrasquilla<\/li>\r\n \t<li>Gerente por Polic\u00eda Nacional Teniente Coronel Juan Miguel Thiriat Tovar<\/li>\r\n<\/ul>\r\n<a href=\"https:\/\/www.fiscalia.gov.co\/colombia\/wp-content\/uploads\/EVALUACION-MESA-DE-TRABAJO-4.pdf\"><strong>Mesa T\u00e9cnica No 4: Articulaci\u00f3n en materia de seguridad ciudadana en el territorio.<\/strong><\/a>\r\n<ul>\r\n \t<li>Gerente por Fiscal\u00eda General, Dr. Luis Gonzales<\/li>\r\n \t<li>Gerente por Polic\u00eda Nacional Mayor Diego Armando Tovar Vargas<\/li>\r\n<\/ul>\r\n<a href=\"https:\/\/www.fiscalia.gov.co\/colombia\/wp-content\/uploads\/EVALUACION-MESA-DE-TRABAJO-52.pdf\"><strong>Mesa T\u00e9cnica No 5: Fortalecimiento de la investigaci\u00f3n y judicializaci\u00f3n con indiciados o victimas Ni\u00f1os, Ni\u00f1as y Adolescentes.<\/strong><\/a>\r\n<ul>\r\n \t<li>Gerente por Fiscal\u00eda General, Dr. Mario G\u00f3mez<\/li>\r\n \t<li>Gerente por Polic\u00eda Nacional Mayor Nelson Javier G\u00f3mez Chitiva<\/li>\r\n<\/ul>\r\n<a href=\"https:\/\/www.fiscalia.gov.co\/colombia\/wp-content\/uploads\/EVALUACION-MESA-DE-TRABAJO-6.pdf\"><strong>Mesa T\u00e9cnica No 6: Generaci\u00f3n de modelos estandarizados de recepci\u00f3n de denuncias e integraci\u00f3n de sistemas de informaci\u00f3n.<\/strong><\/a>\r\n<ul>\r\n \t<li>Gerente por Fiscal\u00eda General, Dr. Luis Enrique Aguirre<\/li>\r\n \t<li>Gerente por Polic\u00eda Nacional Teniente Coronel Hernando Lozano Gonz\u00e1lez<\/li>\r\n<\/ul>\r\n<a href=\"https:\/\/www.fiscalia.gov.co\/colombia\/wp-content\/uploads\/EVALUACION-MESA-DE-TRABAJO-7.pdf\"><strong>Mesa T\u00e9cnica No 7: fortalecimiento de los esfuerzos institucionales en la lucha contra la corrupci\u00f3n.<\/strong><\/a>\r\n<ul>\r\n \t<li>Gerente por Fiscal\u00eda General, Dr. Jose Alberto Salas<\/li>\r\n \t<li>Gerente por Polic\u00eda Nacional Mayor Jaime Alberto Salas<\/li>\r\n<\/ul>\r\n<a href=\"https:\/\/www.fiscalia.gov.co\/colombia\/wp-content\/uploads\/EVALUACION-MESA-DE-TRABAJO-8.pdf\"><strong>Mesa T\u00e9cnica No 8: Monitoreo y an\u00e1lisis de comunicaciones.<\/strong><\/a>\r\n<ul>\r\n \t<li>Gerente por Fiscal\u00eda General, Dr. Jorge Luis Villarreal<\/li>\r\n \t<li>Gerente por Polic\u00eda Nacional Teniente Coronel Giovanni Ria\u00f1o Garz\u00f3n<\/li>\r\n<\/ul>\r\n<strong><a href=\"https:\/\/www.fiscalia.gov.co\/colombia\/wp-content\/uploads\/EVALUACI\u00d3N-MESA-DE-TRABAJO-No.-9-23-05-20182.pdf\">Mesa T\u00e9cnica No 9: Definici\u00f3n e implementaci\u00f3n de un plan interinstitucional para la capacitaci\u00f3n de los servidores que cumplen funciones de polic\u00eda judicial.<\/a><\/strong>\r\n<ul>\r\n \t<li>Gerente por Fiscal\u00eda General, Dr. Eduardo Charry<\/li>\r\n \t<li>Gerente por Polic\u00eda Nacional Teniente Coronel Edwin Masleider Urrego Pedraza<\/li>\r\n<\/ul>\r\n<strong><a href=\"https:\/\/www.fiscalia.gov.co\/colombia\/wp-content\/uploads\/EVALUACION-MESA-DE-TRABAJO-No.-10-08-06-20182-1.pdf\">Mesa T\u00e9cnica No 10: Optimizaci\u00f3n de la gesti\u00f3n de los almacenes de evidencia.<\/a><\/strong>\r\n<ul>\r\n \t<li>Gerente por Fiscal\u00eda General Mirna Aseneth Barba Polo<\/li>\r\n \t<li>Gerente por Polic\u00eda Nacional Teniente Coronel Jos\u00e9 Francisco Pe\u00f1a G\u00f3mez<\/li>\r\n<\/ul>\r\n<h4 style=\"margin: 0cm; margin-bottom: .0001pt; background: white;\"><strong><span style=\"font-family: 'Calibri',sans-serif; color: black;\">Acuerdos firmados en el marco del Plan de Acci\u00f3n Coordinado Polic\u00eda Nacional de Colombia &#8211; Fiscal\u00eda General de la Naci\u00f3n<\/span><\/strong><\/h4>\r\n<ul>\r\n \t<li><a href=\"https:\/\/www.fiscalia.gov.co\/colombia\/wp-content\/uploads\/ACUERDO-001-30-AGOSTO-2017.pdf\">ACUERDO-001-30-AGOSTO-2017\u00a0 &#8220;Por el cual se expide la reglamentaci\u00f3n del Consejo Nacional de Polic\u00eda Judicial y de los Consejos Seccionales de Polic\u00eda Judicial&#8221;<\/a><\/li>\r\n \t<li><a href=\"https:\/\/www.fiscalia.gov.co\/colombia\/wp-content\/uploads\/ACUERDO-001-MANUALES-Y-FORMATOS-DE-PJ.pdf\">ACUERDO-002-30-AGOSTO-2017\u00a0&#8220;Por el cual se elaboran formatos y se actualizan otros para la inspecci\u00f3n al lugar de los hechos por parte de la Polic\u00eda Judicial&#8221;.<\/a><\/li>\r\n \t<li><a href=\"https:\/\/www.fiscalia.gov.co\/colombia\/wp-content\/uploads\/ACUERDO-002-COMIT\u00c9-T\u00c9CNICO-DE-POLIC\u00cdA-JUDICIAL-1.pdf\">ACUERDO-001-18-ABRIL-2018 &#8220;Por el cual de adoptan el Manual de Polic\u00eda Judicial, el Manual del Sistema de Cadena de Custodia y los formatos de Polic\u00eda Judicial&#8221;.<\/a><\/li>\r\n \t<li><a href=\"https:\/\/www.fiscalia.gov.co\/colombia\/wp-content\/uploads\/ACUERDO-002-COMIT\u00c9-T\u00c9CNICO-DE-POLIC\u00cdA-JUDICIAL.pdf\">ACUERDO-002-18-ABRIL-2018 &#8220;Por el cual se crea el Comit\u00e9\u00a0T\u00e9cnico de Polic\u00eda Judicial&#8221;.<\/a><\/li>\r\n \t<li><a href=\"https:\/\/www.fiscalia.gov.co\/colombia\/wp-content\/uploads\/ACUERDO-003-COMIT\u00c9-INTERINSTITUCIONAL-DE-CRIMINAL\u00cdSTICA.pdf\">ACUERDO-003-18-ABRIL-2018 &#8220;Por el cual se crea el comit\u00e9 interinstitucional de criminalistica y se reglamenta su funcionamiento&#8221;.<\/a><\/li>\r\n \t<li><a href=\"https:\/\/www.fiscalia.gov.co\/colombia\/wp-content\/uploads\/ACUERDO-004-MODIFICACI\u00d3N-ACUERDO-001.pdf\">ACUERDO-004-18-ABRIL-2018 &#8220;Por el cual se modifica el acuerdo 001 del 6 de junio de 2008 y se establecen otras disposiciones para optimizar el servicio de los \u00f3rganos que ejercen funciones permanentes de Polic\u00eda Judicial&#8221;.<\/a><\/li>\r\n<\/ul>\r\n[\/vc_column_text]<\/div><\/div><\/div><\/div><\/section>\n<div class=\"twitter-share\"><a href=\"https:\/\/twitter.com\/intent\/tweet?via=fiscaliacol\" class=\"twitter-share-button\">Tweet<\/a><\/div>\n","protected":false},"excerpt":{"rendered":"[vc_custom_heading source=\"post_title\" use_theme_fonts=\"yes\"][vc_column_text]En diciembre de 2016, el Director General de la Polic\u00eda Nacional y el Fiscal General de la Naci\u00f3n, acordaron trabajar conjuntamente en el dise\u00f1o y puesta en marcha de una estrategia para mejorar la articulaci\u00f3n entre las entidades, lo que dio origen al Plan de Acci\u00f3n Coordinado (PAC). El Plan de Acci\u00f3n Coordinado [...]","protected":false},"author":162,"featured_media":0,"parent":8600,"menu_order":0,"comment_status":"closed","ping_status":"closed","template":"","meta":{"_price":"","_stock":"","_tribe_ticket_header":"","_tribe_default_ticket_provider":"","_tribe_ticket_capacity":"0","_ticket_start_date":"","_ticket_end_date":"","_tribe_ticket_show_description":"","_tribe_ticket_show_not_going":false,"_tribe_ticket_use_global_stock":"","_tribe_ticket_global_stock_level":"","_global_stock_mode":"","_global_stock_cap":"","_tribe_rsvp_for_event":"","_tribe_ticket_going_count":"","_tribe_ticket_not_going_count":"","_tribe_tickets_list":"[]","_tribe_ticket_has_attendee_info_fields":false,"tdm_status":"","tdm_grid_status":"","footnotes":"","_tec_slr_enabled":"","_tec_slr_layout":""},"class_list":["post-168693","page","type-page","status-publish"],"yoast_head":"<!-- This site is optimized with the Yoast SEO plugin v24.3 - https:\/\/yoast.com\/wordpress\/plugins\/seo\/ -->\n<title>Fiscal\u00eda General de la Naci\u00f3n<\/title>\n<meta name=\"description\" content=\"P\u00e1gina oficial de la Fiscal\u00eda General de la Naci\u00f3n \u2013 Colombia. Garantizamos el acceso efectivo a la justicia, la verdad y la reparaci\u00f3n de las v\u00edctimas de los delitos.\" \/>\n<meta name=\"robots\" content=\"index, follow, max-snippet:-1, max-image-preview:large, max-video-preview:-1\" \/>\n<link rel=\"canonical\" href=\"https:\/\/www.fiscalia.gov.co\/colombia\/servicios-de-informacion-al-ciudadano\/plan-de-accion-coordinado-de-la-fiscalia-general-de-la-nacion-y-la-policia\/\" \/>\n<meta property=\"og:locale\" content=\"es_ES\" \/>\n<meta property=\"og:type\" content=\"article\" \/>\n<meta property=\"og:title\" content=\"Fiscal\u00eda General de la Naci\u00f3n\" \/>\n<meta property=\"og:description\" content=\"P\u00e1gina oficial de la Fiscal\u00eda General de la Naci\u00f3n \u2013 Colombia. Garantizamos el acceso efectivo a la justicia, la verdad y la reparaci\u00f3n de las v\u00edctimas de los delitos.\" \/>\n<meta property=\"og:url\" content=\"https:\/\/www.fiscalia.gov.co\/colombia\/servicios-de-informacion-al-ciudadano\/plan-de-accion-coordinado-de-la-fiscalia-general-de-la-nacion-y-la-policia\/\" \/>\n<meta property=\"og:site_name\" content=\"Fiscal\u00eda General de la Naci\u00f3n\" \/>\n<meta property=\"article:publisher\" content=\"https:\/\/www.facebook.com\/FiscaliaCol\" \/>\n<meta property=\"article:modified_time\" content=\"2019-10-31T20:35:08+00:00\" \/>\n<meta name=\"twitter:card\" content=\"summary_large_image\" \/>\n<meta name=\"twitter:site\" content=\"@FiscaliaCol\" \/>\n<meta name=\"twitter:label1\" content=\"Tiempo de lectura\" \/>\n\t<meta name=\"twitter:data1\" content=\"5 minutos\" \/>\n<script type=\"application\/ld+json\" class=\"yoast-schema-graph\">{\"@context\":\"https:\/\/schema.org\",\"@graph\":[{\"@type\":\"WebPage\",\"@id\":\"https:\/\/www.fiscalia.gov.co\/colombia\/servicios-de-informacion-al-ciudadano\/plan-de-accion-coordinado-de-la-fiscalia-general-de-la-nacion-y-la-policia\/\",\"url\":\"https:\/\/www.fiscalia.gov.co\/colombia\/servicios-de-informacion-al-ciudadano\/plan-de-accion-coordinado-de-la-fiscalia-general-de-la-nacion-y-la-policia\/\",\"name\":\"Fiscal\u00eda General de la Naci\u00f3n\",\"isPartOf\":{\"@id\":\"https:\/\/www.fiscalia.gov.co\/colombia\/#website\"},\"datePublished\":\"2018-09-13T22:20:57+00:00\",\"dateModified\":\"2019-10-31T20:35:08+00:00\",\"description\":\"P\u00e1gina oficial de la Fiscal\u00eda General de la Naci\u00f3n \u2013 Colombia. Garantizamos el acceso efectivo a la justicia, la verdad y la reparaci\u00f3n de las v\u00edctimas de los delitos.\",\"breadcrumb\":{\"@id\":\"https:\/\/www.fiscalia.gov.co\/colombia\/servicios-de-informacion-al-ciudadano\/plan-de-accion-coordinado-de-la-fiscalia-general-de-la-nacion-y-la-policia\/#breadcrumb\"},\"inLanguage\":\"es-CO\",\"potentialAction\":[{\"@type\":\"ReadAction\",\"target\":[\"https:\/\/www.fiscalia.gov.co\/colombia\/servicios-de-informacion-al-ciudadano\/plan-de-accion-coordinado-de-la-fiscalia-general-de-la-nacion-y-la-policia\/\"]}]},{\"@type\":\"BreadcrumbList\",\"@id\":\"https:\/\/www.fiscalia.gov.co\/colombia\/servicios-de-informacion-al-ciudadano\/plan-de-accion-coordinado-de-la-fiscalia-general-de-la-nacion-y-la-policia\/#breadcrumb\",\"itemListElement\":[{\"@type\":\"ListItem\",\"position\":1,\"name\":\"Home\",\"item\":\"https:\/\/www.fiscalia.gov.co\/colombia\/\"},{\"@type\":\"ListItem\",\"position\":2,\"name\":\"Participaci\u00f3n ciudadana\",\"item\":\"https:\/\/www.fiscalia.gov.co\/colombia\/servicios-de-informacion-al-ciudadano\/\"},{\"@type\":\"ListItem\",\"position\":3,\"name\":\"Plan de Acci\u00f3n Coordinado de la Fiscal\u00eda General de la Naci\u00f3n y la Polic\u00eda\"}]},{\"@type\":\"WebSite\",\"@id\":\"https:\/\/www.fiscalia.gov.co\/colombia\/#website\",\"url\":\"https:\/\/www.fiscalia.gov.co\/colombia\/\",\"name\":\"Fiscal\u00eda General de la Naci\u00f3n\",\"description\":\"P\u00e1gina oficial de la Fiscal\u00eda General de la Naci\u00f3n \u2013 Colombia. Garantizamos el acceso efectivo a la justicia, la verdad y la reparaci\u00f3n de las v\u00edctimas de los delitos.\",\"publisher\":{\"@id\":\"https:\/\/www.fiscalia.gov.co\/colombia\/#organization\"},\"potentialAction\":[{\"@type\":\"SearchAction\",\"target\":{\"@type\":\"EntryPoint\",\"urlTemplate\":\"https:\/\/www.fiscalia.gov.co\/colombia\/?s={search_term_string}\"},\"query-input\":{\"@type\":\"PropertyValueSpecification\",\"valueRequired\":true,\"valueName\":\"search_term_string\"}}],\"inLanguage\":\"es-CO\"},{\"@type\":\"Organization\",\"@id\":\"https:\/\/www.fiscalia.gov.co\/colombia\/#organization\",\"name\":\"Fiscal\u00eda General de la Naci\u00f3n\",\"url\":\"https:\/\/www.fiscalia.gov.co\/colombia\/\",\"logo\":{\"@type\":\"ImageObject\",\"inLanguage\":\"es-CO\",\"@id\":\"https:\/\/www.fiscalia.gov.co\/colombia\/#\/schema\/logo\/image\/\",\"url\":\"https:\/\/www.fiscalia.gov.co\/colombia\/wp-content\/uploads\/LogoHorizontal_1.jpg\",\"contentUrl\":\"https:\/\/www.fiscalia.gov.co\/colombia\/wp-content\/uploads\/LogoHorizontal_1.jpg\",\"width\":300,\"height\":90,\"caption\":\"Fiscal\u00eda General de la Naci\u00f3n\"},\"image\":{\"@id\":\"https:\/\/www.fiscalia.gov.co\/colombia\/#\/schema\/logo\/image\/\"},\"sameAs\":[\"https:\/\/www.facebook.com\/FiscaliaCol\",\"https:\/\/x.com\/FiscaliaCol\",\"https:\/\/www.instagram.com\/fiscaliacol\",\"https:\/\/www.linkedin.com\/company\/fiscalia-general-de-la-naci-n\/\",\"https:\/\/youtube.com\/@fiscaliageneraldelanacion-4668?si=6nN79nyQICPU5iTh\"]}]}<\/script>\n<!-- \/ Yoast SEO plugin. -->","yoast_head_json":{"title":"Fiscal\u00eda General de la Naci\u00f3n","description":"P\u00e1gina oficial de la Fiscal\u00eda General de la Naci\u00f3n \u2013 Colombia. Garantizamos el acceso efectivo a la justicia, la verdad y la reparaci\u00f3n de las v\u00edctimas de los delitos.","robots":{"index":"index","follow":"follow","max-snippet":"max-snippet:-1","max-image-preview":"max-image-preview:large","max-video-preview":"max-video-preview:-1"},"canonical":"https:\/\/www.fiscalia.gov.co\/colombia\/servicios-de-informacion-al-ciudadano\/plan-de-accion-coordinado-de-la-fiscalia-general-de-la-nacion-y-la-policia\/","og_locale":"es_ES","og_type":"article","og_title":"Fiscal\u00eda General de la Naci\u00f3n","og_description":"P\u00e1gina oficial de la Fiscal\u00eda General de la Naci\u00f3n \u2013 Colombia. Garantizamos el acceso efectivo a la justicia, la verdad y la reparaci\u00f3n de las v\u00edctimas de los delitos.","og_url":"https:\/\/www.fiscalia.gov.co\/colombia\/servicios-de-informacion-al-ciudadano\/plan-de-accion-coordinado-de-la-fiscalia-general-de-la-nacion-y-la-policia\/","og_site_name":"Fiscal\u00eda General de la Naci\u00f3n","article_publisher":"https:\/\/www.facebook.com\/FiscaliaCol","article_modified_time":"2019-10-31T20:35:08+00:00","twitter_card":"summary_large_image","twitter_site":"@FiscaliaCol","twitter_misc":{"Tiempo de lectura":"5 minutos"},"schema":{"@context":"https:\/\/schema.org","@graph":[{"@type":"WebPage","@id":"https:\/\/www.fiscalia.gov.co\/colombia\/servicios-de-informacion-al-ciudadano\/plan-de-accion-coordinado-de-la-fiscalia-general-de-la-nacion-y-la-policia\/","url":"https:\/\/www.fiscalia.gov.co\/colombia\/servicios-de-informacion-al-ciudadano\/plan-de-accion-coordinado-de-la-fiscalia-general-de-la-nacion-y-la-policia\/","name":"Fiscal\u00eda General de la Naci\u00f3n","isPartOf":{"@id":"https:\/\/www.fiscalia.gov.co\/colombia\/#website"},"datePublished":"2018-09-13T22:20:57+00:00","dateModified":"2019-10-31T20:35:08+00:00","description":"P\u00e1gina oficial de la Fiscal\u00eda General de la Naci\u00f3n \u2013 Colombia. Garantizamos el acceso efectivo a la justicia, la verdad y la reparaci\u00f3n de las v\u00edctimas de los delitos.","breadcrumb":{"@id":"https:\/\/www.fiscalia.gov.co\/colombia\/servicios-de-informacion-al-ciudadano\/plan-de-accion-coordinado-de-la-fiscalia-general-de-la-nacion-y-la-policia\/#breadcrumb"},"inLanguage":"es-CO","potentialAction":[{"@type":"ReadAction","target":["https:\/\/www.fiscalia.gov.co\/colombia\/servicios-de-informacion-al-ciudadano\/plan-de-accion-coordinado-de-la-fiscalia-general-de-la-nacion-y-la-policia\/"]}]},{"@type":"BreadcrumbList","@id":"https:\/\/www.fiscalia.gov.co\/colombia\/servicios-de-informacion-al-ciudadano\/plan-de-accion-coordinado-de-la-fiscalia-general-de-la-nacion-y-la-policia\/#breadcrumb","itemListElement":[{"@type":"ListItem","position":1,"name":"Home","item":"https:\/\/www.fiscalia.gov.co\/colombia\/"},{"@type":"ListItem","position":2,"name":"Participaci\u00f3n ciudadana","item":"https:\/\/www.fiscalia.gov.co\/colombia\/servicios-de-informacion-al-ciudadano\/"},{"@type":"ListItem","position":3,"name":"Plan de Acci\u00f3n Coordinado de la Fiscal\u00eda General de la Naci\u00f3n y la Polic\u00eda"}]},{"@type":"WebSite","@id":"https:\/\/www.fiscalia.gov.co\/colombia\/#website","url":"https:\/\/www.fiscalia.gov.co\/colombia\/","name":"Fiscal\u00eda General de la Naci\u00f3n","description":"P\u00e1gina oficial de la Fiscal\u00eda General de la Naci\u00f3n \u2013 Colombia. Garantizamos el acceso efectivo a la justicia, la verdad y la reparaci\u00f3n de las v\u00edctimas de los delitos.","publisher":{"@id":"https:\/\/www.fiscalia.gov.co\/colombia\/#organization"},"potentialAction":[{"@type":"SearchAction","target":{"@type":"EntryPoint","urlTemplate":"https:\/\/www.fiscalia.gov.co\/colombia\/?s={search_term_string}"},"query-input":{"@type":"PropertyValueSpecification","valueRequired":true,"valueName":"search_term_string"}}],"inLanguage":"es-CO"},{"@type":"Organization","@id":"https:\/\/www.fiscalia.gov.co\/colombia\/#organization","name":"Fiscal\u00eda General de la Naci\u00f3n","url":"https:\/\/www.fiscalia.gov.co\/colombia\/","logo":{"@type":"ImageObject","inLanguage":"es-CO","@id":"https:\/\/www.fiscalia.gov.co\/colombia\/#\/schema\/logo\/image\/","url":"https:\/\/www.fiscalia.gov.co\/colombia\/wp-content\/uploads\/LogoHorizontal_1.jpg","contentUrl":"https:\/\/www.fiscalia.gov.co\/colombia\/wp-content\/uploads\/LogoHorizontal_1.jpg","width":300,"height":90,"caption":"Fiscal\u00eda General de la Naci\u00f3n"},"image":{"@id":"https:\/\/www.fiscalia.gov.co\/colombia\/#\/schema\/logo\/image\/"},"sameAs":["https:\/\/www.facebook.com\/FiscaliaCol","https:\/\/x.com\/FiscaliaCol","https:\/\/www.instagram.com\/fiscaliacol","https:\/\/www.linkedin.com\/company\/fiscalia-general-de-la-naci-n\/","https:\/\/youtube.com\/@fiscaliageneraldelanacion-4668?si=6nN79nyQICPU5iTh"]}]}},"ticketed":false,"_links":{"self":[{"href":"https:\/\/www.fiscalia.gov.co\/colombia\/wp-json\/wp\/v2\/pages\/168693","targetHints":{"allow":["GET"]}}],"collection":[{"href":"https:\/\/www.fiscalia.gov.co\/colombia\/wp-json\/wp\/v2\/pages"}],"about":[{"href":"https:\/\/www.fiscalia.gov.co\/colombia\/wp-json\/wp\/v2\/types\/page"}],"author":[{"embeddable":true,"href":"https:\/\/www.fiscalia.gov.co\/colombia\/wp-json\/wp\/v2\/users\/162"}],"replies":[{"embeddable":true,"href":"https:\/\/www.fiscalia.gov.co\/colombia\/wp-json\/wp\/v2\/comments?post=168693"}],"version-history":[{"count":8,"href":"https:\/\/www.fiscalia.gov.co\/colombia\/wp-json\/wp\/v2\/pages\/168693\/revisions"}],"predecessor-version":[{"id":168856,"href":"https:\/\/www.fiscalia.gov.co\/colombia\/wp-json\/wp\/v2\/pages\/168693\/revisions\/168856"}],"up":[{"embeddable":true,"href":"https:\/\/www.fiscalia.gov.co\/colombia\/wp-json\/wp\/v2\/pages\/8600"}],"wp:attachment":[{"href":"https:\/\/www.fiscalia.gov.co\/colombia\/wp-json\/wp\/v2\/media?parent=168693"}],"curies":[{"name":"wp","href":"https:\/\/api.w.org\/{rel}","templated":true}]}}