{"id":168230,"date":"2018-09-06T11:41:24","date_gmt":"2018-09-06T16:41:24","guid":{"rendered":"https:\/\/www.fiscalia.gov.co\/colombia\/?page_id=168230"},"modified":"2019-10-31T11:41:15","modified_gmt":"2019-10-31T16:41:15","slug":"fiscalia-para-todos-radio-2017","status":"publish","type":"page","link":"https:\/\/www.fiscalia.gov.co\/colombia\/publicaciones\/fiscalia-para-todos-radio\/fiscalia-para-todos-radio-2017\/","title":{"rendered":"Fiscal\u00eda para Todos Radio \u2013 2017"},"content":{"rendered":"<section class=\"wpb-content-wrapper\"><div id=\"tdi_1\" class=\"tdc-row\"><div class=\"vc_row tdi_2  wpb_row td-pb-row\" >\n<style scoped>\n\/* custom css - generated by TagDiv Composer *\/\n\n\/* custom css - generated by TagDiv Composer *\/\n.tdi_2,\r\n                .tdi_2 .tdc-columns{\r\n                    min-height: 0;\r\n                }.tdi_2,\r\n\t\t\t\t.tdi_2 .tdc-columns{\r\n\t\t\t\t    display: block;\r\n\t\t\t\t}.tdi_2 .tdc-columns{\r\n\t\t\t\t    width: 100%;\r\n\t\t\t\t}.tdi_2:before,\r\n\t\t\t\t.tdi_2:after{\r\n\t\t\t\t    display: table;\r\n\t\t\t\t}\n<\/style><div class=\"vc_column tdi_4  wpb_column vc_column_container tdc-column td-pb-span12\">\n<style scoped>\n\/* custom css - generated by TagDiv Composer *\/\n\n\/* custom css - generated by TagDiv Composer *\/\n.tdi_4{\r\n                    vertical-align: baseline;\r\n                }.tdi_4 > .wpb_wrapper,\r\n\t\t\t\t.tdi_4 > .wpb_wrapper > .tdc-elements{\r\n\t\t\t\t    display: block;\r\n\t\t\t\t}.tdi_4 > .wpb_wrapper > .tdc-elements{\r\n\t\t\t\t    width: 100%;\r\n\t\t\t\t}.tdi_4 > .wpb_wrapper > .vc_row_inner{\r\n\t\t\t\t    width: auto;\r\n\t\t\t\t}.tdi_4 > .wpb_wrapper{\r\n\t\t\t\t    width: auto;\r\n\t\t\t\t    height: auto;\r\n\t\t\t\t}\n<\/style><div class=\"wpb_wrapper\" >[vc_custom_heading source=&#8221;post_title&#8221; use_theme_fonts=&#8221;yes&#8221;][vc_column_text]<strong>Programa 41<\/strong><\/p>\r\n<div class=\"su-audio\" data-id=\"su_audio_player_69f2dab8dd41b\" data-audio=\"https:\/\/www.fiscalia.gov.co\/colombia\/wp-content\/uploads\/Pgm-Fiscalia-Para-Todos-Radio-26-Dic-2017_01.mp3\" data-swf=\"https:\/\/www.fiscalia.gov.co\/colombia\/wp-content\/plugins\/shortcodes-ultimate\/vendor\/jplayer\/jplayer.swf\" data-autoplay=\"no\" data-loop=\"no\" style=\"\"><div id=\"su_audio_player_69f2dab8dd41b\" class=\"jp-jplayer\"><\/div><div id=\"su_audio_player_69f2dab8dd41b_container\" class=\"jp-audio\"><div class=\"jp-type-single\"><div class=\"jp-gui jp-interface\"><div class=\"jp-controls\"><span class=\"jp-play\"><\/span><span class=\"jp-pause\"><\/span><span class=\"jp-stop\"><\/span><span class=\"jp-mute\"><\/span><span class=\"jp-unmute\"><\/span><span class=\"jp-volume-max\"><\/span><\/div><div class=\"jp-progress\"><div class=\"jp-seek-bar\"><div class=\"jp-play-bar\"><\/div><\/div><\/div><div class=\"jp-volume-bar\"><div class=\"jp-volume-bar-value\"><\/div><\/div><div class=\"jp-current-time\"><\/div><div class=\"jp-duration\"><\/div><\/div><div class=\"jp-title\"><\/div><\/div><\/div><\/div>\r\n<p><a href=\"https:\/\/www.fiscalia.gov.co\/colombia\/wp-content\/uploads\/Pgm-Fiscalia-Para-Todos-Radio-26-Dic-2017_01.mp3\">Descargar<\/a><\/p>\r\n<p><strong>Tema : <\/strong>\u00bfC\u00f3mo la ciudadan\u00eda puede contribuir en el cuidado de los recursos naturales y el medio ambiente?<strong><br \/>\r\n<\/strong><strong>Invitados:\u00a0<\/strong>Mar\u00eda Aminta Rinc\u00f3n, Fiscal de Medio Ambiente, Direcci\u00f3n Especializada contra las Violaciones a los Derechos Humanos.<br \/>\r\n<strong>Fecha:<\/strong>\u00a026 de diciembre de 2017<\/p>\r\n<p><strong>Programa 40<\/strong><\/p>\r\n<div class=\"su-audio\" data-id=\"su_audio_player_69f2dab8dd4dd\" data-audio=\"https:\/\/www.fiscalia.gov.co\/colombia\/wp-content\/uploads\/Pgm-Fiscalia-Para-Todos-19-Diciembre-2017_01.mp3\" data-swf=\"https:\/\/www.fiscalia.gov.co\/colombia\/wp-content\/plugins\/shortcodes-ultimate\/vendor\/jplayer\/jplayer.swf\" data-autoplay=\"no\" data-loop=\"no\" style=\"\"><div id=\"su_audio_player_69f2dab8dd4dd\" class=\"jp-jplayer\"><\/div><div id=\"su_audio_player_69f2dab8dd4dd_container\" class=\"jp-audio\"><div class=\"jp-type-single\"><div class=\"jp-gui jp-interface\"><div class=\"jp-controls\"><span class=\"jp-play\"><\/span><span class=\"jp-pause\"><\/span><span class=\"jp-stop\"><\/span><span class=\"jp-mute\"><\/span><span class=\"jp-unmute\"><\/span><span class=\"jp-volume-max\"><\/span><\/div><div class=\"jp-progress\"><div class=\"jp-seek-bar\"><div class=\"jp-play-bar\"><\/div><\/div><\/div><div class=\"jp-volume-bar\"><div class=\"jp-volume-bar-value\"><\/div><\/div><div class=\"jp-current-time\"><\/div><div class=\"jp-duration\"><\/div><\/div><div class=\"jp-title\"><\/div><\/div><\/div><\/div>\r\n<p><a href=\"https:\/\/www.fiscalia.gov.co\/colombia\/wp-content\/uploads\/Pgm-Fiscalia-Para-Todos-19-Diciembre-2017_01.mp3\">Descargar<\/a><\/p>\r\n<p><strong>Tema :\u00a0<\/strong>\u00bfC\u00f3mo denunciar a trav\u00e9s del Sistema Nacional de Denuncia Virtual \u2013 ADenunciar?<strong>Invitados:\u00a0<\/strong>Luis Enrique Aguirre Rico, Director de Planeaci\u00f3n y Desarrollo; Margarita Castro, Directora de Atenci\u00f3n al Usuario, Intervenci\u00f3n Temprana y Asignaciones; y la Mayor Alba Clodeth Camargo, Investigador Criminol\u00f3gico de la Polic\u00eda Nacional.<br \/>\r\n<strong>Fecha:<\/strong>\u00a019 de diciembre de 2017<\/p>\r\n<p><strong>Programa 39<\/strong><\/p>\r\n<div class=\"su-audio\" data-id=\"su_audio_player_69f2dab8dd57d\" data-audio=\"https:\/\/www.fiscalia.gov.co\/colombia\/wp-content\/uploads\/Pgm-Fiscalia-Para-Todos-12-Diciembre-2017_01-1.mp3\" data-swf=\"https:\/\/www.fiscalia.gov.co\/colombia\/wp-content\/plugins\/shortcodes-ultimate\/vendor\/jplayer\/jplayer.swf\" data-autoplay=\"no\" data-loop=\"no\" style=\"\"><div id=\"su_audio_player_69f2dab8dd57d\" class=\"jp-jplayer\"><\/div><div id=\"su_audio_player_69f2dab8dd57d_container\" class=\"jp-audio\"><div class=\"jp-type-single\"><div class=\"jp-gui jp-interface\"><div class=\"jp-controls\"><span class=\"jp-play\"><\/span><span class=\"jp-pause\"><\/span><span class=\"jp-stop\"><\/span><span class=\"jp-mute\"><\/span><span class=\"jp-unmute\"><\/span><span class=\"jp-volume-max\"><\/span><\/div><div class=\"jp-progress\"><div class=\"jp-seek-bar\"><div class=\"jp-play-bar\"><\/div><\/div><\/div><div class=\"jp-volume-bar\"><div class=\"jp-volume-bar-value\"><\/div><\/div><div class=\"jp-current-time\"><\/div><div class=\"jp-duration\"><\/div><\/div><div class=\"jp-title\"><\/div><\/div><\/div><\/div>\r\n<p><a href=\"https:\/\/www.fiscalia.gov.co\/colombia\/wp-content\/uploads\/Pgm-Fiscalia-Para-Todos-12-Diciembre-2017_01-1.mp3\">Descargar<\/a><\/p>\r\n<p><strong>Tema :\u00a0<\/strong>\u00bfQu\u00e9 es el Acoso Sexual y c\u00f3mo detectarlo?<br \/>\r\n<strong>Invitado:\u00a0<\/strong>Dra. Mar\u00eda Cecilia C\u00f3rdoba, Fiscal Destacada para Asuntos de G\u00e9nero, Delegada para la Seguridad Ciudadana<br \/>\r\n<strong>Fecha:<\/strong>\u00a012 de diciembre de 2017<\/p>\r\n<p><strong>Programa 38<\/strong><\/p>\r\n<div class=\"su-audio\" data-id=\"su_audio_player_69f2dab8dd60c\" data-audio=\"https:\/\/www.fiscalia.gov.co\/colombia\/wp-content\/uploads\/Pgm-Fiscalia-Para-Todos-5-Diciembre-2017_01.mp3\" data-swf=\"https:\/\/www.fiscalia.gov.co\/colombia\/wp-content\/plugins\/shortcodes-ultimate\/vendor\/jplayer\/jplayer.swf\" data-autoplay=\"no\" data-loop=\"no\" style=\"\"><div id=\"su_audio_player_69f2dab8dd60c\" class=\"jp-jplayer\"><\/div><div id=\"su_audio_player_69f2dab8dd60c_container\" class=\"jp-audio\"><div class=\"jp-type-single\"><div class=\"jp-gui jp-interface\"><div class=\"jp-controls\"><span class=\"jp-play\"><\/span><span class=\"jp-pause\"><\/span><span class=\"jp-stop\"><\/span><span class=\"jp-mute\"><\/span><span class=\"jp-unmute\"><\/span><span class=\"jp-volume-max\"><\/span><\/div><div class=\"jp-progress\"><div class=\"jp-seek-bar\"><div class=\"jp-play-bar\"><\/div><\/div><\/div><div class=\"jp-volume-bar\"><div class=\"jp-volume-bar-value\"><\/div><\/div><div class=\"jp-current-time\"><\/div><div class=\"jp-duration\"><\/div><\/div><div class=\"jp-title\"><\/div><\/div><\/div><\/div>\r\n<p><a href=\"https:\/\/www.fiscalia.gov.co\/colombia\/wp-content\/uploads\/Pgm-Fiscalia-Para-Todos-5-Diciembre-2017_01.mp3\">Descargar<\/a><\/p>\r\n<p><strong>Tema :\u00a0<\/strong>La lucha de la Fiscal\u00eda contra la corrupci\u00f3n en los Programas de Alimentaci\u00f3n Escolar (PAE)<br \/>\r\n<strong>Invitado: <\/strong>doctora Paola Fl\u00f3rez, Asesora Tem\u00e1tica de Administraci\u00f3n P\u00fablica, Delegada para la Seguridad Ciudadana<br \/>\r\n<strong>Fecha:<\/strong>\u00a05 de diciembre de 2017<\/p>\r\n<p><strong>Programa 37<\/strong><\/p>\r\n<div class=\"su-audio\" data-id=\"su_audio_player_69f2dab8dd699\" data-audio=\"http:\/\/www.fiscalia.gov.co\/colombia\/wp-content\/uploads\/Pgm-Fiscalia-Para-Todos-28-Noviembreb-2017-1.mp3\" data-swf=\"https:\/\/www.fiscalia.gov.co\/colombia\/wp-content\/plugins\/shortcodes-ultimate\/vendor\/jplayer\/jplayer.swf\" data-autoplay=\"no\" data-loop=\"no\" style=\"\"><div id=\"su_audio_player_69f2dab8dd699\" class=\"jp-jplayer\"><\/div><div id=\"su_audio_player_69f2dab8dd699_container\" class=\"jp-audio\"><div class=\"jp-type-single\"><div class=\"jp-gui jp-interface\"><div class=\"jp-controls\"><span class=\"jp-play\"><\/span><span class=\"jp-pause\"><\/span><span class=\"jp-stop\"><\/span><span class=\"jp-mute\"><\/span><span class=\"jp-unmute\"><\/span><span class=\"jp-volume-max\"><\/span><\/div><div class=\"jp-progress\"><div class=\"jp-seek-bar\"><div class=\"jp-play-bar\"><\/div><\/div><\/div><div class=\"jp-volume-bar\"><div class=\"jp-volume-bar-value\"><\/div><\/div><div class=\"jp-current-time\"><\/div><div class=\"jp-duration\"><\/div><\/div><div class=\"jp-title\"><\/div><\/div><\/div><\/div>\r\n<p><a href=\"http:\/\/www.fiscalia.gov.co\/colombia\/wp-content\/uploads\/Pgm-Fiscalia-Para-Todos-28-Noviembreb-2017-1.mp3\">Descargar<\/a><\/p>\r\n<p><strong>Tema :\u00a0<\/strong>\u00bfC\u00f3mo prevenir el hurto de veh\u00edculos y por qu\u00e9 comprar robado es un delito?<br \/>\r\n<strong>Invitado:\u00a0<\/strong>Dra. Carmen Torres Malaver, Directora Seccional de Bogot\u00e1<br \/>\r\n<strong>Fecha:<\/strong>\u00a028 de noviembre de 2017<\/p>\r\n<p><strong>Programa 36<\/strong><\/p>\r\n<div class=\"su-audio\" data-id=\"su_audio_player_69f2dab8dd725\" data-audio=\"http:\/\/www.fiscalia.gov.co\/colombia\/wp-content\/uploads\/Pgm-Fiscalia-Para-Todos-21-Noviembre-v2017_01.mp3\" data-swf=\"https:\/\/www.fiscalia.gov.co\/colombia\/wp-content\/plugins\/shortcodes-ultimate\/vendor\/jplayer\/jplayer.swf\" data-autoplay=\"no\" data-loop=\"no\" style=\"\"><div id=\"su_audio_player_69f2dab8dd725\" class=\"jp-jplayer\"><\/div><div id=\"su_audio_player_69f2dab8dd725_container\" class=\"jp-audio\"><div class=\"jp-type-single\"><div class=\"jp-gui jp-interface\"><div class=\"jp-controls\"><span class=\"jp-play\"><\/span><span class=\"jp-pause\"><\/span><span class=\"jp-stop\"><\/span><span class=\"jp-mute\"><\/span><span class=\"jp-unmute\"><\/span><span class=\"jp-volume-max\"><\/span><\/div><div class=\"jp-progress\"><div class=\"jp-seek-bar\"><div class=\"jp-play-bar\"><\/div><\/div><\/div><div class=\"jp-volume-bar\"><div class=\"jp-volume-bar-value\"><\/div><\/div><div class=\"jp-current-time\"><\/div><div class=\"jp-duration\"><\/div><\/div><div class=\"jp-title\"><\/div><\/div><\/div><\/div>\r\n<p><a href=\"http:\/\/www.fiscalia.gov.co\/colombia\/wp-content\/uploads\/Pgm-Fiscalia-Para-Todos-21-Noviembre-v2017_01.mp3\">Descargar<\/a><\/p>\r\n<p><strong>Tema :\u00a0<\/strong>\u00bfQu\u00e9 est\u00e1 haciendo la Fiscal\u00eda para combatir la violencia contra la mujer?<br \/>\r\n<strong>Invitado:\u00a0<\/strong>Doctora Claudia Piedad Gonz\u00e1lez, Fiscal Coordinadora Centro Penal Integral a V\u00edctimas \u2013 (Capiv), Direcci\u00f3n Seccional de Bogot\u00e1.<br \/>\r\n<strong>Fecha:<\/strong>\u00a021 de noviembre de 2017<\/p>\r\n<p><strong>Programa 35<\/strong><\/p>\r\n<div class=\"su-audio\" data-id=\"su_audio_player_69f2dab8dd7ac\" data-audio=\"http:\/\/www.fiscalia.gov.co\/colombia\/wp-content\/uploads\/Pgm-Fiscalia-Para-Todos-14-Noviembre-v2017_01.mp3\" data-swf=\"https:\/\/www.fiscalia.gov.co\/colombia\/wp-content\/plugins\/shortcodes-ultimate\/vendor\/jplayer\/jplayer.swf\" data-autoplay=\"no\" data-loop=\"no\" style=\"\"><div id=\"su_audio_player_69f2dab8dd7ac\" class=\"jp-jplayer\"><\/div><div id=\"su_audio_player_69f2dab8dd7ac_container\" class=\"jp-audio\"><div class=\"jp-type-single\"><div class=\"jp-gui jp-interface\"><div class=\"jp-controls\"><span class=\"jp-play\"><\/span><span class=\"jp-pause\"><\/span><span class=\"jp-stop\"><\/span><span class=\"jp-mute\"><\/span><span class=\"jp-unmute\"><\/span><span class=\"jp-volume-max\"><\/span><\/div><div class=\"jp-progress\"><div class=\"jp-seek-bar\"><div class=\"jp-play-bar\"><\/div><\/div><\/div><div class=\"jp-volume-bar\"><div class=\"jp-volume-bar-value\"><\/div><\/div><div class=\"jp-current-time\"><\/div><div class=\"jp-duration\"><\/div><\/div><div class=\"jp-title\"><\/div><\/div><\/div><\/div>\r\n<p><a href=\"http:\/\/www.fiscalia.gov.co\/colombia\/wp-content\/uploads\/Pgm-Fiscalia-Para-Todos-14-Noviembre-v2017_01.mp3\">Descargar<\/a><\/p>\r\n<p><strong>Tema :\u00a0<\/strong>\u00bfC\u00f3mo detectar una estafa y evitar ser una v\u00edctima?<br \/>\r\n<strong>Invitado:\u00a0<\/strong>Javier Garc\u00eda, Jefe Estructura de Apoyo (EDA) de Bogot\u00e1<br \/>\r\n<strong>Fecha:<\/strong>\u00a014 de noviembre de 2017<\/p>\r\n<p><strong>Programa 34<\/strong><\/p>\r\n<div class=\"su-audio\" data-id=\"su_audio_player_69f2dab8dd834\" data-audio=\"http:\/\/www.fiscalia.gov.co\/colombia\/wp-content\/uploads\/Pgm-Fiscalia-Para-Todos-7-Noviembre-v2017_01.mp3\" data-swf=\"https:\/\/www.fiscalia.gov.co\/colombia\/wp-content\/plugins\/shortcodes-ultimate\/vendor\/jplayer\/jplayer.swf\" data-autoplay=\"no\" data-loop=\"no\" style=\"\"><div id=\"su_audio_player_69f2dab8dd834\" class=\"jp-jplayer\"><\/div><div id=\"su_audio_player_69f2dab8dd834_container\" class=\"jp-audio\"><div class=\"jp-type-single\"><div class=\"jp-gui jp-interface\"><div class=\"jp-controls\"><span class=\"jp-play\"><\/span><span class=\"jp-pause\"><\/span><span class=\"jp-stop\"><\/span><span class=\"jp-mute\"><\/span><span class=\"jp-unmute\"><\/span><span class=\"jp-volume-max\"><\/span><\/div><div class=\"jp-progress\"><div class=\"jp-seek-bar\"><div class=\"jp-play-bar\"><\/div><\/div><\/div><div class=\"jp-volume-bar\"><div class=\"jp-volume-bar-value\"><\/div><\/div><div class=\"jp-current-time\"><\/div><div class=\"jp-duration\"><\/div><\/div><div class=\"jp-title\"><\/div><\/div><\/div><\/div>\r\n<p><a href=\"http:\/\/www.fiscalia.gov.co\/colombia\/wp-content\/uploads\/Pgm-Fiscalia-Para-Todos-7-Noviembre-v2017_01.mp3\">Descargar<\/a><\/p>\r\n<p><strong>Tema :<\/strong> \u00bfC\u00f3mo funciona el tr\u00e1mite del proceso de amnist\u00eda iure a las Farc?<br \/>\r\n<strong>Invitada:<\/strong>\u00a0Doctora Nancy Alem\u00e1n, Asesora del Despacho de la Vicefiscal General de la Naci\u00f3n<br \/>\r\n<strong>Fecha:<\/strong>\u00a07 de noviembre de 2017<\/p>\r\n<p><strong>Programa 33<\/strong><\/p>\r\n<div class=\"su-audio\" data-id=\"su_audio_player_69f2dab8dd8b8\" data-audio=\"http:\/\/www.fiscalia.gov.co\/colombia\/wp-content\/uploads\/Pgm-Fiscalia-Para-Todos-31-Octubre-2017_01.mp3\" data-swf=\"https:\/\/www.fiscalia.gov.co\/colombia\/wp-content\/plugins\/shortcodes-ultimate\/vendor\/jplayer\/jplayer.swf\" data-autoplay=\"no\" data-loop=\"no\" style=\"\"><div id=\"su_audio_player_69f2dab8dd8b8\" class=\"jp-jplayer\"><\/div><div id=\"su_audio_player_69f2dab8dd8b8_container\" class=\"jp-audio\"><div class=\"jp-type-single\"><div class=\"jp-gui jp-interface\"><div class=\"jp-controls\"><span class=\"jp-play\"><\/span><span class=\"jp-pause\"><\/span><span class=\"jp-stop\"><\/span><span class=\"jp-mute\"><\/span><span class=\"jp-unmute\"><\/span><span class=\"jp-volume-max\"><\/span><\/div><div class=\"jp-progress\"><div class=\"jp-seek-bar\"><div class=\"jp-play-bar\"><\/div><\/div><\/div><div class=\"jp-volume-bar\"><div class=\"jp-volume-bar-value\"><\/div><\/div><div class=\"jp-current-time\"><\/div><div class=\"jp-duration\"><\/div><\/div><div class=\"jp-title\"><\/div><\/div><\/div><\/div>\r\n<p><a href=\"http:\/\/www.fiscalia.gov.co\/colombia\/wp-content\/uploads\/Pgm-Fiscalia-Para-Todos-31-Octubre-2017_01.mp3\">Descargar<\/a><\/p>\r\n<p><strong>Tema:<\/strong> \u00bfC\u00f3mo acceder a los programas de protecci\u00f3n y asistencia de la Fiscal\u00eda?<br \/>\r\n<strong>Invitado:<\/strong> Jaime Enrique Pinillos Ram\u00edrez, Director de Protecci\u00f3n y Asistencia.<br \/>\r\n<strong>Fecha:<\/strong>\u00a031 de octubre de 2017<\/p>\r\n<p><strong>Programa 32<br \/>\r\n<\/strong><\/p>\r\n<div class=\"su-audio\" data-id=\"su_audio_player_69f2dab8dd93e\" data-audio=\"http:\/\/www.fiscalia.gov.co\/colombia\/wp-content\/uploads\/Pgm-Fiscalia-Para-Todos-24-de-Oct.-MP3-MP3-1.mp3\" data-swf=\"https:\/\/www.fiscalia.gov.co\/colombia\/wp-content\/plugins\/shortcodes-ultimate\/vendor\/jplayer\/jplayer.swf\" data-autoplay=\"no\" data-loop=\"no\" style=\"\"><div id=\"su_audio_player_69f2dab8dd93e\" class=\"jp-jplayer\"><\/div><div id=\"su_audio_player_69f2dab8dd93e_container\" class=\"jp-audio\"><div class=\"jp-type-single\"><div class=\"jp-gui jp-interface\"><div class=\"jp-controls\"><span class=\"jp-play\"><\/span><span class=\"jp-pause\"><\/span><span class=\"jp-stop\"><\/span><span class=\"jp-mute\"><\/span><span class=\"jp-unmute\"><\/span><span class=\"jp-volume-max\"><\/span><\/div><div class=\"jp-progress\"><div class=\"jp-seek-bar\"><div class=\"jp-play-bar\"><\/div><\/div><\/div><div class=\"jp-volume-bar\"><div class=\"jp-volume-bar-value\"><\/div><\/div><div class=\"jp-current-time\"><\/div><div class=\"jp-duration\"><\/div><\/div><div class=\"jp-title\"><\/div><\/div><\/div><\/div>\r\n<p><a href=\"http:\/\/www.fiscalia.gov.co\/colombia\/wp-content\/uploads\/Pgm-Fiscalia-Para-Todos-24-de-Oct.-MP3-MP3-1.mp3\">Descargar<\/a><\/p>\r\n<p><strong>Tema:<\/strong>Cu\u00e1l es la responsabilidad penal de los adolescentes que cometen delitos.<br \/>\r\n<strong>Invitada:\u00a0<\/strong>Andrea Buendia, Jefe de la Unidad de Responsabilidad Penal para Adolescentes \u2013 Bogot\u00e1 &#8211; Fiscal\u00eda General de la Naci\u00f3n.<br \/>\r\n<strong>Fecha:<\/strong> 24 de octubre de 2017<\/p>\r\n<p><strong>Programa 31<\/strong><\/p>\r\n\r\n<p><a href=\"http:\/\/www.fiscalia.gov.co\/colombia\/wp-content\/uploads\/Pgm-Fiscalia-Para-Todos-17-Octubre-2017_01_01.mp3\">Descargar<\/a><\/p>\r\n<p><strong>Tema:<\/strong>\u00a0C\u00f3mo la Fiscal\u00eda trabaja para mejorar el acceso a la justicia.<br \/>\r\n<strong>Invitada:<\/strong>\u00a0Mabel Carrero Villamil, Coordinadora de la Unidad de Atenci\u00f3n a V\u00edctimas del Delito de la Direcci\u00f3n de Atenci\u00f3n al Usuario, Intervenci\u00f3n Temprana y Asignaciones y Gabriel Enrique G\u00f3mez Montoya, Coordinador \u00a0en la implementaci\u00f3n y seguimiento del Sistema de Denuncia Virtual de la Direcci\u00f3n de Atenci\u00f3n al Usuario, Intervenci\u00f3n Temprana y Asignaciones.<br \/>\r\nFecha: 10 de octubre de 2017<\/p>\r\n<p><strong>Programa 30<\/strong><\/p>\r\n<p class=\"audioplayer_container\"><div class=\"su-audio\" data-id=\"su_audio_player_69f2dab8de472\" data-audio=\"http:\/\/www.fiscalia.gov.co\/colombia\/wp-content\/uploads\/Pgm-Fiscalia-Para-Todos-10-Octubre-2017.mp3\" data-swf=\"https:\/\/www.fiscalia.gov.co\/colombia\/wp-content\/plugins\/shortcodes-ultimate\/vendor\/jplayer\/jplayer.swf\" data-autoplay=\"no\" data-loop=\"no\" style=\"\"><div id=\"su_audio_player_69f2dab8de472\" class=\"jp-jplayer\"><\/div><div id=\"su_audio_player_69f2dab8de472_container\" class=\"jp-audio\"><div class=\"jp-type-single\"><div class=\"jp-gui jp-interface\"><div class=\"jp-controls\"><span class=\"jp-play\"><\/span><span class=\"jp-pause\"><\/span><span class=\"jp-stop\"><\/span><span class=\"jp-mute\"><\/span><span class=\"jp-unmute\"><\/span><span class=\"jp-volume-max\"><\/span><\/div><div class=\"jp-progress\"><div class=\"jp-seek-bar\"><div class=\"jp-play-bar\"><\/div><\/div><\/div><div class=\"jp-volume-bar\"><div class=\"jp-volume-bar-value\"><\/div><\/div><div class=\"jp-current-time\"><\/div><div class=\"jp-duration\"><\/div><\/div><div class=\"jp-title\"><\/div><\/div><\/div><\/div>\r\n<p class=\"audioplayer_container\"><a href=\"http:\/\/www.fiscalia.gov.co\/colombia\/wp-content\/uploads\/Pgm-Fiscalia-Para-Todos-10-Octubre-2017.mp3\">Descargar<\/a><\/p>\r\n<p><strong>Tema:<\/strong>\u00a0Prevenci\u00f3n, la mejor herramienta para evitar que los menores de edad sean v\u00edctimas de delitos a trav\u00e9s de las redes sociales.<br \/>\r\n<strong>Invitada:<\/strong>\u00a0Yalira Margot Perea Guzm\u00e1n, Coordinadora Programa de Prevenci\u00f3n Futuro Colombia Bogot\u00e1.<br \/>\r\nFecha: 10 de octubre de 2017<\/p>\r\n<p><strong>Programa 29<\/strong><\/p>\r\n<div class=\"su-audio\" data-id=\"su_audio_player_69f2dab8de513\" data-audio=\"http:\/\/www.fiscalia.gov.co\/colombia\/wp-content\/uploads\/Pgm-Fiscalia-Para-Todos-03-Octubre-2017_01.mp3\" data-swf=\"https:\/\/www.fiscalia.gov.co\/colombia\/wp-content\/plugins\/shortcodes-ultimate\/vendor\/jplayer\/jplayer.swf\" data-autoplay=\"no\" data-loop=\"no\" style=\"\"><div id=\"su_audio_player_69f2dab8de513\" class=\"jp-jplayer\"><\/div><div id=\"su_audio_player_69f2dab8de513_container\" class=\"jp-audio\"><div class=\"jp-type-single\"><div class=\"jp-gui jp-interface\"><div class=\"jp-controls\"><span class=\"jp-play\"><\/span><span class=\"jp-pause\"><\/span><span class=\"jp-stop\"><\/span><span class=\"jp-mute\"><\/span><span class=\"jp-unmute\"><\/span><span class=\"jp-volume-max\"><\/span><\/div><div class=\"jp-progress\"><div class=\"jp-seek-bar\"><div class=\"jp-play-bar\"><\/div><\/div><\/div><div class=\"jp-volume-bar\"><div class=\"jp-volume-bar-value\"><\/div><\/div><div class=\"jp-current-time\"><\/div><div class=\"jp-duration\"><\/div><\/div><div class=\"jp-title\"><\/div><\/div><\/div><\/div>\r\n<p class=\"audioplayer_container\"><a href=\"http:\/\/www.fiscalia.gov.co\/colombia\/wp-content\/uploads\/Pgm-Fiscalia-Para-Todos-03-Octubre-2017_01.mp3\">Descargar<\/a><\/p>\r\n<p><strong>Tema:<\/strong> \u00bfQu\u00e9 son las drogas sint\u00e9ticas y qu\u00e9 est\u00e1 haciendo la Fiscal\u00eda para disminuir su comercializaci\u00f3n?<br \/>\r\n<strong>Invitada:<\/strong>\u00a0Patricia Jim\u00e9nez, Coordinadora Grupo de Qu\u00edmica Forense, Secci\u00f3n de Criminal\u00edstica del CTI.<br \/>\r\nFecha: 3 de octubre de 2017<\/p>\r\n<p><strong>Programa 28<\/strong><\/p>\r\n\r\n<p><a title=\"Descargar programa\" href=\"http:\/\/www.fiscalia.gov.co\/colombia\/wp-content\/uploads\/Pgm-Fiscalia-Para-Todos-26-Septiembre19-2017_01.mp3\" target=\"_blank\" rel=\"noopener noreferrer\">Descargar<\/a><\/p>\r\n<p>Tema: \u00bfEn qu\u00e9 consiste el trabajo de Polic\u00eda Judicial de Fiscal\u00eda?<br \/>\r\nInvitado Ra\u00fal Hern\u00e1ndez, Jefe Departamento Investigaciones CTI y Juan Carlos Le\u00f3n, Jefe Departamento Criminal\u00edstica CTI<br \/>\r\nFecha: 26 de septiembre de 2017<\/p>\r\n<p><strong>Programa 27<\/strong><\/p>\r\n\r\n<p><a title=\"Descargar programa\" href=\"http:\/\/www.fiscalia.gov.co\/colombia\/wp-content\/uploads\/Pgm-Fiscalia-Para-Todos-19-Sept-MP3.mp3\" target=\"_blank\" rel=\"noopener noreferrer\">Descargar<\/a><\/p>\r\n<p>Tema:\u00a0\u00bfQu\u00e9 es la explotaci\u00f3n sexual y c\u00f3mo prevenirla?<br \/>\r\nInvitada:\u00a0Edna Elizabeth Espejo G\u00f3mez, Fiscal Destacada para Investigar y Judicializar la Violencia contra Ni\u00f1as, Ni\u00f1os y Adolescentes<br \/>\r\nFecha: 19 de septiembre de 2017<\/p>\r\n<p><strong>Programa 26<\/strong><\/p>\r\n\r\n<p><a title=\"Descargar programa\" href=\"http:\/\/www.fiscalia.gov.co\/colombia\/wp-content\/uploads\/Pgm-Fiscalia-Para-Todos-12-Septiembre-2017_01.mp3\" target=\"_blank\" rel=\"noopener noreferrer\">Descargar<\/a><\/p>\r\n<p>Tema: \u00bfQu\u00e9 es el acoso, d\u00f3nde denunciar y c\u00f3mo detectarlo?<br \/>\r\nInvitado:\u00a0Genaro S\u00e1nchez, Director de Control Disciplinario<br \/>\r\nFecha: 12 de septiembre de 2017<\/p>\r\n<p><strong>Programa 25<\/strong><\/p>\r\n\r\n<p><a title=\"Descargar programa\" href=\"http:\/\/www.fiscalia.gov.co\/colombia\/wp-content\/uploads\/Pgm-Fiscalia-Para-Todos-05-Septiembre-2017_01.mp3\" target=\"_blank\" rel=\"noopener noreferrer\">Descargar<\/a><\/p>\r\n<p>Tema: \u00bfQu\u00e9 es el acoso escolar y c\u00f3mo detectarlo?<br \/>\r\nInvitado: Jorge Alexander Vel\u00e1squez, Coordinador Nacional\u00a0 de Futuro Colombia<br \/>\r\nFecha: 5 de septiembre de 2017<\/p>\r\n<p><strong>Programa 24<\/strong><\/p>\r\n\r\n<p><a title=\"Descargar programa\" href=\"http:\/\/www.fiscalia.gov.co\/colombia\/wp-content\/uploads\/1-Pgm-Fiscalia-Para-Todos-29-Agosto-2017.mp3\" target=\"_blank\" rel=\"noopener noreferrer\">Descargar<\/a><\/p>\r\n<p>Tema:\u00a0\u00bfQu\u00e9 est\u00e1 haciendo la Fiscal\u00eda para combatir los delitos inform\u00e1ticos?<br \/>\r\nInvitados:\u00a0Sandra Marcela Laiseca, Coordinadora Grupo Inform\u00e1tica Forense y Jefferson Rolando Rojas Rodriguez, Investigador Grupo Inform\u00e1tica Forense<br \/>\r\nFecha: 29 de agosto de 2017<\/p>\r\n<p><strong>Programa 23<\/strong><\/p>\r\n\r\n<p><a title=\"Descargar programa\" href=\"http:\/\/www.fiscalia.gov.co\/colombia\/wp-content\/uploads\/Pgm-Fiscalia-Para-Todos-22-Agosto-2017_01.mp3\" target=\"_blank\" rel=\"noopener noreferrer\">Descargar<\/a><\/p>\r\n<p>Tema:\u00a0La extinci\u00f3n de dominio al servicio de la seguridad ciudadana<br \/>\r\nInvitada: Andrea Malag\u00f3n, Directora Especializada de Extinci\u00f3n del Derecho de Dominio<br \/>\r\nFecha: 22 de agosto de 2017<\/p>\r\n<p><strong>Programa 22<\/strong><\/p>\r\n\r\n<p><a title=\"Descargar programa\" href=\"http:\/\/www.fiscalia.gov.co\/colombia\/wp-content\/uploads\/Pgm-Fiscalia-Para-Todos-15-Agosto-2017_01.mp3\" target=\"_blank\" rel=\"noopener noreferrer\">Descargar<\/a><\/p>\r\n<p>Tema: \u00bfPor qu\u00e9 los menores de edad est\u00e1n desapareciendo en Colombia?<br \/>\r\nInvitados: Carlos Eduardo Vald\u00e9s, Director Instituto Nacional de Medicina Legal y Ciencias Forenses, Pedro Jimmy Cort\u00e9s Manrique, Investigador Experto contra la desaparici\u00f3n forzada<br \/>\r\nFecha: 15 de agosto de 2017<\/p>\r\n<p><strong>Programa 21<\/strong><\/p>\r\n\r\n<p><a title=\"Descargar programa\" href=\"http:\/\/www.fiscalia.gov.co\/colombia\/wp-content\/uploads\/Pgm-Fiscalia-Para-Todos-8-Agostoo-2017_01.mp3\" target=\"_blank\" rel=\"noopener noreferrer\">Descargar<\/a><\/p>\r\n<p>Tema:\u00a0<span style=\"font-size: 11.0pt; font-family: 'Calibri',sans-serif; mso-fareast-font-family: Calibri; mso-fareast-theme-font: minor-latin; mso-bidi-font-family: 'Times New Roman'; mso-ansi-language: ES-CO; mso-fareast-language: EN-US; mso-bidi-language: AR-SA;\">\u00bfQu\u00e9 est\u00e1 haciendo la Fiscal\u00eda del posconflicto para combatir el crimen organizado?<\/span><br \/>\r\nInvitados:\u00a0<span style=\"font-size: 11.0pt; font-family: 'Calibri',sans-serif; mso-fareast-font-family: Calibri; mso-fareast-theme-font: minor-latin; mso-bidi-font-family: 'Times New Roman'; mso-ansi-language: ES-CO; mso-fareast-language: EN-US; mso-bidi-language: AR-SA;\">Claudia Carrasquilla, Directora Especializada contra las Organizaciones Criminales<\/span><br \/>\r\nFecha: 8 de agosto de 2017<\/p>\r\n<p><strong>Programa 20<\/strong><\/p>\r\n\r\n<p><a title=\"Descargar programa\" href=\"http:\/\/www.fiscalia.gov.co\/colombia\/wp-content\/uploads\/Pgm-Fiscalia-Para-Todos-01-Agosto-2017-.mp3\" target=\"_blank\" rel=\"noopener noreferrer\">Descargar<\/a><\/p>\r\n<p>Tema: La Fiscal\u00eda fortalece su presencia en el territorio nacional<br \/>\r\nInvitados: Luis Enrique Aguirre, Director de Planeaci\u00f3n y Desarrollo<br \/>\r\nFecha: 1 de agosto de 2017<\/p>\r\n<p><strong>Programa 19<\/strong><\/p>\r\n\r\n<p><a title=\"Descargar programa\" href=\"http:\/\/www.fiscalia.gov.co\/colombia\/wp-content\/uploads\/Pgm-Fiscalia-Para-Todos-25-Julio-2017_01.mp3\" target=\"_blank\" rel=\"noopener noreferrer\">Descargar<\/a><\/p>\r\n<p>Tema: C\u00f3mo funcionar\u00e1 el Sistema Nacional de Denuncia Virtual \u00a1ADenunciar!<br \/>\r\nInvitados: Margarita Castro, Directora de Atenci\u00f3n al Usuario, Intervenci\u00f3n Temprana y Asignaciones, Fiscal\u00eda General de la Naci\u00f3n y Capit\u00e1n Dayana Torres, Polic\u00eda Nacional de Colombia<br \/>\r\nFecha: 25 de julio de 2017<\/p>\r\n<p><strong>Programa 18<\/strong><\/p>\r\n\r\n<p><a title=\"Descargar programa\" href=\"http:\/\/www.fiscalia.gov.co\/colombia\/wp-content\/uploads\/Pgm-Fiscalia-Para-Todos-18-Julio-MP3.mp3\" target=\"_blank\" rel=\"noopener noreferrer\">Descargar<\/a><\/p>\r\n<p>Tema: La investigaci\u00f3n de la violencia sexual contra v\u00edctimas menores de edad<br \/>\r\nInvitados:\u00a0Claudia Piedad Gonz\u00e1lez, Fiscal Coordinadora Centro Penal Integral a V\u00edctimas \u2013 (CAPIV)<br \/>\r\nFecha: 18 de julio de 2017<\/p>\r\n<p><strong>Programa 17<\/strong><\/p>\r\n\r\n<p><a title=\"Descargar programa\" href=\"http:\/\/www.fiscalia.gov.co\/colombia\/wp-content\/uploads\/Pgm-Fiscalia-Para-todos-11-JulioMP3.mp3\" target=\"_blank\" rel=\"noopener noreferrer\">Descargar<\/a><\/p>\r\n<p>Tema:\u00a0\u00bfC\u00f3mo funcionar\u00e1 el \u00a0Procedimiento Penal Abreviado y el Acusador Privado?<br \/>\r\nInvitados: Cristina Arbel\u00e1ez y Marcelo Buend\u00eda, Asesores de la Direcci\u00f3n de Pol\u00edticas y Estrategia<br \/>\r\nFecha: 11 de julio de 2017<\/p>\r\n<p><strong><br \/>\r\nPrograma 16<\/strong><\/p>\r\n\r\n<p><a title=\"Descargar programa\" href=\"http:\/\/www.fiscalia.gov.co\/colombia\/wp-content\/uploads\/Pgm-Fiscalia-Para-Todos-04-Julio-2017.-MP3.mp3\" target=\"_blank\" rel=\"noopener noreferrer\">Descargar<\/a><\/p>\r\n<p>Tema: Especial 25 a\u00f1os Fiscal\u00eda General de la Naci\u00f3n<br \/>\r\nFecha: 5 de julio de 2017<\/p>\r\n<p><strong><br \/>\r\nPrograma 15<\/strong><\/p>\r\n\r\n<p><a title=\"Descargar programa\" href=\"http:\/\/www.fiscalia.gov.co\/colombia\/wp-content\/uploads\/MP3-Fiscalia-Para-Todos-Radio-27-de-junio.mp3\" target=\"_blank\" rel=\"noopener noreferrer\">Descargar<\/a><\/p>\r\n<p>Tema: \u00bfQu\u00e9 est\u00e1 haciendo la Fiscal\u00eda para combatir la falsificaci\u00f3n de medicamentos?<br \/>\r\nInvitada:\u00a0M\u00f3nica D\u00edaz, Asesora de la Direcci\u00f3n de Fiscal\u00eda Nacionales<br \/>\r\nFecha: 27 de junio de 2017<\/p>\r\n<p><strong>Programa 14<\/strong><\/p>\r\n\r\n<p><a href=\"http:\/\/www.fiscalia.gov.co\/colombia\/wp-content\/uploads\/Pgm-Fiscalia-Para-todos-20-Junio-2017-44100-1.mp3\" target=\"_blank\" rel=\"noopener noreferrer\">Descargar<\/a><\/p>\r\n<p>Tema: Conozca los detalles del sistema Penal Abreviado<br \/>\r\nInvitado: Dario Garz\u00f3n Garz\u00f3n, Director Nacional del Sistema Penal Acusatorio y de la Articulaci\u00f3n Interinstitucional en Materia Penal<br \/>\r\nFecha: 20 de junio de 2017<\/p>\r\n<p><strong>Programa 13<\/strong><\/p>\r\n\r\n<p><a href=\"http:\/\/www.fiscalia.gov.co\/colombia\/wp-content\/uploads\/ESTE-ES-Pgm-Fiscalia-Para-todos-13-Junio-2017.mp3\" target=\"_blank\" rel=\"noopener noreferrer\">Descargar<\/a><\/p>\r\n<p>Tema: Qu\u00e9 est\u00e1 haciendo la Fiscal\u00eda para prevenir el hurto de celulares<br \/>\r\nInvitada: Paola Andrea Contreras, Fiscal Grupo Hurto a Celulares &#8211; Direcci\u00f3n Nacional de Seccionales y Seguridad Ciudadana<br \/>\r\nFecha: 13 de junio de 2017<\/p>\r\n<p><strong>Programa 12<\/strong><\/p>\r\n\r\n<p><a href=\"http:\/\/www.fiscalia.gov.co\/colombia\/wp-content\/uploads\/ESTE-ES-Pgm-Fiscalia-Para-todos-6-Junio-2017.mp3\" target=\"_blank\" rel=\"noopener noreferrer\">Descargar<\/a><\/p>\r\n<p>Tema: Antecedentes, anotaciones y los servicios de atenci\u00f3n al usuario de la Fiscal\u00eda<br \/>\r\nInvitado: Adriana Ram\u00edrez, Coordinadora de la Unidad de Atenci\u00f3n al Usuario en Bogot\u00e1<br \/>\r\nFecha: 6 de junio de 2017<\/p>\r\n<p><strong>Programa 11<\/strong><\/p>\r\n\r\n<p><a href=\"http:\/\/www.fiscalia.gov.co\/colombia\/wp-content\/uploads\/programa-radio-30-05-2017.mp3\" target=\"_blank\" rel=\"noopener noreferrer\">Descargar<\/a><\/p>\r\n<p>Tema: La Fiscal\u00eda avanza en estrategia contra la miner\u00eda criminal<br \/>\r\nInvitado: Ra\u00fal Gerardo Mar\u00edn Fiscal Coordinador Grupo de Miner\u00eda Criminal<br \/>\r\nFecha: 30 de mayo de 2017<\/p>\r\n<p><strong>Programa 10<\/strong><\/p>\r\n\r\n<p><a href=\"http:\/\/www.fiscalia.gov.co\/colombia\/wp-content\/uploads\/Pgm-Fiscalia-Para-Todos-23-Mayo-2017-1.mp3\" target=\"_blank\" rel=\"noopener noreferrer\">Descargar<\/a><\/p>\r\n<p>Tema: Fiscal\u00eda contin\u00faa la lucha contra la trata de personas<br \/>\r\nInvitados: \u00c1ngel Castro y Jorge Enrique Medina, asesores de la Direcci\u00f3n Nacional de Articulaci\u00f3n de Fiscal\u00edas especializadas Grupo Lucha contra Trata de Personas<br \/>\r\nFecha: 23 de mayo de 2017<\/p>\r\n<p><strong>Programa 9<\/strong><\/p>\r\n\r\n<p><a href=\"http:\/\/www.fiscalia.gov.co\/colombia\/wp-content\/uploads\/9.-Pgm-Fiscalia-Para-Todos-16-Mayo-2017-EDITADO.mp3\" target=\"_blank\" rel=\"noopener noreferrer\">Descargar<\/a><\/p>\r\n<p>Tema: La injuria y la calumnia en la justicia penal colombiana<br \/>\r\nInvitado: Germ\u00e1n Ram\u00edrez Mu\u00f1oz, Jefe de la Unidad de Fiscal\u00eda Delegadas ante los Jueces Municipales<br \/>\r\nFecha: 16 de mayo de 2017<\/p>\r\n<p><strong>Programa 8<\/strong><\/p>\r\n\r\n<p><a href=\"http:\/\/www.fiscalia.gov.co\/colombia\/wp-content\/uploads\/8.-Pgm-Fiscalia-Para-Todos-9-Mayo-2017.mp3\" target=\"_blank\" rel=\"noopener noreferrer\">Descargar<\/a><\/p>\r\n<p>Tema: \u00bfQu\u00e9 es el feminicidio y c\u00f3mo detectar los riesgos?<br \/>\r\nInvitado: Mar\u00eda Cecilia C\u00f3rdoba, Fiscal Destacada para Asuntos de G\u00e9nero, de la Direcci\u00f3n Nacional de Seccionales y Seguridad<br \/>\r\nFecha: 9 de mayo de 2017<\/p>\r\n<p><strong>Programa 7<\/strong><\/p>\r\n\r\n<p><a href=\"http:\/\/www.fiscalia.gov.co\/colombia\/wp-content\/uploads\/7.-Pgm-Fiscalia-Para-Todos-2-Mayo-2017.mp3\" target=\"_blank\" rel=\"noopener noreferrer\">Descargar<\/a><\/p>\r\n<p>Tema: \u00bfQu\u00e9 es la corrupci\u00f3n y c\u00f3mo combatirla?<br \/>\r\nInvitado: Luis Gustavo Moreno, Director de Fiscal\u00eda Nacional Especializada contra la Corrupci\u00f3n y Juan Sebasti\u00e1n Villamil, Asesor<br \/>\r\nFecha: 2 de mayo de 2017<\/p>\r\n<p><strong>Programa 6<\/strong><\/p>\r\n\r\n<p><a href=\"http:\/\/www.fiscalia.gov.co\/colombia\/wp-content\/uploads\/6.-Pgm-Fiscalia-Para-Todos-25-Abril-2017.mp3\" target=\"_blank\" rel=\"noopener noreferrer\">Descargar<\/a><\/p>\r\n<p>Tema: Compartir y distribuir material de abuso sexual infantil es un delito \u2013 No a la pornograf\u00eda infantil<br \/>\r\nInvitado: Mario G\u00f3mez, Asesor del Despacho del Fiscal General de la Naci\u00f3n<br \/>\r\nFecha: 25 de abril de 2017<\/p>\r\n<p><strong>Programa 5<\/strong><\/p>\r\n\r\n<p><a href=\"http:\/\/www.fiscalia.gov.co\/colombia\/wp-content\/uploads\/Pgm-Fiscalia-Para-Todos-18-Abril-2017-1-EDITADO.mp3\" target=\"_blank\" rel=\"noopener noreferrer\">Descargar<\/a><\/p>\r\n<p>Tema: Disminuir la deforestaci\u00f3n un compromiso de todos<br \/>\r\nInvitado: Jorge Iv\u00e1n Hurtado Mora, Fiscal Asesor del Eje Tem\u00e1tico Protecci\u00f3n de los Recursos Naturales y Medio Ambiente, y Santiago Andrade Asesor del Eje Tem\u00e1tico Protecci\u00f3n de los Recursos Naturales y Medio Ambiente<br \/>\r\nFecha: 18 de abril de 2017<br \/>\r\nResumen del programa<\/p>\r\n<p><strong>Programa 4<\/strong><\/p>\r\n<audio class=\"wp-audio-shortcode\" id=\"audio-168230-26\" preload=\"none\" style=\"width: 100%;\" controls=\"controls\"><source type=\"audio\/mpeg\" src=\"http:\/\/www.fiscalia.gov.co\/colombia\/wp-content\/uploads\/Pgm-Fiscalia-Para-Todos-11-Abril-2017.mp3?_=26\" \/><a href=\"http:\/\/www.fiscalia.gov.co\/colombia\/wp-content\/uploads\/Pgm-Fiscalia-Para-Todos-11-Abril-2017.mp3\">http:\/\/www.fiscalia.gov.co\/colombia\/wp-content\/uploads\/Pgm-Fiscalia-Para-Todos-11-Abril-2017.mp3<\/a><\/audio>\r\n<p><a title=\"Descargar audio \" href=\"http:\/\/www.fiscalia.gov.co\/colombia\/wp-content\/uploads\/Pgm-Fiscalia-Para-Todos-11-Abril-2017.mp3\" target=\"_blank\" rel=\"noopener noreferrer\">Descargar<\/a><\/p>\r\n<p>Tema:\u00a0La estafa, uno de los delitos de seguridad ciudadana m\u00e1s denunciados en Colombia<br \/>\r\nInvitado:\u00a0Ricardo Romero, Fiscal del Grupo Especializado Gespol, de la Direcci\u00f3n Nacional de Seccionales y Seguridad Ciudadana<br \/>\r\nFecha: 11 de abril de 2017<br \/>\r\n<a title=\"Ir\" href=\"http:\/\/www.fiscalia.gov.co\/colombia\/noticias\/lo-ultimo-en-fiscalia-para-todos-radio\/\" target=\"_blank\" rel=\"noopener noreferrer\">Resumen del programa<\/a><\/p>\r\n<p><strong>Programa 3<\/strong><\/p>\r\n<audio class=\"wp-audio-shortcode\" id=\"audio-168230-27\" preload=\"none\" style=\"width: 100%;\" controls=\"controls\"><source type=\"audio\/mpeg\" src=\"http:\/\/www.fiscalia.gov.co\/colombia\/wp-content\/uploads\/3.-Pgm-Fiscalia-Para-Todos-4-Abril-20171.mp3?_=27\" \/><a href=\"http:\/\/www.fiscalia.gov.co\/colombia\/wp-content\/uploads\/3.-Pgm-Fiscalia-Para-Todos-4-Abril-20171.mp3\">http:\/\/www.fiscalia.gov.co\/colombia\/wp-content\/uploads\/3.-Pgm-Fiscalia-Para-Todos-4-Abril-20171.mp3<\/a><\/audio>\r\n<p><a title=\"Descargar audio \" href=\"http:\/\/www.fiscalia.gov.co\/colombia\/wp-content\/uploads\/3.-Pgm-Fiscalia-Para-Todos-4-Abril-20171.mp3\" target=\"_blank\" rel=\"noopener noreferrer\">Descargar<\/a><\/p>\r\n<p>Tema: \u00bfQu\u00e9 est\u00e1 haciendo la Fiscal\u00eda para combatir la violencia intrafamiliar?<br \/>\r\nInvitado:\u00a0Claudia Piedad Gonz\u00e1lez, Fiscal Coordinadora Centro Penal Integral a V\u00edctimas (CAPIV)<br \/>\r\nFecha: 4 de abril de 2017<br \/>\r\n<a href=\"http:\/\/www.fiscalia.gov.co\/colombia\/noticias\/lo-ultimo-en-fiscalia-para-todos-radio\/\">Resumen del programa<\/a><\/p>\r\n<p><strong>Programa 2<\/strong><\/p>\r\n<audio class=\"wp-audio-shortcode\" id=\"audio-168230-28\" preload=\"none\" style=\"width: 100%;\" controls=\"controls\"><source type=\"audio\/mpeg\" src=\"http:\/\/www.fiscalia.gov.co\/colombia\/wp-content\/uploads\/2.-Pgm-Fiscalia-Para-Todos-28-Marzo-2017-1.mp3?_=28\" \/><a href=\"http:\/\/www.fiscalia.gov.co\/colombia\/wp-content\/uploads\/2.-Pgm-Fiscalia-Para-Todos-28-Marzo-2017-1.mp3\">http:\/\/www.fiscalia.gov.co\/colombia\/wp-content\/uploads\/2.-Pgm-Fiscalia-Para-Todos-28-Marzo-2017-1.mp3<\/a><\/audio>\r\n<p><a title=\"Descargar audio \" href=\"http:\/\/www.fiscalia.gov.co\/colombia\/wp-content\/uploads\/2.-Pgm-Fiscalia-Para-Todos-28-Marzo-2017-1.mp3\" target=\"_blank\" rel=\"noopener noreferrer\">Descargar<\/a><\/p>\r\n<p>Tema: El microtr\u00e1fico una amenaza en las zonas escolares<br \/>\r\nInvitado: Gloria Bernal, Coordinadora del Programa de Prevenci\u00f3n del Delito Futuro Colombia<br \/>\r\nFecha: 28 de marzo de 2017<br \/>\r\n<a href=\"http:\/\/www.fiscalia.gov.co\/colombia\/noticias\/lo-ultimo-en-fiscalia-para-todos-radio\/\">Resumen del programa<\/a><\/p>\r\n<p><strong>Programa 1\u00a0<\/strong><\/p>\r\n<audio class=\"wp-audio-shortcode\" id=\"audio-168230-29\" preload=\"none\" style=\"width: 100%;\" controls=\"controls\"><source type=\"audio\/mpeg\" src=\"http:\/\/www.fiscalia.gov.co\/colombia\/wp-content\/uploads\/PgmFiscalia-ParaTodos21-Marzo2017.mp3?_=29\" \/><a href=\"http:\/\/www.fiscalia.gov.co\/colombia\/wp-content\/uploads\/PgmFiscalia-ParaTodos21-Marzo2017.mp3\">http:\/\/www.fiscalia.gov.co\/colombia\/wp-content\/uploads\/PgmFiscalia-ParaTodos21-Marzo2017.mp3<\/a><\/audio>\r\n<p><a title=\"Descargar audio \" href=\"http:\/\/www.fiscalia.gov.co\/colombia\/wp-content\/uploads\/PgmFiscalia-ParaTodos21-Marzo2017.mp3\" target=\"_blank\" rel=\"noopener noreferrer\">Descargar<\/a><\/p>\r\n<p>Tema: Especial extorsi\u00f3n &#8211; un delito que afecta el bolsillo y la paz del ciudadano<br \/>\r\nInvitado: Iv\u00e1n Zorro Pinz\u00f3n, Fiscal Coordinador Nacional Gaula, Direcci\u00f3n Nacional de Seccionales y Seguridad Ciudadana<br \/>\r\nFecha: 21 de marzo de 2017<br \/>\r\n<a href=\"http:\/\/www.fiscalia.gov.co\/colombia\/noticias\/extorsion-un-delito-que-afecta-el-bolsillo-y-la-paz-del-ciudadano\/\">Resumen del programa<\/a>[\/vc_column_text]<\/div><\/div><\/div><\/div>\r\n<\/section>\n<div class=\"twitter-share\"><a href=\"https:\/\/twitter.com\/intent\/tweet?via=fiscaliacol\" class=\"twitter-share-button\">Tweet<\/a><\/div>\n","protected":false},"excerpt":{"rendered":"[vc_custom_heading source=\"post_title\" use_theme_fonts=\"yes\"][vc_column_text]Programa 41 Descargar Tema : \u00bfC\u00f3mo la ciudadan\u00eda puede contribuir en el cuidado de los recursos naturales y el medio ambiente? Invitados:\u00a0Mar\u00eda Aminta Rinc\u00f3n, Fiscal de Medio Ambiente, Direcci\u00f3n Especializada contra las Violaciones a los Derechos Humanos. Fecha:\u00a026 de diciembre de 2017 Programa 40 Descargar Tema :\u00a0\u00bfC\u00f3mo denunciar a trav\u00e9s del Sistema Nacional [...]","protected":false},"author":143,"featured_media":0,"parent":45897,"menu_order":0,"comment_status":"closed","ping_status":"closed","template":"","meta":{"tdm_status":"","tdm_grid_status":"","footnotes":""},"class_list":["post-168230","page","type-page","status-publish"],"yoast_head":"<!-- This site is optimized with the Yoast SEO plugin v24.3 - https:\/\/yoast.com\/wordpress\/plugins\/seo\/ -->\n<title>Fiscal\u00eda General de la Naci\u00f3n<\/title>\n<meta name=\"description\" content=\"P\u00e1gina oficial de la Fiscal\u00eda General de la Naci\u00f3n \u2013 Colombia. Garantizamos el acceso efectivo a la justicia, la verdad y la reparaci\u00f3n de las v\u00edctimas de los delitos.\" \/>\n<meta name=\"robots\" content=\"index, follow, max-snippet:-1, max-image-preview:large, max-video-preview:-1\" \/>\n<link rel=\"canonical\" href=\"https:\/\/www.fiscalia.gov.co\/colombia\/publicaciones\/fiscalia-para-todos-radio\/fiscalia-para-todos-radio-2017\/\" \/>\n<meta property=\"og:locale\" content=\"es_ES\" \/>\n<meta property=\"og:type\" content=\"article\" \/>\n<meta property=\"og:title\" content=\"Fiscal\u00eda General de la Naci\u00f3n\" \/>\n<meta property=\"og:description\" content=\"P\u00e1gina oficial de la Fiscal\u00eda General de la Naci\u00f3n \u2013 Colombia. Garantizamos el acceso efectivo a la justicia, la verdad y la reparaci\u00f3n de las v\u00edctimas de los delitos.\" \/>\n<meta property=\"og:url\" content=\"https:\/\/www.fiscalia.gov.co\/colombia\/publicaciones\/fiscalia-para-todos-radio\/fiscalia-para-todos-radio-2017\/\" \/>\n<meta property=\"og:site_name\" content=\"Fiscal\u00eda General de la Naci\u00f3n\" \/>\n<meta property=\"article:publisher\" content=\"https:\/\/www.facebook.com\/FiscaliaCol\" \/>\n<meta property=\"article:modified_time\" content=\"2019-10-31T16:41:15+00:00\" \/>\n<meta name=\"twitter:card\" content=\"summary_large_image\" \/>\n<meta name=\"twitter:site\" content=\"@FiscaliaCol\" \/>\n<meta name=\"twitter:label1\" content=\"Tiempo de lectura\" \/>\n\t<meta name=\"twitter:data1\" content=\"11 minutos\" \/>\n<script type=\"application\/ld+json\" class=\"yoast-schema-graph\">{\"@context\":\"https:\/\/schema.org\",\"@graph\":[{\"@type\":\"WebPage\",\"@id\":\"https:\/\/www.fiscalia.gov.co\/colombia\/publicaciones\/fiscalia-para-todos-radio\/fiscalia-para-todos-radio-2017\/\",\"url\":\"https:\/\/www.fiscalia.gov.co\/colombia\/publicaciones\/fiscalia-para-todos-radio\/fiscalia-para-todos-radio-2017\/\",\"name\":\"Fiscal\u00eda General de la Naci\u00f3n\",\"isPartOf\":{\"@id\":\"https:\/\/www.fiscalia.gov.co\/colombia\/#website\"},\"datePublished\":\"2018-09-06T16:41:24+00:00\",\"dateModified\":\"2019-10-31T16:41:15+00:00\",\"description\":\"P\u00e1gina oficial de la Fiscal\u00eda General de la Naci\u00f3n \u2013 Colombia. Garantizamos el acceso efectivo a la justicia, la verdad y la reparaci\u00f3n de las v\u00edctimas de los delitos.\",\"breadcrumb\":{\"@id\":\"https:\/\/www.fiscalia.gov.co\/colombia\/publicaciones\/fiscalia-para-todos-radio\/fiscalia-para-todos-radio-2017\/#breadcrumb\"},\"inLanguage\":\"es-CO\",\"potentialAction\":[{\"@type\":\"ReadAction\",\"target\":[\"https:\/\/www.fiscalia.gov.co\/colombia\/publicaciones\/fiscalia-para-todos-radio\/fiscalia-para-todos-radio-2017\/\"]}]},{\"@type\":\"BreadcrumbList\",\"@id\":\"https:\/\/www.fiscalia.gov.co\/colombia\/publicaciones\/fiscalia-para-todos-radio\/fiscalia-para-todos-radio-2017\/#breadcrumb\",\"itemListElement\":[{\"@type\":\"ListItem\",\"position\":1,\"name\":\"Home\",\"item\":\"https:\/\/www.fiscalia.gov.co\/colombia\/\"},{\"@type\":\"ListItem\",\"position\":2,\"name\":\"Publicaciones\",\"item\":\"https:\/\/www.fiscalia.gov.co\/colombia\/publicaciones\/\"},{\"@type\":\"ListItem\",\"position\":3,\"name\":\"Fiscal\u00eda para Todos Radio\",\"item\":\"https:\/\/www.fiscalia.gov.co\/colombia\/publicaciones\/fiscalia-para-todos-radio\/\"},{\"@type\":\"ListItem\",\"position\":4,\"name\":\"Fiscal\u00eda para Todos Radio \u2013 2017\"}]},{\"@type\":\"WebSite\",\"@id\":\"https:\/\/www.fiscalia.gov.co\/colombia\/#website\",\"url\":\"https:\/\/www.fiscalia.gov.co\/colombia\/\",\"name\":\"Fiscal\u00eda General de la Naci\u00f3n\",\"description\":\"P\u00e1gina oficial de la Fiscal\u00eda General de la Naci\u00f3n \u2013 Colombia. Garantizamos el acceso efectivo a la justicia, la verdad y la reparaci\u00f3n de las v\u00edctimas de los delitos.\",\"publisher\":{\"@id\":\"https:\/\/www.fiscalia.gov.co\/colombia\/#organization\"},\"potentialAction\":[{\"@type\":\"SearchAction\",\"target\":{\"@type\":\"EntryPoint\",\"urlTemplate\":\"https:\/\/www.fiscalia.gov.co\/colombia\/?s={search_term_string}\"},\"query-input\":{\"@type\":\"PropertyValueSpecification\",\"valueRequired\":true,\"valueName\":\"search_term_string\"}}],\"inLanguage\":\"es-CO\"},{\"@type\":\"Organization\",\"@id\":\"https:\/\/www.fiscalia.gov.co\/colombia\/#organization\",\"name\":\"Fiscal\u00eda General de la Naci\u00f3n\",\"url\":\"https:\/\/www.fiscalia.gov.co\/colombia\/\",\"logo\":{\"@type\":\"ImageObject\",\"inLanguage\":\"es-CO\",\"@id\":\"https:\/\/www.fiscalia.gov.co\/colombia\/#\/schema\/logo\/image\/\",\"url\":\"https:\/\/www.fiscalia.gov.co\/colombia\/wp-content\/uploads\/LogoHorizontal_1.jpg\",\"contentUrl\":\"https:\/\/www.fiscalia.gov.co\/colombia\/wp-content\/uploads\/LogoHorizontal_1.jpg\",\"width\":300,\"height\":90,\"caption\":\"Fiscal\u00eda General de la Naci\u00f3n\"},\"image\":{\"@id\":\"https:\/\/www.fiscalia.gov.co\/colombia\/#\/schema\/logo\/image\/\"},\"sameAs\":[\"https:\/\/www.facebook.com\/FiscaliaCol\",\"https:\/\/x.com\/FiscaliaCol\",\"https:\/\/www.instagram.com\/fiscaliacol\",\"https:\/\/www.linkedin.com\/company\/fiscalia-general-de-la-naci-n\/\",\"https:\/\/youtube.com\/@fiscaliageneraldelanacion-4668?si=6nN79nyQICPU5iTh\"]}]}<\/script>\n<!-- \/ Yoast SEO plugin. -->","yoast_head_json":{"title":"Fiscal\u00eda General de la Naci\u00f3n","description":"P\u00e1gina oficial de la Fiscal\u00eda General de la Naci\u00f3n \u2013 Colombia. Garantizamos el acceso efectivo a la justicia, la verdad y la reparaci\u00f3n de las v\u00edctimas de los delitos.","robots":{"index":"index","follow":"follow","max-snippet":"max-snippet:-1","max-image-preview":"max-image-preview:large","max-video-preview":"max-video-preview:-1"},"canonical":"https:\/\/www.fiscalia.gov.co\/colombia\/publicaciones\/fiscalia-para-todos-radio\/fiscalia-para-todos-radio-2017\/","og_locale":"es_ES","og_type":"article","og_title":"Fiscal\u00eda General de la Naci\u00f3n","og_description":"P\u00e1gina oficial de la Fiscal\u00eda General de la Naci\u00f3n \u2013 Colombia. Garantizamos el acceso efectivo a la justicia, la verdad y la reparaci\u00f3n de las v\u00edctimas de los delitos.","og_url":"https:\/\/www.fiscalia.gov.co\/colombia\/publicaciones\/fiscalia-para-todos-radio\/fiscalia-para-todos-radio-2017\/","og_site_name":"Fiscal\u00eda General de la Naci\u00f3n","article_publisher":"https:\/\/www.facebook.com\/FiscaliaCol","article_modified_time":"2019-10-31T16:41:15+00:00","twitter_card":"summary_large_image","twitter_site":"@FiscaliaCol","twitter_misc":{"Tiempo de lectura":"11 minutos"},"schema":{"@context":"https:\/\/schema.org","@graph":[{"@type":"WebPage","@id":"https:\/\/www.fiscalia.gov.co\/colombia\/publicaciones\/fiscalia-para-todos-radio\/fiscalia-para-todos-radio-2017\/","url":"https:\/\/www.fiscalia.gov.co\/colombia\/publicaciones\/fiscalia-para-todos-radio\/fiscalia-para-todos-radio-2017\/","name":"Fiscal\u00eda General de la Naci\u00f3n","isPartOf":{"@id":"https:\/\/www.fiscalia.gov.co\/colombia\/#website"},"datePublished":"2018-09-06T16:41:24+00:00","dateModified":"2019-10-31T16:41:15+00:00","description":"P\u00e1gina oficial de la Fiscal\u00eda General de la Naci\u00f3n \u2013 Colombia. Garantizamos el acceso efectivo a la justicia, la verdad y la reparaci\u00f3n de las v\u00edctimas de los delitos.","breadcrumb":{"@id":"https:\/\/www.fiscalia.gov.co\/colombia\/publicaciones\/fiscalia-para-todos-radio\/fiscalia-para-todos-radio-2017\/#breadcrumb"},"inLanguage":"es-CO","potentialAction":[{"@type":"ReadAction","target":["https:\/\/www.fiscalia.gov.co\/colombia\/publicaciones\/fiscalia-para-todos-radio\/fiscalia-para-todos-radio-2017\/"]}]},{"@type":"BreadcrumbList","@id":"https:\/\/www.fiscalia.gov.co\/colombia\/publicaciones\/fiscalia-para-todos-radio\/fiscalia-para-todos-radio-2017\/#breadcrumb","itemListElement":[{"@type":"ListItem","position":1,"name":"Home","item":"https:\/\/www.fiscalia.gov.co\/colombia\/"},{"@type":"ListItem","position":2,"name":"Publicaciones","item":"https:\/\/www.fiscalia.gov.co\/colombia\/publicaciones\/"},{"@type":"ListItem","position":3,"name":"Fiscal\u00eda para Todos Radio","item":"https:\/\/www.fiscalia.gov.co\/colombia\/publicaciones\/fiscalia-para-todos-radio\/"},{"@type":"ListItem","position":4,"name":"Fiscal\u00eda para Todos Radio \u2013 2017"}]},{"@type":"WebSite","@id":"https:\/\/www.fiscalia.gov.co\/colombia\/#website","url":"https:\/\/www.fiscalia.gov.co\/colombia\/","name":"Fiscal\u00eda General de la Naci\u00f3n","description":"P\u00e1gina oficial de la Fiscal\u00eda General de la Naci\u00f3n \u2013 Colombia. Garantizamos el acceso efectivo a la justicia, la verdad y la reparaci\u00f3n de las v\u00edctimas de los delitos.","publisher":{"@id":"https:\/\/www.fiscalia.gov.co\/colombia\/#organization"},"potentialAction":[{"@type":"SearchAction","target":{"@type":"EntryPoint","urlTemplate":"https:\/\/www.fiscalia.gov.co\/colombia\/?s={search_term_string}"},"query-input":{"@type":"PropertyValueSpecification","valueRequired":true,"valueName":"search_term_string"}}],"inLanguage":"es-CO"},{"@type":"Organization","@id":"https:\/\/www.fiscalia.gov.co\/colombia\/#organization","name":"Fiscal\u00eda General de la Naci\u00f3n","url":"https:\/\/www.fiscalia.gov.co\/colombia\/","logo":{"@type":"ImageObject","inLanguage":"es-CO","@id":"https:\/\/www.fiscalia.gov.co\/colombia\/#\/schema\/logo\/image\/","url":"https:\/\/www.fiscalia.gov.co\/colombia\/wp-content\/uploads\/LogoHorizontal_1.jpg","contentUrl":"https:\/\/www.fiscalia.gov.co\/colombia\/wp-content\/uploads\/LogoHorizontal_1.jpg","width":300,"height":90,"caption":"Fiscal\u00eda General de la Naci\u00f3n"},"image":{"@id":"https:\/\/www.fiscalia.gov.co\/colombia\/#\/schema\/logo\/image\/"},"sameAs":["https:\/\/www.facebook.com\/FiscaliaCol","https:\/\/x.com\/FiscaliaCol","https:\/\/www.instagram.com\/fiscaliacol","https:\/\/www.linkedin.com\/company\/fiscalia-general-de-la-naci-n\/","https:\/\/youtube.com\/@fiscaliageneraldelanacion-4668?si=6nN79nyQICPU5iTh"]}]}},"_links":{"self":[{"href":"https:\/\/www.fiscalia.gov.co\/colombia\/wp-json\/wp\/v2\/pages\/168230","targetHints":{"allow":["GET"]}}],"collection":[{"href":"https:\/\/www.fiscalia.gov.co\/colombia\/wp-json\/wp\/v2\/pages"}],"about":[{"href":"https:\/\/www.fiscalia.gov.co\/colombia\/wp-json\/wp\/v2\/types\/page"}],"author":[{"embeddable":true,"href":"https:\/\/www.fiscalia.gov.co\/colombia\/wp-json\/wp\/v2\/users\/143"}],"replies":[{"embeddable":true,"href":"https:\/\/www.fiscalia.gov.co\/colombia\/wp-json\/wp\/v2\/comments?post=168230"}],"version-history":[{"count":3,"href":"https:\/\/www.fiscalia.gov.co\/colombia\/wp-json\/wp\/v2\/pages\/168230\/revisions"}],"predecessor-version":[{"id":168240,"href":"https:\/\/www.fiscalia.gov.co\/colombia\/wp-json\/wp\/v2\/pages\/168230\/revisions\/168240"}],"up":[{"embeddable":true,"href":"https:\/\/www.fiscalia.gov.co\/colombia\/wp-json\/wp\/v2\/pages\/45897"}],"wp:attachment":[{"href":"https:\/\/www.fiscalia.gov.co\/colombia\/wp-json\/wp\/v2\/media?parent=168230"}],"curies":[{"name":"wp","href":"https:\/\/api.w.org\/{rel}","templated":true}]}}