{"id":168221,"date":"2018-09-06T11:29:13","date_gmt":"2018-09-06T16:29:13","guid":{"rendered":"https:\/\/www.fiscalia.gov.co\/colombia\/?page_id=168221"},"modified":"2019-10-31T11:38:31","modified_gmt":"2019-10-31T16:38:31","slug":"fiscalia-para-todos-radio-2014","status":"publish","type":"page","link":"https:\/\/www.fiscalia.gov.co\/colombia\/publicaciones\/fiscalia-para-todos-radio\/fiscalia-para-todos-radio-2014\/","title":{"rendered":"Fiscal\u00eda para Todos Radio &#8211; 2014"},"content":{"rendered":"<section class=\"wpb-content-wrapper\"><div id=\"tdi_1\" class=\"tdc-row\"><div class=\"vc_row tdi_2  wpb_row td-pb-row\" >\n<style scoped>\n\/* custom css - generated by TagDiv Composer *\/\n\n\/* custom css - generated by TagDiv Composer *\/\n.tdi_2,\r\n                .tdi_2 .tdc-columns{\r\n                    min-height: 0;\r\n                }.tdi_2,\r\n\t\t\t\t.tdi_2 .tdc-columns{\r\n\t\t\t\t    display: block;\r\n\t\t\t\t}.tdi_2 .tdc-columns{\r\n\t\t\t\t    width: 100%;\r\n\t\t\t\t}.tdi_2:before,\r\n\t\t\t\t.tdi_2:after{\r\n\t\t\t\t    display: table;\r\n\t\t\t\t}\n<\/style><div class=\"vc_column tdi_4  wpb_column vc_column_container tdc-column td-pb-span12\">\n<style scoped>\n\/* custom css - generated by TagDiv Composer *\/\n\n\/* custom css - generated by TagDiv Composer *\/\n.tdi_4{\r\n                    vertical-align: baseline;\r\n                }.tdi_4 > .wpb_wrapper,\r\n\t\t\t\t.tdi_4 > .wpb_wrapper > .tdc-elements{\r\n\t\t\t\t    display: block;\r\n\t\t\t\t}.tdi_4 > .wpb_wrapper > .tdc-elements{\r\n\t\t\t\t    width: 100%;\r\n\t\t\t\t}.tdi_4 > .wpb_wrapper > .vc_row_inner{\r\n\t\t\t\t    width: auto;\r\n\t\t\t\t}.tdi_4 > .wpb_wrapper{\r\n\t\t\t\t    width: auto;\r\n\t\t\t\t    height: auto;\r\n\t\t\t\t}\n<\/style><div class=\"wpb_wrapper\" >[vc_custom_heading source=&#8221;post_title&#8221; use_theme_fonts=&#8221;yes&#8221;][vc_tta_accordion][vc_tta_section title=&#8221;Audios 2014&#8243; tab_id=&#8221;1536252212077-4a8c8629-02f3&#8243;][vc_column_text]\r\n<strong>Programa 41<\/strong>\r\n\r\n<!--[if lt IE 9]><script>document.createElement('audio');<\/script><![endif]-->\n<audio class=\"wp-audio-shortcode\" id=\"audio-168221-1\" preload=\"none\" style=\"width: 100%;\" controls=\"controls\"><source type=\"audio\/mpeg\" src=\"http:\/\/www.fiscalia.gov.co\/colombia\/wp-content\/uploads\/v\u00edctimas_paz_9_diciembre_2014_mezcla.mp3?_=1\" \/><a href=\"http:\/\/www.fiscalia.gov.co\/colombia\/wp-content\/uploads\/v\u00edctimas_paz_9_diciembre_2014_mezcla.mp3\">http:\/\/www.fiscalia.gov.co\/colombia\/wp-content\/uploads\/v\u00edctimas_paz_9_diciembre_2014_mezcla.mp3<\/a><\/audio>\r\n\r\n<a title=\"Descargar \" href=\"http:\/\/www.fiscalia.gov.co\/colombia\/wp-content\/uploads\/v\u00edctimas_paz_9_diciembre_2014_mezcla.mp3\" target=\"_blank\" rel=\"noopener noreferrer\">Descargar<\/a>\r\n\r\nTema: Avances de la Fiscal\u00eda en su compromiso con la paz y las v\u00edctimas\r\nFecha: \u00a09 de diciembre de 2014\r\n<h4><strong>Programa 40<\/strong><\/h4>\r\n<audio class=\"wp-audio-shortcode\" id=\"audio-168221-2\" preload=\"none\" style=\"width: 100%;\" controls=\"controls\"><source type=\"audio\/mpeg\" src=\"http:\/\/www.fiscalia.gov.co\/colombia\/wp-content\/uploads\/40_PROGRAMA_RADIO_COSQUILLEO_mezcla.mp3?_=2\" \/><a href=\"http:\/\/www.fiscalia.gov.co\/colombia\/wp-content\/uploads\/40_PROGRAMA_RADIO_COSQUILLEO_mezcla.mp3\">http:\/\/www.fiscalia.gov.co\/colombia\/wp-content\/uploads\/40_PROGRAMA_RADIO_COSQUILLEO_mezcla.mp3<\/a><\/audio>\r\n\r\n<a title=\"Descargar\" href=\"http:\/\/www.fiscalia.gov.co\/colombia\/wp-content\/uploads\/40_PROGRAMA_RADIO_COSQUILLEO_mezcla.mp3\" target=\"_blank\" rel=\"noopener noreferrer\">Descargar<\/a>\r\n\r\nTema:\u00a0Modalidades de robo en festividades de fin de a\u00f1o\r\nFecha: \u00a02 de diciembre de 2014\r\n<h4><strong style=\"font-size: 1em;\">Programa 39<\/strong><\/h4>\r\n<audio class=\"wp-audio-shortcode\" id=\"audio-168221-3\" preload=\"none\" style=\"width: 100%;\" controls=\"controls\"><source type=\"audio\/mpeg\" src=\"http:\/\/www.fiscalia.gov.co\/colombia\/wp-content\/uploads\/PGM-XXX-FISCALIA-PARA-TODOS-NOV-25-DE-2014.mp3?_=3\" \/><a href=\"http:\/\/www.fiscalia.gov.co\/colombia\/wp-content\/uploads\/PGM-XXX-FISCALIA-PARA-TODOS-NOV-25-DE-2014.mp3\">http:\/\/www.fiscalia.gov.co\/colombia\/wp-content\/uploads\/PGM-XXX-FISCALIA-PARA-TODOS-NOV-25-DE-2014.mp3<\/a><\/audio>\r\n\r\n<a title=\"Descargar audio\" href=\"http:\/\/www.fiscalia.gov.co\/colombia\/wp-content\/uploads\/PGM-XXX-FISCALIA-PARA-TODOS-NOV-25-DE-2014.mp3\" target=\"_blank\" rel=\"noopener noreferrer\">Descargar<\/a>\r\n\r\nTema:\u00a0Casos connotados de la regi\u00f3n Occidente\r\nFecha: \u00a025 de noviembre de 2014\r\n<h4><strong>Programa 38<\/strong><\/h4>\r\n<audio class=\"wp-audio-shortcode\" id=\"audio-168221-4\" preload=\"none\" style=\"width: 100%;\" controls=\"controls\"><source type=\"audio\/mpeg\" src=\"http:\/\/www.fiscalia.gov.co\/colombia\/wp-content\/uploads\/Programa_18_noviembre_mezcla.mp3?_=4\" \/><a href=\"http:\/\/www.fiscalia.gov.co\/colombia\/wp-content\/uploads\/Programa_18_noviembre_mezcla.mp3\">http:\/\/www.fiscalia.gov.co\/colombia\/wp-content\/uploads\/Programa_18_noviembre_mezcla.mp3<\/a><\/audio>\r\n\r\n<a title=\"Descargar audio \" href=\"http:\/\/www.fiscalia.gov.co\/colombia\/wp-content\/uploads\/Programa_18_noviembre_mezcla.mp3\" target=\"_blank\" rel=\"noopener noreferrer\">Descargar<\/a>\r\n\r\nTema:\u00a0Casos connotados de la regi\u00f3n Occidente\r\nFecha: \u00a018 de noviembre de 2014\r\n<h4><strong>Programa 37<\/strong><\/h4>\r\n<audio class=\"wp-audio-shortcode\" id=\"audio-168221-5\" preload=\"none\" style=\"width: 100%;\" controls=\"controls\"><source type=\"audio\/mpeg\" src=\"http:\/\/www.fiscalia.gov.co\/colombia\/wp-content\/uploads\/programa_casos_connotados_nororiente_mezcla.mp3?_=5\" \/><a href=\"http:\/\/www.fiscalia.gov.co\/colombia\/wp-content\/uploads\/programa_casos_connotados_nororiente_mezcla.mp3\">http:\/\/www.fiscalia.gov.co\/colombia\/wp-content\/uploads\/programa_casos_connotados_nororiente_mezcla.mp3<\/a><\/audio>\r\n\r\n<a title=\"Descargar archivo\" href=\"http:\/\/www.fiscalia.gov.co\/colombia\/wp-content\/uploads\/programa_casos_connotados_nororiente_mezcla.mp3\" target=\"_blank\" rel=\"noopener noreferrer\">Descargar<\/a>\r\n\r\nTema:\u00a0Casos connotados de la regi\u00f3n Nororiente\r\nFecha: \u00a010 de noviembre de 2014\r\n<h4><strong>Programa 36<\/strong><\/h4>\r\n\r\n\r\n<a title=\"Descargar audio \" href=\"http:\/\/www.fiscalia.gov.co\/colombia\/wp-content\/uploads\/programa_radio_4_noviembre_region_caribe_mezcla.mp3\" target=\"_blank\" rel=\"noopener noreferrer\">Descargar<\/a>\r\n\r\nTema:\u00a0Casos connotados de la regi\u00f3n Caribe\r\nFecha: \u00a04 de noviembre de 2014\r\n<h4><strong style=\"font-size: 1em;\">Programa 35<\/strong><\/h4>\r\n<audio class=\"wp-audio-shortcode\" id=\"audio-168221-7\" preload=\"none\" style=\"width: 100%;\" controls=\"controls\"><source type=\"audio\/mpeg\" src=\"http:\/\/www.fiscalia.gov.co\/colombia\/wp-content\/uploads\/programa-de-radio_falsos_testigos_mezcla.mp3?_=7\" \/><a href=\"http:\/\/www.fiscalia.gov.co\/colombia\/wp-content\/uploads\/programa-de-radio_falsos_testigos_mezcla.mp3\">http:\/\/www.fiscalia.gov.co\/colombia\/wp-content\/uploads\/programa-de-radio_falsos_testigos_mezcla.mp3<\/a><\/audio>\r\n\r\n<a title=\"Descargar audio \" href=\"http:\/\/www.fiscalia.gov.co\/colombia\/wp-content\/uploads\/programa-de-radio_falsos_testigos_mezcla.mp3\" target=\"_blank\" rel=\"noopener noreferrer\">Descargar<\/a>\r\n\r\nTema: Falsos testigos\r\nFecha: \u00a028 de octubre de 2014\r\n<h4><strong>Programa 34<\/strong><\/h4>\r\n<audio class=\"wp-audio-shortcode\" id=\"audio-168221-8\" preload=\"none\" style=\"width: 100%;\" controls=\"controls\"><source type=\"audio\/mpeg\" src=\"http:\/\/www.fiscalia.gov.co\/colombia\/wp-content\/uploads\/Programa_radio_modalidades_estafas_mezcla1.mp3?_=8\" \/><a href=\"http:\/\/www.fiscalia.gov.co\/colombia\/wp-content\/uploads\/Programa_radio_modalidades_estafas_mezcla1.mp3\">http:\/\/www.fiscalia.gov.co\/colombia\/wp-content\/uploads\/Programa_radio_modalidades_estafas_mezcla1.mp3<\/a><\/audio>\r\n\r\n<a title=\"Descargar audio \" href=\"http:\/\/www.fiscalia.gov.co\/colombia\/wp-content\/uploads\/Programa_radio_modalidades_estafas_mezcla1.mp3\" target=\"_blank\" rel=\"noopener noreferrer\">Descargar<\/a>\r\n\r\nTema: Modalidades de estafa\r\nFecha: \u00a021 de octubre de 2014\r\n<h4><strong><span style=\"font-size: 1em;\">Programa 33<\/span><\/strong><\/h4>\r\n<audio class=\"wp-audio-shortcode\" id=\"audio-168221-9\" preload=\"none\" style=\"width: 100%;\" controls=\"controls\"><source type=\"audio\/mpeg\" src=\"http:\/\/www.fiscalia.gov.co\/colombia\/wp-content\/uploads\/PROGRAMA_RADIO_MEDICAMENTOS_ADULTERADOS_mezcla.mp3?_=9\" \/><a href=\"http:\/\/www.fiscalia.gov.co\/colombia\/wp-content\/uploads\/PROGRAMA_RADIO_MEDICAMENTOS_ADULTERADOS_mezcla.mp3\">http:\/\/www.fiscalia.gov.co\/colombia\/wp-content\/uploads\/PROGRAMA_RADIO_MEDICAMENTOS_ADULTERADOS_mezcla.mp3<\/a><\/audio>\r\n\r\n<a title=\"Descargar audio \" href=\"http:\/\/www.fiscalia.gov.co\/colombia\/wp-content\/uploads\/PROGRAMA_RADIO_MEDICAMENTOS_ADULTERADOS_mezcla.mp3\" target=\"_blank\" rel=\"noopener noreferrer\">Descargar<\/a>\r\n\r\nTema: Medicamentos adulterados\r\nFecha: \u00a015 de octubre de 2014\r\n<h4><strong>Programa 32<\/strong><\/h4>\r\n<audio class=\"wp-audio-shortcode\" id=\"audio-168221-10\" preload=\"none\" style=\"width: 100%;\" controls=\"controls\"><source type=\"audio\/mpeg\" src=\"http:\/\/www.fiscalia.gov.co\/colombia\/wp-content\/uploads\/Violencia_genero_mezcla.mp3?_=10\" \/><a href=\"http:\/\/www.fiscalia.gov.co\/colombia\/wp-content\/uploads\/Violencia_genero_mezcla.mp3\">http:\/\/www.fiscalia.gov.co\/colombia\/wp-content\/uploads\/Violencia_genero_mezcla.mp3<\/a><\/audio>\r\n\r\n<a title=\"Descargar audio \" href=\"http:\/\/www.fiscalia.gov.co\/colombia\/wp-content\/uploads\/Violencia_genero_mezcla.mp3\" target=\"_blank\" rel=\"noopener noreferrer\">Descargar<\/a>\r\n\r\nTema: Violencia de g\u00e9nero contra la mujer\r\nFecha: \u00a07 de octubre de 2014\r\n<h4><strong>Programa 31<\/strong><\/h4>\r\n<audio class=\"wp-audio-shortcode\" id=\"audio-168221-11\" preload=\"none\" style=\"width: 100%;\" controls=\"controls\"><source type=\"audio\/mpeg\" src=\"http:\/\/www.fiscalia.gov.co\/colombia\/wp-content\/uploads\/programa_radio_30_sept_mezcla.mp3?_=11\" \/><a href=\"http:\/\/www.fiscalia.gov.co\/colombia\/wp-content\/uploads\/programa_radio_30_sept_mezcla.mp3\">http:\/\/www.fiscalia.gov.co\/colombia\/wp-content\/uploads\/programa_radio_30_sept_mezcla.mp3<\/a><\/audio>\r\n\r\n<strong><a title=\"Descargar audio \" href=\"http:\/\/www.fiscalia.gov.co\/colombia\/wp-content\/uploads\/programa_radio_30_sept_mezcla.mp3\" target=\"_blank\" rel=\"noopener noreferrer\">Descargar<\/a><\/strong>\r\n\r\nTema:\u00a0Atenci\u00f3n a v\u00edctimas y usuarios con enfoque \u00e9tnico\r\nFecha: 30 de septiembre de 2014\r\n<h4><strong>Programa 30<\/strong><\/h4>\r\n<audio class=\"wp-audio-shortcode\" id=\"audio-168221-12\" preload=\"none\" style=\"width: 100%;\" controls=\"controls\"><source type=\"audio\/mpeg\" src=\"http:\/\/www.fiscalia.gov.co\/colombia\/wp-content\/uploads\/programa_23_septiembre_rendicion_cuentas_mezcla.mp3?_=12\" \/><a href=\"http:\/\/www.fiscalia.gov.co\/colombia\/wp-content\/uploads\/programa_23_septiembre_rendicion_cuentas_mezcla.mp3\">http:\/\/www.fiscalia.gov.co\/colombia\/wp-content\/uploads\/programa_23_septiembre_rendicion_cuentas_mezcla.mp3<\/a><\/audio>\r\n\r\n<strong><a title=\"Rendici\u00f3n de cuentas 2013 - 2014\" href=\"http:\/\/www.fiscalia.gov.co\/colombia\/wp-content\/uploads\/programa_23_septiembre_rendicion_cuentas_mezcla.mp3\">Descargar<\/a><\/strong>\r\n\r\nTema: Rendici\u00f3n de cuentas 2013-2014\r\nFecha: 23 de septiembre de 2014\r\n<h4><strong>Programa 29<\/strong><\/h4>\r\n<audio class=\"wp-audio-shortcode\" id=\"audio-168221-13\" preload=\"none\" style=\"width: 100%;\" controls=\"controls\"><source type=\"audio\/mpeg\" src=\"http:\/\/www.fiscalia.gov.co\/colombia\/wp-content\/uploads\/programa_16_septiembre_lgtbi.mp3_mezcla.mp3?_=13\" \/><a href=\"http:\/\/www.fiscalia.gov.co\/colombia\/wp-content\/uploads\/programa_16_septiembre_lgtbi.mp3_mezcla.mp3\">http:\/\/www.fiscalia.gov.co\/colombia\/wp-content\/uploads\/programa_16_septiembre_lgtbi.mp3_mezcla.mp3<\/a><\/audio>\r\n\r\n<strong><a title=\"Descargar audio \" href=\"http:\/\/www.fiscalia.gov.co\/colombia\/wp-content\/uploads\/programa_16_septiembre_lgtbi.mp3_mezcla.mp3\" target=\"_blank\" rel=\"noopener noreferrer\">Descargar<\/a><\/strong>\r\n\r\nTema:\u00a0La pol\u00edtica con enfoque diferencial LGTB de la Fiscal\u00eda\r\nFecha: 16 de septiembre de 2014\r\n<h4><strong>Programa 28<\/strong><\/h4>\r\n<audio class=\"wp-audio-shortcode\" id=\"audio-168221-14\" preload=\"none\" style=\"width: 100%;\" controls=\"controls\"><source type=\"audio\/mpeg\" src=\"http:\/\/www.fiscalia.gov.co\/colombia\/wp-content\/uploads\/programa_radio_9_septiembre_jornada_victimas_mezcla.mp3?_=14\" \/><a href=\"http:\/\/www.fiscalia.gov.co\/colombia\/wp-content\/uploads\/programa_radio_9_septiembre_jornada_victimas_mezcla.mp3\">http:\/\/www.fiscalia.gov.co\/colombia\/wp-content\/uploads\/programa_radio_9_septiembre_jornada_victimas_mezcla.mp3<\/a><\/audio>\r\n\r\n<strong><a title=\"Descargar audio \" href=\"http:\/\/www.fiscalia.gov.co\/colombia\/wp-content\/uploads\/programa_radio_9_septiembre_jornada_victimas_mezcla.mp3\" target=\"_blank\" rel=\"noopener noreferrer\">Descargar<\/a><\/strong>\r\n\r\nTema: Jornada de v\u00edctimas\r\nFecha: 9 de septiembre de 2014\r\n<h4><strong>Programa 27<\/strong><\/h4>\r\n<audio class=\"wp-audio-shortcode\" id=\"audio-168221-15\" preload=\"none\" style=\"width: 100%;\" controls=\"controls\"><source type=\"audio\/mpeg\" src=\"http:\/\/www.fiscalia.gov.co\/colombia\/wp-content\/uploads\/programa_2_septiembre_bacrim_mezcla.mp3?_=15\" \/><a href=\"http:\/\/www.fiscalia.gov.co\/colombia\/wp-content\/uploads\/programa_2_septiembre_bacrim_mezcla.mp3\">http:\/\/www.fiscalia.gov.co\/colombia\/wp-content\/uploads\/programa_2_septiembre_bacrim_mezcla.mp3<\/a><\/audio>\r\n\r\n<strong><a title=\"Descargar audio \" href=\"http:\/\/www.fiscalia.gov.co\/colombia\/wp-content\/uploads\/programa_2_septiembre_bacrim_mezcla.mp3\" target=\"_blank\" rel=\"noopener noreferrer\">Descargar<\/a><\/strong>\r\n\r\nTema: Lucha contra las bandas emergentes\r\nFecha: 2 de septiembre de 2014\r\n<h4><strong>Programa 26<\/strong><\/h4>\r\n<audio class=\"wp-audio-shortcode\" id=\"audio-168221-16\" preload=\"none\" style=\"width: 100%;\" controls=\"controls\"><source type=\"audio\/mpeg\" src=\"http:\/\/www.fiscalia.gov.co\/colombia\/wp-content\/uploads\/programa_26_agosto_interceptaciones_ilegales_mezcla.mp3?_=16\" \/><a href=\"http:\/\/www.fiscalia.gov.co\/colombia\/wp-content\/uploads\/programa_26_agosto_interceptaciones_ilegales_mezcla.mp3\">http:\/\/www.fiscalia.gov.co\/colombia\/wp-content\/uploads\/programa_26_agosto_interceptaciones_ilegales_mezcla.mp3<\/a><\/audio>\r\n\r\n<strong><a title=\"Descargar audio \" href=\"http:\/\/www.fiscalia.gov.co\/colombia\/wp-content\/uploads\/programa_26_agosto_interceptaciones_ilegales_mezcla.mp3\" target=\"_blank\" rel=\"noopener noreferrer\">Descargar<\/a><\/strong>\r\n\r\nTema: Interceptaciones ilegales\r\nFecha: 26 de agosto de 2014\r\n<h4><strong>Programa 25<\/strong><\/h4>\r\n<audio class=\"wp-audio-shortcode\" id=\"audio-168221-17\" preload=\"none\" style=\"width: 100%;\" controls=\"controls\"><source type=\"audio\/mpeg\" src=\"http:\/\/www.fiscalia.gov.co\/colombia\/wp-content\/uploads\/programa_19_agosto_futuro_colombia.mp3?_=17\" \/><a href=\"http:\/\/www.fiscalia.gov.co\/colombia\/wp-content\/uploads\/programa_19_agosto_futuro_colombia.mp3\">http:\/\/www.fiscalia.gov.co\/colombia\/wp-content\/uploads\/programa_19_agosto_futuro_colombia.mp3<\/a><\/audio>\r\n\r\n<strong><a title=\"Descaragra audio\" href=\"http:\/\/www.fiscalia.gov.co\/colombia\/wp-content\/uploads\/programa_19_agosto_futuro_colombia.mp3\" target=\"_blank\" rel=\"noopener noreferrer\">Descargar<\/a><\/strong>\r\n\r\nTema: Futuro Colombia\r\nFecha: 19 de agosto de 2014\r\n<h4><strong>Programa 24<\/strong><\/h4>\r\n<audio class=\"wp-audio-shortcode\" id=\"audio-168221-18\" preload=\"none\" style=\"width: 100%;\" controls=\"controls\"><source type=\"audio\/mpeg\" src=\"http:\/\/www.fiscalia.gov.co\/colombia\/wp-content\/uploads\/programa_radio_12_agosto_circular_salida_postulados_mezcla.mp3?_=18\" \/><a href=\"http:\/\/www.fiscalia.gov.co\/colombia\/wp-content\/uploads\/programa_radio_12_agosto_circular_salida_postulados_mezcla.mp3\">http:\/\/www.fiscalia.gov.co\/colombia\/wp-content\/uploads\/programa_radio_12_agosto_circular_salida_postulados_mezcla.mp3<\/a><\/audio>\r\n\r\n<strong><a title=\"Ir\" href=\"http:\/\/www.fiscalia.gov.co\/colombia\/wp-content\/uploads\/programa_radio_12_agosto_circular_salida_postulados_mezcla.mp3\" target=\"_blank\" rel=\"noopener noreferrer\">Descargar<\/a><\/strong>\r\n\r\nTema: Sustituci\u00f3n de la medida de aseguramiento de los postulados de Justicia y Paz\r\nFecha: 12 de agosto de 2014\r\n<h4><strong>Programa 23<\/strong><\/h4>\r\n<audio class=\"wp-audio-shortcode\" id=\"audio-168221-19\" preload=\"none\" style=\"width: 100%;\" controls=\"controls\"><source type=\"audio\/mpeg\" src=\"http:\/\/www.fiscalia.gov.co\/colombia\/wp-content\/uploads\/programa_radio_5_agosto_paz_postconflicto_mezcla.mp3?_=19\" \/><a href=\"http:\/\/www.fiscalia.gov.co\/colombia\/wp-content\/uploads\/programa_radio_5_agosto_paz_postconflicto_mezcla.mp3\">http:\/\/www.fiscalia.gov.co\/colombia\/wp-content\/uploads\/programa_radio_5_agosto_paz_postconflicto_mezcla.mp3<\/a><\/audio>\r\n\r\n<strong><a title=\"Ir\" href=\"http:\/\/www.fiscalia.gov.co\/colombia\/wp-content\/uploads\/programa_radio_5_agosto_paz_postconflicto_mezcla.mp3\" target=\"_blank\" rel=\"noopener noreferrer\">Descargar<\/a><\/strong>\r\n\r\nTema:\u00a0C\u00f3mo se prepara la Fiscal\u00eda para la paz y el postconflicto\r\nFecha: 5 de agosto de 2014\r\n<h4><strong>Programa 22<\/strong><\/h4>\r\n<audio class=\"wp-audio-shortcode\" id=\"audio-168221-20\" preload=\"none\" style=\"width: 100%;\" controls=\"controls\"><source type=\"audio\/mpeg\" src=\"http:\/\/www.fiscalia.gov.co\/colombia\/wp-content\/uploads\/2014_29_07_Radio_trata_de_Personas_mezcla.mp3?_=20\" \/><a href=\"http:\/\/www.fiscalia.gov.co\/colombia\/wp-content\/uploads\/2014_29_07_Radio_trata_de_Personas_mezcla.mp3\">http:\/\/www.fiscalia.gov.co\/colombia\/wp-content\/uploads\/2014_29_07_Radio_trata_de_Personas_mezcla.mp3<\/a><\/audio>\r\n\r\n<strong><a title=\"Descargar audio\" href=\"http:\/\/www.fiscalia.gov.co\/colombia\/wp-content\/uploads\/2014_29_07_Radio_trata_de_Personas_mezcla.mp3\" target=\"_blank\" rel=\"noopener noreferrer\">Descargar<\/a><\/strong>\r\n\r\nTema:\u00a0D\u00eda Mundial contra la trata de Personas\r\nFecha: 29 de julio de 2014\r\n<h4><strong>Programa 21<\/strong><\/h4>\r\n<audio class=\"wp-audio-shortcode\" id=\"audio-168221-21\" preload=\"none\" style=\"width: 100%;\" controls=\"controls\"><source type=\"audio\/mpeg\" src=\"http:\/\/www.fiscalia.gov.co\/colombia\/wp-content\/uploads\/programa_radio_22_julio_delincuencia_juvenil_mezcla.mp3?_=21\" \/><a href=\"http:\/\/www.fiscalia.gov.co\/colombia\/wp-content\/uploads\/programa_radio_22_julio_delincuencia_juvenil_mezcla.mp3\">http:\/\/www.fiscalia.gov.co\/colombia\/wp-content\/uploads\/programa_radio_22_julio_delincuencia_juvenil_mezcla.mp3<\/a><\/audio>\r\n\r\n<strong><a title=\"Descargar audio\" href=\"http:\/\/www.fiscalia.gov.co\/colombia\/wp-content\/uploads\/programa_radio_22_julio_delincuencia_juvenil_mezcla.mp3\" target=\"_blank\" rel=\"noopener noreferrer\">Descargar<\/a><\/strong>\r\n\r\nTema:\u00a0\u00bfC\u00f3mo prevenir la delincuencia juvenil?\r\nFecha: 22 de julio de 2014\r\n<h4><strong>Programa 20<\/strong><\/h4>\r\n<audio class=\"wp-audio-shortcode\" id=\"audio-168221-22\" preload=\"none\" style=\"width: 100%;\" controls=\"controls\"><source type=\"audio\/mpeg\" src=\"http:\/\/www.fiscalia.gov.co\/colombia\/wp-content\/uploads\/programa_radio_15_julio_dia_investigador_mezcla.mp3?_=22\" \/><a href=\"http:\/\/www.fiscalia.gov.co\/colombia\/wp-content\/uploads\/programa_radio_15_julio_dia_investigador_mezcla.mp3\">http:\/\/www.fiscalia.gov.co\/colombia\/wp-content\/uploads\/programa_radio_15_julio_dia_investigador_mezcla.mp3<\/a><\/audio>\r\n\r\n<strong><a title=\"Descargar audio\" href=\"http:\/\/www.fiscalia.gov.co\/colombia\/wp-content\/uploads\/programa_radio_15_julio_dia_investigador_mezcla.mp3\" target=\"_blank\" rel=\"noopener noreferrer\">Descargar<\/a><\/strong>\r\n\r\nTema:\u00a0Celebraci\u00f3n d\u00eda del investigador de la polic\u00eda judicial\r\nFecha: 15 de julio de 2014\r\n\r\n&nbsp;\r\n<h4><strong>Programa 19<\/strong><\/h4>\r\n<audio class=\"wp-audio-shortcode\" id=\"audio-168221-23\" preload=\"none\" style=\"width: 100%;\" controls=\"controls\"><source type=\"audio\/mpeg\" src=\"http:\/\/www.fiscalia.gov.co\/colombia\/wp-content\/uploads\/programa_radio_8_julio_uraba_mezcla.mp3?_=23\" \/><a href=\"http:\/\/www.fiscalia.gov.co\/colombia\/wp-content\/uploads\/programa_radio_8_julio_uraba_mezcla.mp3\">http:\/\/www.fiscalia.gov.co\/colombia\/wp-content\/uploads\/programa_radio_8_julio_uraba_mezcla.mp3<\/a><\/audio>\r\n\r\n<strong><a title=\"Descargar audio\" href=\"http:\/\/www.fiscalia.gov.co\/colombia\/wp-content\/uploads\/programa_radio_8_julio_uraba_mezcla.mp3\" target=\"_blank\" rel=\"noopener noreferrer\">Descargar<\/a><\/strong>\r\n\r\nTema: Despojo de tierras en el Urab\u00e1, zona de las Tulapas\r\nFecha: 8 de julio de 2014\r\n\r\n&nbsp;\r\n<h4><strong>Programa 18<\/strong><\/h4>\r\n<audio class=\"wp-audio-shortcode\" id=\"audio-168221-24\" preload=\"none\" style=\"width: 100%;\" controls=\"controls\"><source type=\"audio\/mpeg\" src=\"http:\/\/www.fiscalia.gov.co\/colombia\/wp-content\/uploads\/programa_radio_1_julio_cumpleanos_fiscalia_mezcla.mp3?_=24\" \/><a href=\"http:\/\/www.fiscalia.gov.co\/colombia\/wp-content\/uploads\/programa_radio_1_julio_cumpleanos_fiscalia_mezcla.mp3\">http:\/\/www.fiscalia.gov.co\/colombia\/wp-content\/uploads\/programa_radio_1_julio_cumpleanos_fiscalia_mezcla.mp3<\/a><\/audio>\r\n\r\n<strong><a title=\"Descargar audio\" href=\"http:\/\/www.fiscalia.gov.co\/colombia\/wp-content\/uploads\/programa_radio_1_julio_cumpleanos_fiscalia_mezcla.mp3\" target=\"_blank\" rel=\"noopener noreferrer\">Descargar<\/a><\/strong>\r\n\r\nTema: Los 22 a\u00f1os de la Fiscal\u00eda General de la Naci\u00f3n\r\nFecha: 1 de julio de 2014\r\n\r\n&nbsp;\r\n<h4><strong>Programa 17<\/strong><\/h4>\r\n<audio class=\"wp-audio-shortcode\" id=\"audio-168221-25\" preload=\"none\" style=\"width: 100%;\" controls=\"controls\"><source type=\"audio\/mpeg\" src=\"http:\/\/www.fiscalia.gov.co\/colombia\/wp-content\/uploads\/programa_radio_24_junio_fiscalia_regiones_mezcla.mp3?_=25\" \/><a href=\"http:\/\/www.fiscalia.gov.co\/colombia\/wp-content\/uploads\/programa_radio_24_junio_fiscalia_regiones_mezcla.mp3\">http:\/\/www.fiscalia.gov.co\/colombia\/wp-content\/uploads\/programa_radio_24_junio_fiscalia_regiones_mezcla.mp3<\/a><\/audio>\r\n\r\n<strong><a title=\"Descargar audio\" href=\"http:\/\/www.fiscalia.gov.co\/colombia\/wp-content\/uploads\/programa_radio_24_junio_fiscalia_regiones_mezcla.mp3\" target=\"_blank\" rel=\"noopener noreferrer\">Descargar<\/a><\/strong>\r\n\r\nTema: La presencia regional de la Fiscal\u00eda General de la Naci\u00f3n\r\nFecha: 24 de junio de 2014\r\n\r\n&nbsp;\r\n<h4><strong>Programa 16<\/strong><\/h4>\r\n<audio class=\"wp-audio-shortcode\" id=\"audio-168221-26\" preload=\"none\" style=\"width: 100%;\" controls=\"controls\"><source type=\"audio\/mpeg\" src=\"http:\/\/www.fiscalia.gov.co\/colombia\/wp-content\/uploads\/programa_radio_17_junio_andres_mejia_cti_mezcla.mp3?_=26\" \/><a href=\"http:\/\/www.fiscalia.gov.co\/colombia\/wp-content\/uploads\/programa_radio_17_junio_andres_mejia_cti_mezcla.mp3\">http:\/\/www.fiscalia.gov.co\/colombia\/wp-content\/uploads\/programa_radio_17_junio_andres_mejia_cti_mezcla.mp3<\/a><\/audio>\r\n\r\n<strong><a title=\"Descargar audio\" href=\"http:\/\/www.fiscalia.gov.co\/colombia\/wp-content\/uploads\/programa_radio_17_junio_andres_mejia_cti_mezcla.mp3\" target=\"_blank\" rel=\"noopener noreferrer\">Descargar<\/a><\/strong>\r\n\r\nTema: En b\u00fasqueda de Andr\u00e9s Felipe Mejia, compa\u00f1ero y funcionario del CTI\r\nFecha: 17 de junio de 2014\r\n\r\n&nbsp;\r\n<h4><strong>Programa 15<\/strong><\/h4>\r\n<audio class=\"wp-audio-shortcode\" id=\"audio-168221-27\" preload=\"none\" style=\"width: 100%;\" controls=\"controls\"><source type=\"audio\/mpeg\" src=\"http:\/\/www.fiscalia.gov.co\/colombia\/wp-content\/uploads\/programa_radio_victimas_10_junio.mp3?_=27\" \/><a href=\"http:\/\/www.fiscalia.gov.co\/colombia\/wp-content\/uploads\/programa_radio_victimas_10_junio.mp3\">http:\/\/www.fiscalia.gov.co\/colombia\/wp-content\/uploads\/programa_radio_victimas_10_junio.mp3<\/a><\/audio>\r\n\r\n<strong><a title=\"Descargar audio \" href=\"http:\/\/www.fiscalia.gov.co\/colombia\/wp-content\/uploads\/programa_radio_victimas_10_junio.mp3\" target=\"_blank\" rel=\"noopener noreferrer\">Descargar<\/a><\/strong>\r\n\r\nTema:\u00a0Atenci\u00f3n a V\u00edctimas y Usuarios\r\nFecha: 10 de junio de 2014\r\n\r\n&nbsp;\r\n<h4><strong>Programa 14<\/strong><\/h4>\r\n<audio class=\"wp-audio-shortcode\" id=\"audio-168221-28\" preload=\"none\" style=\"width: 100%;\" controls=\"controls\"><source type=\"audio\/mpeg\" src=\"http:\/\/www.fiscalia.gov.co\/colombia\/wp-content\/uploads\/programa_radio_3_junio_mezcla.mp3?_=28\" \/><a href=\"http:\/\/www.fiscalia.gov.co\/colombia\/wp-content\/uploads\/programa_radio_3_junio_mezcla.mp3\">http:\/\/www.fiscalia.gov.co\/colombia\/wp-content\/uploads\/programa_radio_3_junio_mezcla.mp3<\/a><\/audio>\r\n\r\n<strong><a title=\"Descargar audio \" href=\"http:\/\/www.fiscalia.gov.co\/colombia\/wp-content\/uploads\/programa_radio_3_junio_mezcla.mp3\" target=\"_blank\" rel=\"noopener noreferrer\">Descargar<\/a><\/strong>\r\n\r\nTema:\u00a0Polic\u00edas Judiciales Especializadas\r\nFecha: 3 de junio de 2014\r\n\r\n&nbsp;\r\n<h4><strong>Programa 13<\/strong><\/h4>\r\n<audio class=\"wp-audio-shortcode\" id=\"audio-168221-29\" preload=\"none\" style=\"width: 100%;\" controls=\"controls\"><source type=\"audio\/mpeg\" src=\"http:\/\/www.fiscalia.gov.co\/colombia\/wp-content\/uploads\/programa_radio_27_mayo_mezcla.mp3?_=29\" \/><a href=\"http:\/\/www.fiscalia.gov.co\/colombia\/wp-content\/uploads\/programa_radio_27_mayo_mezcla.mp3\">http:\/\/www.fiscalia.gov.co\/colombia\/wp-content\/uploads\/programa_radio_27_mayo_mezcla.mp3<\/a><\/audio>\r\n\r\n<strong><a title=\"Descargar \" href=\"http:\/\/www.fiscalia.gov.co\/colombia\/wp-content\/uploads\/programa_radio_27_mayo_mezcla.mp3\" target=\"_blank\" rel=\"noopener noreferrer\">Descargar<\/a><\/strong>\r\n\r\nTema:\u00a0Semana del desaparecido\/ Desaparici\u00f3n forzada\r\nFecha: 27 de mayo de 2014\r\n\r\n&nbsp;\r\n<h4><strong>Programa 12<\/strong><\/h4>\r\n<audio class=\"wp-audio-shortcode\" id=\"audio-168221-30\" preload=\"none\" style=\"width: 100%;\" controls=\"controls\"><source type=\"audio\/mpeg\" src=\"http:\/\/www.fiscalia.gov.co\/colombia\/wp-content\/uploads\/programa_radio_20_mayo_universidad_mezcla.mp3?_=30\" \/><a href=\"http:\/\/www.fiscalia.gov.co\/colombia\/wp-content\/uploads\/programa_radio_20_mayo_universidad_mezcla.mp3\">http:\/\/www.fiscalia.gov.co\/colombia\/wp-content\/uploads\/programa_radio_20_mayo_universidad_mezcla.mp3<\/a><\/audio>\r\n\r\n<strong><a title=\"Descargar audio \" href=\"http:\/\/www.fiscalia.gov.co\/colombia\/wp-content\/uploads\/programa_radio_20_mayo_universidad_mezcla.mp3\" target=\"_blank\" rel=\"noopener noreferrer\">Descargar<\/a><\/strong>\r\n\r\nTema:\u00a0Nueva instituci\u00f3n universitaria\r\nFecha: 20 de mayo de 2014\r\n\r\n&nbsp;\r\n<h4><strong>Programa 11<\/strong><\/h4>\r\n\r\n\r\n<strong><a title=\"Descargar audio \" href=\"http:\/\/www.fiscalia.gov.co\/colombia\/wp-content\/uploads\/Programa_15_abril_Medio_Ambiente_mezcla.mp3\" target=\"_blank\" rel=\"noopener noreferrer\">\r\n<\/a><a title=\"Descargar audio \" href=\"http:\/\/www.fiscalia.gov.co\/colombia\/fiscalia-para-todos-radio\/attachment\/programa_radio_13_mayo_nn_desaparecidos\/\" target=\"_blank\" rel=\"noopener noreferrer\">Descargar<\/a><\/strong>\r\n\r\nTema:\u00a0NN y desaparecidos\r\nFecha: 13 de mayo de 2014\r\n\r\n&nbsp;\r\n<h4><strong>Programa 10<\/strong><\/h4>\r\n<audio class=\"wp-audio-shortcode\" id=\"audio-168221-32\" preload=\"none\" style=\"width: 100%;\" controls=\"controls\"><source type=\"audio\/mpeg\" src=\"http:\/\/www.fiscalia.gov.co\/colombia\/wp-content\/uploads\/radio_6_mayo_propiedad-intelectual_mezcla.mp3?_=32\" \/><a href=\"http:\/\/www.fiscalia.gov.co\/colombia\/wp-content\/uploads\/radio_6_mayo_propiedad-intelectual_mezcla.mp3\">http:\/\/www.fiscalia.gov.co\/colombia\/wp-content\/uploads\/radio_6_mayo_propiedad-intelectual_mezcla.mp3<\/a><\/audio>\r\n\r\n<strong><a title=\"Descargar audio \" href=\"http:\/\/www.fiscalia.gov.co\/colombia\/wp-content\/uploads\/Programa_15_abril_Medio_Ambiente_mezcla.mp3\" target=\"_blank\" rel=\"noopener noreferrer\">\r\n<\/a><a title=\"Descargar audio \" href=\"http:\/\/www.fiscalia.gov.co\/colombia\/wp-content\/uploads\/radio_6_mayo_propiedad-intelectual_mezcla.mp3\" target=\"_blank\" rel=\"noopener noreferrer\">Descargar<\/a><\/strong>\r\n\r\nTema:\u00a0Propiedad intelectual\/ Derechos de autor\r\nFecha: 6 de mayo de 2014\r\n\r\n&nbsp;\r\n<h4><strong>Programa 9<\/strong><\/h4>\r\n<audio class=\"wp-audio-shortcode\" id=\"audio-168221-33\" preload=\"none\" style=\"width: 100%;\" controls=\"controls\"><source type=\"audio\/mpeg\" src=\"http:\/\/www.fiscalia.gov.co\/colombia\/wp-content\/uploads\/Segunda_parte_acido_29_abril_mezcla.mp3?_=33\" \/><a href=\"http:\/\/www.fiscalia.gov.co\/colombia\/wp-content\/uploads\/Segunda_parte_acido_29_abril_mezcla.mp3\">http:\/\/www.fiscalia.gov.co\/colombia\/wp-content\/uploads\/Segunda_parte_acido_29_abril_mezcla.mp3<\/a><\/audio>\r\n\r\n<strong><a title=\"Descargar audio \" href=\"http:\/\/www.fiscalia.gov.co\/colombia\/wp-content\/uploads\/Programa_15_abril_Medio_Ambiente_mezcla.mp3\" target=\"_blank\" rel=\"noopener noreferrer\">\r\n<\/a><a title=\"Descargar audio \" href=\"http:\/\/www.fiscalia.gov.co\/colombia\/wp-content\/uploads\/Segunda_parte_acido_29_abril_mezcla.mp3\" target=\"_blank\" rel=\"noopener noreferrer\">Descargar<\/a><\/strong>\r\n\r\nTema:\u00a0Segunda parte \u00bfCu\u00e1les ser\u00edan las penas por ataques con \u00e1cido?\r\nFecha: 29 de abril de 2014\r\n\r\n&nbsp;\r\n<h4><strong>Programa 8<\/strong><\/h4>\r\n\r\n\r\n<strong><a title=\"Descargar audio \" href=\"http:\/\/www.fiscalia.gov.co\/colombia\/wp-content\/uploads\/Programa_15_abril_Medio_Ambiente_mezcla.mp3\" target=\"_blank\" rel=\"noopener noreferrer\">\r\n<\/a><a title=\"Descargar audio \" href=\"http:\/\/www.fiscalia.gov.co\/colombia\/wp-content\/uploads\/Programa-de-Radio-22-04-2014-_mezcla.mp3\" target=\"_blank\" rel=\"noopener noreferrer\">Descargar<\/a><\/strong>\r\n\r\nTema:\u00a0\u00bfCu\u00e1les ser\u00edan las penas por ataques con \u00e1cido?\r\nFecha: 22 de abril de 2014\r\n\r\n&nbsp;\r\n<h4><strong>Programa 7<\/strong><\/h4>\r\n<audio class=\"wp-audio-shortcode\" id=\"audio-168221-35\" preload=\"none\" style=\"width: 100%;\" controls=\"controls\"><source type=\"audio\/mpeg\" src=\"http:\/\/www.fiscalia.gov.co\/colombia\/wp-content\/uploads\/Programa_15_abril_Medio_Ambiente_mezcla.mp3?_=35\" \/><a href=\"http:\/\/www.fiscalia.gov.co\/colombia\/wp-content\/uploads\/Programa_15_abril_Medio_Ambiente_mezcla.mp3\">http:\/\/www.fiscalia.gov.co\/colombia\/wp-content\/uploads\/Programa_15_abril_Medio_Ambiente_mezcla.mp3<\/a><\/audio>\r\n\r\n<strong><a title=\"Descargar audio \" href=\"http:\/\/www.fiscalia.gov.co\/colombia\/wp-content\/uploads\/Programa_15_abril_Medio_Ambiente_mezcla.mp3\" target=\"_blank\" rel=\"noopener noreferrer\">\r\nDescargar<\/a><\/strong>\r\n\r\nTema:\u00a0Delitos contra los Recursos Naturales y el Medio Ambiente\r\nFecha: 15 de abril de 2014\r\n\r\n&nbsp;\r\n<h4><strong>Programa 6<\/strong><\/h4>\r\n<audio class=\"wp-audio-shortcode\" id=\"audio-168221-36\" preload=\"none\" style=\"width: 100%;\" controls=\"controls\"><source type=\"audio\/mpeg\" src=\"http:\/\/www.fiscalia.gov.co\/colombia\/wp-content\/uploads\/programa_radio_8_abril_mezcla.mp3?_=36\" \/><a href=\"http:\/\/www.fiscalia.gov.co\/colombia\/wp-content\/uploads\/programa_radio_8_abril_mezcla.mp3\">http:\/\/www.fiscalia.gov.co\/colombia\/wp-content\/uploads\/programa_radio_8_abril_mezcla.mp3<\/a><\/audio>\r\n\r\n<strong><a title=\"Descargar audio \" href=\"http:\/\/www.fiscalia.gov.co\/colombia\/wp-content\/uploads\/programa_radio_8_abril_mezcla.mp3\" target=\"_blank\" rel=\"noopener noreferrer\">Descargar\u00a0<\/a><\/strong>\r\n\r\nTema: Microtr\u00e1fico\r\nFecha:\u00a0\u00a08 de abril de 2014\r\n\r\n&nbsp;\r\n<h4><strong>Programa 5<\/strong><\/h4>\r\n<div>\r\n\r\n<audio class=\"wp-audio-shortcode\" id=\"audio-168221-37\" preload=\"none\" style=\"width: 100%;\" controls=\"controls\"><source type=\"audio\/mpeg\" src=\"http:\/\/www.fiscalia.gov.co\/colombia\/wp-content\/uploads\/programa_radio_1_abril_violencia_intrafamiliar_mezcla.mp3?_=37\" \/><a href=\"http:\/\/www.fiscalia.gov.co\/colombia\/wp-content\/uploads\/programa_radio_1_abril_violencia_intrafamiliar_mezcla.mp3\">http:\/\/www.fiscalia.gov.co\/colombia\/wp-content\/uploads\/programa_radio_1_abril_violencia_intrafamiliar_mezcla.mp3<\/a><\/audio>\r\n\r\n<\/div>\r\n<div><\/div>\r\n<div><strong><a title=\"Descargar audio \" href=\"http:\/\/www.fiscalia.gov.co\/colombia\/wp-content\/uploads\/programa_radio_1_abril_violencia_intrafamiliar_mezcla.mp3\" target=\"_blank\" rel=\"noopener noreferrer\">Descargar<\/a><\/strong><\/div>\r\nTema: \u00bfQu\u00e9 hacer en caso de violencia intrafamiliar?\r\nFecha: 1 de abril de 2014\r\n\r\n&nbsp;\r\n<h4><strong>Programa 4<\/strong><\/h4>\r\n<div>\r\n\r\n<audio class=\"wp-audio-shortcode\" id=\"audio-168221-38\" preload=\"none\" style=\"width: 100%;\" controls=\"controls\"><source type=\"audio\/mpeg\" src=\"http:\/\/www.fiscalia.gov.co\/colombia\/wp-content\/uploads\/programa_radio_25_marzo_2014_mezcla.mp3?_=38\" \/><a href=\"http:\/\/www.fiscalia.gov.co\/colombia\/wp-content\/uploads\/programa_radio_25_marzo_2014_mezcla.mp3\">http:\/\/www.fiscalia.gov.co\/colombia\/wp-content\/uploads\/programa_radio_25_marzo_2014_mezcla.mp3<\/a><\/audio>\r\n\r\n<\/div>\r\n<div><\/div>\r\n<div><strong><a title=\"Descargar audio \" href=\"http:\/\/www.fiscalia.gov.co\/colombia\/wp-content\/uploads\/programa_radio_25_marzo_2014_mezcla.mp3\" target=\"_blank\" rel=\"noopener noreferrer\">Descargar<\/a><\/strong><\/div>\r\nTema: Matoneo en los colegios\r\nFecha: \u00a025 de marzo de 2014\r\n\r\n&nbsp;\r\n<h4><strong>Programa 3<\/strong><\/h4>\r\n<div>\r\n\r\n<audio class=\"wp-audio-shortcode\" id=\"audio-168221-39\" preload=\"none\" style=\"width: 100%;\" controls=\"controls\"><source type=\"audio\/mpeg\" src=\"http:\/\/www.fiscalia.gov.co\/colombia\/wp-content\/uploads\/20140318.mp3?_=39\" \/><a href=\"http:\/\/www.fiscalia.gov.co\/colombia\/wp-content\/uploads\/20140318.mp3\">http:\/\/www.fiscalia.gov.co\/colombia\/wp-content\/uploads\/20140318.mp3<\/a><\/audio>\r\n\r\n<\/div>\r\n<div><\/div>\r\n<div><strong><a title=\"Descargar audio \" href=\"http:\/\/www.fiscalia.gov.co\/colombia\/wp-content\/uploads\/20140318.mp3\" target=\"_blank\" rel=\"noopener noreferrer\">Descargar<\/a><\/strong><\/div>\r\nTema: \u00bfQu\u00e9 hacer en caso de violencia sexual?\r\nFecha: \u00a018 de marzo de 2014\r\n\r\n&nbsp;\r\n<h4><strong>Programa 2<\/strong><\/h4>\r\n<div>\r\n\r\n<audio class=\"wp-audio-shortcode\" id=\"audio-168221-40\" preload=\"none\" style=\"width: 100%;\" controls=\"controls\"><source type=\"audio\/mpeg\" src=\"http:\/\/www.fiscalia.gov.co\/colombia\/wp-content\/uploads\/FiscaliaparaTodos2_mezcla.mp3?_=40\" \/><a href=\"http:\/\/www.fiscalia.gov.co\/colombia\/wp-content\/uploads\/FiscaliaparaTodos2_mezcla.mp3\">http:\/\/www.fiscalia.gov.co\/colombia\/wp-content\/uploads\/FiscaliaparaTodos2_mezcla.mp3<\/a><\/audio>\r\n\r\n<\/div>\r\n<div><\/div>\r\n<div><strong><a title=\"Descargar \" href=\"http:\/\/www.fiscalia.gov.co\/colombia\/wp-content\/uploads\/FiscaliaparaTodos2_mezcla.mp3\" target=\"_blank\" rel=\"noopener noreferrer\">Descargar<\/a><\/strong><\/div>\r\nTema: Balance 8 a\u00f1os de Ley de Justicia y Paz\r\nFecha: \u00a011 de marzo de 2014\r\n\r\n&nbsp;\r\n<h4><strong>Programa 1<\/strong><\/h4>\r\n<div>\r\n\r\n<audio class=\"wp-audio-shortcode\" id=\"audio-168221-41\" preload=\"none\" style=\"width: 100%;\" controls=\"controls\"><source type=\"audio\/mpeg\" src=\"http:\/\/www.fiscalia.gov.co\/colombia\/wp-content\/uploads\/PFTR20140304.mp3?_=41\" \/><a href=\"http:\/\/www.fiscalia.gov.co\/colombia\/wp-content\/uploads\/PFTR20140304.mp3\">http:\/\/www.fiscalia.gov.co\/colombia\/wp-content\/uploads\/PFTR20140304.mp3<\/a><\/audio>\r\n\r\n<\/div>\r\n<div><\/div>\r\n<div><strong><a title=\"Descargar audio \" href=\"http:\/\/www.fiscalia.gov.co\/colombia\/wp-content\/uploads\/PFTR20140304.mp3\" target=\"_blank\" rel=\"noopener noreferrer\">Descargar<\/a><\/strong><\/div>\r\nTema:\u00a0Estrategia de la Fiscal\u00eda para elecciones del 9 de marzo\r\nFecha: \u00a04 de marzo de 2014\r\n[\/vc_column_text][\/vc_tta_section][\/vc_tta_accordion]<\/div><\/div><\/div><\/div><div id=\"tdi_5\" class=\"tdc-row\"><div class=\"vc_row tdi_6  wpb_row td-pb-row\" >\n<style scoped>\n\/* custom css - generated by TagDiv Composer *\/\n\n\/* custom css - generated by TagDiv Composer *\/\n.tdi_6,\r\n                .tdi_6 .tdc-columns{\r\n                    min-height: 0;\r\n                }.tdi_6,\r\n\t\t\t\t.tdi_6 .tdc-columns{\r\n\t\t\t\t    display: block;\r\n\t\t\t\t}.tdi_6 .tdc-columns{\r\n\t\t\t\t    width: 100%;\r\n\t\t\t\t}.tdi_6:before,\r\n\t\t\t\t.tdi_6:after{\r\n\t\t\t\t    display: table;\r\n\t\t\t\t}\n<\/style><div class=\"vc_column tdi_8  wpb_column vc_column_container tdc-column td-pb-span12\">\n<style scoped>\n\/* custom css - generated by TagDiv Composer *\/\n\n\/* custom css - generated by TagDiv Composer *\/\n.tdi_8{\r\n                    vertical-align: baseline;\r\n                }.tdi_8 > .wpb_wrapper,\r\n\t\t\t\t.tdi_8 > .wpb_wrapper > .tdc-elements{\r\n\t\t\t\t    display: block;\r\n\t\t\t\t}.tdi_8 > .wpb_wrapper > .tdc-elements{\r\n\t\t\t\t    width: 100%;\r\n\t\t\t\t}.tdi_8 > .wpb_wrapper > .vc_row_inner{\r\n\t\t\t\t    width: auto;\r\n\t\t\t\t}.tdi_8 > .wpb_wrapper{\r\n\t\t\t\t    width: auto;\r\n\t\t\t\t    height: auto;\r\n\t\t\t\t}\n<\/style><div class=\"wpb_wrapper\" >[vc_column_text][\/vc_column_text]<\/div><\/div><\/div><\/div><\/section>\n<div class=\"twitter-share\"><a href=\"https:\/\/twitter.com\/intent\/tweet?via=fiscaliacol\" class=\"twitter-share-button\">Tweet<\/a><\/div>\n","protected":false},"excerpt":{"rendered":"[vc_custom_heading source=\"post_title\" use_theme_fonts=\"yes\"][vc_tta_accordion][vc_tta_section title=\"Audios 2014\" tab_id=\"1536252212077-4a8c8629-02f3\"][vc_column_text] Programa 41 http:\/\/www.fiscalia.gov.co\/colombia\/wp-content\/uploads\/v\u00edctimas_paz_9_diciembre_2014_mezcla.mp3 Descargar Tema: Avances de la Fiscal\u00eda en su compromiso con la paz y las v\u00edctimas Fecha: \u00a09 de diciembre de 2014 Programa 40 http:\/\/www.fiscalia.gov.co\/colombia\/wp-content\/uploads\/40_PROGRAMA_RADIO_COSQUILLEO_mezcla.mp3 Descargar Tema:\u00a0Modalidades de robo en festividades de fin de a\u00f1o Fecha: \u00a02 de diciembre de 2014 Programa 39 http:\/\/www.fiscalia.gov.co\/colombia\/wp-content\/uploads\/PGM-XXX-FISCALIA-PARA-TODOS-NOV-25-DE-2014.mp3 Descargar Tema:\u00a0Casos connotados [...]","protected":false},"author":143,"featured_media":0,"parent":45897,"menu_order":0,"comment_status":"closed","ping_status":"closed","template":"","meta":{"tdm_status":"","tdm_grid_status":"","footnotes":""},"class_list":["post-168221","page","type-page","status-publish"],"yoast_head":"<!-- This site is optimized with the Yoast SEO plugin v24.3 - https:\/\/yoast.com\/wordpress\/plugins\/seo\/ -->\n<title>Fiscal\u00eda General de la Naci\u00f3n<\/title>\n<meta name=\"description\" content=\"P\u00e1gina oficial de la Fiscal\u00eda General de la Naci\u00f3n \u2013 Colombia. Garantizamos el acceso efectivo a la justicia, la verdad y la reparaci\u00f3n de las v\u00edctimas de los delitos.\" \/>\n<meta name=\"robots\" content=\"index, follow, max-snippet:-1, max-image-preview:large, max-video-preview:-1\" \/>\n<link rel=\"canonical\" href=\"https:\/\/www.fiscalia.gov.co\/colombia\/publicaciones\/fiscalia-para-todos-radio\/fiscalia-para-todos-radio-2014\/\" \/>\n<meta property=\"og:locale\" content=\"es_ES\" \/>\n<meta property=\"og:type\" content=\"article\" \/>\n<meta property=\"og:title\" content=\"Fiscal\u00eda General de la Naci\u00f3n\" \/>\n<meta property=\"og:description\" content=\"P\u00e1gina oficial de la Fiscal\u00eda General de la Naci\u00f3n \u2013 Colombia. Garantizamos el acceso efectivo a la justicia, la verdad y la reparaci\u00f3n de las v\u00edctimas de los delitos.\" \/>\n<meta property=\"og:url\" content=\"https:\/\/www.fiscalia.gov.co\/colombia\/publicaciones\/fiscalia-para-todos-radio\/fiscalia-para-todos-radio-2014\/\" \/>\n<meta property=\"og:site_name\" content=\"Fiscal\u00eda General de la Naci\u00f3n\" \/>\n<meta property=\"article:publisher\" content=\"https:\/\/www.facebook.com\/FiscaliaCol\" \/>\n<meta property=\"article:modified_time\" content=\"2019-10-31T16:38:31+00:00\" \/>\n<meta name=\"twitter:card\" content=\"summary_large_image\" \/>\n<meta name=\"twitter:site\" content=\"@FiscaliaCol\" \/>\n<meta name=\"twitter:label1\" content=\"Tiempo de lectura\" \/>\n\t<meta name=\"twitter:data1\" content=\"7 minutos\" \/>\n<script type=\"application\/ld+json\" class=\"yoast-schema-graph\">{\"@context\":\"https:\/\/schema.org\",\"@graph\":[{\"@type\":\"WebPage\",\"@id\":\"https:\/\/www.fiscalia.gov.co\/colombia\/publicaciones\/fiscalia-para-todos-radio\/fiscalia-para-todos-radio-2014\/\",\"url\":\"https:\/\/www.fiscalia.gov.co\/colombia\/publicaciones\/fiscalia-para-todos-radio\/fiscalia-para-todos-radio-2014\/\",\"name\":\"Fiscal\u00eda General de la Naci\u00f3n\",\"isPartOf\":{\"@id\":\"https:\/\/www.fiscalia.gov.co\/colombia\/#website\"},\"datePublished\":\"2018-09-06T16:29:13+00:00\",\"dateModified\":\"2019-10-31T16:38:31+00:00\",\"description\":\"P\u00e1gina oficial de la Fiscal\u00eda General de la Naci\u00f3n \u2013 Colombia. Garantizamos el acceso efectivo a la justicia, la verdad y la reparaci\u00f3n de las v\u00edctimas de los delitos.\",\"breadcrumb\":{\"@id\":\"https:\/\/www.fiscalia.gov.co\/colombia\/publicaciones\/fiscalia-para-todos-radio\/fiscalia-para-todos-radio-2014\/#breadcrumb\"},\"inLanguage\":\"es-CO\",\"potentialAction\":[{\"@type\":\"ReadAction\",\"target\":[\"https:\/\/www.fiscalia.gov.co\/colombia\/publicaciones\/fiscalia-para-todos-radio\/fiscalia-para-todos-radio-2014\/\"]}]},{\"@type\":\"BreadcrumbList\",\"@id\":\"https:\/\/www.fiscalia.gov.co\/colombia\/publicaciones\/fiscalia-para-todos-radio\/fiscalia-para-todos-radio-2014\/#breadcrumb\",\"itemListElement\":[{\"@type\":\"ListItem\",\"position\":1,\"name\":\"Home\",\"item\":\"https:\/\/www.fiscalia.gov.co\/colombia\/\"},{\"@type\":\"ListItem\",\"position\":2,\"name\":\"Publicaciones\",\"item\":\"https:\/\/www.fiscalia.gov.co\/colombia\/publicaciones\/\"},{\"@type\":\"ListItem\",\"position\":3,\"name\":\"Fiscal\u00eda para Todos Radio\",\"item\":\"https:\/\/www.fiscalia.gov.co\/colombia\/publicaciones\/fiscalia-para-todos-radio\/\"},{\"@type\":\"ListItem\",\"position\":4,\"name\":\"Fiscal\u00eda para Todos Radio &#8211; 2014\"}]},{\"@type\":\"WebSite\",\"@id\":\"https:\/\/www.fiscalia.gov.co\/colombia\/#website\",\"url\":\"https:\/\/www.fiscalia.gov.co\/colombia\/\",\"name\":\"Fiscal\u00eda General de la Naci\u00f3n\",\"description\":\"P\u00e1gina oficial de la Fiscal\u00eda General de la Naci\u00f3n \u2013 Colombia. Garantizamos el acceso efectivo a la justicia, la verdad y la reparaci\u00f3n de las v\u00edctimas de los delitos.\",\"publisher\":{\"@id\":\"https:\/\/www.fiscalia.gov.co\/colombia\/#organization\"},\"potentialAction\":[{\"@type\":\"SearchAction\",\"target\":{\"@type\":\"EntryPoint\",\"urlTemplate\":\"https:\/\/www.fiscalia.gov.co\/colombia\/?s={search_term_string}\"},\"query-input\":{\"@type\":\"PropertyValueSpecification\",\"valueRequired\":true,\"valueName\":\"search_term_string\"}}],\"inLanguage\":\"es-CO\"},{\"@type\":\"Organization\",\"@id\":\"https:\/\/www.fiscalia.gov.co\/colombia\/#organization\",\"name\":\"Fiscal\u00eda General de la Naci\u00f3n\",\"url\":\"https:\/\/www.fiscalia.gov.co\/colombia\/\",\"logo\":{\"@type\":\"ImageObject\",\"inLanguage\":\"es-CO\",\"@id\":\"https:\/\/www.fiscalia.gov.co\/colombia\/#\/schema\/logo\/image\/\",\"url\":\"https:\/\/www.fiscalia.gov.co\/colombia\/wp-content\/uploads\/LogoHorizontal_1.jpg\",\"contentUrl\":\"https:\/\/www.fiscalia.gov.co\/colombia\/wp-content\/uploads\/LogoHorizontal_1.jpg\",\"width\":300,\"height\":90,\"caption\":\"Fiscal\u00eda General de la Naci\u00f3n\"},\"image\":{\"@id\":\"https:\/\/www.fiscalia.gov.co\/colombia\/#\/schema\/logo\/image\/\"},\"sameAs\":[\"https:\/\/www.facebook.com\/FiscaliaCol\",\"https:\/\/x.com\/FiscaliaCol\",\"https:\/\/www.instagram.com\/fiscaliacol\",\"https:\/\/www.linkedin.com\/company\/fiscalia-general-de-la-naci-n\/\",\"https:\/\/youtube.com\/@fiscaliageneraldelanacion-4668?si=6nN79nyQICPU5iTh\"]}]}<\/script>\n<!-- \/ Yoast SEO plugin. -->","yoast_head_json":{"title":"Fiscal\u00eda General de la Naci\u00f3n","description":"P\u00e1gina oficial de la Fiscal\u00eda General de la Naci\u00f3n \u2013 Colombia. Garantizamos el acceso efectivo a la justicia, la verdad y la reparaci\u00f3n de las v\u00edctimas de los delitos.","robots":{"index":"index","follow":"follow","max-snippet":"max-snippet:-1","max-image-preview":"max-image-preview:large","max-video-preview":"max-video-preview:-1"},"canonical":"https:\/\/www.fiscalia.gov.co\/colombia\/publicaciones\/fiscalia-para-todos-radio\/fiscalia-para-todos-radio-2014\/","og_locale":"es_ES","og_type":"article","og_title":"Fiscal\u00eda General de la Naci\u00f3n","og_description":"P\u00e1gina oficial de la Fiscal\u00eda General de la Naci\u00f3n \u2013 Colombia. Garantizamos el acceso efectivo a la justicia, la verdad y la reparaci\u00f3n de las v\u00edctimas de los delitos.","og_url":"https:\/\/www.fiscalia.gov.co\/colombia\/publicaciones\/fiscalia-para-todos-radio\/fiscalia-para-todos-radio-2014\/","og_site_name":"Fiscal\u00eda General de la Naci\u00f3n","article_publisher":"https:\/\/www.facebook.com\/FiscaliaCol","article_modified_time":"2019-10-31T16:38:31+00:00","twitter_card":"summary_large_image","twitter_site":"@FiscaliaCol","twitter_misc":{"Tiempo de lectura":"7 minutos"},"schema":{"@context":"https:\/\/schema.org","@graph":[{"@type":"WebPage","@id":"https:\/\/www.fiscalia.gov.co\/colombia\/publicaciones\/fiscalia-para-todos-radio\/fiscalia-para-todos-radio-2014\/","url":"https:\/\/www.fiscalia.gov.co\/colombia\/publicaciones\/fiscalia-para-todos-radio\/fiscalia-para-todos-radio-2014\/","name":"Fiscal\u00eda General de la Naci\u00f3n","isPartOf":{"@id":"https:\/\/www.fiscalia.gov.co\/colombia\/#website"},"datePublished":"2018-09-06T16:29:13+00:00","dateModified":"2019-10-31T16:38:31+00:00","description":"P\u00e1gina oficial de la Fiscal\u00eda General de la Naci\u00f3n \u2013 Colombia. Garantizamos el acceso efectivo a la justicia, la verdad y la reparaci\u00f3n de las v\u00edctimas de los delitos.","breadcrumb":{"@id":"https:\/\/www.fiscalia.gov.co\/colombia\/publicaciones\/fiscalia-para-todos-radio\/fiscalia-para-todos-radio-2014\/#breadcrumb"},"inLanguage":"es-CO","potentialAction":[{"@type":"ReadAction","target":["https:\/\/www.fiscalia.gov.co\/colombia\/publicaciones\/fiscalia-para-todos-radio\/fiscalia-para-todos-radio-2014\/"]}]},{"@type":"BreadcrumbList","@id":"https:\/\/www.fiscalia.gov.co\/colombia\/publicaciones\/fiscalia-para-todos-radio\/fiscalia-para-todos-radio-2014\/#breadcrumb","itemListElement":[{"@type":"ListItem","position":1,"name":"Home","item":"https:\/\/www.fiscalia.gov.co\/colombia\/"},{"@type":"ListItem","position":2,"name":"Publicaciones","item":"https:\/\/www.fiscalia.gov.co\/colombia\/publicaciones\/"},{"@type":"ListItem","position":3,"name":"Fiscal\u00eda para Todos Radio","item":"https:\/\/www.fiscalia.gov.co\/colombia\/publicaciones\/fiscalia-para-todos-radio\/"},{"@type":"ListItem","position":4,"name":"Fiscal\u00eda para Todos Radio &#8211; 2014"}]},{"@type":"WebSite","@id":"https:\/\/www.fiscalia.gov.co\/colombia\/#website","url":"https:\/\/www.fiscalia.gov.co\/colombia\/","name":"Fiscal\u00eda General de la Naci\u00f3n","description":"P\u00e1gina oficial de la Fiscal\u00eda General de la Naci\u00f3n \u2013 Colombia. Garantizamos el acceso efectivo a la justicia, la verdad y la reparaci\u00f3n de las v\u00edctimas de los delitos.","publisher":{"@id":"https:\/\/www.fiscalia.gov.co\/colombia\/#organization"},"potentialAction":[{"@type":"SearchAction","target":{"@type":"EntryPoint","urlTemplate":"https:\/\/www.fiscalia.gov.co\/colombia\/?s={search_term_string}"},"query-input":{"@type":"PropertyValueSpecification","valueRequired":true,"valueName":"search_term_string"}}],"inLanguage":"es-CO"},{"@type":"Organization","@id":"https:\/\/www.fiscalia.gov.co\/colombia\/#organization","name":"Fiscal\u00eda General de la Naci\u00f3n","url":"https:\/\/www.fiscalia.gov.co\/colombia\/","logo":{"@type":"ImageObject","inLanguage":"es-CO","@id":"https:\/\/www.fiscalia.gov.co\/colombia\/#\/schema\/logo\/image\/","url":"https:\/\/www.fiscalia.gov.co\/colombia\/wp-content\/uploads\/LogoHorizontal_1.jpg","contentUrl":"https:\/\/www.fiscalia.gov.co\/colombia\/wp-content\/uploads\/LogoHorizontal_1.jpg","width":300,"height":90,"caption":"Fiscal\u00eda General de la Naci\u00f3n"},"image":{"@id":"https:\/\/www.fiscalia.gov.co\/colombia\/#\/schema\/logo\/image\/"},"sameAs":["https:\/\/www.facebook.com\/FiscaliaCol","https:\/\/x.com\/FiscaliaCol","https:\/\/www.instagram.com\/fiscaliacol","https:\/\/www.linkedin.com\/company\/fiscalia-general-de-la-naci-n\/","https:\/\/youtube.com\/@fiscaliageneraldelanacion-4668?si=6nN79nyQICPU5iTh"]}]}},"_links":{"self":[{"href":"https:\/\/www.fiscalia.gov.co\/colombia\/wp-json\/wp\/v2\/pages\/168221","targetHints":{"allow":["GET"]}}],"collection":[{"href":"https:\/\/www.fiscalia.gov.co\/colombia\/wp-json\/wp\/v2\/pages"}],"about":[{"href":"https:\/\/www.fiscalia.gov.co\/colombia\/wp-json\/wp\/v2\/types\/page"}],"author":[{"embeddable":true,"href":"https:\/\/www.fiscalia.gov.co\/colombia\/wp-json\/wp\/v2\/users\/143"}],"replies":[{"embeddable":true,"href":"https:\/\/www.fiscalia.gov.co\/colombia\/wp-json\/wp\/v2\/comments?post=168221"}],"version-history":[{"count":3,"href":"https:\/\/www.fiscalia.gov.co\/colombia\/wp-json\/wp\/v2\/pages\/168221\/revisions"}],"predecessor-version":[{"id":168238,"href":"https:\/\/www.fiscalia.gov.co\/colombia\/wp-json\/wp\/v2\/pages\/168221\/revisions\/168238"}],"up":[{"embeddable":true,"href":"https:\/\/www.fiscalia.gov.co\/colombia\/wp-json\/wp\/v2\/pages\/45897"}],"wp:attachment":[{"href":"https:\/\/www.fiscalia.gov.co\/colombia\/wp-json\/wp\/v2\/media?parent=168221"}],"curies":[{"name":"wp","href":"https:\/\/api.w.org\/{rel}","templated":true}]}}