{"id":16216,"date":"2012-05-30T11:59:42","date_gmt":"2012-05-30T16:59:42","guid":{"rendered":"http:\/\/www.fiscalia.gov.co\/colombia\/?page_id=16216"},"modified":"2024-02-14T11:07:14","modified_gmt":"2024-02-14T16:07:14","slug":"alfonso-valdivieso-sarmiento","status":"publish","type":"page","link":"https:\/\/www.fiscalia.gov.co\/colombia\/la-entidad\/el-fiscal\/ex-fiscales\/alfonso-valdivieso-sarmiento\/","title":{"rendered":"Alfonso Valdivieso Sarmiento"},"content":{"rendered":"<figure id=\"attachment_16273\" aria-describedby=\"caption-attachment-16273\" style=\"width: 244px\" class=\"wp-caption alignleft\"><a href=\"http:\/\/www.fiscalia.gov.co\/colombia\/wp-content\/uploads\/2012\/05\/AlfonsoValdivieso.jpg\"><img loading=\"lazy\" decoding=\"async\" class=\"size-full wp-image-16273\" title=\"Alfonso Valdivieso Sarmiento \" src=\"http:\/\/www.fiscalia.gov.co\/colombia\/wp-content\/uploads\/2012\/05\/AlfonsoValdivieso.jpg\" alt=\"\" width=\"244\" height=\"426\" srcset=\"https:\/\/www.fiscalia.gov.co\/colombia\/wp-content\/uploads\/2012\/05\/AlfonsoValdivieso.jpg 244w, https:\/\/www.fiscalia.gov.co\/colombia\/wp-content\/uploads\/2012\/05\/AlfonsoValdivieso-171x300.jpg 171w\" sizes=\"auto, (max-width: 244px) 100vw, 244px\" \/><\/a><figcaption id=\"caption-attachment-16273\" class=\"wp-caption-text\"><strong>Alfonso Valdivieso Sarmiento<\/strong><\/figcaption><\/figure>\n<p><strong>Fiscal General General de la Naci\u00f3n entre agosto de 1994 y mayo de 1997.<\/strong><\/p>\n<p>Alfonso Valdivieso Sarmiento, pol\u00edtico, abogado y catedr\u00e1tico colombiano, naci\u00f3 en Bucaramanga, Santander, el 2 de octubre de 1948.<\/p>\n<p>Se gradu\u00f3 como doctor en Derecho en la Pontificia Universidad Javeriana, es especialista en Desarrollo Econ\u00f3mico, Doctor Honoris Causa en Derecho de la Universidad de Boston y realiz\u00f3 estudios en Desarrollo Regional Urbano en la Universidad de Toronto, Canad\u00e1.<\/p>\n<p>En el comienzo de su carrera p\u00fablica particip\u00f3 en la fundaci\u00f3n y en el trazado ideol\u00f3gico del partido Nuevo Liberalismo, al lado de su primo hermano Luis Carlos Gal\u00e1n Sarmiento y por esa v\u00eda inici\u00f3 su carrera en la pol\u00edtica.<\/p>\n<p>Fue investigador de Fundaci\u00f3n para la Educaci\u00f3n Superior y el Desarrollo, Fedesarrollo, redactor internacional del peri\u00f3dico El Tiempo, concejal de Bucaramanga en 1989; representante a la C\u00e1mara en el per\u00edodo 1986-1990, Ministro de Educaci\u00f3n 1990-1991, embajador ante la Rep\u00fablica de Israel 1992-1993, y Fiscal General de la Naci\u00f3n entre el 18 de agosto de 1994 y el 8 de mayo de 1997. Ese a\u00f1o postul\u00f3 su nombre a la presidencia de la Rep\u00fablica por el partido Liberal, derrotado en una consulta interna por el liberal Horacio Serpa Uribe.<\/p>\n<p>Fue embajador ante las Naciones Unidas del gobierno de Andr\u00e9s Pastrana Arango de 1998 a 2002 y en 2008 se posesion\u00f3 como senador de la Rep\u00fablica en reemplazo de Rub\u00e9n Dar\u00edo Quintero. Ha sido profesor del Colegio de Estudio Superior en administraci\u00f3n \u2014CESA\u2014 y de la Universidad EAN.<\/p>\n\n<div class=\"twitter-share\"><a href=\"https:\/\/twitter.com\/intent\/tweet?via=fiscaliacol\" class=\"twitter-share-button\">Tweet<\/a><\/div>\n","protected":false},"excerpt":{"rendered":"<p>Fiscal General General de la Naci\u00f3n entre agosto de 1994 y mayo de 1997. Alfonso Valdivieso Sarmiento, pol\u00edtico, abogado y catedr\u00e1tico colombiano, naci\u00f3 en Bucaramanga, Santander, el 2 de octubre [&hellip;]<\/p>\n","protected":false},"author":143,"featured_media":0,"parent":16207,"menu_order":6,"comment_status":"closed","ping_status":"open","template":"","meta":{"tdm_status":"","tdm_grid_status":"","footnotes":""},"class_list":["post-16216","page","type-page","status-publish"],"yoast_head":"<!-- This site is optimized with the Yoast SEO plugin v24.3 - https:\/\/yoast.com\/wordpress\/plugins\/seo\/ -->\n<title>Fiscal\u00eda General de la Naci\u00f3n<\/title>\n<meta name=\"description\" content=\"P\u00e1gina oficial de la Fiscal\u00eda General de la Naci\u00f3n \u2013 Colombia. Garantizamos el acceso efectivo a la justicia, la verdad y la reparaci\u00f3n de las v\u00edctimas de los delitos.\" \/>\n<meta name=\"robots\" content=\"index, follow, max-snippet:-1, max-image-preview:large, max-video-preview:-1\" \/>\n<link rel=\"canonical\" href=\"https:\/\/www.fiscalia.gov.co\/colombia\/la-entidad\/el-fiscal\/ex-fiscales\/alfonso-valdivieso-sarmiento\/\" \/>\n<meta property=\"og:locale\" content=\"es_ES\" \/>\n<meta property=\"og:type\" content=\"article\" \/>\n<meta property=\"og:title\" content=\"Fiscal\u00eda General de la Naci\u00f3n\" \/>\n<meta property=\"og:description\" content=\"P\u00e1gina oficial de la Fiscal\u00eda General de la Naci\u00f3n \u2013 Colombia. Garantizamos el acceso efectivo a la justicia, la verdad y la reparaci\u00f3n de las v\u00edctimas de los delitos.\" \/>\n<meta property=\"og:url\" content=\"https:\/\/www.fiscalia.gov.co\/colombia\/la-entidad\/el-fiscal\/ex-fiscales\/alfonso-valdivieso-sarmiento\/\" \/>\n<meta property=\"og:site_name\" content=\"Fiscal\u00eda General de la Naci\u00f3n\" \/>\n<meta property=\"article:publisher\" content=\"https:\/\/www.facebook.com\/FiscaliaCol\" \/>\n<meta property=\"article:modified_time\" content=\"2024-02-14T16:07:14+00:00\" \/>\n<meta property=\"og:image\" content=\"http:\/\/www.fiscalia.gov.co\/colombia\/wp-content\/uploads\/2012\/05\/AlfonsoValdivieso.jpg\" \/>\n<meta name=\"twitter:card\" content=\"summary_large_image\" \/>\n<meta name=\"twitter:site\" content=\"@FiscaliaCol\" \/>\n<meta name=\"twitter:label1\" content=\"Tiempo de lectura\" \/>\n\t<meta name=\"twitter:data1\" content=\"2 minutos\" \/>\n<script type=\"application\/ld+json\" class=\"yoast-schema-graph\">{\"@context\":\"https:\/\/schema.org\",\"@graph\":[{\"@type\":\"WebPage\",\"@id\":\"https:\/\/www.fiscalia.gov.co\/colombia\/la-entidad\/el-fiscal\/ex-fiscales\/alfonso-valdivieso-sarmiento\/\",\"url\":\"https:\/\/www.fiscalia.gov.co\/colombia\/la-entidad\/el-fiscal\/ex-fiscales\/alfonso-valdivieso-sarmiento\/\",\"name\":\"Fiscal\u00eda General de la Naci\u00f3n\",\"isPartOf\":{\"@id\":\"https:\/\/www.fiscalia.gov.co\/colombia\/#website\"},\"primaryImageOfPage\":{\"@id\":\"https:\/\/www.fiscalia.gov.co\/colombia\/la-entidad\/el-fiscal\/ex-fiscales\/alfonso-valdivieso-sarmiento\/#primaryimage\"},\"image\":{\"@id\":\"https:\/\/www.fiscalia.gov.co\/colombia\/la-entidad\/el-fiscal\/ex-fiscales\/alfonso-valdivieso-sarmiento\/#primaryimage\"},\"thumbnailUrl\":\"http:\/\/www.fiscalia.gov.co\/colombia\/wp-content\/uploads\/2012\/05\/AlfonsoValdivieso.jpg\",\"datePublished\":\"2012-05-30T16:59:42+00:00\",\"dateModified\":\"2024-02-14T16:07:14+00:00\",\"description\":\"P\u00e1gina oficial de la Fiscal\u00eda General de la Naci\u00f3n \u2013 Colombia. Garantizamos el acceso efectivo a la justicia, la verdad y la reparaci\u00f3n de las v\u00edctimas de los delitos.\",\"breadcrumb\":{\"@id\":\"https:\/\/www.fiscalia.gov.co\/colombia\/la-entidad\/el-fiscal\/ex-fiscales\/alfonso-valdivieso-sarmiento\/#breadcrumb\"},\"inLanguage\":\"es-CO\",\"potentialAction\":[{\"@type\":\"ReadAction\",\"target\":[\"https:\/\/www.fiscalia.gov.co\/colombia\/la-entidad\/el-fiscal\/ex-fiscales\/alfonso-valdivieso-sarmiento\/\"]}]},{\"@type\":\"ImageObject\",\"inLanguage\":\"es-CO\",\"@id\":\"https:\/\/www.fiscalia.gov.co\/colombia\/la-entidad\/el-fiscal\/ex-fiscales\/alfonso-valdivieso-sarmiento\/#primaryimage\",\"url\":\"http:\/\/www.fiscalia.gov.co\/colombia\/wp-content\/uploads\/2012\/05\/AlfonsoValdivieso.jpg\",\"contentUrl\":\"http:\/\/www.fiscalia.gov.co\/colombia\/wp-content\/uploads\/2012\/05\/AlfonsoValdivieso.jpg\"},{\"@type\":\"BreadcrumbList\",\"@id\":\"https:\/\/www.fiscalia.gov.co\/colombia\/la-entidad\/el-fiscal\/ex-fiscales\/alfonso-valdivieso-sarmiento\/#breadcrumb\",\"itemListElement\":[{\"@type\":\"ListItem\",\"position\":1,\"name\":\"Home\",\"item\":\"https:\/\/www.fiscalia.gov.co\/colombia\/\"},{\"@type\":\"ListItem\",\"position\":2,\"name\":\"La Entidad\",\"item\":\"https:\/\/www.fiscalia.gov.co\/colombia\/la-entidad\/\"},{\"@type\":\"ListItem\",\"position\":3,\"name\":\"Fiscal General de la Naci\u00f3n\",\"item\":\"https:\/\/www.fiscalia.gov.co\/colombia\/la-entidad\/el-fiscal\/\"},{\"@type\":\"ListItem\",\"position\":4,\"name\":\"Ex Fiscales Generales de la Naci\u00f3n\",\"item\":\"https:\/\/www.fiscalia.gov.co\/colombia\/la-entidad\/el-fiscal\/ex-fiscales\/\"},{\"@type\":\"ListItem\",\"position\":5,\"name\":\"Alfonso Valdivieso Sarmiento\"}]},{\"@type\":\"WebSite\",\"@id\":\"https:\/\/www.fiscalia.gov.co\/colombia\/#website\",\"url\":\"https:\/\/www.fiscalia.gov.co\/colombia\/\",\"name\":\"Fiscal\u00eda General de la Naci\u00f3n\",\"description\":\"P\u00e1gina oficial de la Fiscal\u00eda General de la Naci\u00f3n \u2013 Colombia. Garantizamos el acceso efectivo a la justicia, la verdad y la reparaci\u00f3n de las v\u00edctimas de los delitos.\",\"publisher\":{\"@id\":\"https:\/\/www.fiscalia.gov.co\/colombia\/#organization\"},\"potentialAction\":[{\"@type\":\"SearchAction\",\"target\":{\"@type\":\"EntryPoint\",\"urlTemplate\":\"https:\/\/www.fiscalia.gov.co\/colombia\/?s={search_term_string}\"},\"query-input\":{\"@type\":\"PropertyValueSpecification\",\"valueRequired\":true,\"valueName\":\"search_term_string\"}}],\"inLanguage\":\"es-CO\"},{\"@type\":\"Organization\",\"@id\":\"https:\/\/www.fiscalia.gov.co\/colombia\/#organization\",\"name\":\"Fiscal\u00eda General de la Naci\u00f3n\",\"url\":\"https:\/\/www.fiscalia.gov.co\/colombia\/\",\"logo\":{\"@type\":\"ImageObject\",\"inLanguage\":\"es-CO\",\"@id\":\"https:\/\/www.fiscalia.gov.co\/colombia\/#\/schema\/logo\/image\/\",\"url\":\"https:\/\/www.fiscalia.gov.co\/colombia\/wp-content\/uploads\/LogoHorizontal_1.jpg\",\"contentUrl\":\"https:\/\/www.fiscalia.gov.co\/colombia\/wp-content\/uploads\/LogoHorizontal_1.jpg\",\"width\":300,\"height\":90,\"caption\":\"Fiscal\u00eda General de la Naci\u00f3n\"},\"image\":{\"@id\":\"https:\/\/www.fiscalia.gov.co\/colombia\/#\/schema\/logo\/image\/\"},\"sameAs\":[\"https:\/\/www.facebook.com\/FiscaliaCol\",\"https:\/\/x.com\/FiscaliaCol\",\"https:\/\/www.instagram.com\/fiscaliacol\",\"https:\/\/www.linkedin.com\/company\/fiscalia-general-de-la-naci-n\/\",\"https:\/\/youtube.com\/@fiscaliageneraldelanacion-4668?si=6nN79nyQICPU5iTh\"]}]}<\/script>\n<!-- \/ Yoast SEO plugin. -->","yoast_head_json":{"title":"Fiscal\u00eda General de la Naci\u00f3n","description":"P\u00e1gina oficial de la Fiscal\u00eda General de la Naci\u00f3n \u2013 Colombia. Garantizamos el acceso efectivo a la justicia, la verdad y la reparaci\u00f3n de las v\u00edctimas de los delitos.","robots":{"index":"index","follow":"follow","max-snippet":"max-snippet:-1","max-image-preview":"max-image-preview:large","max-video-preview":"max-video-preview:-1"},"canonical":"https:\/\/www.fiscalia.gov.co\/colombia\/la-entidad\/el-fiscal\/ex-fiscales\/alfonso-valdivieso-sarmiento\/","og_locale":"es_ES","og_type":"article","og_title":"Fiscal\u00eda General de la Naci\u00f3n","og_description":"P\u00e1gina oficial de la Fiscal\u00eda General de la Naci\u00f3n \u2013 Colombia. Garantizamos el acceso efectivo a la justicia, la verdad y la reparaci\u00f3n de las v\u00edctimas de los delitos.","og_url":"https:\/\/www.fiscalia.gov.co\/colombia\/la-entidad\/el-fiscal\/ex-fiscales\/alfonso-valdivieso-sarmiento\/","og_site_name":"Fiscal\u00eda General de la Naci\u00f3n","article_publisher":"https:\/\/www.facebook.com\/FiscaliaCol","article_modified_time":"2024-02-14T16:07:14+00:00","og_image":[{"url":"http:\/\/www.fiscalia.gov.co\/colombia\/wp-content\/uploads\/2012\/05\/AlfonsoValdivieso.jpg","type":"","width":"","height":""}],"twitter_card":"summary_large_image","twitter_site":"@FiscaliaCol","twitter_misc":{"Tiempo de lectura":"2 minutos"},"schema":{"@context":"https:\/\/schema.org","@graph":[{"@type":"WebPage","@id":"https:\/\/www.fiscalia.gov.co\/colombia\/la-entidad\/el-fiscal\/ex-fiscales\/alfonso-valdivieso-sarmiento\/","url":"https:\/\/www.fiscalia.gov.co\/colombia\/la-entidad\/el-fiscal\/ex-fiscales\/alfonso-valdivieso-sarmiento\/","name":"Fiscal\u00eda General de la Naci\u00f3n","isPartOf":{"@id":"https:\/\/www.fiscalia.gov.co\/colombia\/#website"},"primaryImageOfPage":{"@id":"https:\/\/www.fiscalia.gov.co\/colombia\/la-entidad\/el-fiscal\/ex-fiscales\/alfonso-valdivieso-sarmiento\/#primaryimage"},"image":{"@id":"https:\/\/www.fiscalia.gov.co\/colombia\/la-entidad\/el-fiscal\/ex-fiscales\/alfonso-valdivieso-sarmiento\/#primaryimage"},"thumbnailUrl":"http:\/\/www.fiscalia.gov.co\/colombia\/wp-content\/uploads\/2012\/05\/AlfonsoValdivieso.jpg","datePublished":"2012-05-30T16:59:42+00:00","dateModified":"2024-02-14T16:07:14+00:00","description":"P\u00e1gina oficial de la Fiscal\u00eda General de la Naci\u00f3n \u2013 Colombia. Garantizamos el acceso efectivo a la justicia, la verdad y la reparaci\u00f3n de las v\u00edctimas de los delitos.","breadcrumb":{"@id":"https:\/\/www.fiscalia.gov.co\/colombia\/la-entidad\/el-fiscal\/ex-fiscales\/alfonso-valdivieso-sarmiento\/#breadcrumb"},"inLanguage":"es-CO","potentialAction":[{"@type":"ReadAction","target":["https:\/\/www.fiscalia.gov.co\/colombia\/la-entidad\/el-fiscal\/ex-fiscales\/alfonso-valdivieso-sarmiento\/"]}]},{"@type":"ImageObject","inLanguage":"es-CO","@id":"https:\/\/www.fiscalia.gov.co\/colombia\/la-entidad\/el-fiscal\/ex-fiscales\/alfonso-valdivieso-sarmiento\/#primaryimage","url":"http:\/\/www.fiscalia.gov.co\/colombia\/wp-content\/uploads\/2012\/05\/AlfonsoValdivieso.jpg","contentUrl":"http:\/\/www.fiscalia.gov.co\/colombia\/wp-content\/uploads\/2012\/05\/AlfonsoValdivieso.jpg"},{"@type":"BreadcrumbList","@id":"https:\/\/www.fiscalia.gov.co\/colombia\/la-entidad\/el-fiscal\/ex-fiscales\/alfonso-valdivieso-sarmiento\/#breadcrumb","itemListElement":[{"@type":"ListItem","position":1,"name":"Home","item":"https:\/\/www.fiscalia.gov.co\/colombia\/"},{"@type":"ListItem","position":2,"name":"La Entidad","item":"https:\/\/www.fiscalia.gov.co\/colombia\/la-entidad\/"},{"@type":"ListItem","position":3,"name":"Fiscal General de la Naci\u00f3n","item":"https:\/\/www.fiscalia.gov.co\/colombia\/la-entidad\/el-fiscal\/"},{"@type":"ListItem","position":4,"name":"Ex Fiscales Generales de la Naci\u00f3n","item":"https:\/\/www.fiscalia.gov.co\/colombia\/la-entidad\/el-fiscal\/ex-fiscales\/"},{"@type":"ListItem","position":5,"name":"Alfonso Valdivieso Sarmiento"}]},{"@type":"WebSite","@id":"https:\/\/www.fiscalia.gov.co\/colombia\/#website","url":"https:\/\/www.fiscalia.gov.co\/colombia\/","name":"Fiscal\u00eda General de la Naci\u00f3n","description":"P\u00e1gina oficial de la Fiscal\u00eda General de la Naci\u00f3n \u2013 Colombia. Garantizamos el acceso efectivo a la justicia, la verdad y la reparaci\u00f3n de las v\u00edctimas de los delitos.","publisher":{"@id":"https:\/\/www.fiscalia.gov.co\/colombia\/#organization"},"potentialAction":[{"@type":"SearchAction","target":{"@type":"EntryPoint","urlTemplate":"https:\/\/www.fiscalia.gov.co\/colombia\/?s={search_term_string}"},"query-input":{"@type":"PropertyValueSpecification","valueRequired":true,"valueName":"search_term_string"}}],"inLanguage":"es-CO"},{"@type":"Organization","@id":"https:\/\/www.fiscalia.gov.co\/colombia\/#organization","name":"Fiscal\u00eda General de la Naci\u00f3n","url":"https:\/\/www.fiscalia.gov.co\/colombia\/","logo":{"@type":"ImageObject","inLanguage":"es-CO","@id":"https:\/\/www.fiscalia.gov.co\/colombia\/#\/schema\/logo\/image\/","url":"https:\/\/www.fiscalia.gov.co\/colombia\/wp-content\/uploads\/LogoHorizontal_1.jpg","contentUrl":"https:\/\/www.fiscalia.gov.co\/colombia\/wp-content\/uploads\/LogoHorizontal_1.jpg","width":300,"height":90,"caption":"Fiscal\u00eda General de la Naci\u00f3n"},"image":{"@id":"https:\/\/www.fiscalia.gov.co\/colombia\/#\/schema\/logo\/image\/"},"sameAs":["https:\/\/www.facebook.com\/FiscaliaCol","https:\/\/x.com\/FiscaliaCol","https:\/\/www.instagram.com\/fiscaliacol","https:\/\/www.linkedin.com\/company\/fiscalia-general-de-la-naci-n\/","https:\/\/youtube.com\/@fiscaliageneraldelanacion-4668?si=6nN79nyQICPU5iTh"]}]}},"_links":{"self":[{"href":"https:\/\/www.fiscalia.gov.co\/colombia\/wp-json\/wp\/v2\/pages\/16216","targetHints":{"allow":["GET"]}}],"collection":[{"href":"https:\/\/www.fiscalia.gov.co\/colombia\/wp-json\/wp\/v2\/pages"}],"about":[{"href":"https:\/\/www.fiscalia.gov.co\/colombia\/wp-json\/wp\/v2\/types\/page"}],"author":[{"embeddable":true,"href":"https:\/\/www.fiscalia.gov.co\/colombia\/wp-json\/wp\/v2\/users\/143"}],"replies":[{"embeddable":true,"href":"https:\/\/www.fiscalia.gov.co\/colombia\/wp-json\/wp\/v2\/comments?post=16216"}],"version-history":[{"count":16,"href":"https:\/\/www.fiscalia.gov.co\/colombia\/wp-json\/wp\/v2\/pages\/16216\/revisions"}],"predecessor-version":[{"id":288180,"href":"https:\/\/www.fiscalia.gov.co\/colombia\/wp-json\/wp\/v2\/pages\/16216\/revisions\/288180"}],"up":[{"embeddable":true,"href":"https:\/\/www.fiscalia.gov.co\/colombia\/wp-json\/wp\/v2\/pages\/16207"}],"wp:attachment":[{"href":"https:\/\/www.fiscalia.gov.co\/colombia\/wp-json\/wp\/v2\/media?parent=16216"}],"curies":[{"name":"wp","href":"https:\/\/api.w.org\/{rel}","templated":true}]}}