{"id":158889,"date":"2018-01-31T15:58:02","date_gmt":"2018-01-31T20:58:02","guid":{"rendered":"https:\/\/www.fiscalia.gov.co\/colombia\/?page_id=158889"},"modified":"2026-04-01T15:37:22","modified_gmt":"2026-04-01T20:37:22","slug":"buscador-contratos","status":"publish","type":"page","link":"https:\/\/www.fiscalia.gov.co\/colombia\/contrataciones\/buscador-contratos\/","title":{"rendered":"Procesos de contrataci\u00f3n Fiscal\u00eda General de la Naci\u00f3n y FEAB"},"content":{"rendered":"<section class=\"wpb-content-wrapper\"><div id=\"tdi_1\" class=\"tdc-row\"><div class=\"vc_row tdi_2  wpb_row td-pb-row\" >\n<style scoped>\n\/* custom css - generated by TagDiv Composer *\/\n\n\/* custom css - generated by TagDiv Composer *\/\n.tdi_2,\r\n                .tdi_2 .tdc-columns{\r\n                    min-height: 0;\r\n                }.tdi_2,\r\n\t\t\t\t.tdi_2 .tdc-columns{\r\n\t\t\t\t    display: block;\r\n\t\t\t\t}.tdi_2 .tdc-columns{\r\n\t\t\t\t    width: 100%;\r\n\t\t\t\t}.tdi_2:before,\r\n\t\t\t\t.tdi_2:after{\r\n\t\t\t\t    display: table;\r\n\t\t\t\t}\n<\/style><div class=\"vc_column tdi_4  wpb_column vc_column_container tdc-column td-pb-span12\">\n<style scoped>\n\/* custom css - generated by TagDiv Composer *\/\n\n\/* custom css - generated by TagDiv Composer *\/\n.tdi_4{\r\n                    vertical-align: baseline;\r\n                }.tdi_4 > .wpb_wrapper,\r\n\t\t\t\t.tdi_4 > .wpb_wrapper > .tdc-elements{\r\n\t\t\t\t    display: block;\r\n\t\t\t\t}.tdi_4 > .wpb_wrapper > .tdc-elements{\r\n\t\t\t\t    width: 100%;\r\n\t\t\t\t}.tdi_4 > .wpb_wrapper > .vc_row_inner{\r\n\t\t\t\t    width: auto;\r\n\t\t\t\t}.tdi_4 > .wpb_wrapper{\r\n\t\t\t\t    width: auto;\r\n\t\t\t\t    height: auto;\r\n\t\t\t\t}\n<\/style><div class=\"wpb_wrapper\" ><\/div><\/div><\/div><\/div><div id=\"tdi_5\" class=\"tdc-row stretch_row_content\"><div class=\"vc_row tdi_6  wpb_row td-pb-row\" >\n<style scoped>\n\/* custom css - generated by TagDiv Composer *\/\n\n\/* custom css - generated by TagDiv Composer *\/\n.tdi_6,\r\n                .tdi_6 .tdc-columns{\r\n                    min-height: 0;\r\n                }.tdi_6,\r\n\t\t\t\t.tdi_6 .tdc-columns{\r\n\t\t\t\t    display: block;\r\n\t\t\t\t}.tdi_6 .tdc-columns{\r\n\t\t\t\t    width: 100%;\r\n\t\t\t\t}.tdi_6:before,\r\n\t\t\t\t.tdi_6:after{\r\n\t\t\t\t    display: table;\r\n\t\t\t\t}\n<\/style><div class=\"vc_column tdi_8  wpb_column vc_column_container tdc-column td-pb-span12\">\n<style scoped>\n\/* custom css - generated by TagDiv Composer *\/\n\n\/* custom css - generated by TagDiv Composer *\/\n.tdi_8{\r\n                    vertical-align: baseline;\r\n                }.tdi_8 > .wpb_wrapper,\r\n\t\t\t\t.tdi_8 > .wpb_wrapper > .tdc-elements{\r\n\t\t\t\t    display: block;\r\n\t\t\t\t}.tdi_8 > .wpb_wrapper > .tdc-elements{\r\n\t\t\t\t    width: 100%;\r\n\t\t\t\t}.tdi_8 > .wpb_wrapper > .vc_row_inner{\r\n\t\t\t\t    width: auto;\r\n\t\t\t\t}.tdi_8 > .wpb_wrapper{\r\n\t\t\t\t    width: auto;\r\n\t\t\t\t    height: auto;\r\n\t\t\t\t}\n<\/style><div class=\"wpb_wrapper\" ><div class=\"wpb_wrapper td_block_wrap vc_raw_html tdi_10 \"><div class=\"td-fix-index\"><iframe style=\"width:100%; height:900px; border: 0px; \" class=\"buscador\" src=\"\/colombia\/fgn-dev\/procon\/\"><\/iframe>\n<\/div><\/div><\/div><\/div><\/div><\/div><div id=\"tdi_11\" class=\"tdc-row\"><div class=\"vc_row tdi_12  wpb_row td-pb-row\" >\n<style scoped>\n\/* custom css - generated by TagDiv Composer *\/\n\n\/* custom css - generated by TagDiv Composer *\/\n.tdi_12,\r\n                .tdi_12 .tdc-columns{\r\n                    min-height: 0;\r\n                }.tdi_12,\r\n\t\t\t\t.tdi_12 .tdc-columns{\r\n\t\t\t\t    display: block;\r\n\t\t\t\t}.tdi_12 .tdc-columns{\r\n\t\t\t\t    width: 100%;\r\n\t\t\t\t}.tdi_12:before,\r\n\t\t\t\t.tdi_12:after{\r\n\t\t\t\t    display: table;\r\n\t\t\t\t}\n<\/style><div class=\"vc_column tdi_14  wpb_column vc_column_container tdc-column td-pb-span8\">\n<style scoped>\n\/* custom css - generated by TagDiv Composer *\/\n\n\/* custom css - generated by TagDiv Composer *\/\n.tdi_14{\r\n                    vertical-align: baseline;\r\n                }.tdi_14 > .wpb_wrapper,\r\n\t\t\t\t.tdi_14 > .wpb_wrapper > .tdc-elements{\r\n\t\t\t\t    display: block;\r\n\t\t\t\t}.tdi_14 > .wpb_wrapper > .tdc-elements{\r\n\t\t\t\t    width: 100%;\r\n\t\t\t\t}.tdi_14 > .wpb_wrapper > .vc_row_inner{\r\n\t\t\t\t    width: auto;\r\n\t\t\t\t}.tdi_14 > .wpb_wrapper{\r\n\t\t\t\t    width: auto;\r\n\t\t\t\t    height: auto;\r\n\t\t\t\t}\n<\/style><div class=\"wpb_wrapper\" >[vc_column_text]Mediante la informaci\u00f3n contenida en este espacio usted podr\u00e1 consultar los Procesos de Contrataci\u00f3n en todas sus modalidades y por cada una de las regionales. Haciendo clic sobre el proceso, podr\u00e1 dirigirse SECOP y revisar toda la documentaci\u00f3n inherente al\u00a0mismo.\r\n\r\n[\/vc_column_text][vc_toggle title=&#8221;Licitaciones 2026&#8243;]<a href=\"https:\/\/www.fiscalia.gov.co\/colombia\/wp-content\/uploads\/Licitacion-Publica-0002-2026-Nivel-Central.pdf\" target=\"_blank\" rel=\"noopener\">Licitaci\u00f3n p\u00fablica 0002 &#8211; 2026 &#8211; Nivel Central<\/a>\r\n<a href=\"https:\/\/www.fiscalia.gov.co\/colombia\/wp-content\/uploads\/Licitacion-Publica-0001-2026-Nivel-Central.pdf\" target=\"_blank\" rel=\"noopener\">Licitaci\u00f3n p\u00fablica 0001 &#8211; 2026 &#8211; Nivel Central<\/a>[\/vc_toggle][vc_toggle title=&#8221;Licitaciones 2025&#8243;]<span data-olk-copy-source=\"MessageBody\"><a href=\"https:\/\/www.fiscalia.gov.co\/colombia\/wp-content\/uploads\/Licitacion-Publica-0003-2025-Nivel-Central.pdf\" target=\"_blank\" rel=\"noopener\">Licitaci\u00f3n p\u00fablica 0003 -2025-Nivel Central<\/a>\r\n<\/span><a href=\"https:\/\/www.fiscalia.gov.co\/colombia\/wp-content\/uploads\/Licitacion-Publica-0002-2025-Nivel-Central.pdf\" target=\"_blank\" rel=\"noopener\">Licitaci\u00f3n P\u00fablica-0002-2025-Nivel-Central\r\n<\/a><a href=\"https:\/\/www.fiscalia.gov.co\/colombia\/wp-content\/uploads\/Licitacion-Publica-0001-2025-Nivel-Central.pdf\" target=\"_blank\" rel=\"noopener\">Licitaci\u00f3n P\u00fablica-000<span class=\"gmail_default\">1-<\/span>202<span class=\"gmail_default\">5<\/span>-Nivel Central<\/a>[\/vc_toggle][vc_toggle title=&#8221;Licitaciones 2024&#8243;]<a href=\"https:\/\/www.fiscalia.gov.co\/colombia\/wp-content\/uploads\/Licitacion-Publica-0005-2024-Nivel-Central.pdf\" target=\"_blank\" rel=\"noopener\">Licitaci\u00f3n P\u00fablica-0005-2024-Nivel Central<\/a>\r\n<a href=\"https:\/\/www.fiscalia.gov.co\/colombia\/wp-content\/uploads\/Licitacion-Publica-0004-2024-Nivel-Central.pdf\" target=\"_blank\" rel=\"noopener\">Licitaci\u00f3n P\u00fablica-0004-2024-Nivel Central<\/a>\r\n<a href=\"https:\/\/www.fiscalia.gov.co\/colombia\/wp-content\/uploads\/Licitacion-Publica-0003-2024-Nivel-Central.pdf\" target=\"_blank\" rel=\"noopener\">Licitaci\u00f3n P\u00fablica-0003-2024-Nivel Central<\/a>\r\n<a href=\"https:\/\/www.fiscalia.gov.co\/colombia\/wp-content\/uploads\/Licitacion-Publica-0002-2024-Nivel-Central.pdf\" target=\"_blank\" rel=\"noopener\">Licitaci\u00f3n P\u00fablica-0002-2024-Nivel Central<\/a>\r\n<a href=\"https:\/\/www.fiscalia.gov.co\/colombia\/wp-content\/uploads\/Licitacion-Publica-0001-2024-Nivel-Central.pdf\" target=\"_blank\" rel=\"noopener\">Licitaci\u00f3n P\u00fablica-0001-2024-Nivel Central<\/a>[\/vc_toggle][vc_toggle title=&#8221;Licitaciones 2023&#8243;]<a href=\"https:\/\/www.fiscalia.gov.co\/colombia\/wp-content\/uploads\/Licitacion-Publica-0001-Nivel-Central.pdf\" target=\"_blank\" rel=\"noopener\">Licitaci\u00f3n p\u00fablica 001 &#8211; Nivel Central<\/a> \u2013 Publicado 2023-02-13\r\n<a href=\"https:\/\/www.fiscalia.gov.co\/colombia\/wp-content\/uploads\/Licitacion-Publica-0002-Nivel-Central.pdf\" target=\"_blank\" rel=\"noopener\">Licitaci\u00f3n p\u00fablica 002 &#8211; Nivel Central <\/a>\u2013 Publicado 2023-02-14\r\n<a href=\"https:\/\/www.fiscalia.gov.co\/colombia\/wp-content\/uploads\/Licitacion-Publica-0003-Nivel-Central.pdf\" target=\"_blank\" rel=\"noopener\">Licitaci\u00f3n p\u00fablica 003 &#8211; Nivel Central<\/a> \u2013 Publicado 2023-03-13\r\n<a href=\"https:\/\/www.fiscalia.gov.co\/colombia\/wp-content\/uploads\/Licitacion-Publica-0004-Nivel-Central.pdf\" target=\"_blank\" rel=\"noopener\">Licitaci\u00f3n p\u00fablica 004 &#8211; Nivel Central<\/a> \u2013 Publicado 2023-05-18\r\n<a href=\"https:\/\/www.fiscalia.gov.co\/colombia\/wp-content\/uploads\/Licitacion-Publica-0005-Nivel-Central.pdf\" target=\"_blank\" rel=\"noopener\">Licitaci\u00f3n p\u00fablica 005 &#8211; Nivel Central<\/a> \u2013 Publicado 2023-07-28\r\n\r\n<a href=\"https:\/\/www.fiscalia.gov.co\/colombia\/wp-content\/uploads\/Licitacion-Publica-0025-Regional-Central.pdf\" target=\"_blank\" rel=\"noopener\">Licitaci\u00f3n p\u00fablica 0025 &#8211; Regional Central<\/a> \u2013 Publicado 2023-03-22[\/vc_toggle][vc_toggle title=&#8221;Licitaciones 2022&#8243;]<a href=\"https:\/\/www.fiscalia.gov.co\/colombia\/wp-content\/uploads\/Aviso-de-Licitacion-FGN-NC-LP-0008-2022.pdf\" target=\"_blank\" rel=\"noopener\">Licitaci\u00f3n P\u00fablica 0008 &#8211; Nivel Central<\/a> &#8211; Publicado 2022-04-11\r\n<a href=\"https:\/\/www.fiscalia.gov.co\/colombia\/wp-content\/uploads\/Aviso-de-Licitacion-FGN-NC-LP-0007-2022.pdf\" target=\"_blank\" rel=\"noopener\">Licitaci\u00f3n P\u00fablica 0007 &#8211; Nivel Central<\/a> &#8211; Publicado 2022-09-16\r\n<a href=\"https:\/\/www.fiscalia.gov.co\/colombia\/wp-content\/uploads\/Aviso-de-Licitacion-FGN-NC-LP-0006-2022.pdf\" target=\"_blank\" rel=\"noopener\">Licitaci\u00f3n P\u00fablica 0006 &#8211; Nivel Central<\/a> &#8211; Publicado 2022-09-05\r\n<a href=\"https:\/\/www.fiscalia.gov.co\/colombia\/wp-content\/uploads\/Aviso-de-Licitacion-FGN-NC-LP-0005-2022.pdf\" target=\"_blank\" rel=\"noopener\">Licitaci\u00f3n P\u00fablica 0005 &#8211; Nivel Central<\/a> &#8211; Publicado 2022-08-29\r\n<a href=\"https:\/\/www.fiscalia.gov.co\/colombia\/wp-content\/uploads\/Aviso-de-Licitacion.pdf\" target=\"_blank\" rel=\"noopener\">Licitaci\u00f3n P\u00fablica 004 &#8211; Nivel Centra<\/a>l &#8211; Publicado 2022-04-29\r\n<a href=\"https:\/\/www.fiscalia.gov.co\/colombia\/wp-content\/uploads\/Licitaci\u00f3n-P\u00fablica-0003-Nivel-Central.pdf\" target=\"_blank\" rel=\"noopener noreferrer\">Licitaci\u00f3n p\u00fablica 0003<\/a> <a href=\"https:\/\/www.fiscalia.gov.co\/colombia\/wp-content\/uploads\/Licitaci\u00f3n-P\u00fablica-0003-Nivel-Central.pdf\" target=\"_blank\" rel=\"noopener noreferrer\">\u2013 Nivel Central<\/a> &#8211; Publicado 2022-04-12\r\n<a href=\"https:\/\/www.fiscalia.gov.co\/colombia\/wp-content\/uploads\/LIcitaci\u00f3n-P\u00fablica-002-Nivel-Central.pdf\" target=\"_blank\" rel=\"noopener noreferrer\">Licitaci\u00f3n p\u00fablica 0002\u00a0 &#8211; Nivel Central<\/a> &#8211; Publicado 2022-03-16\r\n<a href=\"https:\/\/www.fiscalia.gov.co\/colombia\/wp-content\/uploads\/Licitacio\u0301n-Pu\u0301blica-003-Regional-Central.pdf\" target=\"_blank\" rel=\"noopener noreferrer\">Licitaci\u00f3n p\u00fablica\u00a0003 \u2013 Regional Central<\/a> &#8211; Publicado 2022-02-03\r\n<a href=\"https:\/\/www.fiscalia.gov.co\/colombia\/wp-content\/uploads\/Aviso-\u00fanico-de-licitaci\u00f3n-p\u00f9blica-2022.pdf\" target=\"_blank\" rel=\"noopener noreferrer\">Licitaci\u00f3n p\u00fablica 001 &#8211; Nivel Central <\/a>\u2013 Publicado 2022-01-27[\/vc_toggle][vc_toggle title=&#8221;Licitaciones 2021&#8243;]<a href=\"https:\/\/www.fiscalia.gov.co\/colombia\/wp-content\/uploads\/Aviso-u\u0301nico-de-licitacio\u0301n-.pdf\" target=\"_blank\" rel=\"noopener noreferrer\">Licitaci\u00f3n p\u00fablica 004<\/a> &#8211; Publicado 2021-10-19\r\n\r\n<a href=\"https:\/\/www.fiscalia.gov.co\/colombia\/wp-content\/uploads\/Aviso-de-Licitacio\u0301n-1-002.pdf\" target=\"_blank\" rel=\"noopener noreferrer\">Licitaci\u00f3n p\u00fablica 003<\/a> &#8211; Publicado 2021-09-23\r\n\r\n<a href=\"https:\/\/www.fiscalia.gov.co\/colombia\/wp-content\/uploads\/Aviso-de-Licitaci\u00f3n-2.pdf\">Licitaci\u00f3n p\u00fablica 002<\/a>\r\n\r\n<a href=\"https:\/\/www.fiscalia.gov.co\/colombia\/wp-content\/uploads\/Aviso-de-Licitaci\u00f3n-1.pdf\" target=\"_blank\" rel=\"noopener noreferrer\">Licitaci\u00f3n p\u00fablica 001<\/a>[\/vc_toggle][vc_toggle title=&#8221;Licitaciones 2020&#8243;]<a href=\"https:\/\/www.fiscalia.gov.co\/colombia\/wp-content\/uploads\/Aviso-de-Licitaci\u00f3n.pdf\" target=\"_blank\" rel=\"noopener noreferrer\">Licitaci\u00f3n p\u00fablica 002<\/a>\r\n\r\n<a href=\"https:\/\/www.fiscalia.gov.co\/colombia\/wp-content\/uploads\/4.-AVISO-LICITACI\u00d3N.pdf\" target=\"_blank\" rel=\"noopener noreferrer\">Licitaci\u00f3n p\u00fablica 001<\/a>[\/vc_toggle][vc_toggle title=&#8221;Resoluciones &#8211; &#8220;Liquidaci\u00f3n unilateral de Contratos&#8220;&#8221;]<a href=\"https:\/\/www.fiscalia.gov.co\/colombia\/wp-content\/uploads\/Resoluci\u00f3n-de-Liquidaci\u00f3n-Unilateral-Antonio-Tapias.pdf\" target=\"_blank\" rel=\"noopener noreferrer\">Resoluci\u00f3n de Liquidaci\u00f3n Unilateral Antonio Tapias<\/a>[\/vc_toggle]<\/div><\/div><div class=\"vc_column tdi_16  wpb_column vc_column_container tdc-column td-pb-span4\">\n<style scoped>\n\/* custom css - generated by TagDiv Composer *\/\n\n\/* custom css - generated by TagDiv Composer *\/\n.tdi_16{\r\n                    vertical-align: baseline;\r\n                }.tdi_16 > .wpb_wrapper,\r\n\t\t\t\t.tdi_16 > .wpb_wrapper > .tdc-elements{\r\n\t\t\t\t    display: block;\r\n\t\t\t\t}.tdi_16 > .wpb_wrapper > .tdc-elements{\r\n\t\t\t\t    width: 100%;\r\n\t\t\t\t}.tdi_16 > .wpb_wrapper > .vc_row_inner{\r\n\t\t\t\t    width: auto;\r\n\t\t\t\t}.tdi_16 > .wpb_wrapper{\r\n\t\t\t\t    width: auto;\r\n\t\t\t\t    height: auto;\r\n\t\t\t\t}\n<\/style><div class=\"wpb_wrapper\" ><div class=\"wpb_wrapper td_block_wrap vc_widget_sidebar tdi_18 \" ><aside class=\"td_block_template_6 widget widget_nav_menu\"><h4 class=\"td-block-title\"><span>Contrataci\u00f3n<\/span><\/h4><div class=\"menu-contrataciones-container\"><ul id=\"menu-contrataciones\" class=\"menu\"><li id=\"menu-item-105789\" class=\"menu-item menu-item-type-custom menu-item-object-custom menu-item-first menu-item-105789\"><a href=\"https:\/\/www.contratos.gov.co\/puc\/buscador.html\">SECOP<\/a><\/li>\n<li id=\"menu-item-104272\" class=\"menu-item menu-item-type-post_type menu-item-object-page menu-item-104272\"><a href=\"https:\/\/www.fiscalia.gov.co\/colombia\/contrataciones\/manual-de-contratacion\/\">Manual de Contrataci\u00f3n \u2013 FGN<\/a><\/li>\n<li id=\"menu-item-108650\" class=\"menu-item menu-item-type-post_type menu-item-object-page menu-item-108650\"><a href=\"https:\/\/www.fiscalia.gov.co\/colombia\/contrataciones\/procesos-de-contratacion\/\">Procesos de Contrataci\u00f3n<\/a><\/li>\n<li id=\"menu-item-105791\" class=\"menu-item menu-item-type-post_type menu-item-object-page menu-item-105791\"><a href=\"https:\/\/www.fiscalia.gov.co\/colombia\/contrataciones\/plan-de-compras2\/\">Plan Anual de Adquisiciones Fiscal\u00eda General de la Naci\u00f3n<\/a><\/li>\n<li id=\"menu-item-104273\" class=\"menu-item menu-item-type-post_type menu-item-object-page menu-item-104273\"><a href=\"https:\/\/www.fiscalia.gov.co\/colombia\/contrataciones\/fondo-especial-para-la-administracion-de-bienes-feab\/\">Plan anual y lineamiento Fondo Especial para la Administraci\u00f3n de Bienes (FEAB)<\/a><\/li>\n<li id=\"menu-item-108007\" class=\"menu-item menu-item-type-post_type menu-item-object-page menu-item-108007\"><a href=\"https:\/\/www.fiscalia.gov.co\/colombia\/servicios-de-informacion-al-ciudadano\/convocatorias-protocolo-violencia-sexual\/\">Convocatorias Protocolo Violencia Sexual<\/a><\/li>\n<\/ul><\/div><\/aside><\/div><\/div><\/div><\/div><\/div><div id=\"tdi_19\" class=\"tdc-row\"><div class=\"vc_row tdi_20  wpb_row td-pb-row\" >\n<style scoped>\n\/* custom css - generated by TagDiv Composer *\/\n\n\/* custom css - generated by TagDiv Composer *\/\n.tdi_20,\r\n                .tdi_20 .tdc-columns{\r\n                    min-height: 0;\r\n                }.tdi_20,\r\n\t\t\t\t.tdi_20 .tdc-columns{\r\n\t\t\t\t    display: block;\r\n\t\t\t\t}.tdi_20 .tdc-columns{\r\n\t\t\t\t    width: 100%;\r\n\t\t\t\t}.tdi_20:before,\r\n\t\t\t\t.tdi_20:after{\r\n\t\t\t\t    display: table;\r\n\t\t\t\t}\n<\/style><div class=\"vc_column tdi_22  wpb_column vc_column_container tdc-column td-pb-span6\">\n<style scoped>\n\/* custom css - generated by TagDiv Composer *\/\n\n\/* custom css - generated by TagDiv Composer *\/\n.tdi_22{\r\n                    vertical-align: baseline;\r\n                }.tdi_22 > .wpb_wrapper,\r\n\t\t\t\t.tdi_22 > .wpb_wrapper > .tdc-elements{\r\n\t\t\t\t    display: block;\r\n\t\t\t\t}.tdi_22 > .wpb_wrapper > .tdc-elements{\r\n\t\t\t\t    width: 100%;\r\n\t\t\t\t}.tdi_22 > .wpb_wrapper > .vc_row_inner{\r\n\t\t\t\t    width: auto;\r\n\t\t\t\t}.tdi_22 > .wpb_wrapper{\r\n\t\t\t\t    width: auto;\r\n\t\t\t\t    height: auto;\r\n\t\t\t\t}\n<\/style><div class=\"wpb_wrapper\" >[vc_column_text]\r\n<table width=\"545\">\r\n<tbody>\r\n<tr>\r\n<td colspan=\"3\" width=\"545\"><strong>ESTAD\u00cdSTICA DE CONTRATOS SUSCRITOS\u00a0 &#8211; VIGENCIA 2025<\/strong><\/td>\r\n<\/tr>\r\n<tr>\r\n<td><strong>\u00cdTEM<\/strong><\/td>\r\n<td width=\"94\"><strong>N\u00daMERO DE CONTRATOS<\/strong><\/td>\r\n<td><strong>PORCENTAJE\u00a0<\/strong><\/td>\r\n<\/tr>\r\n<tr>\r\n<td>CONTRATOS PRESTACION DE SERVICIOS (CONTRATISTAS) &#8211;&gt;<\/td>\r\n<td>114<\/td>\r\n<td>11,8%<\/td>\r\n<\/tr>\r\n<tr>\r\n<td>CONTRATOS OTRAS MODALIDADES &#8211;&gt;<\/td>\r\n<td>853<\/td>\r\n<td>88,2%<\/td>\r\n<\/tr>\r\n<tr>\r\n<td>TOTAL CONTRATOS SUSCRITOS EN LA VIGENCIA &#8211;&gt;<\/td>\r\n<td>967<\/td>\r\n<td>100,0%<\/td>\r\n<\/tr>\r\n<\/tbody>\r\n<\/table>\r\n[\/vc_column_text]<\/div><\/div><div class=\"vc_column tdi_24  wpb_column vc_column_container tdc-column td-pb-span6\">\n<style scoped>\n\/* custom css - generated by TagDiv Composer *\/\n\n\/* custom css - generated by TagDiv Composer *\/\n.tdi_24{\r\n                    vertical-align: baseline;\r\n                }.tdi_24 > .wpb_wrapper,\r\n\t\t\t\t.tdi_24 > .wpb_wrapper > .tdc-elements{\r\n\t\t\t\t    display: block;\r\n\t\t\t\t}.tdi_24 > .wpb_wrapper > .tdc-elements{\r\n\t\t\t\t    width: 100%;\r\n\t\t\t\t}.tdi_24 > .wpb_wrapper > .vc_row_inner{\r\n\t\t\t\t    width: auto;\r\n\t\t\t\t}.tdi_24 > .wpb_wrapper{\r\n\t\t\t\t    width: auto;\r\n\t\t\t\t    height: auto;\r\n\t\t\t\t}\n<\/style><div class=\"wpb_wrapper\" >[vc_single_image image=&#8221;331440&#8243; img_size=&#8221;full&#8221;]<\/div><\/div><\/div><\/div><\/section>\n<div class=\"twitter-share\"><a href=\"https:\/\/twitter.com\/intent\/tweet?via=fiscaliacol\" class=\"twitter-share-button\">Tweet<\/a><\/div>\n","protected":false},"excerpt":{"rendered":"[vc_column_text]Mediante la informaci\u00f3n contenida en este espacio usted podr\u00e1 consultar los Procesos de Contrataci\u00f3n en todas sus modalidades y por cada una de las regionales. Haciendo clic sobre el proceso, podr\u00e1 dirigirse SECOP y revisar toda la documentaci\u00f3n inherente al\u00a0mismo. [\/vc_column_text][vc_toggle title=\"Licitaciones 2026\"]Licitaci\u00f3n p\u00fablica 0002 - 2026 - Nivel Central Licitaci\u00f3n p\u00fablica 0001 - 2026 [...]","protected":false},"author":143,"featured_media":0,"parent":8598,"menu_order":0,"comment_status":"closed","ping_status":"closed","template":"page-pagebuilder-title.php","meta":{"tdm_status":"","tdm_grid_status":"","footnotes":""},"class_list":["post-158889","page","type-page","status-publish"],"yoast_head":"<!-- This site is optimized with the Yoast SEO plugin v24.3 - https:\/\/yoast.com\/wordpress\/plugins\/seo\/ -->\n<title>Fiscal\u00eda General de la Naci\u00f3n<\/title>\n<meta name=\"description\" content=\"P\u00e1gina oficial de la Fiscal\u00eda General de la Naci\u00f3n \u2013 Colombia. Garantizamos el acceso efectivo a la justicia, la verdad y la reparaci\u00f3n de las v\u00edctimas de los delitos.\" \/>\n<meta name=\"robots\" content=\"index, follow, max-snippet:-1, max-image-preview:large, max-video-preview:-1\" \/>\n<link rel=\"canonical\" href=\"https:\/\/www.fiscalia.gov.co\/colombia\/contrataciones\/buscador-contratos\/\" \/>\n<meta property=\"og:locale\" content=\"es_ES\" \/>\n<meta property=\"og:type\" content=\"article\" \/>\n<meta property=\"og:title\" content=\"Fiscal\u00eda General de la Naci\u00f3n\" \/>\n<meta property=\"og:description\" content=\"P\u00e1gina oficial de la Fiscal\u00eda General de la Naci\u00f3n \u2013 Colombia. Garantizamos el acceso efectivo a la justicia, la verdad y la reparaci\u00f3n de las v\u00edctimas de los delitos.\" \/>\n<meta property=\"og:url\" content=\"https:\/\/www.fiscalia.gov.co\/colombia\/contrataciones\/buscador-contratos\/\" \/>\n<meta property=\"og:site_name\" content=\"Fiscal\u00eda General de la Naci\u00f3n\" \/>\n<meta property=\"article:publisher\" content=\"https:\/\/www.facebook.com\/FiscaliaCol\" \/>\n<meta property=\"article:modified_time\" content=\"2026-04-01T20:37:22+00:00\" \/>\n<meta name=\"twitter:card\" content=\"summary_large_image\" \/>\n<meta name=\"twitter:site\" content=\"@FiscaliaCol\" \/>\n<meta name=\"twitter:label1\" content=\"Tiempo de lectura\" \/>\n\t<meta name=\"twitter:data1\" content=\"2 minutos\" \/>\n<script type=\"application\/ld+json\" class=\"yoast-schema-graph\">{\"@context\":\"https:\/\/schema.org\",\"@graph\":[{\"@type\":\"WebPage\",\"@id\":\"https:\/\/www.fiscalia.gov.co\/colombia\/contrataciones\/buscador-contratos\/\",\"url\":\"https:\/\/www.fiscalia.gov.co\/colombia\/contrataciones\/buscador-contratos\/\",\"name\":\"Fiscal\u00eda General de la Naci\u00f3n\",\"isPartOf\":{\"@id\":\"https:\/\/www.fiscalia.gov.co\/colombia\/#website\"},\"datePublished\":\"2018-01-31T20:58:02+00:00\",\"dateModified\":\"2026-04-01T20:37:22+00:00\",\"description\":\"P\u00e1gina oficial de la Fiscal\u00eda General de la Naci\u00f3n \u2013 Colombia. Garantizamos el acceso efectivo a la justicia, la verdad y la reparaci\u00f3n de las v\u00edctimas de los delitos.\",\"breadcrumb\":{\"@id\":\"https:\/\/www.fiscalia.gov.co\/colombia\/contrataciones\/buscador-contratos\/#breadcrumb\"},\"inLanguage\":\"es-CO\",\"potentialAction\":[{\"@type\":\"ReadAction\",\"target\":[\"https:\/\/www.fiscalia.gov.co\/colombia\/contrataciones\/buscador-contratos\/\"]}]},{\"@type\":\"BreadcrumbList\",\"@id\":\"https:\/\/www.fiscalia.gov.co\/colombia\/contrataciones\/buscador-contratos\/#breadcrumb\",\"itemListElement\":[{\"@type\":\"ListItem\",\"position\":1,\"name\":\"Home\",\"item\":\"https:\/\/www.fiscalia.gov.co\/colombia\/\"},{\"@type\":\"ListItem\",\"position\":2,\"name\":\"Contrataciones\",\"item\":\"https:\/\/www.fiscalia.gov.co\/colombia\/contrataciones\/\"},{\"@type\":\"ListItem\",\"position\":3,\"name\":\"Procesos de contrataci\u00f3n Fiscal\u00eda General de la Naci\u00f3n y FEAB\"}]},{\"@type\":\"WebSite\",\"@id\":\"https:\/\/www.fiscalia.gov.co\/colombia\/#website\",\"url\":\"https:\/\/www.fiscalia.gov.co\/colombia\/\",\"name\":\"Fiscal\u00eda General de la Naci\u00f3n\",\"description\":\"P\u00e1gina oficial de la Fiscal\u00eda General de la Naci\u00f3n \u2013 Colombia. Garantizamos el acceso efectivo a la justicia, la verdad y la reparaci\u00f3n de las v\u00edctimas de los delitos.\",\"publisher\":{\"@id\":\"https:\/\/www.fiscalia.gov.co\/colombia\/#organization\"},\"potentialAction\":[{\"@type\":\"SearchAction\",\"target\":{\"@type\":\"EntryPoint\",\"urlTemplate\":\"https:\/\/www.fiscalia.gov.co\/colombia\/?s={search_term_string}\"},\"query-input\":{\"@type\":\"PropertyValueSpecification\",\"valueRequired\":true,\"valueName\":\"search_term_string\"}}],\"inLanguage\":\"es-CO\"},{\"@type\":\"Organization\",\"@id\":\"https:\/\/www.fiscalia.gov.co\/colombia\/#organization\",\"name\":\"Fiscal\u00eda General de la Naci\u00f3n\",\"url\":\"https:\/\/www.fiscalia.gov.co\/colombia\/\",\"logo\":{\"@type\":\"ImageObject\",\"inLanguage\":\"es-CO\",\"@id\":\"https:\/\/www.fiscalia.gov.co\/colombia\/#\/schema\/logo\/image\/\",\"url\":\"https:\/\/www.fiscalia.gov.co\/colombia\/wp-content\/uploads\/LogoHorizontal_1.jpg\",\"contentUrl\":\"https:\/\/www.fiscalia.gov.co\/colombia\/wp-content\/uploads\/LogoHorizontal_1.jpg\",\"width\":300,\"height\":90,\"caption\":\"Fiscal\u00eda General de la Naci\u00f3n\"},\"image\":{\"@id\":\"https:\/\/www.fiscalia.gov.co\/colombia\/#\/schema\/logo\/image\/\"},\"sameAs\":[\"https:\/\/www.facebook.com\/FiscaliaCol\",\"https:\/\/x.com\/FiscaliaCol\",\"https:\/\/www.instagram.com\/fiscaliacol\",\"https:\/\/www.linkedin.com\/company\/fiscalia-general-de-la-naci-n\/\",\"https:\/\/youtube.com\/@fiscaliageneraldelanacion-4668?si=6nN79nyQICPU5iTh\"]}]}<\/script>\n<!-- \/ Yoast SEO plugin. -->","yoast_head_json":{"title":"Fiscal\u00eda General de la Naci\u00f3n","description":"P\u00e1gina oficial de la Fiscal\u00eda General de la Naci\u00f3n \u2013 Colombia. Garantizamos el acceso efectivo a la justicia, la verdad y la reparaci\u00f3n de las v\u00edctimas de los delitos.","robots":{"index":"index","follow":"follow","max-snippet":"max-snippet:-1","max-image-preview":"max-image-preview:large","max-video-preview":"max-video-preview:-1"},"canonical":"https:\/\/www.fiscalia.gov.co\/colombia\/contrataciones\/buscador-contratos\/","og_locale":"es_ES","og_type":"article","og_title":"Fiscal\u00eda General de la Naci\u00f3n","og_description":"P\u00e1gina oficial de la Fiscal\u00eda General de la Naci\u00f3n \u2013 Colombia. Garantizamos el acceso efectivo a la justicia, la verdad y la reparaci\u00f3n de las v\u00edctimas de los delitos.","og_url":"https:\/\/www.fiscalia.gov.co\/colombia\/contrataciones\/buscador-contratos\/","og_site_name":"Fiscal\u00eda General de la Naci\u00f3n","article_publisher":"https:\/\/www.facebook.com\/FiscaliaCol","article_modified_time":"2026-04-01T20:37:22+00:00","twitter_card":"summary_large_image","twitter_site":"@FiscaliaCol","twitter_misc":{"Tiempo de lectura":"2 minutos"},"schema":{"@context":"https:\/\/schema.org","@graph":[{"@type":"WebPage","@id":"https:\/\/www.fiscalia.gov.co\/colombia\/contrataciones\/buscador-contratos\/","url":"https:\/\/www.fiscalia.gov.co\/colombia\/contrataciones\/buscador-contratos\/","name":"Fiscal\u00eda General de la Naci\u00f3n","isPartOf":{"@id":"https:\/\/www.fiscalia.gov.co\/colombia\/#website"},"datePublished":"2018-01-31T20:58:02+00:00","dateModified":"2026-04-01T20:37:22+00:00","description":"P\u00e1gina oficial de la Fiscal\u00eda General de la Naci\u00f3n \u2013 Colombia. Garantizamos el acceso efectivo a la justicia, la verdad y la reparaci\u00f3n de las v\u00edctimas de los delitos.","breadcrumb":{"@id":"https:\/\/www.fiscalia.gov.co\/colombia\/contrataciones\/buscador-contratos\/#breadcrumb"},"inLanguage":"es-CO","potentialAction":[{"@type":"ReadAction","target":["https:\/\/www.fiscalia.gov.co\/colombia\/contrataciones\/buscador-contratos\/"]}]},{"@type":"BreadcrumbList","@id":"https:\/\/www.fiscalia.gov.co\/colombia\/contrataciones\/buscador-contratos\/#breadcrumb","itemListElement":[{"@type":"ListItem","position":1,"name":"Home","item":"https:\/\/www.fiscalia.gov.co\/colombia\/"},{"@type":"ListItem","position":2,"name":"Contrataciones","item":"https:\/\/www.fiscalia.gov.co\/colombia\/contrataciones\/"},{"@type":"ListItem","position":3,"name":"Procesos de contrataci\u00f3n Fiscal\u00eda General de la Naci\u00f3n y FEAB"}]},{"@type":"WebSite","@id":"https:\/\/www.fiscalia.gov.co\/colombia\/#website","url":"https:\/\/www.fiscalia.gov.co\/colombia\/","name":"Fiscal\u00eda General de la Naci\u00f3n","description":"P\u00e1gina oficial de la Fiscal\u00eda General de la Naci\u00f3n \u2013 Colombia. Garantizamos el acceso efectivo a la justicia, la verdad y la reparaci\u00f3n de las v\u00edctimas de los delitos.","publisher":{"@id":"https:\/\/www.fiscalia.gov.co\/colombia\/#organization"},"potentialAction":[{"@type":"SearchAction","target":{"@type":"EntryPoint","urlTemplate":"https:\/\/www.fiscalia.gov.co\/colombia\/?s={search_term_string}"},"query-input":{"@type":"PropertyValueSpecification","valueRequired":true,"valueName":"search_term_string"}}],"inLanguage":"es-CO"},{"@type":"Organization","@id":"https:\/\/www.fiscalia.gov.co\/colombia\/#organization","name":"Fiscal\u00eda General de la Naci\u00f3n","url":"https:\/\/www.fiscalia.gov.co\/colombia\/","logo":{"@type":"ImageObject","inLanguage":"es-CO","@id":"https:\/\/www.fiscalia.gov.co\/colombia\/#\/schema\/logo\/image\/","url":"https:\/\/www.fiscalia.gov.co\/colombia\/wp-content\/uploads\/LogoHorizontal_1.jpg","contentUrl":"https:\/\/www.fiscalia.gov.co\/colombia\/wp-content\/uploads\/LogoHorizontal_1.jpg","width":300,"height":90,"caption":"Fiscal\u00eda General de la Naci\u00f3n"},"image":{"@id":"https:\/\/www.fiscalia.gov.co\/colombia\/#\/schema\/logo\/image\/"},"sameAs":["https:\/\/www.facebook.com\/FiscaliaCol","https:\/\/x.com\/FiscaliaCol","https:\/\/www.instagram.com\/fiscaliacol","https:\/\/www.linkedin.com\/company\/fiscalia-general-de-la-naci-n\/","https:\/\/youtube.com\/@fiscaliageneraldelanacion-4668?si=6nN79nyQICPU5iTh"]}]}},"_links":{"self":[{"href":"https:\/\/www.fiscalia.gov.co\/colombia\/wp-json\/wp\/v2\/pages\/158889","targetHints":{"allow":["GET"]}}],"collection":[{"href":"https:\/\/www.fiscalia.gov.co\/colombia\/wp-json\/wp\/v2\/pages"}],"about":[{"href":"https:\/\/www.fiscalia.gov.co\/colombia\/wp-json\/wp\/v2\/types\/page"}],"author":[{"embeddable":true,"href":"https:\/\/www.fiscalia.gov.co\/colombia\/wp-json\/wp\/v2\/users\/143"}],"replies":[{"embeddable":true,"href":"https:\/\/www.fiscalia.gov.co\/colombia\/wp-json\/wp\/v2\/comments?post=158889"}],"version-history":[{"count":77,"href":"https:\/\/www.fiscalia.gov.co\/colombia\/wp-json\/wp\/v2\/pages\/158889\/revisions"}],"predecessor-version":[{"id":360978,"href":"https:\/\/www.fiscalia.gov.co\/colombia\/wp-json\/wp\/v2\/pages\/158889\/revisions\/360978"}],"up":[{"embeddable":true,"href":"https:\/\/www.fiscalia.gov.co\/colombia\/wp-json\/wp\/v2\/pages\/8598"}],"wp:attachment":[{"href":"https:\/\/www.fiscalia.gov.co\/colombia\/wp-json\/wp\/v2\/media?parent=158889"}],"curies":[{"name":"wp","href":"https:\/\/api.w.org\/{rel}","templated":true}]}}