{"id":109421,"date":"2017-09-08T15:19:49","date_gmt":"2017-09-08T20:19:49","guid":{"rendered":"http:\/\/www.fiscalia.gov.co\/colombia\/?page_id=109421"},"modified":"2025-06-26T15:06:51","modified_gmt":"2025-06-26T20:06:51","slug":"centro-de-contacto","status":"publish","type":"page","link":"https:\/\/www.fiscalia.gov.co\/colombia\/servicios-de-informacion-al-ciudadano\/centro-de-contacto\/","title":{"rendered":"Centro de Contacto"},"content":{"rendered":"<section class=\"wpb-content-wrapper\"><div id=\"tdi_1\" class=\"tdc-row\"><div class=\"vc_row tdi_2  wpb_row td-pb-row\" >\n<style scoped>\n\/* custom css - generated by TagDiv Composer *\/\n\n\/* custom css - generated by TagDiv Composer *\/\n.tdi_2,\r\n                .tdi_2 .tdc-columns{\r\n                    min-height: 0;\r\n                }.tdi_2,\r\n\t\t\t\t.tdi_2 .tdc-columns{\r\n\t\t\t\t    display: block;\r\n\t\t\t\t}.tdi_2 .tdc-columns{\r\n\t\t\t\t    width: 100%;\r\n\t\t\t\t}.tdi_2:before,\r\n\t\t\t\t.tdi_2:after{\r\n\t\t\t\t    display: table;\r\n\t\t\t\t}\n<\/style><div class=\"vc_column tdi_4  wpb_column vc_column_container tdc-column td-pb-span8\">\n<style scoped>\n\/* custom css - generated by TagDiv Composer *\/\n\n\/* custom css - generated by TagDiv Composer *\/\n.tdi_4{\r\n                    vertical-align: baseline;\r\n                }.tdi_4 > .wpb_wrapper,\r\n\t\t\t\t.tdi_4 > .wpb_wrapper > .tdc-elements{\r\n\t\t\t\t    display: block;\r\n\t\t\t\t}.tdi_4 > .wpb_wrapper > .tdc-elements{\r\n\t\t\t\t    width: 100%;\r\n\t\t\t\t}.tdi_4 > .wpb_wrapper > .vc_row_inner{\r\n\t\t\t\t    width: auto;\r\n\t\t\t\t}.tdi_4 > .wpb_wrapper{\r\n\t\t\t\t    width: auto;\r\n\t\t\t\t    height: auto;\r\n\t\t\t\t}\n<\/style><div class=\"wpb_wrapper\" >[vc_column_text]Los ciudadanos pueden comunicarse con la Fiscal\u00eda General de la Naci\u00f3n a trav\u00e9s de su Centro de Contacto, para:\r\n<ul>\r\n \t<li>Solicitar informaci\u00f3n sobre los servicios de la entidad.<\/li>\r\n \t<li>Solicitar informaci\u00f3n b\u00e1sica de su denuncia (debe aportar el N\u00famero \u00danico de Noticia Criminal NUNC- 21 d\u00edgitos).<\/li>\r\n \t<li>Presentar denuncias por cualquier delito penal.<\/li>\r\n \t<li>Reportar hechos delictivos de forma an\u00f3nima (denuncias an\u00f3nimas).<\/li>\r\n \t<li>Reportar hechos de violencia sexual, intrafamiliar, de pareja, expareja y de g\u00e9nero.<\/li>\r\n \t<li>Reportar hechos de corrupci\u00f3n (p\u00fablica y privada).<\/li>\r\n \t<li>Reportar y denunciar hechos de trata de personas como esclavitud o explotaci\u00f3n sexual, mendicidad ajena, trabajos forzados, servidumbre o esclavitud, no importa si la v\u00edctima est\u00e1 en el pa\u00eds (nacional o extranjero), o si es un colombiano v\u00edctima de este delito en el exterior.<\/li>\r\n \t<li>Reportar y denunciar amenazas a defensores de derechos humanos, periodistas y l\u00edderes pol\u00edticos, sociales o comunales (recibidas en funci\u00f3n de su rol).<\/li>\r\n \t<li>Reportar hechos victimizantes en el marco del conflicto armado colombiano (guerrilla, disidencias, bandas criminales, paramilitares, grupos armados al margen de la ley).<\/li>\r\n \t<li>Reportar a familiares o conocidos recientemente desaparecido (Mecanismo de B\u00fasqueda Urgente -MBU).<\/li>\r\n \t<li>Interponer peticiones, quejas, reclamos, felicitaciones o sugerencias.<\/li>\r\n \t<li>Los Ni\u00f1os, Ni\u00f1as y Adolescentes (NNA) pueden comunicarse al centro de contacto de la entidad para reportar que son v\u00edctimas de un delito.<\/li>\r\n<\/ul>\r\n&nbsp;\r\n\r\n<strong>ACCESO AL CENTRO DE CONTACTO<\/strong>\r\n\r\n&nbsp;\r\n<table>\r\n<tbody>\r\n<tr>\r\n<td width=\"139\">1.L\u00edneas telef\u00f3nicas nacionales<\/td>\r\n<td colspan=\"2\" width=\"456\">Marcando gratuitamente desde tel\u00e9fono fijo a la l\u00ednea 01 8000 9197 48 o desde celular l\u00ednea 122, las <strong>24 horas del d\u00eda, 365 d\u00edas al a\u00f1o.<\/strong><\/td>\r\n<\/tr>\r\n<tr>\r\n<td width=\"139\">2. L\u00edneas telef\u00f3nicas internacionales:<\/td>\r\n<td colspan=\"2\" width=\"456\">\r\n<table width=\"0\">\r\n<tbody>\r\n<tr>\r\n<td width=\"165\"><strong>Pa\u00eds<\/strong><\/td>\r\n<td width=\"129\"><strong>N\u00famero<\/strong><\/td>\r\n<td width=\"123\"><strong>Cobertura<\/strong><\/td>\r\n<\/tr>\r\n<tr>\r\n<td width=\"165\">Espa\u00f1a<\/td>\r\n<td width=\"129\">900995727<\/td>\r\n<td width=\"123\">Fijo\/M\u00f3vil<\/td>\r\n<\/tr>\r\n<tr>\r\n<td width=\"165\">Chile<\/td>\r\n<td width=\"129\">188 800 201 122<\/td>\r\n<td width=\"123\">Fijo<\/td>\r\n<\/tr>\r\n<tr>\r\n<td width=\"165\">M\u00e9xico<\/td>\r\n<td width=\"129\">0-1800 283 2122<\/td>\r\n<td width=\"123\">Fijo\/M\u00f3vil<\/td>\r\n<\/tr>\r\n<tr>\r\n<td width=\"165\">Per\u00fa<\/td>\r\n<td width=\"129\">0800 56 057<\/td>\r\n<td width=\"123\">Fijo\/M\u00f3vil<\/td>\r\n<\/tr>\r\n<tr>\r\n<td width=\"165\">Rep\u00fablica Dominicana<\/td>\r\n<td width=\"129\">01800 751 1122<\/td>\r\n<td width=\"123\">Fijo<\/td>\r\n<\/tr>\r\n<tr>\r\n<td width=\"165\">China<\/td>\r\n<td width=\"129\">4008 427130<\/td>\r\n<td width=\"123\">Fijo<\/td>\r\n<\/tr>\r\n<tr>\r\n<td width=\"165\">Jap\u00f3n<\/td>\r\n<td width=\"129\">00531 490083<\/td>\r\n<td width=\"123\">Fijo\/M\u00f3vil<\/td>\r\n<\/tr>\r\n<tr>\r\n<td width=\"165\">Ecuador<\/td>\r\n<td width=\"129\">01800 000 118<\/td>\r\n<td width=\"123\">Fijo\/M\u00f3vil<\/td>\r\n<\/tr>\r\n<tr>\r\n<td width=\"165\">Argentina<\/td>\r\n<td width=\"129\">0800 666 0122<\/td>\r\n<td width=\"123\">Fijo\/M\u00f3vil<\/td>\r\n<\/tr>\r\n<tr>\r\n<td width=\"165\">Paraguay<\/td>\r\n<td width=\"129\">009 800 57 20122<\/td>\r\n<td width=\"123\">Fijo<\/td>\r\n<\/tr>\r\n<tr>\r\n<td width=\"165\">Emiratos \u00c1rabes Unidos<\/td>\r\n<td width=\"129\">8000 4910079<\/td>\r\n<td width=\"123\">Fijo<\/td>\r\n<\/tr>\r\n<tr>\r\n<td width=\"165\">Turqu\u00eda<\/td>\r\n<td width=\"129\">00800 142059122<\/td>\r\n<td width=\"123\">Fijo<\/td>\r\n<\/tr>\r\n<tr>\r\n<td width=\"165\">Puerto Rico \/USA<\/td>\r\n<td width=\"129\">1888 575 3122<\/td>\r\n<td width=\"123\">Fijo\/M\u00f3vil<\/td>\r\n<\/tr>\r\n<\/tbody>\r\n<\/table>\r\n<\/td>\r\n<\/tr>\r\n<tr>\r\n<td width=\"139\">2. Chat:<\/td>\r\n<td width=\"121\"><a href=\"https:\/\/chatfiscalia.4ssbc.com\/fomulariochat\/\" target=\"_blank\" rel=\"noopener\"><img loading=\"lazy\" decoding=\"async\" class=\"aligncenter wp-image-210005\" src=\"https:\/\/www.fiscalia.gov.co\/colombia\/wp-content\/uploads\/chat-fgn.png\" alt=\"\" width=\"66\" height=\"65\" srcset=\"https:\/\/www.fiscalia.gov.co\/colombia\/wp-content\/uploads\/chat-fgn.png 160w, https:\/\/www.fiscalia.gov.co\/colombia\/wp-content\/uploads\/chat-fgn-150x150.png 150w\" sizes=\"auto, (max-width: 66px) 100vw, 66px\" \/><\/a><\/td>\r\n<td width=\"335\">&nbsp;\r\n\r\nHorario de atenci\u00f3n: lunes a domingo de 8 a.m. a 6 p.m.<\/td>\r\n<\/tr>\r\n<tr>\r\n<td width=\"139\">3. Video llamada en lengua de se\u00f1as Colombiana<\/td>\r\n<td width=\"121\"><a href=\"https:\/\/chat1-cls22-aws.i6.inconcert.cloud\/inconcert\/apps\/webdesigner\/FiscaliaVideoLlamada1?token=8FDBA22BF5072360EB80F0458FE4364E \" target=\"_blank\" rel=\"noopener\"><img loading=\"lazy\" decoding=\"async\" class=\"aligncenter wp-image-210002\" src=\"https:\/\/www.fiscalia.gov.co\/colombia\/wp-content\/uploads\/lsc-sinbg.png\" alt=\"\" width=\"77\" height=\"77\" srcset=\"https:\/\/www.fiscalia.gov.co\/colombia\/wp-content\/uploads\/lsc-sinbg.png 165w, https:\/\/www.fiscalia.gov.co\/colombia\/wp-content\/uploads\/lsc-sinbg-150x150.png 150w\" sizes=\"auto, (max-width: 77px) 100vw, 77px\" \/><\/a><\/td>\r\n<td width=\"335\">Para personas sordas o con hipoacusia\r\n\r\n&nbsp;\r\n\r\nHorario: lunes a viernes de 8:00 a.m. a 5:00 p.m y s\u00e1bados de 8:00 a.m. a 3:00 p.m.<\/td>\r\n<\/tr>\r\n<tr>\r\n<td width=\"139\">4. Llamada Virtual\r\n\r\n&nbsp;<\/td>\r\n<td width=\"121\"><a href=\"https:\/\/chat1-cls22-aws.i6.inconcert.cloud\/inconcert\/apps\/webdesigner\/FiscaliaClicktoCall?token=7995358EE790DF9A96FFADB480C4E325\" target=\"_blank\" rel=\"noopener\"><img loading=\"lazy\" decoding=\"async\" class=\"aligncenter wp-image-210004\" src=\"https:\/\/www.fiscalia.gov.co\/colombia\/wp-content\/uploads\/call-fgn.png\" alt=\"\" width=\"78\" height=\"77\" \/><\/a><\/td>\r\n<td width=\"335\">Llamada web desde un dispositivo conectado a internet\r\n\r\n&nbsp;\r\n\r\nHorario de atenci\u00f3n: lunes a domingo\u00a0 de 6 a.m. a 10 p.m.<\/td>\r\n<\/tr>\r\n<tr>\r\n<td width=\"139\">5.Mensajer\u00eda SMS a trav\u00e9s del c\u00f3digo corto de mensajer\u00eda (898006).\r\n\r\n&nbsp;<\/td>\r\n<td width=\"121\"><a href=\"https:\/\/www.fiscalia.gov.co\/colombia\/servicio-sms\/\" target=\"_blank\" rel=\"noopener\"><img loading=\"lazy\" decoding=\"async\" class=\"aligncenter wp-image-210006\" src=\"https:\/\/www.fiscalia.gov.co\/colombia\/wp-content\/uploads\/chatmsn-fgn.png\" alt=\"\" width=\"71\" height=\"71\" \/><\/a><\/td>\r\n<td width=\"335\">&nbsp;\r\n\r\nHorario de atenci\u00f3n: lunes a s\u00e1bado\u00a0 de 6 a.m. a 10 p.m.\r\n\r\n&nbsp;<\/td>\r\n<\/tr>\r\n<tr>\r\n<td rowspan=\"3\" width=\"139\">&nbsp;\r\n\r\n&nbsp;\r\n\r\n&nbsp;\r\n\r\n6. Para denunciar<\/td>\r\n<td width=\"121\"><a href=\"https:\/\/sicecon.fiscalia.gov.co\/denuncia\/ingresoPrincipal\" target=\"_blank\" rel=\"noopener\"><img loading=\"lazy\" decoding=\"async\" class=\"aligncenter size-full wp-image-261963\" src=\"https:\/\/www.fiscalia.gov.co\/colombia\/wp-content\/uploads\/DENUNCIA-350-x-100.png\" alt=\"\" width=\"350\" height=\"100\" srcset=\"https:\/\/www.fiscalia.gov.co\/colombia\/wp-content\/uploads\/DENUNCIA-350-x-100.png 350w, https:\/\/www.fiscalia.gov.co\/colombia\/wp-content\/uploads\/DENUNCIA-350-x-100-300x86.png 300w\" sizes=\"auto, (max-width: 350px) 100vw, 350px\" \/><\/a><\/td>\r\n<td width=\"335\">&nbsp;\r\n\r\nHorario de atenci\u00f3n: <strong>24 horas del d\u00eda, 365 d\u00edas al a\u00f1o<\/strong><\/td>\r\n<\/tr>\r\n<tr>\r\n<td width=\"121\"><a href=\"https:\/\/sicecon.fiscalia.gov.co\/denuncia\/ingresoPrincipal\" target=\"_blank\" rel=\"noopener\"><img loading=\"lazy\" decoding=\"async\" class=\"aligncenter size-full wp-image-276756\" src=\"https:\/\/www.fiscalia.gov.co\/colombia\/wp-content\/uploads\/QR-Denuncia-Facil-2_page-0001.jpg\" alt=\"\" width=\"2344\" height=\"2344\" srcset=\"https:\/\/www.fiscalia.gov.co\/colombia\/wp-content\/uploads\/QR-Denuncia-Facil-2_page-0001.jpg 2344w, https:\/\/www.fiscalia.gov.co\/colombia\/wp-content\/uploads\/QR-Denuncia-Facil-2_page-0001-300x300.jpg 300w, https:\/\/www.fiscalia.gov.co\/colombia\/wp-content\/uploads\/QR-Denuncia-Facil-2_page-0001-1024x1024.jpg 1024w, https:\/\/www.fiscalia.gov.co\/colombia\/wp-content\/uploads\/QR-Denuncia-Facil-2_page-0001-150x150.jpg 150w, https:\/\/www.fiscalia.gov.co\/colombia\/wp-content\/uploads\/QR-Denuncia-Facil-2_page-0001-768x768.jpg 768w, https:\/\/www.fiscalia.gov.co\/colombia\/wp-content\/uploads\/QR-Denuncia-Facil-2_page-0001-1536x1536.jpg 1536w, https:\/\/www.fiscalia.gov.co\/colombia\/wp-content\/uploads\/QR-Denuncia-Facil-2_page-0001-2048x2048.jpg 2048w, https:\/\/www.fiscalia.gov.co\/colombia\/wp-content\/uploads\/QR-Denuncia-Facil-2_page-0001-696x696.jpg 696w, https:\/\/www.fiscalia.gov.co\/colombia\/wp-content\/uploads\/QR-Denuncia-Facil-2_page-0001-1068x1068.jpg 1068w, https:\/\/www.fiscalia.gov.co\/colombia\/wp-content\/uploads\/QR-Denuncia-Facil-2_page-0001-1920x1920.jpg 1920w, https:\/\/www.fiscalia.gov.co\/colombia\/wp-content\/uploads\/QR-Denuncia-Facil-2_page-0001-420x420.jpg 420w\" sizes=\"auto, (max-width: 2344px) 100vw, 2344px\" \/><\/a><\/td>\r\n<td width=\"335\">Escanee este c\u00f3digo QR\r\n\r\n&nbsp;\r\n\r\nHorario de atenci\u00f3n: <strong>24 horas del d\u00eda, 365 d\u00edas al a\u00f1o<\/strong><\/td>\r\n<\/tr>\r\n<\/tbody>\r\n<\/table>\r\n[\/vc_column_text]<\/div><\/div><div class=\"vc_column tdi_6  wpb_column vc_column_container tdc-column td-pb-span4\">\n<style scoped>\n\/* custom css - generated by TagDiv Composer *\/\n\n\/* custom css - generated by TagDiv Composer *\/\n.tdi_6{\r\n                    vertical-align: baseline;\r\n                }.tdi_6 > .wpb_wrapper,\r\n\t\t\t\t.tdi_6 > .wpb_wrapper > .tdc-elements{\r\n\t\t\t\t    display: block;\r\n\t\t\t\t}.tdi_6 > .wpb_wrapper > .tdc-elements{\r\n\t\t\t\t    width: 100%;\r\n\t\t\t\t}.tdi_6 > .wpb_wrapper > .vc_row_inner{\r\n\t\t\t\t    width: auto;\r\n\t\t\t\t}.tdi_6 > .wpb_wrapper{\r\n\t\t\t\t    width: auto;\r\n\t\t\t\t    height: auto;\r\n\t\t\t\t}\n<\/style><div class=\"wpb_wrapper\" ><div class=\"wpb_wrapper td_block_wrap vc_widget_sidebar tdi_8 \" ><aside class=\"td_block_template_6 widget widget_nav_menu\"><h4 class=\"td-block-title\"><span>Servicio al ciudadano<\/span><\/h4><div class=\"menu-atencion-al-usuario-container\"><ul id=\"menu-atencion-al-usuario\" class=\"menu\"><li id=\"menu-item-298336\" class=\"menu-item menu-item-type-post_type menu-item-object-page menu-item-first menu-item-298336\"><a href=\"https:\/\/www.fiscalia.gov.co\/colombia\/menu-atencion-y-servicios-a-la-ciudadania\/\">Men\u00fa Atenci\u00f3n y Servicios a la Ciudadan\u00eda<\/a><\/li>\n<li id=\"menu-item-107291\" class=\"menu-item menu-item-type-custom menu-item-object-custom menu-item-107291\"><a target=\"_blank\" href=\"https:\/\/www.fiscalia.gov.co\/colombia\/menu-atencion-y-servicios-a-la-ciudadania\/puntos-de-atencion-fiscalia\/\">Puntos de Recepci\u00f3n de Denuncias<\/a><\/li>\n<li id=\"menu-item-315193\" class=\"menu-item menu-item-type-post_type menu-item-object-page menu-item-315193\"><a href=\"https:\/\/www.fiscalia.gov.co\/colombia\/justicia-transicional-2\/\">Justicia Transicional<\/a><\/li>\n<li id=\"menu-item-168988\" class=\"menu-item menu-item-type-post_type menu-item-object-page menu-item-168988\"><a target=\"_blank\" href=\"https:\/\/www.fiscalia.gov.co\/colombia\/gestion\/informe-de-peticiones-quejas-y-reclamos\/\">Informes trimestrales sobre acceso a informaci\u00f3n, quejas y reclamos<\/a><\/li>\n<li id=\"menu-item-104258\" class=\"menu-item menu-item-type-post_type menu-item-object-page menu-item-104258\"><a target=\"_blank\" href=\"https:\/\/www.fiscalia.gov.co\/colombia\/portafolio-de-servicios\/\">Portafolio de servicios<\/a><\/li>\n<li id=\"menu-item-112179\" class=\"menu-item menu-item-type-custom menu-item-object-custom menu-item-112179\"><a target=\"_blank\" href=\"https:\/\/fiscaliagn.maps.arcgis.com\/apps\/webappviewer\/index.html?id=9e38e436e9e645b3a39a837fe42e2b5d%20\">Nuestro directorio<\/a><\/li>\n<li id=\"menu-item-107909\" class=\"menu-item menu-item-type-post_type menu-item-object-page menu-item-107909\"><a target=\"_blank\" href=\"https:\/\/www.fiscalia.gov.co\/colombia\/gestion\/estadisticas\/\">Datos abiertos de la Fiscal\u00eda General de la Naci\u00f3n<\/a><\/li>\n<li id=\"menu-item-316827\" class=\"menu-item menu-item-type-post_type menu-item-object-page menu-item-316827\"><a href=\"https:\/\/www.fiscalia.gov.co\/colombia\/servicios-de-informacion-al-ciudadano\/consultas\/nombramientos\/\">Nombramientos<\/a><\/li>\n<li id=\"menu-item-315811\" class=\"menu-item menu-item-type-post_type menu-item-object-page menu-item-315811\"><a href=\"https:\/\/www.fiscalia.gov.co\/colombia\/contrataciones\/aspirantes\/\">Aspirantes<\/a><\/li>\n<li id=\"menu-item-315069\" class=\"menu-item menu-item-type-post_type menu-item-object-page menu-item-315069\"><a href=\"https:\/\/www.fiscalia.gov.co\/colombia\/la-entidad\/ofertas-de-empleo\/\">Ofertas de empleo<\/a><\/li>\n<li id=\"menu-item-104262\" class=\"menu-item menu-item-type-post_type menu-item-object-page menu-item-104262\"><a target=\"_blank\" href=\"https:\/\/www.fiscalia.gov.co\/colombia\/servicios-de-informacion-al-ciudadano\/buzon-de-quejas-y-reclamos\/\">Formule y haga seguimiento a su PQRS<\/a><\/li>\n<li id=\"menu-item-252269\" class=\"menu-item menu-item-type-post_type menu-item-object-page menu-item-252269\"><a target=\"_blank\" href=\"https:\/\/www.fiscalia.gov.co\/colombia\/fiscalia-para-ninos-ninas-y-adolescentes\/\">Fiscal\u00eda para ni\u00f1os, ni\u00f1as y adolescentes<\/a><\/li>\n<li id=\"menu-item-104267\" class=\"menu-item menu-item-type-post_type menu-item-object-page menu-item-104267\"><a target=\"_blank\" href=\"https:\/\/www.fiscalia.gov.co\/colombia\/servicios-de-informacion-al-ciudadano\/preguntas-frecuentes\/\">Preguntas frecuentes<\/a><\/li>\n<li id=\"menu-item-106954\" class=\"menu-item menu-item-type-post_type menu-item-object-page menu-item-106954\"><a target=\"_blank\" href=\"https:\/\/www.fiscalia.gov.co\/colombia\/transparencia-y-acceso-a-informacion-publica\/glosario\/\">Glosario<\/a><\/li>\n<\/ul><\/div><\/aside><\/div>[vc_column_text]<a href=\"https:\/\/sicecon.fiscalia.gov.co\/denuncia\/ingresoPrincipal\" target=\"_blank\" rel=\"noopener\"><img loading=\"lazy\" decoding=\"async\" class=\"alignleft wp-image-260838 size-full\" src=\"https:\/\/www.fiscalia.gov.co\/colombia\/wp-content\/uploads\/DENUNCIA-F.png\" alt=\"\" width=\"355\" height=\"220\" srcset=\"https:\/\/www.fiscalia.gov.co\/colombia\/wp-content\/uploads\/DENUNCIA-F.png 355w, https:\/\/www.fiscalia.gov.co\/colombia\/wp-content\/uploads\/DENUNCIA-F-300x186.png 300w\" sizes=\"auto, (max-width: 355px) 100vw, 355px\" \/><\/a>[\/vc_column_text]<\/div><\/div><\/div><\/div><\/section>\n<div class=\"twitter-share\"><a href=\"https:\/\/twitter.com\/intent\/tweet?via=fiscaliacol\" class=\"twitter-share-button\">Tweet<\/a><\/div>\n","protected":false},"excerpt":{"rendered":"[vc_column_text]Los ciudadanos pueden comunicarse con la Fiscal\u00eda General de la Naci\u00f3n a trav\u00e9s de su Centro de Contacto, para: Solicitar informaci\u00f3n sobre los servicios de la entidad. Solicitar informaci\u00f3n b\u00e1sica de su denuncia (debe aportar el N\u00famero \u00danico de Noticia Criminal NUNC- 21 d\u00edgitos). Presentar denuncias por cualquier delito penal. Reportar hechos delictivos de forma [...]","protected":false},"author":143,"featured_media":0,"parent":8600,"menu_order":0,"comment_status":"closed","ping_status":"closed","template":"page-pagebuilder-title.php","meta":{"tdm_status":"","tdm_grid_status":"","footnotes":""},"class_list":["post-109421","page","type-page","status-publish"],"yoast_head":"<!-- This site is optimized with the Yoast SEO plugin v24.3 - https:\/\/yoast.com\/wordpress\/plugins\/seo\/ -->\n<title>Fiscal\u00eda General de la Naci\u00f3n<\/title>\n<meta name=\"description\" content=\"P\u00e1gina oficial de la Fiscal\u00eda General de la Naci\u00f3n \u2013 Colombia. Garantizamos el acceso efectivo a la justicia, la verdad y la reparaci\u00f3n de las v\u00edctimas de los delitos.\" \/>\n<meta name=\"robots\" content=\"index, follow, max-snippet:-1, max-image-preview:large, max-video-preview:-1\" \/>\n<link rel=\"canonical\" href=\"https:\/\/www.fiscalia.gov.co\/colombia\/servicios-de-informacion-al-ciudadano\/centro-de-contacto\/\" \/>\n<meta property=\"og:locale\" content=\"es_ES\" \/>\n<meta property=\"og:type\" content=\"article\" \/>\n<meta property=\"og:title\" content=\"Fiscal\u00eda General de la Naci\u00f3n\" \/>\n<meta property=\"og:description\" content=\"P\u00e1gina oficial de la Fiscal\u00eda General de la Naci\u00f3n \u2013 Colombia. Garantizamos el acceso efectivo a la justicia, la verdad y la reparaci\u00f3n de las v\u00edctimas de los delitos.\" \/>\n<meta property=\"og:url\" content=\"https:\/\/www.fiscalia.gov.co\/colombia\/servicios-de-informacion-al-ciudadano\/centro-de-contacto\/\" \/>\n<meta property=\"og:site_name\" content=\"Fiscal\u00eda General de la Naci\u00f3n\" \/>\n<meta property=\"article:publisher\" content=\"https:\/\/www.facebook.com\/FiscaliaCol\" \/>\n<meta property=\"article:modified_time\" content=\"2025-06-26T20:06:51+00:00\" \/>\n<meta property=\"og:image\" content=\"https:\/\/www.fiscalia.gov.co\/colombia\/wp-content\/uploads\/chat-fgn.png\" \/>\n\t<meta property=\"og:image:width\" content=\"160\" \/>\n\t<meta property=\"og:image:height\" content=\"158\" \/>\n\t<meta property=\"og:image:type\" content=\"image\/png\" \/>\n<meta name=\"twitter:card\" content=\"summary_large_image\" \/>\n<meta name=\"twitter:site\" content=\"@FiscaliaCol\" \/>\n<meta name=\"twitter:label1\" content=\"Tiempo de lectura\" \/>\n\t<meta name=\"twitter:data1\" content=\"4 minutos\" \/>\n<script type=\"application\/ld+json\" class=\"yoast-schema-graph\">{\"@context\":\"https:\/\/schema.org\",\"@graph\":[{\"@type\":\"WebPage\",\"@id\":\"https:\/\/www.fiscalia.gov.co\/colombia\/servicios-de-informacion-al-ciudadano\/centro-de-contacto\/\",\"url\":\"https:\/\/www.fiscalia.gov.co\/colombia\/servicios-de-informacion-al-ciudadano\/centro-de-contacto\/\",\"name\":\"Fiscal\u00eda General de la Naci\u00f3n\",\"isPartOf\":{\"@id\":\"https:\/\/www.fiscalia.gov.co\/colombia\/#website\"},\"primaryImageOfPage\":{\"@id\":\"https:\/\/www.fiscalia.gov.co\/colombia\/servicios-de-informacion-al-ciudadano\/centro-de-contacto\/#primaryimage\"},\"image\":{\"@id\":\"https:\/\/www.fiscalia.gov.co\/colombia\/servicios-de-informacion-al-ciudadano\/centro-de-contacto\/#primaryimage\"},\"thumbnailUrl\":\"https:\/\/www.fiscalia.gov.co\/colombia\/wp-content\/uploads\/chat-fgn.png\",\"datePublished\":\"2017-09-08T20:19:49+00:00\",\"dateModified\":\"2025-06-26T20:06:51+00:00\",\"description\":\"P\u00e1gina oficial de la Fiscal\u00eda General de la Naci\u00f3n \u2013 Colombia. Garantizamos el acceso efectivo a la justicia, la verdad y la reparaci\u00f3n de las v\u00edctimas de los delitos.\",\"breadcrumb\":{\"@id\":\"https:\/\/www.fiscalia.gov.co\/colombia\/servicios-de-informacion-al-ciudadano\/centro-de-contacto\/#breadcrumb\"},\"inLanguage\":\"es-CO\",\"potentialAction\":[{\"@type\":\"ReadAction\",\"target\":[\"https:\/\/www.fiscalia.gov.co\/colombia\/servicios-de-informacion-al-ciudadano\/centro-de-contacto\/\"]}]},{\"@type\":\"ImageObject\",\"inLanguage\":\"es-CO\",\"@id\":\"https:\/\/www.fiscalia.gov.co\/colombia\/servicios-de-informacion-al-ciudadano\/centro-de-contacto\/#primaryimage\",\"url\":\"https:\/\/www.fiscalia.gov.co\/colombia\/wp-content\/uploads\/chat-fgn.png\",\"contentUrl\":\"https:\/\/www.fiscalia.gov.co\/colombia\/wp-content\/uploads\/chat-fgn.png\",\"width\":160,\"height\":158},{\"@type\":\"BreadcrumbList\",\"@id\":\"https:\/\/www.fiscalia.gov.co\/colombia\/servicios-de-informacion-al-ciudadano\/centro-de-contacto\/#breadcrumb\",\"itemListElement\":[{\"@type\":\"ListItem\",\"position\":1,\"name\":\"Home\",\"item\":\"https:\/\/www.fiscalia.gov.co\/colombia\/\"},{\"@type\":\"ListItem\",\"position\":2,\"name\":\"Participaci\u00f3n ciudadana\",\"item\":\"https:\/\/www.fiscalia.gov.co\/colombia\/servicios-de-informacion-al-ciudadano\/\"},{\"@type\":\"ListItem\",\"position\":3,\"name\":\"Centro de Contacto\"}]},{\"@type\":\"WebSite\",\"@id\":\"https:\/\/www.fiscalia.gov.co\/colombia\/#website\",\"url\":\"https:\/\/www.fiscalia.gov.co\/colombia\/\",\"name\":\"Fiscal\u00eda General de la Naci\u00f3n\",\"description\":\"P\u00e1gina oficial de la Fiscal\u00eda General de la Naci\u00f3n \u2013 Colombia. Garantizamos el acceso efectivo a la justicia, la verdad y la reparaci\u00f3n de las v\u00edctimas de los delitos.\",\"publisher\":{\"@id\":\"https:\/\/www.fiscalia.gov.co\/colombia\/#organization\"},\"potentialAction\":[{\"@type\":\"SearchAction\",\"target\":{\"@type\":\"EntryPoint\",\"urlTemplate\":\"https:\/\/www.fiscalia.gov.co\/colombia\/?s={search_term_string}\"},\"query-input\":{\"@type\":\"PropertyValueSpecification\",\"valueRequired\":true,\"valueName\":\"search_term_string\"}}],\"inLanguage\":\"es-CO\"},{\"@type\":\"Organization\",\"@id\":\"https:\/\/www.fiscalia.gov.co\/colombia\/#organization\",\"name\":\"Fiscal\u00eda General de la Naci\u00f3n\",\"url\":\"https:\/\/www.fiscalia.gov.co\/colombia\/\",\"logo\":{\"@type\":\"ImageObject\",\"inLanguage\":\"es-CO\",\"@id\":\"https:\/\/www.fiscalia.gov.co\/colombia\/#\/schema\/logo\/image\/\",\"url\":\"https:\/\/www.fiscalia.gov.co\/colombia\/wp-content\/uploads\/LogoHorizontal_1.jpg\",\"contentUrl\":\"https:\/\/www.fiscalia.gov.co\/colombia\/wp-content\/uploads\/LogoHorizontal_1.jpg\",\"width\":300,\"height\":90,\"caption\":\"Fiscal\u00eda General de la Naci\u00f3n\"},\"image\":{\"@id\":\"https:\/\/www.fiscalia.gov.co\/colombia\/#\/schema\/logo\/image\/\"},\"sameAs\":[\"https:\/\/www.facebook.com\/FiscaliaCol\",\"https:\/\/x.com\/FiscaliaCol\",\"https:\/\/www.instagram.com\/fiscaliacol\",\"https:\/\/www.linkedin.com\/company\/fiscalia-general-de-la-naci-n\/\",\"https:\/\/youtube.com\/@fiscaliageneraldelanacion-4668?si=6nN79nyQICPU5iTh\"]}]}<\/script>\n<!-- \/ Yoast SEO plugin. -->","yoast_head_json":{"title":"Fiscal\u00eda General de la Naci\u00f3n","description":"P\u00e1gina oficial de la Fiscal\u00eda General de la Naci\u00f3n \u2013 Colombia. Garantizamos el acceso efectivo a la justicia, la verdad y la reparaci\u00f3n de las v\u00edctimas de los delitos.","robots":{"index":"index","follow":"follow","max-snippet":"max-snippet:-1","max-image-preview":"max-image-preview:large","max-video-preview":"max-video-preview:-1"},"canonical":"https:\/\/www.fiscalia.gov.co\/colombia\/servicios-de-informacion-al-ciudadano\/centro-de-contacto\/","og_locale":"es_ES","og_type":"article","og_title":"Fiscal\u00eda General de la Naci\u00f3n","og_description":"P\u00e1gina oficial de la Fiscal\u00eda General de la Naci\u00f3n \u2013 Colombia. Garantizamos el acceso efectivo a la justicia, la verdad y la reparaci\u00f3n de las v\u00edctimas de los delitos.","og_url":"https:\/\/www.fiscalia.gov.co\/colombia\/servicios-de-informacion-al-ciudadano\/centro-de-contacto\/","og_site_name":"Fiscal\u00eda General de la Naci\u00f3n","article_publisher":"https:\/\/www.facebook.com\/FiscaliaCol","article_modified_time":"2025-06-26T20:06:51+00:00","og_image":[{"width":160,"height":158,"url":"https:\/\/www.fiscalia.gov.co\/colombia\/wp-content\/uploads\/chat-fgn.png","type":"image\/png"}],"twitter_card":"summary_large_image","twitter_site":"@FiscaliaCol","twitter_misc":{"Tiempo de lectura":"4 minutos"},"schema":{"@context":"https:\/\/schema.org","@graph":[{"@type":"WebPage","@id":"https:\/\/www.fiscalia.gov.co\/colombia\/servicios-de-informacion-al-ciudadano\/centro-de-contacto\/","url":"https:\/\/www.fiscalia.gov.co\/colombia\/servicios-de-informacion-al-ciudadano\/centro-de-contacto\/","name":"Fiscal\u00eda General de la Naci\u00f3n","isPartOf":{"@id":"https:\/\/www.fiscalia.gov.co\/colombia\/#website"},"primaryImageOfPage":{"@id":"https:\/\/www.fiscalia.gov.co\/colombia\/servicios-de-informacion-al-ciudadano\/centro-de-contacto\/#primaryimage"},"image":{"@id":"https:\/\/www.fiscalia.gov.co\/colombia\/servicios-de-informacion-al-ciudadano\/centro-de-contacto\/#primaryimage"},"thumbnailUrl":"https:\/\/www.fiscalia.gov.co\/colombia\/wp-content\/uploads\/chat-fgn.png","datePublished":"2017-09-08T20:19:49+00:00","dateModified":"2025-06-26T20:06:51+00:00","description":"P\u00e1gina oficial de la Fiscal\u00eda General de la Naci\u00f3n \u2013 Colombia. Garantizamos el acceso efectivo a la justicia, la verdad y la reparaci\u00f3n de las v\u00edctimas de los delitos.","breadcrumb":{"@id":"https:\/\/www.fiscalia.gov.co\/colombia\/servicios-de-informacion-al-ciudadano\/centro-de-contacto\/#breadcrumb"},"inLanguage":"es-CO","potentialAction":[{"@type":"ReadAction","target":["https:\/\/www.fiscalia.gov.co\/colombia\/servicios-de-informacion-al-ciudadano\/centro-de-contacto\/"]}]},{"@type":"ImageObject","inLanguage":"es-CO","@id":"https:\/\/www.fiscalia.gov.co\/colombia\/servicios-de-informacion-al-ciudadano\/centro-de-contacto\/#primaryimage","url":"https:\/\/www.fiscalia.gov.co\/colombia\/wp-content\/uploads\/chat-fgn.png","contentUrl":"https:\/\/www.fiscalia.gov.co\/colombia\/wp-content\/uploads\/chat-fgn.png","width":160,"height":158},{"@type":"BreadcrumbList","@id":"https:\/\/www.fiscalia.gov.co\/colombia\/servicios-de-informacion-al-ciudadano\/centro-de-contacto\/#breadcrumb","itemListElement":[{"@type":"ListItem","position":1,"name":"Home","item":"https:\/\/www.fiscalia.gov.co\/colombia\/"},{"@type":"ListItem","position":2,"name":"Participaci\u00f3n ciudadana","item":"https:\/\/www.fiscalia.gov.co\/colombia\/servicios-de-informacion-al-ciudadano\/"},{"@type":"ListItem","position":3,"name":"Centro de Contacto"}]},{"@type":"WebSite","@id":"https:\/\/www.fiscalia.gov.co\/colombia\/#website","url":"https:\/\/www.fiscalia.gov.co\/colombia\/","name":"Fiscal\u00eda General de la Naci\u00f3n","description":"P\u00e1gina oficial de la Fiscal\u00eda General de la Naci\u00f3n \u2013 Colombia. Garantizamos el acceso efectivo a la justicia, la verdad y la reparaci\u00f3n de las v\u00edctimas de los delitos.","publisher":{"@id":"https:\/\/www.fiscalia.gov.co\/colombia\/#organization"},"potentialAction":[{"@type":"SearchAction","target":{"@type":"EntryPoint","urlTemplate":"https:\/\/www.fiscalia.gov.co\/colombia\/?s={search_term_string}"},"query-input":{"@type":"PropertyValueSpecification","valueRequired":true,"valueName":"search_term_string"}}],"inLanguage":"es-CO"},{"@type":"Organization","@id":"https:\/\/www.fiscalia.gov.co\/colombia\/#organization","name":"Fiscal\u00eda General de la Naci\u00f3n","url":"https:\/\/www.fiscalia.gov.co\/colombia\/","logo":{"@type":"ImageObject","inLanguage":"es-CO","@id":"https:\/\/www.fiscalia.gov.co\/colombia\/#\/schema\/logo\/image\/","url":"https:\/\/www.fiscalia.gov.co\/colombia\/wp-content\/uploads\/LogoHorizontal_1.jpg","contentUrl":"https:\/\/www.fiscalia.gov.co\/colombia\/wp-content\/uploads\/LogoHorizontal_1.jpg","width":300,"height":90,"caption":"Fiscal\u00eda General de la Naci\u00f3n"},"image":{"@id":"https:\/\/www.fiscalia.gov.co\/colombia\/#\/schema\/logo\/image\/"},"sameAs":["https:\/\/www.facebook.com\/FiscaliaCol","https:\/\/x.com\/FiscaliaCol","https:\/\/www.instagram.com\/fiscaliacol","https:\/\/www.linkedin.com\/company\/fiscalia-general-de-la-naci-n\/","https:\/\/youtube.com\/@fiscaliageneraldelanacion-4668?si=6nN79nyQICPU5iTh"]}]}},"_links":{"self":[{"href":"https:\/\/www.fiscalia.gov.co\/colombia\/wp-json\/wp\/v2\/pages\/109421","targetHints":{"allow":["GET"]}}],"collection":[{"href":"https:\/\/www.fiscalia.gov.co\/colombia\/wp-json\/wp\/v2\/pages"}],"about":[{"href":"https:\/\/www.fiscalia.gov.co\/colombia\/wp-json\/wp\/v2\/types\/page"}],"author":[{"embeddable":true,"href":"https:\/\/www.fiscalia.gov.co\/colombia\/wp-json\/wp\/v2\/users\/143"}],"replies":[{"embeddable":true,"href":"https:\/\/www.fiscalia.gov.co\/colombia\/wp-json\/wp\/v2\/comments?post=109421"}],"version-history":[{"count":36,"href":"https:\/\/www.fiscalia.gov.co\/colombia\/wp-json\/wp\/v2\/pages\/109421\/revisions"}],"predecessor-version":[{"id":317931,"href":"https:\/\/www.fiscalia.gov.co\/colombia\/wp-json\/wp\/v2\/pages\/109421\/revisions\/317931"}],"up":[{"embeddable":true,"href":"https:\/\/www.fiscalia.gov.co\/colombia\/wp-json\/wp\/v2\/pages\/8600"}],"wp:attachment":[{"href":"https:\/\/www.fiscalia.gov.co\/colombia\/wp-json\/wp\/v2\/media?parent=109421"}],"curies":[{"name":"wp","href":"https:\/\/api.w.org\/{rel}","templated":true}]}}