{"id":108076,"date":"2017-08-15T11:24:00","date_gmt":"2017-08-15T16:24:00","guid":{"rendered":"http:\/\/www.fiscalia.gov.co\/colombia\/?page_id=108076"},"modified":"2026-01-15T16:03:58","modified_gmt":"2026-01-15T21:03:58","slug":"presupuesto-general-asignado","status":"publish","type":"page","link":"https:\/\/www.fiscalia.gov.co\/colombia\/la-entidad\/presupuesto-general-asignado\/","title":{"rendered":"Presupuesto general asignado"},"content":{"rendered":"<section class=\"wpb-content-wrapper\"><div id=\"tdi_1\" class=\"tdc-row\"><div class=\"vc_row tdi_2  wpb_row td-pb-row\" >\n<style scoped>\n\/* custom css - generated by TagDiv Composer *\/\n\n\/* custom css - generated by TagDiv Composer *\/\n.tdi_2,\r\n                .tdi_2 .tdc-columns{\r\n                    min-height: 0;\r\n                }.tdi_2,\r\n\t\t\t\t.tdi_2 .tdc-columns{\r\n\t\t\t\t    display: block;\r\n\t\t\t\t}.tdi_2 .tdc-columns{\r\n\t\t\t\t    width: 100%;\r\n\t\t\t\t}.tdi_2:before,\r\n\t\t\t\t.tdi_2:after{\r\n\t\t\t\t    display: table;\r\n\t\t\t\t}\n<\/style><div class=\"vc_column tdi_4  wpb_column vc_column_container tdc-column td-pb-span8\">\n<style scoped>\n\/* custom css - generated by TagDiv Composer *\/\n\n\/* custom css - generated by TagDiv Composer *\/\n.tdi_4{\r\n                    vertical-align: baseline;\r\n                }.tdi_4 > .wpb_wrapper,\r\n\t\t\t\t.tdi_4 > .wpb_wrapper > .tdc-elements{\r\n\t\t\t\t    display: block;\r\n\t\t\t\t}.tdi_4 > .wpb_wrapper > .tdc-elements{\r\n\t\t\t\t    width: 100%;\r\n\t\t\t\t}.tdi_4 > .wpb_wrapper > .vc_row_inner{\r\n\t\t\t\t    width: auto;\r\n\t\t\t\t}.tdi_4 > .wpb_wrapper{\r\n\t\t\t\t    width: auto;\r\n\t\t\t\t    height: auto;\r\n\t\t\t\t}\n<\/style><div class=\"wpb_wrapper\" >[vc_column_text]Corresponde al presupuesto asignado por el Ministerio de Hacienda y Cr\u00e9dito P\u00fablico mediante Decreto de Liquidaci\u00f3n Presupuestal, por concepto de gastos de funcionamiento e inversi\u00f3n para atender las necesidades institucionales y cumplir con las funciones establecidas en la Constituci\u00f3n y la Ley a la <strong>Fiscal\u00eda General de la Naci\u00f3n<\/strong>.\r\n<ul>\r\n \t<li><a href=\"https:\/\/www.fiscalia.gov.co\/colombia\/wp-content\/uploads\/Presupuesto-general-2026.xlsx\" target=\"_blank\" rel=\"noopener\">Presupuesto general 2026<\/a> &#8211; Publicado 2026-01-15<\/li>\r\n \t<li><a href=\"https:\/\/www.fiscalia.gov.co\/colombia\/wp-content\/uploads\/Presupuesto-general-2025.xlsx\" target=\"_blank\" rel=\"noopener\">Presupuesto general 2025<\/a> &#8211; Publicado 2025-01-15<\/li>\r\n \t<li><a href=\"https:\/\/www.fiscalia.gov.co\/colombia\/wp-content\/uploads\/Presupuesto-general-2024.xlsx\" target=\"_blank\" rel=\"noopener\">Presupuesto general 2024<\/a> &#8211; Publicado 2024-01-15<\/li>\r\n \t<li><a href=\"https:\/\/www.fiscalia.gov.co\/colombia\/wp-content\/uploads\/Presupuesto-general-2023.xlsx\" target=\"_blank\" rel=\"noopener\">Presupuesto general 2023<\/a> &#8211; Publicado 2023-01-11<\/li>\r\n \t<li><a href=\"https:\/\/www.fiscalia.gov.co\/colombia\/wp-content\/uploads\/PRESUPUESTO-FISCALIA-2022.xlsx\" target=\"_blank\" rel=\"noopener noreferrer\">Presupuesto general 2022<\/a> &#8211; Publicado 2022-03-15<\/li>\r\n \t<li><a href=\"https:\/\/www.fiscalia.gov.co\/colombia\/wp-content\/uploads\/PRESUPUESTO-FISCALIA-2021.xlsx\" target=\"_blank\" rel=\"noopener noreferrer\">Presupuesto general 2021<\/a>\u00a0&#8211; Publicado 2021-01-28<\/li>\r\n \t<li><a href=\"https:\/\/www.fiscalia.gov.co\/colombia\/wp-content\/uploads\/PRESUPUESTO-FISCALIA-2020.xlsx\" target=\"_blank\" rel=\"noopener noreferrer\">Presupuesto general 2020<\/a> &#8211;\u00a0Publicado 2020-02-11<\/li>\r\n \t<li><a href=\"https:\/\/www.fiscalia.gov.co\/colombia\/wp-content\/uploads\/PRESUPUESTO-FISCALIA-2019.xlsx\" target=\"_blank\" rel=\"noopener noreferrer\">Presupuesto general 2019 &#8211;\u00a0<\/a>Publicado 2019-02-01<\/li>\r\n \t<li><a href=\"https:\/\/www.fiscalia.gov.co\/colombia\/wp-content\/uploads\/PRESUPUESTO-FISCALIA-2018-1.xlsx\">Presupuesto general 2018<\/a><\/li>\r\n \t<li><a title=\"Ver documento \" href=\"http:\/\/www.fiscalia.gov.co\/colombia\/wp-content\/uploads\/PRESUPUESTO-FISCALIA-2017.xlsx\" target=\"_blank\" rel=\"noopener noreferrer\">Presupuesto general 2017<\/a><\/li>\r\n \t<li><a href=\"http:\/\/www.fiscalia.gov.co\/colombia\/wp-content\/uploads\/PRESUPUESTO-FISCALIA-2016.xlsx\">Presupuesto general 2016\u00a0<\/a><\/li>\r\n \t<li><a href=\"http:\/\/www.fiscalia.gov.co\/colombia\/wp-content\/uploads\/PRESUPUESTO-FISCALIA-2015.xlsx\">Presupuesto general 2015\u00a0<\/a><\/li>\r\n \t<li><a href=\"http:\/\/www.fiscalia.gov.co\/colombia\/wp-content\/uploads\/PRESUPUESTO-2014-FISCALIA.xlsx\">Presupuesto general 2014\u00a0<\/a><\/li>\r\n<\/ul>\r\nA continuaci\u00f3n se relaciona el\u00a0presupuesto del <strong>Fondo Especial para la Administraci\u00f3n de Bienes<\/strong> de la Fiscal\u00eda General de la Naci\u00f3n (FEAB).\r\n<ul>\r\n \t<li><a href=\"https:\/\/www.fiscalia.gov.co\/colombia\/wp-content\/uploads\/Presupuesto-FEAB-2026.xlsx\" target=\"_blank\" rel=\"noopener\">Presupuesto FEAB 2026<\/a> &#8211; Publicado 2026-01-15<\/li>\r\n \t<li><a href=\"https:\/\/www.fiscalia.gov.co\/colombia\/wp-content\/uploads\/Presupuesto-FEAB-2025.xlsx\" target=\"_blank\" rel=\"noopener\">Presupuesto FEAB 2025<\/a> &#8211; Publicado 2025-01-15<\/li>\r\n \t<li><a href=\"https:\/\/www.fiscalia.gov.co\/colombia\/wp-content\/uploads\/Presupuesto-FEAB-2024.xlsx\" target=\"_blank\" rel=\"noopener\">Presupuesto FEAB 2024<\/a> &#8211; Publicado 2024-01-15<\/li>\r\n \t<li><a href=\"https:\/\/www.fiscalia.gov.co\/colombia\/wp-content\/uploads\/Presupuesto-FEAB-2023.xlsx\" target=\"_blank\" rel=\"noopener\">Presupuesto FEAB 2023<\/a> &#8211; Publicado 2023-01-11<\/li>\r\n \t<li><a href=\"https:\/\/www.fiscalia.gov.co\/colombia\/wp-content\/uploads\/PRESUPUESTO-FEAB-2022.xlsx\" target=\"_blank\" rel=\"noopener noreferrer\">Presupuesto FEAB 2022<\/a> &#8211; Publicado 2022-03-15<\/li>\r\n \t<li><a href=\"https:\/\/www.fiscalia.gov.co\/colombia\/wp-content\/uploads\/PRESUPUESTO-FEAB-2021.xlsx\" target=\"_blank\" rel=\"noopener noreferrer\">Presupuesto FEAB 2021<\/a> &#8211; Publicado 2021-01-28<\/li>\r\n \t<li><a href=\"https:\/\/www.fiscalia.gov.co\/colombia\/wp-content\/uploads\/PRESUPUESTO-FEAB-2020.xlsx\" target=\"_blank\" rel=\"noopener noreferrer\">Presupuesto FEAB 2020<\/a> &#8211; Publicado 2020-02-11<\/li>\r\n \t<li><a href=\"https:\/\/www.fiscalia.gov.co\/colombia\/wp-content\/uploads\/PRESUPUESTO-FEAB-2019.xlsx\" target=\"_blank\" rel=\"noopener noreferrer\">Presupuesto FEAB 2019 <\/a>&#8211;\u00a0Publicado 2019-02-01<\/li>\r\n \t<li><a href=\"https:\/\/www.fiscalia.gov.co\/colombia\/wp-content\/uploads\/PRESUPUESTO-FEAB-2018.xlsx\">Presupuesto FEAB 2018<\/a><\/li>\r\n<\/ul>\r\n[\/vc_column_text]<div class=\"wpb_wrapper td_block_separator td_block_wrap vc_separator tdi_6  td_separator_solid td_separator_center\"><span style=\"border-color:white;border-width:10px;width:100%;\"><\/span>\n<style scoped>\n\/* custom css - generated by TagDiv Composer *\/\n\n\/* custom css - generated by TagDiv Composer *\/\n.td_block_separator{\r\n                  width: 100%;\r\n                  align-items: center;\r\n                  margin-bottom: 38px;\r\n                  padding-bottom: 10px;\r\n                }.td_block_separator span{\r\n                  position: relative;\r\n                  display: block;\r\n                  margin: 0 auto;\r\n                  width: 100%;\r\n                  height: 1px;\r\n                  border-top: 1px solid #EBEBEB;\r\n                }.td_separator_align_left span{\r\n                  margin-left: 0;\r\n                }.td_separator_align_right span{\r\n                  margin-right: 0;\r\n                }.td_separator_dashed span{\r\n                  border-top-style: dashed;\r\n                }.td_separator_dotted span{\r\n                  border-top-style: dotted;\r\n                }.td_separator_double span{\r\n                  height: 3px;\r\n                  border-bottom: 1px solid #EBEBEB;\r\n                }.td_separator_shadow > span{\r\n                  position: relative;\r\n                  height: 20px;\r\n                  overflow: hidden;\r\n                  border: 0;\r\n                  color: #EBEBEB;\r\n                }.td_separator_shadow > span > span{\r\n                  position: absolute;\r\n                  top: -30px;\r\n                  left: 0;\r\n                  right: 0;\r\n                  margin: 0 auto;\r\n                  height: 13px;\r\n                  width: 98%;\r\n                  border-radius: 100%;\r\n                }html :where([style*='border-width']){\r\n                    border-style: none;\r\n                }\n<\/style><\/div><\/div><\/div><div class=\"vc_column tdi_8  wpb_column vc_column_container tdc-column td-pb-span4\">\n<style scoped>\n\/* custom css - generated by TagDiv Composer *\/\n\n\/* custom css - generated by TagDiv Composer *\/\n.tdi_8{\r\n                    vertical-align: baseline;\r\n                }.tdi_8 > .wpb_wrapper,\r\n\t\t\t\t.tdi_8 > .wpb_wrapper > .tdc-elements{\r\n\t\t\t\t    display: block;\r\n\t\t\t\t}.tdi_8 > .wpb_wrapper > .tdc-elements{\r\n\t\t\t\t    width: 100%;\r\n\t\t\t\t}.tdi_8 > .wpb_wrapper > .vc_row_inner{\r\n\t\t\t\t    width: auto;\r\n\t\t\t\t}.tdi_8 > .wpb_wrapper{\r\n\t\t\t\t    width: auto;\r\n\t\t\t\t    height: auto;\r\n\t\t\t\t}\n<\/style><div class=\"wpb_wrapper\" ><div class=\"wpb_wrapper td_block_wrap vc_raw_html tdi_10 \"><div class=\"td-fix-index\"><h4 class=\"block-title\"><span>TRANSPARENCIA<\/span><\/h4><\/div><\/div>[vc_wp_custommenu nav_menu=&#8221;24164&#8243;]<\/div><\/div><\/div><\/div><\/section>\n<div class=\"twitter-share\"><a href=\"https:\/\/twitter.com\/intent\/tweet?via=fiscaliacol\" class=\"twitter-share-button\">Tweet<\/a><\/div>\n","protected":false},"excerpt":{"rendered":"[vc_column_text]Corresponde al presupuesto asignado por el Ministerio de Hacienda y Cr\u00e9dito P\u00fablico mediante Decreto de Liquidaci\u00f3n Presupuestal, por concepto de gastos de funcionamiento e inversi\u00f3n para atender las necesidades institucionales y cumplir con las funciones establecidas en la Constituci\u00f3n y la Ley a la Fiscal\u00eda General de la Naci\u00f3n. Presupuesto general 2026 - Publicado 2026-01-15 [...]","protected":false},"author":143,"featured_media":0,"parent":9126,"menu_order":0,"comment_status":"closed","ping_status":"closed","template":"page-pagebuilder-title.php","meta":{"tdm_status":"","tdm_grid_status":"","footnotes":""},"class_list":["post-108076","page","type-page","status-publish"],"yoast_head":"<!-- This site is optimized with the Yoast SEO plugin v24.3 - https:\/\/yoast.com\/wordpress\/plugins\/seo\/ -->\n<title>Fiscal\u00eda General de la Naci\u00f3n<\/title>\n<meta name=\"description\" content=\"P\u00e1gina oficial de la Fiscal\u00eda General de la Naci\u00f3n \u2013 Colombia. Garantizamos el acceso efectivo a la justicia, la verdad y la reparaci\u00f3n de las v\u00edctimas de los delitos.\" \/>\n<meta name=\"robots\" content=\"index, follow, max-snippet:-1, max-image-preview:large, max-video-preview:-1\" \/>\n<link rel=\"canonical\" href=\"https:\/\/www.fiscalia.gov.co\/colombia\/la-entidad\/presupuesto-general-asignado\/\" \/>\n<meta property=\"og:locale\" content=\"es_ES\" \/>\n<meta property=\"og:type\" content=\"article\" \/>\n<meta property=\"og:title\" content=\"Fiscal\u00eda General de la Naci\u00f3n\" \/>\n<meta property=\"og:description\" content=\"P\u00e1gina oficial de la Fiscal\u00eda General de la Naci\u00f3n \u2013 Colombia. Garantizamos el acceso efectivo a la justicia, la verdad y la reparaci\u00f3n de las v\u00edctimas de los delitos.\" \/>\n<meta property=\"og:url\" content=\"https:\/\/www.fiscalia.gov.co\/colombia\/la-entidad\/presupuesto-general-asignado\/\" \/>\n<meta property=\"og:site_name\" content=\"Fiscal\u00eda General de la Naci\u00f3n\" \/>\n<meta property=\"article:publisher\" content=\"https:\/\/www.facebook.com\/FiscaliaCol\" \/>\n<meta property=\"article:modified_time\" content=\"2026-01-15T21:03:58+00:00\" \/>\n<meta name=\"twitter:card\" content=\"summary_large_image\" \/>\n<meta name=\"twitter:site\" content=\"@FiscaliaCol\" \/>\n<meta name=\"twitter:label1\" content=\"Tiempo de lectura\" \/>\n\t<meta name=\"twitter:data1\" content=\"1 minuto\" \/>\n<script type=\"application\/ld+json\" class=\"yoast-schema-graph\">{\"@context\":\"https:\/\/schema.org\",\"@graph\":[{\"@type\":\"WebPage\",\"@id\":\"https:\/\/www.fiscalia.gov.co\/colombia\/la-entidad\/presupuesto-general-asignado\/\",\"url\":\"https:\/\/www.fiscalia.gov.co\/colombia\/la-entidad\/presupuesto-general-asignado\/\",\"name\":\"Fiscal\u00eda General de la Naci\u00f3n\",\"isPartOf\":{\"@id\":\"https:\/\/www.fiscalia.gov.co\/colombia\/#website\"},\"datePublished\":\"2017-08-15T16:24:00+00:00\",\"dateModified\":\"2026-01-15T21:03:58+00:00\",\"description\":\"P\u00e1gina oficial de la Fiscal\u00eda General de la Naci\u00f3n \u2013 Colombia. Garantizamos el acceso efectivo a la justicia, la verdad y la reparaci\u00f3n de las v\u00edctimas de los delitos.\",\"breadcrumb\":{\"@id\":\"https:\/\/www.fiscalia.gov.co\/colombia\/la-entidad\/presupuesto-general-asignado\/#breadcrumb\"},\"inLanguage\":\"es-CO\",\"potentialAction\":[{\"@type\":\"ReadAction\",\"target\":[\"https:\/\/www.fiscalia.gov.co\/colombia\/la-entidad\/presupuesto-general-asignado\/\"]}]},{\"@type\":\"BreadcrumbList\",\"@id\":\"https:\/\/www.fiscalia.gov.co\/colombia\/la-entidad\/presupuesto-general-asignado\/#breadcrumb\",\"itemListElement\":[{\"@type\":\"ListItem\",\"position\":1,\"name\":\"Home\",\"item\":\"https:\/\/www.fiscalia.gov.co\/colombia\/\"},{\"@type\":\"ListItem\",\"position\":2,\"name\":\"La Entidad\",\"item\":\"https:\/\/www.fiscalia.gov.co\/colombia\/la-entidad\/\"},{\"@type\":\"ListItem\",\"position\":3,\"name\":\"Presupuesto general asignado\"}]},{\"@type\":\"WebSite\",\"@id\":\"https:\/\/www.fiscalia.gov.co\/colombia\/#website\",\"url\":\"https:\/\/www.fiscalia.gov.co\/colombia\/\",\"name\":\"Fiscal\u00eda General de la Naci\u00f3n\",\"description\":\"P\u00e1gina oficial de la Fiscal\u00eda General de la Naci\u00f3n \u2013 Colombia. Garantizamos el acceso efectivo a la justicia, la verdad y la reparaci\u00f3n de las v\u00edctimas de los delitos.\",\"publisher\":{\"@id\":\"https:\/\/www.fiscalia.gov.co\/colombia\/#organization\"},\"potentialAction\":[{\"@type\":\"SearchAction\",\"target\":{\"@type\":\"EntryPoint\",\"urlTemplate\":\"https:\/\/www.fiscalia.gov.co\/colombia\/?s={search_term_string}\"},\"query-input\":{\"@type\":\"PropertyValueSpecification\",\"valueRequired\":true,\"valueName\":\"search_term_string\"}}],\"inLanguage\":\"es-CO\"},{\"@type\":\"Organization\",\"@id\":\"https:\/\/www.fiscalia.gov.co\/colombia\/#organization\",\"name\":\"Fiscal\u00eda General de la Naci\u00f3n\",\"url\":\"https:\/\/www.fiscalia.gov.co\/colombia\/\",\"logo\":{\"@type\":\"ImageObject\",\"inLanguage\":\"es-CO\",\"@id\":\"https:\/\/www.fiscalia.gov.co\/colombia\/#\/schema\/logo\/image\/\",\"url\":\"https:\/\/www.fiscalia.gov.co\/colombia\/wp-content\/uploads\/LogoHorizontal_1.jpg\",\"contentUrl\":\"https:\/\/www.fiscalia.gov.co\/colombia\/wp-content\/uploads\/LogoHorizontal_1.jpg\",\"width\":300,\"height\":90,\"caption\":\"Fiscal\u00eda General de la Naci\u00f3n\"},\"image\":{\"@id\":\"https:\/\/www.fiscalia.gov.co\/colombia\/#\/schema\/logo\/image\/\"},\"sameAs\":[\"https:\/\/www.facebook.com\/FiscaliaCol\",\"https:\/\/x.com\/FiscaliaCol\",\"https:\/\/www.instagram.com\/fiscaliacol\",\"https:\/\/www.linkedin.com\/company\/fiscalia-general-de-la-naci-n\/\",\"https:\/\/youtube.com\/@fiscaliageneraldelanacion-4668?si=6nN79nyQICPU5iTh\"]}]}<\/script>\n<!-- \/ Yoast SEO plugin. -->","yoast_head_json":{"title":"Fiscal\u00eda General de la Naci\u00f3n","description":"P\u00e1gina oficial de la Fiscal\u00eda General de la Naci\u00f3n \u2013 Colombia. Garantizamos el acceso efectivo a la justicia, la verdad y la reparaci\u00f3n de las v\u00edctimas de los delitos.","robots":{"index":"index","follow":"follow","max-snippet":"max-snippet:-1","max-image-preview":"max-image-preview:large","max-video-preview":"max-video-preview:-1"},"canonical":"https:\/\/www.fiscalia.gov.co\/colombia\/la-entidad\/presupuesto-general-asignado\/","og_locale":"es_ES","og_type":"article","og_title":"Fiscal\u00eda General de la Naci\u00f3n","og_description":"P\u00e1gina oficial de la Fiscal\u00eda General de la Naci\u00f3n \u2013 Colombia. Garantizamos el acceso efectivo a la justicia, la verdad y la reparaci\u00f3n de las v\u00edctimas de los delitos.","og_url":"https:\/\/www.fiscalia.gov.co\/colombia\/la-entidad\/presupuesto-general-asignado\/","og_site_name":"Fiscal\u00eda General de la Naci\u00f3n","article_publisher":"https:\/\/www.facebook.com\/FiscaliaCol","article_modified_time":"2026-01-15T21:03:58+00:00","twitter_card":"summary_large_image","twitter_site":"@FiscaliaCol","twitter_misc":{"Tiempo de lectura":"1 minuto"},"schema":{"@context":"https:\/\/schema.org","@graph":[{"@type":"WebPage","@id":"https:\/\/www.fiscalia.gov.co\/colombia\/la-entidad\/presupuesto-general-asignado\/","url":"https:\/\/www.fiscalia.gov.co\/colombia\/la-entidad\/presupuesto-general-asignado\/","name":"Fiscal\u00eda General de la Naci\u00f3n","isPartOf":{"@id":"https:\/\/www.fiscalia.gov.co\/colombia\/#website"},"datePublished":"2017-08-15T16:24:00+00:00","dateModified":"2026-01-15T21:03:58+00:00","description":"P\u00e1gina oficial de la Fiscal\u00eda General de la Naci\u00f3n \u2013 Colombia. Garantizamos el acceso efectivo a la justicia, la verdad y la reparaci\u00f3n de las v\u00edctimas de los delitos.","breadcrumb":{"@id":"https:\/\/www.fiscalia.gov.co\/colombia\/la-entidad\/presupuesto-general-asignado\/#breadcrumb"},"inLanguage":"es-CO","potentialAction":[{"@type":"ReadAction","target":["https:\/\/www.fiscalia.gov.co\/colombia\/la-entidad\/presupuesto-general-asignado\/"]}]},{"@type":"BreadcrumbList","@id":"https:\/\/www.fiscalia.gov.co\/colombia\/la-entidad\/presupuesto-general-asignado\/#breadcrumb","itemListElement":[{"@type":"ListItem","position":1,"name":"Home","item":"https:\/\/www.fiscalia.gov.co\/colombia\/"},{"@type":"ListItem","position":2,"name":"La Entidad","item":"https:\/\/www.fiscalia.gov.co\/colombia\/la-entidad\/"},{"@type":"ListItem","position":3,"name":"Presupuesto general asignado"}]},{"@type":"WebSite","@id":"https:\/\/www.fiscalia.gov.co\/colombia\/#website","url":"https:\/\/www.fiscalia.gov.co\/colombia\/","name":"Fiscal\u00eda General de la Naci\u00f3n","description":"P\u00e1gina oficial de la Fiscal\u00eda General de la Naci\u00f3n \u2013 Colombia. Garantizamos el acceso efectivo a la justicia, la verdad y la reparaci\u00f3n de las v\u00edctimas de los delitos.","publisher":{"@id":"https:\/\/www.fiscalia.gov.co\/colombia\/#organization"},"potentialAction":[{"@type":"SearchAction","target":{"@type":"EntryPoint","urlTemplate":"https:\/\/www.fiscalia.gov.co\/colombia\/?s={search_term_string}"},"query-input":{"@type":"PropertyValueSpecification","valueRequired":true,"valueName":"search_term_string"}}],"inLanguage":"es-CO"},{"@type":"Organization","@id":"https:\/\/www.fiscalia.gov.co\/colombia\/#organization","name":"Fiscal\u00eda General de la Naci\u00f3n","url":"https:\/\/www.fiscalia.gov.co\/colombia\/","logo":{"@type":"ImageObject","inLanguage":"es-CO","@id":"https:\/\/www.fiscalia.gov.co\/colombia\/#\/schema\/logo\/image\/","url":"https:\/\/www.fiscalia.gov.co\/colombia\/wp-content\/uploads\/LogoHorizontal_1.jpg","contentUrl":"https:\/\/www.fiscalia.gov.co\/colombia\/wp-content\/uploads\/LogoHorizontal_1.jpg","width":300,"height":90,"caption":"Fiscal\u00eda General de la Naci\u00f3n"},"image":{"@id":"https:\/\/www.fiscalia.gov.co\/colombia\/#\/schema\/logo\/image\/"},"sameAs":["https:\/\/www.facebook.com\/FiscaliaCol","https:\/\/x.com\/FiscaliaCol","https:\/\/www.instagram.com\/fiscaliacol","https:\/\/www.linkedin.com\/company\/fiscalia-general-de-la-naci-n\/","https:\/\/youtube.com\/@fiscaliageneraldelanacion-4668?si=6nN79nyQICPU5iTh"]}]}},"_links":{"self":[{"href":"https:\/\/www.fiscalia.gov.co\/colombia\/wp-json\/wp\/v2\/pages\/108076","targetHints":{"allow":["GET"]}}],"collection":[{"href":"https:\/\/www.fiscalia.gov.co\/colombia\/wp-json\/wp\/v2\/pages"}],"about":[{"href":"https:\/\/www.fiscalia.gov.co\/colombia\/wp-json\/wp\/v2\/types\/page"}],"author":[{"embeddable":true,"href":"https:\/\/www.fiscalia.gov.co\/colombia\/wp-json\/wp\/v2\/users\/143"}],"replies":[{"embeddable":true,"href":"https:\/\/www.fiscalia.gov.co\/colombia\/wp-json\/wp\/v2\/comments?post=108076"}],"version-history":[{"count":25,"href":"https:\/\/www.fiscalia.gov.co\/colombia\/wp-json\/wp\/v2\/pages\/108076\/revisions"}],"predecessor-version":[{"id":329619,"href":"https:\/\/www.fiscalia.gov.co\/colombia\/wp-json\/wp\/v2\/pages\/108076\/revisions\/329619"}],"up":[{"embeddable":true,"href":"https:\/\/www.fiscalia.gov.co\/colombia\/wp-json\/wp\/v2\/pages\/9126"}],"wp:attachment":[{"href":"https:\/\/www.fiscalia.gov.co\/colombia\/wp-json\/wp\/v2\/media?parent=108076"}],"curies":[{"name":"wp","href":"https:\/\/api.w.org\/{rel}","templated":true}]}}