{"id":106637,"date":"2017-07-04T17:34:09","date_gmt":"2017-07-04T22:34:09","guid":{"rendered":"http:\/\/www.fiscalia.gov.co\/colombia\/?page_id=106637"},"modified":"2026-03-27T09:04:52","modified_gmt":"2026-03-27T14:04:52","slug":"informe-de-gestion-evaluacion-y-auditoria","status":"publish","type":"page","link":"https:\/\/www.fiscalia.gov.co\/colombia\/gestion\/informe-de-gestion-evaluacion-y-auditoria\/","title":{"rendered":"Informes de gesti\u00f3n, evaluaci\u00f3n y auditor\u00eda"},"content":{"rendered":"<section class=\"wpb-content-wrapper\"><div id=\"tdi_1\" class=\"tdc-row\"><div class=\"vc_row tdi_2  wpb_row td-pb-row\" >\n<style scoped>\n\/* custom css - generated by TagDiv Composer *\/\n\n\/* custom css - generated by TagDiv Composer *\/\n.tdi_2,\r\n                .tdi_2 .tdc-columns{\r\n                    min-height: 0;\r\n                }.tdi_2,\r\n\t\t\t\t.tdi_2 .tdc-columns{\r\n\t\t\t\t    display: block;\r\n\t\t\t\t}.tdi_2 .tdc-columns{\r\n\t\t\t\t    width: 100%;\r\n\t\t\t\t}.tdi_2:before,\r\n\t\t\t\t.tdi_2:after{\r\n\t\t\t\t    display: table;\r\n\t\t\t\t}\n<\/style><div class=\"vc_column tdi_4  wpb_column vc_column_container tdc-column td-pb-span8\">\n<style scoped>\n\/* custom css - generated by TagDiv Composer *\/\n\n\/* custom css - generated by TagDiv Composer *\/\n.tdi_4{\r\n                    vertical-align: baseline;\r\n                }.tdi_4 > .wpb_wrapper,\r\n\t\t\t\t.tdi_4 > .wpb_wrapper > .tdc-elements{\r\n\t\t\t\t    display: block;\r\n\t\t\t\t}.tdi_4 > .wpb_wrapper > .tdc-elements{\r\n\t\t\t\t    width: 100%;\r\n\t\t\t\t}.tdi_4 > .wpb_wrapper > .vc_row_inner{\r\n\t\t\t\t    width: auto;\r\n\t\t\t\t}.tdi_4 > .wpb_wrapper{\r\n\t\t\t\t    width: auto;\r\n\t\t\t\t    height: auto;\r\n\t\t\t\t}\n<\/style><div class=\"wpb_wrapper\" >[vc_toggle title=&#8221;4.7.1. Informes de Gesti\u00f3n&#8221;]<span class=\"selectable-text copyable-text\">4.7.1.1.<\/span>\u00a0<a href=\"https:\/\/www.fiscalia.gov.co\/colombia\/gestion\/informes-de-gestion-rendicion-de-cuentas-y-empalme\/\" target=\"_blank\" rel=\"noopener noreferrer\">Informes de Gesti\u00f3n, Rendici\u00f3n de Cuentas y Empalme<\/a>\r\n<span class=\"selectable-text copyable-text\">4.7.1.2.<\/span>\u00a0<a href=\"https:\/\/www.fiscalia.gov.co\/colombia\/gestion\/plan-de-accion\/\" target=\"_blank\" rel=\"noopener noreferrer\">Informes Plan de Acci\u00f3n<\/a>\r\n\r\n[\/vc_toggle][vc_toggle title=&#8221;4.7.2. Informe de rendici\u00f3n de cuentas ante la Contralor\u00eda General de la Rep\u00fablica&#8221;]<strong>2026<\/strong>\r\n<ul>\r\n \t<li><a href=\"https:\/\/www.fiscalia.gov.co\/colombia\/wp-content\/uploads\/Febrero-de-2026.xlsx\" target=\"_blank\" rel=\"noopener\">Febrero de 2026<\/a> &#8211; <span data-olk-copy-source=\"MessageBody\">Publicado 2026-03-27<\/span><\/li>\r\n \t<li><a href=\"https:\/\/www.fiscalia.gov.co\/colombia\/wp-content\/uploads\/Enero-de-2026.xlsx\" target=\"_blank\" rel=\"noopener\">Enero de 2026<\/a> &#8211; <span data-olk-copy-source=\"MessageBody\">Publicado 2026-02-18<\/span><\/li>\r\n<\/ul>\r\n<strong>2025<\/strong>\r\n<ul>\r\n \t<li><a href=\"https:\/\/www.fiscalia.gov.co\/colombia\/wp-content\/uploads\/Diciembre-de-2025.xlsx\" target=\"_blank\" rel=\"noopener\">Diciembre de 2025\u00a0<\/a>&#8211; <span data-olk-copy-source=\"MessageBody\">Publicado 2026-01-16<\/span><\/li>\r\n \t<li><a href=\"https:\/\/www.fiscalia.gov.co\/colombia\/wp-content\/uploads\/Noviembre-de-2025.xlsx\" target=\"_blank\" rel=\"noopener\">Noviembre de 2025<\/a> &#8211; <span data-olk-copy-source=\"MessageBody\">Publicado 2025-12-23<\/span><\/li>\r\n \t<li><a href=\"https:\/\/www.fiscalia.gov.co\/colombia\/wp-content\/uploads\/OCTUBRE-DE-2025.xlsx\" target=\"_blank\" rel=\"noopener\">Octubre de 2025<\/a> &#8211; <span data-olk-copy-source=\"MessageBody\">Publicado 2025-11-19<\/span><\/li>\r\n \t<li><span data-olk-copy-source=\"MessageBody\"><a href=\"https:\/\/www.fiscalia.gov.co\/colombia\/wp-content\/uploads\/Septiembre-de-2025.xlsx\" target=\"_blank\" rel=\"noopener\">Septiembre de 2025<\/a> &#8211; Publicado 2025-10-10<\/span><\/li>\r\n \t<li><span data-olk-copy-source=\"MessageBody\"><a href=\"https:\/\/www.fiscalia.gov.co\/colombia\/wp-content\/uploads\/Agosto-de-2025.xlsx\" target=\"_blank\" rel=\"noopener\">Agosto de 2025<\/a> &#8211; Publicado 2025-09-15<\/span><\/li>\r\n \t<li><a href=\"https:\/\/www.fiscalia.gov.co\/colombia\/wp-content\/uploads\/Julio-de-2025.xlsx\" target=\"_blank\" rel=\"noopener\">Julio de 2025<\/a> &#8211; Publicado 2025-08-13<\/li>\r\n \t<li><a href=\"https:\/\/www.fiscalia.gov.co\/colombia\/wp-content\/uploads\/Junio-de-2025.xlsx\" target=\"_blank\" rel=\"noopener\">Junio de 2025<\/a> &#8211; Publicado 2025-07-11<\/li>\r\n \t<li><a href=\"https:\/\/www.fiscalia.gov.co\/colombia\/wp-content\/uploads\/Mayo-de-2025.xlsx\" target=\"_blank\" rel=\"noopener\">Mayo de 2025<\/a> &#8211; Publicado 2025-06-13<\/li>\r\n \t<li><a href=\"https:\/\/www.fiscalia.gov.co\/colombia\/wp-content\/uploads\/Abril-de-2025.xlsx\" target=\"_blank\" rel=\"noopener\">Abril de 2025<\/a> &#8211; Publicado 2025-05-26<\/li>\r\n \t<li><a href=\"https:\/\/www.fiscalia.gov.co\/colombia\/wp-content\/uploads\/Marzo-de-2025.xlsx\" target=\"_blank\" rel=\"noopener\">Marzo de 2025<\/a> &#8211; Publicado 2025-04-09<\/li>\r\n \t<li><a href=\"https:\/\/www.fiscalia.gov.co\/colombia\/wp-content\/uploads\/Febrero-de-2025.xlsx\" target=\"_blank\" rel=\"noopener\">Febrero de 2025<\/a> &#8211; Publicado 2025-03-31<\/li>\r\n \t<li><a href=\"https:\/\/www.fiscalia.gov.co\/colombia\/wp-content\/uploads\/Enero-de-2025.xlsx\" target=\"_blank\" rel=\"noopener\">Enero de 2025<\/a> &#8211; Publicado 2025-03-04<\/li>\r\n<\/ul>\r\n<strong>2024<\/strong>\r\n<ul>\r\n \t<li><a href=\"https:\/\/www.fiscalia.gov.co\/colombia\/wp-content\/uploads\/Diciembre-de-2024.xlsx\" target=\"_blank\" rel=\"noopener\">Diciembre de 2024<\/a> &#8211; Publicado 2025-01-30<\/li>\r\n \t<li><a href=\"https:\/\/www.fiscalia.gov.co\/colombia\/wp-content\/uploads\/Noviembre-2024.xlsx\" target=\"_blank\" rel=\"noopener\">Noviembre de 2024<\/a> &#8211; Publicado 2024-12-12<\/li>\r\n \t<li><a href=\"https:\/\/www.fiscalia.gov.co\/colombia\/wp-content\/uploads\/Octubre-de-2024.xlsx\" target=\"_blank\" rel=\"noopener\">Octubre de 2024 <\/a>&#8211; Publicado 2024-11-08<\/li>\r\n \t<li><a href=\"https:\/\/www.fiscalia.gov.co\/colombia\/wp-content\/uploads\/Septiembre-de-2024.xlsx\" target=\"_blank\" rel=\"noopener\">Septiembre de 2024 <\/a>&#8211; Publicado 2024-11-08<\/li>\r\n \t<li><a href=\"https:\/\/www.fiscalia.gov.co\/colombia\/wp-content\/uploads\/Agosto-de-2024.xlsx\" target=\"_blank\" rel=\"noopener\">Agosto de 2024<\/a> &#8211; Publicado 2024-09-26<\/li>\r\n \t<li><a href=\"https:\/\/www.fiscalia.gov.co\/colombia\/wp-content\/uploads\/Julio-2024.xlsx\" target=\"_blank\" rel=\"noopener\">Julio de 2024<\/a> &#8211; Publicado 2024-08-13<\/li>\r\n \t<li><a href=\"https:\/\/www.fiscalia.gov.co\/colombia\/wp-content\/uploads\/GESTION_CONTRACTUAL_SIRECI_JUNIO_2024.xlsx\" target=\"_blank\" rel=\"noopener\">Junio de 2024<\/a> &#8211; Publicado 2024-07-23<\/li>\r\n \t<li><a href=\"https:\/\/www.fiscalia.gov.co\/colombia\/wp-content\/uploads\/GESTION_CONTRACTUAL_SIRECI_MAYO_2024.xlsx\" target=\"_blank\" rel=\"noopener\">Mayo de 2024\u00a0<\/a>&#8211; Publicado 2024-06-25<\/li>\r\n \t<li><a href=\"https:\/\/www.fiscalia.gov.co\/colombia\/wp-content\/uploads\/GESTION_CONTRACTUAL_SIRECI_ABRIL_2024.xlsx\" target=\"_blank\" rel=\"noopener\">Abril de 2024\u00a0<\/a>&#8211; Publicado 2024-06-25<\/li>\r\n \t<li><a href=\"https:\/\/www.fiscalia.gov.co\/colombia\/wp-content\/uploads\/GESTION_CONTRACTUAL_SIRECI_MARZO_2024.xlsx\" target=\"_blank\" rel=\"noopener\">Marzo de 2024\u00a0<\/a>&#8211; Publicado 2024-06-25<\/li>\r\n \t<li><a href=\"https:\/\/www.fiscalia.gov.co\/colombia\/wp-content\/uploads\/GESTION_CONTRACTUAL_SIRECI_FEBRERO_2024.xlsx\" target=\"_blank\" rel=\"noopener\">Febrero de 2024<\/a>\u00a0&#8211; Publicado 2024-06-25<\/li>\r\n \t<li><a href=\"https:\/\/www.fiscalia.gov.co\/colombia\/wp-content\/uploads\/GESTION_CONTRACTUAL_SIRECI_ENERO_2024.xlsx\" target=\"_blank\" rel=\"noopener\">Enero de 2024<\/a>\u00a0&#8211; Publicado 2024-06-25<\/li>\r\n<\/ul>\r\n<strong>2023<\/strong>\r\n<ul>\r\n \t<li><a href=\"https:\/\/www.fiscalia.gov.co\/colombia\/wp-content\/uploads\/GESTION_CONTRACTUAL_SIRECI_DICIEMBRE_2023.xlsx\" target=\"_blank\" rel=\"noopener\">Diciembre de 2023<\/a> &#8211; Publicado 2024-06-25<\/li>\r\n \t<li><a href=\"https:\/\/www.fiscalia.gov.co\/colombia\/wp-content\/uploads\/GESTION_CONTRACTUAL_SIRECI_NOVIEMBRE_2023.xlsx\" target=\"_blank\" rel=\"noopener\">Noviembre de 2023<\/a> &#8211; Publicado 2024-01-10<\/li>\r\n \t<li><a href=\"https:\/\/www.fiscalia.gov.co\/colombia\/wp-content\/uploads\/GESTION_CONTRACTUAL_SIRECI_OCTUBRE_2023.xlsx\" target=\"_blank\" rel=\"noopener\">Octubre de 2023<\/a> &#8211; Publicado 2024-01-10<\/li>\r\n \t<li><a href=\"https:\/\/www.fiscalia.gov.co\/colombia\/wp-content\/uploads\/GESTION_CONTRACTUAL_SIRECI_SEPTIEMBRE_2023.xlsx\" target=\"_blank\" rel=\"noopener\">Septiembre de 2023<\/a> &#8211; Publicado 2024-01-10<\/li>\r\n \t<li><a href=\"https:\/\/www.fiscalia.gov.co\/colombia\/wp-content\/uploads\/GESTION_CONTRACTUAL_SIRECI_AGOSTO_2023.xlsx\" target=\"_blank\" rel=\"noopener\">Agosto de 2023<\/a> &#8211; Publicado 2024-01-10<\/li>\r\n \t<li><a href=\"https:\/\/www.fiscalia.gov.co\/colombia\/wp-content\/uploads\/GESTION_CONTRACTUAL_SIRECI_JULIO_2023.xlsx\" target=\"_blank\" rel=\"noopener\">Julio de 2023<\/a> &#8211; Publicado 2024-01-10<\/li>\r\n \t<li><a href=\"https:\/\/www.fiscalia.gov.co\/colombia\/wp-content\/uploads\/GESTION_CONTRACTUAL_SIRECI_JUNIO_2023.xlsx\" target=\"_blank\" rel=\"noopener\">Junio de 2023<\/a> &#8211; Publicado 2023-08-09<\/li>\r\n \t<li><a href=\"https:\/\/www.fiscalia.gov.co\/colombia\/wp-content\/uploads\/GESTION_CONTRACTUAL_SIRECI_MAYO_2023.xlsx\" target=\"_blank\" rel=\"noopener\">Mayo de 2023<\/a> &#8211; Publicado 2023-08-09<\/li>\r\n \t<li><a href=\"https:\/\/www.fiscalia.gov.co\/colombia\/wp-content\/uploads\/GESTION_CONTRACTUAL_SIRECI_ABRIL_2023.xlsx\" target=\"_blank\" rel=\"noopener\">Abril de 2023<\/a> &#8211; Publicado 2023-07-06<\/li>\r\n \t<li><a href=\"https:\/\/www.fiscalia.gov.co\/colombia\/wp-content\/uploads\/GESTION_CONTRACTUAL_SIRECI_MARZO_2023.xlsx\" target=\"_blank\" rel=\"noopener\">Marzo de 2023<\/a> &#8211; Publicado 2023-07-06<\/li>\r\n \t<li><a href=\"https:\/\/www.fiscalia.gov.co\/colombia\/wp-content\/uploads\/GESTION_CONTRACTUAL_SIRECI_FEBRERO_2023.xlsx\" target=\"_blank\" rel=\"noopener\">Febrero de 2023<\/a> &#8211; Publicado 2023-07-06<\/li>\r\n \t<li><a href=\"https:\/\/www.fiscalia.gov.co\/colombia\/wp-content\/uploads\/GESTION_CONTRACTUAL_SIRECI_ENERO_2023.xlsx\" target=\"_blank\" rel=\"noopener\">Enero de 2023<\/a> &#8211; Publicado 2023-02-14<\/li>\r\n<\/ul>\r\n<strong>2022<\/strong>\r\n<ul>\r\n \t<li><a href=\"https:\/\/www.fiscalia.gov.co\/colombia\/wp-content\/uploads\/GESTION_CONTRACTUAL_SIRECI_DICIEMBRE_2022.xlsx\" target=\"_blank\" rel=\"noopener\">Diciembre de 2022<\/a> &#8211; Publicado 2023-01-11<\/li>\r\n \t<li><a href=\"https:\/\/www.fiscalia.gov.co\/colombia\/wp-content\/uploads\/GESTION_CONTRACTUAL_SIRECI_NOVIEMBRE_2022.xlsx\" target=\"_blank\" rel=\"noopener\">Noviembre de 2022<\/a> &#8211; Publicado 2023-01-11<\/li>\r\n \t<li><a href=\"https:\/\/www.fiscalia.gov.co\/colombia\/wp-content\/uploads\/GESTION_CONTRACTUAL_SIRECI_OCTUBRE_2022.xlsx\" target=\"_blank\" rel=\"noopener\">Octubre de 2022<\/a> &#8211; Publicado 2023-01-11<\/li>\r\n \t<li><a href=\"https:\/\/www.fiscalia.gov.co\/colombia\/wp-content\/uploads\/GESTION_CONTRACTUAL_SIRECI_SEPTIEMBRE_2022.xlsx\" target=\"_blank\" rel=\"noopener\">Septiembre de 2022<\/a> &#8211; Publicado 2023-01-11<\/li>\r\n \t<li><a href=\"https:\/\/www.fiscalia.gov.co\/colombia\/wp-content\/uploads\/GESTION_CONTRACTUAL_SIRECI_AGOSTO_2022.xlsx\" target=\"_blank\" rel=\"noopener\">Agosto de 2022<\/a> &#8211; Publicado 2023-01-11<\/li>\r\n \t<li><a href=\"https:\/\/www.fiscalia.gov.co\/colombia\/wp-content\/uploads\/GESTION_CONTRACTUAL_SIRECI_JULIO_2022.xlsx\" target=\"_blank\" rel=\"noopener\">Julio de 2022<\/a> &#8211; Publicado 2023-01-11<\/li>\r\n \t<li><a href=\"https:\/\/www.fiscalia.gov.co\/colombia\/wp-content\/uploads\/GESTION_CONTRACTUAL_SIRECI_JUNIO_2022.xlsx\" target=\"_blank\" rel=\"noopener\">Junio de 2022<\/a> &#8211; Publicado 2023-01-11<\/li>\r\n \t<li><a href=\"https:\/\/www.fiscalia.gov.co\/colombia\/wp-content\/uploads\/GESTION_CONTRACTUAL_SIRECI_MAYO_2022.xlsx\" target=\"_blank\" rel=\"noopener\">Mayo de 2022<\/a> &#8211; Publicado 2022-06-13<\/li>\r\n \t<li><a href=\"https:\/\/www.fiscalia.gov.co\/colombia\/wp-content\/uploads\/GESTION_CONTRACTUAL_SIRECI_ABRIL_2022.xlsx\" target=\"_blank\" rel=\"noopener\">Abril de 2022<\/a> &#8211; Publicado 2022-05-10<\/li>\r\n \t<li><a href=\"https:\/\/www.fiscalia.gov.co\/colombia\/wp-content\/uploads\/GESTION_CONTRACTUAL_SIRECI_MARZO_2022.xlsx\" target=\"_blank\" rel=\"noopener noreferrer\">Marzo de 2022<\/a> &#8211; Publicado 2022-04-13<\/li>\r\n \t<li><a href=\"https:\/\/www.fiscalia.gov.co\/colombia\/wp-content\/uploads\/GESTION_CONTRACTUAL_SIRECI_FEBRERO_2022-1.xlsx\" target=\"_blank\" rel=\"noopener noreferrer\">Febrero de 2022<\/a> &#8211; Publicado 2022-04-13<\/li>\r\n \t<li><a href=\"https:\/\/www.fiscalia.gov.co\/colombia\/wp-content\/uploads\/GESTION_CONTRACTUAL_SIRECI_ENERO_2022-1.xlsx\" target=\"_blank\" rel=\"noopener noreferrer\">Enero de 2022 <\/a>&#8211; Publicado 2022-04-13<\/li>\r\n<\/ul>\r\n<strong>2021<\/strong>\r\n<ul>\r\n \t<li><a href=\"https:\/\/www.fiscalia.gov.co\/colombia\/wp-content\/uploads\/GESTION_CONTRACTUAL_SIRECI_DICIEMBRE_2021-1.xlsx\" target=\"_blank\" rel=\"noopener noreferrer\">Diciembre de 2021<\/a> &#8211; Publicado 2022-04-13<\/li>\r\n \t<li><a href=\"https:\/\/www.fiscalia.gov.co\/colombia\/wp-content\/uploads\/GESTION_CONTRACTUAL_SIRECI_NOVIEMBRE_2021.xlsx\" target=\"_blank\" rel=\"noopener noreferrer\">Noviembre de 2021<\/a> &#8211; Publicado 2021-12-21<\/li>\r\n \t<li><a href=\"https:\/\/www.fiscalia.gov.co\/colombia\/wp-content\/uploads\/GESTION_CONTRACTUAL_SIRECI_OCTUBRE_2021.xlsx\" target=\"_blank\" rel=\"noopener noreferrer\">Octubre de 2021<\/a> &#8211; Publicado 2021-11-11<\/li>\r\n \t<li><a href=\"https:\/\/www.fiscalia.gov.co\/colombia\/wp-content\/uploads\/GESTION_CONTRACTUAL_SIRECI_SEPTIEMBRE_2021.xlsx\" target=\"_blank\" rel=\"noopener noreferrer\">Septiembre de 2021 <\/a>&#8211; Publicado 2021-10-19<\/li>\r\n \t<li><a href=\"https:\/\/www.fiscalia.gov.co\/colombia\/wp-content\/uploads\/GESTION_CONTRACTUAL_SIRECI_AGOSTO_2021.xlsx\" target=\"_blank\" rel=\"noopener noreferrer\">Agosto de 2021<\/a> &#8211; Publicado 2021-10-19<\/li>\r\n \t<li><a href=\"https:\/\/www.fiscalia.gov.co\/colombia\/wp-content\/uploads\/GESTION_CONTRACTUAL_SIRECI_JULIO_2021.xlsx\" target=\"_blank\" rel=\"noopener noreferrer\">Julio de 2021<\/a> &#8211; Publicado 2021-08-10<\/li>\r\n \t<li><a href=\"https:\/\/www.fiscalia.gov.co\/colombia\/wp-content\/uploads\/GESTION_CONTRACTUAL_SIRECI_JUNIO_2021.xlsx\" target=\"_blank\" rel=\"noopener noreferrer\">Junio de 2021<\/a> &#8211; Publicado 2021-08-10<\/li>\r\n \t<li><a href=\"https:\/\/www.fiscalia.gov.co\/colombia\/wp-content\/uploads\/GESTION_CONTRACTUAL_SIRECI_MAYO_2021.xlsx\" target=\"_blank\" rel=\"noopener noreferrer\">Mayo de 2021<\/a> &#8211; Publicado 2021-07-01<\/li>\r\n \t<li><a href=\"https:\/\/www.fiscalia.gov.co\/colombia\/wp-content\/uploads\/GESTION_CONTRACTUAL_SIRECI_ABRIL_2021.xlsx\" target=\"_blank\" rel=\"noopener noreferrer\">Abril de 2021<\/a> &#8211; Publicado 2021-05-12<\/li>\r\n \t<li><a href=\"https:\/\/www.fiscalia.gov.co\/colombia\/wp-content\/uploads\/GESTION_CONTRACTUAL_SIRECI_MARZO_2021.xlsx\" target=\"_blank\" rel=\"noopener noreferrer\">Marzo de 2021<\/a> &#8211; Publicado 2021-04-28<\/li>\r\n \t<li><a href=\"https:\/\/www.fiscalia.gov.co\/colombia\/wp-content\/uploads\/GESTION_CONTRACTUAL_SIRECI_FEBRERO_2021.xlsx\" target=\"_blank\" rel=\"noopener noreferrer\">Febrero de 2021<\/a> &#8211; Publicado 2021-03-11<\/li>\r\n \t<li><a href=\"https:\/\/www.fiscalia.gov.co\/colombia\/wp-content\/uploads\/GESTION_CONTRACTUAL_SIRECI_ENERO_2021.xlsx\" target=\"_blank\" rel=\"noopener noreferrer\">Enero de 2021<\/a> &#8211; Publicado 2021-02-11<\/li>\r\n<\/ul>\r\n<strong>2020<\/strong>\r\n<ul>\r\n \t<li><a href=\"https:\/\/www.fiscalia.gov.co\/colombia\/wp-content\/uploads\/51_000021627_20201231.xlsx\" target=\"_blank\" rel=\"noopener noreferrer\">Rendici\u00f3n de Cuenta Fiscal Anual del Fondo Especial para la Administraci\u00f3n de Bienes 2020<\/a> &#8211; Publicado 2021-07-29<\/li>\r\n \t<li><a href=\"https:\/\/www.fiscalia.gov.co\/colombia\/wp-content\/uploads\/51_000000147_20201231.xls\" target=\"_blank\" rel=\"noopener noreferrer\">Rendici\u00f3n de Cuenta Fiscal Anual de la Fiscal\u00eda General de la Naci\u00f3n 2020 <\/a>&#8211; Publicado 2021-07-21<\/li>\r\n \t<li><a href=\"https:\/\/www.fiscalia.gov.co\/colombia\/wp-content\/uploads\/GESTION_CONTRACTUAL_SIRECI_DICIEMBRE_2020.xlsx\" target=\"_blank\" rel=\"noopener noreferrer\">Diciembre de 2020<\/a> &#8211; Publicado 2021-02-11<\/li>\r\n \t<li><a href=\"https:\/\/www.fiscalia.gov.co\/colombia\/wp-content\/uploads\/GESTION_CONTRACTUAL_SIRECI_NOVIEMBRE_2020.xlsx\" target=\"_blank\" rel=\"noopener noreferrer\">Noviembre de 2020<\/a> &#8211; Publicado 2021-02-11<\/li>\r\n \t<li><a href=\"https:\/\/www.fiscalia.gov.co\/colombia\/wp-content\/uploads\/GESTION_CONTRACTUAL_SIRECI_OCTUBRE_2020.xlsx\" target=\"_blank\" rel=\"noopener noreferrer\">Octubre de 2020<\/a> &#8211; Publicado 2020-12-03<\/li>\r\n \t<li><a href=\"https:\/\/www.fiscalia.gov.co\/colombia\/wp-content\/uploads\/GESTION_CONTRACTUAL_SIRECI_SEPTIEMBRE_2020.xlsx\" target=\"_blank\" rel=\"noopener noreferrer\">Septiembre de 2020<\/a> &#8211; Publicado 2020-10-15<\/li>\r\n \t<li><a href=\"https:\/\/www.fiscalia.gov.co\/colombia\/wp-content\/uploads\/GESTION_CONTRACTUAL_SIRECI_AGOSTO_2020.xlsx\" target=\"_blank\" rel=\"noopener noreferrer\">Agosto de 2020<\/a> &#8211; Publicado 2020-09-17<\/li>\r\n \t<li><a href=\"https:\/\/www.fiscalia.gov.co\/colombia\/wp-content\/uploads\/GESTION_CONTRACTUAL_SIRECI_JULIO_2020.xlsx\" target=\"_blank\" rel=\"noopener noreferrer\">Julio de 2020<\/a> &#8211; Publicado 2020-08-18<\/li>\r\n \t<li><a href=\"https:\/\/www.fiscalia.gov.co\/colombia\/wp-content\/uploads\/GESTION_CONTRACTUAL_SIRECI_JUNIO_2020.xlsx\">Junio de 2020<\/a> &#8211; Publicado 2020-07-14<\/li>\r\n \t<li><a href=\"https:\/\/www.fiscalia.gov.co\/colombia\/wp-content\/uploads\/GESTION_CONTRACTUAL_SIRECI_MAYO_2020.xlsx\" target=\"_blank\" rel=\"noopener noreferrer\">Mayo de 2020<\/a> &#8211; Publicado 2020-07-14<\/li>\r\n \t<li><a href=\"https:\/\/www.fiscalia.gov.co\/colombia\/wp-content\/uploads\/GESTION_CONTRACTUAL_SIRECI_ABRIL_2020.xlsx\" target=\"_blank\" rel=\"noopener noreferrer\">Abril de 2020<\/a> &#8211; Publicado 2020-07-14<\/li>\r\n \t<li><a href=\"https:\/\/www.fiscalia.gov.co\/colombia\/wp-content\/uploads\/GESTION_CONTRACTUAL_SIRECI_MARZO_2020.xlsx\" target=\"_blank\" rel=\"noopener noreferrer\">Marzo de 2020<\/a> &#8211; Publicado 2020-07-14<\/li>\r\n \t<li><a href=\"https:\/\/www.fiscalia.gov.co\/colombia\/wp-content\/uploads\/GESTION_CONTRACTUAL_SIRECI_FEBRERO_2020.xlsx\" target=\"_blank\" rel=\"noopener noreferrer\">Febrero de 2020<\/a> &#8211; Publicado 2020-07-14<\/li>\r\n \t<li><a href=\"https:\/\/www.fiscalia.gov.co\/colombia\/wp-content\/uploads\/GESTION-CONTRACTUAL-SIRECI-ENERO-2020.xlsx\" target=\"_blank\" rel=\"noopener noreferrer\">Enero de 2020<\/a> &#8211; Publicado 2020-02-06<\/li>\r\n<\/ul>\r\n<strong>2019<\/strong>\r\n<ul>\r\n \t<li><a href=\"https:\/\/www.fiscalia.gov.co\/colombia\/wp-content\/uploads\/51_000021627_20191231.xlsx\" target=\"_blank\" rel=\"noopener noreferrer\">Rendici\u00f3n de Cuenta Fiscal Anual del Fondo Especial para la Administraci\u00f3n de Bienes 2019<\/a> &#8211; Publicado 2021-07-29<\/li>\r\n \t<li><a href=\"https:\/\/www.fiscalia.gov.co\/colombia\/wp-content\/uploads\/51_000000147_20191231.xls\" target=\"_blank\" rel=\"noopener noreferrer\">Rendici\u00f3n de Cuenta Fiscal Anual de la Fiscal\u00eda General de la Naci\u00f3n 2019\u00a0<\/a> &#8211; Publicado 2021-07-21<\/li>\r\n \t<li><a href=\"https:\/\/www.fiscalia.gov.co\/colombia\/wp-content\/uploads\/GESTION-CONTRACTUAL-SIRECI-DICIEMBRE.xlsx\" target=\"_blank\" rel=\"noopener noreferrer\">Diciembre de 2019<\/a> &#8211; Publicado 2020-01-10<\/li>\r\n \t<li><a href=\"https:\/\/www.fiscalia.gov.co\/colombia\/wp-content\/uploads\/GESTION-CONTRACTUAL-SIRECI-NOVIEMBRE.xlsx\" target=\"_blank\" rel=\"noopener noreferrer\">Noviembre de 2019<\/a> &#8211; Publicado 2020-01-10<\/li>\r\n \t<li><a href=\"https:\/\/www.fiscalia.gov.co\/colombia\/wp-content\/uploads\/GESTION-CONTRACTUAL-SIRECI-OCTUBRE.xlsx\" target=\"_blank\" rel=\"noopener noreferrer\">Octubre de 2019<\/a> &#8211; Publicado 2019-11-08<\/li>\r\n \t<li><a href=\"https:\/\/www.fiscalia.gov.co\/colombia\/wp-content\/uploads\/GESTION-CONTRACTUAL-SIRECI-SEPTIEMBRE.xlsx\" target=\"_blank\" rel=\"noopener noreferrer\">Septiembre de 2019<\/a> &#8211; Publicado 2019-10-11<\/li>\r\n \t<li><a href=\"https:\/\/www.fiscalia.gov.co\/colombia\/wp-content\/uploads\/GESTION-CONTRACTUAL-SIRECI-JULIO-AGOSTO-2019.xlsx\" target=\"_blank\" rel=\"noopener noreferrer\">Julio &#8211; agosto de 2019<\/a> &#8211; Publicado 2019-09-12<\/li>\r\n \t<li><a href=\"https:\/\/www.fiscalia.gov.co\/colombia\/wp-content\/uploads\/GESTION-CONTRACTUAL-SIRECI-ABRIL-JUNIO-2019.xlsx\" target=\"_blank\" rel=\"noopener noreferrer\">Abril- junio de 2019<\/a> &#8211; Publicado 2019-07-19<\/li>\r\n \t<li><a href=\"https:\/\/www.fiscalia.gov.co\/colombia\/wp-content\/uploads\/GESTI\u00d3N-CONTRACTUAL-SIRECI-ENERO-MARZO-2019.xlsx\" target=\"_blank\" rel=\"noopener noreferrer\">Enero \u2013 marzo de 2019<\/a> &#8211; Publicado 2019-04-15<\/li>\r\n<\/ul>\r\n<strong>2018<\/strong>\r\n<ul>\r\n \t<li><a href=\"https:\/\/www.fiscalia.gov.co\/colombia\/wp-content\/uploads\/51_000000147_20181231.xls\" target=\"_blank\" rel=\"noopener noreferrer\">Rendici\u00f3n de Cuenta Fiscal Anual de la Fiscal\u00eda General de la Naci\u00f3n 2018<\/a> &#8211;\u00a0Publicado 2019-03-05<\/li>\r\n \t<li><a href=\"https:\/\/www.fiscalia.gov.co\/colombia\/wp-content\/uploads\/51_000021627_20181231.xls\" target=\"_blank\" rel=\"noopener noreferrer\">Rendici\u00f3n de Cuenta Fiscal Anual del Fondo Especial de Bienes de la Fiscal\u00eda General de la Naci\u00f3n 2018<\/a>\u00a0&#8211;\u00a0Publicado 2019-03-05<\/li>\r\n \t<li><a href=\"https:\/\/www.fiscalia.gov.co\/colombia\/wp-content\/uploads\/SIRECI-OCT-DIC-2018.xlsx\" target=\"_blank\" rel=\"noopener noreferrer\">Octubre &#8211; diciembre de 2018<\/a> &#8211; Publicado 2019-01-28<\/li>\r\n \t<li><a href=\"https:\/\/www.fiscalia.gov.co\/colombia\/wp-content\/uploads\/SIRECI-JULIO-SEPTIEMBRE-2018.xlsx\">Julio &#8211; septiembre de 2018\u00a0<\/a>&#8211; Publicado el 18 de octubre de 2018<\/li>\r\n<\/ul>\r\nAbril \u2013 junio de 2018\r\n<ul>\r\n \t<li><a href=\"https:\/\/www.fiscalia.gov.co\/colombia\/wp-content\/uploads\/II-TRI-2018-CONTRATOS-LEY-80.xlsx\">Contratos Ley 80<\/a><\/li>\r\n \t<li><a href=\"https:\/\/www.fiscalia.gov.co\/colombia\/wp-content\/uploads\/II-TRI-2018-CONVENIOS.xlsx\">Convenios \u2013 contratos interadministrativos<\/a><\/li>\r\n \t<li><a href=\"https:\/\/www.fiscalia.gov.co\/colombia\/wp-content\/uploads\/II-TRI-2018-ORDENES-DE-TRABAJO.xlsx\">\u00d3rdenes de trabajo y compra<\/a><\/li>\r\n \t<li><a href=\"https:\/\/www.fiscalia.gov.co\/colombia\/wp-content\/uploads\/II-TRI-2018-CONSORCIOS.xlsx\">Consorcios, uniones temporales y coejecutores<\/a><\/li>\r\n \t<li><a href=\"https:\/\/www.fiscalia.gov.co\/colombia\/wp-content\/uploads\/II-TRI-2018-CONTRATOS-DERECHO-PRIVADO.xlsx\">Contratos que se rigen por derecho privado<\/a><\/li>\r\n<\/ul>\r\nEnero \u2013 marzo de 2018\r\n<ul>\r\n \t<li><a href=\"https:\/\/www.fiscalia.gov.co\/colombia\/wp-content\/uploads\/I-TRI-2018-CONTRATOS-LEY-80.xlsx\">Contratos Ley 80<\/a><\/li>\r\n \t<li><a href=\"https:\/\/www.fiscalia.gov.co\/colombia\/wp-content\/uploads\/I-TRI-2018-CONVENIOS.xlsx\">Convenios \u2013 contratos interadministrativos<\/a><\/li>\r\n \t<li><a href=\"https:\/\/www.fiscalia.gov.co\/colombia\/wp-content\/uploads\/I-TRI-2018-ORDENES-DE-TRABAJO.xlsx\">\u00d3rdenes de trabajo y compra<\/a><\/li>\r\n \t<li><a href=\"https:\/\/www.fiscalia.gov.co\/colombia\/wp-content\/uploads\/I-TRI-2018-CONSORCIOS.xlsx\">Consorcios, uniones temporales y coejecutores<\/a><\/li>\r\n \t<li><a href=\"https:\/\/www.fiscalia.gov.co\/colombia\/wp-content\/uploads\/I-TRI-2018-CONTRATOS-DERECHO-PRIVADO.xlsx\">Contratos que se rigen por derecho privado<\/a><\/li>\r\n<\/ul>\r\n<strong>2017<\/strong>\r\n\r\n<a href=\"https:\/\/www.fiscalia.gov.co\/colombia\/wp-content\/uploads\/RENDICION-DE-CUENTA-FISCAL-ANUAL-2017.xlsx\"><strong><em>Rendici\u00f3n de Cuenta Fiscal Anual de la Fiscal\u00eda General de la Naci\u00f3n &#8211; 2017<\/em><\/strong><\/a>\r\n\r\nOctubre- diciembre de 2017\r\n<ul>\r\n \t<li><a href=\"https:\/\/www.fiscalia.gov.co\/colombia\/wp-content\/uploads\/IV-TRI-2017-CONTRATOS-LEY-80.xlsx\">Contratos Ley 80<\/a><\/li>\r\n \t<li><a href=\"https:\/\/www.fiscalia.gov.co\/colombia\/wp-content\/uploads\/IV-TRI-2017-CONVENIOS.xlsx\">Convenios \u2013 contratos interadministrativos<\/a><\/li>\r\n \t<li><a href=\"https:\/\/www.fiscalia.gov.co\/colombia\/wp-content\/uploads\/IV-TRI-2017-ORDENES-DE-TRABAJO.xlsx\">\u00d3rdenes de trabajo y compra<\/a><\/li>\r\n \t<li><a href=\"https:\/\/www.fiscalia.gov.co\/colombia\/wp-content\/uploads\/IV-TRI-2017-CONSORCIOS.xlsx\">Consorcios, uniones temporales y coejecutores<\/a><\/li>\r\n \t<li><a href=\"https:\/\/www.fiscalia.gov.co\/colombia\/wp-content\/uploads\/IV-TRI-2017-CONTRATOS-DERECHO-PRIVADO.xlsx\">Contratos que se rigen por derecho privado<\/a><\/li>\r\n<\/ul>\r\nJulio- septiembre de 2017\r\n<ul>\r\n \t<li><a href=\"https:\/\/www.fiscalia.gov.co\/colombia\/wp-content\/uploads\/III-TRI-2017-CONTRATOS-LEY-80.xlsx\">Contratos Ley 80<\/a><\/li>\r\n \t<li><a href=\"https:\/\/www.fiscalia.gov.co\/colombia\/wp-content\/uploads\/III-TRI-2017-CONVENIOS.xlsx\">Convenios \u2013 contratos interadministrativos<\/a><\/li>\r\n \t<li><a href=\"https:\/\/www.fiscalia.gov.co\/colombia\/wp-content\/uploads\/III-TRI-2017-ORDENES-DE-TRABAJO.xlsx\">\u00d3rdenes de trabajo y compra<\/a><\/li>\r\n \t<li><a href=\"https:\/\/www.fiscalia.gov.co\/colombia\/wp-content\/uploads\/III-TRI-2017-CONSORCIOS.xlsx\">Consorcios, uniones temporales y coejecutores<\/a><\/li>\r\n \t<li><a href=\"https:\/\/www.fiscalia.gov.co\/colombia\/wp-content\/uploads\/III-TRI-2017-CONTRATOS-DERECHO-PRIVADO.xlsx\">Contratos que se rigen por derecho privado<\/a><\/li>\r\n<\/ul>\r\nAbril- junio de 2017\r\n<ul>\r\n \t<li><a title=\"Ver documento\" href=\"http:\/\/www.fiscalia.gov.co\/colombia\/wp-content\/uploads\/CONTRATOS-REGIDOS-POR-LEY-80-93-1150-2007-Y-DEM\u00c1S-DISPOSIC-REGLAMEN7.pdf\" target=\"_blank\" rel=\"noopener noreferrer\">Contratos Ley 80<\/a><\/li>\r\n \t<li><a title=\"Ver documento\" href=\"http:\/\/www.fiscalia.gov.co\/colombia\/wp-content\/uploads\/CONVENIOS-CONTRATOS-INTERADMINISTRATIVOS4.pdf\" target=\"_blank\" rel=\"noopener noreferrer\">Convenios &#8211; contratos interadministrativos<\/a><\/li>\r\n \t<li><a title=\"Ver documento\" href=\"http:\/\/www.fiscalia.gov.co\/colombia\/wp-content\/uploads\/\u00d3RDENES-DE-COMPRA-Y-TRABAJO4.pdf\" target=\"_blank\" rel=\"noopener noreferrer\">\u00d3rdenes de trabajo y compra<\/a><\/li>\r\n \t<li><a title=\"Ver documento\" href=\"http:\/\/www.fiscalia.gov.co\/colombia\/wp-content\/uploads\/INTEGRANTES-CONSORCIOS-Y-UNIONES-TEMPORALES2.pdf\" target=\"_blank\" rel=\"noopener noreferrer\">Consorcios, uniones temporales y coejecutores<\/a><\/li>\r\n \t<li><a title=\"Ver documento\" href=\"http:\/\/www.fiscalia.gov.co\/colombia\/wp-content\/uploads\/CONTRATOS-QUE-SE-RIGEN-POR-DERECHO-PRIVADO2.pdf\" target=\"_blank\" rel=\"noopener noreferrer\">Contratos que se rigen por derecho privado<\/a><\/li>\r\n<\/ul>\r\nEnero &#8211; marzo de 2017\r\n<ul>\r\n \t<li><a title=\"Ver documento\" href=\"http:\/\/www.fiscalia.gov.co\/colombia\/wp-content\/uploads\/CONTRATOS-REGIDOS-POR-LEY-80-93-1150-2007-Y-DEM\u00c1S-DISPOSIC-REGLAMEN5.pdf\" target=\"_blank\" rel=\"noopener noreferrer\">Contratos Ley 80<\/a><\/li>\r\n \t<li><a title=\"Ver documento\" href=\"http:\/\/www.fiscalia.gov.co\/colombia\/wp-content\/uploads\/CONVENIOS-CONTRATOS-INTERADMINISTRATIVOS3.pdf\" target=\"_blank\" rel=\"noopener noreferrer\">Convenios &#8211; contratos interadministrativos<\/a><\/li>\r\n \t<li><a title=\"Ver documento\" href=\"http:\/\/www.fiscalia.gov.co\/colombia\/wp-content\/uploads\/\u00d3RDENES-DE-COMPRA-Y-TRABAJO3.pdf\" target=\"_blank\" rel=\"noopener noreferrer\">\u00d3rdenes de trabajo y compra<\/a><\/li>\r\n \t<li><a title=\"Ver documento\" href=\"http:\/\/www.fiscalia.gov.co\/colombia\/wp-content\/uploads\/INTEGRANTES-CONSORCIOS-Y-UNIONES-TEMPORALES1.pdf\" target=\"_blank\" rel=\"noopener noreferrer\">Consorcios, uniones temporales y coejecutores<\/a><\/li>\r\n \t<li><a title=\"Ver documento\" href=\"http:\/\/www.fiscalia.gov.co\/colombia\/wp-content\/uploads\/CONTRATOS-QUE-SE-RIGEN-POR-DERECHO-PRIVADO1.pdf\" target=\"_blank\" rel=\"noopener noreferrer\">Contratos que se rigen por derecho privado<\/a><\/li>\r\n<\/ul>\r\n<strong>2016<\/strong>\r\n\r\n<a href=\"https:\/\/www.fiscalia.gov.co\/colombia\/wp-content\/uploads\/RENDICION-DE-CUENTA-FISCAL-ANUAL-2016.xlsx\"><strong><em>Rendici\u00f3n de Cuenta Fiscal Anual de la Fiscal\u00eda General de la Naci\u00f3n &#8211; 2016<\/em><\/strong><\/a>\r\n\r\nOctubre &#8211; diciembre de 2016\r\n<ul>\r\n \t<li><a title=\"Ver archivo\" href=\"http:\/\/www.fiscalia.gov.co\/colombia\/wp-content\/uploads\/CONTRATOS-REGIDOS-POR-LEY-80-93-1150-2007-Y-DEM\u00c1S-DISPOSIC-REGLAMEN3.pdf\" target=\"_blank\" rel=\"noopener noreferrer\">Contratos Ley 80<\/a><\/li>\r\n \t<li><a title=\"Ver archivo\" href=\"http:\/\/www.fiscalia.gov.co\/colombia\/wp-content\/uploads\/CONVENIOS-CONTRATOS-INTERADMINISTRATIVOS2.pdf\" target=\"_blank\" rel=\"noopener noreferrer\">Convenios &#8211; contratos interadministrativos<\/a><\/li>\r\n \t<li><a title=\"Ver archivo\" href=\"http:\/\/www.fiscalia.gov.co\/colombia\/wp-content\/uploads\/\u00d3RDENES-DE-COMPRA-Y-TRABAJO2.pdf\" target=\"_blank\" rel=\"noopener noreferrer\">\u00d3rdenes de trabajo y compra<\/a><\/li>\r\n \t<li><a title=\"Ver archivo\" href=\"http:\/\/www.fiscalia.gov.co\/colombia\/wp-content\/uploads\/INTEGRANTES-CONSORCIOS-Y-UNIONES-TEMPORALES.pdf\" target=\"_blank\" rel=\"noopener noreferrer\">Consorcios, uniones temporales y coejecutores<\/a><\/li>\r\n<\/ul>\r\nJulio- septiembre de 2016\r\n<ul>\r\n \t<li><a title=\"Ver documento \" href=\"CONTRATOS REGIDOS POR LEY 80-93, 1150-2007 Y DEM\u00c1S DISPOSIC REGLAMEN\" target=\"_blank\" rel=\"noopener noreferrer\">Contratos Ley 80<\/a><\/li>\r\n \t<li><a title=\"Ver documento \" href=\"http:\/\/www.fiscalia.gov.co\/colombia\/wp-content\/uploads\/CONVENIOS-CONTRATOS-INTERADMINISTRATIVOS1.pdf\" target=\"_blank\" rel=\"noopener noreferrer\">Convenios &#8211; contratos interadministrativos<\/a><\/li>\r\n \t<li><a title=\"Ver archivo\" href=\"http:\/\/www.fiscalia.gov.co\/colombia\/wp-content\/uploads\/\u00d3RDENES-DE-COMPRA-Y-TRABAJO1.pdf\" target=\"_blank\" rel=\"noopener noreferrer\">\u00d3rdenes de trabajo y compra<\/a><\/li>\r\n<\/ul>\r\nAbril- junio de 2016\r\n<ul>\r\n \t<li><a title=\"Ver archivo\" href=\"http:\/\/www.fiscalia.gov.co\/colombia\/wp-content\/uploads\/CONTRATOS-REGIDOS-POR-LEY-80-93-1150-2007-Y-DEM\u00c1S-DISPOSIC-REGLAMEN1.pdf\" target=\"_blank\" rel=\"noopener noreferrer\">Contratos Ley 80<\/a><\/li>\r\n \t<li><a title=\"Ver documento \" href=\"http:\/\/www.fiscalia.gov.co\/colombia\/wp-content\/uploads\/CONVENIOS-CONTRATOS-INTERADMINISTRATIVOS.pdf\" target=\"_blank\" rel=\"noopener noreferrer\">Convenios &#8211; contratos interadministrativos<\/a><\/li>\r\n \t<li><a title=\"Ver documento \" href=\"http:\/\/www.fiscalia.gov.co\/colombia\/wp-content\/uploads\/\u00d3RDENES-DE-COMPRA-Y-TRABAJO.pdf\" target=\"_blank\" rel=\"noopener noreferrer\">\u00d3rdenes de trabajo y compra<\/a><\/li>\r\n \t<li><a title=\"Ver documento \" href=\"http:\/\/www.fiscalia.gov.co\/colombia\/wp-content\/uploads\/CONTRATOS-QUE-SE-RIGEN-POR-DERECHO-PRIVADO.pdf\" target=\"_blank\" rel=\"noopener noreferrer\">Consorcios, uniones temporales y coejecutores<\/a><\/li>\r\n<\/ul>\r\nEnero- marzo de 2016\r\n<ul>\r\n \t<li><a title=\"Ver documento \" href=\"http:\/\/www.fiscalia.gov.co\/colombia\/wp-content\/uploads\/CONTRATOS-REGIDOS-POR-LEY-80-93-1150-2007.pdf\" target=\"_blank\" rel=\"noopener noreferrer\">Contratos Ley 80<\/a><\/li>\r\n \t<li><a title=\"Ver archivo\" href=\"http:\/\/www.fiscalia.gov.co\/colombia\/wp-content\/uploads\/GESTI\u00d3N-CONTRACTUAL-CONVENIOS-CONTRATOS-INTERADMINISTRATIVOS1.pdf\" target=\"_blank\" rel=\"noopener noreferrer\">Convenios &#8211; contratos interadministrativos<\/a><\/li>\r\n \t<li><a title=\"Ver archivo\" href=\"http:\/\/www.fiscalia.gov.co\/colombia\/wp-content\/uploads\/GESTI\u00d3N-CONTRACTUAL-\u00d3RDENES-DE-COMPRA-Y-TRABAJO1.pdf\" target=\"_blank\" rel=\"noopener noreferrer\">\u00d3rdenes de trabajo y compra<\/a><\/li>\r\n \t<li><a title=\"Ver archivo\" href=\"http:\/\/www.fiscalia.gov.co\/colombia\/wp-content\/uploads\/GESTI\u00d3N-CONTRACTUAL-INTEGRANTES-CONSORCIOS-Y-UNIONES-TEMPORALES1.pdf\" target=\"_blank\" rel=\"noopener noreferrer\">Consorcios, uniones temporales y coejecutores<\/a><\/li>\r\n \t<li><a title=\"Ver archivo\" href=\"http:\/\/www.fiscalia.gov.co\/colombia\/wp-content\/uploads\/GESTI\u00d3N-CONTRACTUAL-CONTRATOS-QUE-SE-RIGEN-POR-DERECHO-PRIVADO1.pdf\" target=\"_blank\" rel=\"noopener noreferrer\">Contratos que se rigen por Derecho Privado<\/a><\/li>\r\n<\/ul>\r\n<strong>2015<\/strong>\r\n\r\n<a href=\"https:\/\/www.fiscalia.gov.co\/colombia\/wp-content\/uploads\/RENDICION-DE-CUENTA-FISCAL-ANUAL-2015.xlsx\"><strong><em>Rendici\u00f3n de Cuenta Fiscal Anual de la Fiscal\u00eda General de la Naci\u00f3n &#8211; 2015<\/em><\/strong><\/a>\r\n\r\nOctubre &#8211; diciembre de 2015\r\n<ul>\r\n \t<li><a title=\"Ver documento \" href=\"http:\/\/www.fiscalia.gov.co\/colombia\/wp-content\/uploads\/CONTRATOS-REGIDOS-POR-LEY-80-93-1150-2007-Y-DEM\u00c1S-DISPOSIC-REGLAMEN.pdf\" target=\"_blank\" rel=\"noopener noreferrer\">Contratos Ley 80<\/a><\/li>\r\n \t<li><a title=\"Ver documento \" href=\"http:\/\/www.fiscalia.gov.co\/colombia\/wp-content\/uploads\/GESTI\u00d3N-CONTRACTUAL-CONVENIOS-CONTRATOS-INTERADMINISTRATIVOS_2.pdf\" target=\"_blank\" rel=\"noopener noreferrer\">Convenios &#8211; contratos interadministrativos<\/a><\/li>\r\n \t<li><a title=\"Ver documento \" href=\"http:\/\/www.fiscalia.gov.co\/colombia\/wp-content\/uploads\/GESTI\u00d3N-CONTRACTUAL-\u00d3RDENES-DE-COMPRA-Y-TRABAJO_2.pdf\" target=\"_blank\" rel=\"noopener noreferrer\">\u00d3rdenes de trabajo y compra<\/a><\/li>\r\n \t<li><a title=\"Ver documento \" href=\"http:\/\/www.fiscalia.gov.co\/colombia\/wp-content\/uploads\/GESTI\u00d3N-CONTRACTUAL-INTEGRANTES-CONSORCIOS-Y-UNIONES-TEMPORALES_2.pdf\" target=\"_blank\" rel=\"noopener noreferrer\">Consorcios, uniones temporales y coejecutores<\/a><\/li>\r\n \t<li><a title=\"Ver documento \" href=\"http:\/\/www.fiscalia.gov.co\/colombia\/wp-content\/uploads\/GESTI\u00d3N-CONTRACTUAL-CONTRATOS-QUE-SE-RIGEN-POR-DERECHO-PRIVADO_2.pdf\" target=\"_blank\" rel=\"noopener noreferrer\">Contratos que se rigen por Derecho Privado<\/a><\/li>\r\n<\/ul>\r\nJulio- septiembre 2015\r\n<ul>\r\n \t<li><a title=\"Ver documento \" href=\"http:\/\/www.fiscalia.gov.co\/colombia\/wp-content\/uploads\/CONTRATOS-REGIDOS-POR-LEY-80-93-1150-2007-Y-DEM\u00c1S-DISPOSIC-REGLAMENTARIA.pdf\" target=\"_blank\" rel=\"noopener noreferrer\">Contratos Ley 80<\/a><\/li>\r\n \t<li><a title=\"Ver documento \" href=\"http:\/\/www.fiscalia.gov.co\/colombia\/wp-content\/uploads\/GESTI\u00d3N-CONTRACTUAL-CONVENIOS-CONTRATOS-INTERADMINISTRATIVOS_1.pdf\" target=\"_blank\" rel=\"noopener noreferrer\">Convenios &#8211; contratos interadministrativos<\/a><\/li>\r\n \t<li><a title=\"Ver documento \" href=\"http:\/\/www.fiscalia.gov.co\/colombia\/wp-content\/uploads\/GESTI\u00d3N-CONTRACTUAL-\u00d3RDENES-DE-COMPRA-Y-TRABAJO_1.pdf\" target=\"_blank\" rel=\"noopener noreferrer\">\u00d3rdenes de trabajo y compra<\/a><\/li>\r\n \t<li><a title=\"Ver documento \" href=\"http:\/\/www.fiscalia.gov.co\/colombia\/wp-content\/uploads\/GESTI\u00d3N-CONTRACTUAL-INTEGRANTES-CONSORCIOS-Y-UNIONES-TEMPORALES_1.pdf\" target=\"_blank\" rel=\"noopener noreferrer\">Consorcios, uniones temporales y coejecutores<\/a><\/li>\r\n \t<li><a title=\"Ver documento \" href=\"http:\/\/www.fiscalia.gov.co\/colombia\/wp-content\/uploads\/GESTI\u00d3N-CONTRACTUAL-CONTRATOS-QUE-SE-RIGEN-POR-DERECHO-PRIVADO_1.pdf\" target=\"_blank\" rel=\"noopener noreferrer\">Contratos que se rigen por Derecho Privado<\/a><\/li>\r\n<\/ul>\r\nAbril- junio 2015\r\n<ul>\r\n \t<li><a title=\"Ver documento \" href=\"http:\/\/www.fiscalia.gov.co\/colombia\/wp-content\/uploads\/CONTRATOS-REGIDOS-POR-LEY-80-93-1150-2007-Y-DEM\u00c1S-DISPOSIC-REGLAMENTARIAS.pdf\" target=\"_blank\" rel=\"noopener noreferrer\">Contratos Ley 80<\/a><\/li>\r\n \t<li><a title=\"Ver documento \" href=\"http:\/\/www.fiscalia.gov.co\/colombia\/wp-content\/uploads\/GESTI\u00d3N-CONTRACTUAL-CONVENIOS-CONTRATOS-INTERADMINISTRATIVOS.pdf\" target=\"_blank\" rel=\"noopener noreferrer\">Convenios &#8211; contratos interadministrativos<\/a><\/li>\r\n \t<li><a title=\"Ver documento \" href=\"http:\/\/www.fiscalia.gov.co\/colombia\/wp-content\/uploads\/GESTI\u00d3N-CONTRACTUAL-\u00d3RDENES-DE-COMPRA-Y-TRABAJO.pdf\" target=\"_blank\" rel=\"noopener noreferrer\">\u00d3rdenes de trabajo y compra<\/a><\/li>\r\n \t<li><a title=\"Ver documento \" href=\"http:\/\/www.fiscalia.gov.co\/colombia\/wp-content\/uploads\/GESTI\u00d3N-CONTRACTUAL-INTEGRANTES-CONSORCIOS-Y-UNIONES-TEMPORALES.pdf\" target=\"_blank\" rel=\"noopener noreferrer\">Consorcios, uniones temporales y coejecutores<\/a><\/li>\r\n \t<li><a title=\"Ver documento \" href=\"http:\/\/www.fiscalia.gov.co\/colombia\/wp-content\/uploads\/GESTI\u00d3N-CONTRACTUAL-CONTRATOS-QUE-SE-RIGEN-POR-DERECHO-PRIVADO.pdf\" target=\"_blank\" rel=\"noopener noreferrer\">Contratos que se rigen por Derecho Privado\u00a0<\/a><\/li>\r\n<\/ul>\r\n<a href=\"https:\/\/www.fiscalia.gov.co\/colombia\/wp-content\/uploads\/I-TRIMESTRE-2015.xlsx\">Enero- marzo 2015<\/a>\r\n\r\n<strong>2014<\/strong>\r\n\r\n<a href=\"https:\/\/www.fiscalia.gov.co\/colombia\/wp-content\/uploads\/RENDICION-DE-CUENTA-FISCAL-ANUAL-2014.xlsx\"><strong><em>Rendici\u00f3n de Cuenta Fiscal Anual de la Fiscal\u00eda General de la Naci\u00f3n &#8211; 2014<\/em><\/strong><\/a>\r\n\r\n<a href=\"https:\/\/www.fiscalia.gov.co\/colombia\/wp-content\/uploads\/IV-TRIMESTRE-2014.xlsx\">Octubre \u2013 diciembre 2014<\/a>\r\n\r\n<a href=\"https:\/\/www.fiscalia.gov.co\/colombia\/wp-content\/uploads\/III-TRIMESTRE-2014.xlsx\">Julio \u2013 septiembre 2014<\/a>\r\n\r\n<a href=\"https:\/\/www.fiscalia.gov.co\/colombia\/wp-content\/uploads\/II-TRIMESTRE-2014.xlsx\">Abril \u2013 junio 2014<\/a>\r\n\r\nEnero- marzo 2014\r\n<ul>\r\n \t<li><a title=\"Descargar archivo\" href=\"http:\/\/www.fiscalia.gov.co\/colombia\/wp-content\/uploads\/F5.1-CONTRATOS-REGIDOS-POR-LEY-80_93-1150_2007-Y-DEM\u00c1S-DISPOSIC-REGLAMEN-.pdf\" target=\"_blank\" rel=\"noopener noreferrer\">Contratos Ley 80<\/a><\/li>\r\n \t<li><a title=\"Descargar archivo\" href=\"http:\/\/www.fiscalia.gov.co\/colombia\/wp-content\/uploads\/F5.4-GESTI\u00d3N-CONTRACTUAL-CONVENIOS-_-CONTRATOS-INTERADMINISTRAT.pdf\" target=\"_blank\" rel=\"noopener noreferrer\">Convenios &#8211; contratos interadministrativos<\/a><\/li>\r\n \t<li><a title=\"http:\/\/www.fiscalia.gov.co\/colombia\/wp-content\/uploads\/F5-3-GESTI\u00d3N-CONTRACTUAL-\u00d3RDENES-DE-COMPRA-Y-TRABAJO.pdf\" href=\"http:\/\/www.fiscalia.gov.co\/colombia\/wp-content\/uploads\/F5-3-GESTI\u00d3N-CONTRACTUAL-\u00d3RDENES-DE-COMPRA-Y-TRABAJO.pdf\" target=\"_blank\" rel=\"noopener noreferrer\">\u00d3rdenes de trabajo y compra<\/a><\/li>\r\n \t<li><a title=\"Descargar archivo\" href=\"http:\/\/www.fiscalia.gov.co\/colombia\/wp-content\/uploads\/F5.5-GESTI\u00d3N-CONTRACTUAL-INTEGRANTES-CONSORCIOS-Y-UNIONES-TEMPORALES.pdf\" target=\"_blank\" rel=\"noopener noreferrer\">Consorcios, uniones temporales y coejecutores<\/a><\/li>\r\n \t<li><a title=\"Descargar archivo\" href=\"http:\/\/www.fiscalia.gov.co\/colombia\/wp-content\/uploads\/F5.2-GESTI\u00d3N-CONTRACTUAL-CONTRATOS-QUE-SE-RIGEN-POR-DERECHO-PRIVADO.pdf\" target=\"_blank\" rel=\"noopener noreferrer\">Contratos que se rigen por Derecho Privado<\/a><\/li>\r\n<\/ul>\r\n<strong>2013<\/strong>\r\n\r\n<a href=\"https:\/\/www.fiscalia.gov.co\/colombia\/wp-content\/uploads\/RENDICION-CUENTA-FISCAL-ANUAL-2013.xlsx\"><strong><em>Rendici\u00f3n de Cuenta Fiscal Anual de la Fiscal\u00eda General de la <\/em><\/strong><strong><em>Naci\u00f3n &#8211; 2013<\/em><\/strong><\/a>\r\n\r\nOctubre &#8211; diciembre de 2013\r\n<ul>\r\n \t<li><a title=\"Ver documento \" href=\"http:\/\/www.fiscalia.gov.co\/colombia\/wp-content\/uploads\/F5.1-CONTRATOS-REGIDOS-POR-LEY-80_93-1150_2007_20131231.pdf\" target=\"_blank\" rel=\"noopener noreferrer\">Contratos Ley 80<\/a><\/li>\r\n \t<li><a title=\"Ver documento \" href=\"http:\/\/www.fiscalia.gov.co\/colombia\/wp-content\/uploads\/F5.4-GESTI\u00d3N-CONTRACTUAL-CONVENIOS-_-CONTRATOS-INTERADMINISTRAT_20131231.pdf\" target=\"_blank\" rel=\"noopener noreferrer\">Convenios &#8211; contratos interadministrativos<\/a><\/li>\r\n \t<li><a title=\"Descargar archivo \" href=\"http:\/\/www.fiscalia.gov.co\/colombia\/wp-content\/uploads\/F5.3-GESTI\u00d3N-CONTRACTUAL-\u00d3RDENES-DE-COMPRA-Y-TRABAJO_20131231.pdf\" target=\"_blank\" rel=\"noopener noreferrer\">\u00d3rdenes de trabajo y compra<\/a><\/li>\r\n \t<li><a title=\"Ver documento \" href=\"http:\/\/www.fiscalia.gov.co\/colombia\/wp-content\/uploads\/F5.5-GESTI\u00d3N-CONTRACTUAL-INTEGRANTES-CONSORCIOS-Y-UNIONES-TEMPORALES_20131231.pdf\" target=\"_blank\" rel=\"noopener noreferrer\">Consorcios, uniones temporales y coejecutores<\/a><\/li>\r\n \t<li><a title=\"Descargar archivo \" href=\"http:\/\/www.fiscalia.gov.co\/colombia\/wp-content\/uploads\/F5.2-GESTI\u00d3N-CONTRACTUAL-CONTRATOS-QUE-SE-RIGEN-POR-DERECHO-PRIVADO_20131231.pdf\" target=\"_blank\" rel=\"noopener noreferrer\">Contratos que se rigen por Derecho Privado<\/a><\/li>\r\n<\/ul>\r\nJulio- septiembre 2013\r\n<ul>\r\n \t<li><a title=\"Descargar \" href=\"http:\/\/www.fiscalia.gov.co\/colombia\/wp-content\/uploads\/Contratos_Ley_80_tercer_trimestre.pdf\" target=\"_blank\" rel=\"noopener noreferrer\">Contratos Ley 80<\/a><\/li>\r\n \t<li><a title=\"Descargar audio \" href=\"http:\/\/www.fiscalia.gov.co\/colombia\/wp-content\/uploads\/CONVENIOS-_-CONTRATOS_-INTERADMINISTRATIVOS_TERCER_TRIMESTRE.pdf\" target=\"_blank\" rel=\"noopener noreferrer\">Convenios &#8211; contratos interadministrativos<\/a><\/li>\r\n \t<li><a title=\"Descargar\" href=\"http:\/\/www.fiscalia.gov.co\/colombia\/wp-content\/uploads\/\u00d3RDENES_DE_-COMPRA_-Y_-TRABAJO_TERCER_TRIMESTRE.pdf\" target=\"_blank\" rel=\"noopener noreferrer\">\u00d3rdenes de trabajo y compra<\/a><\/li>\r\n \t<li><a title=\"Ver archivo \" href=\"http:\/\/www.fiscalia.gov.co\/colombia\/wp-content\/uploads\/CONSORCIOS-_Y_UNIONES_TEMPORALES_TERCER_TRIMESTRE.pdf\" target=\"_blank\" rel=\"noopener noreferrer\">Consorcios, uniones temporales y coejecutores<\/a><\/li>\r\n \t<li><a title=\"Ver archivo \" href=\"http:\/\/www.fiscalia.gov.co\/colombia\/wp-content\/uploads\/Contratos_derecho_privado_tercer_trimestre.pdf\" target=\"_blank\" rel=\"noopener noreferrer\">Contratos que se rigen por Derecho Privado<\/a><\/li>\r\n<\/ul>\r\nAbril- junio 2013\r\n<ul>\r\n \t<li><a title=\"Descargar \" href=\"http:\/\/www.fiscalia.gov.co\/colombia\/wp-content\/uploads\/2013\/07\/CONTRATOS-REGIDOS-POR-LEY-80-DE-1993-1150-DE-2007-Y-DEMAS-DISPOSICIONES-REGLAMENTARIAS.pdf\" target=\"_blank\" rel=\"noopener noreferrer\">Contratos Ley 80<\/a><\/li>\r\n \t<li><a title=\"Ver\" href=\"http:\/\/www.fiscalia.gov.co\/colombia\/wp-content\/uploads\/2013\/07\/GESTI\u00d3N-CONTRACTUAL-CONVENIOS-CONTRATOS-INTERADMINISTRATIVOS.pdf\" target=\"_blank\" rel=\"noopener noreferrer\">Convenios &#8211; contratos interadministrativos<\/a><\/li>\r\n \t<li><a title=\"Ver\" href=\"http:\/\/www.fiscalia.gov.co\/colombia\/wp-content\/uploads\/2013\/07\/GESTI\u00d3N-CONTRACTUAL-\u00d3RDENES-DE-COMPRA-Y-TRABAJO.pdf\" target=\"_blank\" rel=\"noopener noreferrer\">\u00d3rdenes de trabajo y compra<\/a><\/li>\r\n \t<li><a title=\"Descargar \" href=\"http:\/\/www.fiscalia.gov.co\/colombia\/wp-content\/uploads\/2013\/07\/GESTI\u00d3N-CONTRACTUAL-INTEGRANTES-CONSORCIOS-Y-UNIONES-TEMPORALES.pdf\" target=\"_blank\" rel=\"noopener noreferrer\">Consorcios, uniones temporales y coejecutores<\/a><\/li>\r\n \t<li><a title=\"Ver \" href=\"http:\/\/www.fiscalia.gov.co\/colombia\/wp-content\/uploads\/2013\/07\/GESTI\u00d3N-CONTRACTUAL-CONTRATOS-QUE-SE-RIGEN-POR-DERECHO-PRIVADO.pdf\" target=\"_blank\" rel=\"noopener noreferrer\">Contratos que se rigen por Derecho Privado\u00a0<\/a><\/li>\r\n<\/ul>\r\nEnero- marzo 2013\r\n<ul>\r\n \t<li><a title=\"Ver informe\" href=\"http:\/\/www.fiscalia.gov.co\/colombia\/wp-content\/uploads\/2012\/01\/Ley80_enero_marzo_2013.pdf\" target=\"_blank\" rel=\"noopener noreferrer\">Contratos Ley 80<\/a><\/li>\r\n \t<li><a title=\"Ver informe\" href=\"http:\/\/www.fiscalia.gov.co\/colombia\/wp-content\/uploads\/2012\/01\/ContratosAdministrativos_enero_marzo2013.pdf\" target=\"_blank\" rel=\"noopener noreferrer\">Convenios &#8211; contratos interadministrativos<\/a><\/li>\r\n \t<li><a title=\"Ver informe \" href=\"http:\/\/www.fiscalia.gov.co\/colombia\/wp-content\/uploads\/2012\/01\/ordenesdetrabajo_enero_marzo_2013.pdf\" target=\"_blank\" rel=\"noopener noreferrer\">\u00d3rdenes de trabajo y compra<\/a><\/li>\r\n \t<li><a title=\"Ver informe\" href=\"http:\/\/www.fiscalia.gov.co\/colombia\/wp-content\/uploads\/2012\/01\/UnionesTemporales_enero_marzo_2013.pdf\" target=\"_blank\" rel=\"noopener noreferrer\">Consorcios, uniones temporales y coejecutores<\/a><\/li>\r\n<\/ul>\r\n[\/vc_toggle][vc_toggle title=&#8221;4.7.3. Informe de rendici\u00f3n de cuentas a la ciudadan\u00eda&#8221;]<a href=\"https:\/\/www.fiscalia.gov.co\/colombia\/audiencia-publica-de-rendicion-de-cuentas\/\" target=\"_blank\" rel=\"noopener noreferrer\">Audiencia P\u00fablica de Rendici\u00f3n de Cuentas\u00a0<\/a>[\/vc_toggle][vc_toggle title=&#8221;4.7.4. Informes a organismos de inspecci\u00f3n, vigilancia y control&#8221;]<div class=\"su-spoiler su-spoiler-style-fancy su-spoiler-icon-plus su-spoiler-closed\" data-scroll-offset=\"0\" data-anchor-in-url=\"no\"><div class=\"su-spoiler-title\" tabindex=\"0\" role=\"button\"><span class=\"su-spoiler-icon\"><\/span>Archivo General de la Naci\u00f3n<\/div><div class=\"su-spoiler-content su-u-clearfix su-u-trim\">\r\n<ul>\r\n \t<li><a href=\"https:\/\/www.fiscalia.gov.co\/colombia\/wp-content\/uploads\/ACTA-VISITA-DE-INSPECCION.pdf\" target=\"_blank\" rel=\"noopener\">Acta visita de inspecci\u00f3n, control y vigilancia 2013<\/a><\/li>\r\n \t<li><a href=\"https:\/\/www.fiscalia.gov.co\/colombia\/wp-content\/uploads\/PLAN-DE-MEJORAMIENTO-ARCHIVISTICO.pdf\" target=\"_blank\" rel=\"noopener\">Evaluaci\u00f3n avances del plan de mejoramiento archiv\u00edstico 2013<\/a><\/li>\r\n<\/ul>\r\n<\/div><\/div><div class=\"su-spoiler su-spoiler-style-fancy su-spoiler-icon-plus su-spoiler-closed\" data-scroll-offset=\"0\" data-anchor-in-url=\"no\"><div class=\"su-spoiler-title\" tabindex=\"0\" role=\"button\"><span class=\"su-spoiler-icon\"><\/span><strong>Contralor\u00eda General de la Rep\u00fablica<\/strong><\/div><div class=\"su-spoiler-content su-u-clearfix su-u-trim\">\r\n\r\n<a href=\"https:\/\/www.fiscalia.gov.co\/colombia\/gestion\/plan-de-mejoramiento\/\" target=\"_blank\" rel=\"noopener noreferrer\">Planes de mejoramiento Fiscal\u00eda General de la Naci\u00f3n<\/a>\r\n\r\n<\/div><\/div>[\/vc_toggle][vc_toggle title=&#8221;4.7.5. Planes de Mejoramiento&#8221;]<a href=\"https:\/\/www.fiscalia.gov.co\/colombia\/gestion\/plan-de-mejoramiento\/\" target=\"_blank\" rel=\"noopener\">4.7.5.1. Planes de mejoramiento requeridos por la CGR<\/a>\r\n\r\n<a href=\"https:\/\/www.contraloria.gov.co\/es\/resultados\/proceso-auditor\/auditorias-liberadas\/-\/document_library\/wsvr\/view\/313700\" target=\"_blank\" rel=\"noopener\"><span class=\"selectable-text copyable-text\"> 4.7.5.2. Informes elaborados por la CGR para la FGN <\/span><\/a>\r\n\r\n<a href=\"https:\/\/www.fiscalia.gov.co\/colombia\/audiencia-publica-de-rendicion-de-cuentas\/\" target=\"_blank\" rel=\"noopener\">4.7.5.3. Planes de mejoramiento derivados de los ejercicios de rendici\u00f3n de cuentas<\/a>[\/vc_toggle][vc_toggle title=&#8221;4.7.6. Informe enviado al Congreso&#8221;]En este sitio consulte los informes presentados por la Fiscal\u00eda General de la Naci\u00f3n a la Comisi\u00f3n Legal de Cuentas de la C\u00e1mara de Representantes, relacionados con el fenecimiento de la cuenta general del presupuesto y del tesoro y balance general de la Naci\u00f3n para cada vigencia fiscal, de conformidad con las normas vigentes.\r\n<ul>\r\n \t<li><a href=\"https:\/\/www.fiscalia.gov.co\/colombia\/wp-content\/uploads\/Informe-enviado-al-Congreso-2025.pdf\" target=\"_blank\" rel=\"noopener\">Informe enviado al Congreso 2025<\/a> &#8211; Publicado 2026-03-11<\/li>\r\n \t<li><a href=\"https:\/\/www.fiscalia.gov.co\/colombia\/wp-content\/uploads\/Informe-enviado-al-Congreso-2024.pdf\" target=\"_blank\" rel=\"noopener\">Informe enviado al Congreso 2024<\/a> &#8211; Publicado 2025-03-18<\/li>\r\n \t<li><a href=\"https:\/\/www.fiscalia.gov.co\/colombia\/wp-content\/uploads\/Informe-enviado-al-Congreso-2023.pdf\" target=\"_blank\" rel=\"noopener\">Informe enviado al Congreso 2023<\/a> &#8211; Publicado 2024-03-22<\/li>\r\n \t<li><a href=\"https:\/\/www.fiscalia.gov.co\/colombia\/wp-content\/uploads\/INORME-A-LA-CAMARA-DE-REPRESENTANTES-VIGENCIA-2022.pdf\" target=\"_blank\" rel=\"noopener\">Informe enviado al Congreso 2022 <\/a>&#8211; Publicado 2023-03-09<\/li>\r\n \t<li><a href=\"https:\/\/www.fiscalia.gov.co\/colombia\/wp-content\/uploads\/INFORME-A-LA-CAMARA-DE-REPRESENTANTES-RADICADO-20221000410000465-VIGENCIA-2021.pdf\" target=\"_blank\" rel=\"noopener noreferrer\">Informe enviado al Congreso 2021<\/a> &#8211; Publicado 2022-03-07<\/li>\r\n \t<li><a href=\"https:\/\/www.fiscalia.gov.co\/colombia\/wp-content\/uploads\/INFORMACION-PRESUPUESTAL-Y-CONTABLE-FENECIMIENTO-CUENTA-FISCAL-2020-FISCAL\u00cdA-GENERAL-DE-LA-NACI\u00d3N.pdf\" target=\"_blank\" rel=\"noopener noreferrer\">Informe enviado al Congreso 2020<\/a> &#8211; Publicado 2021-03-05<\/li>\r\n \t<li><a href=\"https:\/\/www.fiscalia.gov.co\/colombia\/wp-content\/uploads\/INFORME-FINANCIERO.pdf\" target=\"_blank\" rel=\"noopener noreferrer\">Informe enviado al Congreso 2019<\/a> &#8211; Publicado 2020- 06-11<\/li>\r\n \t<li><a href=\"https:\/\/www.fiscalia.gov.co\/colombia\/wp-content\/uploads\/INFORME-PRESUPUESTAL-Y-CONTABLE-PRESENTADO-A-LA-COMISI\u00d3N-LEGAL-DE-CUENTAS-VIGENCIA-2018.pdf\" target=\"_blank\" rel=\"noopener noreferrer\">Informe enviado al Congreso 2018\u00a0 &#8211; <\/a>Publicado 2019-04-01<\/li>\r\n \t<li><a href=\"https:\/\/www.fiscalia.gov.co\/colombia\/wp-content\/uploads\/INFORME-PRESUPUESTAL-Y-CONTABLE-PARA-EL-FENECIMIENTO-DE-LA-CUENTA-GENERAL-DEL-PRESUPUESTO-VIGENCIA-FISCAL-2017.pdf\">Informe enviado al Congreso 2017<\/a><\/li>\r\n \t<li><a href=\"http:\/\/www.fiscalia.gov.co\/colombia\/wp-content\/uploads\/INFORME-PRESUPUESTAL-Y-CONTABLE-PRESENTADO-A-LA-COMISI\u00d3N-LEGAL-DE-CUENTAS-VIGENCIA-2016.pdf\">Informe enviado al Congreso 2016<\/a><\/li>\r\n \t<li><a href=\"http:\/\/www.fiscalia.gov.co\/colombia\/wp-content\/uploads\/INFORME-PRESUPUESTAL-Y-CONTABLE-PRESENTADO-A-LA-COMISI\u00d3N-LEGAL-DE-CUENTAS-VIGENCIA-2015.pdf\">Informe enviado al Congreso 2015<\/a><\/li>\r\n \t<li><a href=\"http:\/\/www.fiscalia.gov.co\/colombia\/wp-content\/uploads\/INFORME-PRESUPUESTAL-Y-CONTABLE-PRESENTADO-A-LA-COMISI\u00d3N-LEGAL-DE-CUENTAS-VIGENCIA-2014.pdf\">Informe enviado al Congreso 2014<\/a><\/li>\r\n<\/ul>\r\n[\/vc_toggle]<\/div><\/div><div class=\"vc_column tdi_6  wpb_column vc_column_container tdc-column td-pb-span4\">\n<style scoped>\n\/* custom css - generated by TagDiv Composer *\/\n\n\/* custom css - generated by TagDiv Composer *\/\n.tdi_6{\r\n                    vertical-align: baseline;\r\n                }.tdi_6 > .wpb_wrapper,\r\n\t\t\t\t.tdi_6 > .wpb_wrapper > .tdc-elements{\r\n\t\t\t\t    display: block;\r\n\t\t\t\t}.tdi_6 > .wpb_wrapper > .tdc-elements{\r\n\t\t\t\t    width: 100%;\r\n\t\t\t\t}.tdi_6 > .wpb_wrapper > .vc_row_inner{\r\n\t\t\t\t    width: auto;\r\n\t\t\t\t}.tdi_6 > .wpb_wrapper{\r\n\t\t\t\t    width: auto;\r\n\t\t\t\t    height: auto;\r\n\t\t\t\t}\n<\/style><div class=\"wpb_wrapper\" ><div class=\"wpb_wrapper td_block_wrap vc_raw_html tdi_8 \"><div class=\"td-fix-index\"><h4 class=\"block-title\"><span>TRANSPARENCIA<\/span><\/h4><\/div><\/div>[vc_wp_custommenu nav_menu=&#8221;24165&#8243;]<\/div><\/div><\/div><\/div><\/section>\n<div class=\"twitter-share\"><a href=\"https:\/\/twitter.com\/intent\/tweet?via=fiscaliacol\" class=\"twitter-share-button\">Tweet<\/a><\/div>\n","protected":false},"excerpt":{"rendered":"[vc_toggle title=\"4.7.1. Informes de Gesti\u00f3n\"]4.7.1.1.\u00a0Informes de Gesti\u00f3n, Rendici\u00f3n de Cuentas y Empalme 4.7.1.2.\u00a0Informes Plan de Acci\u00f3n [\/vc_toggle][vc_toggle title=\"4.7.2. Informe de rendici\u00f3n de cuentas ante la Contralor\u00eda General de la Rep\u00fablica\"]2026 Febrero de 2026 - Publicado 2026-03-27 Enero de 2026 - Publicado 2026-02-18 2025 Diciembre de 2025\u00a0- Publicado 2026-01-16 Noviembre de 2025 - Publicado 2025-12-23 Octubre [...]","protected":false},"author":143,"featured_media":0,"parent":8562,"menu_order":0,"comment_status":"closed","ping_status":"closed","template":"page-pagebuilder-title.php","meta":{"tdm_status":"","tdm_grid_status":"","footnotes":""},"class_list":["post-106637","page","type-page","status-publish"],"yoast_head":"<!-- This site is optimized with the Yoast SEO plugin v24.3 - https:\/\/yoast.com\/wordpress\/plugins\/seo\/ -->\n<title>Fiscal\u00eda General de la Naci\u00f3n<\/title>\n<meta name=\"description\" content=\"P\u00e1gina oficial de la Fiscal\u00eda General de la Naci\u00f3n \u2013 Colombia. Garantizamos el acceso efectivo a la justicia, la verdad y la reparaci\u00f3n de las v\u00edctimas de los delitos.\" \/>\n<meta name=\"robots\" content=\"index, follow, max-snippet:-1, max-image-preview:large, max-video-preview:-1\" \/>\n<link rel=\"canonical\" href=\"https:\/\/www.fiscalia.gov.co\/colombia\/gestion\/informe-de-gestion-evaluacion-y-auditoria\/\" \/>\n<meta property=\"og:locale\" content=\"es_ES\" \/>\n<meta property=\"og:type\" content=\"article\" \/>\n<meta property=\"og:title\" content=\"Fiscal\u00eda General de la Naci\u00f3n\" \/>\n<meta property=\"og:description\" content=\"P\u00e1gina oficial de la Fiscal\u00eda General de la Naci\u00f3n \u2013 Colombia. Garantizamos el acceso efectivo a la justicia, la verdad y la reparaci\u00f3n de las v\u00edctimas de los delitos.\" \/>\n<meta property=\"og:url\" content=\"https:\/\/www.fiscalia.gov.co\/colombia\/gestion\/informe-de-gestion-evaluacion-y-auditoria\/\" \/>\n<meta property=\"og:site_name\" content=\"Fiscal\u00eda General de la Naci\u00f3n\" \/>\n<meta property=\"article:publisher\" content=\"https:\/\/www.facebook.com\/FiscaliaCol\" \/>\n<meta property=\"article:modified_time\" content=\"2026-03-27T14:04:52+00:00\" \/>\n<meta name=\"twitter:card\" content=\"summary_large_image\" \/>\n<meta name=\"twitter:site\" content=\"@FiscaliaCol\" \/>\n<meta name=\"twitter:label1\" content=\"Tiempo de lectura\" \/>\n\t<meta name=\"twitter:data1\" content=\"7 minutos\" \/>\n<script type=\"application\/ld+json\" class=\"yoast-schema-graph\">{\"@context\":\"https:\/\/schema.org\",\"@graph\":[{\"@type\":\"WebPage\",\"@id\":\"https:\/\/www.fiscalia.gov.co\/colombia\/gestion\/informe-de-gestion-evaluacion-y-auditoria\/\",\"url\":\"https:\/\/www.fiscalia.gov.co\/colombia\/gestion\/informe-de-gestion-evaluacion-y-auditoria\/\",\"name\":\"Fiscal\u00eda General de la Naci\u00f3n\",\"isPartOf\":{\"@id\":\"https:\/\/www.fiscalia.gov.co\/colombia\/#website\"},\"datePublished\":\"2017-07-04T22:34:09+00:00\",\"dateModified\":\"2026-03-27T14:04:52+00:00\",\"description\":\"P\u00e1gina oficial de la Fiscal\u00eda General de la Naci\u00f3n \u2013 Colombia. Garantizamos el acceso efectivo a la justicia, la verdad y la reparaci\u00f3n de las v\u00edctimas de los delitos.\",\"breadcrumb\":{\"@id\":\"https:\/\/www.fiscalia.gov.co\/colombia\/gestion\/informe-de-gestion-evaluacion-y-auditoria\/#breadcrumb\"},\"inLanguage\":\"es-CO\",\"potentialAction\":[{\"@type\":\"ReadAction\",\"target\":[\"https:\/\/www.fiscalia.gov.co\/colombia\/gestion\/informe-de-gestion-evaluacion-y-auditoria\/\"]}]},{\"@type\":\"BreadcrumbList\",\"@id\":\"https:\/\/www.fiscalia.gov.co\/colombia\/gestion\/informe-de-gestion-evaluacion-y-auditoria\/#breadcrumb\",\"itemListElement\":[{\"@type\":\"ListItem\",\"position\":1,\"name\":\"Home\",\"item\":\"https:\/\/www.fiscalia.gov.co\/colombia\/\"},{\"@type\":\"ListItem\",\"position\":2,\"name\":\"Gesti\u00f3n\",\"item\":\"https:\/\/www.fiscalia.gov.co\/colombia\/gestion\/\"},{\"@type\":\"ListItem\",\"position\":3,\"name\":\"Informes de gesti\u00f3n, evaluaci\u00f3n y auditor\u00eda\"}]},{\"@type\":\"WebSite\",\"@id\":\"https:\/\/www.fiscalia.gov.co\/colombia\/#website\",\"url\":\"https:\/\/www.fiscalia.gov.co\/colombia\/\",\"name\":\"Fiscal\u00eda General de la Naci\u00f3n\",\"description\":\"P\u00e1gina oficial de la Fiscal\u00eda General de la Naci\u00f3n \u2013 Colombia. Garantizamos el acceso efectivo a la justicia, la verdad y la reparaci\u00f3n de las v\u00edctimas de los delitos.\",\"publisher\":{\"@id\":\"https:\/\/www.fiscalia.gov.co\/colombia\/#organization\"},\"potentialAction\":[{\"@type\":\"SearchAction\",\"target\":{\"@type\":\"EntryPoint\",\"urlTemplate\":\"https:\/\/www.fiscalia.gov.co\/colombia\/?s={search_term_string}\"},\"query-input\":{\"@type\":\"PropertyValueSpecification\",\"valueRequired\":true,\"valueName\":\"search_term_string\"}}],\"inLanguage\":\"es-CO\"},{\"@type\":\"Organization\",\"@id\":\"https:\/\/www.fiscalia.gov.co\/colombia\/#organization\",\"name\":\"Fiscal\u00eda General de la Naci\u00f3n\",\"url\":\"https:\/\/www.fiscalia.gov.co\/colombia\/\",\"logo\":{\"@type\":\"ImageObject\",\"inLanguage\":\"es-CO\",\"@id\":\"https:\/\/www.fiscalia.gov.co\/colombia\/#\/schema\/logo\/image\/\",\"url\":\"https:\/\/www.fiscalia.gov.co\/colombia\/wp-content\/uploads\/LogoHorizontal_1.jpg\",\"contentUrl\":\"https:\/\/www.fiscalia.gov.co\/colombia\/wp-content\/uploads\/LogoHorizontal_1.jpg\",\"width\":300,\"height\":90,\"caption\":\"Fiscal\u00eda General de la Naci\u00f3n\"},\"image\":{\"@id\":\"https:\/\/www.fiscalia.gov.co\/colombia\/#\/schema\/logo\/image\/\"},\"sameAs\":[\"https:\/\/www.facebook.com\/FiscaliaCol\",\"https:\/\/x.com\/FiscaliaCol\",\"https:\/\/www.instagram.com\/fiscaliacol\",\"https:\/\/www.linkedin.com\/company\/fiscalia-general-de-la-naci-n\/\",\"https:\/\/youtube.com\/@fiscaliageneraldelanacion-4668?si=6nN79nyQICPU5iTh\"]}]}<\/script>\n<!-- \/ Yoast SEO plugin. -->","yoast_head_json":{"title":"Fiscal\u00eda General de la Naci\u00f3n","description":"P\u00e1gina oficial de la Fiscal\u00eda General de la Naci\u00f3n \u2013 Colombia. Garantizamos el acceso efectivo a la justicia, la verdad y la reparaci\u00f3n de las v\u00edctimas de los delitos.","robots":{"index":"index","follow":"follow","max-snippet":"max-snippet:-1","max-image-preview":"max-image-preview:large","max-video-preview":"max-video-preview:-1"},"canonical":"https:\/\/www.fiscalia.gov.co\/colombia\/gestion\/informe-de-gestion-evaluacion-y-auditoria\/","og_locale":"es_ES","og_type":"article","og_title":"Fiscal\u00eda General de la Naci\u00f3n","og_description":"P\u00e1gina oficial de la Fiscal\u00eda General de la Naci\u00f3n \u2013 Colombia. Garantizamos el acceso efectivo a la justicia, la verdad y la reparaci\u00f3n de las v\u00edctimas de los delitos.","og_url":"https:\/\/www.fiscalia.gov.co\/colombia\/gestion\/informe-de-gestion-evaluacion-y-auditoria\/","og_site_name":"Fiscal\u00eda General de la Naci\u00f3n","article_publisher":"https:\/\/www.facebook.com\/FiscaliaCol","article_modified_time":"2026-03-27T14:04:52+00:00","twitter_card":"summary_large_image","twitter_site":"@FiscaliaCol","twitter_misc":{"Tiempo de lectura":"7 minutos"},"schema":{"@context":"https:\/\/schema.org","@graph":[{"@type":"WebPage","@id":"https:\/\/www.fiscalia.gov.co\/colombia\/gestion\/informe-de-gestion-evaluacion-y-auditoria\/","url":"https:\/\/www.fiscalia.gov.co\/colombia\/gestion\/informe-de-gestion-evaluacion-y-auditoria\/","name":"Fiscal\u00eda General de la Naci\u00f3n","isPartOf":{"@id":"https:\/\/www.fiscalia.gov.co\/colombia\/#website"},"datePublished":"2017-07-04T22:34:09+00:00","dateModified":"2026-03-27T14:04:52+00:00","description":"P\u00e1gina oficial de la Fiscal\u00eda General de la Naci\u00f3n \u2013 Colombia. Garantizamos el acceso efectivo a la justicia, la verdad y la reparaci\u00f3n de las v\u00edctimas de los delitos.","breadcrumb":{"@id":"https:\/\/www.fiscalia.gov.co\/colombia\/gestion\/informe-de-gestion-evaluacion-y-auditoria\/#breadcrumb"},"inLanguage":"es-CO","potentialAction":[{"@type":"ReadAction","target":["https:\/\/www.fiscalia.gov.co\/colombia\/gestion\/informe-de-gestion-evaluacion-y-auditoria\/"]}]},{"@type":"BreadcrumbList","@id":"https:\/\/www.fiscalia.gov.co\/colombia\/gestion\/informe-de-gestion-evaluacion-y-auditoria\/#breadcrumb","itemListElement":[{"@type":"ListItem","position":1,"name":"Home","item":"https:\/\/www.fiscalia.gov.co\/colombia\/"},{"@type":"ListItem","position":2,"name":"Gesti\u00f3n","item":"https:\/\/www.fiscalia.gov.co\/colombia\/gestion\/"},{"@type":"ListItem","position":3,"name":"Informes de gesti\u00f3n, evaluaci\u00f3n y auditor\u00eda"}]},{"@type":"WebSite","@id":"https:\/\/www.fiscalia.gov.co\/colombia\/#website","url":"https:\/\/www.fiscalia.gov.co\/colombia\/","name":"Fiscal\u00eda General de la Naci\u00f3n","description":"P\u00e1gina oficial de la Fiscal\u00eda General de la Naci\u00f3n \u2013 Colombia. Garantizamos el acceso efectivo a la justicia, la verdad y la reparaci\u00f3n de las v\u00edctimas de los delitos.","publisher":{"@id":"https:\/\/www.fiscalia.gov.co\/colombia\/#organization"},"potentialAction":[{"@type":"SearchAction","target":{"@type":"EntryPoint","urlTemplate":"https:\/\/www.fiscalia.gov.co\/colombia\/?s={search_term_string}"},"query-input":{"@type":"PropertyValueSpecification","valueRequired":true,"valueName":"search_term_string"}}],"inLanguage":"es-CO"},{"@type":"Organization","@id":"https:\/\/www.fiscalia.gov.co\/colombia\/#organization","name":"Fiscal\u00eda General de la Naci\u00f3n","url":"https:\/\/www.fiscalia.gov.co\/colombia\/","logo":{"@type":"ImageObject","inLanguage":"es-CO","@id":"https:\/\/www.fiscalia.gov.co\/colombia\/#\/schema\/logo\/image\/","url":"https:\/\/www.fiscalia.gov.co\/colombia\/wp-content\/uploads\/LogoHorizontal_1.jpg","contentUrl":"https:\/\/www.fiscalia.gov.co\/colombia\/wp-content\/uploads\/LogoHorizontal_1.jpg","width":300,"height":90,"caption":"Fiscal\u00eda General de la Naci\u00f3n"},"image":{"@id":"https:\/\/www.fiscalia.gov.co\/colombia\/#\/schema\/logo\/image\/"},"sameAs":["https:\/\/www.facebook.com\/FiscaliaCol","https:\/\/x.com\/FiscaliaCol","https:\/\/www.instagram.com\/fiscaliacol","https:\/\/www.linkedin.com\/company\/fiscalia-general-de-la-naci-n\/","https:\/\/youtube.com\/@fiscaliageneraldelanacion-4668?si=6nN79nyQICPU5iTh"]}]}},"_links":{"self":[{"href":"https:\/\/www.fiscalia.gov.co\/colombia\/wp-json\/wp\/v2\/pages\/106637","targetHints":{"allow":["GET"]}}],"collection":[{"href":"https:\/\/www.fiscalia.gov.co\/colombia\/wp-json\/wp\/v2\/pages"}],"about":[{"href":"https:\/\/www.fiscalia.gov.co\/colombia\/wp-json\/wp\/v2\/types\/page"}],"author":[{"embeddable":true,"href":"https:\/\/www.fiscalia.gov.co\/colombia\/wp-json\/wp\/v2\/users\/143"}],"replies":[{"embeddable":true,"href":"https:\/\/www.fiscalia.gov.co\/colombia\/wp-json\/wp\/v2\/comments?post=106637"}],"version-history":[{"count":157,"href":"https:\/\/www.fiscalia.gov.co\/colombia\/wp-json\/wp\/v2\/pages\/106637\/revisions"}],"predecessor-version":[{"id":360731,"href":"https:\/\/www.fiscalia.gov.co\/colombia\/wp-json\/wp\/v2\/pages\/106637\/revisions\/360731"}],"up":[{"embeddable":true,"href":"https:\/\/www.fiscalia.gov.co\/colombia\/wp-json\/wp\/v2\/pages\/8562"}],"wp:attachment":[{"href":"https:\/\/www.fiscalia.gov.co\/colombia\/wp-json\/wp\/v2\/media?parent=106637"}],"curies":[{"name":"wp","href":"https:\/\/api.w.org\/{rel}","templated":true}]}}