{"id":105178,"date":"2017-05-02T09:34:44","date_gmt":"2017-05-02T14:34:44","guid":{"rendered":"http:\/\/www.fiscalia.gov.co\/colombia\/?page_id=105178"},"modified":"2021-08-04T18:13:41","modified_gmt":"2021-08-04T23:13:41","slug":"concursos-area-de-fiscalias","status":"publish","type":"page","link":"https:\/\/www.fiscalia.gov.co\/colombia\/la-entidad\/ofertas-de-empleo\/concursos-area-de-fiscalias\/","title":{"rendered":"Concursos &#8211; Grupo Fiscal\u00eda"},"content":{"rendered":"<section class=\"wpb-content-wrapper\"><div id=\"tdi_1\" class=\"tdc-row\"><div class=\"vc_row tdi_2  wpb_row td-pb-row\" >\n<style scoped>\n\/* custom css - generated by TagDiv Composer *\/\n\n\/* custom css - generated by TagDiv Composer *\/\n.tdi_2,\r\n                .tdi_2 .tdc-columns{\r\n                    min-height: 0;\r\n                }.tdi_2,\r\n\t\t\t\t.tdi_2 .tdc-columns{\r\n\t\t\t\t    display: block;\r\n\t\t\t\t}.tdi_2 .tdc-columns{\r\n\t\t\t\t    width: 100%;\r\n\t\t\t\t}.tdi_2:before,\r\n\t\t\t\t.tdi_2:after{\r\n\t\t\t\t    display: table;\r\n\t\t\t\t}\n<\/style><div class=\"vc_column tdi_4  wpb_column vc_column_container tdc-column td-pb-span8\">\n<style scoped>\n\/* custom css - generated by TagDiv Composer *\/\n\n\/* custom css - generated by TagDiv Composer *\/\n.tdi_4{\r\n                    vertical-align: baseline;\r\n                }.tdi_4 > .wpb_wrapper,\r\n\t\t\t\t.tdi_4 > .wpb_wrapper > .tdc-elements{\r\n\t\t\t\t    display: block;\r\n\t\t\t\t}.tdi_4 > .wpb_wrapper > .tdc-elements{\r\n\t\t\t\t    width: 100%;\r\n\t\t\t\t}.tdi_4 > .wpb_wrapper > .vc_row_inner{\r\n\t\t\t\t    width: auto;\r\n\t\t\t\t}.tdi_4 > .wpb_wrapper{\r\n\t\t\t\t    width: auto;\r\n\t\t\t\t    height: auto;\r\n\t\t\t\t}\n<\/style><div class=\"wpb_wrapper\" >[vc_column_text]El Grupo de Fiscal\u00eda est\u00e1 conformado por los empleos, de cualquier nivel jer\u00e1rquico y denominaci\u00f3n, que tienen asignadas funciones relacionadas con el ejercicio de la acci\u00f3n y el proceso penal a cargo de la entidad. Para el ingreso y en su desempe\u00f1o exigen la aplicaci\u00f3n de procedimientos y t\u00e9cnicas especiales y pertenecen a la planta de Fiscal\u00edas.\r\n\r\n<div class=\"su-heading su-heading-style-default su-heading-align-center\" id=\"\" style=\"font-size:16px;margin-bottom:0px\"><div class=\"su-heading-inner\"><strong>Vigentes<\/strong><\/div><\/div>\r\n<p style=\"text-align: center;\"><div class=\"su-note\"  style=\"border-color:#b0b0b0;border-radius:3px;-moz-border-radius:3px;-webkit-border-radius:3px;\"><div class=\"su-note-inner su-u-clearfix su-u-trim\" style=\"background-color:#CACACA;border-color:#ffffff;color:#000000;border-radius:3px;-moz-border-radius:3px;-webkit-border-radius:3px;\">\r\nEn este momento se encuentra vigente el Concurso de m\u00e9ritos para proveer 500 vacantes definitivas provistas en provisionalidad pertenecientes al Sistema Especial de Carrera de la Fiscal\u00eda General de la Naci\u00f3n. Cons\u00faltelo<strong><a href=\"https:\/\/www.fiscalia.gov.co\/colombia\/carrera-especial\/concurso-de-meritos-ascenso-e-ingreso-500-vacantes-fgn-2021\/\" target=\"_blank\" rel=\"noopener noreferrer\"> aqu\u00ed<\/a><\/strong>.\r\n<p style=\"text-align: center;\"><\/div><\/div>\r\n<div class=\"su-heading su-heading-style-default su-heading-align-center\" id=\"\" style=\"font-size:16px;margin-bottom:0px\"><div class=\"su-heading-inner\"><strong>Hist\u00f3ricos<\/strong><\/div><\/div>\r\n\r\n<div class=\"su-accordion su-u-trim\">\r\n\r\n<div class=\"su-spoiler su-spoiler-style-fancy su-spoiler-icon-plus su-spoiler-closed\" data-scroll-offset=\"0\" data-anchor-in-url=\"no\"><div class=\"su-spoiler-title\" tabindex=\"0\" role=\"button\"><span class=\"su-spoiler-icon\"><\/span><strong><em>Concurso de ascenso <\/em><\/strong><strong><em>Fiscal\u00edas - 2015 (Sin Efectos)<\/em><\/strong><\/div><div class=\"su-spoiler-content su-u-clearfix su-u-trim\">\r\n\r\n<strong>Publicado el 1 de abril de 2016<\/strong>\r\n\r\n<a href=\"https:\/\/www.fiscalia.gov.co\/colombia\/wp-content\/uploads\/Comisio\u0301n-02-1.jpg\"><img loading=\"lazy\" decoding=\"async\" class=\"alignleft size-full wp-image-20841\" src=\"https:\/\/www.fiscalia.gov.co\/colombia\/wp-content\/uploads\/Comisio\u0301n-02-1.jpg\" alt=\"Comisio\u0301n-02\" width=\"650\" height=\"311\" \/><\/a>\r\n\r\n<div class=\"su-tabs su-tabs-style-default su-tabs-mobile-stack\" data-active=\"1\" data-scroll-offset=\"0\" data-anchor-in-url=\"no\"><div class=\"su-tabs-nav\"><span class=\"\" data-url=\"\" data-target=\"blank\" tabindex=\"0\" role=\"button\">Acuerdo 0004<\/span><\/div><div class=\"su-tabs-panes\"><div class=\"su-tabs-pane su-u-clearfix su-u-trim\" data-title=\"Acuerdo 0004\"><\/div><\/div><\/div>\r\n\r\n<\/div><\/div>\r\n\r\n<div class=\"su-spoiler su-spoiler-style-fancy su-spoiler-icon-plus su-spoiler-closed\" data-scroll-offset=\"0\" data-anchor-in-url=\"no\"><div class=\"su-spoiler-title\" tabindex=\"0\" role=\"button\"><span class=\"su-spoiler-icon\"><\/span><strong><em>Concurso de ingreso Fiscal\u00edas 2015 (Sin Efecto)<\/em><\/strong><\/div><div class=\"su-spoiler-content su-u-clearfix su-u-trim\"><strong>Publicado el 1 de abril de 2016<\/strong>\r\n\r\n<a href=\"https:\/\/www.fiscalia.gov.co\/colombia\/wp-content\/uploads\/Comisio\u0301n-02-1.jpg\"><img loading=\"lazy\" decoding=\"async\" class=\"alignleft size-full wp-image-20841\" src=\"https:\/\/www.fiscalia.gov.co\/colombia\/wp-content\/uploads\/Comisio\u0301n-02-1.jpg\" alt=\"Comisio\u0301n-02\" width=\"650\" height=\"311\" \/><\/a>\r\n\r\n<div class=\"su-tabs su-tabs-style-default su-tabs-mobile-stack\" data-active=\"1\" data-scroll-offset=\"0\" data-anchor-in-url=\"no\"><div class=\"su-tabs-nav\"><span class=\"\" data-url=\"\" data-target=\"blank\" tabindex=\"0\" role=\"button\">Acuerdo 0005<\/span><\/div><div class=\"su-tabs-panes\"><div class=\"su-tabs-pane su-u-clearfix su-u-trim\" data-title=\"Acuerdo 0005\"> [spiderpowa-pdf src=&#8221;[spiderpowa-pdf src=&#8221;https:\/\/www.fiscalia.gov.co\/colombia\/wp-content\/uploads\/ACUERDO-0005_1-1.pdf&#8221;]<a href=\"https:\/\/www.fiscalia.gov.co\/colombia\/wp-content\/uploads\/ACUERDO-0005_1-1.pdf\">ACUERDO-0005_1<\/a>&#8220;] <\/div><\/div><\/div>\r\n\r\n<\/div><\/div>\r\n\r\n<div class=\"su-spoiler su-spoiler-style-fancy su-spoiler-icon-plus su-spoiler-closed\" data-scroll-offset=\"0\" data-anchor-in-url=\"no\"><div class=\"su-spoiler-title\" tabindex=\"0\" role=\"button\"><span class=\"su-spoiler-icon\"><\/span><strong><em>Concurso Fiscal\u00edas - 2007<\/em><\/strong><\/div><div class=\"su-spoiler-content su-u-clearfix su-u-trim\">\r\n\r\n<div class=\"su-tabs su-tabs-style-default su-tabs-mobile-stack su-tabs-vertical\" data-active=\"1\" data-scroll-offset=\"0\" data-anchor-in-url=\"no\"><div class=\"su-tabs-nav\"><span class=\"\" data-url=\"\" data-target=\"blank\" tabindex=\"0\" role=\"button\">Convocatoria<\/span><span class=\"\" data-url=\"\" data-target=\"blank\" tabindex=\"0\" role=\"button\">Registro de elegibles<\/span><\/div><div class=\"su-tabs-panes\"><div class=\"su-tabs-pane su-u-clearfix su-u-trim\" data-title=\"Convocatoria\">\r\n\r\n\r\n<p style=\"text-align: center;\"><strong>La Comisi\u00f3n Nacional de Administraci\u00f3n de la Carrera, en ejercicio de las facultades que le confiere el art\u00edculo 60 de la ley 938 de 2004 y el acuerdo 001 de 2006, convoca a concurso p\u00fablico para proveer cargos de:<\/strong><\/p>\r\n\r\n<ul>\r\n \t<li>\u00a0<a title=\"Convocatoria 001 de 2007\" href=\"http:\/\/www.fiscalia.gov.co\/colombia\/wp-content\/uploads\/2012\/02\/Conv001-2007_MUNICIPALES.pdf\" target=\"_blank\" rel=\"noopener noreferrer\">001-2007 : Fiscal Delegado ante Jueces Municipales y Promiscuos<\/a><\/li>\r\n \t<li><a title=\"Convocatoria 002 de 2007\" href=\"http:\/\/www.fiscalia.gov.co\/colombia\/wp-content\/uploads\/2012\/02\/Conv002-2007_CIRCUITO.pdf\" target=\"_blank\" rel=\"noopener noreferrer\">002-2007 : Fiscal Delegado ante Jueces de Circuito<\/a><\/li>\r\n \t<li><a title=\"Convocatoria 003 de 2007\" href=\"http:\/\/www.fiscalia.gov.co\/colombia\/wp-content\/uploads\/2012\/02\/Conv003-2007_CIRCUITOESPECIAL.pdf\" target=\"_blank\" rel=\"noopener noreferrer\">003-2007 : Fiscal Delegado ante Jueces Penales del Circuito Especializado<\/a><\/li>\r\n \t<li><a title=\"Convocatoria 004 de 2007\" href=\"http:\/\/www.fiscalia.gov.co\/colombia\/wp-content\/uploads\/2012\/02\/Conv004-2007_TRIBUNAL.pdf\" target=\"_blank\" rel=\"noopener noreferrer\">004-2007 : Fiscal ante Tribunal de Distrito<\/a><\/li>\r\n \t<li><a title=\"Convocatoria 005 de 2007\" href=\"http:\/\/www.fiscalia.gov.co\/colombia\/wp-content\/uploads\/2012\/02\/Conv005-2007_ASISTENTEFISCAL.pdf\" target=\"_blank\" rel=\"noopener noreferrer\">005-2007 : Asistente de Fisca I- II \u2013 III \u2013 IV<\/a><\/li>\r\n \t<li><a title=\"Convocatoria 006 de 2007\" href=\"http:\/\/www.fiscalia.gov.co\/colombia\/wp-content\/uploads\/2012\/02\/Conv006-2007_ASISTENTEJUDICIAL.pdf\" target=\"_blank\" rel=\"noopener noreferrer\">006-2007 : Asistente Judicial IV<\/a><\/li>\r\n<\/ul>\r\n<\/div>\n<div class=\"su-tabs-pane su-u-clearfix su-u-trim\" data-title=\"Registro de elegibles\">\r\n\r\n2010\r\n<ul class=\"display-posts-listing\">\r\n \t<li class=\"listing-item\"><a href=\"http:\/\/www.fiscalia.gov.co\/colombia\/wp-content\/uploads\/2012\/02\/acuerdo001deenero19de2010.pdf\" target=\"_blank\" rel=\"noopener noreferrer\">Acuerdo 001 de enero 19 de 2010 \u2013 Publicado el enero 19 de 2010 a las 7:45 p.m. <\/a><span class=\"date\">(1\/19\/2010)<\/span><\/li>\r\n \t<li class=\"listing-item\"><a href=\"http:\/\/www.fiscalia.gov.co\/colombia\/wp-content\/uploads\/2012\/02\/acuerdo032del30dediciembrede2009.pdf\" target=\"_blank\" rel=\"noopener noreferrer\">Acuerdo 032 del 30 de diciembre de 2009 \u2013 Publicado el enero 19 de 2010 a las 6:00 p.m. <\/a><span class=\"date\">(1\/19\/2010)<\/span><\/li>\r\n<\/ul>\r\n2009\r\n<ul class=\"display-posts-listing\">\r\n \t<li class=\"listing-item\"><a href=\"http:\/\/www.fiscalia.gov.co\/colombia\/wp-content\/uploads\/2012\/02\/ACUERDO0032009.pdf\" target=\"_blank\" rel=\"noopener noreferrer\">Acuerdo 003 del 16 de abril de 2009, Por el cual se adiciona el Acuerdo No. 002 de 2008 <\/a><span class=\"date\">(4\/16\/2009)<\/span><\/li>\r\n<\/ul>\r\n2008\r\n<ul class=\"display-posts-listing\">\r\n \t<li class=\"listing-item\"><a href=\"http:\/\/www.fiscalia.gov.co\/colombia\/wp-content\/uploads\/2012\/02\/Acuerod007REGISTROELEGIBLESDEFINITIVO.pdf\" target=\"_blank\" rel=\"noopener noreferrer\">Acuerdo 007 de 2008 \u2013 Registro de elegibles Definitivo<\/a> <span class=\"date\">(11\/24\/2008)<\/span><\/li>\r\n \t<li class=\"listing-item\"><a href=\"http:\/\/www.fiscalia.gov.co\/colombia\/wp-content\/uploads\/2012\/02\/ACUERD0062008EXCLUSIONPORFALTAREQUISITOSMINIMOS.pdf\" target=\"_blank\" rel=\"noopener noreferrer\">Acuerdo 006 de 2008<\/a> <span class=\"date\">(11\/24\/2008)<\/span><\/li>\r\n \t<li class=\"listing-item\"><a href=\"http:\/\/www.fiscalia.gov.co\/colombia\/wp-content\/uploads\/2012\/02\/ACUERDO_005_DE_2008-EXCLUSION_AUSENTES_PRUEBA_ESPECIFICA.pdf\" target=\"_blank\" rel=\"noopener noreferrer\">Acuerdo 005 de 2008 \u2013 Exclusi\u00f3n Ausentes Prueba Espec\u00edfica<\/a> <span class=\"date\">(11\/24\/2008)<\/span><\/li>\r\n \t<li class=\"listing-item\"><a href=\"http:\/\/www.fiscalia.gov.co\/colombia\/wp-content\/uploads\/2012\/02\/ACUERDO_004_DE_2008.pdf\" target=\"_blank\" rel=\"noopener noreferrer\">Acuerdo 004 de 2008 \u2013 Por el Cual se Adiciona el listado de elegibles<\/a> <span class=\"date\">(10\/30\/2008)<\/span><\/li>\r\n \t<li class=\"listing-item\"><a href=\"http:\/\/www.fiscalia.gov.co\/colombia\/wp-content\/uploads\/2012\/02\/ACUERDO_002_2008.pdf\" target=\"_blank\" rel=\"noopener noreferrer\">Acuerdo 002 de 2008 -Registro de elegibles<\/a><span class=\"date\">(9\/30\/2008)<\/span><\/li>\r\n<\/ul>\r\n<\/div><\/div><\/div>\r\n\r\n<\/div><\/div>\r\n<\/div>\r\n\r\n<div class=\"su-accordion su-u-trim\"><\/div>\r\n\r\n&nbsp;\r\n\r\n[\/vc_column_text]<\/div><\/div><div class=\"vc_column tdi_6  wpb_column vc_column_container tdc-column td-pb-span4\">\n<style scoped>\n\/* custom css - generated by TagDiv Composer *\/\n\n\/* custom css - generated by TagDiv Composer *\/\n.tdi_6{\r\n                    vertical-align: baseline;\r\n                }.tdi_6 > .wpb_wrapper,\r\n\t\t\t\t.tdi_6 > .wpb_wrapper > .tdc-elements{\r\n\t\t\t\t    display: block;\r\n\t\t\t\t}.tdi_6 > .wpb_wrapper > .tdc-elements{\r\n\t\t\t\t    width: 100%;\r\n\t\t\t\t}.tdi_6 > .wpb_wrapper > .vc_row_inner{\r\n\t\t\t\t    width: auto;\r\n\t\t\t\t}.tdi_6 > .wpb_wrapper{\r\n\t\t\t\t    width: auto;\r\n\t\t\t\t    height: auto;\r\n\t\t\t\t}\n<\/style><div class=\"wpb_wrapper\" ><div class=\"wpb_wrapper td_block_wrap vc_widget_sidebar tdi_8 \" ><aside class=\"td_block_template_6 widget widget_nav_menu\"><h4 class=\"td-block-title\"><span>Comisi\u00f3n de Carrera<\/span><\/h4><div class=\"menu-comision-de-carrera-container\"><ul id=\"menu-comision-de-carrera\" class=\"menu\"><li id=\"menu-item-105190\" class=\"menu-item menu-item-type-post_type menu-item-object-page menu-item-first menu-item-105190\"><a href=\"https:\/\/www.fiscalia.gov.co\/colombia\/la-entidad\/ofertas-de-empleo\/\">Comisi\u00f3n de Carrera Especial<\/a><\/li>\n<li id=\"menu-item-306651\" class=\"menu-item menu-item-type-post_type menu-item-object-page menu-item-306651\"><a href=\"https:\/\/www.fiscalia.gov.co\/colombia\/la-entidad\/ofertas-de-empleo\/concurso-de-meritos-ascenso-e-ingreso-4-000-vacantes-fgn-2024\/\">Concurso de M\u00e9ritos ascenso e ingreso 4.000 vacantes FGN 2024<\/a><\/li>\n<li id=\"menu-item-267552\" class=\"menu-item menu-item-type-custom menu-item-object-custom menu-item-267552\"><a href=\"https:\/\/www.fiscalia.gov.co\/colombia\/la-entidad\/ofertas-de-empleo\/concurso-de-meritos-ascenso-e-ingreso-1-056-vacantes-fgn-2022\/\">Concurso de M\u00e9ritos ascenso e ingreso 1.056 vacantes FGN 2022<\/a><\/li>\n<li id=\"menu-item-225634\" class=\"menu-item menu-item-type-post_type menu-item-object-page menu-item-225634\"><a href=\"https:\/\/www.fiscalia.gov.co\/colombia\/la-entidad\/ofertas-de-empleo\/concurso-de-meritos-ascenso-e-ingreso-500-vacantes-fgn-2021\/\">Concurso de m\u00e9ritos ascenso e ingreso 500 vacantes FGN 2021<\/a><\/li>\n<li id=\"menu-item-105189\" class=\"menu-item menu-item-type-post_type menu-item-object-page menu-item-105189\"><a href=\"https:\/\/www.fiscalia.gov.co\/colombia\/la-entidad\/ofertas-de-empleo\/concursos-area-de-fiscalias\/\">Concursos \u2013 Grupo Fiscal\u00eda<\/a><\/li>\n<li id=\"menu-item-105188\" class=\"menu-item menu-item-type-post_type menu-item-object-page menu-item-105188\"><a href=\"https:\/\/www.fiscalia.gov.co\/colombia\/la-entidad\/ofertas-de-empleo\/concurso-area-de-policia-judicial\/\">Concursos \u2013 Grupo Polic\u00eda Judicial<\/a><\/li>\n<li id=\"menu-item-105187\" class=\"menu-item menu-item-type-post_type menu-item-object-page menu-item-105187\"><a href=\"https:\/\/www.fiscalia.gov.co\/colombia\/la-entidad\/ofertas-de-empleo\/concursos-area-administrativa-y-financiera\/\">Concursos \u2013 Grupo de Gesti\u00f3n y Apoyo Administrativo<\/a><\/li>\n<\/ul><\/div><\/aside><\/div><\/div><\/div><\/div><\/div><\/section>\n<div class=\"twitter-share\"><a href=\"https:\/\/twitter.com\/intent\/tweet?via=fiscaliacol\" class=\"twitter-share-button\">Tweet<\/a><\/div>\n","protected":false},"excerpt":{"rendered":"[vc_column_text]El Grupo de Fiscal\u00eda est\u00e1 conformado por los empleos, de cualquier nivel jer\u00e1rquico y denominaci\u00f3n, que tienen asignadas funciones relacionadas con el ejercicio de la acci\u00f3n y el proceso penal a cargo de la entidad. Para el ingreso y en su desempe\u00f1o exigen la aplicaci\u00f3n de procedimientos y t\u00e9cnicas especiales y pertenecen a la planta [...]","protected":false},"author":143,"featured_media":0,"parent":9879,"menu_order":0,"comment_status":"closed","ping_status":"closed","template":"page-pagebuilder-title.php","meta":{"tdm_status":"","tdm_grid_status":"","footnotes":""},"class_list":["post-105178","page","type-page","status-publish"],"yoast_head":"<!-- This site is optimized with the Yoast SEO plugin v24.3 - https:\/\/yoast.com\/wordpress\/plugins\/seo\/ -->\n<title>Fiscal\u00eda General de la Naci\u00f3n<\/title>\n<meta name=\"description\" content=\"P\u00e1gina oficial de la Fiscal\u00eda General de la Naci\u00f3n \u2013 Colombia. Garantizamos el acceso efectivo a la justicia, la verdad y la reparaci\u00f3n de las v\u00edctimas de los delitos.\" \/>\n<meta name=\"robots\" content=\"index, follow, max-snippet:-1, max-image-preview:large, max-video-preview:-1\" \/>\n<link rel=\"canonical\" href=\"https:\/\/www.fiscalia.gov.co\/colombia\/la-entidad\/ofertas-de-empleo\/concursos-area-de-fiscalias\/\" \/>\n<meta property=\"og:locale\" content=\"es_ES\" \/>\n<meta property=\"og:type\" content=\"article\" \/>\n<meta property=\"og:title\" content=\"Fiscal\u00eda General de la Naci\u00f3n\" \/>\n<meta property=\"og:description\" content=\"P\u00e1gina oficial de la Fiscal\u00eda General de la Naci\u00f3n \u2013 Colombia. Garantizamos el acceso efectivo a la justicia, la verdad y la reparaci\u00f3n de las v\u00edctimas de los delitos.\" \/>\n<meta property=\"og:url\" content=\"https:\/\/www.fiscalia.gov.co\/colombia\/la-entidad\/ofertas-de-empleo\/concursos-area-de-fiscalias\/\" \/>\n<meta property=\"og:site_name\" content=\"Fiscal\u00eda General de la Naci\u00f3n\" \/>\n<meta property=\"article:publisher\" content=\"https:\/\/www.facebook.com\/FiscaliaCol\" \/>\n<meta property=\"article:modified_time\" content=\"2021-08-04T23:13:41+00:00\" \/>\n<meta name=\"twitter:card\" content=\"summary_large_image\" \/>\n<meta name=\"twitter:site\" content=\"@FiscaliaCol\" \/>\n<meta name=\"twitter:label1\" content=\"Tiempo de lectura\" \/>\n\t<meta name=\"twitter:data1\" content=\"2 minutos\" \/>\n<script type=\"application\/ld+json\" class=\"yoast-schema-graph\">{\"@context\":\"https:\/\/schema.org\",\"@graph\":[{\"@type\":\"WebPage\",\"@id\":\"https:\/\/www.fiscalia.gov.co\/colombia\/la-entidad\/ofertas-de-empleo\/concursos-area-de-fiscalias\/\",\"url\":\"https:\/\/www.fiscalia.gov.co\/colombia\/la-entidad\/ofertas-de-empleo\/concursos-area-de-fiscalias\/\",\"name\":\"Fiscal\u00eda General de la Naci\u00f3n\",\"isPartOf\":{\"@id\":\"https:\/\/www.fiscalia.gov.co\/colombia\/#website\"},\"datePublished\":\"2017-05-02T14:34:44+00:00\",\"dateModified\":\"2021-08-04T23:13:41+00:00\",\"description\":\"P\u00e1gina oficial de la Fiscal\u00eda General de la Naci\u00f3n \u2013 Colombia. Garantizamos el acceso efectivo a la justicia, la verdad y la reparaci\u00f3n de las v\u00edctimas de los delitos.\",\"breadcrumb\":{\"@id\":\"https:\/\/www.fiscalia.gov.co\/colombia\/la-entidad\/ofertas-de-empleo\/concursos-area-de-fiscalias\/#breadcrumb\"},\"inLanguage\":\"es-CO\",\"potentialAction\":[{\"@type\":\"ReadAction\",\"target\":[\"https:\/\/www.fiscalia.gov.co\/colombia\/la-entidad\/ofertas-de-empleo\/concursos-area-de-fiscalias\/\"]}]},{\"@type\":\"BreadcrumbList\",\"@id\":\"https:\/\/www.fiscalia.gov.co\/colombia\/la-entidad\/ofertas-de-empleo\/concursos-area-de-fiscalias\/#breadcrumb\",\"itemListElement\":[{\"@type\":\"ListItem\",\"position\":1,\"name\":\"Home\",\"item\":\"https:\/\/www.fiscalia.gov.co\/colombia\/\"},{\"@type\":\"ListItem\",\"position\":2,\"name\":\"La Entidad\",\"item\":\"https:\/\/www.fiscalia.gov.co\/colombia\/la-entidad\/\"},{\"@type\":\"ListItem\",\"position\":3,\"name\":\"Ofertas de empleo\",\"item\":\"https:\/\/www.fiscalia.gov.co\/colombia\/la-entidad\/ofertas-de-empleo\/\"},{\"@type\":\"ListItem\",\"position\":4,\"name\":\"Concursos &#8211; Grupo Fiscal\u00eda\"}]},{\"@type\":\"WebSite\",\"@id\":\"https:\/\/www.fiscalia.gov.co\/colombia\/#website\",\"url\":\"https:\/\/www.fiscalia.gov.co\/colombia\/\",\"name\":\"Fiscal\u00eda General de la Naci\u00f3n\",\"description\":\"P\u00e1gina oficial de la Fiscal\u00eda General de la Naci\u00f3n \u2013 Colombia. Garantizamos el acceso efectivo a la justicia, la verdad y la reparaci\u00f3n de las v\u00edctimas de los delitos.\",\"publisher\":{\"@id\":\"https:\/\/www.fiscalia.gov.co\/colombia\/#organization\"},\"potentialAction\":[{\"@type\":\"SearchAction\",\"target\":{\"@type\":\"EntryPoint\",\"urlTemplate\":\"https:\/\/www.fiscalia.gov.co\/colombia\/?s={search_term_string}\"},\"query-input\":{\"@type\":\"PropertyValueSpecification\",\"valueRequired\":true,\"valueName\":\"search_term_string\"}}],\"inLanguage\":\"es-CO\"},{\"@type\":\"Organization\",\"@id\":\"https:\/\/www.fiscalia.gov.co\/colombia\/#organization\",\"name\":\"Fiscal\u00eda General de la Naci\u00f3n\",\"url\":\"https:\/\/www.fiscalia.gov.co\/colombia\/\",\"logo\":{\"@type\":\"ImageObject\",\"inLanguage\":\"es-CO\",\"@id\":\"https:\/\/www.fiscalia.gov.co\/colombia\/#\/schema\/logo\/image\/\",\"url\":\"https:\/\/www.fiscalia.gov.co\/colombia\/wp-content\/uploads\/LogoHorizontal_1.jpg\",\"contentUrl\":\"https:\/\/www.fiscalia.gov.co\/colombia\/wp-content\/uploads\/LogoHorizontal_1.jpg\",\"width\":300,\"height\":90,\"caption\":\"Fiscal\u00eda General de la Naci\u00f3n\"},\"image\":{\"@id\":\"https:\/\/www.fiscalia.gov.co\/colombia\/#\/schema\/logo\/image\/\"},\"sameAs\":[\"https:\/\/www.facebook.com\/FiscaliaCol\",\"https:\/\/x.com\/FiscaliaCol\",\"https:\/\/www.instagram.com\/fiscaliacol\",\"https:\/\/www.linkedin.com\/company\/fiscalia-general-de-la-naci-n\/\",\"https:\/\/youtube.com\/@fiscaliageneraldelanacion-4668?si=6nN79nyQICPU5iTh\"]}]}<\/script>\n<!-- \/ Yoast SEO plugin. -->","yoast_head_json":{"title":"Fiscal\u00eda General de la Naci\u00f3n","description":"P\u00e1gina oficial de la Fiscal\u00eda General de la Naci\u00f3n \u2013 Colombia. Garantizamos el acceso efectivo a la justicia, la verdad y la reparaci\u00f3n de las v\u00edctimas de los delitos.","robots":{"index":"index","follow":"follow","max-snippet":"max-snippet:-1","max-image-preview":"max-image-preview:large","max-video-preview":"max-video-preview:-1"},"canonical":"https:\/\/www.fiscalia.gov.co\/colombia\/la-entidad\/ofertas-de-empleo\/concursos-area-de-fiscalias\/","og_locale":"es_ES","og_type":"article","og_title":"Fiscal\u00eda General de la Naci\u00f3n","og_description":"P\u00e1gina oficial de la Fiscal\u00eda General de la Naci\u00f3n \u2013 Colombia. Garantizamos el acceso efectivo a la justicia, la verdad y la reparaci\u00f3n de las v\u00edctimas de los delitos.","og_url":"https:\/\/www.fiscalia.gov.co\/colombia\/la-entidad\/ofertas-de-empleo\/concursos-area-de-fiscalias\/","og_site_name":"Fiscal\u00eda General de la Naci\u00f3n","article_publisher":"https:\/\/www.facebook.com\/FiscaliaCol","article_modified_time":"2021-08-04T23:13:41+00:00","twitter_card":"summary_large_image","twitter_site":"@FiscaliaCol","twitter_misc":{"Tiempo de lectura":"2 minutos"},"schema":{"@context":"https:\/\/schema.org","@graph":[{"@type":"WebPage","@id":"https:\/\/www.fiscalia.gov.co\/colombia\/la-entidad\/ofertas-de-empleo\/concursos-area-de-fiscalias\/","url":"https:\/\/www.fiscalia.gov.co\/colombia\/la-entidad\/ofertas-de-empleo\/concursos-area-de-fiscalias\/","name":"Fiscal\u00eda General de la Naci\u00f3n","isPartOf":{"@id":"https:\/\/www.fiscalia.gov.co\/colombia\/#website"},"datePublished":"2017-05-02T14:34:44+00:00","dateModified":"2021-08-04T23:13:41+00:00","description":"P\u00e1gina oficial de la Fiscal\u00eda General de la Naci\u00f3n \u2013 Colombia. Garantizamos el acceso efectivo a la justicia, la verdad y la reparaci\u00f3n de las v\u00edctimas de los delitos.","breadcrumb":{"@id":"https:\/\/www.fiscalia.gov.co\/colombia\/la-entidad\/ofertas-de-empleo\/concursos-area-de-fiscalias\/#breadcrumb"},"inLanguage":"es-CO","potentialAction":[{"@type":"ReadAction","target":["https:\/\/www.fiscalia.gov.co\/colombia\/la-entidad\/ofertas-de-empleo\/concursos-area-de-fiscalias\/"]}]},{"@type":"BreadcrumbList","@id":"https:\/\/www.fiscalia.gov.co\/colombia\/la-entidad\/ofertas-de-empleo\/concursos-area-de-fiscalias\/#breadcrumb","itemListElement":[{"@type":"ListItem","position":1,"name":"Home","item":"https:\/\/www.fiscalia.gov.co\/colombia\/"},{"@type":"ListItem","position":2,"name":"La Entidad","item":"https:\/\/www.fiscalia.gov.co\/colombia\/la-entidad\/"},{"@type":"ListItem","position":3,"name":"Ofertas de empleo","item":"https:\/\/www.fiscalia.gov.co\/colombia\/la-entidad\/ofertas-de-empleo\/"},{"@type":"ListItem","position":4,"name":"Concursos &#8211; Grupo Fiscal\u00eda"}]},{"@type":"WebSite","@id":"https:\/\/www.fiscalia.gov.co\/colombia\/#website","url":"https:\/\/www.fiscalia.gov.co\/colombia\/","name":"Fiscal\u00eda General de la Naci\u00f3n","description":"P\u00e1gina oficial de la Fiscal\u00eda General de la Naci\u00f3n \u2013 Colombia. Garantizamos el acceso efectivo a la justicia, la verdad y la reparaci\u00f3n de las v\u00edctimas de los delitos.","publisher":{"@id":"https:\/\/www.fiscalia.gov.co\/colombia\/#organization"},"potentialAction":[{"@type":"SearchAction","target":{"@type":"EntryPoint","urlTemplate":"https:\/\/www.fiscalia.gov.co\/colombia\/?s={search_term_string}"},"query-input":{"@type":"PropertyValueSpecification","valueRequired":true,"valueName":"search_term_string"}}],"inLanguage":"es-CO"},{"@type":"Organization","@id":"https:\/\/www.fiscalia.gov.co\/colombia\/#organization","name":"Fiscal\u00eda General de la Naci\u00f3n","url":"https:\/\/www.fiscalia.gov.co\/colombia\/","logo":{"@type":"ImageObject","inLanguage":"es-CO","@id":"https:\/\/www.fiscalia.gov.co\/colombia\/#\/schema\/logo\/image\/","url":"https:\/\/www.fiscalia.gov.co\/colombia\/wp-content\/uploads\/LogoHorizontal_1.jpg","contentUrl":"https:\/\/www.fiscalia.gov.co\/colombia\/wp-content\/uploads\/LogoHorizontal_1.jpg","width":300,"height":90,"caption":"Fiscal\u00eda General de la Naci\u00f3n"},"image":{"@id":"https:\/\/www.fiscalia.gov.co\/colombia\/#\/schema\/logo\/image\/"},"sameAs":["https:\/\/www.facebook.com\/FiscaliaCol","https:\/\/x.com\/FiscaliaCol","https:\/\/www.instagram.com\/fiscaliacol","https:\/\/www.linkedin.com\/company\/fiscalia-general-de-la-naci-n\/","https:\/\/youtube.com\/@fiscaliageneraldelanacion-4668?si=6nN79nyQICPU5iTh"]}]}},"_links":{"self":[{"href":"https:\/\/www.fiscalia.gov.co\/colombia\/wp-json\/wp\/v2\/pages\/105178","targetHints":{"allow":["GET"]}}],"collection":[{"href":"https:\/\/www.fiscalia.gov.co\/colombia\/wp-json\/wp\/v2\/pages"}],"about":[{"href":"https:\/\/www.fiscalia.gov.co\/colombia\/wp-json\/wp\/v2\/types\/page"}],"author":[{"embeddable":true,"href":"https:\/\/www.fiscalia.gov.co\/colombia\/wp-json\/wp\/v2\/users\/143"}],"replies":[{"embeddable":true,"href":"https:\/\/www.fiscalia.gov.co\/colombia\/wp-json\/wp\/v2\/comments?post=105178"}],"version-history":[{"count":42,"href":"https:\/\/www.fiscalia.gov.co\/colombia\/wp-json\/wp\/v2\/pages\/105178\/revisions"}],"predecessor-version":[{"id":226629,"href":"https:\/\/www.fiscalia.gov.co\/colombia\/wp-json\/wp\/v2\/pages\/105178\/revisions\/226629"}],"up":[{"embeddable":true,"href":"https:\/\/www.fiscalia.gov.co\/colombia\/wp-json\/wp\/v2\/pages\/9879"}],"wp:attachment":[{"href":"https:\/\/www.fiscalia.gov.co\/colombia\/wp-json\/wp\/v2\/media?parent=105178"}],"curies":[{"name":"wp","href":"https:\/\/api.w.org\/{rel}","templated":true}]}}