{"id":104057,"date":"2017-04-04T16:02:21","date_gmt":"2017-04-04T21:02:21","guid":{"rendered":"http:\/\/www.fiscalia.gov.co\/colombia\/?page_id=104057"},"modified":"2025-10-02T16:34:58","modified_gmt":"2025-10-02T21:34:58","slug":"revista-rastros","status":"publish","type":"page","link":"https:\/\/www.fiscalia.gov.co\/colombia\/revista-rastros\/","title":{"rendered":"Revista Rastros"},"content":{"rendered":"<section class=\"wpb-content-wrapper\"><div id=\"tdi_1\" class=\"tdc-row\"><div class=\"vc_row tdi_2  wpb_row td-pb-row\" >\n<style scoped>\n\/* custom css - generated by TagDiv Composer *\/\n\n\/* custom css - generated by TagDiv Composer *\/\n.tdi_2,\r\n                .tdi_2 .tdc-columns{\r\n                    min-height: 0;\r\n                }.tdi_2,\r\n\t\t\t\t.tdi_2 .tdc-columns{\r\n\t\t\t\t    display: block;\r\n\t\t\t\t}.tdi_2 .tdc-columns{\r\n\t\t\t\t    width: 100%;\r\n\t\t\t\t}.tdi_2:before,\r\n\t\t\t\t.tdi_2:after{\r\n\t\t\t\t    display: table;\r\n\t\t\t\t}\n<\/style><div class=\"vc_column tdi_4  wpb_column vc_column_container tdc-column td-pb-span8\">\n<style scoped>\n\/* custom css - generated by TagDiv Composer *\/\n\n\/* custom css - generated by TagDiv Composer *\/\n.tdi_4{\r\n                    vertical-align: baseline;\r\n                }.tdi_4 > .wpb_wrapper,\r\n\t\t\t\t.tdi_4 > .wpb_wrapper > .tdc-elements{\r\n\t\t\t\t    display: block;\r\n\t\t\t\t}.tdi_4 > .wpb_wrapper > .tdc-elements{\r\n\t\t\t\t    width: 100%;\r\n\t\t\t\t}.tdi_4 > .wpb_wrapper > .vc_row_inner{\r\n\t\t\t\t    width: auto;\r\n\t\t\t\t}.tdi_4 > .wpb_wrapper{\r\n\t\t\t\t    width: auto;\r\n\t\t\t\t    height: auto;\r\n\t\t\t\t}\n<\/style><div class=\"wpb_wrapper\" ><div class=\"vc_row_inner tdi_6  vc_row vc_inner wpb_row td-pb-row\" >\n<style scoped>\n\/* custom css - generated by TagDiv Composer *\/\n\n\/* custom css - generated by TagDiv Composer *\/\n.tdi_6{\r\n                    position: relative !important;\r\n                    top: 0;\r\n                    transform: none;\r\n                    -webkit-transform: none;\r\n                }.tdi_6,\r\n\t\t\t\t.tdi_6 .tdc-inner-columns{\r\n\t\t\t\t    display: block;\r\n\t\t\t\t}.tdi_6 .tdc-inner-columns{\r\n\t\t\t\t    width: 100%;\r\n\t\t\t\t}\n<\/style><div class=\"vc_column_inner tdi_8  wpb_column vc_column_container tdc-inner-column td-pb-span4\">\n<style scoped>\n\/* custom css - generated by TagDiv Composer *\/\n\n\/* custom css - generated by TagDiv Composer *\/\n.tdi_8{\r\n                    vertical-align: baseline;\r\n                }.tdi_8 .vc_column-inner > .wpb_wrapper,\r\n\t\t\t\t.tdi_8 .vc_column-inner > .wpb_wrapper .tdc-elements{\r\n\t\t\t\t    display: block;\r\n\t\t\t\t}.tdi_8 .vc_column-inner > .wpb_wrapper .tdc-elements{\r\n\t\t\t\t    width: 100%;\r\n\t\t\t\t}\n<\/style><div class=\"vc_column-inner\"><div class=\"wpb_wrapper\" >[vc_custom_heading text=&#8221;Revista Rastros No 1&#8243; use_theme_fonts=&#8221;yes&#8221;][vc_column_text]<a href=\"https:\/\/www.fiscalia.gov.co\/colombia\/wp-content\/uploads\/REVISTA-RASTROS-01.pdf\" target=\"_blank\" rel=\"noopener noreferrer\"><img loading=\"lazy\" decoding=\"async\" class=\"alignleft wp-image-3003\" title=\"Edici\u00f3n N\u00famero 1\" src=\"http:\/\/www.fiscalia.gov.co\/colombia\/wp-content\/uploads\/2013\/03\/edicion-1.png\" alt=\"\" width=\"140\" height=\"202\" \/><\/a>[\/vc_column_text]<\/div><\/div><\/div><div class=\"vc_column_inner tdi_10  wpb_column vc_column_container tdc-inner-column td-pb-span4\">\n<style scoped>\n\/* custom css - generated by TagDiv Composer *\/\n\n\/* custom css - generated by TagDiv Composer *\/\n.tdi_10{\r\n                    vertical-align: baseline;\r\n                }.tdi_10 .vc_column-inner > .wpb_wrapper,\r\n\t\t\t\t.tdi_10 .vc_column-inner > .wpb_wrapper .tdc-elements{\r\n\t\t\t\t    display: block;\r\n\t\t\t\t}.tdi_10 .vc_column-inner > .wpb_wrapper .tdc-elements{\r\n\t\t\t\t    width: 100%;\r\n\t\t\t\t}\n<\/style><div class=\"vc_column-inner\"><div class=\"wpb_wrapper\" >[vc_custom_heading text=&#8221;Revista Rastros No 2&#8243; use_theme_fonts=&#8221;yes&#8221;][vc_column_text]<a href=\"http:\/\/www.fiscalia.gov.co\/colombia\/wp-content\/uploads\/2013\/03\/Imagen_07-marzo-2013_1015_1.pdf\" target=\"_blank\" rel=\"noopener noreferrer\"><img loading=\"lazy\" decoding=\"async\" class=\"alignleft wp-image-3004\" title=\"Edici\u00f3n N\u00famero 2\" src=\"http:\/\/www.fiscalia.gov.co\/colombia\/wp-content\/uploads\/2013\/03\/edicion-2.png\" alt=\"\" width=\"253\" height=\"152\" \/><\/a>\r\n[\/vc_column_text]<\/div><\/div><\/div><div class=\"vc_column_inner tdi_12  wpb_column vc_column_container tdc-inner-column td-pb-span4\">\n<style scoped>\n\/* custom css - generated by TagDiv Composer *\/\n\n\/* custom css - generated by TagDiv Composer *\/\n.tdi_12{\r\n                    vertical-align: baseline;\r\n                }.tdi_12 .vc_column-inner > .wpb_wrapper,\r\n\t\t\t\t.tdi_12 .vc_column-inner > .wpb_wrapper .tdc-elements{\r\n\t\t\t\t    display: block;\r\n\t\t\t\t}.tdi_12 .vc_column-inner > .wpb_wrapper .tdc-elements{\r\n\t\t\t\t    width: 100%;\r\n\t\t\t\t}\n<\/style><div class=\"vc_column-inner\"><div class=\"wpb_wrapper\" >[vc_custom_heading text=&#8221;Revista Rastros No 3&#8243; use_theme_fonts=&#8221;yes&#8221;][vc_column_text]<a href=\"http:\/\/www.fiscalia.gov.co\/colombia\/wp-content\/uploads\/2013\/03\/Imagen_07-marzo-2013_1000_1.pdf\" target=\"_blank\" rel=\"noopener noreferrer\"><img loading=\"lazy\" decoding=\"async\" class=\"alignleft wp-image-3005\" title=\"Edici\u00f3n N\u00famero 3\" src=\"http:\/\/www.fiscalia.gov.co\/colombia\/wp-content\/uploads\/2013\/03\/edicion-3.png\" alt=\"\" width=\"253\" height=\"152\" \/><\/a>[\/vc_column_text]<\/div><\/div><\/div><\/div><div class=\"vc_row_inner tdi_14  vc_row vc_inner wpb_row td-pb-row\" >\n<style scoped>\n\/* custom css - generated by TagDiv Composer *\/\n\n\/* custom css - generated by TagDiv Composer *\/\n.tdi_14{\r\n                    position: relative !important;\r\n                    top: 0;\r\n                    transform: none;\r\n                    -webkit-transform: none;\r\n                }.tdi_14,\r\n\t\t\t\t.tdi_14 .tdc-inner-columns{\r\n\t\t\t\t    display: block;\r\n\t\t\t\t}.tdi_14 .tdc-inner-columns{\r\n\t\t\t\t    width: 100%;\r\n\t\t\t\t}\n<\/style><div class=\"vc_column_inner tdi_16  wpb_column vc_column_container tdc-inner-column td-pb-span4\">\n<style scoped>\n\/* custom css - generated by TagDiv Composer *\/\n\n\/* custom css - generated by TagDiv Composer *\/\n.tdi_16{\r\n                    vertical-align: baseline;\r\n                }.tdi_16 .vc_column-inner > .wpb_wrapper,\r\n\t\t\t\t.tdi_16 .vc_column-inner > .wpb_wrapper .tdc-elements{\r\n\t\t\t\t    display: block;\r\n\t\t\t\t}.tdi_16 .vc_column-inner > .wpb_wrapper .tdc-elements{\r\n\t\t\t\t    width: 100%;\r\n\t\t\t\t}\n<\/style><div class=\"vc_column-inner\"><div class=\"wpb_wrapper\" >[vc_custom_heading text=&#8221;Revista Rastros No 4&#8243; use_theme_fonts=&#8221;yes&#8221;][vc_column_text]<a href=\"http:\/\/www.fiscalia.gov.co\/colombia\/wp-content\/uploads\/2013\/03\/Imagen_07-marzo-2013_0948_1.pdf\" target=\"_blank\" rel=\"noopener noreferrer\"><img loading=\"lazy\" decoding=\"async\" class=\"alignleft wp-image-3006\" title=\"Edici\u00f3n N\u00famero 4\" src=\"http:\/\/www.fiscalia.gov.co\/colombia\/wp-content\/uploads\/2013\/03\/edicion-4.png\" alt=\"\" width=\"253\" height=\"152\" \/><\/a>[\/vc_column_text]<\/div><\/div><\/div><div class=\"vc_column_inner tdi_18  wpb_column vc_column_container tdc-inner-column td-pb-span4\">\n<style scoped>\n\/* custom css - generated by TagDiv Composer *\/\n\n\/* custom css - generated by TagDiv Composer *\/\n.tdi_18{\r\n                    vertical-align: baseline;\r\n                }.tdi_18 .vc_column-inner > .wpb_wrapper,\r\n\t\t\t\t.tdi_18 .vc_column-inner > .wpb_wrapper .tdc-elements{\r\n\t\t\t\t    display: block;\r\n\t\t\t\t}.tdi_18 .vc_column-inner > .wpb_wrapper .tdc-elements{\r\n\t\t\t\t    width: 100%;\r\n\t\t\t\t}\n<\/style><div class=\"vc_column-inner\"><div class=\"wpb_wrapper\" >[vc_custom_heading text=&#8221;Revista Rastros No 5&#8243; use_theme_fonts=&#8221;yes&#8221;][vc_column_text]<a href=\"http:\/\/www.fiscalia.gov.co\/colombia\/wp-content\/uploads\/2013\/03\/Imagen_07-marzo-2013_1008_1.pdf\" target=\"_blank\" rel=\"noopener noreferrer\"><img loading=\"lazy\" decoding=\"async\" class=\"alignleft wp-image-3007\" title=\"Edici\u00f3n N\u00famero 5\" src=\"http:\/\/www.fiscalia.gov.co\/colombia\/wp-content\/uploads\/2013\/03\/edicion-5.png\" alt=\"\" width=\"253\" height=\"152\" \/><\/a>[\/vc_column_text]<\/div><\/div><\/div><div class=\"vc_column_inner tdi_20  wpb_column vc_column_container tdc-inner-column td-pb-span4\">\n<style scoped>\n\/* custom css - generated by TagDiv Composer *\/\n\n\/* custom css - generated by TagDiv Composer *\/\n.tdi_20{\r\n                    vertical-align: baseline;\r\n                }.tdi_20 .vc_column-inner > .wpb_wrapper,\r\n\t\t\t\t.tdi_20 .vc_column-inner > .wpb_wrapper .tdc-elements{\r\n\t\t\t\t    display: block;\r\n\t\t\t\t}.tdi_20 .vc_column-inner > .wpb_wrapper .tdc-elements{\r\n\t\t\t\t    width: 100%;\r\n\t\t\t\t}\n<\/style><div class=\"vc_column-inner\"><div class=\"wpb_wrapper\" >[vc_custom_heading text=&#8221;Revista Rastros No 6&#8243; use_theme_fonts=&#8221;yes&#8221;][vc_column_text]<a href=\"http:\/\/www.fiscalia.gov.co\/colombia\/wp-content\/uploads\/2013\/03\/Imagen_07-marzo-2013_0913_1.pdf\" target=\"_blank\" rel=\"noopener noreferrer\"><img loading=\"lazy\" decoding=\"async\" class=\"alignleft wp-image-3009\" title=\"Edici\u00f3n N\u00famero 6\" src=\"http:\/\/www.fiscalia.gov.co\/colombia\/wp-content\/uploads\/2013\/03\/edicion-6.png\" alt=\"\" width=\"253\" height=\"152\" \/><\/a>[\/vc_column_text]<\/div><\/div><\/div><\/div><div class=\"vc_row_inner tdi_22  vc_row vc_inner wpb_row td-pb-row\" >\n<style scoped>\n\/* custom css - generated by TagDiv Composer *\/\n\n\/* custom css - generated by TagDiv Composer *\/\n.tdi_22{\r\n                    position: relative !important;\r\n                    top: 0;\r\n                    transform: none;\r\n                    -webkit-transform: none;\r\n                }.tdi_22,\r\n\t\t\t\t.tdi_22 .tdc-inner-columns{\r\n\t\t\t\t    display: block;\r\n\t\t\t\t}.tdi_22 .tdc-inner-columns{\r\n\t\t\t\t    width: 100%;\r\n\t\t\t\t}\n<\/style><div class=\"vc_column_inner tdi_24  wpb_column vc_column_container tdc-inner-column td-pb-span4\">\n<style scoped>\n\/* custom css - generated by TagDiv Composer *\/\n\n\/* custom css - generated by TagDiv Composer *\/\n.tdi_24{\r\n                    vertical-align: baseline;\r\n                }.tdi_24 .vc_column-inner > .wpb_wrapper,\r\n\t\t\t\t.tdi_24 .vc_column-inner > .wpb_wrapper .tdc-elements{\r\n\t\t\t\t    display: block;\r\n\t\t\t\t}.tdi_24 .vc_column-inner > .wpb_wrapper .tdc-elements{\r\n\t\t\t\t    width: 100%;\r\n\t\t\t\t}\n<\/style><div class=\"vc_column-inner\"><div class=\"wpb_wrapper\" >[vc_custom_heading text=&#8221;Revista Rastros No 7&#8243; use_theme_fonts=&#8221;yes&#8221;][vc_column_text]<a href=\"https:\/\/www.fiscalia.gov.co\/colombia\/wp-content\/uploads\/REVISTA-RASTROS-07.pdf\" target=\"_blank\" rel=\"noopener noreferrer\"><img loading=\"lazy\" decoding=\"async\" class=\"alignleft wp-image-3009\" title=\"Edici\u00f3n N\u00famero 7\" src=\"http:\/\/www.fiscalia.gov.co\/colombia\/wp-content\/uploads\/2014\/02\/RASTROS-No-7.png\" alt=\"\" width=\"253\" height=\"152\" \/><\/a>[\/vc_column_text]<\/div><\/div><\/div><div class=\"vc_column_inner tdi_26  wpb_column vc_column_container tdc-inner-column td-pb-span4\">\n<style scoped>\n\/* custom css - generated by TagDiv Composer *\/\n\n\/* custom css - generated by TagDiv Composer *\/\n.tdi_26{\r\n                    vertical-align: baseline;\r\n                }.tdi_26 .vc_column-inner > .wpb_wrapper,\r\n\t\t\t\t.tdi_26 .vc_column-inner > .wpb_wrapper .tdc-elements{\r\n\t\t\t\t    display: block;\r\n\t\t\t\t}.tdi_26 .vc_column-inner > .wpb_wrapper .tdc-elements{\r\n\t\t\t\t    width: 100%;\r\n\t\t\t\t}\n<\/style><div class=\"vc_column-inner\"><div class=\"wpb_wrapper\" >[vc_custom_heading text=&#8221;Revista Rastros No 8&#8243; use_theme_fonts=&#8221;yes&#8221;][vc_column_text]<a href=\"https:\/\/www.fiscalia.gov.co\/colombia\/wp-content\/uploads\/REVISTA-RASTROS-08.pdf\" target=\"_blank\" rel=\"noopener noreferrer\"><img loading=\"lazy\" decoding=\"async\" class=\"alignleft wp-image-3009\" title=\"Edici\u00f3n N\u00famero 8\" src=\"http:\/\/www.fiscalia.gov.co\/colombia\/wp-content\/uploads\/2014\/02\/Rastros-8.png\" alt=\"\" width=\"253\" height=\"152\" \/><\/a>[\/vc_column_text]<\/div><\/div><\/div><div class=\"vc_column_inner tdi_28  wpb_column vc_column_container tdc-inner-column td-pb-span4\">\n<style scoped>\n\/* custom css - generated by TagDiv Composer *\/\n\n\/* custom css - generated by TagDiv Composer *\/\n.tdi_28{\r\n                    vertical-align: baseline;\r\n                }.tdi_28 .vc_column-inner > .wpb_wrapper,\r\n\t\t\t\t.tdi_28 .vc_column-inner > .wpb_wrapper .tdc-elements{\r\n\t\t\t\t    display: block;\r\n\t\t\t\t}.tdi_28 .vc_column-inner > .wpb_wrapper .tdc-elements{\r\n\t\t\t\t    width: 100%;\r\n\t\t\t\t}\n<\/style><div class=\"vc_column-inner\"><div class=\"wpb_wrapper\" >[vc_custom_heading text=&#8221;Revista Rastros No 9&#8243; use_theme_fonts=&#8221;yes&#8221;][vc_column_text]<a href=\"https:\/\/www.fiscalia.gov.co\/colombia\/wp-content\/uploads\/REVISTA-RASTROS-09-CEMENTERIOS.pdf\" target=\"_blank\" rel=\"noopener noreferrer\"><img loading=\"lazy\" decoding=\"async\" class=\"alignleft wp-image-3009\" title=\"Edici\u00f3n N\u00famero 9\" src=\"http:\/\/www.fiscalia.gov.co\/colombia\/wp-content\/uploads\/2015\/09\/Revista-Rastros-9.png\" alt=\"\" width=\"253\" height=\"152\" \/><\/a>[\/vc_column_text]<\/div><\/div><\/div><\/div><div class=\"vc_row_inner tdi_30  vc_row vc_inner wpb_row td-pb-row\" >\n<style scoped>\n\/* custom css - generated by TagDiv Composer *\/\n\n\/* custom css - generated by TagDiv Composer *\/\n.tdi_30{\r\n                    position: relative !important;\r\n                    top: 0;\r\n                    transform: none;\r\n                    -webkit-transform: none;\r\n                }.tdi_30,\r\n\t\t\t\t.tdi_30 .tdc-inner-columns{\r\n\t\t\t\t    display: block;\r\n\t\t\t\t}.tdi_30 .tdc-inner-columns{\r\n\t\t\t\t    width: 100%;\r\n\t\t\t\t}\n<\/style><div class=\"vc_column_inner tdi_32  wpb_column vc_column_container tdc-inner-column td-pb-span4\">\n<style scoped>\n\/* custom css - generated by TagDiv Composer *\/\n\n\/* custom css - generated by TagDiv Composer *\/\n.tdi_32{\r\n                    vertical-align: baseline;\r\n                }.tdi_32 .vc_column-inner > .wpb_wrapper,\r\n\t\t\t\t.tdi_32 .vc_column-inner > .wpb_wrapper .tdc-elements{\r\n\t\t\t\t    display: block;\r\n\t\t\t\t}.tdi_32 .vc_column-inner > .wpb_wrapper .tdc-elements{\r\n\t\t\t\t    width: 100%;\r\n\t\t\t\t}\n<\/style><div class=\"vc_column-inner\"><div class=\"wpb_wrapper\" >[vc_custom_heading text=&#8221;Revista Rastros No 10&#8243; use_theme_fonts=&#8221;yes&#8221;][vc_column_text]<a href=\"https:\/\/www.fiscalia.gov.co\/colombia\/wp-content\/uploads\/REVISTA-RASTROS-10.pdf\" target=\"_blank\" rel=\"noopener noreferrer\"><img loading=\"lazy\" decoding=\"async\" class=\"alignleft wp-image-3009\" title=\"Edici\u00f3n N\u00famero 10\" src=\"http:\/\/www.fiscalia.gov.co\/colombia\/wp-content\/uploads\/2017\/02\/Rastros-10-Caratula.png\" alt=\"\" width=\"253\" height=\"152\" \/><\/a>[\/vc_column_text]<\/div><\/div><\/div><div class=\"vc_column_inner tdi_34  wpb_column vc_column_container tdc-inner-column td-pb-span4\">\n<style scoped>\n\/* custom css - generated by TagDiv Composer *\/\n\n\/* custom css - generated by TagDiv Composer *\/\n.tdi_34{\r\n                    vertical-align: baseline;\r\n                }.tdi_34 .vc_column-inner > .wpb_wrapper,\r\n\t\t\t\t.tdi_34 .vc_column-inner > .wpb_wrapper .tdc-elements{\r\n\t\t\t\t    display: block;\r\n\t\t\t\t}.tdi_34 .vc_column-inner > .wpb_wrapper .tdc-elements{\r\n\t\t\t\t    width: 100%;\r\n\t\t\t\t}\n<\/style><div class=\"vc_column-inner\"><div class=\"wpb_wrapper\" >[vc_custom_heading text=&#8221;Revista Rastros No 11&#8243; use_theme_fonts=&#8221;yes&#8221;][vc_column_text]<a href=\"https:\/\/www.fiscalia.gov.co\/colombia\/wp-content\/uploads\/REVISTA-RASTROS-11.pdf\" target=\"_blank\" rel=\"noopener noreferrer\"><img loading=\"lazy\" decoding=\"async\" class=\"alignleft wp-image-3009\" title=\"Edici\u00f3n N\u00famero 11\" src=\"http:\/\/www.fiscalia.gov.co\/colombia\/wp-content\/uploads\/2017\/02\/Rastros-11-Caratula.png\" alt=\"\" width=\"253\" height=\"152\" \/><\/a>[\/vc_column_text]<\/div><\/div><\/div><div class=\"vc_column_inner tdi_36  wpb_column vc_column_container tdc-inner-column td-pb-span4\">\n<style scoped>\n\/* custom css - generated by TagDiv Composer *\/\n\n\/* custom css - generated by TagDiv Composer *\/\n.tdi_36{\r\n                    vertical-align: baseline;\r\n                }.tdi_36 .vc_column-inner > .wpb_wrapper,\r\n\t\t\t\t.tdi_36 .vc_column-inner > .wpb_wrapper .tdc-elements{\r\n\t\t\t\t    display: block;\r\n\t\t\t\t}.tdi_36 .vc_column-inner > .wpb_wrapper .tdc-elements{\r\n\t\t\t\t    width: 100%;\r\n\t\t\t\t}\n<\/style><div class=\"vc_column-inner\"><div class=\"wpb_wrapper\" >[vc_custom_heading text=&#8221;Revista Rastros No 12&#8243; use_theme_fonts=&#8221;yes&#8221;][vc_column_text]<a href=\"https:\/\/www.fiscalia.gov.co\/colombia\/wp-content\/uploads\/REVISTA-RASTROS-12.pdf\" target=\"_blank\" rel=\"noopener noreferrer\"><img loading=\"lazy\" decoding=\"async\" class=\"alignleft wp-image-3009\" title=\"Edici\u00f3n N\u00famero 12\" src=\"http:\/\/www.fiscalia.gov.co\/colombia\/wp-content\/uploads\/2017\/02\/Rastros-12-Caratula.png\" alt=\"\" width=\"253\" height=\"152\" \/><\/a>[\/vc_column_text]<\/div><\/div><\/div><\/div><div class=\"vc_row_inner tdi_38  vc_row vc_inner wpb_row td-pb-row\" >\n<style scoped>\n\/* custom css - generated by TagDiv Composer *\/\n\n\/* custom css - generated by TagDiv Composer *\/\n.tdi_38{\r\n                    position: relative !important;\r\n                    top: 0;\r\n                    transform: none;\r\n                    -webkit-transform: none;\r\n                }.tdi_38,\r\n\t\t\t\t.tdi_38 .tdc-inner-columns{\r\n\t\t\t\t    display: block;\r\n\t\t\t\t}.tdi_38 .tdc-inner-columns{\r\n\t\t\t\t    width: 100%;\r\n\t\t\t\t}\n<\/style><div class=\"vc_column_inner tdi_40  wpb_column vc_column_container tdc-inner-column td-pb-span4\">\n<style scoped>\n\/* custom css - generated by TagDiv Composer *\/\n\n\/* custom css - generated by TagDiv Composer *\/\n.tdi_40{\r\n                    vertical-align: baseline;\r\n                }.tdi_40 .vc_column-inner > .wpb_wrapper,\r\n\t\t\t\t.tdi_40 .vc_column-inner > .wpb_wrapper .tdc-elements{\r\n\t\t\t\t    display: block;\r\n\t\t\t\t}.tdi_40 .vc_column-inner > .wpb_wrapper .tdc-elements{\r\n\t\t\t\t    width: 100%;\r\n\t\t\t\t}\n<\/style><div class=\"vc_column-inner\"><div class=\"wpb_wrapper\" >[vc_custom_heading text=&#8221;Revista Rastros No 13&#8243; use_theme_fonts=&#8221;yes&#8221;][vc_column_text]<a href=\"http:\/\/www.fiscalia.gov.co\/colombia\/wp-content\/uploads\/Rastros-edicion-13.pdf\" target=\"_blank\" rel=\"noopener noreferrer\"><img loading=\"lazy\" decoding=\"async\" class=\"alignleft wp-image-3009\" title=\"Edici\u00f3n N\u00famero 10\" src=\"http:\/\/www.fiscalia.gov.co\/colombia\/wp-content\/uploads\/2017\/02\/Rastros-10-Caratula.png\" alt=\"\" width=\"253\" height=\"152\" \/><\/a>[\/vc_column_text]<\/div><\/div><\/div><div class=\"vc_column_inner tdi_42  wpb_column vc_column_container tdc-inner-column td-pb-span4\">\n<style scoped>\n\/* custom css - generated by TagDiv Composer *\/\n\n\/* custom css - generated by TagDiv Composer *\/\n.tdi_42{\r\n                    vertical-align: baseline;\r\n                }.tdi_42 .vc_column-inner > .wpb_wrapper,\r\n\t\t\t\t.tdi_42 .vc_column-inner > .wpb_wrapper .tdc-elements{\r\n\t\t\t\t    display: block;\r\n\t\t\t\t}.tdi_42 .vc_column-inner > .wpb_wrapper .tdc-elements{\r\n\t\t\t\t    width: 100%;\r\n\t\t\t\t}\n<\/style><div class=\"vc_column-inner\"><div class=\"wpb_wrapper\" >[vc_custom_heading text=&#8221;Revista Rastros No 14&#8243; use_theme_fonts=&#8221;yes&#8221;][vc_column_text]<a href=\"http:\/\/www.fiscalia.gov.co\/colombia\/wp-content\/uploads\/Rastros-edicion-14.pdf\" target=\"_blank\" rel=\"noopener noreferrer\"><img loading=\"lazy\" decoding=\"async\" class=\"alignleft wp-image-3009\" title=\"Edici\u00f3n N\u00famero 11\" src=\"http:\/\/www.fiscalia.gov.co\/colombia\/wp-content\/uploads\/2017\/02\/Rastros-11-Caratula.png\" alt=\"\" width=\"253\" height=\"152\" \/><\/a>[\/vc_column_text]<\/div><\/div><\/div><div class=\"vc_column_inner tdi_44  wpb_column vc_column_container tdc-inner-column td-pb-span4\">\n<style scoped>\n\/* custom css - generated by TagDiv Composer *\/\n\n\/* custom css - generated by TagDiv Composer *\/\n.tdi_44{\r\n                    vertical-align: baseline;\r\n                }.tdi_44 .vc_column-inner > .wpb_wrapper,\r\n\t\t\t\t.tdi_44 .vc_column-inner > .wpb_wrapper .tdc-elements{\r\n\t\t\t\t    display: block;\r\n\t\t\t\t}.tdi_44 .vc_column-inner > .wpb_wrapper .tdc-elements{\r\n\t\t\t\t    width: 100%;\r\n\t\t\t\t}\n<\/style><div class=\"vc_column-inner\"><div class=\"wpb_wrapper\" >[vc_custom_heading text=&#8221;Revista Rastros No 15&#8243; use_theme_fonts=&#8221;yes&#8221;][vc_column_text]<a href=\"http:\/\/www.fiscalia.gov.co\/colombia\/wp-content\/uploads\/Rastros-edicion-15.pdf\" target=\"_blank\" rel=\"noopener noreferrer\"><img loading=\"lazy\" decoding=\"async\" class=\"alignleft wp-image-3009\" title=\"Edici\u00f3n N\u00famero 12\" src=\"http:\/\/www.fiscalia.gov.co\/colombia\/wp-content\/uploads\/2017\/02\/Rastros-12-Caratula.png\" alt=\"\" width=\"253\" height=\"152\" \/><\/a>[\/vc_column_text]<\/div><\/div><\/div><\/div><div class=\"vc_row_inner tdi_46  vc_row vc_inner wpb_row td-pb-row\" >\n<style scoped>\n\/* custom css - generated by TagDiv Composer *\/\n\n\/* custom css - generated by TagDiv Composer *\/\n.tdi_46{\r\n                    position: relative !important;\r\n                    top: 0;\r\n                    transform: none;\r\n                    -webkit-transform: none;\r\n                }.tdi_46,\r\n\t\t\t\t.tdi_46 .tdc-inner-columns{\r\n\t\t\t\t    display: block;\r\n\t\t\t\t}.tdi_46 .tdc-inner-columns{\r\n\t\t\t\t    width: 100%;\r\n\t\t\t\t}\n<\/style><div class=\"vc_column_inner tdi_48  wpb_column vc_column_container tdc-inner-column td-pb-span4\">\n<style scoped>\n\/* custom css - generated by TagDiv Composer *\/\n\n\/* custom css - generated by TagDiv Composer *\/\n.tdi_48{\r\n                    vertical-align: baseline;\r\n                }.tdi_48 .vc_column-inner > .wpb_wrapper,\r\n\t\t\t\t.tdi_48 .vc_column-inner > .wpb_wrapper .tdc-elements{\r\n\t\t\t\t    display: block;\r\n\t\t\t\t}.tdi_48 .vc_column-inner > .wpb_wrapper .tdc-elements{\r\n\t\t\t\t    width: 100%;\r\n\t\t\t\t}\n<\/style><div class=\"vc_column-inner\"><div class=\"wpb_wrapper\" >[vc_custom_heading text=&#8221;Revista Rastros No 16&#8243; use_theme_fonts=&#8221;yes&#8221;][vc_column_text]<a href=\"http:\/\/www.fiscalia.gov.co\/colombia\/wp-content\/uploads\/Rastros-edicion-16.pdf\" target=\"_blank\" rel=\"noopener noreferrer\"><img loading=\"lazy\" decoding=\"async\" class=\"alignleft wp-image-3009\" title=\"Edici\u00f3n N\u00famero 10\" src=\"http:\/\/www.fiscalia.gov.co\/colombia\/wp-content\/uploads\/2017\/02\/Rastros-10-Caratula.png\" alt=\"\" width=\"253\" height=\"152\" \/><\/a>[\/vc_column_text]<\/div><\/div><\/div><div class=\"vc_column_inner tdi_50  wpb_column vc_column_container tdc-inner-column td-pb-span4\">\n<style scoped>\n\/* custom css - generated by TagDiv Composer *\/\n\n\/* custom css - generated by TagDiv Composer *\/\n.tdi_50{\r\n                    vertical-align: baseline;\r\n                }.tdi_50 .vc_column-inner > .wpb_wrapper,\r\n\t\t\t\t.tdi_50 .vc_column-inner > .wpb_wrapper .tdc-elements{\r\n\t\t\t\t    display: block;\r\n\t\t\t\t}.tdi_50 .vc_column-inner > .wpb_wrapper .tdc-elements{\r\n\t\t\t\t    width: 100%;\r\n\t\t\t\t}\n<\/style><div class=\"vc_column-inner\"><div class=\"wpb_wrapper\" >[vc_custom_heading text=&#8221;Revista Rastros No 17&#8243; use_theme_fonts=&#8221;yes&#8221;][vc_column_text]<a href=\"https:\/\/www.fiscalia.gov.co\/colombia\/wp-content\/uploads\/Rastros-edicion-17.pdf\" target=\"_blank\" rel=\"noopener noreferrer\"><img loading=\"lazy\" decoding=\"async\" class=\"alignleft wp-image-3009\" title=\"Edici\u00f3n N\u00famero 10\" src=\"http:\/\/www.fiscalia.gov.co\/colombia\/wp-content\/uploads\/2017\/02\/Rastros-10-Caratula.png\" alt=\"\" width=\"253\" height=\"152\" \/><\/a>[\/vc_column_text]<\/div><\/div><\/div><div class=\"vc_column_inner tdi_52  wpb_column vc_column_container tdc-inner-column td-pb-span4\">\n<style scoped>\n\/* custom css - generated by TagDiv Composer *\/\n\n\/* custom css - generated by TagDiv Composer *\/\n.tdi_52{\r\n                    vertical-align: baseline;\r\n                }.tdi_52 .vc_column-inner > .wpb_wrapper,\r\n\t\t\t\t.tdi_52 .vc_column-inner > .wpb_wrapper .tdc-elements{\r\n\t\t\t\t    display: block;\r\n\t\t\t\t}.tdi_52 .vc_column-inner > .wpb_wrapper .tdc-elements{\r\n\t\t\t\t    width: 100%;\r\n\t\t\t\t}\n<\/style><div class=\"vc_column-inner\"><div class=\"wpb_wrapper\" >[vc_custom_heading text=&#8221;Revista Rastros No 18&#8243; use_theme_fonts=&#8221;yes&#8221;][vc_column_text]<a href=\"https:\/\/www.fiscalia.gov.co\/colombia\/wp-content\/uploads\/Rastros_Edicion_18.pdf\" target=\"_blank\" rel=\"noopener noreferrer\"><img loading=\"lazy\" decoding=\"async\" class=\"alignleft wp-image-3009\" title=\"Edici\u00f3n N\u00famero 10\" src=\"http:\/\/www.fiscalia.gov.co\/colombia\/wp-content\/uploads\/2017\/02\/Rastros-10-Caratula.png\" alt=\"\" width=\"253\" height=\"152\" \/><\/a>[\/vc_column_text]<\/div><\/div><\/div><\/div><div class=\"vc_row_inner tdi_54  vc_row vc_inner wpb_row td-pb-row\" >\n<style scoped>\n\/* custom css - generated by TagDiv Composer *\/\n\n\/* custom css - generated by TagDiv Composer *\/\n.tdi_54{\r\n                    position: relative !important;\r\n                    top: 0;\r\n                    transform: none;\r\n                    -webkit-transform: none;\r\n                }.tdi_54,\r\n\t\t\t\t.tdi_54 .tdc-inner-columns{\r\n\t\t\t\t    display: block;\r\n\t\t\t\t}.tdi_54 .tdc-inner-columns{\r\n\t\t\t\t    width: 100%;\r\n\t\t\t\t}\n<\/style><div class=\"vc_column_inner tdi_56  wpb_column vc_column_container tdc-inner-column td-pb-span4\">\n<style scoped>\n\/* custom css - generated by TagDiv Composer *\/\n\n\/* custom css - generated by TagDiv Composer *\/\n.tdi_56{\r\n                    vertical-align: baseline;\r\n                }.tdi_56 .vc_column-inner > .wpb_wrapper,\r\n\t\t\t\t.tdi_56 .vc_column-inner > .wpb_wrapper .tdc-elements{\r\n\t\t\t\t    display: block;\r\n\t\t\t\t}.tdi_56 .vc_column-inner > .wpb_wrapper .tdc-elements{\r\n\t\t\t\t    width: 100%;\r\n\t\t\t\t}\n<\/style><div class=\"vc_column-inner\"><div class=\"wpb_wrapper\" >[vc_custom_heading text=&#8221;Revista Rastros No 19&#8243; use_theme_fonts=&#8221;yes&#8221;][vc_column_text]<a href=\"https:\/\/www.fiscalia.gov.co\/colombia\/wp-content\/uploads\/Rastros_19-Cementerios_diciembre_2020.pdf\" target=\"_blank\" rel=\"noopener noreferrer\"><img loading=\"lazy\" decoding=\"async\" class=\"alignleft wp-image-3009\" title=\"Edici\u00f3n N\u00famero 19\" src=\"http:\/\/www.fiscalia.gov.co\/colombia\/wp-content\/uploads\/2017\/02\/Rastros-10-Caratula.png\" alt=\"\" width=\"253\" height=\"152\" \/><\/a>[\/vc_column_text]<\/div><\/div><\/div><div class=\"vc_column_inner tdi_58  wpb_column vc_column_container tdc-inner-column td-pb-span4\">\n<style scoped>\n\/* custom css - generated by TagDiv Composer *\/\n\n\/* custom css - generated by TagDiv Composer *\/\n.tdi_58{\r\n                    vertical-align: baseline;\r\n                }.tdi_58 .vc_column-inner > .wpb_wrapper,\r\n\t\t\t\t.tdi_58 .vc_column-inner > .wpb_wrapper .tdc-elements{\r\n\t\t\t\t    display: block;\r\n\t\t\t\t}.tdi_58 .vc_column-inner > .wpb_wrapper .tdc-elements{\r\n\t\t\t\t    width: 100%;\r\n\t\t\t\t}\n<\/style><div class=\"vc_column-inner\"><div class=\"wpb_wrapper\" >[vc_custom_heading text=&#8221;Revista Rastros No 20&#8243; use_theme_fonts=&#8221;yes&#8221;][vc_column_text]<a href=\"https:\/\/www.fiscalia.gov.co\/colombia\/wp-content\/uploads\/Rastros_20_Prendas_Diciembre_2020.pdf\" target=\"_blank\" rel=\"noopener noreferrer\"><img loading=\"lazy\" decoding=\"async\" class=\"alignleft wp-image-3009\" title=\"Edici\u00f3n N\u00famero 20\" src=\"http:\/\/www.fiscalia.gov.co\/colombia\/wp-content\/uploads\/2017\/02\/Rastros-10-Caratula.png\" alt=\"\" width=\"253\" height=\"152\" \/><\/a>[\/vc_column_text]<\/div><\/div><\/div><div class=\"vc_column_inner tdi_60  wpb_column vc_column_container tdc-inner-column td-pb-span4\">\n<style scoped>\n\/* custom css - generated by TagDiv Composer *\/\n\n\/* custom css - generated by TagDiv Composer *\/\n.tdi_60{\r\n                    vertical-align: baseline;\r\n                }.tdi_60 .vc_column-inner > .wpb_wrapper,\r\n\t\t\t\t.tdi_60 .vc_column-inner > .wpb_wrapper .tdc-elements{\r\n\t\t\t\t    display: block;\r\n\t\t\t\t}.tdi_60 .vc_column-inner > .wpb_wrapper .tdc-elements{\r\n\t\t\t\t    width: 100%;\r\n\t\t\t\t}\n<\/style><div class=\"vc_column-inner\"><div class=\"wpb_wrapper\" >[vc_custom_heading text=&#8221;Revista Rastros No 21&#8243; use_theme_fonts=&#8221;yes&#8221;][vc_column_text]<a href=\"https:\/\/www.fiscalia.gov.co\/colombia\/wp-content\/uploads\/Rastros_21_Cementerios_2022.pdf\" target=\"_blank\" rel=\"noopener noreferrer\"><img loading=\"lazy\" decoding=\"async\" class=\"alignleft wp-image-3009\" title=\"Edici\u00f3n N\u00famero 21\" src=\"http:\/\/www.fiscalia.gov.co\/colombia\/wp-content\/uploads\/2017\/02\/Rastros-10-Caratula.png\" alt=\"\" width=\"253\" height=\"152\" \/><\/a>[\/vc_column_text]<\/div><\/div><\/div><\/div><div class=\"vc_row_inner tdi_62  vc_row vc_inner wpb_row td-pb-row\" >\n<style scoped>\n\/* custom css - generated by TagDiv Composer *\/\n\n\/* custom css - generated by TagDiv Composer *\/\n.tdi_62{\r\n                    position: relative !important;\r\n                    top: 0;\r\n                    transform: none;\r\n                    -webkit-transform: none;\r\n                }.tdi_62,\r\n\t\t\t\t.tdi_62 .tdc-inner-columns{\r\n\t\t\t\t    display: block;\r\n\t\t\t\t}.tdi_62 .tdc-inner-columns{\r\n\t\t\t\t    width: 100%;\r\n\t\t\t\t}\n<\/style><div class=\"vc_column_inner tdi_64  wpb_column vc_column_container tdc-inner-column td-pb-span4\">\n<style scoped>\n\/* custom css - generated by TagDiv Composer *\/\n\n\/* custom css - generated by TagDiv Composer *\/\n.tdi_64{\r\n                    vertical-align: baseline;\r\n                }.tdi_64 .vc_column-inner > .wpb_wrapper,\r\n\t\t\t\t.tdi_64 .vc_column-inner > .wpb_wrapper .tdc-elements{\r\n\t\t\t\t    display: block;\r\n\t\t\t\t}.tdi_64 .vc_column-inner > .wpb_wrapper .tdc-elements{\r\n\t\t\t\t    width: 100%;\r\n\t\t\t\t}\n<\/style><div class=\"vc_column-inner\"><div class=\"wpb_wrapper\" >[vc_custom_heading text=&#8221;Revista Rastros No 22&#8243; use_theme_fonts=&#8221;yes&#8221;][vc_column_text]<a href=\"https:\/\/www.fiscalia.gov.co\/colombia\/wp-content\/uploads\/Rastros_22_Prendas_2022.pdf\" target=\"_blank\" rel=\"noopener noreferrer\"><img loading=\"lazy\" decoding=\"async\" class=\"alignleft wp-image-3009\" title=\"Edici\u00f3n N\u00famero 22\" src=\"http:\/\/www.fiscalia.gov.co\/colombia\/wp-content\/uploads\/2017\/02\/Rastros-10-Caratula.png\" alt=\"\" width=\"253\" height=\"152\" \/><\/a>[\/vc_column_text]<\/div><\/div><\/div><div class=\"vc_column_inner tdi_66  wpb_column vc_column_container tdc-inner-column td-pb-span4\">\n<style scoped>\n\/* custom css - generated by TagDiv Composer *\/\n\n\/* custom css - generated by TagDiv Composer *\/\n.tdi_66{\r\n                    vertical-align: baseline;\r\n                }.tdi_66 .vc_column-inner > .wpb_wrapper,\r\n\t\t\t\t.tdi_66 .vc_column-inner > .wpb_wrapper .tdc-elements{\r\n\t\t\t\t    display: block;\r\n\t\t\t\t}.tdi_66 .vc_column-inner > .wpb_wrapper .tdc-elements{\r\n\t\t\t\t    width: 100%;\r\n\t\t\t\t}\n<\/style><div class=\"vc_column-inner\"><div class=\"wpb_wrapper\" >[vc_custom_heading text=&#8221;Revista Rastros No 23&#8243; use_theme_fonts=&#8221;yes&#8221;][vc_column_text]<a href=\"https:\/\/www.fiscalia.gov.co\/colombia\/wp-content\/uploads\/Rastros_23_Cementerios_2023.pdf\" target=\"_blank\" rel=\"noopener noreferrer\"><img loading=\"lazy\" decoding=\"async\" class=\"alignleft wp-image-3009\" title=\"Edici\u00f3n N\u00famero 23\" src=\"http:\/\/www.fiscalia.gov.co\/colombia\/wp-content\/uploads\/2017\/02\/Rastros-10-Caratula.png\" alt=\"\" width=\"253\" height=\"152\" \/><\/a>[\/vc_column_text]<\/div><\/div><\/div><div class=\"vc_column_inner tdi_68  wpb_column vc_column_container tdc-inner-column td-pb-span4\">\n<style scoped>\n\/* custom css - generated by TagDiv Composer *\/\n\n\/* custom css - generated by TagDiv Composer *\/\n.tdi_68{\r\n                    vertical-align: baseline;\r\n                }.tdi_68 .vc_column-inner > .wpb_wrapper,\r\n\t\t\t\t.tdi_68 .vc_column-inner > .wpb_wrapper .tdc-elements{\r\n\t\t\t\t    display: block;\r\n\t\t\t\t}.tdi_68 .vc_column-inner > .wpb_wrapper .tdc-elements{\r\n\t\t\t\t    width: 100%;\r\n\t\t\t\t}\n<\/style><div class=\"vc_column-inner\"><div class=\"wpb_wrapper\" >[vc_custom_heading text=&#8221;Revista Rastros No 24&#8243; use_theme_fonts=&#8221;yes&#8221;][vc_column_text]<a href=\"https:\/\/www.fiscalia.gov.co\/colombia\/wp-content\/uploads\/Rastros_24_Prendas_2023.pdf\" target=\"_blank\" rel=\"noopener noreferrer\"><img loading=\"lazy\" decoding=\"async\" class=\"alignleft wp-image-3009\" title=\"Edici\u00f3n N\u00famero 24\" src=\"http:\/\/www.fiscalia.gov.co\/colombia\/wp-content\/uploads\/2017\/02\/Rastros-10-Caratula.png\" alt=\"\" width=\"253\" height=\"152\" \/><\/a>[\/vc_column_text]<\/div><\/div><\/div><\/div><div class=\"vc_row_inner tdi_70  vc_row vc_inner wpb_row td-pb-row\" >\n<style scoped>\n\/* custom css - generated by TagDiv Composer *\/\n\n\/* custom css - generated by TagDiv Composer *\/\n.tdi_70{\r\n                    position: relative !important;\r\n                    top: 0;\r\n                    transform: none;\r\n                    -webkit-transform: none;\r\n                }.tdi_70,\r\n\t\t\t\t.tdi_70 .tdc-inner-columns{\r\n\t\t\t\t    display: block;\r\n\t\t\t\t}.tdi_70 .tdc-inner-columns{\r\n\t\t\t\t    width: 100%;\r\n\t\t\t\t}\n<\/style><div class=\"vc_column_inner tdi_72  wpb_column vc_column_container tdc-inner-column td-pb-span4\">\n<style scoped>\n\/* custom css - generated by TagDiv Composer *\/\n\n\/* custom css - generated by TagDiv Composer *\/\n.tdi_72{\r\n                    vertical-align: baseline;\r\n                }.tdi_72 .vc_column-inner > .wpb_wrapper,\r\n\t\t\t\t.tdi_72 .vc_column-inner > .wpb_wrapper .tdc-elements{\r\n\t\t\t\t    display: block;\r\n\t\t\t\t}.tdi_72 .vc_column-inner > .wpb_wrapper .tdc-elements{\r\n\t\t\t\t    width: 100%;\r\n\t\t\t\t}\n<\/style><div class=\"vc_column-inner\"><div class=\"wpb_wrapper\" >[vc_custom_heading text=&#8221;Revista Rastros No 25&#8243; use_theme_fonts=&#8221;yes&#8221;][vc_column_text]<a href=\"https:\/\/www.fiscalia.gov.co\/colombia\/wp-content\/uploads\/Rastros_25_Cementerios_2025.pdf\" target=\"_blank\" rel=\"noopener noreferrer\"><img loading=\"lazy\" decoding=\"async\" class=\"alignleft wp-image-3009\" title=\"Edici\u00f3n N\u00famero 25\" src=\"http:\/\/www.fiscalia.gov.co\/colombia\/wp-content\/uploads\/2017\/02\/Rastros-10-Caratula.png\" alt=\"\" width=\"253\" height=\"152\" \/><\/a>[\/vc_column_text]<\/div><\/div><\/div><div class=\"vc_column_inner tdi_74  wpb_column vc_column_container tdc-inner-column td-pb-span4\">\n<style scoped>\n\/* custom css - generated by TagDiv Composer *\/\n\n\/* custom css - generated by TagDiv Composer *\/\n.tdi_74{\r\n                    vertical-align: baseline;\r\n                }.tdi_74 .vc_column-inner > .wpb_wrapper,\r\n\t\t\t\t.tdi_74 .vc_column-inner > .wpb_wrapper .tdc-elements{\r\n\t\t\t\t    display: block;\r\n\t\t\t\t}.tdi_74 .vc_column-inner > .wpb_wrapper .tdc-elements{\r\n\t\t\t\t    width: 100%;\r\n\t\t\t\t}\n<\/style><div class=\"vc_column-inner\"><div class=\"wpb_wrapper\" >[vc_custom_heading text=&#8221;Revista Rastros No 26&#8243; use_theme_fonts=&#8221;yes&#8221;][vc_column_text]<a href=\"https:\/\/www.fiscalia.gov.co\/colombia\/wp-content\/uploads\/Rastros_26_Prendas_2025.pdf\" target=\"_blank\" rel=\"noopener noreferrer\"><img loading=\"lazy\" decoding=\"async\" class=\"alignleft wp-image-3009\" title=\"Edici\u00f3n N\u00famero 26\" src=\"http:\/\/www.fiscalia.gov.co\/colombia\/wp-content\/uploads\/2017\/02\/Rastros-10-Caratula.png\" alt=\"\" width=\"253\" height=\"152\" \/><\/a>[\/vc_column_text]<\/div><\/div><\/div><div class=\"vc_column_inner tdi_76  wpb_column vc_column_container tdc-inner-column td-pb-span4\">\n<style scoped>\n\/* custom css - generated by TagDiv Composer *\/\n\n\/* custom css - generated by TagDiv Composer *\/\n.tdi_76{\r\n                    vertical-align: baseline;\r\n                }.tdi_76 .vc_column-inner > .wpb_wrapper,\r\n\t\t\t\t.tdi_76 .vc_column-inner > .wpb_wrapper .tdc-elements{\r\n\t\t\t\t    display: block;\r\n\t\t\t\t}.tdi_76 .vc_column-inner > .wpb_wrapper .tdc-elements{\r\n\t\t\t\t    width: 100%;\r\n\t\t\t\t}\n<\/style><div class=\"vc_column-inner\"><div class=\"wpb_wrapper\" >[vc_custom_heading text=&#8221;&#8221; use_theme_fonts=&#8221;yes&#8221;][vc_column_text][\/vc_column_text]<\/div><\/div><\/div><\/div><\/div><\/div><div class=\"vc_column tdi_78  wpb_column vc_column_container tdc-column td-pb-span4\">\n<style scoped>\n\/* custom css - generated by TagDiv Composer *\/\n\n\/* custom css - generated by TagDiv Composer *\/\n.tdi_78{\r\n                    vertical-align: baseline;\r\n                }.tdi_78 > .wpb_wrapper,\r\n\t\t\t\t.tdi_78 > .wpb_wrapper > .tdc-elements{\r\n\t\t\t\t    display: block;\r\n\t\t\t\t}.tdi_78 > .wpb_wrapper > .tdc-elements{\r\n\t\t\t\t    width: 100%;\r\n\t\t\t\t}.tdi_78 > .wpb_wrapper > .vc_row_inner{\r\n\t\t\t\t    width: auto;\r\n\t\t\t\t}.tdi_78 > .wpb_wrapper{\r\n\t\t\t\t    width: auto;\r\n\t\t\t\t    height: auto;\r\n\t\t\t\t}\n<\/style><div class=\"wpb_wrapper\" ><div class=\"wpb_wrapper td_block_wrap vc_widget_sidebar tdi_80 \" ><aside class=\"td_block_template_6 widget widget_nav_menu\"><h4 class=\"td-block-title\"><span>La Direcci\u00f3n<\/span><\/h4><div class=\"menu-la-direccion-container\"><ul id=\"menu-la-direccion\" class=\"menu\"><li id=\"menu-item-104442\" class=\"menu-item menu-item-type-post_type menu-item-object-page menu-item-first menu-item-104442\"><a href=\"https:\/\/www.fiscalia.gov.co\/colombia\/justicia-transicional-2\/\">Justicia Transicional<\/a><\/li>\n<li id=\"menu-item-104443\" class=\"menu-item menu-item-type-post_type menu-item-object-page menu-item-104443\"><a href=\"https:\/\/www.fiscalia.gov.co\/colombia\/sentencias-ley-975-de-2005\/\">Sentencias Ley 975 de 2005<\/a><\/li>\n<li id=\"menu-item-104445\" class=\"menu-item menu-item-type-post_type menu-item-object-page menu-item-104445\"><a href=\"https:\/\/www.fiscalia.gov.co\/colombia\/directorio-2\/\">Directorios<\/a><\/li>\n<li id=\"menu-item-200098\" class=\"menu-item menu-item-type-custom menu-item-object-custom menu-item-200098\"><a href=\"https:\/\/www.fiscalia.gov.co\/colombia\/justicia-transicional-2\/compulsas-de-copias\/\">Compulsa de copias<\/a><\/li>\n<\/ul><\/div><\/aside><aside class=\"td_block_template_6 widget widget_nav_menu\"><h4 class=\"td-block-title\"><span>Postulados<\/span><\/h4><div class=\"menu-postulados-container\"><ul id=\"menu-postulados\" class=\"menu\"><li id=\"menu-item-104453\" class=\"menu-item menu-item-type-post_type menu-item-object-page menu-item-first menu-item-104453\"><a href=\"https:\/\/www.fiscalia.gov.co\/colombia\/justicia-transicional-2\/consulta-postulados\/\">Consulta postulados<\/a><\/li>\n<li id=\"menu-item-104454\" class=\"menu-item menu-item-type-post_type menu-item-object-page menu-item-104454\"><a href=\"https:\/\/www.fiscalia.gov.co\/colombia\/justicia-transicional-2\/consulta-emplazamientos\/\">Consulta emplazamientos<\/a><\/li>\n<li id=\"menu-item-104455\" class=\"menu-item menu-item-type-post_type menu-item-object-page menu-item-104455\"><a href=\"https:\/\/www.fiscalia.gov.co\/colombia\/programacion-de-audiencias\/\">Programaci\u00f3n de Audiencias<\/a><\/li>\n<li id=\"menu-item-104456\" class=\"menu-item menu-item-type-post_type menu-item-object-page menu-item-104456\"><a href=\"https:\/\/www.fiscalia.gov.co\/colombia\/programacion-versiones-libres\/\">Programaci\u00f3n Versiones Libres<\/a><\/li>\n<\/ul><\/div><\/aside><aside class=\"td_block_template_6 widget widget_nav_menu\"><h4 class=\"td-block-title\"><span>Grube<\/span><\/h4><div class=\"menu-planes-container\"><ul id=\"menu-planes\" class=\"menu\"><li id=\"menu-item-104519\" class=\"menu-item menu-item-type-post_type menu-item-object-page menu-item-first menu-item-104519\"><a href=\"https:\/\/www.fiscalia.gov.co\/colombia\/justicia-transicional-2\/sobre-el-grupo-interno-de-trabajo\/\">Grupo interno de trabajo de b\u00fasqueda, identificaci\u00f3n y entrega de personas desaparecidas (GRUBE)<\/a><\/li>\n<li id=\"menu-item-104473\" class=\"menu-item menu-item-type-post_type menu-item-object-page menu-item-104473\"><a href=\"https:\/\/www.fiscalia.gov.co\/colombia\/justicia-transicional-2\/entrega-de-restos-oseos\/\">Entrega de restos \u00f3seos<\/a><\/li>\n<li id=\"menu-item-104474\" class=\"menu-item menu-item-type-post_type menu-item-object-page menu-item-104474\"><a href=\"https:\/\/www.fiscalia.gov.co\/colombia\/revista-rastros\/\">Revista Rastros<\/a><\/li>\n<li id=\"menu-item-105327\" class=\"menu-item menu-item-type-custom menu-item-object-custom menu-item-105327\"><a target=\"_blank\" href=\"https:\/\/www.fiscalia.gov.co\/colombia\/wp-content\/uploads\/2026-03-31-REPORTE-DEL-GRUBE.pdf\">Consolidado de exhumaciones<\/a><\/li>\n<\/ul><\/div><\/aside><aside class=\"td_block_template_6 widget widget_nav_menu\"><h4 class=\"td-block-title\"><span>V\u00edctimas<\/span><\/h4><div class=\"menu-victimas-container\"><ul id=\"menu-victimas\" class=\"menu\"><li id=\"menu-item-104486\" class=\"menu-item menu-item-type-post_type menu-item-object-page menu-item-first menu-item-104486\"><a href=\"https:\/\/www.fiscalia.gov.co\/colombia\/grupo-interno-de-trabajo-de-orientacion-registro-y-asignacion-de-casos-de-victimas\/\">Grupo interno de trabajo de orientaci\u00f3n, registro y asignaci\u00f3n de casos de v\u00edctimas<\/a><\/li>\n<li id=\"menu-item-104487\" class=\"menu-item menu-item-type-post_type menu-item-object-page menu-item-104487\"><a href=\"https:\/\/www.fiscalia.gov.co\/colombia\/ruta-de-atencion-integral-a-victimas\/\">Ruta de atenci\u00f3n integral a v\u00edctimas<\/a><\/li>\n<li id=\"menu-item-104488\" class=\"menu-item menu-item-type-post_type menu-item-object-page menu-item-104488\"><a href=\"https:\/\/www.fiscalia.gov.co\/colombia\/justicia-transicional-2\/enfoques-diferenciales\/\">Enfoques diferenciales<\/a><\/li>\n<li id=\"menu-item-104489\" class=\"menu-item menu-item-type-post_type menu-item-object-page menu-item-104489\"><a href=\"https:\/\/www.fiscalia.gov.co\/colombia\/justicia-transicional-2\/derechos-de-las-victimas\/\">Derechos de las V\u00edctimas<\/a><\/li>\n<li id=\"menu-item-104490\" class=\"menu-item menu-item-type-post_type menu-item-object-page menu-item-104490\"><a href=\"https:\/\/www.fiscalia.gov.co\/colombia\/justicia-transicional-2\/formato\/\">Formato registro de hechos atribuibles a grupos armados organizados al margen de la ley<\/a><\/li>\n<li id=\"menu-item-105020\" class=\"menu-item menu-item-type-post_type menu-item-object-page menu-item-105020\"><a href=\"https:\/\/www.fiscalia.gov.co\/colombia\/justicia-transicional-2\/ha-sido-victima\/\">\u00bfHa sido v\u00edctima?<\/a><\/li>\n<\/ul><\/div><\/aside><\/div><\/div><\/div><\/div><\/div><\/section>\n<div class=\"twitter-share\"><a href=\"https:\/\/twitter.com\/intent\/tweet?via=fiscaliacol\" class=\"twitter-share-button\">Tweet<\/a><\/div>\n","protected":false},"excerpt":{"rendered":"[vc_custom_heading text=\"Revista Rastros No 1\" use_theme_fonts=\"yes\"][vc_column_text][\/vc_column_text] [vc_custom_heading text=\"Revista Rastros No 2\" use_theme_fonts=\"yes\"][vc_column_text] [\/vc_column_text] [vc_custom_heading text=\"Revista Rastros No 3\" use_theme_fonts=\"yes\"][vc_column_text][\/vc_column_text] [vc_custom_heading text=\"Revista Rastros No 4\" use_theme_fonts=\"yes\"][vc_column_text][\/vc_column_text] [vc_custom_heading text=\"Revista Rastros No 5\" use_theme_fonts=\"yes\"][vc_column_text][\/vc_column_text] [vc_custom_heading text=\"Revista Rastros No 6\" use_theme_fonts=\"yes\"][vc_column_text][\/vc_column_text] [vc_custom_heading text=\"Revista Rastros No 7\" use_theme_fonts=\"yes\"][vc_column_text][\/vc_column_text] [vc_custom_heading text=\"Revista Rastros No 8\" use_theme_fonts=\"yes\"][vc_column_text][\/vc_column_text] [vc_custom_heading text=\"Revista Rastros No 9\" use_theme_fonts=\"yes\"][vc_column_text][\/vc_column_text] [...]","protected":false},"author":143,"featured_media":0,"parent":0,"menu_order":0,"comment_status":"closed","ping_status":"closed","template":"page-pagebuilder-title.php","meta":{"_price":"","_stock":"","_tribe_ticket_header":"","_tribe_default_ticket_provider":"","_tribe_ticket_capacity":"0","_ticket_start_date":"","_ticket_end_date":"","_tribe_ticket_show_description":"","_tribe_ticket_show_not_going":false,"_tribe_ticket_use_global_stock":"","_tribe_ticket_global_stock_level":"","_global_stock_mode":"","_global_stock_cap":"","_tribe_rsvp_for_event":"","_tribe_ticket_going_count":"","_tribe_ticket_not_going_count":"","_tribe_tickets_list":"[]","_tribe_ticket_has_attendee_info_fields":false,"tdm_status":"","tdm_grid_status":"","footnotes":"","_tec_slr_enabled":"","_tec_slr_layout":""},"class_list":["post-104057","page","type-page","status-publish"],"yoast_head":"<!-- This site is optimized with the Yoast SEO plugin v24.3 - https:\/\/yoast.com\/wordpress\/plugins\/seo\/ -->\n<title>Fiscal\u00eda General de la Naci\u00f3n<\/title>\n<meta name=\"description\" content=\"P\u00e1gina oficial de la Fiscal\u00eda General de la Naci\u00f3n \u2013 Colombia. Garantizamos el acceso efectivo a la justicia, la verdad y la reparaci\u00f3n de las v\u00edctimas de los delitos.\" \/>\n<meta name=\"robots\" content=\"index, follow, max-snippet:-1, max-image-preview:large, max-video-preview:-1\" \/>\n<link rel=\"canonical\" href=\"https:\/\/www.fiscalia.gov.co\/colombia\/revista-rastros\/\" \/>\n<meta property=\"og:locale\" content=\"es_ES\" \/>\n<meta property=\"og:type\" content=\"article\" \/>\n<meta property=\"og:title\" content=\"Fiscal\u00eda General de la Naci\u00f3n\" \/>\n<meta property=\"og:description\" content=\"P\u00e1gina oficial de la Fiscal\u00eda General de la Naci\u00f3n \u2013 Colombia. Garantizamos el acceso efectivo a la justicia, la verdad y la reparaci\u00f3n de las v\u00edctimas de los delitos.\" \/>\n<meta property=\"og:url\" content=\"https:\/\/www.fiscalia.gov.co\/colombia\/revista-rastros\/\" \/>\n<meta property=\"og:site_name\" content=\"Fiscal\u00eda General de la Naci\u00f3n\" \/>\n<meta property=\"article:publisher\" content=\"https:\/\/www.facebook.com\/FiscaliaCol\" \/>\n<meta property=\"article:modified_time\" content=\"2025-10-02T21:34:58+00:00\" \/>\n<meta name=\"twitter:card\" content=\"summary_large_image\" \/>\n<meta name=\"twitter:site\" content=\"@FiscaliaCol\" \/>\n<meta name=\"twitter:label1\" content=\"Tiempo de lectura\" \/>\n\t<meta name=\"twitter:data1\" content=\"7 minutos\" \/>\n<script type=\"application\/ld+json\" class=\"yoast-schema-graph\">{\"@context\":\"https:\/\/schema.org\",\"@graph\":[{\"@type\":\"WebPage\",\"@id\":\"https:\/\/www.fiscalia.gov.co\/colombia\/revista-rastros\/\",\"url\":\"https:\/\/www.fiscalia.gov.co\/colombia\/revista-rastros\/\",\"name\":\"Fiscal\u00eda General de la Naci\u00f3n\",\"isPartOf\":{\"@id\":\"https:\/\/www.fiscalia.gov.co\/colombia\/#website\"},\"primaryImageOfPage\":{\"@id\":\"https:\/\/www.fiscalia.gov.co\/colombia\/revista-rastros\/#primaryimage\"},\"image\":{\"@id\":\"https:\/\/www.fiscalia.gov.co\/colombia\/revista-rastros\/#primaryimage\"},\"thumbnailUrl\":\"http:\/\/www.fiscalia.gov.co\/colombia\/wp-content\/uploads\/2013\/03\/edicion-1.png\",\"datePublished\":\"2017-04-04T21:02:21+00:00\",\"dateModified\":\"2025-10-02T21:34:58+00:00\",\"description\":\"P\u00e1gina oficial de la Fiscal\u00eda General de la Naci\u00f3n \u2013 Colombia. Garantizamos el acceso efectivo a la justicia, la verdad y la reparaci\u00f3n de las v\u00edctimas de los delitos.\",\"breadcrumb\":{\"@id\":\"https:\/\/www.fiscalia.gov.co\/colombia\/revista-rastros\/#breadcrumb\"},\"inLanguage\":\"es-CO\",\"potentialAction\":[{\"@type\":\"ReadAction\",\"target\":[\"https:\/\/www.fiscalia.gov.co\/colombia\/revista-rastros\/\"]}]},{\"@type\":\"ImageObject\",\"inLanguage\":\"es-CO\",\"@id\":\"https:\/\/www.fiscalia.gov.co\/colombia\/revista-rastros\/#primaryimage\",\"url\":\"http:\/\/www.fiscalia.gov.co\/colombia\/wp-content\/uploads\/2013\/03\/edicion-1.png\",\"contentUrl\":\"http:\/\/www.fiscalia.gov.co\/colombia\/wp-content\/uploads\/2013\/03\/edicion-1.png\"},{\"@type\":\"BreadcrumbList\",\"@id\":\"https:\/\/www.fiscalia.gov.co\/colombia\/revista-rastros\/#breadcrumb\",\"itemListElement\":[{\"@type\":\"ListItem\",\"position\":1,\"name\":\"Home\",\"item\":\"https:\/\/www.fiscalia.gov.co\/colombia\/\"},{\"@type\":\"ListItem\",\"position\":2,\"name\":\"Revista Rastros\"}]},{\"@type\":\"WebSite\",\"@id\":\"https:\/\/www.fiscalia.gov.co\/colombia\/#website\",\"url\":\"https:\/\/www.fiscalia.gov.co\/colombia\/\",\"name\":\"Fiscal\u00eda General de la Naci\u00f3n\",\"description\":\"P\u00e1gina oficial de la Fiscal\u00eda General de la Naci\u00f3n \u2013 Colombia. Garantizamos el acceso efectivo a la justicia, la verdad y la reparaci\u00f3n de las v\u00edctimas de los delitos.\",\"publisher\":{\"@id\":\"https:\/\/www.fiscalia.gov.co\/colombia\/#organization\"},\"potentialAction\":[{\"@type\":\"SearchAction\",\"target\":{\"@type\":\"EntryPoint\",\"urlTemplate\":\"https:\/\/www.fiscalia.gov.co\/colombia\/?s={search_term_string}\"},\"query-input\":{\"@type\":\"PropertyValueSpecification\",\"valueRequired\":true,\"valueName\":\"search_term_string\"}}],\"inLanguage\":\"es-CO\"},{\"@type\":\"Organization\",\"@id\":\"https:\/\/www.fiscalia.gov.co\/colombia\/#organization\",\"name\":\"Fiscal\u00eda General de la Naci\u00f3n\",\"url\":\"https:\/\/www.fiscalia.gov.co\/colombia\/\",\"logo\":{\"@type\":\"ImageObject\",\"inLanguage\":\"es-CO\",\"@id\":\"https:\/\/www.fiscalia.gov.co\/colombia\/#\/schema\/logo\/image\/\",\"url\":\"https:\/\/www.fiscalia.gov.co\/colombia\/wp-content\/uploads\/LogoHorizontal_1.jpg\",\"contentUrl\":\"https:\/\/www.fiscalia.gov.co\/colombia\/wp-content\/uploads\/LogoHorizontal_1.jpg\",\"width\":300,\"height\":90,\"caption\":\"Fiscal\u00eda General de la Naci\u00f3n\"},\"image\":{\"@id\":\"https:\/\/www.fiscalia.gov.co\/colombia\/#\/schema\/logo\/image\/\"},\"sameAs\":[\"https:\/\/www.facebook.com\/FiscaliaCol\",\"https:\/\/x.com\/FiscaliaCol\",\"https:\/\/www.instagram.com\/fiscaliacol\",\"https:\/\/www.linkedin.com\/company\/fiscalia-general-de-la-naci-n\/\",\"https:\/\/youtube.com\/@fiscaliageneraldelanacion-4668?si=6nN79nyQICPU5iTh\"]}]}<\/script>\n<!-- \/ Yoast SEO plugin. -->","yoast_head_json":{"title":"Fiscal\u00eda General de la Naci\u00f3n","description":"P\u00e1gina oficial de la Fiscal\u00eda General de la Naci\u00f3n \u2013 Colombia. Garantizamos el acceso efectivo a la justicia, la verdad y la reparaci\u00f3n de las v\u00edctimas de los delitos.","robots":{"index":"index","follow":"follow","max-snippet":"max-snippet:-1","max-image-preview":"max-image-preview:large","max-video-preview":"max-video-preview:-1"},"canonical":"https:\/\/www.fiscalia.gov.co\/colombia\/revista-rastros\/","og_locale":"es_ES","og_type":"article","og_title":"Fiscal\u00eda General de la Naci\u00f3n","og_description":"P\u00e1gina oficial de la Fiscal\u00eda General de la Naci\u00f3n \u2013 Colombia. Garantizamos el acceso efectivo a la justicia, la verdad y la reparaci\u00f3n de las v\u00edctimas de los delitos.","og_url":"https:\/\/www.fiscalia.gov.co\/colombia\/revista-rastros\/","og_site_name":"Fiscal\u00eda General de la Naci\u00f3n","article_publisher":"https:\/\/www.facebook.com\/FiscaliaCol","article_modified_time":"2025-10-02T21:34:58+00:00","twitter_card":"summary_large_image","twitter_site":"@FiscaliaCol","twitter_misc":{"Tiempo de lectura":"7 minutos"},"schema":{"@context":"https:\/\/schema.org","@graph":[{"@type":"WebPage","@id":"https:\/\/www.fiscalia.gov.co\/colombia\/revista-rastros\/","url":"https:\/\/www.fiscalia.gov.co\/colombia\/revista-rastros\/","name":"Fiscal\u00eda General de la Naci\u00f3n","isPartOf":{"@id":"https:\/\/www.fiscalia.gov.co\/colombia\/#website"},"primaryImageOfPage":{"@id":"https:\/\/www.fiscalia.gov.co\/colombia\/revista-rastros\/#primaryimage"},"image":{"@id":"https:\/\/www.fiscalia.gov.co\/colombia\/revista-rastros\/#primaryimage"},"thumbnailUrl":"http:\/\/www.fiscalia.gov.co\/colombia\/wp-content\/uploads\/2013\/03\/edicion-1.png","datePublished":"2017-04-04T21:02:21+00:00","dateModified":"2025-10-02T21:34:58+00:00","description":"P\u00e1gina oficial de la Fiscal\u00eda General de la Naci\u00f3n \u2013 Colombia. Garantizamos el acceso efectivo a la justicia, la verdad y la reparaci\u00f3n de las v\u00edctimas de los delitos.","breadcrumb":{"@id":"https:\/\/www.fiscalia.gov.co\/colombia\/revista-rastros\/#breadcrumb"},"inLanguage":"es-CO","potentialAction":[{"@type":"ReadAction","target":["https:\/\/www.fiscalia.gov.co\/colombia\/revista-rastros\/"]}]},{"@type":"ImageObject","inLanguage":"es-CO","@id":"https:\/\/www.fiscalia.gov.co\/colombia\/revista-rastros\/#primaryimage","url":"http:\/\/www.fiscalia.gov.co\/colombia\/wp-content\/uploads\/2013\/03\/edicion-1.png","contentUrl":"http:\/\/www.fiscalia.gov.co\/colombia\/wp-content\/uploads\/2013\/03\/edicion-1.png"},{"@type":"BreadcrumbList","@id":"https:\/\/www.fiscalia.gov.co\/colombia\/revista-rastros\/#breadcrumb","itemListElement":[{"@type":"ListItem","position":1,"name":"Home","item":"https:\/\/www.fiscalia.gov.co\/colombia\/"},{"@type":"ListItem","position":2,"name":"Revista Rastros"}]},{"@type":"WebSite","@id":"https:\/\/www.fiscalia.gov.co\/colombia\/#website","url":"https:\/\/www.fiscalia.gov.co\/colombia\/","name":"Fiscal\u00eda General de la Naci\u00f3n","description":"P\u00e1gina oficial de la Fiscal\u00eda General de la Naci\u00f3n \u2013 Colombia. Garantizamos el acceso efectivo a la justicia, la verdad y la reparaci\u00f3n de las v\u00edctimas de los delitos.","publisher":{"@id":"https:\/\/www.fiscalia.gov.co\/colombia\/#organization"},"potentialAction":[{"@type":"SearchAction","target":{"@type":"EntryPoint","urlTemplate":"https:\/\/www.fiscalia.gov.co\/colombia\/?s={search_term_string}"},"query-input":{"@type":"PropertyValueSpecification","valueRequired":true,"valueName":"search_term_string"}}],"inLanguage":"es-CO"},{"@type":"Organization","@id":"https:\/\/www.fiscalia.gov.co\/colombia\/#organization","name":"Fiscal\u00eda General de la Naci\u00f3n","url":"https:\/\/www.fiscalia.gov.co\/colombia\/","logo":{"@type":"ImageObject","inLanguage":"es-CO","@id":"https:\/\/www.fiscalia.gov.co\/colombia\/#\/schema\/logo\/image\/","url":"https:\/\/www.fiscalia.gov.co\/colombia\/wp-content\/uploads\/LogoHorizontal_1.jpg","contentUrl":"https:\/\/www.fiscalia.gov.co\/colombia\/wp-content\/uploads\/LogoHorizontal_1.jpg","width":300,"height":90,"caption":"Fiscal\u00eda General de la Naci\u00f3n"},"image":{"@id":"https:\/\/www.fiscalia.gov.co\/colombia\/#\/schema\/logo\/image\/"},"sameAs":["https:\/\/www.facebook.com\/FiscaliaCol","https:\/\/x.com\/FiscaliaCol","https:\/\/www.instagram.com\/fiscaliacol","https:\/\/www.linkedin.com\/company\/fiscalia-general-de-la-naci-n\/","https:\/\/youtube.com\/@fiscaliageneraldelanacion-4668?si=6nN79nyQICPU5iTh"]}]}},"ticketed":false,"_links":{"self":[{"href":"https:\/\/www.fiscalia.gov.co\/colombia\/wp-json\/wp\/v2\/pages\/104057","targetHints":{"allow":["GET"]}}],"collection":[{"href":"https:\/\/www.fiscalia.gov.co\/colombia\/wp-json\/wp\/v2\/pages"}],"about":[{"href":"https:\/\/www.fiscalia.gov.co\/colombia\/wp-json\/wp\/v2\/types\/page"}],"author":[{"embeddable":true,"href":"https:\/\/www.fiscalia.gov.co\/colombia\/wp-json\/wp\/v2\/users\/143"}],"replies":[{"embeddable":true,"href":"https:\/\/www.fiscalia.gov.co\/colombia\/wp-json\/wp\/v2\/comments?post=104057"}],"version-history":[{"count":36,"href":"https:\/\/www.fiscalia.gov.co\/colombia\/wp-json\/wp\/v2\/pages\/104057\/revisions"}],"predecessor-version":[{"id":316642,"href":"https:\/\/www.fiscalia.gov.co\/colombia\/wp-json\/wp\/v2\/pages\/104057\/revisions\/316642"}],"wp:attachment":[{"href":"https:\/\/www.fiscalia.gov.co\/colombia\/wp-json\/wp\/v2\/media?parent=104057"}],"curies":[{"name":"wp","href":"https:\/\/api.w.org\/{rel}","templated":true}]}}