{"id":104053,"date":"2017-04-04T15:58:17","date_gmt":"2017-04-04T20:58:17","guid":{"rendered":"http:\/\/www.fiscalia.gov.co\/colombia\/?page_id=104053"},"modified":"2022-04-04T16:09:15","modified_gmt":"2022-04-04T21:09:15","slug":"sobre-el-grupo-interno-de-trabajo","status":"publish","type":"page","link":"https:\/\/www.fiscalia.gov.co\/colombia\/justicia-transicional-2\/sobre-el-grupo-interno-de-trabajo\/","title":{"rendered":"Grupo interno de trabajo de b\u00fasqueda, identificaci\u00f3n y entrega de personas desaparecidas (GRUBE)"},"content":{"rendered":"<p>Con la Ley 975 de 2005 se cre\u00f3 la Unidad Nacional de Justicia y Paz con el objetivo de buscar a todas las v\u00edctimas que en el marco del conflicto fueron desaparecidas y asesinadas por los grupos alzados al margen de la ley y as\u00ed mismo,\u00a0 adelantar los procesos de identificaci\u00f3n de los restos encontrados y la\u00a0 inhumaci\u00f3n de los mismos seg\u00fan las tradiciones familiares y comunitarias.<\/p>\n<p>El Grupo Interno de Trabajo de Exhumaciones apoya tambi\u00e9n los casos conocidos por la justicia ordinaria que requieran otros despachos judiciales\u00a0 a nivel nacional, con las labores de campo relacionadas conforme al Plan Nacional de B\u00fasqueda para entregar a las familias de las v\u00edctimas los restos de sus seres queridos.<\/p>\n<p><strong>Funciones<\/strong><\/p>\n<ul>\n<li>Buscar, identificar y entregar a sus familiares de los desaparecidos como forma de reparaci\u00f3n a las v\u00edctimas y de esclarecimiento de la verdad.<\/li>\n<li>Materializar el acceso a la administraci\u00f3n de justicia a la comunidad.<\/li>\n<li>Documentar los hechos atribuibles a grupos organizados al margen de la ley y contextualizar para identificar patrones de comportamiento.<\/li>\n<\/ul>\n<div><\/div>\n<div><\/div>\n<p><strong>Actividades del Grupo<\/strong><\/p>\n<div><\/div>\n<p><strong><a href=\"http:\/\/www.fiscalia.gov.co\/colombia\/wp-content\/uploads\/2012\/05\/Resoluci%C3%B3...pdf\" target=\"_blank\" rel=\"noopener noreferrer\">Resoluci\u00f3n No. 0-2889 del 23 de agosto de 2007 :\u00a0<\/a>\u00a0<\/strong>Por la cual se conforma una Subunidad de Apoyo a la Unidad Nacional de Fiscal\u00eda para la Justicia y la Paz, para el impulso de la b\u00fasqueda de desaparecidos o de las personas muertas,\u00a0 en el marco de la Ley 975 de 2005.<\/p>\n<p><strong><a href=\"https:\/\/www.fiscalia.gov.co\/colombia\/wp-content\/uploads\/Resoluci\u00f3n-083-de-2017-Grube.pdf\" target=\"_blank\" rel=\"noopener noreferrer\">Resoluci\u00f3n No 083 del 22 de febrero de 2017<\/a>:\u00a0\u00a0<\/strong>Por la cual se modific\u00f3 la denominaci\u00f3n del Grupo interno de Trabajo de Exhumaciones y se organiza el Grupo interno de trabajo de b\u00fasqueda, identificaci\u00f3n y entrega de personas desaparecidas (GRUBE)<\/p>\n<p><strong>Desenterrando la verdad<\/strong><\/p>\n<p>Desde que entr\u00f3 en vigencia la Ley de Justicia y Paz, la Fiscal\u00eda General de la Naci\u00f3n ha recibido m\u00faltiples denuncias sobre personas desaparecidas e informaci\u00f3n de la ubicaci\u00f3n de fosas comunes. Por este motivo, se cre\u00f3 un grupo especial conformado por fiscales, investigadores, t\u00e9cnicos y expertos encargados de realizar exhumaciones a lo largo y ancho del pa\u00eds.<\/p>\n\n<div class=\"twitter-share\"><a href=\"https:\/\/twitter.com\/intent\/tweet?via=fiscaliacol\" class=\"twitter-share-button\">Tweet<\/a><\/div>\n","protected":false},"excerpt":{"rendered":"<p>Con la Ley 975 de 2005 se cre\u00f3 la Unidad Nacional de Justicia y Paz con el objetivo de buscar a todas las v\u00edctimas que en el marco del conflicto fueron desaparecidas y asesinadas por los grupos alzados al margen de la ley y as\u00ed mismo,\u00a0 adelantar los procesos de identificaci\u00f3n de los restos encontrados [&hellip;]<\/p>\n","protected":false},"author":143,"featured_media":0,"parent":104010,"menu_order":0,"comment_status":"closed","ping_status":"closed","template":"","meta":{"_price":"","_stock":"","_tribe_ticket_header":"","_tribe_default_ticket_provider":"","_tribe_ticket_capacity":"0","_ticket_start_date":"","_ticket_end_date":"","_tribe_ticket_show_description":"","_tribe_ticket_show_not_going":false,"_tribe_ticket_use_global_stock":"","_tribe_ticket_global_stock_level":"","_global_stock_mode":"","_global_stock_cap":"","_tribe_rsvp_for_event":"","_tribe_ticket_going_count":"","_tribe_ticket_not_going_count":"","_tribe_tickets_list":"[]","_tribe_ticket_has_attendee_info_fields":false,"tdm_status":"","tdm_grid_status":"","footnotes":"","_tec_slr_enabled":"","_tec_slr_layout":""},"class_list":["post-104053","page","type-page","status-publish"],"yoast_head":"<!-- This site is optimized with the Yoast SEO plugin v24.3 - https:\/\/yoast.com\/wordpress\/plugins\/seo\/ -->\n<title>Fiscal\u00eda General de la Naci\u00f3n<\/title>\n<meta name=\"description\" content=\"P\u00e1gina oficial de la Fiscal\u00eda General de la Naci\u00f3n \u2013 Colombia. Garantizamos el acceso efectivo a la justicia, la verdad y la reparaci\u00f3n de las v\u00edctimas de los delitos.\" \/>\n<meta name=\"robots\" content=\"index, follow, max-snippet:-1, max-image-preview:large, max-video-preview:-1\" \/>\n<link rel=\"canonical\" href=\"https:\/\/www.fiscalia.gov.co\/colombia\/justicia-transicional-2\/sobre-el-grupo-interno-de-trabajo\/\" \/>\n<meta property=\"og:locale\" content=\"es_ES\" \/>\n<meta property=\"og:type\" content=\"article\" \/>\n<meta property=\"og:title\" content=\"Fiscal\u00eda General de la Naci\u00f3n\" \/>\n<meta property=\"og:description\" content=\"P\u00e1gina oficial de la Fiscal\u00eda General de la Naci\u00f3n \u2013 Colombia. Garantizamos el acceso efectivo a la justicia, la verdad y la reparaci\u00f3n de las v\u00edctimas de los delitos.\" \/>\n<meta property=\"og:url\" content=\"https:\/\/www.fiscalia.gov.co\/colombia\/justicia-transicional-2\/sobre-el-grupo-interno-de-trabajo\/\" \/>\n<meta property=\"og:site_name\" content=\"Fiscal\u00eda General de la Naci\u00f3n\" \/>\n<meta property=\"article:publisher\" content=\"https:\/\/www.facebook.com\/FiscaliaCol\" \/>\n<meta property=\"article:modified_time\" content=\"2022-04-04T21:09:15+00:00\" \/>\n<meta name=\"twitter:card\" content=\"summary_large_image\" \/>\n<meta name=\"twitter:site\" content=\"@FiscaliaCol\" \/>\n<meta name=\"twitter:label1\" content=\"Tiempo de lectura\" \/>\n\t<meta name=\"twitter:data1\" content=\"2 minutos\" \/>\n<script type=\"application\/ld+json\" class=\"yoast-schema-graph\">{\"@context\":\"https:\/\/schema.org\",\"@graph\":[{\"@type\":\"WebPage\",\"@id\":\"https:\/\/www.fiscalia.gov.co\/colombia\/justicia-transicional-2\/sobre-el-grupo-interno-de-trabajo\/\",\"url\":\"https:\/\/www.fiscalia.gov.co\/colombia\/justicia-transicional-2\/sobre-el-grupo-interno-de-trabajo\/\",\"name\":\"Fiscal\u00eda General de la Naci\u00f3n\",\"isPartOf\":{\"@id\":\"https:\/\/www.fiscalia.gov.co\/colombia\/#website\"},\"datePublished\":\"2017-04-04T20:58:17+00:00\",\"dateModified\":\"2022-04-04T21:09:15+00:00\",\"description\":\"P\u00e1gina oficial de la Fiscal\u00eda General de la Naci\u00f3n \u2013 Colombia. Garantizamos el acceso efectivo a la justicia, la verdad y la reparaci\u00f3n de las v\u00edctimas de los delitos.\",\"breadcrumb\":{\"@id\":\"https:\/\/www.fiscalia.gov.co\/colombia\/justicia-transicional-2\/sobre-el-grupo-interno-de-trabajo\/#breadcrumb\"},\"inLanguage\":\"es-CO\",\"potentialAction\":[{\"@type\":\"ReadAction\",\"target\":[\"https:\/\/www.fiscalia.gov.co\/colombia\/justicia-transicional-2\/sobre-el-grupo-interno-de-trabajo\/\"]}]},{\"@type\":\"BreadcrumbList\",\"@id\":\"https:\/\/www.fiscalia.gov.co\/colombia\/justicia-transicional-2\/sobre-el-grupo-interno-de-trabajo\/#breadcrumb\",\"itemListElement\":[{\"@type\":\"ListItem\",\"position\":1,\"name\":\"Home\",\"item\":\"https:\/\/www.fiscalia.gov.co\/colombia\/\"},{\"@type\":\"ListItem\",\"position\":2,\"name\":\"Justicia Transicional\",\"item\":\"https:\/\/www.fiscalia.gov.co\/colombia\/justicia-transicional-2\/\"},{\"@type\":\"ListItem\",\"position\":3,\"name\":\"Grupo interno de trabajo de b\u00fasqueda, identificaci\u00f3n y entrega de personas desaparecidas (GRUBE)\"}]},{\"@type\":\"WebSite\",\"@id\":\"https:\/\/www.fiscalia.gov.co\/colombia\/#website\",\"url\":\"https:\/\/www.fiscalia.gov.co\/colombia\/\",\"name\":\"Fiscal\u00eda General de la Naci\u00f3n\",\"description\":\"P\u00e1gina oficial de la Fiscal\u00eda General de la Naci\u00f3n \u2013 Colombia. Garantizamos el acceso efectivo a la justicia, la verdad y la reparaci\u00f3n de las v\u00edctimas de los delitos.\",\"publisher\":{\"@id\":\"https:\/\/www.fiscalia.gov.co\/colombia\/#organization\"},\"potentialAction\":[{\"@type\":\"SearchAction\",\"target\":{\"@type\":\"EntryPoint\",\"urlTemplate\":\"https:\/\/www.fiscalia.gov.co\/colombia\/?s={search_term_string}\"},\"query-input\":{\"@type\":\"PropertyValueSpecification\",\"valueRequired\":true,\"valueName\":\"search_term_string\"}}],\"inLanguage\":\"es-CO\"},{\"@type\":\"Organization\",\"@id\":\"https:\/\/www.fiscalia.gov.co\/colombia\/#organization\",\"name\":\"Fiscal\u00eda General de la Naci\u00f3n\",\"url\":\"https:\/\/www.fiscalia.gov.co\/colombia\/\",\"logo\":{\"@type\":\"ImageObject\",\"inLanguage\":\"es-CO\",\"@id\":\"https:\/\/www.fiscalia.gov.co\/colombia\/#\/schema\/logo\/image\/\",\"url\":\"https:\/\/www.fiscalia.gov.co\/colombia\/wp-content\/uploads\/LogoHorizontal_1.jpg\",\"contentUrl\":\"https:\/\/www.fiscalia.gov.co\/colombia\/wp-content\/uploads\/LogoHorizontal_1.jpg\",\"width\":300,\"height\":90,\"caption\":\"Fiscal\u00eda General de la Naci\u00f3n\"},\"image\":{\"@id\":\"https:\/\/www.fiscalia.gov.co\/colombia\/#\/schema\/logo\/image\/\"},\"sameAs\":[\"https:\/\/www.facebook.com\/FiscaliaCol\",\"https:\/\/x.com\/FiscaliaCol\",\"https:\/\/www.instagram.com\/fiscaliacol\",\"https:\/\/www.linkedin.com\/company\/fiscalia-general-de-la-naci-n\/\",\"https:\/\/youtube.com\/@fiscaliageneraldelanacion-4668?si=6nN79nyQICPU5iTh\"]}]}<\/script>\n<!-- \/ Yoast SEO plugin. -->","yoast_head_json":{"title":"Fiscal\u00eda General de la Naci\u00f3n","description":"P\u00e1gina oficial de la Fiscal\u00eda General de la Naci\u00f3n \u2013 Colombia. Garantizamos el acceso efectivo a la justicia, la verdad y la reparaci\u00f3n de las v\u00edctimas de los delitos.","robots":{"index":"index","follow":"follow","max-snippet":"max-snippet:-1","max-image-preview":"max-image-preview:large","max-video-preview":"max-video-preview:-1"},"canonical":"https:\/\/www.fiscalia.gov.co\/colombia\/justicia-transicional-2\/sobre-el-grupo-interno-de-trabajo\/","og_locale":"es_ES","og_type":"article","og_title":"Fiscal\u00eda General de la Naci\u00f3n","og_description":"P\u00e1gina oficial de la Fiscal\u00eda General de la Naci\u00f3n \u2013 Colombia. Garantizamos el acceso efectivo a la justicia, la verdad y la reparaci\u00f3n de las v\u00edctimas de los delitos.","og_url":"https:\/\/www.fiscalia.gov.co\/colombia\/justicia-transicional-2\/sobre-el-grupo-interno-de-trabajo\/","og_site_name":"Fiscal\u00eda General de la Naci\u00f3n","article_publisher":"https:\/\/www.facebook.com\/FiscaliaCol","article_modified_time":"2022-04-04T21:09:15+00:00","twitter_card":"summary_large_image","twitter_site":"@FiscaliaCol","twitter_misc":{"Tiempo de lectura":"2 minutos"},"schema":{"@context":"https:\/\/schema.org","@graph":[{"@type":"WebPage","@id":"https:\/\/www.fiscalia.gov.co\/colombia\/justicia-transicional-2\/sobre-el-grupo-interno-de-trabajo\/","url":"https:\/\/www.fiscalia.gov.co\/colombia\/justicia-transicional-2\/sobre-el-grupo-interno-de-trabajo\/","name":"Fiscal\u00eda General de la Naci\u00f3n","isPartOf":{"@id":"https:\/\/www.fiscalia.gov.co\/colombia\/#website"},"datePublished":"2017-04-04T20:58:17+00:00","dateModified":"2022-04-04T21:09:15+00:00","description":"P\u00e1gina oficial de la Fiscal\u00eda General de la Naci\u00f3n \u2013 Colombia. Garantizamos el acceso efectivo a la justicia, la verdad y la reparaci\u00f3n de las v\u00edctimas de los delitos.","breadcrumb":{"@id":"https:\/\/www.fiscalia.gov.co\/colombia\/justicia-transicional-2\/sobre-el-grupo-interno-de-trabajo\/#breadcrumb"},"inLanguage":"es-CO","potentialAction":[{"@type":"ReadAction","target":["https:\/\/www.fiscalia.gov.co\/colombia\/justicia-transicional-2\/sobre-el-grupo-interno-de-trabajo\/"]}]},{"@type":"BreadcrumbList","@id":"https:\/\/www.fiscalia.gov.co\/colombia\/justicia-transicional-2\/sobre-el-grupo-interno-de-trabajo\/#breadcrumb","itemListElement":[{"@type":"ListItem","position":1,"name":"Home","item":"https:\/\/www.fiscalia.gov.co\/colombia\/"},{"@type":"ListItem","position":2,"name":"Justicia Transicional","item":"https:\/\/www.fiscalia.gov.co\/colombia\/justicia-transicional-2\/"},{"@type":"ListItem","position":3,"name":"Grupo interno de trabajo de b\u00fasqueda, identificaci\u00f3n y entrega de personas desaparecidas (GRUBE)"}]},{"@type":"WebSite","@id":"https:\/\/www.fiscalia.gov.co\/colombia\/#website","url":"https:\/\/www.fiscalia.gov.co\/colombia\/","name":"Fiscal\u00eda General de la Naci\u00f3n","description":"P\u00e1gina oficial de la Fiscal\u00eda General de la Naci\u00f3n \u2013 Colombia. Garantizamos el acceso efectivo a la justicia, la verdad y la reparaci\u00f3n de las v\u00edctimas de los delitos.","publisher":{"@id":"https:\/\/www.fiscalia.gov.co\/colombia\/#organization"},"potentialAction":[{"@type":"SearchAction","target":{"@type":"EntryPoint","urlTemplate":"https:\/\/www.fiscalia.gov.co\/colombia\/?s={search_term_string}"},"query-input":{"@type":"PropertyValueSpecification","valueRequired":true,"valueName":"search_term_string"}}],"inLanguage":"es-CO"},{"@type":"Organization","@id":"https:\/\/www.fiscalia.gov.co\/colombia\/#organization","name":"Fiscal\u00eda General de la Naci\u00f3n","url":"https:\/\/www.fiscalia.gov.co\/colombia\/","logo":{"@type":"ImageObject","inLanguage":"es-CO","@id":"https:\/\/www.fiscalia.gov.co\/colombia\/#\/schema\/logo\/image\/","url":"https:\/\/www.fiscalia.gov.co\/colombia\/wp-content\/uploads\/LogoHorizontal_1.jpg","contentUrl":"https:\/\/www.fiscalia.gov.co\/colombia\/wp-content\/uploads\/LogoHorizontal_1.jpg","width":300,"height":90,"caption":"Fiscal\u00eda General de la Naci\u00f3n"},"image":{"@id":"https:\/\/www.fiscalia.gov.co\/colombia\/#\/schema\/logo\/image\/"},"sameAs":["https:\/\/www.facebook.com\/FiscaliaCol","https:\/\/x.com\/FiscaliaCol","https:\/\/www.instagram.com\/fiscaliacol","https:\/\/www.linkedin.com\/company\/fiscalia-general-de-la-naci-n\/","https:\/\/youtube.com\/@fiscaliageneraldelanacion-4668?si=6nN79nyQICPU5iTh"]}]}},"ticketed":false,"_links":{"self":[{"href":"https:\/\/www.fiscalia.gov.co\/colombia\/wp-json\/wp\/v2\/pages\/104053","targetHints":{"allow":["GET"]}}],"collection":[{"href":"https:\/\/www.fiscalia.gov.co\/colombia\/wp-json\/wp\/v2\/pages"}],"about":[{"href":"https:\/\/www.fiscalia.gov.co\/colombia\/wp-json\/wp\/v2\/types\/page"}],"author":[{"embeddable":true,"href":"https:\/\/www.fiscalia.gov.co\/colombia\/wp-json\/wp\/v2\/users\/143"}],"replies":[{"embeddable":true,"href":"https:\/\/www.fiscalia.gov.co\/colombia\/wp-json\/wp\/v2\/comments?post=104053"}],"version-history":[{"count":12,"href":"https:\/\/www.fiscalia.gov.co\/colombia\/wp-json\/wp\/v2\/pages\/104053\/revisions"}],"predecessor-version":[{"id":245225,"href":"https:\/\/www.fiscalia.gov.co\/colombia\/wp-json\/wp\/v2\/pages\/104053\/revisions\/245225"}],"up":[{"embeddable":true,"href":"https:\/\/www.fiscalia.gov.co\/colombia\/wp-json\/wp\/v2\/pages\/104010"}],"wp:attachment":[{"href":"https:\/\/www.fiscalia.gov.co\/colombia\/wp-json\/wp\/v2\/media?parent=104053"}],"curies":[{"name":"wp","href":"https:\/\/api.w.org\/{rel}","templated":true}]}}