{"id":104010,"date":"2017-04-04T14:54:00","date_gmt":"2017-04-04T19:54:00","guid":{"rendered":"http:\/\/www.fiscalia.gov.co\/colombia\/?page_id=104010"},"modified":"2024-08-28T15:19:08","modified_gmt":"2024-08-28T20:19:08","slug":"justicia-transicional-2","status":"publish","type":"page","link":"https:\/\/www.fiscalia.gov.co\/colombia\/justicia-transicional-2\/","title":{"rendered":"Justicia Transicional"},"content":{"rendered":"<section class=\"wpb-content-wrapper\"><div id=\"tdi_1\" class=\"tdc-row\"><div class=\"vc_row tdi_2  wpb_row td-pb-row\" >\n<style scoped>\n\/* custom css - generated by TagDiv Composer *\/\n\n\/* custom css - generated by TagDiv Composer *\/\n.tdi_2,\r\n                .tdi_2 .tdc-columns{\r\n                    min-height: 0;\r\n                }.tdi_2,\r\n\t\t\t\t.tdi_2 .tdc-columns{\r\n\t\t\t\t    display: block;\r\n\t\t\t\t}.tdi_2 .tdc-columns{\r\n\t\t\t\t    width: 100%;\r\n\t\t\t\t}.tdi_2:before,\r\n\t\t\t\t.tdi_2:after{\r\n\t\t\t\t    display: table;\r\n\t\t\t\t}\n<\/style><div class=\"vc_column tdi_4  wpb_column vc_column_container tdc-column td-pb-span8\">\n<style scoped>\n\/* custom css - generated by TagDiv Composer *\/\n\n\/* custom css - generated by TagDiv Composer *\/\n.tdi_4{\r\n                    vertical-align: baseline;\r\n                }.tdi_4 > .wpb_wrapper,\r\n\t\t\t\t.tdi_4 > .wpb_wrapper > .tdc-elements{\r\n\t\t\t\t    display: block;\r\n\t\t\t\t}.tdi_4 > .wpb_wrapper > .tdc-elements{\r\n\t\t\t\t    width: 100%;\r\n\t\t\t\t}.tdi_4 > .wpb_wrapper > .vc_row_inner{\r\n\t\t\t\t    width: auto;\r\n\t\t\t\t}.tdi_4 > .wpb_wrapper{\r\n\t\t\t\t    width: auto;\r\n\t\t\t\t    height: auto;\r\n\t\t\t\t}\n<\/style><div class=\"wpb_wrapper\" >[vc_column_text]La Direcci\u00f3n de Justicia Transicional naci\u00f3 con la antigua Unidad Nacional de Fiscal\u00edas para la Justicia y la Paz creada mediante la Ley 975 de 2005, \u201cpor la cual se dictan disposiciones para la reincorporaci\u00f3n de miembros de grupos armados organizados al margen de la ley, que contribuyan de manera efectiva a la consecuci\u00f3n de la paz nacional y se dictan otras disposiciones para acuerdos humanitarios\u201d. Esta ley constituy\u00f3 el marco legal mediante el cual el gobierno nacional y los principales grupos paramilitares y de autodefensa terminaron el proceso de negociaci\u00f3n iniciado a finales del a\u00f1o 2002.\r\n\r\n<em>La Direcci\u00f3n de Justicia Transicional desde sus inicios cont\u00f3 con el apoyo de una unidad especial de polic\u00eda judicial con dedicaci\u00f3n exclusiva, permanente y con competencia en todo el territorio nacional.<\/em>\r\n\r\nEl 17 de agosto de 2006 se recibi\u00f3 la primera lista de postulados por parte del Ministerio de Interior y de Justicia (como se denominaba en ese entonces), de manera que se considera como la fecha en la cual se iniciaron las labores judiciales propiamente dichas en la Unidad Nacional de Fiscal\u00edas para la Justicia y la Paz.\r\n\r\nEl 9 de enero de 2014 el Gobierno Nacional expidi\u00f3 el Decreto Ley 016 por el cual se modific\u00f3 la estructura funcional de la Fiscal\u00eda General de la Naci\u00f3n y se denomin\u00f3 a la antigua Unidad Nacional de Fiscal\u00edas para la Justicia y la Paz: Direcci\u00f3n de Fiscal\u00eda Nacional Especializada de Justicia Transicional. A partir de este momento los procesos judiciales de los desmovilizados de grupos subversivos postulados por el Gobierno Nacional pasaron a la Direcci\u00f3n Nacional de An\u00e1lisis y Contextos, en aras de cumplir los lineamientos establecidos en la estrategia de paz desarrollada al interior de la entidad, plasmada en el documento identificado como \u201cEstrategia de Paz de la Fiscal\u00eda General de la Naci\u00f3n- lineamientos de pol\u00edtica p\u00fablica\u201d.\r\n\r\nEn el 2015 se cre\u00f3 un grupo al interior de la Direcci\u00f3n de Justicia Transicional para adelantar la investigaci\u00f3n y ejercicio de la acci\u00f3n penal por los hechos relacionados con el conflicto armado seguidos bajo las disposiciones procesales que contribuyan a los fines de la justicia transicional, en lo que respecta a compulsas de copias relacionadas con el paramilitarismo que provengan de la jurisdicci\u00f3n especial de justicia y paz.\r\n\r\n<strong>Competencia y Funciones<\/strong>\r\n\r\nActualmente,\u00a0la Direcci\u00f3n de Justicia Transicional ejerce la siguiente competencia:\r\n<ul>\r\n \t<li>Conocer de las investigaciones de que trata el art\u00edculo 16 de la Ley 975 de 2005, modificado por el art\u00edculo 12 de la Ley 1592 de 2012, especialmente respecto de grupos paramilitares.<\/li>\r\n \t<li>Investigar y judicializar los casos de terceros civiles asociados a la financiaci\u00f3n y apoyo de los grupos paramilitares que sean priorizados y asignados por el Fiscal General, y adelantar la acci\u00f3n penal respecto de casos priorizados atribuibles a los postulados \u00a0ex -paramilitares excluidos del proceso de justicia y paz.<\/li>\r\n \t<li>Conocer de las investigaciones de que trata el art\u00edculo 1 de la Ley 1424 de 2010.<\/li>\r\n \t<li>Conocer de las investigaciones que se deriven del desarrollo legislativo del Acto Legislativo 01 de 2012, de acuerdo a lo que la Ley disponga al respecto.<\/li>\r\n \t<li>Realizar la labores de b\u00fasqueda de desaparecidos o de personas muertas (en funci\u00f3n de exhumar identificar y entregar) de los hechos en el marco de la justicia transicional, y en desarrollo de esta misma funci\u00f3n, apoyar los casos conocidos por la Justicia Ordinaria con ocasi\u00f3n de comisi\u00f3n que requieran otros despachos judiciales a nivel nacional, adelantando las labores de campo relacionadas.<\/li>\r\n<\/ul>\r\n<strong>Ley 1424 de 2010<\/strong>\r\n\r\nLa Direcci\u00f3n de Justicia Transicional a trav\u00e9s de sus Fiscales especializados adelanta investigaciones en contra de desmovilizados de los grupos de autodefensas, que hubiesen cometido las conductas relacionadas en el art\u00edculo 1 de la Ley 1424 de 2010, \u201c<em>la conducta de los desmovilizados de los grupos armados organizados al margen de la ley, que hubieran incurrido \u00fanicamente en los delitos de concierto para delinquir simple o agravado, utilizaci\u00f3n ilegal de uniformes e insignias, utilizaci\u00f3n il\u00edcita de equipos transmisores o receptores y porte ilegal de armas de fuego o municiones de uso privativo de las Fuerzas Armados o de defensa personal, como consecuencia de su pertenencia a dichos grupos\u201d<\/em>.\r\n\r\nEn desarrollo de la Ley 1424 de 2010 y conforme las competencias fijadas Mediante las referidas normas, se ha venido adelantando el Plan de Acci\u00f3n 2015 y 2016, de acuerdo a las pol\u00edticas y criterios establecidos por el se\u00f1or Fiscal General de la Naci\u00f3n en la Directiva 001 de 2012.\r\n\r\nEs por ello, que los Fiscales adscritos a la Direcci\u00f3n vienen adelantando las investigaciones de desmovilizados colectivos de grupos de autodefensas conforme a la Ley 600 del a\u00f1o 2000, bajo los par\u00e1metros fijados en la Ley 1424 de 2010, adoptando decisiones sobre la concesi\u00f3n de los beneficios establecidos en la referida norma y de acuerdo con los requisitos se\u00f1alados en la misma normatividad y en el Decreto 2601 de 2011, destinada a brindar una soluci\u00f3n legal a los desmovilizados \u201crasos\u201d.\r\n\r\nComo consecuencia, para el avance de las investigaciones se cuenta con el apoyo permanente de un grupo destacado de polic\u00eda judicial con el cual se pretende ubicar para el a\u00f1o 2016, 7283 desmovilizados aproximadamente, quedando para el a\u00f1o 2017, 5670 procesos que continuaran desarroll\u00e1ndose durante el a\u00f1o 2016. La cifra exacta con que se cuenta para noviembre del a\u00f1o en curso ser\u00e1 la que se priorizar\u00e1 para el 2017, con el fin de culminar los procesos adelantados bajo la Ley 1424 de 2010 a mediados del a\u00f1o 2017.\r\n\r\nEl Plan de Priorizaci\u00f3n 2016 de la Direcci\u00f3n de Fiscal\u00eda Nacional Especializada de Justicia Transicional respecto de las investigaciones adelantadas bajo la Ley 1424 de 2010, se desarrolla dentro del objetivo estrat\u00e9gico de \u201cvincular mediante indagatoria o excepcionalmente mediante declaratoria de persona ausente, conforme lo establecido en la Ley 600 de 2000, las 11.440 investigaciones que se encuentran radicadas en la Direcci\u00f3n de Justicia Transicional, priorizando las desmovilizaciones de algunas estructuras que se encuentran pr\u00f3ximas a prescribir ligadas a los cierres establecidos en el plan de priorizaci\u00f3n de la Ley 975 de 2005\u201d.\r\n<ul>\r\n \t<li><a href=\"https:\/\/www.fiscalia.gov.co\/colombia\/wp-content\/uploads\/Fundamentos_Juridicos.pdf\" target=\"_blank\" rel=\"noopener noreferrer\">Fundamentos-Jur\u00eddicos-L-1424-de-2010<\/a><\/li>\r\n \t<li><a href=\"http:\/\/www.fiscalia.gov.co\/colombia\/wp-content\/uploads\/ABC-Ley-1424-de-2010.pdf\" target=\"_blank\" rel=\"noopener noreferrer\">ABC Ley 1424 de 2010<\/a><em>\r\n<\/em><\/li>\r\n \t<li><a href=\"https:\/\/www.fiscalia.gov.co\/colombia\/noticias\/informe-dirigido-a-la-poblacion-del-uraba-cordobes-y-antioqueno-en-cumplimiento-del-exhorto-de-la-sala-de-justicia-y-paz-del-tribunal-superior-de-medellin-sent-rad-no-2006-82611-diciembre-9-de-20\/\" target=\"_blank\" rel=\"noopener noreferrer\">Informes de seguimiento\u00a0sentencia 2006-82611, diciembre 9 de 2014<\/a><\/li>\r\n \t<li><a href=\"https:\/\/www.fiscalia.gov.co\/colombia\/justicia-transicional-2\/informes-de-seguimiento-sentencia-2017-00033-septiembre-24-de-2015\/\" target=\"_blank\" rel=\"noopener\">Informes de seguimiento sentencia 2017-00033, septiembre 24 de 2015<\/a><\/li>\r\n<\/ul>\r\n[\/vc_column_text]<\/div><\/div><div class=\"vc_column tdi_6  wpb_column vc_column_container tdc-column td-pb-span4\">\n<style scoped>\n\/* custom css - generated by TagDiv Composer *\/\n\n\/* custom css - generated by TagDiv Composer *\/\n.tdi_6{\r\n                    vertical-align: baseline;\r\n                }.tdi_6 > .wpb_wrapper,\r\n\t\t\t\t.tdi_6 > .wpb_wrapper > .tdc-elements{\r\n\t\t\t\t    display: block;\r\n\t\t\t\t}.tdi_6 > .wpb_wrapper > .tdc-elements{\r\n\t\t\t\t    width: 100%;\r\n\t\t\t\t}.tdi_6 > .wpb_wrapper > .vc_row_inner{\r\n\t\t\t\t    width: auto;\r\n\t\t\t\t}.tdi_6 > .wpb_wrapper{\r\n\t\t\t\t    width: auto;\r\n\t\t\t\t    height: auto;\r\n\t\t\t\t}\n<\/style><div class=\"wpb_wrapper\" ><div class=\"wpb_wrapper td_block_wrap vc_raw_html tdi_8 \"><div class=\"td-fix-index\"><h4 class=\"block-title\"><span>La Direcci\u00f3n<\/span><\/h4><\/div><\/div>[vc_wp_custommenu nav_menu=&#8221;24117&#8243;]<div class=\"wpb_wrapper td_block_wrap vc_raw_html tdi_10 \"><div class=\"td-fix-index\"><h4 class=\"block-title\"><span>Postulados<\/span><\/h4><\/div><\/div>[vc_wp_custommenu nav_menu=&#8221;24118&#8243;]<div class=\"wpb_wrapper td_block_wrap vc_raw_html tdi_12 \"><div class=\"td-fix-index\"><h4 class=\"block-title\"><span>Grube<\/span><\/h4><\/div><\/div>[vc_wp_custommenu nav_menu=&#8221;24119&#8243;]<div class=\"wpb_wrapper td_block_wrap vc_raw_html tdi_14 \"><div class=\"td-fix-index\"><h4 class=\"block-title\"><span>V\u00edctimas<\/span><\/h4><\/div><\/div>[vc_wp_custommenu nav_menu=&#8221;24120&#8243;]<\/div><\/div><\/div><\/div><\/section>\n<div class=\"twitter-share\"><a href=\"https:\/\/twitter.com\/intent\/tweet?via=fiscaliacol\" class=\"twitter-share-button\">Tweet<\/a><\/div>\n","protected":false},"excerpt":{"rendered":"[vc_column_text]La Direcci\u00f3n de Justicia Transicional naci\u00f3 con la antigua Unidad Nacional de Fiscal\u00edas para la Justicia y la Paz creada mediante la Ley 975 de 2005, \u201cpor la cual se dictan disposiciones para la reincorporaci\u00f3n de miembros de grupos armados organizados al margen de la ley, que contribuyan de manera efectiva a la consecuci\u00f3n de [...]","protected":false},"author":143,"featured_media":0,"parent":0,"menu_order":0,"comment_status":"closed","ping_status":"closed","template":"page-pagebuilder-title.php","meta":{"_price":"","_stock":"","_tribe_ticket_header":"","_tribe_default_ticket_provider":"","_tribe_ticket_capacity":"0","_ticket_start_date":"","_ticket_end_date":"","_tribe_ticket_show_description":"","_tribe_ticket_show_not_going":false,"_tribe_ticket_use_global_stock":"","_tribe_ticket_global_stock_level":"","_global_stock_mode":"","_global_stock_cap":"","_tribe_rsvp_for_event":"","_tribe_ticket_going_count":"","_tribe_ticket_not_going_count":"","_tribe_tickets_list":"[]","_tribe_ticket_has_attendee_info_fields":false,"tdm_status":"","tdm_grid_status":"","footnotes":"","_tec_slr_enabled":"","_tec_slr_layout":""},"class_list":["post-104010","page","type-page","status-publish"],"yoast_head":"<!-- This site is optimized with the Yoast SEO plugin v24.3 - https:\/\/yoast.com\/wordpress\/plugins\/seo\/ -->\n<title>Fiscal\u00eda General de la Naci\u00f3n<\/title>\n<meta name=\"description\" content=\"P\u00e1gina oficial de la Fiscal\u00eda General de la Naci\u00f3n \u2013 Colombia. Garantizamos el acceso efectivo a la justicia, la verdad y la reparaci\u00f3n de las v\u00edctimas de los delitos.\" \/>\n<meta name=\"robots\" content=\"index, follow, max-snippet:-1, max-image-preview:large, max-video-preview:-1\" \/>\n<link rel=\"canonical\" href=\"https:\/\/www.fiscalia.gov.co\/colombia\/justicia-transicional-2\/\" \/>\n<meta property=\"og:locale\" content=\"es_ES\" \/>\n<meta property=\"og:type\" content=\"article\" \/>\n<meta property=\"og:title\" content=\"Fiscal\u00eda General de la Naci\u00f3n\" \/>\n<meta property=\"og:description\" content=\"P\u00e1gina oficial de la Fiscal\u00eda General de la Naci\u00f3n \u2013 Colombia. Garantizamos el acceso efectivo a la justicia, la verdad y la reparaci\u00f3n de las v\u00edctimas de los delitos.\" \/>\n<meta property=\"og:url\" content=\"https:\/\/www.fiscalia.gov.co\/colombia\/justicia-transicional-2\/\" \/>\n<meta property=\"og:site_name\" content=\"Fiscal\u00eda General de la Naci\u00f3n\" \/>\n<meta property=\"article:publisher\" content=\"https:\/\/www.facebook.com\/FiscaliaCol\" \/>\n<meta property=\"article:modified_time\" content=\"2024-08-28T20:19:08+00:00\" \/>\n<meta name=\"twitter:card\" content=\"summary_large_image\" \/>\n<meta name=\"twitter:site\" content=\"@FiscaliaCol\" \/>\n<meta name=\"twitter:label1\" content=\"Tiempo de lectura\" \/>\n\t<meta name=\"twitter:data1\" content=\"5 minutos\" \/>\n<script type=\"application\/ld+json\" class=\"yoast-schema-graph\">{\"@context\":\"https:\/\/schema.org\",\"@graph\":[{\"@type\":\"WebPage\",\"@id\":\"https:\/\/www.fiscalia.gov.co\/colombia\/justicia-transicional-2\/\",\"url\":\"https:\/\/www.fiscalia.gov.co\/colombia\/justicia-transicional-2\/\",\"name\":\"Fiscal\u00eda General de la Naci\u00f3n\",\"isPartOf\":{\"@id\":\"https:\/\/www.fiscalia.gov.co\/colombia\/#website\"},\"datePublished\":\"2017-04-04T19:54:00+00:00\",\"dateModified\":\"2024-08-28T20:19:08+00:00\",\"description\":\"P\u00e1gina oficial de la Fiscal\u00eda General de la Naci\u00f3n \u2013 Colombia. Garantizamos el acceso efectivo a la justicia, la verdad y la reparaci\u00f3n de las v\u00edctimas de los delitos.\",\"breadcrumb\":{\"@id\":\"https:\/\/www.fiscalia.gov.co\/colombia\/justicia-transicional-2\/#breadcrumb\"},\"inLanguage\":\"es-CO\",\"potentialAction\":[{\"@type\":\"ReadAction\",\"target\":[\"https:\/\/www.fiscalia.gov.co\/colombia\/justicia-transicional-2\/\"]}]},{\"@type\":\"BreadcrumbList\",\"@id\":\"https:\/\/www.fiscalia.gov.co\/colombia\/justicia-transicional-2\/#breadcrumb\",\"itemListElement\":[{\"@type\":\"ListItem\",\"position\":1,\"name\":\"Home\",\"item\":\"https:\/\/www.fiscalia.gov.co\/colombia\/\"},{\"@type\":\"ListItem\",\"position\":2,\"name\":\"Justicia Transicional\"}]},{\"@type\":\"WebSite\",\"@id\":\"https:\/\/www.fiscalia.gov.co\/colombia\/#website\",\"url\":\"https:\/\/www.fiscalia.gov.co\/colombia\/\",\"name\":\"Fiscal\u00eda General de la Naci\u00f3n\",\"description\":\"P\u00e1gina oficial de la Fiscal\u00eda General de la Naci\u00f3n \u2013 Colombia. Garantizamos el acceso efectivo a la justicia, la verdad y la reparaci\u00f3n de las v\u00edctimas de los delitos.\",\"publisher\":{\"@id\":\"https:\/\/www.fiscalia.gov.co\/colombia\/#organization\"},\"potentialAction\":[{\"@type\":\"SearchAction\",\"target\":{\"@type\":\"EntryPoint\",\"urlTemplate\":\"https:\/\/www.fiscalia.gov.co\/colombia\/?s={search_term_string}\"},\"query-input\":{\"@type\":\"PropertyValueSpecification\",\"valueRequired\":true,\"valueName\":\"search_term_string\"}}],\"inLanguage\":\"es-CO\"},{\"@type\":\"Organization\",\"@id\":\"https:\/\/www.fiscalia.gov.co\/colombia\/#organization\",\"name\":\"Fiscal\u00eda General de la Naci\u00f3n\",\"url\":\"https:\/\/www.fiscalia.gov.co\/colombia\/\",\"logo\":{\"@type\":\"ImageObject\",\"inLanguage\":\"es-CO\",\"@id\":\"https:\/\/www.fiscalia.gov.co\/colombia\/#\/schema\/logo\/image\/\",\"url\":\"https:\/\/www.fiscalia.gov.co\/colombia\/wp-content\/uploads\/LogoHorizontal_1.jpg\",\"contentUrl\":\"https:\/\/www.fiscalia.gov.co\/colombia\/wp-content\/uploads\/LogoHorizontal_1.jpg\",\"width\":300,\"height\":90,\"caption\":\"Fiscal\u00eda General de la Naci\u00f3n\"},\"image\":{\"@id\":\"https:\/\/www.fiscalia.gov.co\/colombia\/#\/schema\/logo\/image\/\"},\"sameAs\":[\"https:\/\/www.facebook.com\/FiscaliaCol\",\"https:\/\/x.com\/FiscaliaCol\",\"https:\/\/www.instagram.com\/fiscaliacol\",\"https:\/\/www.linkedin.com\/company\/fiscalia-general-de-la-naci-n\/\",\"https:\/\/youtube.com\/@fiscaliageneraldelanacion-4668?si=6nN79nyQICPU5iTh\"]}]}<\/script>\n<!-- \/ Yoast SEO plugin. -->","yoast_head_json":{"title":"Fiscal\u00eda General de la Naci\u00f3n","description":"P\u00e1gina oficial de la Fiscal\u00eda General de la Naci\u00f3n \u2013 Colombia. Garantizamos el acceso efectivo a la justicia, la verdad y la reparaci\u00f3n de las v\u00edctimas de los delitos.","robots":{"index":"index","follow":"follow","max-snippet":"max-snippet:-1","max-image-preview":"max-image-preview:large","max-video-preview":"max-video-preview:-1"},"canonical":"https:\/\/www.fiscalia.gov.co\/colombia\/justicia-transicional-2\/","og_locale":"es_ES","og_type":"article","og_title":"Fiscal\u00eda General de la Naci\u00f3n","og_description":"P\u00e1gina oficial de la Fiscal\u00eda General de la Naci\u00f3n \u2013 Colombia. Garantizamos el acceso efectivo a la justicia, la verdad y la reparaci\u00f3n de las v\u00edctimas de los delitos.","og_url":"https:\/\/www.fiscalia.gov.co\/colombia\/justicia-transicional-2\/","og_site_name":"Fiscal\u00eda General de la Naci\u00f3n","article_publisher":"https:\/\/www.facebook.com\/FiscaliaCol","article_modified_time":"2024-08-28T20:19:08+00:00","twitter_card":"summary_large_image","twitter_site":"@FiscaliaCol","twitter_misc":{"Tiempo de lectura":"5 minutos"},"schema":{"@context":"https:\/\/schema.org","@graph":[{"@type":"WebPage","@id":"https:\/\/www.fiscalia.gov.co\/colombia\/justicia-transicional-2\/","url":"https:\/\/www.fiscalia.gov.co\/colombia\/justicia-transicional-2\/","name":"Fiscal\u00eda General de la Naci\u00f3n","isPartOf":{"@id":"https:\/\/www.fiscalia.gov.co\/colombia\/#website"},"datePublished":"2017-04-04T19:54:00+00:00","dateModified":"2024-08-28T20:19:08+00:00","description":"P\u00e1gina oficial de la Fiscal\u00eda General de la Naci\u00f3n \u2013 Colombia. Garantizamos el acceso efectivo a la justicia, la verdad y la reparaci\u00f3n de las v\u00edctimas de los delitos.","breadcrumb":{"@id":"https:\/\/www.fiscalia.gov.co\/colombia\/justicia-transicional-2\/#breadcrumb"},"inLanguage":"es-CO","potentialAction":[{"@type":"ReadAction","target":["https:\/\/www.fiscalia.gov.co\/colombia\/justicia-transicional-2\/"]}]},{"@type":"BreadcrumbList","@id":"https:\/\/www.fiscalia.gov.co\/colombia\/justicia-transicional-2\/#breadcrumb","itemListElement":[{"@type":"ListItem","position":1,"name":"Home","item":"https:\/\/www.fiscalia.gov.co\/colombia\/"},{"@type":"ListItem","position":2,"name":"Justicia Transicional"}]},{"@type":"WebSite","@id":"https:\/\/www.fiscalia.gov.co\/colombia\/#website","url":"https:\/\/www.fiscalia.gov.co\/colombia\/","name":"Fiscal\u00eda General de la Naci\u00f3n","description":"P\u00e1gina oficial de la Fiscal\u00eda General de la Naci\u00f3n \u2013 Colombia. Garantizamos el acceso efectivo a la justicia, la verdad y la reparaci\u00f3n de las v\u00edctimas de los delitos.","publisher":{"@id":"https:\/\/www.fiscalia.gov.co\/colombia\/#organization"},"potentialAction":[{"@type":"SearchAction","target":{"@type":"EntryPoint","urlTemplate":"https:\/\/www.fiscalia.gov.co\/colombia\/?s={search_term_string}"},"query-input":{"@type":"PropertyValueSpecification","valueRequired":true,"valueName":"search_term_string"}}],"inLanguage":"es-CO"},{"@type":"Organization","@id":"https:\/\/www.fiscalia.gov.co\/colombia\/#organization","name":"Fiscal\u00eda General de la Naci\u00f3n","url":"https:\/\/www.fiscalia.gov.co\/colombia\/","logo":{"@type":"ImageObject","inLanguage":"es-CO","@id":"https:\/\/www.fiscalia.gov.co\/colombia\/#\/schema\/logo\/image\/","url":"https:\/\/www.fiscalia.gov.co\/colombia\/wp-content\/uploads\/LogoHorizontal_1.jpg","contentUrl":"https:\/\/www.fiscalia.gov.co\/colombia\/wp-content\/uploads\/LogoHorizontal_1.jpg","width":300,"height":90,"caption":"Fiscal\u00eda General de la Naci\u00f3n"},"image":{"@id":"https:\/\/www.fiscalia.gov.co\/colombia\/#\/schema\/logo\/image\/"},"sameAs":["https:\/\/www.facebook.com\/FiscaliaCol","https:\/\/x.com\/FiscaliaCol","https:\/\/www.instagram.com\/fiscaliacol","https:\/\/www.linkedin.com\/company\/fiscalia-general-de-la-naci-n\/","https:\/\/youtube.com\/@fiscaliageneraldelanacion-4668?si=6nN79nyQICPU5iTh"]}]}},"ticketed":false,"_links":{"self":[{"href":"https:\/\/www.fiscalia.gov.co\/colombia\/wp-json\/wp\/v2\/pages\/104010","targetHints":{"allow":["GET"]}}],"collection":[{"href":"https:\/\/www.fiscalia.gov.co\/colombia\/wp-json\/wp\/v2\/pages"}],"about":[{"href":"https:\/\/www.fiscalia.gov.co\/colombia\/wp-json\/wp\/v2\/types\/page"}],"author":[{"embeddable":true,"href":"https:\/\/www.fiscalia.gov.co\/colombia\/wp-json\/wp\/v2\/users\/143"}],"replies":[{"embeddable":true,"href":"https:\/\/www.fiscalia.gov.co\/colombia\/wp-json\/wp\/v2\/comments?post=104010"}],"version-history":[{"count":43,"href":"https:\/\/www.fiscalia.gov.co\/colombia\/wp-json\/wp\/v2\/pages\/104010\/revisions"}],"predecessor-version":[{"id":300758,"href":"https:\/\/www.fiscalia.gov.co\/colombia\/wp-json\/wp\/v2\/pages\/104010\/revisions\/300758"}],"wp:attachment":[{"href":"https:\/\/www.fiscalia.gov.co\/colombia\/wp-json\/wp\/v2\/media?parent=104010"}],"curies":[{"name":"wp","href":"https:\/\/api.w.org\/{rel}","templated":true}]}}